{"version":"1.0","provider_name":"Official Czech &amp; Slovak Everton Supporters&#039; Club","provider_url":"https:\/\/evertonfc.cz","title":"6. sraz \u010deskoslovensk\u00fdch Evertonians - Official Czech &amp; Slovak Everton Supporters&#039; Club","type":"rich","width":600,"height":338,"html":"<blockquote class=\"wp-embedded-content\" data-secret=\"wcg78Iwnwq\"><a href=\"https:\/\/evertonfc.cz\/index.php\/2014\/07\/20\/6-sraz-ceskoslovenskych-evertonians\/\">6. sraz \u010deskoslovensk\u00fdch Evertonians<\/a><\/blockquote><iframe sandbox=\"allow-scripts\" security=\"restricted\" src=\"https:\/\/evertonfc.cz\/index.php\/2014\/07\/20\/6-sraz-ceskoslovenskych-evertonians\/embed\/#?secret=wcg78Iwnwq\" width=\"600\" height=\"338\" title=\"&#8222;6. sraz \u010deskoslovensk\u00fdch Evertonians&#8220; &#8212; Official Czech &amp; Slovak Everton Supporters&#039; Club\" data-secret=\"wcg78Iwnwq\" frameborder=\"0\" marginwidth=\"0\" marginheight=\"0\" scrolling=\"no\" class=\"wp-embedded-content\"><\/iframe><script type=\"text\/javascript\">\n\/* <![CDATA[ *\/\n\/*! This file is auto-generated *\/\n!function(d,l){\"use strict\";l.querySelector&&d.addEventListener&&\"undefined\"!=typeof URL&&(d.wp=d.wp||{},d.wp.receiveEmbedMessage||(d.wp.receiveEmbedMessage=function(e){var t=e.data;if((t||t.secret||t.message||t.value)&&!\/[^a-zA-Z0-9]\/.test(t.secret)){for(var s,r,n,a=l.querySelectorAll('iframe[data-secret=\"'+t.secret+'\"]'),o=l.querySelectorAll('blockquote[data-secret=\"'+t.secret+'\"]'),c=new RegExp(\"^https?:$\",\"i\"),i=0;i<o.length;i++)o[i].style.display=\"none\";for(i=0;i<a.length;i++)s=a[i],e.source===s.contentWindow&&(s.removeAttribute(\"style\"),\"height\"===t.message?(1e3<(r=parseInt(t.value,10))?r=1e3:~~r<200&&(r=200),s.height=r):\"link\"===t.message&&(r=new URL(s.getAttribute(\"src\")),n=new URL(t.value),c.test(n.protocol))&&n.host===r.host&&l.activeElement===s&&(d.top.location.href=t.value))}},d.addEventListener(\"message\",d.wp.receiveEmbedMessage,!1),l.addEventListener(\"DOMContentLoaded\",function(){for(var e,t,s=l.querySelectorAll(\"iframe.wp-embedded-content\"),r=0;r<s.length;r++)(t=(e=s[r]).getAttribute(\"data-secret\"))||(t=Math.random().toString(36).substring(2,12),e.src+=\"#?secret=\"+t,e.setAttribute(\"data-secret\",t)),e.contentWindow.postMessage({message:\"ready\",secret:t},\"*\")},!1)))}(window,document);\n\/* ]]> *\/\n<\/script>\n","thumbnail_url":"https:\/\/evertonfc.cz\/wp-content\/uploads\/2019\/01\/blog.jpg","thumbnail_width":720,"thumbnail_height":405,"description":"Ani letos jsme nevynechali tradi\u010dn\u00ed letn\u00ed sraz \u010deskoslovensk\u00fdch fanou\u0161k\u016f Evertonu, o v\u00edkendu 18. a\u017e 20. \u010dervence jsme se se\u0161li v&hellip;"}