{"id":1050,"date":"2019-01-06T17:04:37","date_gmt":"2019-01-06T16:04:37","guid":{"rendered":"http:\/\/evertonfc.cz\/?page_id=1050"},"modified":"2019-10-09T22:37:39","modified_gmt":"2019-10-09T20:37:39","slug":"tim-howard","status":"publish","type":"page","link":"https:\/\/evertonfc.cz\/index.php\/soupiska\/tim-howard\/","title":{"rendered":"Timothy Matthew Howard"},"content":{"rendered":"<p><strong><img loading=\"lazy\" decoding=\"async\" style=\"float: right; margin-left: 10px; margin-right: 10px;\" src=\"http:\/\/evertonfc.cz\/wp-content\/uploads\/2019\/01\/howard.jpg\" alt=\"\" width=\"80\" height=\"83\" \/>Narozen:<\/strong>\u00a006. 03. 1979, North Brunswick, New Jersey, USA<br \/>\n<strong>V\u00fd\u0161ka:<\/strong>\u00a0191 cm<br \/>\n<strong>V\u00e1ha:<\/strong>\u00a088 kg<br \/>\n<strong>Post:\u00a0<\/strong>Brank\u00e1\u0159<br \/>\n<strong>V EFC od:<\/strong>\u00a009. 05. 2006<br \/>\n<strong>Do:<\/strong>\u00a001. 06. 2016<\/p>\n<hr \/>\n<p>\u00dasp\u011b\u0161n\u00e1 kari\u00e9ra profesion\u00e1ln\u00edho sportovce Tima Howarda byla tak trochu mal\u00fdm z\u00e1zrakem. Vyt\u00e1hl\u00fd Ameri\u010dan mus\u00ed toti\u017e cel\u00fd \u017eivot bojovat s <a href=\"https:\/\/www.aktuality.sk\/clanok\/481264\/hviezdny-brankar-tim-howard-trpi-mentalnou-chorobou-tourettovym-syndromom\/\" target=\"_blank\" rel=\"noopener noreferrer\">Tourettov\u00fdm syndromem<\/a> (neuropsychiatrick\u00e9 onemocn\u011bn\u00ed projevuj\u00edc\u00ed se zejm\u00e9na pohybov\u00fdmi a zvukov\u00fdmi tiky). Se sv\u00fdm hendikepem se ale Howard nau\u010dil \u017e\u00edt a tak\u00e9 profesion\u00e1ln\u011b a velmi zd\u00e1rn\u011b sportovat. D\u016fle\u017eit\u00e9 p\u0159itom bylo, \u017ee sv\u00e9 onemocn\u011bn\u00ed zvl\u00e1dl s pomoc\u00ed okol\u00ed uko\u010d\u00edrovat hlavn\u011b v pubert\u011b. I proto mohl ve v\u011bku 19 let stanout v klubu MetroStars, kde se postupn\u011b vypracoval mezi nejlep\u0161\u00ed g\u00f3lmany Severn\u00ed Ameriky.<\/p>\n<p>Jeho reputace mu coby 24let\u00e9mu p\u0159inesla v roce 2003 anga\u017em\u00e1 ve slavn\u00e9m Manchesteru United. V nabit\u00e9 konkurenci na Old Trafford se ale Howard nikdy nedok\u00e1zal prosadit, za t\u0159i roky odchytal 45 z\u00e1pas\u016f. Na m\u00edsto st\u00e1le jedni\u010dky ve velkoklubu tehdy je\u0161t\u011b nem\u011bl ani v\u00fdkonnostn\u011b ani ment\u00e1ln\u011b, a tak se rozhodl pro krok zp\u011bt, kter\u00fd se ale nakonec uk\u00e1zal jako velmi dobr\u00fdm tahem.<\/p>\n<p>Ro\u010dn\u00edk 2006\/07 odchytal na hostov\u00e1n\u00ed v Evertonu, kter\u00fd se n\u00e1sleduj\u00edc\u00ed l\u00e9to dohodl s United na trval\u00e9m p\u0159estupu. Howardovi to v nov\u00e9m p\u016fsobi\u0161ti sedlo a postupn\u011b si zajistil stabiln\u00ed pozici v br\u00e1n\u011b Toffees, ji\u017e pe\u010detil sez\u00f3nou 2008\/09, kdy p\u0159ekonal klubov\u00fd rekord legendy Nevilla Southalla v po\u010dtu patn\u00e1cti vychytan\u00fdch nul v jedn\u00e9 ligov\u00e9 sez\u00f3n\u011b Premier League &#8211; jeho rekord, kter\u00fd plat\u00ed dodnes, vylep\u0161il o dv\u011b \u010dist\u00e1 konta. A to nebylo v\u0161echno, v semifin\u00e1le FA Cupu proti Manchesteru United chytil soupe\u0159i v penaltov\u00e9m rozst\u0159ele dva pokusy a velk\u00fdm d\u00edlem se podepsal pod postupem do fin\u00e1le sout\u011b\u017ee, kter\u00e9 ale Toffees prohr\u00e1li.<\/p>\n<p>Rovn\u011b\u017e v n\u00e1sleduj\u00edc\u00edch sez\u00f3n\u00e1ch Howard pat\u0159il mezi opory t\u00fdmu, krom\u011b sv\u00e9ho vysok\u00e9ho standardu postupn\u011b odstranil i n\u011bkter\u00e9 slabiny jako centrovan\u00e9 m\u00ed\u010de a st\u0159ely ze st\u0159edn\u00ed vzd\u00e1lenosti. V lednu roku 2012 si dokonce <a href=\"https:\/\/www.youtube.com\/watch?v=UPVZ5YAUry0\" target=\"_blank\" rel=\"noopener noreferrer\">p\u0159ipsal ligovou branku<\/a>, jeho dlouh\u00fd odkop skon\u010dil i z\u00e1sluhou siln\u00e9ho v\u011btru v s\u00edti Boltonu. Howard se ale z g\u00f3lu neradoval, jeliko\u017e litoval p\u0159ekonan\u00e9ho a zostuzen\u00e9ho kolegu v br\u00e1n\u011b soupe\u0159e.<\/p>\n<p>Ro\u010dn\u00edk 2013\/14 p\u0159edstavoval ten nejlep\u0161\u00ed v kari\u00e9\u0159e charismatick\u00e9ho Ameri\u010dana. Nejen\u017ee v Premier League pat\u0159il k tomu nejlep\u0161\u00edmu a dovedl Everton k p\u00e1t\u00e9mu m\u00edstu, na mistrovstv\u00ed sv\u011bta v Braz\u00edlii nav\u00edc p\u0159ekonal rekord. V osmifin\u00e1le proti Belgii <a href=\"https:\/\/www.youtube.com\/watch?v=HOO9_Jh00wI\" target=\"_blank\" rel=\"noopener noreferrer\">zne\u0161kodnil 16 st\u0159el<\/a>, tedy nejvy\u0161\u0161\u00ed po\u010det p\u0159i utk\u00e1n\u00ed na sv\u011btov\u00e9m \u0161ampion\u00e1tu od roku 1966, kdy FIFA za\u010dala v\u00e9st statistiky.<\/p>\n<p>Bohu\u017eel od sez\u00f3ny 2014\/15 za\u010dal Howard st\u00e1le \u010dast\u011bji kupit chyby, p\u0159i\u010dem\u017e na jeho v\u00fdkonech se tak\u00e9 negativn\u011b podepsal \u00fapadek Evertonu pod Robertem Mart\u00ednezem a n\u011bkdy a\u017e p\u0159ehnan\u00e1 kritika. Pokles nakonec znamenal nevyhnuteln\u00e9: na za\u010d\u00e1tku roku 2016 ztratil dlouholetou pozici jedni\u010dky na \u00fakor Joela Roblese. I z toho d\u016fvodu se zanedlouho rozhodl pro n\u00e1vrat do vlasti, kdy\u017e k\u00fdvl na nab\u00eddku Colorada Rapids. Za Toffees si naposledy zachytal 15. kv\u011btna 2016, v posledn\u00edm ligov\u00e9m kole sez\u00f3ny se lou\u010dil na Goodison Parku \u010dist\u00fdm kontem a v\u00fdhrou 3:0 s Norwichem. Za \u00fa\u017easn\u00fdch deset let odchytal 414 utk\u00e1n\u00ed (jeho 354 odehran\u00fdch z\u00e1pas\u016f v Premier League je klubov\u00fdm rekordem), jeho slova na rozlou\u010denou zn\u011bla: <em>\u201eEvertonianem z\u016fstanu do konce \u017eivota, v\u017edy to bude m\u016fj t\u00fdm a klub.\u201d <\/em>\u0160koda jen, \u017ee svou dek\u00e1du na Goodison Parku nevy\u0161perkoval z\u00edskanou trofej\u00ed, po n\u00ed\u017e prahla nejedna opora siln\u00e9ho Evertonu mana\u017eera Davida Moyese.<\/p>\n<p>V Coloradu chytal je\u0161t\u011b t\u0159i roky, ne\u017e na podzim 2019 ve v\u011bku 40 let ukon\u010dil aktivn\u00ed hr\u00e1\u010dskou kari\u00e9ru. Bez pr\u00e1ce ale dlouho nez\u016fstal, okam\u017eit\u011b se vr\u00e1til do slu\u017eeb Evertonu, jeho\u017e se stal prvn\u00edm klubov\u00fdm ambasadorem v USA.<\/p>\n","protected":false},"excerpt":{"rendered":"<p>Narozen:\u00a006. 03. 1979, North Brunswick, New Jersey, USA V\u00fd\u0161ka:\u00a0191 cm V\u00e1ha:\u00a088 kg Post:\u00a0Brank\u00e1\u0159 V EFC od:\u00a009. 05. 2006 Do:\u00a001. 06.&hellip;<\/p>\n","protected":false},"author":6,"featured_media":0,"parent":70,"menu_order":0,"comment_status":"closed","ping_status":"closed","template":"","meta":{"_eb_attr":"","_monsterinsights_skip_tracking":false,"_monsterinsights_sitenote_active":false,"_monsterinsights_sitenote_note":"","_monsterinsights_sitenote_category":0,"footnotes":""},"yoast_head":"<!-- This site is optimized with the Yoast SEO plugin v23.4 - https:\/\/yoast.com\/wordpress\/plugins\/seo\/ -->\n<title>Timothy Matthew Howard - Official Czech &amp; Slovak Everton Supporters&#039; Club<\/title>\n<meta name=\"robots\" content=\"index, follow, max-snippet:-1, max-image-preview:large, max-video-preview:-1\" \/>\n<link rel=\"canonical\" href=\"https:\/\/evertonfc.cz\/index.php\/soupiska\/tim-howard\/\" \/>\n<meta property=\"og:locale\" content=\"cs_CZ\" \/>\n<meta property=\"og:type\" content=\"article\" \/>\n<meta property=\"og:title\" content=\"Timothy Matthew Howard - Official Czech &amp; Slovak Everton Supporters&#039; Club\" \/>\n<meta property=\"og:description\" content=\"Narozen:\u00a006. 03. 1979, North Brunswick, New Jersey, USA V\u00fd\u0161ka:\u00a0191 cm V\u00e1ha:\u00a088 kg Post:\u00a0Brank\u00e1\u0159 V EFC od:\u00a009. 05. 2006 Do:\u00a001. 06.&hellip;\" \/>\n<meta property=\"og:url\" content=\"https:\/\/evertonfc.cz\/index.php\/soupiska\/tim-howard\/\" \/>\n<meta property=\"og:site_name\" content=\"Official Czech &amp; Slovak Everton Supporters&#039; Club\" \/>\n<meta property=\"article:publisher\" content=\"https:\/\/www.facebook.com\/everton.fans.cz.sk\" \/>\n<meta property=\"article:modified_time\" content=\"2019-10-09T20:37:39+00:00\" \/>\n<meta property=\"og:image\" content=\"http:\/\/evertonfc.cz\/wp-content\/uploads\/2019\/01\/howard.jpg\" \/>\n<meta name=\"twitter:card\" content=\"summary_large_image\" \/>\n<meta name=\"twitter:label1\" content=\"Odhadovan\u00e1 doba \u010dten\u00ed\" \/>\n\t<meta name=\"twitter:data1\" content=\"4 minuty\" \/>\n<script type=\"application\/ld+json\" class=\"yoast-schema-graph\">{\"@context\":\"https:\/\/schema.org\",\"@graph\":[{\"@type\":\"WebPage\",\"@id\":\"https:\/\/evertonfc.cz\/index.php\/soupiska\/tim-howard\/\",\"url\":\"https:\/\/evertonfc.cz\/index.php\/soupiska\/tim-howard\/\",\"name\":\"Timothy Matthew Howard - Official Czech &amp; Slovak Everton Supporters&#039; Club\",\"isPartOf\":{\"@id\":\"https:\/\/evertonfc.cz\/#website\"},\"primaryImageOfPage\":{\"@id\":\"https:\/\/evertonfc.cz\/index.php\/soupiska\/tim-howard\/#primaryimage\"},\"image\":{\"@id\":\"https:\/\/evertonfc.cz\/index.php\/soupiska\/tim-howard\/#primaryimage\"},\"thumbnailUrl\":\"http:\/\/evertonfc.cz\/wp-content\/uploads\/2019\/01\/howard.jpg\",\"datePublished\":\"2019-01-06T16:04:37+00:00\",\"dateModified\":\"2019-10-09T20:37:39+00:00\",\"breadcrumb\":{\"@id\":\"https:\/\/evertonfc.cz\/index.php\/soupiska\/tim-howard\/#breadcrumb\"},\"inLanguage\":\"cs\",\"potentialAction\":[{\"@type\":\"ReadAction\",\"target\":[\"https:\/\/evertonfc.cz\/index.php\/soupiska\/tim-howard\/\"]}]},{\"@type\":\"ImageObject\",\"inLanguage\":\"cs\",\"@id\":\"https:\/\/evertonfc.cz\/index.php\/soupiska\/tim-howard\/#primaryimage\",\"url\":\"http:\/\/evertonfc.cz\/wp-content\/uploads\/2019\/01\/howard.jpg\",\"contentUrl\":\"http:\/\/evertonfc.cz\/wp-content\/uploads\/2019\/01\/howard.jpg\"},{\"@type\":\"BreadcrumbList\",\"@id\":\"https:\/\/evertonfc.cz\/index.php\/soupiska\/tim-howard\/#breadcrumb\",\"itemListElement\":[{\"@type\":\"ListItem\",\"position\":1,\"name\":\"Home\",\"item\":\"https:\/\/evertonfc.cz\/\"},{\"@type\":\"ListItem\",\"position\":2,\"name\":\"Soupiska\",\"item\":\"https:\/\/evertonfc.cz\/index.php\/soupiska\/\"},{\"@type\":\"ListItem\",\"position\":3,\"name\":\"Timothy Matthew Howard\"}]},{\"@type\":\"WebSite\",\"@id\":\"https:\/\/evertonfc.cz\/#website\",\"url\":\"https:\/\/evertonfc.cz\/\",\"name\":\"Official Czech &amp; Slovak Everton Supporters&#039; Club\",\"description\":\"\",\"publisher\":{\"@id\":\"https:\/\/evertonfc.cz\/#organization\"},\"potentialAction\":[{\"@type\":\"SearchAction\",\"target\":{\"@type\":\"EntryPoint\",\"urlTemplate\":\"https:\/\/evertonfc.cz\/?s={search_term_string}\"},\"query-input\":{\"@type\":\"PropertyValueSpecification\",\"valueRequired\":true,\"valueName\":\"search_term_string\"}}],\"inLanguage\":\"cs\"},{\"@type\":\"Organization\",\"@id\":\"https:\/\/evertonfc.cz\/#organization\",\"name\":\"Official Czech & Slovak Everton Supporters' Club\",\"url\":\"https:\/\/evertonfc.cz\/\",\"logo\":{\"@type\":\"ImageObject\",\"inLanguage\":\"cs\",\"@id\":\"https:\/\/evertonfc.cz\/#\/schema\/logo\/image\/\",\"url\":\"https:\/\/evertonfc.cz\/wp-content\/uploads\/2019\/05\/logo.png\",\"contentUrl\":\"https:\/\/evertonfc.cz\/wp-content\/uploads\/2019\/05\/logo.png\",\"width\":112,\"height\":112,\"caption\":\"Official Czech & Slovak Everton Supporters' Club\"},\"image\":{\"@id\":\"https:\/\/evertonfc.cz\/#\/schema\/logo\/image\/\"},\"sameAs\":[\"https:\/\/www.facebook.com\/everton.fans.cz.sk\"]}]}<\/script>\n<!-- \/ Yoast SEO plugin. -->","yoast_head_json":{"title":"Timothy Matthew Howard - Official Czech &amp; Slovak Everton Supporters&#039; Club","robots":{"index":"index","follow":"follow","max-snippet":"max-snippet:-1","max-image-preview":"max-image-preview:large","max-video-preview":"max-video-preview:-1"},"canonical":"https:\/\/evertonfc.cz\/index.php\/soupiska\/tim-howard\/","og_locale":"cs_CZ","og_type":"article","og_title":"Timothy Matthew Howard - Official Czech &amp; Slovak Everton Supporters&#039; Club","og_description":"Narozen:\u00a006. 03. 1979, North Brunswick, New Jersey, USA V\u00fd\u0161ka:\u00a0191 cm V\u00e1ha:\u00a088 kg Post:\u00a0Brank\u00e1\u0159 V EFC od:\u00a009. 05. 2006 Do:\u00a001. 06.&hellip;","og_url":"https:\/\/evertonfc.cz\/index.php\/soupiska\/tim-howard\/","og_site_name":"Official Czech &amp; Slovak Everton Supporters&#039; Club","article_publisher":"https:\/\/www.facebook.com\/everton.fans.cz.sk","article_modified_time":"2019-10-09T20:37:39+00:00","og_image":[{"url":"http:\/\/evertonfc.cz\/wp-content\/uploads\/2019\/01\/howard.jpg"}],"twitter_card":"summary_large_image","twitter_misc":{"Odhadovan\u00e1 doba \u010dten\u00ed":"4 minuty"},"schema":{"@context":"https:\/\/schema.org","@graph":[{"@type":"WebPage","@id":"https:\/\/evertonfc.cz\/index.php\/soupiska\/tim-howard\/","url":"https:\/\/evertonfc.cz\/index.php\/soupiska\/tim-howard\/","name":"Timothy Matthew Howard - Official Czech &amp; Slovak Everton Supporters&#039; Club","isPartOf":{"@id":"https:\/\/evertonfc.cz\/#website"},"primaryImageOfPage":{"@id":"https:\/\/evertonfc.cz\/index.php\/soupiska\/tim-howard\/#primaryimage"},"image":{"@id":"https:\/\/evertonfc.cz\/index.php\/soupiska\/tim-howard\/#primaryimage"},"thumbnailUrl":"http:\/\/evertonfc.cz\/wp-content\/uploads\/2019\/01\/howard.jpg","datePublished":"2019-01-06T16:04:37+00:00","dateModified":"2019-10-09T20:37:39+00:00","breadcrumb":{"@id":"https:\/\/evertonfc.cz\/index.php\/soupiska\/tim-howard\/#breadcrumb"},"inLanguage":"cs","potentialAction":[{"@type":"ReadAction","target":["https:\/\/evertonfc.cz\/index.php\/soupiska\/tim-howard\/"]}]},{"@type":"ImageObject","inLanguage":"cs","@id":"https:\/\/evertonfc.cz\/index.php\/soupiska\/tim-howard\/#primaryimage","url":"http:\/\/evertonfc.cz\/wp-content\/uploads\/2019\/01\/howard.jpg","contentUrl":"http:\/\/evertonfc.cz\/wp-content\/uploads\/2019\/01\/howard.jpg"},{"@type":"BreadcrumbList","@id":"https:\/\/evertonfc.cz\/index.php\/soupiska\/tim-howard\/#breadcrumb","itemListElement":[{"@type":"ListItem","position":1,"name":"Home","item":"https:\/\/evertonfc.cz\/"},{"@type":"ListItem","position":2,"name":"Soupiska","item":"https:\/\/evertonfc.cz\/index.php\/soupiska\/"},{"@type":"ListItem","position":3,"name":"Timothy Matthew Howard"}]},{"@type":"WebSite","@id":"https:\/\/evertonfc.cz\/#website","url":"https:\/\/evertonfc.cz\/","name":"Official Czech &amp; Slovak Everton Supporters&#039; Club","description":"","publisher":{"@id":"https:\/\/evertonfc.cz\/#organization"},"potentialAction":[{"@type":"SearchAction","target":{"@type":"EntryPoint","urlTemplate":"https:\/\/evertonfc.cz\/?s={search_term_string}"},"query-input":{"@type":"PropertyValueSpecification","valueRequired":true,"valueName":"search_term_string"}}],"inLanguage":"cs"},{"@type":"Organization","@id":"https:\/\/evertonfc.cz\/#organization","name":"Official Czech & Slovak Everton Supporters' Club","url":"https:\/\/evertonfc.cz\/","logo":{"@type":"ImageObject","inLanguage":"cs","@id":"https:\/\/evertonfc.cz\/#\/schema\/logo\/image\/","url":"https:\/\/evertonfc.cz\/wp-content\/uploads\/2019\/05\/logo.png","contentUrl":"https:\/\/evertonfc.cz\/wp-content\/uploads\/2019\/05\/logo.png","width":112,"height":112,"caption":"Official Czech & Slovak Everton Supporters' Club"},"image":{"@id":"https:\/\/evertonfc.cz\/#\/schema\/logo\/image\/"},"sameAs":["https:\/\/www.facebook.com\/everton.fans.cz.sk"]}]}},"_links":{"self":[{"href":"https:\/\/evertonfc.cz\/index.php\/wp-json\/wp\/v2\/pages\/1050"}],"collection":[{"href":"https:\/\/evertonfc.cz\/index.php\/wp-json\/wp\/v2\/pages"}],"about":[{"href":"https:\/\/evertonfc.cz\/index.php\/wp-json\/wp\/v2\/types\/page"}],"author":[{"embeddable":true,"href":"https:\/\/evertonfc.cz\/index.php\/wp-json\/wp\/v2\/users\/6"}],"replies":[{"embeddable":true,"href":"https:\/\/evertonfc.cz\/index.php\/wp-json\/wp\/v2\/comments?post=1050"}],"version-history":[{"count":9,"href":"https:\/\/evertonfc.cz\/index.php\/wp-json\/wp\/v2\/pages\/1050\/revisions"}],"predecessor-version":[{"id":9483,"href":"https:\/\/evertonfc.cz\/index.php\/wp-json\/wp\/v2\/pages\/1050\/revisions\/9483"}],"up":[{"embeddable":true,"href":"https:\/\/evertonfc.cz\/index.php\/wp-json\/wp\/v2\/pages\/70"}],"wp:attachment":[{"href":"https:\/\/evertonfc.cz\/index.php\/wp-json\/wp\/v2\/media?parent=1050"}],"curies":[{"name":"wp","href":"https:\/\/api.w.org\/{rel}","templated":true}]}}