{"id":1054,"date":"2019-01-06T17:07:25","date_gmt":"2019-01-06T16:07:25","guid":{"rendered":"http:\/\/evertonfc.cz\/?page_id=1054"},"modified":"2019-01-24T19:00:41","modified_gmt":"2019-01-24T18:00:41","slug":"leon-osman","status":"publish","type":"page","link":"https:\/\/evertonfc.cz\/index.php\/soupiska\/leon-osman\/","title":{"rendered":"Leon Osman"},"content":{"rendered":"<p><strong><img loading=\"lazy\" decoding=\"async\" style=\"float: right; margin-left: 10px; margin-right: 10px;\" src=\"http:\/\/evertonfc.cz\/wp-content\/uploads\/2019\/01\/osman.jpg\" alt=\"\" width=\"80\" height=\"83\" \/>Narozen:<\/strong>\u00a017. 05. 1981, Wigan, Anglie<br \/>\n<strong>V\u00fd\u0161ka:<\/strong>\u00a0173 cm<br \/>\n<strong>V\u00e1ha:<\/strong>\u00a064 kg<br \/>\n<strong>Post:<\/strong>\u00a0Z\u00e1lo\u017en\u00edk<br \/>\n<strong>V EFC od:<\/strong>\u00a0Odchovanec<br \/>\n<strong>Do:<\/strong>\u00a001. 06. 2016<\/p>\n<hr \/>\n<p>Nepochybn\u011b jeden z nejtalentovan\u011bj\u0161\u00edch hr\u00e1\u010d\u016f, co kdy vy\u0161li z ml\u00e1de\u017enick\u00e9 akademie Toffees. &#8222;Ossie&#8220;, jak se mu p\u0159ezd\u00edv\u00e1, je z poloviny Turek, proto\u017ee jeho otec poch\u00e1z\u00ed z tureck\u00e9 \u010d\u00e1sti Kypru. Jeho matka je Angli\u010danka. Proto by byl Leon i p\u0159es svou anglickou n\u00e1rodnost schopen hr\u00e1t za Kypr, nebo za Turecko. Jeho mlad\u0161\u00ed bratr Carl Osman hraje za Kednal Town FC. Leon byl spole\u010dn\u011b s Tonym Hibbertem sou\u010d\u00e1st\u00ed t\u00fdmu, kter\u00fd v roce 1998 vyhr\u00e1l FA Youth Cup. N\u00e1sleduj\u00edc\u00ed rok si ale fotbal nezahr\u00e1l v\u016fbec. Na vin\u011b bylo v\u00e1\u017en\u00e9 zran\u011bn\u00ed kolene.<\/p>\n<p>V roce 2002 si Osman vyzkou\u0161el, jak\u00e9 to je hr\u00e1t za jin\u00fd klub, i kdy\u017e \u0161lo pouze o hostov\u00e1n\u00ed v Carlisle. Pro tamn\u00ed t\u00fdm byl velkou posilou a jednou byl dokonce zvolen hr\u00e1\u010dem m\u011bs\u00edce. Na ja\u0159e 2003 se vr\u00e1til zp\u011bt do Evertonu a hned se bl\u00fdskl hattrickem v z\u00e1pase B t\u00fdm\u016f, do s\u00edt\u011b Manchesteru United. V prvn\u00ed p\u016flce roku 2004 \u0161el Ossie nasb\u00edrat dal\u0161\u00ed zku\u0161enosti na hostov\u00e1n\u00ed, tentokr\u00e1t do Derby County. Tam natolik okouzlil tehdej\u0161\u00edho mana\u017eera George Burleyho, \u017ee ho cht\u011bl do sv\u00e9ho t\u00fdmu z\u00edskat natrvalo. To se mu na\u0161t\u011bst\u00ed nepovedlo a Leona u\u017e brzy \u010dekal prvn\u00ed start ze A t\u00fdm. Ten p\u0159i\u0161el, kdy\u017e mu bylo 23 let, v z\u00e1pase proti Wolves. Osman svou \u0161anci naplno vyu\u017eil a u\u017e po t\u0159ech minut\u00e1ch hry dal premi\u00e9rovou branku za prvn\u00ed t\u00fdm a mo\u017en\u00e1 svou nejd\u016fle\u017eit\u011bj\u0161\u00ed v kari\u00e9\u0159e.<\/p>\n<p>Poveden\u00fd z\u00e1pas znamenal, \u017ee Leon u\u017e od t\u00e9 doby pravideln\u011b nastupoval na prav\u00e9m k\u0159\u00eddle. Za\u010d\u00e1tek sezony 2006\/07 zastihl Ossieho ve v\u00fdte\u010dn\u00e9 form\u011b. I David Moyes napov\u00eddal tren\u00e9rovi anglick\u00e9 reprezentace, Steveovi McClarenovi aby s jeho povol\u00e1n\u00edm nev\u00e1hal, jen\u017ee tak se bohu\u017eel nestalo. Sezonu 2007\/08 za\u010dal Leon tradi\u010dn\u011b dob\u0159e. Dva g\u00f3ly v prvn\u00edch dvou z\u00e1pasech je slu\u0161n\u00e1 bilance. V\u016fbec cel\u00fd podzim se mu n\u00e1ramn\u011b povedl. Za zm\u00ednku stoj\u00ed i branka, kterou dal v poh\u00e1ru UEFA \u0159eck\u00e9 Larrise a kter\u00e1 byla na konci sezony vyhl\u00e1\u0161ena brankou roku.<\/p>\n<p>N\u00e1sleduj\u00edc\u00ed sez\u00f3na se Osmanovi docela povedla, sice ob\u010das st\u0159\u00eddal nepoveden\u00e9 utk\u00e1n\u00ed s poveden\u00fdmi, i tak se ale nad\u00e1le t\u011b\u0161il oblib\u011b fanou\u0161k\u016f. Nen\u00ed se co divit, sedm vst\u0159elen\u00fdch branek na z\u00e1lo\u017en\u00edka nen\u00ed \u0161patn\u00e1 bilance. Hlavn\u00edm Ossieho probl\u00e9mem v\u0161ak z\u016fst\u00e1v\u00e1 nest\u00e1l\u00e1 forma, a nic na tom nezm\u011bnila ani sezona 2009\/10. Skv\u011bl\u00e9 z\u00e1pasy Leon, nastupuj\u00edc\u00ed na prav\u00e9 stran\u011b z\u00e1lohy i v jej\u00edm st\u0159edu, st\u0159\u00eddal s pr\u016fm\u011brn\u00fdmi a\u017e \u0161patn\u00fdmi, a pr\u00e1v\u011b d\u00edky tomu Osman ne a ne vykro\u010dit z on\u00e9 f\u00e1dn\u00ed pr\u016fm\u011brnosti. V n\u00e1dch\u00e1zej\u00edc\u00ed sez\u00f3n\u011b se Ossie se zpo\u010d\u00e1tku vezl na vln\u011b cel\u00e9ho t\u00fdmu a tr\u00e1pil se, druh\u00e1 polovina ro\u010dn\u00edku ho v\u0161ak zastihla mo\u017en\u00e1 ve v\u00fdborn\u00e9 form\u011b. Ze sv\u00e9 nejlep\u0161\u00ed pozice ofenzivn\u00edho z\u00e1lo\u017en\u00edka t\u00e1hl Everton tabulkou nahoru, ne\u00fanavn\u011b se nab\u00edzel, rozd\u00e1val p\u0159ihr\u00e1vky, st\u0159\u00edlel g\u00f3ly, byl zkr\u00e1tka u v\u0161eho.<\/p>\n<p>V ro\u010dn\u00edku 2011\/12 potvrdil zlep\u0161en\u00ed, jako by mu prosp\u011bl odchod Mikela Artety, po n\u011bm\u017e p\u0159evzal dirigentskou taktovku. Hlavn\u011b ale n\u00e1sleduj\u00edc\u00ed sez\u00f3na se mu poda\u0159ila, dostal se do \u017eivotn\u00ed formy a kone\u010dn\u011b obl\u00e9kl reprezenta\u010dn\u00ed dres Albionu. K absolutn\u00ed spokojenosti chyb\u011blo jen v\u00edce branek, p\u0159eci jenom sv\u00e9 \u0161ance \u010dasto trestuhodn\u011b zahazoval.<\/p>\n<p>Tak\u00e9 prvn\u00ed rok po p\u0159\u00edchodu Roberta Mart\u00edneze p\u0159edstavoval d\u016fle\u017eit\u00fd \u010dl\u00e1nek k\u00e1dru, nastoupil do v\u0161ech ligov\u00fdch utk\u00e1n\u00edch (v z\u00e1kladn\u00ed sestav\u011b v 27 kolech) b\u011bhem sez\u00f3ny 2013\/14. Jeho klubovou oddanost Everton ocenil benefi\u010dn\u00edch duelem proti Portu v l\u00e9t\u011b 2014.<\/p>\n<p>V sez\u00f3n\u011b 2014\/15 se na h\u0159i\u0161t\u011b dost\u00e1val st\u00e1le m\u00e9n\u011b, v z\u00e1kladn\u00ed sestav\u011b pouze 15x (p\u0159ede\u0161l\u00fd ro\u010dn\u00edk 29x). Techniku sice neztratil, ov\u0161em v ostatn\u00edch ohledech za\u010dal v\u00fdrazn\u011b zaost\u00e1vat. St\u00e1le men\u0161\u00ed porce minut na h\u0159i\u0161ti i i v n\u00e1sleduj\u00edc\u00ed sez\u00f3n\u011b dala tu\u0161it konec, smlouva mu expirovala v kv\u011btnu 2016. Nicm\u00e9n\u011b zpr\u00e1vu o propu\u0161t\u011bn\u00ed mu klub osobn\u011b nesd\u011blil, s par\u0165\u00e1kem Hibbertem se v\u0161e dozv\u011bd\u011bli jenom z ofici\u00e1ln\u00edm str\u00e1nek.<\/p>\n<p>Leon Osman opustil Everton po 16 sezon\u00e1ch a 433 z\u00e1pasech. Ve v\u011bku 35 let kari\u00e9ru kon\u010dit nehodl\u00e1.<\/p>\n","protected":false},"excerpt":{"rendered":"<p>Narozen:\u00a017. 05. 1981, Wigan, Anglie V\u00fd\u0161ka:\u00a0173 cm V\u00e1ha:\u00a064 kg Post:\u00a0Z\u00e1lo\u017en\u00edk V EFC od:\u00a0Odchovanec Do:\u00a001. 06. 2016 Nepochybn\u011b jeden z nejtalentovan\u011bj\u0161\u00edch&hellip;<\/p>\n","protected":false},"author":6,"featured_media":0,"parent":70,"menu_order":0,"comment_status":"closed","ping_status":"closed","template":"","meta":{"_eb_attr":"","_monsterinsights_skip_tracking":false,"_monsterinsights_sitenote_active":false,"_monsterinsights_sitenote_note":"","_monsterinsights_sitenote_category":0,"footnotes":""},"yoast_head":"<!-- This site is optimized with the Yoast SEO plugin v23.4 - https:\/\/yoast.com\/wordpress\/plugins\/seo\/ -->\n<title>Leon Osman - Official Czech &amp; Slovak Everton Supporters&#039; Club<\/title>\n<meta name=\"robots\" content=\"index, follow, max-snippet:-1, max-image-preview:large, max-video-preview:-1\" \/>\n<link rel=\"canonical\" href=\"https:\/\/evertonfc.cz\/index.php\/soupiska\/leon-osman\/\" \/>\n<meta property=\"og:locale\" content=\"cs_CZ\" \/>\n<meta property=\"og:type\" content=\"article\" \/>\n<meta property=\"og:title\" content=\"Leon Osman - Official Czech &amp; Slovak Everton Supporters&#039; Club\" \/>\n<meta property=\"og:description\" content=\"Narozen:\u00a017. 05. 1981, Wigan, Anglie V\u00fd\u0161ka:\u00a0173 cm V\u00e1ha:\u00a064 kg Post:\u00a0Z\u00e1lo\u017en\u00edk V EFC od:\u00a0Odchovanec Do:\u00a001. 06. 2016 Nepochybn\u011b jeden z nejtalentovan\u011bj\u0161\u00edch&hellip;\" \/>\n<meta property=\"og:url\" content=\"https:\/\/evertonfc.cz\/index.php\/soupiska\/leon-osman\/\" \/>\n<meta property=\"og:site_name\" content=\"Official Czech &amp; Slovak Everton Supporters&#039; Club\" \/>\n<meta property=\"article:publisher\" content=\"https:\/\/www.facebook.com\/everton.fans.cz.sk\" \/>\n<meta property=\"article:modified_time\" content=\"2019-01-24T18:00:41+00:00\" \/>\n<meta property=\"og:image\" content=\"http:\/\/evertonfc.cz\/wp-content\/uploads\/2019\/01\/osman.jpg\" \/>\n<meta name=\"twitter:card\" content=\"summary_large_image\" \/>\n<meta name=\"twitter:label1\" content=\"Odhadovan\u00e1 doba \u010dten\u00ed\" \/>\n\t<meta name=\"twitter:data1\" content=\"4 minuty\" \/>\n<script type=\"application\/ld+json\" class=\"yoast-schema-graph\">{\"@context\":\"https:\/\/schema.org\",\"@graph\":[{\"@type\":\"WebPage\",\"@id\":\"https:\/\/evertonfc.cz\/index.php\/soupiska\/leon-osman\/\",\"url\":\"https:\/\/evertonfc.cz\/index.php\/soupiska\/leon-osman\/\",\"name\":\"Leon Osman - Official Czech &amp; Slovak Everton Supporters&#039; Club\",\"isPartOf\":{\"@id\":\"https:\/\/evertonfc.cz\/#website\"},\"primaryImageOfPage\":{\"@id\":\"https:\/\/evertonfc.cz\/index.php\/soupiska\/leon-osman\/#primaryimage\"},\"image\":{\"@id\":\"https:\/\/evertonfc.cz\/index.php\/soupiska\/leon-osman\/#primaryimage\"},\"thumbnailUrl\":\"http:\/\/evertonfc.cz\/wp-content\/uploads\/2019\/01\/osman.jpg\",\"datePublished\":\"2019-01-06T16:07:25+00:00\",\"dateModified\":\"2019-01-24T18:00:41+00:00\",\"breadcrumb\":{\"@id\":\"https:\/\/evertonfc.cz\/index.php\/soupiska\/leon-osman\/#breadcrumb\"},\"inLanguage\":\"cs\",\"potentialAction\":[{\"@type\":\"ReadAction\",\"target\":[\"https:\/\/evertonfc.cz\/index.php\/soupiska\/leon-osman\/\"]}]},{\"@type\":\"ImageObject\",\"inLanguage\":\"cs\",\"@id\":\"https:\/\/evertonfc.cz\/index.php\/soupiska\/leon-osman\/#primaryimage\",\"url\":\"http:\/\/evertonfc.cz\/wp-content\/uploads\/2019\/01\/osman.jpg\",\"contentUrl\":\"http:\/\/evertonfc.cz\/wp-content\/uploads\/2019\/01\/osman.jpg\"},{\"@type\":\"BreadcrumbList\",\"@id\":\"https:\/\/evertonfc.cz\/index.php\/soupiska\/leon-osman\/#breadcrumb\",\"itemListElement\":[{\"@type\":\"ListItem\",\"position\":1,\"name\":\"Home\",\"item\":\"https:\/\/evertonfc.cz\/\"},{\"@type\":\"ListItem\",\"position\":2,\"name\":\"Soupiska\",\"item\":\"https:\/\/evertonfc.cz\/index.php\/soupiska\/\"},{\"@type\":\"ListItem\",\"position\":3,\"name\":\"Leon Osman\"}]},{\"@type\":\"WebSite\",\"@id\":\"https:\/\/evertonfc.cz\/#website\",\"url\":\"https:\/\/evertonfc.cz\/\",\"name\":\"Official Czech &amp; Slovak Everton Supporters&#039; Club\",\"description\":\"\",\"publisher\":{\"@id\":\"https:\/\/evertonfc.cz\/#organization\"},\"potentialAction\":[{\"@type\":\"SearchAction\",\"target\":{\"@type\":\"EntryPoint\",\"urlTemplate\":\"https:\/\/evertonfc.cz\/?s={search_term_string}\"},\"query-input\":{\"@type\":\"PropertyValueSpecification\",\"valueRequired\":true,\"valueName\":\"search_term_string\"}}],\"inLanguage\":\"cs\"},{\"@type\":\"Organization\",\"@id\":\"https:\/\/evertonfc.cz\/#organization\",\"name\":\"Official Czech & Slovak Everton Supporters' Club\",\"url\":\"https:\/\/evertonfc.cz\/\",\"logo\":{\"@type\":\"ImageObject\",\"inLanguage\":\"cs\",\"@id\":\"https:\/\/evertonfc.cz\/#\/schema\/logo\/image\/\",\"url\":\"https:\/\/evertonfc.cz\/wp-content\/uploads\/2019\/05\/logo.png\",\"contentUrl\":\"https:\/\/evertonfc.cz\/wp-content\/uploads\/2019\/05\/logo.png\",\"width\":112,\"height\":112,\"caption\":\"Official Czech & Slovak Everton Supporters' Club\"},\"image\":{\"@id\":\"https:\/\/evertonfc.cz\/#\/schema\/logo\/image\/\"},\"sameAs\":[\"https:\/\/www.facebook.com\/everton.fans.cz.sk\"]}]}<\/script>\n<!-- \/ Yoast SEO plugin. -->","yoast_head_json":{"title":"Leon Osman - Official Czech &amp; Slovak Everton Supporters&#039; Club","robots":{"index":"index","follow":"follow","max-snippet":"max-snippet:-1","max-image-preview":"max-image-preview:large","max-video-preview":"max-video-preview:-1"},"canonical":"https:\/\/evertonfc.cz\/index.php\/soupiska\/leon-osman\/","og_locale":"cs_CZ","og_type":"article","og_title":"Leon Osman - Official Czech &amp; Slovak Everton Supporters&#039; Club","og_description":"Narozen:\u00a017. 05. 1981, Wigan, Anglie V\u00fd\u0161ka:\u00a0173 cm V\u00e1ha:\u00a064 kg Post:\u00a0Z\u00e1lo\u017en\u00edk V EFC od:\u00a0Odchovanec Do:\u00a001. 06. 2016 Nepochybn\u011b jeden z nejtalentovan\u011bj\u0161\u00edch&hellip;","og_url":"https:\/\/evertonfc.cz\/index.php\/soupiska\/leon-osman\/","og_site_name":"Official Czech &amp; Slovak Everton Supporters&#039; Club","article_publisher":"https:\/\/www.facebook.com\/everton.fans.cz.sk","article_modified_time":"2019-01-24T18:00:41+00:00","og_image":[{"url":"http:\/\/evertonfc.cz\/wp-content\/uploads\/2019\/01\/osman.jpg"}],"twitter_card":"summary_large_image","twitter_misc":{"Odhadovan\u00e1 doba \u010dten\u00ed":"4 minuty"},"schema":{"@context":"https:\/\/schema.org","@graph":[{"@type":"WebPage","@id":"https:\/\/evertonfc.cz\/index.php\/soupiska\/leon-osman\/","url":"https:\/\/evertonfc.cz\/index.php\/soupiska\/leon-osman\/","name":"Leon Osman - Official Czech &amp; Slovak Everton Supporters&#039; Club","isPartOf":{"@id":"https:\/\/evertonfc.cz\/#website"},"primaryImageOfPage":{"@id":"https:\/\/evertonfc.cz\/index.php\/soupiska\/leon-osman\/#primaryimage"},"image":{"@id":"https:\/\/evertonfc.cz\/index.php\/soupiska\/leon-osman\/#primaryimage"},"thumbnailUrl":"http:\/\/evertonfc.cz\/wp-content\/uploads\/2019\/01\/osman.jpg","datePublished":"2019-01-06T16:07:25+00:00","dateModified":"2019-01-24T18:00:41+00:00","breadcrumb":{"@id":"https:\/\/evertonfc.cz\/index.php\/soupiska\/leon-osman\/#breadcrumb"},"inLanguage":"cs","potentialAction":[{"@type":"ReadAction","target":["https:\/\/evertonfc.cz\/index.php\/soupiska\/leon-osman\/"]}]},{"@type":"ImageObject","inLanguage":"cs","@id":"https:\/\/evertonfc.cz\/index.php\/soupiska\/leon-osman\/#primaryimage","url":"http:\/\/evertonfc.cz\/wp-content\/uploads\/2019\/01\/osman.jpg","contentUrl":"http:\/\/evertonfc.cz\/wp-content\/uploads\/2019\/01\/osman.jpg"},{"@type":"BreadcrumbList","@id":"https:\/\/evertonfc.cz\/index.php\/soupiska\/leon-osman\/#breadcrumb","itemListElement":[{"@type":"ListItem","position":1,"name":"Home","item":"https:\/\/evertonfc.cz\/"},{"@type":"ListItem","position":2,"name":"Soupiska","item":"https:\/\/evertonfc.cz\/index.php\/soupiska\/"},{"@type":"ListItem","position":3,"name":"Leon Osman"}]},{"@type":"WebSite","@id":"https:\/\/evertonfc.cz\/#website","url":"https:\/\/evertonfc.cz\/","name":"Official Czech &amp; Slovak Everton Supporters&#039; Club","description":"","publisher":{"@id":"https:\/\/evertonfc.cz\/#organization"},"potentialAction":[{"@type":"SearchAction","target":{"@type":"EntryPoint","urlTemplate":"https:\/\/evertonfc.cz\/?s={search_term_string}"},"query-input":{"@type":"PropertyValueSpecification","valueRequired":true,"valueName":"search_term_string"}}],"inLanguage":"cs"},{"@type":"Organization","@id":"https:\/\/evertonfc.cz\/#organization","name":"Official Czech & Slovak Everton Supporters' Club","url":"https:\/\/evertonfc.cz\/","logo":{"@type":"ImageObject","inLanguage":"cs","@id":"https:\/\/evertonfc.cz\/#\/schema\/logo\/image\/","url":"https:\/\/evertonfc.cz\/wp-content\/uploads\/2019\/05\/logo.png","contentUrl":"https:\/\/evertonfc.cz\/wp-content\/uploads\/2019\/05\/logo.png","width":112,"height":112,"caption":"Official Czech & Slovak Everton Supporters' Club"},"image":{"@id":"https:\/\/evertonfc.cz\/#\/schema\/logo\/image\/"},"sameAs":["https:\/\/www.facebook.com\/everton.fans.cz.sk"]}]}},"_links":{"self":[{"href":"https:\/\/evertonfc.cz\/index.php\/wp-json\/wp\/v2\/pages\/1054"}],"collection":[{"href":"https:\/\/evertonfc.cz\/index.php\/wp-json\/wp\/v2\/pages"}],"about":[{"href":"https:\/\/evertonfc.cz\/index.php\/wp-json\/wp\/v2\/types\/page"}],"author":[{"embeddable":true,"href":"https:\/\/evertonfc.cz\/index.php\/wp-json\/wp\/v2\/users\/6"}],"replies":[{"embeddable":true,"href":"https:\/\/evertonfc.cz\/index.php\/wp-json\/wp\/v2\/comments?post=1054"}],"version-history":[{"count":3,"href":"https:\/\/evertonfc.cz\/index.php\/wp-json\/wp\/v2\/pages\/1054\/revisions"}],"predecessor-version":[{"id":1727,"href":"https:\/\/evertonfc.cz\/index.php\/wp-json\/wp\/v2\/pages\/1054\/revisions\/1727"}],"up":[{"embeddable":true,"href":"https:\/\/evertonfc.cz\/index.php\/wp-json\/wp\/v2\/pages\/70"}],"wp:attachment":[{"href":"https:\/\/evertonfc.cz\/index.php\/wp-json\/wp\/v2\/media?parent=1054"}],"curies":[{"name":"wp","href":"https:\/\/api.w.org\/{rel}","templated":true}]}}