{"id":10672,"date":"2020-03-28T13:30:03","date_gmt":"2020-03-28T12:30:03","guid":{"rendered":"https:\/\/evertonfc.cz\/?page_id=10672"},"modified":"2025-07-31T16:06:32","modified_gmt":"2025-07-31T14:06:32","slug":"rocnik-2024-25","status":"publish","type":"page","link":"https:\/\/evertonfc.cz\/index.php\/rocnik-2024-25\/","title":{"rendered":"Ro\u010dn\u00edk 2025\/26"},"content":{"rendered":"<table style=\"height: 10px; width: 99.8095%;\" width=\"99.8095%\">\n<tbody>\n<tr style=\"height: 387px;\">\n<td style=\"width: 839px; border-style: ridge; height: 10px;\">\n<p style=\"text-align: center;\"><strong>Cel\u00fd n\u00e1zov fanklubu:<\/strong> Czech &amp; Slovak Everton Supporters&#8216;\u00a0Club<br \/>\n<strong>Rok zalo\u017eenia: <a href=\"https:\/\/evertonfc.cz\/index.php\/2014\/09\/26\/prvy-oficialny-cesko-slovensky-klub-podporovatelov-everton-fc-schvaleny\/\" target=\"_blank\" rel=\"noopener noreferrer\">2014<\/a><\/strong><br \/>\n<strong>Ofici\u00e1lny web:<\/strong>\u00a0<strong><a href=\"http:\/\/www.evertonfc.cz\/\" target=\"_blank\" rel=\"noopener noreferrer\">www.evertonfc.cz<\/a><\/strong><br \/>\n<strong>Ofici\u00e1lny email: <a href=\"mailto:czskevertonians@gmail.com\">czskevertonians@gmail.com<\/a><br \/>\n<\/strong><strong>Fanpage: <a href=\"https:\/\/www.facebook.com\/everton.fans.cz.sk\" target=\"_blank\" rel=\"noopener\">facebook.com\/everton.fans.cz.sk<\/a><\/strong><\/p>\n<h4 style=\"text-align: center;\"><span style=\"text-decoration: underline;\">Aktu\u00e1lny ro\u010dn\u00edk<\/span><\/h4>\n<p style=\"text-align: center;\"><strong>Predseda: <a href=\"https:\/\/evertonfc.cz\/index.php\/blueblooded\/\" target=\"_blank\" rel=\"noopener noreferrer\">BlueBlooded<\/a><\/strong><br \/>\n<strong>Tajomn\u00edk: <a href=\"https:\/\/evertonfc.cz\/index.php\/javor\/\" target=\"_blank\" rel=\"noopener noreferrer\">Javor<\/a><\/strong><br \/>\n<strong>Pokladn\u00edk:<\/strong> <a href=\"https:\/\/evertonfc.cz\/index.php\/karamela\/\" target=\"_blank\" rel=\"noopener noreferrer\"><strong>Karamela<\/strong><\/a><br \/>\n<strong>Pokladnica fanklubu:<\/strong> 29\u20ac ku d\u0148u 21.6.2025 (aktu\u00e1lne u BlueBlooded)<br \/>\n<strong>Po\u010det \u010dlenov v sez\u00f3ne 2023\/24:\u00a0 <\/strong>49 ku d\u0148u 31.7.2025 (zmena od 24\/25: <strong><span style=\"color: #ff0000;\">-1 <\/span><\/strong>\/ <span style=\"color: #00ff00;\"><strong>+2<\/strong><\/span>)<\/p>\n<\/td>\n<\/tr>\n<\/tbody>\n<\/table>\n<h4><span style=\"text-decoration: underline; font-size: 12pt;\">Zoznam \u010dlenov fanklubu registrovan\u00fdch na ofici\u00e1lnom webe fanklubu:\u00a0<\/span><\/h4>\n<table style=\"border-collapse: collapse; width: 100%;\">\n<tbody>\n<tr>\n<td style=\"width: 33.3333%;\">\n<ul style=\"list-style-type: circle;\">\n<li><em>AK47<\/em><\/li>\n<li><em>BlueBlooded<\/em><\/li>\n<li><em>Cattyblue<\/em><\/li>\n<li><em>Cejdr<\/em><\/li>\n<li><em>duch.abum<\/em><\/li>\n<li><em>Edo<\/em><\/li>\n<li><em>ENBD<\/em><\/li>\n<li><em>Everton1878<\/em><\/li>\n<li><em>EvertonBoySK<\/em><\/li>\n<li><em>Fip<\/em><\/li>\n<li><em>godison<\/em><\/li>\n<\/ul>\n<\/td>\n<td style=\"width: 33.3333%;\">\n<ul style=\"list-style-type: circle;\">\n<li><em>Grulda<\/em><\/li>\n<li><em>Heretik<\/em><\/li>\n<li><em>Javor<\/em><\/li>\n<li><em>jb<\/em><\/li>\n<li><em>Karamela<\/em><\/li>\n<li>konvec96<\/li>\n<li><em>Krony<\/em><\/li>\n<li><em>kukol113<\/em><\/li>\n<li><em>marek<\/em><\/li>\n<li><em>paddy<\/em><\/li>\n<li><em>Petr<\/em><\/li>\n<\/ul>\n<\/td>\n<td style=\"width: 33.3333%;\">\n<ul style=\"list-style-type: circle;\">\n<li><em>rad<\/em><\/li>\n<li><em>Ri\u010di<\/em><\/li>\n<li><em>Rob<\/em><\/li>\n<li><em>Rob\u010di<\/em><\/li>\n<li><em>spidour<\/em><\/li>\n<li><em>Tom<\/em><\/li>\n<li><em>Tomm<\/em><\/li>\n<li><em>Viktor H.<\/em><\/li>\n<li>Vilda<\/li>\n<li><em>Wendo<\/em><\/li>\n<li><em>Zaschrona<\/em><\/li>\n<\/ul>\n<\/td>\n<\/tr>\n<\/tbody>\n<\/table>\n<p style=\"text-align: right;\"><span style=\"font-size: 8pt;\">* \u010clenov fanklubu neregistrovan\u00fdch na webe neuv\u00e1dzame z d\u00f4vodu ochrany osobn\u00fdch \u00fadajov.<\/span><\/p>\n<h4><span style=\"font-size: 12pt;\">Zoznam obdr\u017ean\u00fdch suven\u00edrov od klubu v r\u00e1mci v\u00fdhod ofici\u00e1lneho fanklubu:<\/span><\/h4>\n<ul style=\"list-style-type: square;\">\n<li>Ro\u010dn\u00edk 2017\/18 &#8211; podp\u00edsan\u00fd dom\u00e1ci dres Umbro 17\/18 <em>&#8222;Bolasie 7&#8220;\u00a0 <\/em>&#8211; <a href=\"https:\/\/evertonfc.cz\/index.php\/2018\/05\/04\/odovzdali-sme-vytazok-z-drazby-dresu-a-zbierky-na-dobrocinne-ucely\/\" target=\"_blank\" rel=\"noopener\">vydra\u017een\u00fd v dobro\u010dinnej aukcii<\/a><\/li>\n<li>Ro\u010dn\u00edk 2018\/19 &#8211; podp\u00edsan\u00fd dom\u00e1ci dres Umbro 18\/19 <em>&#8222;Bernard 20&#8220;\u00a0 <\/em>&#8211; <a href=\"https:\/\/evertonfc.cz\/index.php\/2019\/06\/03\/drazene-predmety-pre-charitu\/\" target=\"_blank\" rel=\"noopener\">vydra\u017een\u00fd v dobro\u010dinnej aukcii<\/a><\/li>\n<li>Ro\u010dn\u00edk 2019\/20 &#8211; podp\u00edsan\u00fd dom\u00e1ci dres Umbro 19\/20 <em>&#8222;Calvert-Lewin 9&#8220;\u00a0 <\/em>&#8211; <a href=\"https:\/\/evertonfc.cz\/index.php\/2022\/06\/23\/3-rocnik-dobrocinnej-drazby\/\" target=\"_blank\" rel=\"noopener\">vydra\u017een\u00fd v dobro\u010dinnej aukcii<\/a><\/li>\n<li>Ro\u010dn\u00edk 2020\/21 &#8211; podp\u00edsan\u00fd dom\u00e1ci dres Hummel\u00a020\/21 <em>&#8222;Godfrey 22&#8220;\u00a0 <\/em>&#8211; <a href=\"https:\/\/evertonfc.cz\/index.php\/2022\/06\/23\/3-rocnik-dobrocinnej-drazby\/\" target=\"_blank\" rel=\"noopener\">vydra\u017een\u00fd v dobro\u010dinnej aukcii<\/a><\/li>\n<li>Ro\u010dn\u00edk 2021\/22 &#8211; podp\u00edsan\u00fd tret\u00ed dres Hummel\u00a021\/22 <em>&#8222;Godfrey 22&#8220;\u00a0 <\/em>&#8211; <a href=\"https:\/\/evertonfc.cz\/index.php\/2022\/06\/23\/3-rocnik-dobrocinnej-drazby\/\" target=\"_blank\" rel=\"noopener\">vydra\u017een\u00fd v dobro\u010dinnej aukcii<\/a><\/li>\n<li>Ro\u010dn\u00edk 2022\/23 &#8211; podp\u00edsan\u00fd dom\u00e1ci dres Hummel 22\/23 <em>&#8222;McNeil 7&#8220;\u00a0 <\/em>&#8211; <a href=\"https:\/\/evertonfc.cz\/index.php\/2024\/11\/18\/4-rocnik-dobrocinnej-drazby\/\" target=\"_blank\" rel=\"noopener\">vydra\u017een\u00fd v dobro\u010dinnej aukcii<\/a><\/li>\n<li>Ro\u010dn\u00edk 2023\/24 &#8211; podp\u00edsan\u00fd tret\u00ed dres Hummel 23\/24 <em>&#8222;Coleman 23&#8220;\u00a0 <\/em>&#8211;\u00a0<a href=\"https:\/\/evertonfc.cz\/index.php\/2024\/11\/18\/4-rocnik-dobrocinnej-drazby\/\" target=\"_blank\" rel=\"noopener\">vydra\u017een\u00fd v dobro\u010dinnej aukcii<\/a><\/li>\n<li>Ro\u010dn\u00edk 2024\/25 &#8211; podp\u00edsan\u00e1 pohladnica <em>&#8222;Dominic Calvert-Lewin&#8220;\u00a0 <\/em>&#8211; <a href=\"https:\/\/evertonfc.cz\/index.php\/2024\/11\/18\/4-rocnik-dobrocinnej-drazby\/\" target=\"_blank\" rel=\"noopener\">vydra\u017een\u00e1 v dobro\u010dinnej aukcii<\/a><\/li>\n<\/ul>\n<h4><span style=\"font-size: 12pt;\">Zoznam platieb z pokladnice fanklubu:<\/span><\/h4>\n<ul style=\"list-style-type: disc;\">\n<li>Ro\u010dn\u00edk 2024\/25 &#8211; Everton Wordmark Scarf, bude dra\u017een\u00fd v dobro\u010dinnej aukcii = 18\u20ac<\/li>\n<li>Ro\u010dn\u00edk 2024\/25 &#8211; zaplaten\u00e9 fakt\u00fary za hosting (+1GB roz\u0161\u00edrenie) a dom\u00e9nu webu na rok 2025 = 66\u20ac<\/li>\n<\/ul>\n","protected":false},"excerpt":{"rendered":"<p>Cel\u00fd n\u00e1zov fanklubu: Czech &amp; Slovak Everton Supporters&#8216;\u00a0Club Rok zalo\u017eenia: 2014 Ofici\u00e1lny web:\u00a0www.evertonfc.cz Ofici\u00e1lny email: czskevertonians@gmail.com Fanpage: facebook.com\/everton.fans.cz.sk Aktu\u00e1lny ro\u010dn\u00edk&hellip;<\/p>\n","protected":false},"author":1,"featured_media":12137,"parent":0,"menu_order":0,"comment_status":"closed","ping_status":"closed","template":"","meta":{"_eb_attr":"","_monsterinsights_skip_tracking":false,"_monsterinsights_sitenote_active":false,"_monsterinsights_sitenote_note":"","_monsterinsights_sitenote_category":0,"footnotes":""},"yoast_head":"<!-- This site is optimized with the Yoast SEO plugin v23.4 - https:\/\/yoast.com\/wordpress\/plugins\/seo\/ -->\n<title>Ro\u010dn\u00edk 2025\/26 - Official Czech &amp; Slovak Everton Supporters&#039; Club<\/title>\n<meta name=\"robots\" content=\"index, follow, max-snippet:-1, max-image-preview:large, max-video-preview:-1\" \/>\n<link rel=\"canonical\" href=\"https:\/\/evertonfc.cz\/index.php\/rocnik-2024-25\/\" \/>\n<meta property=\"og:locale\" content=\"cs_CZ\" \/>\n<meta property=\"og:type\" content=\"article\" \/>\n<meta property=\"og:title\" content=\"Ro\u010dn\u00edk 2025\/26 - Official Czech &amp; Slovak Everton Supporters&#039; Club\" \/>\n<meta property=\"og:description\" content=\"Cel\u00fd n\u00e1zov fanklubu: Czech &amp; Slovak Everton Supporters&#8216;\u00a0Club Rok zalo\u017eenia: 2014 Ofici\u00e1lny web:\u00a0www.evertonfc.cz Ofici\u00e1lny email: czskevertonians@gmail.com Fanpage: facebook.com\/everton.fans.cz.sk Aktu\u00e1lny ro\u010dn\u00edk&hellip;\" \/>\n<meta property=\"og:url\" content=\"https:\/\/evertonfc.cz\/index.php\/rocnik-2024-25\/\" \/>\n<meta property=\"og:site_name\" content=\"Official Czech &amp; Slovak Everton Supporters&#039; Club\" \/>\n<meta property=\"article:publisher\" content=\"https:\/\/www.facebook.com\/everton.fans.cz.sk\" \/>\n<meta property=\"article:modified_time\" content=\"2025-07-31T14:06:32+00:00\" \/>\n<meta property=\"og:image\" content=\"https:\/\/evertonfc.cz\/wp-content\/uploads\/2020\/09\/fans-goodison-wide-720p.jpg\" \/>\n\t<meta property=\"og:image:width\" content=\"720\" \/>\n\t<meta property=\"og:image:height\" content=\"319\" \/>\n\t<meta property=\"og:image:type\" content=\"image\/jpeg\" \/>\n<meta name=\"twitter:card\" content=\"summary_large_image\" \/>\n<meta name=\"twitter:label1\" content=\"Odhadovan\u00e1 doba \u010dten\u00ed\" \/>\n\t<meta name=\"twitter:data1\" content=\"2 minuty\" \/>\n<script type=\"application\/ld+json\" class=\"yoast-schema-graph\">{\"@context\":\"https:\/\/schema.org\",\"@graph\":[{\"@type\":\"WebPage\",\"@id\":\"https:\/\/evertonfc.cz\/index.php\/rocnik-2024-25\/\",\"url\":\"https:\/\/evertonfc.cz\/index.php\/rocnik-2024-25\/\",\"name\":\"Ro\u010dn\u00edk 2025\/26 - Official Czech &amp; Slovak Everton Supporters&#039; Club\",\"isPartOf\":{\"@id\":\"https:\/\/evertonfc.cz\/#website\"},\"primaryImageOfPage\":{\"@id\":\"https:\/\/evertonfc.cz\/index.php\/rocnik-2024-25\/#primaryimage\"},\"image\":{\"@id\":\"https:\/\/evertonfc.cz\/index.php\/rocnik-2024-25\/#primaryimage\"},\"thumbnailUrl\":\"https:\/\/evertonfc.cz\/wp-content\/uploads\/2020\/09\/fans-goodison-wide-720p.jpg\",\"datePublished\":\"2020-03-28T12:30:03+00:00\",\"dateModified\":\"2025-07-31T14:06:32+00:00\",\"breadcrumb\":{\"@id\":\"https:\/\/evertonfc.cz\/index.php\/rocnik-2024-25\/#breadcrumb\"},\"inLanguage\":\"cs\",\"potentialAction\":[{\"@type\":\"ReadAction\",\"target\":[\"https:\/\/evertonfc.cz\/index.php\/rocnik-2024-25\/\"]}]},{\"@type\":\"ImageObject\",\"inLanguage\":\"cs\",\"@id\":\"https:\/\/evertonfc.cz\/index.php\/rocnik-2024-25\/#primaryimage\",\"url\":\"https:\/\/evertonfc.cz\/wp-content\/uploads\/2020\/09\/fans-goodison-wide-720p.jpg\",\"contentUrl\":\"https:\/\/evertonfc.cz\/wp-content\/uploads\/2020\/09\/fans-goodison-wide-720p.jpg\",\"width\":720,\"height\":319},{\"@type\":\"BreadcrumbList\",\"@id\":\"https:\/\/evertonfc.cz\/index.php\/rocnik-2024-25\/#breadcrumb\",\"itemListElement\":[{\"@type\":\"ListItem\",\"position\":1,\"name\":\"Home\",\"item\":\"https:\/\/evertonfc.cz\/\"},{\"@type\":\"ListItem\",\"position\":2,\"name\":\"Ro\u010dn\u00edk 2025\/26\"}]},{\"@type\":\"WebSite\",\"@id\":\"https:\/\/evertonfc.cz\/#website\",\"url\":\"https:\/\/evertonfc.cz\/\",\"name\":\"Official Czech &amp; Slovak Everton Supporters&#039; Club\",\"description\":\"\",\"publisher\":{\"@id\":\"https:\/\/evertonfc.cz\/#organization\"},\"potentialAction\":[{\"@type\":\"SearchAction\",\"target\":{\"@type\":\"EntryPoint\",\"urlTemplate\":\"https:\/\/evertonfc.cz\/?s={search_term_string}\"},\"query-input\":{\"@type\":\"PropertyValueSpecification\",\"valueRequired\":true,\"valueName\":\"search_term_string\"}}],\"inLanguage\":\"cs\"},{\"@type\":\"Organization\",\"@id\":\"https:\/\/evertonfc.cz\/#organization\",\"name\":\"Official Czech & Slovak Everton Supporters' Club\",\"url\":\"https:\/\/evertonfc.cz\/\",\"logo\":{\"@type\":\"ImageObject\",\"inLanguage\":\"cs\",\"@id\":\"https:\/\/evertonfc.cz\/#\/schema\/logo\/image\/\",\"url\":\"https:\/\/evertonfc.cz\/wp-content\/uploads\/2019\/05\/logo.png\",\"contentUrl\":\"https:\/\/evertonfc.cz\/wp-content\/uploads\/2019\/05\/logo.png\",\"width\":112,\"height\":112,\"caption\":\"Official Czech & Slovak Everton Supporters' Club\"},\"image\":{\"@id\":\"https:\/\/evertonfc.cz\/#\/schema\/logo\/image\/\"},\"sameAs\":[\"https:\/\/www.facebook.com\/everton.fans.cz.sk\"]}]}<\/script>\n<!-- \/ Yoast SEO plugin. -->","yoast_head_json":{"title":"Ro\u010dn\u00edk 2025\/26 - Official Czech &amp; Slovak Everton Supporters&#039; Club","robots":{"index":"index","follow":"follow","max-snippet":"max-snippet:-1","max-image-preview":"max-image-preview:large","max-video-preview":"max-video-preview:-1"},"canonical":"https:\/\/evertonfc.cz\/index.php\/rocnik-2024-25\/","og_locale":"cs_CZ","og_type":"article","og_title":"Ro\u010dn\u00edk 2025\/26 - Official Czech &amp; Slovak Everton Supporters&#039; Club","og_description":"Cel\u00fd n\u00e1zov fanklubu: Czech &amp; Slovak Everton Supporters&#8216;\u00a0Club Rok zalo\u017eenia: 2014 Ofici\u00e1lny web:\u00a0www.evertonfc.cz Ofici\u00e1lny email: czskevertonians@gmail.com Fanpage: facebook.com\/everton.fans.cz.sk Aktu\u00e1lny ro\u010dn\u00edk&hellip;","og_url":"https:\/\/evertonfc.cz\/index.php\/rocnik-2024-25\/","og_site_name":"Official Czech &amp; Slovak Everton Supporters&#039; Club","article_publisher":"https:\/\/www.facebook.com\/everton.fans.cz.sk","article_modified_time":"2025-07-31T14:06:32+00:00","og_image":[{"width":720,"height":319,"url":"https:\/\/evertonfc.cz\/wp-content\/uploads\/2020\/09\/fans-goodison-wide-720p.jpg","type":"image\/jpeg"}],"twitter_card":"summary_large_image","twitter_misc":{"Odhadovan\u00e1 doba \u010dten\u00ed":"2 minuty"},"schema":{"@context":"https:\/\/schema.org","@graph":[{"@type":"WebPage","@id":"https:\/\/evertonfc.cz\/index.php\/rocnik-2024-25\/","url":"https:\/\/evertonfc.cz\/index.php\/rocnik-2024-25\/","name":"Ro\u010dn\u00edk 2025\/26 - Official Czech &amp; Slovak Everton Supporters&#039; Club","isPartOf":{"@id":"https:\/\/evertonfc.cz\/#website"},"primaryImageOfPage":{"@id":"https:\/\/evertonfc.cz\/index.php\/rocnik-2024-25\/#primaryimage"},"image":{"@id":"https:\/\/evertonfc.cz\/index.php\/rocnik-2024-25\/#primaryimage"},"thumbnailUrl":"https:\/\/evertonfc.cz\/wp-content\/uploads\/2020\/09\/fans-goodison-wide-720p.jpg","datePublished":"2020-03-28T12:30:03+00:00","dateModified":"2025-07-31T14:06:32+00:00","breadcrumb":{"@id":"https:\/\/evertonfc.cz\/index.php\/rocnik-2024-25\/#breadcrumb"},"inLanguage":"cs","potentialAction":[{"@type":"ReadAction","target":["https:\/\/evertonfc.cz\/index.php\/rocnik-2024-25\/"]}]},{"@type":"ImageObject","inLanguage":"cs","@id":"https:\/\/evertonfc.cz\/index.php\/rocnik-2024-25\/#primaryimage","url":"https:\/\/evertonfc.cz\/wp-content\/uploads\/2020\/09\/fans-goodison-wide-720p.jpg","contentUrl":"https:\/\/evertonfc.cz\/wp-content\/uploads\/2020\/09\/fans-goodison-wide-720p.jpg","width":720,"height":319},{"@type":"BreadcrumbList","@id":"https:\/\/evertonfc.cz\/index.php\/rocnik-2024-25\/#breadcrumb","itemListElement":[{"@type":"ListItem","position":1,"name":"Home","item":"https:\/\/evertonfc.cz\/"},{"@type":"ListItem","position":2,"name":"Ro\u010dn\u00edk 2025\/26"}]},{"@type":"WebSite","@id":"https:\/\/evertonfc.cz\/#website","url":"https:\/\/evertonfc.cz\/","name":"Official Czech &amp; Slovak Everton Supporters&#039; Club","description":"","publisher":{"@id":"https:\/\/evertonfc.cz\/#organization"},"potentialAction":[{"@type":"SearchAction","target":{"@type":"EntryPoint","urlTemplate":"https:\/\/evertonfc.cz\/?s={search_term_string}"},"query-input":{"@type":"PropertyValueSpecification","valueRequired":true,"valueName":"search_term_string"}}],"inLanguage":"cs"},{"@type":"Organization","@id":"https:\/\/evertonfc.cz\/#organization","name":"Official Czech & Slovak Everton Supporters' Club","url":"https:\/\/evertonfc.cz\/","logo":{"@type":"ImageObject","inLanguage":"cs","@id":"https:\/\/evertonfc.cz\/#\/schema\/logo\/image\/","url":"https:\/\/evertonfc.cz\/wp-content\/uploads\/2019\/05\/logo.png","contentUrl":"https:\/\/evertonfc.cz\/wp-content\/uploads\/2019\/05\/logo.png","width":112,"height":112,"caption":"Official Czech & Slovak Everton Supporters' Club"},"image":{"@id":"https:\/\/evertonfc.cz\/#\/schema\/logo\/image\/"},"sameAs":["https:\/\/www.facebook.com\/everton.fans.cz.sk"]}]}},"_links":{"self":[{"href":"https:\/\/evertonfc.cz\/index.php\/wp-json\/wp\/v2\/pages\/10672"}],"collection":[{"href":"https:\/\/evertonfc.cz\/index.php\/wp-json\/wp\/v2\/pages"}],"about":[{"href":"https:\/\/evertonfc.cz\/index.php\/wp-json\/wp\/v2\/types\/page"}],"author":[{"embeddable":true,"href":"https:\/\/evertonfc.cz\/index.php\/wp-json\/wp\/v2\/users\/1"}],"replies":[{"embeddable":true,"href":"https:\/\/evertonfc.cz\/index.php\/wp-json\/wp\/v2\/comments?post=10672"}],"version-history":[{"count":32,"href":"https:\/\/evertonfc.cz\/index.php\/wp-json\/wp\/v2\/pages\/10672\/revisions"}],"predecessor-version":[{"id":27172,"href":"https:\/\/evertonfc.cz\/index.php\/wp-json\/wp\/v2\/pages\/10672\/revisions\/27172"}],"wp:featuredmedia":[{"embeddable":true,"href":"https:\/\/evertonfc.cz\/index.php\/wp-json\/wp\/v2\/media\/12137"}],"wp:attachment":[{"href":"https:\/\/evertonfc.cz\/index.php\/wp-json\/wp\/v2\/media?parent=10672"}],"curies":[{"name":"wp","href":"https:\/\/api.w.org\/{rel}","templated":true}]}}