{"id":1093,"date":"2019-01-06T19:57:38","date_gmt":"2019-01-06T18:57:38","guid":{"rendered":"http:\/\/evertonfc.cz\/?page_id=1093"},"modified":"2019-01-24T19:10:46","modified_gmt":"2019-01-24T18:10:46","slug":"phil-neville","status":"publish","type":"page","link":"https:\/\/evertonfc.cz\/index.php\/soupiska\/phil-neville\/","title":{"rendered":"Philip John Neville"},"content":{"rendered":"<p><strong><img loading=\"lazy\" decoding=\"async\" style=\"float: right; margin-left: 10px; margin-right: 10px;\" src=\"http:\/\/evertonfc.cz\/wp-content\/uploads\/2019\/01\/neville.jpg\" alt=\"\" width=\"80\" height=\"83\" \/>Narozen:<\/strong>\u00a021. 01. 1977, Bury, Anglie<br \/>\n<strong>V\u00fd\u0161ka:<\/strong>\u00a0180 cm<br \/>\n<strong>V\u00e1ha:<\/strong>\u00a076 kg<br \/>\n<strong>Post:<\/strong>\u00a0Obr\u00e1nce, z\u00e1lo\u017en\u00edk<br \/>\n<strong>V EFC od:<\/strong>\u00a004. 08. 2005<br \/>\n<strong>Do:<\/strong>\u00a030. 06. 2013<\/p>\n<hr \/>\n<p>Phil Neville debutoval v mate\u0159sk\u00e9m Manchesteru United roce 1994. Pot\u00e9 ji\u017e sice nastupoval pravideln\u011b za prvn\u00ed t\u00fdm ale do z\u00e1kladn\u00ed sestavy se nikdy natrvalo probojovat nedok\u00e1zal. Za Manchester hr\u00e1l mo\u017en\u00e1 v jeho nej\u00fasp\u011b\u0161n\u011bj\u0161\u00edm obdob\u00ed. Premier League vyhr\u00e1l \u0161estkr\u00e1t, mezi dal\u0161\u00ed jeho \u00fasp\u011bchy pat\u0159\u00ed 3 vyhran\u00e9 Anglick\u00e9 poh\u00e1ry a tak\u00e9 trofej pro v\u00edt\u011bze Ligy Mistr\u016f z roku 1999. 4. srpna 2005 Neville p\u0159ijal nab\u00eddku Evertonu a podepsal p\u011btiletou smlouvu.<\/p>\n<p>Sv\u016fj prvn\u00ed z\u00e1pas za Toffees odehr\u00e1l v p\u0159edkole Ligy Mistr\u016f proti Villarealu. V Premiership poprv\u00e9 nastoupil za Everton shodou okolnost\u00ed proti sv\u00e9mu b\u00fdval\u00e9mu klubu. 8. srpna 2007 se stal nov\u00fdm kapit\u00e1nem t\u00fdmu po odchodu Davida Weira do Rangers v zim\u011b toho roku. Sezona 2007\/08 byla pro mlad\u0161\u00edho ze sourozenc\u016f Nevillov\u00fdch rozporupln\u00e1. Na prav\u00e9 stran\u011b obrany zahr\u00e1l pravideln\u011b spolehliv\u011b, ov\u0161em role ve st\u0159edu h\u0159i\u0161t\u011b mu p\u0159\u00edli\u0161 nesedla. Nadch\u00e1zej\u00edc\u00ed sezona ale byla docela z jin\u00e9ho soudku. Phil evidentn\u011b zapracoval na sv\u00e9 technice, a stal se nepopirateln\u011b jednou z opor. Dal\u0161\u00ed ro\u010dn\u00edk nebyl v\u00fdjimkou, za\u010dal sice na postu prav\u00e9ho obr\u00e1nce, postupem \u010dasu se ale p\u0159esunul do st\u0159edu z\u00e1lohy, kde se prezentoval solidn\u00edmi v\u00fdkony. Bez pochyb jeden z nejlep\u0161\u00edch hr\u00e1\u010d\u016f v sez\u00f3n\u011b.<\/p>\n<p>Do nov\u00e9 sezony ov\u0161em Neville vstoupil smoln\u011b. Cel\u00fd podzim a za\u010d\u00e1tek zimy promarodil s poran\u011bn\u00fdm kolenem, a tak sv\u00e9mu t\u00fdmu chyb\u011bl prakticky p\u016flku sezony. P\u0159esto si tentokr\u00e1t na prav\u00e9 stran\u011b obrany sta\u010dil odv\u00e9st sv\u016fj m\u00edsty a\u017e pr\u016fm\u011brn\u00fd standard. To se v\u0161ak v ro\u010dn\u00edku 2010\/11 zm\u011bnilo, z Nevillova pohledu lze sez\u00f3nu ozna\u010dit za t\u00e9m\u011b\u0159 bezchybnou. Sv\u00e9mu mu\u017estvu \u0161el p\u0159\u00edkladem, a to jak na prav\u00e9 obran\u011b tak ve st\u0159edu pole, kde perfektn\u011b zacelil d\u00edru zp\u016fsobenou zran\u011bn\u00edm Marouane Fellainiho. Vyda\u0159en\u00fd rok dokonce ozdobil i g\u00f3lem &#8211; prvn\u00edm po t\u0159ech letech.<\/p>\n<p>N\u00e1sleduj\u00edc\u00ed sez\u00f3nu odv\u00e1d\u011bl d\u00e1le poctiv\u00e9 v\u00fdkony, jeho g\u00f3l proti West Bromu byl dokonce zvolen nejlep\u0161\u00edm klubov\u00fdm za ro\u010dn\u00edk 2011\/12. Bohu\u017eel v\u011bk nejde zastavit a n\u00e1sleduj\u00edc\u00ed rok hr\u00e1l podpr\u016fm\u011brn\u011b. Po zran\u011bn\u00ed kolena v prosinci 2012 se ji\u017e nedok\u00e1zal dostat zp\u011bt do prvn\u00edho t\u00fdmu, i proto se rozhodl ukon\u010dit kari\u00e9ru. Za jeho kari\u00e9ru v Evertonu mu t\u0159eba v\u0161ak jen pod\u011bkovat, b\u011bhem osmi let na Goodison Parku byl vzorem na h\u0159i\u0161ti i mimo n\u011bj.<\/p>\n<p>Jeho dal\u0161\u00ed role bude v Manchesteru United v realiza\u010dn\u00edm t\u00fdmu Davida Moyese ve funkci tren\u00e9ra.<\/p>\n","protected":false},"excerpt":{"rendered":"<p>Narozen:\u00a021. 01. 1977, Bury, Anglie V\u00fd\u0161ka:\u00a0180 cm V\u00e1ha:\u00a076 kg Post:\u00a0Obr\u00e1nce, z\u00e1lo\u017en\u00edk V EFC od:\u00a004. 08. 2005 Do:\u00a030. 06. 2013 Phil&hellip;<\/p>\n","protected":false},"author":6,"featured_media":0,"parent":70,"menu_order":0,"comment_status":"closed","ping_status":"closed","template":"","meta":{"_eb_attr":"","_monsterinsights_skip_tracking":false,"_monsterinsights_sitenote_active":false,"_monsterinsights_sitenote_note":"","_monsterinsights_sitenote_category":0,"footnotes":""},"yoast_head":"<!-- This site is optimized with the Yoast SEO plugin v23.4 - https:\/\/yoast.com\/wordpress\/plugins\/seo\/ -->\n<title>Philip John Neville - Official Czech &amp; Slovak Everton Supporters&#039; Club<\/title>\n<meta name=\"robots\" content=\"index, follow, max-snippet:-1, max-image-preview:large, max-video-preview:-1\" \/>\n<link rel=\"canonical\" href=\"https:\/\/evertonfc.cz\/index.php\/soupiska\/phil-neville\/\" \/>\n<meta property=\"og:locale\" content=\"cs_CZ\" \/>\n<meta property=\"og:type\" content=\"article\" \/>\n<meta property=\"og:title\" content=\"Philip John Neville - Official Czech &amp; Slovak Everton Supporters&#039; Club\" \/>\n<meta property=\"og:description\" content=\"Narozen:\u00a021. 01. 1977, Bury, Anglie V\u00fd\u0161ka:\u00a0180 cm V\u00e1ha:\u00a076 kg Post:\u00a0Obr\u00e1nce, z\u00e1lo\u017en\u00edk V EFC od:\u00a004. 08. 2005 Do:\u00a030. 06. 2013 Phil&hellip;\" \/>\n<meta property=\"og:url\" content=\"https:\/\/evertonfc.cz\/index.php\/soupiska\/phil-neville\/\" \/>\n<meta property=\"og:site_name\" content=\"Official Czech &amp; Slovak Everton Supporters&#039; Club\" \/>\n<meta property=\"article:publisher\" content=\"https:\/\/www.facebook.com\/everton.fans.cz.sk\" \/>\n<meta property=\"article:modified_time\" content=\"2019-01-24T18:10:46+00:00\" \/>\n<meta property=\"og:image\" content=\"http:\/\/evertonfc.cz\/wp-content\/uploads\/2019\/01\/neville.jpg\" \/>\n<meta name=\"twitter:card\" content=\"summary_large_image\" \/>\n<meta name=\"twitter:label1\" content=\"Odhadovan\u00e1 doba \u010dten\u00ed\" \/>\n\t<meta name=\"twitter:data1\" content=\"2 minuty\" \/>\n<script type=\"application\/ld+json\" class=\"yoast-schema-graph\">{\"@context\":\"https:\/\/schema.org\",\"@graph\":[{\"@type\":\"WebPage\",\"@id\":\"https:\/\/evertonfc.cz\/index.php\/soupiska\/phil-neville\/\",\"url\":\"https:\/\/evertonfc.cz\/index.php\/soupiska\/phil-neville\/\",\"name\":\"Philip John Neville - Official Czech &amp; Slovak Everton Supporters&#039; Club\",\"isPartOf\":{\"@id\":\"https:\/\/evertonfc.cz\/#website\"},\"primaryImageOfPage\":{\"@id\":\"https:\/\/evertonfc.cz\/index.php\/soupiska\/phil-neville\/#primaryimage\"},\"image\":{\"@id\":\"https:\/\/evertonfc.cz\/index.php\/soupiska\/phil-neville\/#primaryimage\"},\"thumbnailUrl\":\"http:\/\/evertonfc.cz\/wp-content\/uploads\/2019\/01\/neville.jpg\",\"datePublished\":\"2019-01-06T18:57:38+00:00\",\"dateModified\":\"2019-01-24T18:10:46+00:00\",\"breadcrumb\":{\"@id\":\"https:\/\/evertonfc.cz\/index.php\/soupiska\/phil-neville\/#breadcrumb\"},\"inLanguage\":\"cs\",\"potentialAction\":[{\"@type\":\"ReadAction\",\"target\":[\"https:\/\/evertonfc.cz\/index.php\/soupiska\/phil-neville\/\"]}]},{\"@type\":\"ImageObject\",\"inLanguage\":\"cs\",\"@id\":\"https:\/\/evertonfc.cz\/index.php\/soupiska\/phil-neville\/#primaryimage\",\"url\":\"http:\/\/evertonfc.cz\/wp-content\/uploads\/2019\/01\/neville.jpg\",\"contentUrl\":\"http:\/\/evertonfc.cz\/wp-content\/uploads\/2019\/01\/neville.jpg\"},{\"@type\":\"BreadcrumbList\",\"@id\":\"https:\/\/evertonfc.cz\/index.php\/soupiska\/phil-neville\/#breadcrumb\",\"itemListElement\":[{\"@type\":\"ListItem\",\"position\":1,\"name\":\"Home\",\"item\":\"https:\/\/evertonfc.cz\/\"},{\"@type\":\"ListItem\",\"position\":2,\"name\":\"Soupiska\",\"item\":\"https:\/\/evertonfc.cz\/index.php\/soupiska\/\"},{\"@type\":\"ListItem\",\"position\":3,\"name\":\"Philip John Neville\"}]},{\"@type\":\"WebSite\",\"@id\":\"https:\/\/evertonfc.cz\/#website\",\"url\":\"https:\/\/evertonfc.cz\/\",\"name\":\"Official Czech &amp; Slovak Everton Supporters&#039; Club\",\"description\":\"\",\"publisher\":{\"@id\":\"https:\/\/evertonfc.cz\/#organization\"},\"potentialAction\":[{\"@type\":\"SearchAction\",\"target\":{\"@type\":\"EntryPoint\",\"urlTemplate\":\"https:\/\/evertonfc.cz\/?s={search_term_string}\"},\"query-input\":{\"@type\":\"PropertyValueSpecification\",\"valueRequired\":true,\"valueName\":\"search_term_string\"}}],\"inLanguage\":\"cs\"},{\"@type\":\"Organization\",\"@id\":\"https:\/\/evertonfc.cz\/#organization\",\"name\":\"Official Czech & Slovak Everton Supporters' Club\",\"url\":\"https:\/\/evertonfc.cz\/\",\"logo\":{\"@type\":\"ImageObject\",\"inLanguage\":\"cs\",\"@id\":\"https:\/\/evertonfc.cz\/#\/schema\/logo\/image\/\",\"url\":\"https:\/\/evertonfc.cz\/wp-content\/uploads\/2019\/05\/logo.png\",\"contentUrl\":\"https:\/\/evertonfc.cz\/wp-content\/uploads\/2019\/05\/logo.png\",\"width\":112,\"height\":112,\"caption\":\"Official Czech & Slovak Everton Supporters' Club\"},\"image\":{\"@id\":\"https:\/\/evertonfc.cz\/#\/schema\/logo\/image\/\"},\"sameAs\":[\"https:\/\/www.facebook.com\/everton.fans.cz.sk\"]}]}<\/script>\n<!-- \/ Yoast SEO plugin. -->","yoast_head_json":{"title":"Philip John Neville - Official Czech &amp; Slovak Everton Supporters&#039; Club","robots":{"index":"index","follow":"follow","max-snippet":"max-snippet:-1","max-image-preview":"max-image-preview:large","max-video-preview":"max-video-preview:-1"},"canonical":"https:\/\/evertonfc.cz\/index.php\/soupiska\/phil-neville\/","og_locale":"cs_CZ","og_type":"article","og_title":"Philip John Neville - Official Czech &amp; Slovak Everton Supporters&#039; Club","og_description":"Narozen:\u00a021. 01. 1977, Bury, Anglie V\u00fd\u0161ka:\u00a0180 cm V\u00e1ha:\u00a076 kg Post:\u00a0Obr\u00e1nce, z\u00e1lo\u017en\u00edk V EFC od:\u00a004. 08. 2005 Do:\u00a030. 06. 2013 Phil&hellip;","og_url":"https:\/\/evertonfc.cz\/index.php\/soupiska\/phil-neville\/","og_site_name":"Official Czech &amp; Slovak Everton Supporters&#039; Club","article_publisher":"https:\/\/www.facebook.com\/everton.fans.cz.sk","article_modified_time":"2019-01-24T18:10:46+00:00","og_image":[{"url":"http:\/\/evertonfc.cz\/wp-content\/uploads\/2019\/01\/neville.jpg"}],"twitter_card":"summary_large_image","twitter_misc":{"Odhadovan\u00e1 doba \u010dten\u00ed":"2 minuty"},"schema":{"@context":"https:\/\/schema.org","@graph":[{"@type":"WebPage","@id":"https:\/\/evertonfc.cz\/index.php\/soupiska\/phil-neville\/","url":"https:\/\/evertonfc.cz\/index.php\/soupiska\/phil-neville\/","name":"Philip John Neville - Official Czech &amp; Slovak Everton Supporters&#039; Club","isPartOf":{"@id":"https:\/\/evertonfc.cz\/#website"},"primaryImageOfPage":{"@id":"https:\/\/evertonfc.cz\/index.php\/soupiska\/phil-neville\/#primaryimage"},"image":{"@id":"https:\/\/evertonfc.cz\/index.php\/soupiska\/phil-neville\/#primaryimage"},"thumbnailUrl":"http:\/\/evertonfc.cz\/wp-content\/uploads\/2019\/01\/neville.jpg","datePublished":"2019-01-06T18:57:38+00:00","dateModified":"2019-01-24T18:10:46+00:00","breadcrumb":{"@id":"https:\/\/evertonfc.cz\/index.php\/soupiska\/phil-neville\/#breadcrumb"},"inLanguage":"cs","potentialAction":[{"@type":"ReadAction","target":["https:\/\/evertonfc.cz\/index.php\/soupiska\/phil-neville\/"]}]},{"@type":"ImageObject","inLanguage":"cs","@id":"https:\/\/evertonfc.cz\/index.php\/soupiska\/phil-neville\/#primaryimage","url":"http:\/\/evertonfc.cz\/wp-content\/uploads\/2019\/01\/neville.jpg","contentUrl":"http:\/\/evertonfc.cz\/wp-content\/uploads\/2019\/01\/neville.jpg"},{"@type":"BreadcrumbList","@id":"https:\/\/evertonfc.cz\/index.php\/soupiska\/phil-neville\/#breadcrumb","itemListElement":[{"@type":"ListItem","position":1,"name":"Home","item":"https:\/\/evertonfc.cz\/"},{"@type":"ListItem","position":2,"name":"Soupiska","item":"https:\/\/evertonfc.cz\/index.php\/soupiska\/"},{"@type":"ListItem","position":3,"name":"Philip John Neville"}]},{"@type":"WebSite","@id":"https:\/\/evertonfc.cz\/#website","url":"https:\/\/evertonfc.cz\/","name":"Official Czech &amp; Slovak Everton Supporters&#039; Club","description":"","publisher":{"@id":"https:\/\/evertonfc.cz\/#organization"},"potentialAction":[{"@type":"SearchAction","target":{"@type":"EntryPoint","urlTemplate":"https:\/\/evertonfc.cz\/?s={search_term_string}"},"query-input":{"@type":"PropertyValueSpecification","valueRequired":true,"valueName":"search_term_string"}}],"inLanguage":"cs"},{"@type":"Organization","@id":"https:\/\/evertonfc.cz\/#organization","name":"Official Czech & Slovak Everton Supporters' Club","url":"https:\/\/evertonfc.cz\/","logo":{"@type":"ImageObject","inLanguage":"cs","@id":"https:\/\/evertonfc.cz\/#\/schema\/logo\/image\/","url":"https:\/\/evertonfc.cz\/wp-content\/uploads\/2019\/05\/logo.png","contentUrl":"https:\/\/evertonfc.cz\/wp-content\/uploads\/2019\/05\/logo.png","width":112,"height":112,"caption":"Official Czech & Slovak Everton Supporters' Club"},"image":{"@id":"https:\/\/evertonfc.cz\/#\/schema\/logo\/image\/"},"sameAs":["https:\/\/www.facebook.com\/everton.fans.cz.sk"]}]}},"_links":{"self":[{"href":"https:\/\/evertonfc.cz\/index.php\/wp-json\/wp\/v2\/pages\/1093"}],"collection":[{"href":"https:\/\/evertonfc.cz\/index.php\/wp-json\/wp\/v2\/pages"}],"about":[{"href":"https:\/\/evertonfc.cz\/index.php\/wp-json\/wp\/v2\/types\/page"}],"author":[{"embeddable":true,"href":"https:\/\/evertonfc.cz\/index.php\/wp-json\/wp\/v2\/users\/6"}],"replies":[{"embeddable":true,"href":"https:\/\/evertonfc.cz\/index.php\/wp-json\/wp\/v2\/comments?post=1093"}],"version-history":[{"count":3,"href":"https:\/\/evertonfc.cz\/index.php\/wp-json\/wp\/v2\/pages\/1093\/revisions"}],"predecessor-version":[{"id":1752,"href":"https:\/\/evertonfc.cz\/index.php\/wp-json\/wp\/v2\/pages\/1093\/revisions\/1752"}],"up":[{"embeddable":true,"href":"https:\/\/evertonfc.cz\/index.php\/wp-json\/wp\/v2\/pages\/70"}],"wp:attachment":[{"href":"https:\/\/evertonfc.cz\/index.php\/wp-json\/wp\/v2\/media?parent=1093"}],"curies":[{"name":"wp","href":"https:\/\/api.w.org\/{rel}","templated":true}]}}