{"id":1130,"date":"2019-01-06T21:55:29","date_gmt":"2019-01-06T20:55:29","guid":{"rendered":"http:\/\/evertonfc.cz\/?page_id=1130"},"modified":"2019-01-24T18:51:27","modified_gmt":"2019-01-24T17:51:27","slug":"james-vaughan","status":"publish","type":"page","link":"https:\/\/evertonfc.cz\/index.php\/soupiska\/james-vaughan\/","title":{"rendered":"James Vaughan"},"content":{"rendered":"<p><strong><img loading=\"lazy\" decoding=\"async\" style=\"float: right; margin-left: 10px; margin-right: 10px;\" src=\"http:\/\/evertonfc.cz\/wp-content\/uploads\/2019\/01\/vaughan.jpg\" alt=\"\" width=\"80\" height=\"83\" \/>Narozen:<\/strong>\u00a014. 07. 1988, Birmingham, Anglie<br \/>\n<strong>V\u00fd\u0161ka:<\/strong>\u00a0180 cm<br \/>\n<strong>V\u00e1ha:<\/strong>\u00a080 kg<br \/>\n<strong>Post:<\/strong>\u00a0\u00dato\u010dn\u00edk<br \/>\n<strong>V EFC od:<\/strong>\u00a0Odchovanec<br \/>\n<strong>Do:<\/strong>\u00a027. 05. 2011<\/p>\n<hr \/>\n<p>James Oliver Vaughan p\u016fsobil v Evertonu od roku 2002, kdy se p\u0159ipojil k ml\u00e1de\u017enick\u00e9 akademii. U\u017e nedlouho pot\u00e9 se do\u010dkal ocen\u011bn\u00ed. Sv\u00fdmi mlad\u00fdmi spoluhr\u00e1\u010di byl v sezon\u011b 2003\/04 zvolen hr\u00e1\u010dem roku do 16 let. Zaj\u00edmavost\u00ed je, \u017ee ve 13 letech James zab\u011bhnul stovku za 11,5 vte\u0159iny. V roce 1999 se dokonce stal 3. nejrychlej\u0161\u00edm t\u0159in\u00e1ctilet\u00fdm hochem v Brit\u00e1nii. V sezon\u011b 2004\/05 dal James za B t\u00fdm nespo\u010det branek, \u010d\u00edm\u017e si vyslou\u017eil pozv\u00e1nku do prvn\u00edho t\u00fdmu. Debutu se do\u010dkal v dubnu 2005 proti Crystal Palace, ve n\u011bm\u017e tehdy Vaughan p\u0159ekonal rekord pro nejmlad\u0161\u00edho hr\u00e1\u010de, kter\u00fd kdy nastoupil v z\u00e1pase Premier League a tak\u00e9 vst\u0159elil branku. Bylo mu 16 let a 271 dn\u016f. O triumf nejmlad\u0161\u00edho hr\u00e1\u010de ho pozd\u011bji p\u0159ipravil Jose Baxter a o nejmlad\u0161\u00ed st\u0159elce pro zm\u011bnu Wayne Rooney, kter\u00e9ho pot\u00e9 p\u0159ekonal v r\u00e1mci Premier League James Milner.<\/p>\n<p>Podpis prvn\u00ed profi smlouvy p\u0159i\u0161el v l\u00e9t\u011b 2005. V n\u00e1sleduj\u00edc\u00ed sezon\u011b ale p\u0159i\u0161lo zran\u011bn\u00ed kolene, d\u00edky kter\u00e9mu p\u0159i\u0161el o zbytek ro\u010dn\u00edku. Sv\u016fj n\u00e1vrat uskute\u010dnil na konci srpna 2006. Sice jen v z\u00e1pase B t\u00fdmu av\u0161ak p\u0159esto dok\u00e1zal d\u00e1t Newcastlu branku. V roce 2007 prodlou\u017eil smlouvu a\u017e do roku 2011 a z\u00edskal ocen\u011bn\u00ed pro mlad\u00e9ho hr\u00e1\u010de roku. P\u0159\u00edli\u0161nou n\u00e1chylnost ke zran\u011bn\u00edm potvrdil v \u010dervenci toho roku, kdy\u017e si v p\u0159\u00e1tel\u00e1ku proti Prestonu vykloubil rameno a byly z toho 3 m\u011bs\u00edce bez fotbalu. \u0158\u00edjnov\u00fd n\u00e1vrat oslavil brankou Birminghamu. O p\u00e1r m\u011bs\u00edc\u016f pozd\u011bji op\u011bt fanou\u0161ky rozesmutnila zpr\u00e1va o dal\u0161\u00edm zran\u011bn\u00ed. Tentokr\u00e1t se jednalo o koleno, kter\u00e9 pot\u0159ebovalo opera\u010dn\u00ed z\u00e1krok.<\/p>\n<p>I ro\u010dn\u00edk 2008\/09 byl ve znamen\u00ed t\u00ed\u017eiv\u00fdch zdravotn\u00edch pot\u00ed\u017e\u00ed. Na podzim si toti\u017e James pochroumal pro zm\u011bnu druh\u00e9 koleno, kter\u00e9 si vy\u017e\u00e1dalo operaci, tak\u017ee se na h\u0159i\u0161t\u011b vr\u00e1til a\u017e p\u00e1r kol p\u0159ed koncem sezony. A i dal\u0161\u00ed sez\u00f3nu to nebylo s Vaughanem o moc lep\u0161\u00ed, podzimn\u00ed hostov\u00e1n\u00ed v Derby p\u0159ed\u010dasn\u011b ukon\u010dilo zran\u011bn\u00ed kolene. Kdy\u017e se okolo V\u00e1noc Vaughana vr\u00e1til, nastoupil sice k p\u00e1r z\u00e1pas\u016fm za EFC, vst\u0159elil dokonce i dv\u011b branky, op\u011bt ale putoval na hostov\u00e1n\u00ed. Jaro odehr\u00e1l v Leicesteru. Na za\u010d\u00e1tku sez\u00f3ny 2010\/11 putoval na dal\u0161\u00ed hostov\u00e1n\u00ed, na t\u0159i m\u011bs\u00edce hr\u00e1l v Crystal Palace a celkem se mu da\u0159ilo, vst\u0159elil \u010dty\u0159i branky p\u0159i\u010dem\u017e zaznamenal i sv\u016fj prvn\u00ed hattricky mezi dosp\u011bl\u00fdmi. V zim\u011b se do Evertonu na chv\u00edli vr\u00e1til, ov\u0161em brzy op\u011bt ode\u0161el do Crystal Palace. Na ja\u0159e si p\u0159ipsal dal\u0161\u00edch p\u011bt branek a pomohl k z\u00e1chran\u011b t\u00fdmu v Championship. P\u0159esto budoucnost na Goodison Parku nem\u011bl, a tak v l\u00e9t\u011b k\u00fdvl na nab\u00eddku z Norwiche, kter\u00fd postoupil do Premier League.<\/p>\n","protected":false},"excerpt":{"rendered":"<p>Narozen:\u00a014. 07. 1988, Birmingham, Anglie V\u00fd\u0161ka:\u00a0180 cm V\u00e1ha:\u00a080 kg Post:\u00a0\u00dato\u010dn\u00edk V EFC od:\u00a0Odchovanec Do:\u00a027. 05. 2011 James Oliver Vaughan p\u016fsobil&hellip;<\/p>\n","protected":false},"author":6,"featured_media":0,"parent":70,"menu_order":0,"comment_status":"closed","ping_status":"closed","template":"","meta":{"_eb_attr":"","_monsterinsights_skip_tracking":false,"_monsterinsights_sitenote_active":false,"_monsterinsights_sitenote_note":"","_monsterinsights_sitenote_category":0,"footnotes":""},"yoast_head":"<!-- This site is optimized with the Yoast SEO plugin v23.4 - https:\/\/yoast.com\/wordpress\/plugins\/seo\/ -->\n<title>James Vaughan - Official Czech &amp; Slovak Everton Supporters&#039; Club<\/title>\n<meta name=\"robots\" content=\"index, follow, max-snippet:-1, max-image-preview:large, max-video-preview:-1\" \/>\n<link rel=\"canonical\" href=\"https:\/\/evertonfc.cz\/index.php\/soupiska\/james-vaughan\/\" \/>\n<meta property=\"og:locale\" content=\"cs_CZ\" \/>\n<meta property=\"og:type\" content=\"article\" \/>\n<meta property=\"og:title\" content=\"James Vaughan - Official Czech &amp; Slovak Everton Supporters&#039; Club\" \/>\n<meta property=\"og:description\" content=\"Narozen:\u00a014. 07. 1988, Birmingham, Anglie V\u00fd\u0161ka:\u00a0180 cm V\u00e1ha:\u00a080 kg Post:\u00a0\u00dato\u010dn\u00edk V EFC od:\u00a0Odchovanec Do:\u00a027. 05. 2011 James Oliver Vaughan p\u016fsobil&hellip;\" \/>\n<meta property=\"og:url\" content=\"https:\/\/evertonfc.cz\/index.php\/soupiska\/james-vaughan\/\" \/>\n<meta property=\"og:site_name\" content=\"Official Czech &amp; Slovak Everton Supporters&#039; Club\" \/>\n<meta property=\"article:publisher\" content=\"https:\/\/www.facebook.com\/everton.fans.cz.sk\" \/>\n<meta property=\"article:modified_time\" content=\"2019-01-24T17:51:27+00:00\" \/>\n<meta property=\"og:image\" content=\"http:\/\/evertonfc.cz\/wp-content\/uploads\/2019\/01\/vaughan.jpg\" \/>\n<meta name=\"twitter:card\" content=\"summary_large_image\" \/>\n<meta name=\"twitter:label1\" content=\"Odhadovan\u00e1 doba \u010dten\u00ed\" \/>\n\t<meta name=\"twitter:data1\" content=\"3 minuty\" \/>\n<script type=\"application\/ld+json\" class=\"yoast-schema-graph\">{\"@context\":\"https:\/\/schema.org\",\"@graph\":[{\"@type\":\"WebPage\",\"@id\":\"https:\/\/evertonfc.cz\/index.php\/soupiska\/james-vaughan\/\",\"url\":\"https:\/\/evertonfc.cz\/index.php\/soupiska\/james-vaughan\/\",\"name\":\"James Vaughan - Official Czech &amp; Slovak Everton Supporters&#039; Club\",\"isPartOf\":{\"@id\":\"https:\/\/evertonfc.cz\/#website\"},\"primaryImageOfPage\":{\"@id\":\"https:\/\/evertonfc.cz\/index.php\/soupiska\/james-vaughan\/#primaryimage\"},\"image\":{\"@id\":\"https:\/\/evertonfc.cz\/index.php\/soupiska\/james-vaughan\/#primaryimage\"},\"thumbnailUrl\":\"http:\/\/evertonfc.cz\/wp-content\/uploads\/2019\/01\/vaughan.jpg\",\"datePublished\":\"2019-01-06T20:55:29+00:00\",\"dateModified\":\"2019-01-24T17:51:27+00:00\",\"breadcrumb\":{\"@id\":\"https:\/\/evertonfc.cz\/index.php\/soupiska\/james-vaughan\/#breadcrumb\"},\"inLanguage\":\"cs\",\"potentialAction\":[{\"@type\":\"ReadAction\",\"target\":[\"https:\/\/evertonfc.cz\/index.php\/soupiska\/james-vaughan\/\"]}]},{\"@type\":\"ImageObject\",\"inLanguage\":\"cs\",\"@id\":\"https:\/\/evertonfc.cz\/index.php\/soupiska\/james-vaughan\/#primaryimage\",\"url\":\"http:\/\/evertonfc.cz\/wp-content\/uploads\/2019\/01\/vaughan.jpg\",\"contentUrl\":\"http:\/\/evertonfc.cz\/wp-content\/uploads\/2019\/01\/vaughan.jpg\"},{\"@type\":\"BreadcrumbList\",\"@id\":\"https:\/\/evertonfc.cz\/index.php\/soupiska\/james-vaughan\/#breadcrumb\",\"itemListElement\":[{\"@type\":\"ListItem\",\"position\":1,\"name\":\"Home\",\"item\":\"https:\/\/evertonfc.cz\/\"},{\"@type\":\"ListItem\",\"position\":2,\"name\":\"Soupiska\",\"item\":\"https:\/\/evertonfc.cz\/index.php\/soupiska\/\"},{\"@type\":\"ListItem\",\"position\":3,\"name\":\"James Vaughan\"}]},{\"@type\":\"WebSite\",\"@id\":\"https:\/\/evertonfc.cz\/#website\",\"url\":\"https:\/\/evertonfc.cz\/\",\"name\":\"Official Czech &amp; Slovak Everton Supporters&#039; Club\",\"description\":\"\",\"publisher\":{\"@id\":\"https:\/\/evertonfc.cz\/#organization\"},\"potentialAction\":[{\"@type\":\"SearchAction\",\"target\":{\"@type\":\"EntryPoint\",\"urlTemplate\":\"https:\/\/evertonfc.cz\/?s={search_term_string}\"},\"query-input\":{\"@type\":\"PropertyValueSpecification\",\"valueRequired\":true,\"valueName\":\"search_term_string\"}}],\"inLanguage\":\"cs\"},{\"@type\":\"Organization\",\"@id\":\"https:\/\/evertonfc.cz\/#organization\",\"name\":\"Official Czech & Slovak Everton Supporters' Club\",\"url\":\"https:\/\/evertonfc.cz\/\",\"logo\":{\"@type\":\"ImageObject\",\"inLanguage\":\"cs\",\"@id\":\"https:\/\/evertonfc.cz\/#\/schema\/logo\/image\/\",\"url\":\"https:\/\/evertonfc.cz\/wp-content\/uploads\/2019\/05\/logo.png\",\"contentUrl\":\"https:\/\/evertonfc.cz\/wp-content\/uploads\/2019\/05\/logo.png\",\"width\":112,\"height\":112,\"caption\":\"Official Czech & Slovak Everton Supporters' Club\"},\"image\":{\"@id\":\"https:\/\/evertonfc.cz\/#\/schema\/logo\/image\/\"},\"sameAs\":[\"https:\/\/www.facebook.com\/everton.fans.cz.sk\"]}]}<\/script>\n<!-- \/ Yoast SEO plugin. -->","yoast_head_json":{"title":"James Vaughan - Official Czech &amp; Slovak Everton Supporters&#039; Club","robots":{"index":"index","follow":"follow","max-snippet":"max-snippet:-1","max-image-preview":"max-image-preview:large","max-video-preview":"max-video-preview:-1"},"canonical":"https:\/\/evertonfc.cz\/index.php\/soupiska\/james-vaughan\/","og_locale":"cs_CZ","og_type":"article","og_title":"James Vaughan - Official Czech &amp; Slovak Everton Supporters&#039; Club","og_description":"Narozen:\u00a014. 07. 1988, Birmingham, Anglie V\u00fd\u0161ka:\u00a0180 cm V\u00e1ha:\u00a080 kg Post:\u00a0\u00dato\u010dn\u00edk V EFC od:\u00a0Odchovanec Do:\u00a027. 05. 2011 James Oliver Vaughan p\u016fsobil&hellip;","og_url":"https:\/\/evertonfc.cz\/index.php\/soupiska\/james-vaughan\/","og_site_name":"Official Czech &amp; Slovak Everton Supporters&#039; Club","article_publisher":"https:\/\/www.facebook.com\/everton.fans.cz.sk","article_modified_time":"2019-01-24T17:51:27+00:00","og_image":[{"url":"http:\/\/evertonfc.cz\/wp-content\/uploads\/2019\/01\/vaughan.jpg"}],"twitter_card":"summary_large_image","twitter_misc":{"Odhadovan\u00e1 doba \u010dten\u00ed":"3 minuty"},"schema":{"@context":"https:\/\/schema.org","@graph":[{"@type":"WebPage","@id":"https:\/\/evertonfc.cz\/index.php\/soupiska\/james-vaughan\/","url":"https:\/\/evertonfc.cz\/index.php\/soupiska\/james-vaughan\/","name":"James Vaughan - Official Czech &amp; Slovak Everton Supporters&#039; Club","isPartOf":{"@id":"https:\/\/evertonfc.cz\/#website"},"primaryImageOfPage":{"@id":"https:\/\/evertonfc.cz\/index.php\/soupiska\/james-vaughan\/#primaryimage"},"image":{"@id":"https:\/\/evertonfc.cz\/index.php\/soupiska\/james-vaughan\/#primaryimage"},"thumbnailUrl":"http:\/\/evertonfc.cz\/wp-content\/uploads\/2019\/01\/vaughan.jpg","datePublished":"2019-01-06T20:55:29+00:00","dateModified":"2019-01-24T17:51:27+00:00","breadcrumb":{"@id":"https:\/\/evertonfc.cz\/index.php\/soupiska\/james-vaughan\/#breadcrumb"},"inLanguage":"cs","potentialAction":[{"@type":"ReadAction","target":["https:\/\/evertonfc.cz\/index.php\/soupiska\/james-vaughan\/"]}]},{"@type":"ImageObject","inLanguage":"cs","@id":"https:\/\/evertonfc.cz\/index.php\/soupiska\/james-vaughan\/#primaryimage","url":"http:\/\/evertonfc.cz\/wp-content\/uploads\/2019\/01\/vaughan.jpg","contentUrl":"http:\/\/evertonfc.cz\/wp-content\/uploads\/2019\/01\/vaughan.jpg"},{"@type":"BreadcrumbList","@id":"https:\/\/evertonfc.cz\/index.php\/soupiska\/james-vaughan\/#breadcrumb","itemListElement":[{"@type":"ListItem","position":1,"name":"Home","item":"https:\/\/evertonfc.cz\/"},{"@type":"ListItem","position":2,"name":"Soupiska","item":"https:\/\/evertonfc.cz\/index.php\/soupiska\/"},{"@type":"ListItem","position":3,"name":"James Vaughan"}]},{"@type":"WebSite","@id":"https:\/\/evertonfc.cz\/#website","url":"https:\/\/evertonfc.cz\/","name":"Official Czech &amp; Slovak Everton Supporters&#039; Club","description":"","publisher":{"@id":"https:\/\/evertonfc.cz\/#organization"},"potentialAction":[{"@type":"SearchAction","target":{"@type":"EntryPoint","urlTemplate":"https:\/\/evertonfc.cz\/?s={search_term_string}"},"query-input":{"@type":"PropertyValueSpecification","valueRequired":true,"valueName":"search_term_string"}}],"inLanguage":"cs"},{"@type":"Organization","@id":"https:\/\/evertonfc.cz\/#organization","name":"Official Czech & Slovak Everton Supporters' Club","url":"https:\/\/evertonfc.cz\/","logo":{"@type":"ImageObject","inLanguage":"cs","@id":"https:\/\/evertonfc.cz\/#\/schema\/logo\/image\/","url":"https:\/\/evertonfc.cz\/wp-content\/uploads\/2019\/05\/logo.png","contentUrl":"https:\/\/evertonfc.cz\/wp-content\/uploads\/2019\/05\/logo.png","width":112,"height":112,"caption":"Official Czech & Slovak Everton Supporters' Club"},"image":{"@id":"https:\/\/evertonfc.cz\/#\/schema\/logo\/image\/"},"sameAs":["https:\/\/www.facebook.com\/everton.fans.cz.sk"]}]}},"_links":{"self":[{"href":"https:\/\/evertonfc.cz\/index.php\/wp-json\/wp\/v2\/pages\/1130"}],"collection":[{"href":"https:\/\/evertonfc.cz\/index.php\/wp-json\/wp\/v2\/pages"}],"about":[{"href":"https:\/\/evertonfc.cz\/index.php\/wp-json\/wp\/v2\/types\/page"}],"author":[{"embeddable":true,"href":"https:\/\/evertonfc.cz\/index.php\/wp-json\/wp\/v2\/users\/6"}],"replies":[{"embeddable":true,"href":"https:\/\/evertonfc.cz\/index.php\/wp-json\/wp\/v2\/comments?post=1130"}],"version-history":[{"count":2,"href":"https:\/\/evertonfc.cz\/index.php\/wp-json\/wp\/v2\/pages\/1130\/revisions"}],"predecessor-version":[{"id":1711,"href":"https:\/\/evertonfc.cz\/index.php\/wp-json\/wp\/v2\/pages\/1130\/revisions\/1711"}],"up":[{"embeddable":true,"href":"https:\/\/evertonfc.cz\/index.php\/wp-json\/wp\/v2\/pages\/70"}],"wp:attachment":[{"href":"https:\/\/evertonfc.cz\/index.php\/wp-json\/wp\/v2\/media?parent=1130"}],"curies":[{"name":"wp","href":"https:\/\/api.w.org\/{rel}","templated":true}]}}