{"id":1142,"date":"2019-01-06T22:02:00","date_gmt":"2019-01-06T21:02:00","guid":{"rendered":"http:\/\/evertonfc.cz\/?page_id=1142"},"modified":"2019-01-24T18:32:12","modified_gmt":"2019-01-24T17:32:12","slug":"dan-gosling","status":"publish","type":"page","link":"https:\/\/evertonfc.cz\/index.php\/soupiska\/dan-gosling\/","title":{"rendered":"Daniel Gosling"},"content":{"rendered":"<p><strong><img loading=\"lazy\" decoding=\"async\" style=\"float: right; margin-left: 10px; margin-right: 10px;\" src=\"http:\/\/evertonfc.cz\/wp-content\/uploads\/2019\/01\/gosling.jpg\" alt=\"\" width=\"80\" height=\"83\" \/>Narozen:<\/strong>\u00a002. 02. 1990, Brixham, Anglie<br \/>\n<strong>V\u00fd\u0161ka:<\/strong>\u00a0178 cm<br \/>\n<strong>V\u00e1ha:\u00a0<\/strong>78 kg<br \/>\n<strong>Post:<\/strong>\u00a0Z\u00e1lo\u017en\u00edk<br \/>\n<strong>V EFC od:<\/strong>\u00a014. 01. 2008<br \/>\n<strong>Do:<\/strong>\u00a030. 06. 2010<\/p>\n<hr \/>\n<p>Odchovanec ml\u00e1de\u017enick\u00e9ho syst\u00e9mu Plymouth Argyle, p\u0159estoupil do Evertonu v zim\u011b 2008. O tom jak velk\u00fd je to talent, sv\u011bd\u010d\u00ed to, \u017ee Dan debutoval za prvn\u00ed t\u00fdm Pilgrims v 16 letech. Talentovan\u00fd z\u00e1lo\u017en\u00edk dokonce v b\u0159eznu 2007 t\u00fdden tr\u00e9noval s lod\u00fdnskou Chelsea ale mana\u017eer Argyle, Ian Holloway tehdy necht\u011bl o prodeji nic sly\u0161et. Pozd\u011bji byl Gosling nominov\u00e1n do anglick\u00e9 reprezentace do 17 let. 3. ledna 2008 Gosling ofici\u00e1ln\u011b podepsal v Merseyside smlouvu.<\/p>\n<p>Prvn\u00edho z\u00e1pasu za prvn\u00ed t\u00fdm se mlad\u00edk do\u010dkal koncem roku 2008, kdy se prezentoval velmi dobr\u00fdm v\u00fdkonem na Riverside Stadium, nav\u00edc od p\u00e1r dn\u016f pozd\u011bji ji\u017e slavil premi\u00e9rovou branku za Toffees, kdy se trefil proti Sunderlandu. Absolutn\u00edm hrdinou\u00a0a mil\u00e1\u010dkem Evertonians se ale stal v \u00fanoru 2009, kdy v posledn\u00edch minut\u00e1ch opakovan\u00e9ho poh\u00e1rov\u00e9ho derby s Liverpoolem, g\u00f3lem rozhodl a nesmazateln\u011b se zapsal do klubov\u00e9ho folkloru.<\/p>\n<p>V l\u00e9t\u011b 2010 proto Gosling nemile p\u0159ekvapil. Kontroverzn\u00ed nab\u00eddku nov\u00e9 smlouvy odm\u00edtnul a rad\u011bji ode\u0161el do Newcastlu, kde bude pob\u00edrat o deset tis\u00edc liber t\u00fddn\u011b v\u00edc, ne\u017e mu byl ochoten nab\u00eddnout Everton.<\/p>\n","protected":false},"excerpt":{"rendered":"<p>Narozen:\u00a002. 02. 1990, Brixham, Anglie V\u00fd\u0161ka:\u00a0178 cm V\u00e1ha:\u00a078 kg Post:\u00a0Z\u00e1lo\u017en\u00edk V EFC od:\u00a014. 01. 2008 Do:\u00a030. 06. 2010 Odchovanec ml\u00e1de\u017enick\u00e9ho&hellip;<\/p>\n","protected":false},"author":6,"featured_media":0,"parent":70,"menu_order":0,"comment_status":"closed","ping_status":"closed","template":"","meta":{"_eb_attr":"","_monsterinsights_skip_tracking":false,"_monsterinsights_sitenote_active":false,"_monsterinsights_sitenote_note":"","_monsterinsights_sitenote_category":0,"footnotes":""},"yoast_head":"<!-- This site is optimized with the Yoast SEO plugin v23.4 - https:\/\/yoast.com\/wordpress\/plugins\/seo\/ -->\n<title>Daniel Gosling - Official Czech &amp; Slovak Everton Supporters&#039; Club<\/title>\n<meta name=\"robots\" content=\"index, follow, max-snippet:-1, max-image-preview:large, max-video-preview:-1\" \/>\n<link rel=\"canonical\" href=\"https:\/\/evertonfc.cz\/index.php\/soupiska\/dan-gosling\/\" \/>\n<meta property=\"og:locale\" content=\"cs_CZ\" \/>\n<meta property=\"og:type\" content=\"article\" \/>\n<meta property=\"og:title\" content=\"Daniel Gosling - Official Czech &amp; Slovak Everton Supporters&#039; Club\" \/>\n<meta property=\"og:description\" content=\"Narozen:\u00a002. 02. 1990, Brixham, Anglie V\u00fd\u0161ka:\u00a0178 cm V\u00e1ha:\u00a078 kg Post:\u00a0Z\u00e1lo\u017en\u00edk V EFC od:\u00a014. 01. 2008 Do:\u00a030. 06. 2010 Odchovanec ml\u00e1de\u017enick\u00e9ho&hellip;\" \/>\n<meta property=\"og:url\" content=\"https:\/\/evertonfc.cz\/index.php\/soupiska\/dan-gosling\/\" \/>\n<meta property=\"og:site_name\" content=\"Official Czech &amp; Slovak Everton Supporters&#039; Club\" \/>\n<meta property=\"article:publisher\" content=\"https:\/\/www.facebook.com\/everton.fans.cz.sk\" \/>\n<meta property=\"article:modified_time\" content=\"2019-01-24T17:32:12+00:00\" \/>\n<meta property=\"og:image\" content=\"http:\/\/evertonfc.cz\/wp-content\/uploads\/2019\/01\/gosling.jpg\" \/>\n<meta name=\"twitter:card\" content=\"summary_large_image\" \/>\n<meta name=\"twitter:label1\" content=\"Odhadovan\u00e1 doba \u010dten\u00ed\" \/>\n\t<meta name=\"twitter:data1\" content=\"1 minuta\" \/>\n<script type=\"application\/ld+json\" class=\"yoast-schema-graph\">{\"@context\":\"https:\/\/schema.org\",\"@graph\":[{\"@type\":\"WebPage\",\"@id\":\"https:\/\/evertonfc.cz\/index.php\/soupiska\/dan-gosling\/\",\"url\":\"https:\/\/evertonfc.cz\/index.php\/soupiska\/dan-gosling\/\",\"name\":\"Daniel Gosling - Official Czech &amp; Slovak Everton Supporters&#039; Club\",\"isPartOf\":{\"@id\":\"https:\/\/evertonfc.cz\/#website\"},\"primaryImageOfPage\":{\"@id\":\"https:\/\/evertonfc.cz\/index.php\/soupiska\/dan-gosling\/#primaryimage\"},\"image\":{\"@id\":\"https:\/\/evertonfc.cz\/index.php\/soupiska\/dan-gosling\/#primaryimage\"},\"thumbnailUrl\":\"http:\/\/evertonfc.cz\/wp-content\/uploads\/2019\/01\/gosling.jpg\",\"datePublished\":\"2019-01-06T21:02:00+00:00\",\"dateModified\":\"2019-01-24T17:32:12+00:00\",\"breadcrumb\":{\"@id\":\"https:\/\/evertonfc.cz\/index.php\/soupiska\/dan-gosling\/#breadcrumb\"},\"inLanguage\":\"cs\",\"potentialAction\":[{\"@type\":\"ReadAction\",\"target\":[\"https:\/\/evertonfc.cz\/index.php\/soupiska\/dan-gosling\/\"]}]},{\"@type\":\"ImageObject\",\"inLanguage\":\"cs\",\"@id\":\"https:\/\/evertonfc.cz\/index.php\/soupiska\/dan-gosling\/#primaryimage\",\"url\":\"http:\/\/evertonfc.cz\/wp-content\/uploads\/2019\/01\/gosling.jpg\",\"contentUrl\":\"http:\/\/evertonfc.cz\/wp-content\/uploads\/2019\/01\/gosling.jpg\"},{\"@type\":\"BreadcrumbList\",\"@id\":\"https:\/\/evertonfc.cz\/index.php\/soupiska\/dan-gosling\/#breadcrumb\",\"itemListElement\":[{\"@type\":\"ListItem\",\"position\":1,\"name\":\"Home\",\"item\":\"https:\/\/evertonfc.cz\/\"},{\"@type\":\"ListItem\",\"position\":2,\"name\":\"Soupiska\",\"item\":\"https:\/\/evertonfc.cz\/index.php\/soupiska\/\"},{\"@type\":\"ListItem\",\"position\":3,\"name\":\"Daniel Gosling\"}]},{\"@type\":\"WebSite\",\"@id\":\"https:\/\/evertonfc.cz\/#website\",\"url\":\"https:\/\/evertonfc.cz\/\",\"name\":\"Official Czech &amp; Slovak Everton Supporters&#039; Club\",\"description\":\"\",\"publisher\":{\"@id\":\"https:\/\/evertonfc.cz\/#organization\"},\"potentialAction\":[{\"@type\":\"SearchAction\",\"target\":{\"@type\":\"EntryPoint\",\"urlTemplate\":\"https:\/\/evertonfc.cz\/?s={search_term_string}\"},\"query-input\":{\"@type\":\"PropertyValueSpecification\",\"valueRequired\":true,\"valueName\":\"search_term_string\"}}],\"inLanguage\":\"cs\"},{\"@type\":\"Organization\",\"@id\":\"https:\/\/evertonfc.cz\/#organization\",\"name\":\"Official Czech & Slovak Everton Supporters' Club\",\"url\":\"https:\/\/evertonfc.cz\/\",\"logo\":{\"@type\":\"ImageObject\",\"inLanguage\":\"cs\",\"@id\":\"https:\/\/evertonfc.cz\/#\/schema\/logo\/image\/\",\"url\":\"https:\/\/evertonfc.cz\/wp-content\/uploads\/2019\/05\/logo.png\",\"contentUrl\":\"https:\/\/evertonfc.cz\/wp-content\/uploads\/2019\/05\/logo.png\",\"width\":112,\"height\":112,\"caption\":\"Official Czech & Slovak Everton Supporters' Club\"},\"image\":{\"@id\":\"https:\/\/evertonfc.cz\/#\/schema\/logo\/image\/\"},\"sameAs\":[\"https:\/\/www.facebook.com\/everton.fans.cz.sk\"]}]}<\/script>\n<!-- \/ Yoast SEO plugin. -->","yoast_head_json":{"title":"Daniel Gosling - Official Czech &amp; Slovak Everton Supporters&#039; Club","robots":{"index":"index","follow":"follow","max-snippet":"max-snippet:-1","max-image-preview":"max-image-preview:large","max-video-preview":"max-video-preview:-1"},"canonical":"https:\/\/evertonfc.cz\/index.php\/soupiska\/dan-gosling\/","og_locale":"cs_CZ","og_type":"article","og_title":"Daniel Gosling - Official Czech &amp; Slovak Everton Supporters&#039; Club","og_description":"Narozen:\u00a002. 02. 1990, Brixham, Anglie V\u00fd\u0161ka:\u00a0178 cm V\u00e1ha:\u00a078 kg Post:\u00a0Z\u00e1lo\u017en\u00edk V EFC od:\u00a014. 01. 2008 Do:\u00a030. 06. 2010 Odchovanec ml\u00e1de\u017enick\u00e9ho&hellip;","og_url":"https:\/\/evertonfc.cz\/index.php\/soupiska\/dan-gosling\/","og_site_name":"Official Czech &amp; Slovak Everton Supporters&#039; Club","article_publisher":"https:\/\/www.facebook.com\/everton.fans.cz.sk","article_modified_time":"2019-01-24T17:32:12+00:00","og_image":[{"url":"http:\/\/evertonfc.cz\/wp-content\/uploads\/2019\/01\/gosling.jpg"}],"twitter_card":"summary_large_image","twitter_misc":{"Odhadovan\u00e1 doba \u010dten\u00ed":"1 minuta"},"schema":{"@context":"https:\/\/schema.org","@graph":[{"@type":"WebPage","@id":"https:\/\/evertonfc.cz\/index.php\/soupiska\/dan-gosling\/","url":"https:\/\/evertonfc.cz\/index.php\/soupiska\/dan-gosling\/","name":"Daniel Gosling - Official Czech &amp; Slovak Everton Supporters&#039; Club","isPartOf":{"@id":"https:\/\/evertonfc.cz\/#website"},"primaryImageOfPage":{"@id":"https:\/\/evertonfc.cz\/index.php\/soupiska\/dan-gosling\/#primaryimage"},"image":{"@id":"https:\/\/evertonfc.cz\/index.php\/soupiska\/dan-gosling\/#primaryimage"},"thumbnailUrl":"http:\/\/evertonfc.cz\/wp-content\/uploads\/2019\/01\/gosling.jpg","datePublished":"2019-01-06T21:02:00+00:00","dateModified":"2019-01-24T17:32:12+00:00","breadcrumb":{"@id":"https:\/\/evertonfc.cz\/index.php\/soupiska\/dan-gosling\/#breadcrumb"},"inLanguage":"cs","potentialAction":[{"@type":"ReadAction","target":["https:\/\/evertonfc.cz\/index.php\/soupiska\/dan-gosling\/"]}]},{"@type":"ImageObject","inLanguage":"cs","@id":"https:\/\/evertonfc.cz\/index.php\/soupiska\/dan-gosling\/#primaryimage","url":"http:\/\/evertonfc.cz\/wp-content\/uploads\/2019\/01\/gosling.jpg","contentUrl":"http:\/\/evertonfc.cz\/wp-content\/uploads\/2019\/01\/gosling.jpg"},{"@type":"BreadcrumbList","@id":"https:\/\/evertonfc.cz\/index.php\/soupiska\/dan-gosling\/#breadcrumb","itemListElement":[{"@type":"ListItem","position":1,"name":"Home","item":"https:\/\/evertonfc.cz\/"},{"@type":"ListItem","position":2,"name":"Soupiska","item":"https:\/\/evertonfc.cz\/index.php\/soupiska\/"},{"@type":"ListItem","position":3,"name":"Daniel Gosling"}]},{"@type":"WebSite","@id":"https:\/\/evertonfc.cz\/#website","url":"https:\/\/evertonfc.cz\/","name":"Official Czech &amp; Slovak Everton Supporters&#039; Club","description":"","publisher":{"@id":"https:\/\/evertonfc.cz\/#organization"},"potentialAction":[{"@type":"SearchAction","target":{"@type":"EntryPoint","urlTemplate":"https:\/\/evertonfc.cz\/?s={search_term_string}"},"query-input":{"@type":"PropertyValueSpecification","valueRequired":true,"valueName":"search_term_string"}}],"inLanguage":"cs"},{"@type":"Organization","@id":"https:\/\/evertonfc.cz\/#organization","name":"Official Czech & Slovak Everton Supporters' Club","url":"https:\/\/evertonfc.cz\/","logo":{"@type":"ImageObject","inLanguage":"cs","@id":"https:\/\/evertonfc.cz\/#\/schema\/logo\/image\/","url":"https:\/\/evertonfc.cz\/wp-content\/uploads\/2019\/05\/logo.png","contentUrl":"https:\/\/evertonfc.cz\/wp-content\/uploads\/2019\/05\/logo.png","width":112,"height":112,"caption":"Official Czech & Slovak Everton Supporters' Club"},"image":{"@id":"https:\/\/evertonfc.cz\/#\/schema\/logo\/image\/"},"sameAs":["https:\/\/www.facebook.com\/everton.fans.cz.sk"]}]}},"_links":{"self":[{"href":"https:\/\/evertonfc.cz\/index.php\/wp-json\/wp\/v2\/pages\/1142"}],"collection":[{"href":"https:\/\/evertonfc.cz\/index.php\/wp-json\/wp\/v2\/pages"}],"about":[{"href":"https:\/\/evertonfc.cz\/index.php\/wp-json\/wp\/v2\/types\/page"}],"author":[{"embeddable":true,"href":"https:\/\/evertonfc.cz\/index.php\/wp-json\/wp\/v2\/users\/6"}],"replies":[{"embeddable":true,"href":"https:\/\/evertonfc.cz\/index.php\/wp-json\/wp\/v2\/comments?post=1142"}],"version-history":[{"count":3,"href":"https:\/\/evertonfc.cz\/index.php\/wp-json\/wp\/v2\/pages\/1142\/revisions"}],"predecessor-version":[{"id":1679,"href":"https:\/\/evertonfc.cz\/index.php\/wp-json\/wp\/v2\/pages\/1142\/revisions\/1679"}],"up":[{"embeddable":true,"href":"https:\/\/evertonfc.cz\/index.php\/wp-json\/wp\/v2\/pages\/70"}],"wp:attachment":[{"href":"https:\/\/evertonfc.cz\/index.php\/wp-json\/wp\/v2\/media?parent=1142"}],"curies":[{"name":"wp","href":"https:\/\/api.w.org\/{rel}","templated":true}]}}