{"id":1152,"date":"2019-01-06T22:10:36","date_gmt":"2019-01-06T21:10:36","guid":{"rendered":"http:\/\/evertonfc.cz\/?page_id=1152"},"modified":"2019-01-24T18:56:16","modified_gmt":"2019-01-24T17:56:16","slug":"joleon-lescott","status":"publish","type":"page","link":"https:\/\/evertonfc.cz\/index.php\/soupiska\/joleon-lescott\/","title":{"rendered":"Joleon Patrick Lescott"},"content":{"rendered":"<p><strong><img loading=\"lazy\" decoding=\"async\" style=\"float: right; margin-left: 10px; margin-right: 10px;\" src=\"http:\/\/evertonfc.cz\/wp-content\/uploads\/2019\/01\/lescott.jpg\" alt=\"\" width=\"80\" height=\"83\" \/>Narozen:<\/strong>\u00a016. 08. 1982, Birmingham, Anglie<br \/>\n<strong>V\u00fd\u0161ka:<\/strong>\u00a0183 cm<br \/>\n<strong>V\u00e1ha:<\/strong>\u00a089 kg<br \/>\n<strong>Post:<\/strong>\u00a0Obr\u00e1nce<br \/>\n<strong>V EFC od:<\/strong>\u00a014. 06. 2006<br \/>\n<strong>Do:<\/strong>\u00a025. 08. 2009<\/p>\n<hr \/>\n<p>Joleon Patrick Lescott byl na konci sezony 2007\/08 zaslou\u017een\u011b zvolen klubov\u00fdm hr\u00e1\u010dem roku. Prvn\u00edm profesion\u00e1ln\u00edm Lescottov\u00fdm klubem se stal Wolverhampton Wanderers, kam Joleon p\u0159i\u0161el v roce 1999. V 17 letech p\u0159i\u0161el premi\u00e9rov\u00fd start za prvn\u00ed t\u00fdm. Stalo se tak v z\u00e1pase proti Sheffield Wednesday. A \u00fasp\u011bch na sebe nenechal dlouho \u010dekat. U\u017e na konci sezony byl fanou\u0161ky zvolen nejlep\u0161\u00edm mlad\u00fdm hr\u00e1\u010dem roku. Stejnou cenu vyhr\u00e1l i o rok pozd\u011bji. Pot\u00e9 u\u017e se Lescott stal nepostradateln\u00fdm \u010dl\u00e1nkem z\u00e1kladn\u00ed sestavy.<\/p>\n<p>S Wolves za\u017eil v sezon\u011b 2003\/04 i postup do nejvy\u0161\u0161\u00ed sout\u011b\u017ee, kdy\u017e ve fin\u00e1le play off porazili Sheffield United. Jen\u017ee osud tomu tak cht\u011bl, \u017ee Joleon si na prvn\u00ed z\u00e1pas v Premiership po\u010dkal. Celou prvoligovou sezonu toti\u017e promarodil kv\u016fli v\u00e1\u017en\u00e9mu zran\u011bn\u00ed kolene. Wolves se nakonec nepoda\u0159ilo zachr\u00e1nit se a Lescott se tak vr\u00e1til ke hran\u00ed op\u011bt v Championship. V \u0159\u00edjnu 2005 podepsal na Molineux Stadium nov\u00fd 2,5let\u00fd kontrakt a na konci ro\u010dn\u00edku se stal klubov\u00fdm hr\u00e1\u010dem roku Wolverhamptonu. P\u0159ed sezonou koupil mlad\u00e9ho obr\u00e1nce David Moyes za v\u00fdhodnou cenu 2 miliony liber.<\/p>\n<p>Pozd\u011bji se tento tah uk\u00e1zal jako jeden z nejlep\u0161\u00edch, kter\u00fd se na\u0161emu mana\u017eerovi poda\u0159il. Prvn\u00ed sezona v Merseyside se Lescottovi povedla n\u00e1ramn\u011b, dokonce byl hr\u00e1\u010di klubu zvolen hr\u00e1\u010dem roku. N\u00e1sleduj\u00edc\u00ed sezona se mu ov\u0161em povedla je\u0161t\u011b l\u00e9pe. Nejenom \u017ee udivoval sv\u00fdmi obrann\u00fdmi dovednostmi ale jasn\u011b uk\u00e1zal \u017ee \u010d\u00e1st jeho p\u0159ednost\u00ed je i v \u00fatoku. Vs\u00edtil toti\u017e 10 branek za sezonu, co\u017e je na obr\u00e1nce neuv\u011b\u0159iteln\u00e9 \u010d\u00edslo. A \u00fasp\u011b\u0161nou sezonu zakon\u010dil ziskem o\u010dek\u00e1van\u00e9ho titulu klubov\u00e9ho hr\u00e1\u010de roku.<\/p>\n<p>Start do sezony 2008\/09 byl pro Joleona jako ze \u0161patn\u00e9ho snu. V\u016fbec nedok\u00e1zal hr\u00e1t v takov\u00e9 pohod\u011b, kter\u00e1 jej zdobila p\u0159edchoz\u00ed sezonu, a jeho chyby Everton \u010dasto st\u00e1ly mnoho inkasovan\u00fdch branek. P\u0159elomem roku se v\u0161ak p\u0159ece jen objevil progres a Joleon se s Philem Jagielkou stali jednou z nejlep\u0161\u00edch stopersk\u00fdch dvojic\u00ed v lize. Jak ji\u017e u n\u011bj b\u00fdv\u00e1 zvykem, i tentokr\u00e1t zaznamenal na obr\u00e1nce velice slu\u0161nou porci g\u00f3l\u016f.<\/p>\n<p>Bohu\u017eel v\u0161ak v l\u00e9t\u011b 2009 ho zlana\u0159ila vidina \u00fasp\u011bchu a pen\u011bz Manchesteru City, jeho\u017e nov\u00fdm majitelem se stal movit\u00fd \u0161ejk. A a\u010d byli zpo\u010d\u00e1tku nab\u00eddky za Lescotta odm\u00edtnuty, tak pozd\u011bji, kdy\u017e s\u00e1m hr\u00e1\u010d trucoval a kv\u016fli tomu byl vy\u0159azen z k\u00e1dru, k Citizens nakonec p\u0159estoupil za 24 milion\u016f liber, p\u0159i\u010dem\u017e 2,5 milionu \u0161lo Wolves, odkud do EFC p\u0159i\u0161el.<\/p>\n","protected":false},"excerpt":{"rendered":"<p>Narozen:\u00a016. 08. 1982, Birmingham, Anglie V\u00fd\u0161ka:\u00a0183 cm V\u00e1ha:\u00a089 kg Post:\u00a0Obr\u00e1nce V EFC od:\u00a014. 06. 2006 Do:\u00a025. 08. 2009 Joleon Patrick&hellip;<\/p>\n","protected":false},"author":6,"featured_media":0,"parent":70,"menu_order":0,"comment_status":"closed","ping_status":"closed","template":"","meta":{"_eb_attr":"","_monsterinsights_skip_tracking":false,"_monsterinsights_sitenote_active":false,"_monsterinsights_sitenote_note":"","_monsterinsights_sitenote_category":0,"footnotes":""},"yoast_head":"<!-- This site is optimized with the Yoast SEO plugin v23.4 - https:\/\/yoast.com\/wordpress\/plugins\/seo\/ -->\n<title>Joleon Patrick Lescott - Official Czech &amp; Slovak Everton Supporters&#039; Club<\/title>\n<meta name=\"robots\" content=\"index, follow, max-snippet:-1, max-image-preview:large, max-video-preview:-1\" \/>\n<link rel=\"canonical\" href=\"https:\/\/evertonfc.cz\/index.php\/soupiska\/joleon-lescott\/\" \/>\n<meta property=\"og:locale\" content=\"cs_CZ\" \/>\n<meta property=\"og:type\" content=\"article\" \/>\n<meta property=\"og:title\" content=\"Joleon Patrick Lescott - Official Czech &amp; Slovak Everton Supporters&#039; Club\" \/>\n<meta property=\"og:description\" content=\"Narozen:\u00a016. 08. 1982, Birmingham, Anglie V\u00fd\u0161ka:\u00a0183 cm V\u00e1ha:\u00a089 kg Post:\u00a0Obr\u00e1nce V EFC od:\u00a014. 06. 2006 Do:\u00a025. 08. 2009 Joleon Patrick&hellip;\" \/>\n<meta property=\"og:url\" content=\"https:\/\/evertonfc.cz\/index.php\/soupiska\/joleon-lescott\/\" \/>\n<meta property=\"og:site_name\" content=\"Official Czech &amp; Slovak Everton Supporters&#039; Club\" \/>\n<meta property=\"article:publisher\" content=\"https:\/\/www.facebook.com\/everton.fans.cz.sk\" \/>\n<meta property=\"article:modified_time\" content=\"2019-01-24T17:56:16+00:00\" \/>\n<meta property=\"og:image\" content=\"http:\/\/evertonfc.cz\/wp-content\/uploads\/2019\/01\/lescott.jpg\" \/>\n<meta name=\"twitter:card\" content=\"summary_large_image\" \/>\n<meta name=\"twitter:label1\" content=\"Odhadovan\u00e1 doba \u010dten\u00ed\" \/>\n\t<meta name=\"twitter:data1\" content=\"2 minuty\" \/>\n<script type=\"application\/ld+json\" class=\"yoast-schema-graph\">{\"@context\":\"https:\/\/schema.org\",\"@graph\":[{\"@type\":\"WebPage\",\"@id\":\"https:\/\/evertonfc.cz\/index.php\/soupiska\/joleon-lescott\/\",\"url\":\"https:\/\/evertonfc.cz\/index.php\/soupiska\/joleon-lescott\/\",\"name\":\"Joleon Patrick Lescott - Official Czech &amp; Slovak Everton Supporters&#039; Club\",\"isPartOf\":{\"@id\":\"https:\/\/evertonfc.cz\/#website\"},\"primaryImageOfPage\":{\"@id\":\"https:\/\/evertonfc.cz\/index.php\/soupiska\/joleon-lescott\/#primaryimage\"},\"image\":{\"@id\":\"https:\/\/evertonfc.cz\/index.php\/soupiska\/joleon-lescott\/#primaryimage\"},\"thumbnailUrl\":\"http:\/\/evertonfc.cz\/wp-content\/uploads\/2019\/01\/lescott.jpg\",\"datePublished\":\"2019-01-06T21:10:36+00:00\",\"dateModified\":\"2019-01-24T17:56:16+00:00\",\"breadcrumb\":{\"@id\":\"https:\/\/evertonfc.cz\/index.php\/soupiska\/joleon-lescott\/#breadcrumb\"},\"inLanguage\":\"cs\",\"potentialAction\":[{\"@type\":\"ReadAction\",\"target\":[\"https:\/\/evertonfc.cz\/index.php\/soupiska\/joleon-lescott\/\"]}]},{\"@type\":\"ImageObject\",\"inLanguage\":\"cs\",\"@id\":\"https:\/\/evertonfc.cz\/index.php\/soupiska\/joleon-lescott\/#primaryimage\",\"url\":\"http:\/\/evertonfc.cz\/wp-content\/uploads\/2019\/01\/lescott.jpg\",\"contentUrl\":\"http:\/\/evertonfc.cz\/wp-content\/uploads\/2019\/01\/lescott.jpg\"},{\"@type\":\"BreadcrumbList\",\"@id\":\"https:\/\/evertonfc.cz\/index.php\/soupiska\/joleon-lescott\/#breadcrumb\",\"itemListElement\":[{\"@type\":\"ListItem\",\"position\":1,\"name\":\"Home\",\"item\":\"https:\/\/evertonfc.cz\/\"},{\"@type\":\"ListItem\",\"position\":2,\"name\":\"Soupiska\",\"item\":\"https:\/\/evertonfc.cz\/index.php\/soupiska\/\"},{\"@type\":\"ListItem\",\"position\":3,\"name\":\"Joleon Patrick Lescott\"}]},{\"@type\":\"WebSite\",\"@id\":\"https:\/\/evertonfc.cz\/#website\",\"url\":\"https:\/\/evertonfc.cz\/\",\"name\":\"Official Czech &amp; Slovak Everton Supporters&#039; Club\",\"description\":\"\",\"publisher\":{\"@id\":\"https:\/\/evertonfc.cz\/#organization\"},\"potentialAction\":[{\"@type\":\"SearchAction\",\"target\":{\"@type\":\"EntryPoint\",\"urlTemplate\":\"https:\/\/evertonfc.cz\/?s={search_term_string}\"},\"query-input\":{\"@type\":\"PropertyValueSpecification\",\"valueRequired\":true,\"valueName\":\"search_term_string\"}}],\"inLanguage\":\"cs\"},{\"@type\":\"Organization\",\"@id\":\"https:\/\/evertonfc.cz\/#organization\",\"name\":\"Official Czech & Slovak Everton Supporters' Club\",\"url\":\"https:\/\/evertonfc.cz\/\",\"logo\":{\"@type\":\"ImageObject\",\"inLanguage\":\"cs\",\"@id\":\"https:\/\/evertonfc.cz\/#\/schema\/logo\/image\/\",\"url\":\"https:\/\/evertonfc.cz\/wp-content\/uploads\/2019\/05\/logo.png\",\"contentUrl\":\"https:\/\/evertonfc.cz\/wp-content\/uploads\/2019\/05\/logo.png\",\"width\":112,\"height\":112,\"caption\":\"Official Czech & Slovak Everton Supporters' Club\"},\"image\":{\"@id\":\"https:\/\/evertonfc.cz\/#\/schema\/logo\/image\/\"},\"sameAs\":[\"https:\/\/www.facebook.com\/everton.fans.cz.sk\"]}]}<\/script>\n<!-- \/ Yoast SEO plugin. -->","yoast_head_json":{"title":"Joleon Patrick Lescott - Official Czech &amp; Slovak Everton Supporters&#039; Club","robots":{"index":"index","follow":"follow","max-snippet":"max-snippet:-1","max-image-preview":"max-image-preview:large","max-video-preview":"max-video-preview:-1"},"canonical":"https:\/\/evertonfc.cz\/index.php\/soupiska\/joleon-lescott\/","og_locale":"cs_CZ","og_type":"article","og_title":"Joleon Patrick Lescott - Official Czech &amp; Slovak Everton Supporters&#039; Club","og_description":"Narozen:\u00a016. 08. 1982, Birmingham, Anglie V\u00fd\u0161ka:\u00a0183 cm V\u00e1ha:\u00a089 kg Post:\u00a0Obr\u00e1nce V EFC od:\u00a014. 06. 2006 Do:\u00a025. 08. 2009 Joleon Patrick&hellip;","og_url":"https:\/\/evertonfc.cz\/index.php\/soupiska\/joleon-lescott\/","og_site_name":"Official Czech &amp; Slovak Everton Supporters&#039; Club","article_publisher":"https:\/\/www.facebook.com\/everton.fans.cz.sk","article_modified_time":"2019-01-24T17:56:16+00:00","og_image":[{"url":"http:\/\/evertonfc.cz\/wp-content\/uploads\/2019\/01\/lescott.jpg"}],"twitter_card":"summary_large_image","twitter_misc":{"Odhadovan\u00e1 doba \u010dten\u00ed":"2 minuty"},"schema":{"@context":"https:\/\/schema.org","@graph":[{"@type":"WebPage","@id":"https:\/\/evertonfc.cz\/index.php\/soupiska\/joleon-lescott\/","url":"https:\/\/evertonfc.cz\/index.php\/soupiska\/joleon-lescott\/","name":"Joleon Patrick Lescott - Official Czech &amp; Slovak Everton Supporters&#039; Club","isPartOf":{"@id":"https:\/\/evertonfc.cz\/#website"},"primaryImageOfPage":{"@id":"https:\/\/evertonfc.cz\/index.php\/soupiska\/joleon-lescott\/#primaryimage"},"image":{"@id":"https:\/\/evertonfc.cz\/index.php\/soupiska\/joleon-lescott\/#primaryimage"},"thumbnailUrl":"http:\/\/evertonfc.cz\/wp-content\/uploads\/2019\/01\/lescott.jpg","datePublished":"2019-01-06T21:10:36+00:00","dateModified":"2019-01-24T17:56:16+00:00","breadcrumb":{"@id":"https:\/\/evertonfc.cz\/index.php\/soupiska\/joleon-lescott\/#breadcrumb"},"inLanguage":"cs","potentialAction":[{"@type":"ReadAction","target":["https:\/\/evertonfc.cz\/index.php\/soupiska\/joleon-lescott\/"]}]},{"@type":"ImageObject","inLanguage":"cs","@id":"https:\/\/evertonfc.cz\/index.php\/soupiska\/joleon-lescott\/#primaryimage","url":"http:\/\/evertonfc.cz\/wp-content\/uploads\/2019\/01\/lescott.jpg","contentUrl":"http:\/\/evertonfc.cz\/wp-content\/uploads\/2019\/01\/lescott.jpg"},{"@type":"BreadcrumbList","@id":"https:\/\/evertonfc.cz\/index.php\/soupiska\/joleon-lescott\/#breadcrumb","itemListElement":[{"@type":"ListItem","position":1,"name":"Home","item":"https:\/\/evertonfc.cz\/"},{"@type":"ListItem","position":2,"name":"Soupiska","item":"https:\/\/evertonfc.cz\/index.php\/soupiska\/"},{"@type":"ListItem","position":3,"name":"Joleon Patrick Lescott"}]},{"@type":"WebSite","@id":"https:\/\/evertonfc.cz\/#website","url":"https:\/\/evertonfc.cz\/","name":"Official Czech &amp; Slovak Everton Supporters&#039; Club","description":"","publisher":{"@id":"https:\/\/evertonfc.cz\/#organization"},"potentialAction":[{"@type":"SearchAction","target":{"@type":"EntryPoint","urlTemplate":"https:\/\/evertonfc.cz\/?s={search_term_string}"},"query-input":{"@type":"PropertyValueSpecification","valueRequired":true,"valueName":"search_term_string"}}],"inLanguage":"cs"},{"@type":"Organization","@id":"https:\/\/evertonfc.cz\/#organization","name":"Official Czech & Slovak Everton Supporters' Club","url":"https:\/\/evertonfc.cz\/","logo":{"@type":"ImageObject","inLanguage":"cs","@id":"https:\/\/evertonfc.cz\/#\/schema\/logo\/image\/","url":"https:\/\/evertonfc.cz\/wp-content\/uploads\/2019\/05\/logo.png","contentUrl":"https:\/\/evertonfc.cz\/wp-content\/uploads\/2019\/05\/logo.png","width":112,"height":112,"caption":"Official Czech & Slovak Everton Supporters' Club"},"image":{"@id":"https:\/\/evertonfc.cz\/#\/schema\/logo\/image\/"},"sameAs":["https:\/\/www.facebook.com\/everton.fans.cz.sk"]}]}},"_links":{"self":[{"href":"https:\/\/evertonfc.cz\/index.php\/wp-json\/wp\/v2\/pages\/1152"}],"collection":[{"href":"https:\/\/evertonfc.cz\/index.php\/wp-json\/wp\/v2\/pages"}],"about":[{"href":"https:\/\/evertonfc.cz\/index.php\/wp-json\/wp\/v2\/types\/page"}],"author":[{"embeddable":true,"href":"https:\/\/evertonfc.cz\/index.php\/wp-json\/wp\/v2\/users\/6"}],"replies":[{"embeddable":true,"href":"https:\/\/evertonfc.cz\/index.php\/wp-json\/wp\/v2\/comments?post=1152"}],"version-history":[{"count":3,"href":"https:\/\/evertonfc.cz\/index.php\/wp-json\/wp\/v2\/pages\/1152\/revisions"}],"predecessor-version":[{"id":1717,"href":"https:\/\/evertonfc.cz\/index.php\/wp-json\/wp\/v2\/pages\/1152\/revisions\/1717"}],"up":[{"embeddable":true,"href":"https:\/\/evertonfc.cz\/index.php\/wp-json\/wp\/v2\/pages\/70"}],"wp:attachment":[{"href":"https:\/\/evertonfc.cz\/index.php\/wp-json\/wp\/v2\/media?parent=1152"}],"curies":[{"name":"wp","href":"https:\/\/api.w.org\/{rel}","templated":true}]}}