{"id":1154,"date":"2019-01-06T22:11:33","date_gmt":"2019-01-06T21:11:33","guid":{"rendered":"http:\/\/evertonfc.cz\/?page_id=1154"},"modified":"2019-01-24T18:07:49","modified_gmt":"2019-01-24T17:07:49","slug":"andy-van-der-meyde","status":"publish","type":"page","link":"https:\/\/evertonfc.cz\/index.php\/soupiska\/andy-van-der-meyde\/","title":{"rendered":"Andy van der Meyde"},"content":{"rendered":"<p><strong><img loading=\"lazy\" decoding=\"async\" style=\"float: right; margin-left: 10px; margin-right: 10px;\" src=\"http:\/\/evertonfc.cz\/wp-content\/uploads\/2019\/01\/meyde.jpg\" alt=\"\" width=\"80\" height=\"83\" \/>Narozen:<\/strong>\u00a030. 09. 1979, Arnhem, Nizozemsko<br \/>\n<strong>V\u00fd\u0161ka:<\/strong>\u00a0180 cm<br \/>\n<strong>V\u00e1ha:<\/strong>\u00a079 kg<br \/>\n<strong>Post:<\/strong>\u00a0Z\u00e1lo\u017en\u00edk<br \/>\n<strong>V EFC od:<\/strong>\u00a031. 08. 2005<br \/>\n<strong>Do:<\/strong>\u00a012. 06. 2009<\/p>\n<hr \/>\n<p>Andy za\u010dal s fotbalem v Ajaxu Amsterdam, kter\u00e9ho byl hr\u00e1\u010dem a\u017e do roku 2003. Po \u00fasp\u011b\u0161n\u00e9m \u00fa\u010dinkov\u00e1n\u00ed v dom\u00e1c\u00ed lize (krom\u011b Ajaxu hostoval i ve Twente) van der Meyde okusil italskou Serii A a p\u0159estoupil do Interu Mil\u00e1n, kde se mu ov\u0161em neda\u0159ilo, tak jak si p\u0159edstavoval a po dvou letech a dvaat\u0159iceti z\u00e1pasech p\u0159i\u0161lo anga\u017em\u00e1 v Evertonu. Hr\u00e1\u010dem Toffees se Andy stal od posledn\u00edho dne letn\u00edho p\u0159estupov\u00e9ho okna 2005. V prvn\u00ed sezon\u011b si zahr\u00e1l jen v jeden\u00e1cti sout\u011b\u017en\u00edch z\u00e1pasech. Na vin\u011b byly zejm\u00e9na probl\u00e9my se zran\u011bn\u00edm a spekulovalo se tak\u00e9 nad jeho \u00fadajn\u00fdm alkoholismem.<\/p>\n<p>Ale ani v druh\u00e9 sezon\u011b to nebylo o moc lep\u0161\u00ed. Sp\u00ed\u0161e ne\u017e fotbalov\u00fdmy v\u00fdkony zaujal pot\u00ed\u017eemi s discipl\u00ednou. I p\u0159es to v t\u00fdmu z\u016fstal. P\u0159ed sezonou 2007\/08 odehr\u00e1l cel\u00fd p\u0159\u00edpravn\u00fd z\u00e1pas proti Severn\u00edmu Irsku. Ale pak u\u017e je to zase ta star\u00e1 p\u00edsni\u010dka \u2013 probl\u00e9my, zran\u011bn\u00ed&#8230; Dal\u0161\u00ed ro\u010dn\u00edk ho op\u011bt limitovali zran\u011bn\u00ed, vysed\u00e1val na lavi\u010dce a zahr\u00e1l si jen p\u00e1r minut, nen\u00ed tedy divu, \u017ee s n\u00edm Everton po sez\u00f3n\u011b neprodlou\u017eil smlouvu. Van der Meyde tak za \u010dty\u0159i roky odehr\u00e1l za Everton jen 20 z\u00e1pas\u016f. P\u0159eci jenom ale van der Meyde n\u011bco v posledn\u00ed sez\u00f3n\u011b dok\u00e1zal, nahr\u00e1l Danu Goslingovi na rozhoduj\u00edc\u00ed trefu v FA Cupu proti Liverpoolu. No ale uznejte, nen\u00ed to m\u00e1lo?<\/p>\n<p>Po nevyda\u0159en\u00e9 \u0161taci na Ostrovech se vr\u00e1til zp\u011bt do rodn\u00e9ho Holandska. Na za\u010d\u00e1tku roku 2010 podepsal kr\u00e1tkodob\u00fd kontrakt s PSV Eindhoven, v jeho\u017e dresu ov\u0161em nastoupil pouze v jednom utk\u00e1n\u00ed, a tak ve slavn\u00e9m nizozemsk\u00e9m klub vydr\u017eel jen p\u016flroku.<\/p>\n<p>Do vrcholov\u00e9ho fotbalu se ji\u017e Andy van der Meyde vr\u00e1til nedok\u00e1zal, proto v \u00fanoru roku 2011 ve v\u011bku 31 let ukon\u010dil kari\u00e9ru.<\/p>\n","protected":false},"excerpt":{"rendered":"<p>Narozen:\u00a030. 09. 1979, Arnhem, Nizozemsko V\u00fd\u0161ka:\u00a0180 cm V\u00e1ha:\u00a079 kg Post:\u00a0Z\u00e1lo\u017en\u00edk V EFC od:\u00a031. 08. 2005 Do:\u00a012. 06. 2009 Andy za\u010dal&hellip;<\/p>\n","protected":false},"author":6,"featured_media":0,"parent":70,"menu_order":0,"comment_status":"closed","ping_status":"closed","template":"","meta":{"_eb_attr":"","_monsterinsights_skip_tracking":false,"_monsterinsights_sitenote_active":false,"_monsterinsights_sitenote_note":"","_monsterinsights_sitenote_category":0,"footnotes":""},"yoast_head":"<!-- This site is optimized with the Yoast SEO plugin v23.4 - https:\/\/yoast.com\/wordpress\/plugins\/seo\/ -->\n<title>Andy van der Meyde - Official Czech &amp; Slovak Everton Supporters&#039; Club<\/title>\n<meta name=\"robots\" content=\"index, follow, max-snippet:-1, max-image-preview:large, max-video-preview:-1\" \/>\n<link rel=\"canonical\" href=\"https:\/\/evertonfc.cz\/index.php\/soupiska\/andy-van-der-meyde\/\" \/>\n<meta property=\"og:locale\" content=\"cs_CZ\" \/>\n<meta property=\"og:type\" content=\"article\" \/>\n<meta property=\"og:title\" content=\"Andy van der Meyde - Official Czech &amp; Slovak Everton Supporters&#039; Club\" \/>\n<meta property=\"og:description\" content=\"Narozen:\u00a030. 09. 1979, Arnhem, Nizozemsko V\u00fd\u0161ka:\u00a0180 cm V\u00e1ha:\u00a079 kg Post:\u00a0Z\u00e1lo\u017en\u00edk V EFC od:\u00a031. 08. 2005 Do:\u00a012. 06. 2009 Andy za\u010dal&hellip;\" \/>\n<meta property=\"og:url\" content=\"https:\/\/evertonfc.cz\/index.php\/soupiska\/andy-van-der-meyde\/\" \/>\n<meta property=\"og:site_name\" content=\"Official Czech &amp; Slovak Everton Supporters&#039; Club\" \/>\n<meta property=\"article:publisher\" content=\"https:\/\/www.facebook.com\/everton.fans.cz.sk\" \/>\n<meta property=\"article:modified_time\" content=\"2019-01-24T17:07:49+00:00\" \/>\n<meta property=\"og:image\" content=\"http:\/\/evertonfc.cz\/wp-content\/uploads\/2019\/01\/meyde.jpg\" \/>\n<meta name=\"twitter:card\" content=\"summary_large_image\" \/>\n<meta name=\"twitter:label1\" content=\"Odhadovan\u00e1 doba \u010dten\u00ed\" \/>\n\t<meta name=\"twitter:data1\" content=\"2 minuty\" \/>\n<script type=\"application\/ld+json\" class=\"yoast-schema-graph\">{\"@context\":\"https:\/\/schema.org\",\"@graph\":[{\"@type\":\"WebPage\",\"@id\":\"https:\/\/evertonfc.cz\/index.php\/soupiska\/andy-van-der-meyde\/\",\"url\":\"https:\/\/evertonfc.cz\/index.php\/soupiska\/andy-van-der-meyde\/\",\"name\":\"Andy van der Meyde - Official Czech &amp; Slovak Everton Supporters&#039; Club\",\"isPartOf\":{\"@id\":\"https:\/\/evertonfc.cz\/#website\"},\"primaryImageOfPage\":{\"@id\":\"https:\/\/evertonfc.cz\/index.php\/soupiska\/andy-van-der-meyde\/#primaryimage\"},\"image\":{\"@id\":\"https:\/\/evertonfc.cz\/index.php\/soupiska\/andy-van-der-meyde\/#primaryimage\"},\"thumbnailUrl\":\"http:\/\/evertonfc.cz\/wp-content\/uploads\/2019\/01\/meyde.jpg\",\"datePublished\":\"2019-01-06T21:11:33+00:00\",\"dateModified\":\"2019-01-24T17:07:49+00:00\",\"breadcrumb\":{\"@id\":\"https:\/\/evertonfc.cz\/index.php\/soupiska\/andy-van-der-meyde\/#breadcrumb\"},\"inLanguage\":\"cs\",\"potentialAction\":[{\"@type\":\"ReadAction\",\"target\":[\"https:\/\/evertonfc.cz\/index.php\/soupiska\/andy-van-der-meyde\/\"]}]},{\"@type\":\"ImageObject\",\"inLanguage\":\"cs\",\"@id\":\"https:\/\/evertonfc.cz\/index.php\/soupiska\/andy-van-der-meyde\/#primaryimage\",\"url\":\"http:\/\/evertonfc.cz\/wp-content\/uploads\/2019\/01\/meyde.jpg\",\"contentUrl\":\"http:\/\/evertonfc.cz\/wp-content\/uploads\/2019\/01\/meyde.jpg\"},{\"@type\":\"BreadcrumbList\",\"@id\":\"https:\/\/evertonfc.cz\/index.php\/soupiska\/andy-van-der-meyde\/#breadcrumb\",\"itemListElement\":[{\"@type\":\"ListItem\",\"position\":1,\"name\":\"Home\",\"item\":\"https:\/\/evertonfc.cz\/\"},{\"@type\":\"ListItem\",\"position\":2,\"name\":\"Soupiska\",\"item\":\"https:\/\/evertonfc.cz\/index.php\/soupiska\/\"},{\"@type\":\"ListItem\",\"position\":3,\"name\":\"Andy van der Meyde\"}]},{\"@type\":\"WebSite\",\"@id\":\"https:\/\/evertonfc.cz\/#website\",\"url\":\"https:\/\/evertonfc.cz\/\",\"name\":\"Official Czech &amp; Slovak Everton Supporters&#039; Club\",\"description\":\"\",\"publisher\":{\"@id\":\"https:\/\/evertonfc.cz\/#organization\"},\"potentialAction\":[{\"@type\":\"SearchAction\",\"target\":{\"@type\":\"EntryPoint\",\"urlTemplate\":\"https:\/\/evertonfc.cz\/?s={search_term_string}\"},\"query-input\":{\"@type\":\"PropertyValueSpecification\",\"valueRequired\":true,\"valueName\":\"search_term_string\"}}],\"inLanguage\":\"cs\"},{\"@type\":\"Organization\",\"@id\":\"https:\/\/evertonfc.cz\/#organization\",\"name\":\"Official Czech & Slovak Everton Supporters' Club\",\"url\":\"https:\/\/evertonfc.cz\/\",\"logo\":{\"@type\":\"ImageObject\",\"inLanguage\":\"cs\",\"@id\":\"https:\/\/evertonfc.cz\/#\/schema\/logo\/image\/\",\"url\":\"https:\/\/evertonfc.cz\/wp-content\/uploads\/2019\/05\/logo.png\",\"contentUrl\":\"https:\/\/evertonfc.cz\/wp-content\/uploads\/2019\/05\/logo.png\",\"width\":112,\"height\":112,\"caption\":\"Official Czech & Slovak Everton Supporters' Club\"},\"image\":{\"@id\":\"https:\/\/evertonfc.cz\/#\/schema\/logo\/image\/\"},\"sameAs\":[\"https:\/\/www.facebook.com\/everton.fans.cz.sk\"]}]}<\/script>\n<!-- \/ Yoast SEO plugin. -->","yoast_head_json":{"title":"Andy van der Meyde - Official Czech &amp; Slovak Everton Supporters&#039; Club","robots":{"index":"index","follow":"follow","max-snippet":"max-snippet:-1","max-image-preview":"max-image-preview:large","max-video-preview":"max-video-preview:-1"},"canonical":"https:\/\/evertonfc.cz\/index.php\/soupiska\/andy-van-der-meyde\/","og_locale":"cs_CZ","og_type":"article","og_title":"Andy van der Meyde - Official Czech &amp; Slovak Everton Supporters&#039; Club","og_description":"Narozen:\u00a030. 09. 1979, Arnhem, Nizozemsko V\u00fd\u0161ka:\u00a0180 cm V\u00e1ha:\u00a079 kg Post:\u00a0Z\u00e1lo\u017en\u00edk V EFC od:\u00a031. 08. 2005 Do:\u00a012. 06. 2009 Andy za\u010dal&hellip;","og_url":"https:\/\/evertonfc.cz\/index.php\/soupiska\/andy-van-der-meyde\/","og_site_name":"Official Czech &amp; Slovak Everton Supporters&#039; Club","article_publisher":"https:\/\/www.facebook.com\/everton.fans.cz.sk","article_modified_time":"2019-01-24T17:07:49+00:00","og_image":[{"url":"http:\/\/evertonfc.cz\/wp-content\/uploads\/2019\/01\/meyde.jpg"}],"twitter_card":"summary_large_image","twitter_misc":{"Odhadovan\u00e1 doba \u010dten\u00ed":"2 minuty"},"schema":{"@context":"https:\/\/schema.org","@graph":[{"@type":"WebPage","@id":"https:\/\/evertonfc.cz\/index.php\/soupiska\/andy-van-der-meyde\/","url":"https:\/\/evertonfc.cz\/index.php\/soupiska\/andy-van-der-meyde\/","name":"Andy van der Meyde - Official Czech &amp; Slovak Everton Supporters&#039; Club","isPartOf":{"@id":"https:\/\/evertonfc.cz\/#website"},"primaryImageOfPage":{"@id":"https:\/\/evertonfc.cz\/index.php\/soupiska\/andy-van-der-meyde\/#primaryimage"},"image":{"@id":"https:\/\/evertonfc.cz\/index.php\/soupiska\/andy-van-der-meyde\/#primaryimage"},"thumbnailUrl":"http:\/\/evertonfc.cz\/wp-content\/uploads\/2019\/01\/meyde.jpg","datePublished":"2019-01-06T21:11:33+00:00","dateModified":"2019-01-24T17:07:49+00:00","breadcrumb":{"@id":"https:\/\/evertonfc.cz\/index.php\/soupiska\/andy-van-der-meyde\/#breadcrumb"},"inLanguage":"cs","potentialAction":[{"@type":"ReadAction","target":["https:\/\/evertonfc.cz\/index.php\/soupiska\/andy-van-der-meyde\/"]}]},{"@type":"ImageObject","inLanguage":"cs","@id":"https:\/\/evertonfc.cz\/index.php\/soupiska\/andy-van-der-meyde\/#primaryimage","url":"http:\/\/evertonfc.cz\/wp-content\/uploads\/2019\/01\/meyde.jpg","contentUrl":"http:\/\/evertonfc.cz\/wp-content\/uploads\/2019\/01\/meyde.jpg"},{"@type":"BreadcrumbList","@id":"https:\/\/evertonfc.cz\/index.php\/soupiska\/andy-van-der-meyde\/#breadcrumb","itemListElement":[{"@type":"ListItem","position":1,"name":"Home","item":"https:\/\/evertonfc.cz\/"},{"@type":"ListItem","position":2,"name":"Soupiska","item":"https:\/\/evertonfc.cz\/index.php\/soupiska\/"},{"@type":"ListItem","position":3,"name":"Andy van der Meyde"}]},{"@type":"WebSite","@id":"https:\/\/evertonfc.cz\/#website","url":"https:\/\/evertonfc.cz\/","name":"Official Czech &amp; Slovak Everton Supporters&#039; Club","description":"","publisher":{"@id":"https:\/\/evertonfc.cz\/#organization"},"potentialAction":[{"@type":"SearchAction","target":{"@type":"EntryPoint","urlTemplate":"https:\/\/evertonfc.cz\/?s={search_term_string}"},"query-input":{"@type":"PropertyValueSpecification","valueRequired":true,"valueName":"search_term_string"}}],"inLanguage":"cs"},{"@type":"Organization","@id":"https:\/\/evertonfc.cz\/#organization","name":"Official Czech & Slovak Everton Supporters' Club","url":"https:\/\/evertonfc.cz\/","logo":{"@type":"ImageObject","inLanguage":"cs","@id":"https:\/\/evertonfc.cz\/#\/schema\/logo\/image\/","url":"https:\/\/evertonfc.cz\/wp-content\/uploads\/2019\/05\/logo.png","contentUrl":"https:\/\/evertonfc.cz\/wp-content\/uploads\/2019\/05\/logo.png","width":112,"height":112,"caption":"Official Czech & Slovak Everton Supporters' Club"},"image":{"@id":"https:\/\/evertonfc.cz\/#\/schema\/logo\/image\/"},"sameAs":["https:\/\/www.facebook.com\/everton.fans.cz.sk"]}]}},"_links":{"self":[{"href":"https:\/\/evertonfc.cz\/index.php\/wp-json\/wp\/v2\/pages\/1154"}],"collection":[{"href":"https:\/\/evertonfc.cz\/index.php\/wp-json\/wp\/v2\/pages"}],"about":[{"href":"https:\/\/evertonfc.cz\/index.php\/wp-json\/wp\/v2\/types\/page"}],"author":[{"embeddable":true,"href":"https:\/\/evertonfc.cz\/index.php\/wp-json\/wp\/v2\/users\/6"}],"replies":[{"embeddable":true,"href":"https:\/\/evertonfc.cz\/index.php\/wp-json\/wp\/v2\/comments?post=1154"}],"version-history":[{"count":3,"href":"https:\/\/evertonfc.cz\/index.php\/wp-json\/wp\/v2\/pages\/1154\/revisions"}],"predecessor-version":[{"id":1643,"href":"https:\/\/evertonfc.cz\/index.php\/wp-json\/wp\/v2\/pages\/1154\/revisions\/1643"}],"up":[{"embeddable":true,"href":"https:\/\/evertonfc.cz\/index.php\/wp-json\/wp\/v2\/pages\/70"}],"wp:attachment":[{"href":"https:\/\/evertonfc.cz\/index.php\/wp-json\/wp\/v2\/media?parent=1154"}],"curies":[{"name":"wp","href":"https:\/\/api.w.org\/{rel}","templated":true}]}}