{"id":12388,"date":"2020-10-06T10:12:39","date_gmt":"2020-10-06T08:12:39","guid":{"rendered":"https:\/\/evertonfc.cz\/?page_id=12388"},"modified":"2021-06-05T20:48:27","modified_gmt":"2021-06-05T18:48:27","slug":"robin-olsen","status":"publish","type":"page","link":"https:\/\/evertonfc.cz\/index.php\/soupiska\/robin-olsen\/","title":{"rendered":"Robin Patrick Olsen"},"content":{"rendered":"<p><img decoding=\"async\" style=\"float: right; margin-left: 10px; margin-right: 10px;\" src=\"https:\/\/evertonfc.cz\/wp-content\/uploads\/2021\/06\/rob_olsen.png\" alt=\"\" \/><strong>Narozen: <\/strong>08. 01. 1990, Malm\u00f6, \u0160v\u00e9dsko<br \/>\n<strong>V\u00fd\u0161ka:<\/strong> 196 cm<br \/>\n<strong>V\u00e1ha:<\/strong> 89 kg<br \/>\n<strong>Post:<\/strong> Brank\u00e1\u0159<br \/>\n<strong>V EFC od:<\/strong> 05. 10. 2020<br \/>\n<strong>Do:<\/strong> 30. 06. 2021<\/p>\n<hr \/>\n<p>Olsen p\u016fsobil prvn\u00edch osm let sv\u00e9 profesion\u00e1ln\u00ed kari\u00e9ry v rodn\u00e9 zemi, p\u0159i\u010dem\u017e v\u00fdrazn\u011bji na sebe upozornil a\u017e b\u011bhem t\u0159\u00edlet\u00e9ho p\u016fsoben\u00ed v Malm\u00f6. V roce 2015 p\u0159estoupil za 600 tis\u00edc eur do PAOKu, v divok\u00e9 atmosf\u00e9\u0159e \u0159eck\u00e9 \u201cHrobky\u201d v\u0161ak p\u0159\u00edli\u0161 velkou d\u00edru do sv\u011bta neud\u011blal a po \u0161esti m\u011bs\u00edc\u00edch rad\u011bji zam\u00ed\u0159il do koda\u0148sk\u00e9ho FC. V hlavn\u00edm m\u011bst\u011b D\u00e1nska si vedl u\u017e o pozn\u00e1n\u00ed l\u00e9pe a po konci p\u016flro\u010dn\u00edho hostov\u00e1n\u00ed si vyslou\u017eil trval\u00fd p\u0159estup.<\/p>\n<p>V Kodani za\u017eil Olsen plodn\u00e9 dva roky, kdy\u017e se sv\u00fdm zam\u011bstnavatelem obh\u00e1jil double \u2013 triumf v d\u00e1nsk\u00e9 lize i poh\u00e1ru. Dobr\u00e9 v\u00fdkony mu zajistily m\u00edsto \u0161v\u00e9dsk\u00e9 jedni\u010dky na mistrovstv\u00ed sv\u011bt\u011b 2018, kde s Tre Konor p\u0159ekvapiv\u011b dokr\u00e1\u010del a\u017e do \u010dtvrtfin\u00e1le.<\/p>\n<p>Po vyda\u0159en\u00e9m turnaji si Olsena vyhl\u00e9dl AS \u0158\u00edm a nev\u00e1hal za jeho transfer zaplatit 12 mili\u00f3n\u016f eur. V It\u00e1lii ale 38n\u00e1sobn\u00fd \u0161v\u00e9dsk\u00fd reprezentant nenav\u00e1zal na sv\u00e9 v\u00fdkony z D\u00e1nska. B\u011bhem prvn\u00ed sez\u00f3ny ve v\u011b\u010dn\u00e9m m\u011bst\u011b sice odchytal 27 z\u00e1pas\u016f, zaostal v\u0161ak za o\u010dek\u00e1v\u00e1n\u00edmi, a bez v\u011bt\u0161\u00edho \u00fasp\u011bchu p\u016fsobil tak\u00e9 v sez\u00f3n\u011b 2019\/20 na hostov\u00e1n\u00ed v Cagliari.<\/p>\n<p>B\u011bhem l\u00e9ta 2020 se Olsen stal nadbyte\u010dn\u00fdm v AS \u0158\u00edm, a tak hledal novou v\u00fdzvu. B\u011bhem Deadline Day ho nakonec z\u00edskal na ro\u010dn\u00ed hostov\u00e1n\u00ed Everton, v jeho\u017e barv\u00e1ch by m\u011bl zv\u00fd\u0161it konkurenci branka\u0159sk\u00e9 jedni\u010dky Jordanovi Pickfordovi, co\u017e mu nakonec velmi solidn\u011b da\u0159ilo. \u0160v\u00e9d nakonec b\u011bhem sez\u00f3ny nastoupil za Merseysiders v 11 z\u00e1pasech a pod\u00e1val dobr\u00e9 v\u00fdkony. V l\u00e9t\u011b 2021 se i kv\u016fli odchodu mana\u017eera Ancelotti sice vr\u00e1til do \u0159\u00edmsk\u00e9ho AS, jeho hostov\u00e1n\u00ed lze v\u0161ak hodnotit jako \u00fasp\u011b\u0161n\u00e9.<\/p>\n","protected":false},"excerpt":{"rendered":"<p>Narozen: 08. 01. 1990, Malm\u00f6, \u0160v\u00e9dsko V\u00fd\u0161ka: 196 cm V\u00e1ha: 89 kg Post: Brank\u00e1\u0159 V EFC od: 05. 10. 2020&hellip;<\/p>\n","protected":false},"author":6,"featured_media":0,"parent":70,"menu_order":0,"comment_status":"closed","ping_status":"closed","template":"","meta":{"_eb_attr":"","_monsterinsights_skip_tracking":false,"_monsterinsights_sitenote_active":false,"_monsterinsights_sitenote_note":"","_monsterinsights_sitenote_category":0,"footnotes":""},"yoast_head":"<!-- This site is optimized with the Yoast SEO plugin v23.4 - https:\/\/yoast.com\/wordpress\/plugins\/seo\/ -->\n<title>Robin Patrick Olsen - Official Czech &amp; Slovak Everton Supporters&#039; Club<\/title>\n<meta name=\"robots\" content=\"index, follow, max-snippet:-1, max-image-preview:large, max-video-preview:-1\" \/>\n<link rel=\"canonical\" href=\"https:\/\/evertonfc.cz\/index.php\/soupiska\/robin-olsen\/\" \/>\n<meta property=\"og:locale\" content=\"cs_CZ\" \/>\n<meta property=\"og:type\" content=\"article\" \/>\n<meta property=\"og:title\" content=\"Robin Patrick Olsen - Official Czech &amp; Slovak Everton Supporters&#039; Club\" \/>\n<meta property=\"og:description\" content=\"Narozen: 08. 01. 1990, Malm\u00f6, \u0160v\u00e9dsko V\u00fd\u0161ka: 196 cm V\u00e1ha: 89 kg Post: Brank\u00e1\u0159 V EFC od: 05. 10. 2020&hellip;\" \/>\n<meta property=\"og:url\" content=\"https:\/\/evertonfc.cz\/index.php\/soupiska\/robin-olsen\/\" \/>\n<meta property=\"og:site_name\" content=\"Official Czech &amp; Slovak Everton Supporters&#039; Club\" \/>\n<meta property=\"article:publisher\" content=\"https:\/\/www.facebook.com\/everton.fans.cz.sk\" \/>\n<meta property=\"article:modified_time\" content=\"2021-06-05T18:48:27+00:00\" \/>\n<meta property=\"og:image\" content=\"https:\/\/evertonfc.cz\/wp-content\/uploads\/2021\/06\/rob_olsen.png\" \/>\n<meta name=\"twitter:card\" content=\"summary_large_image\" \/>\n<meta name=\"twitter:label1\" content=\"Odhadovan\u00e1 doba \u010dten\u00ed\" \/>\n\t<meta name=\"twitter:data1\" content=\"2 minuty\" \/>\n<script type=\"application\/ld+json\" class=\"yoast-schema-graph\">{\"@context\":\"https:\/\/schema.org\",\"@graph\":[{\"@type\":\"WebPage\",\"@id\":\"https:\/\/evertonfc.cz\/index.php\/soupiska\/robin-olsen\/\",\"url\":\"https:\/\/evertonfc.cz\/index.php\/soupiska\/robin-olsen\/\",\"name\":\"Robin Patrick Olsen - Official Czech &amp; Slovak Everton Supporters&#039; Club\",\"isPartOf\":{\"@id\":\"https:\/\/evertonfc.cz\/#website\"},\"primaryImageOfPage\":{\"@id\":\"https:\/\/evertonfc.cz\/index.php\/soupiska\/robin-olsen\/#primaryimage\"},\"image\":{\"@id\":\"https:\/\/evertonfc.cz\/index.php\/soupiska\/robin-olsen\/#primaryimage\"},\"thumbnailUrl\":\"https:\/\/evertonfc.cz\/wp-content\/uploads\/2021\/06\/rob_olsen.png\",\"datePublished\":\"2020-10-06T08:12:39+00:00\",\"dateModified\":\"2021-06-05T18:48:27+00:00\",\"breadcrumb\":{\"@id\":\"https:\/\/evertonfc.cz\/index.php\/soupiska\/robin-olsen\/#breadcrumb\"},\"inLanguage\":\"cs\",\"potentialAction\":[{\"@type\":\"ReadAction\",\"target\":[\"https:\/\/evertonfc.cz\/index.php\/soupiska\/robin-olsen\/\"]}]},{\"@type\":\"ImageObject\",\"inLanguage\":\"cs\",\"@id\":\"https:\/\/evertonfc.cz\/index.php\/soupiska\/robin-olsen\/#primaryimage\",\"url\":\"https:\/\/evertonfc.cz\/wp-content\/uploads\/2021\/06\/rob_olsen.png\",\"contentUrl\":\"https:\/\/evertonfc.cz\/wp-content\/uploads\/2021\/06\/rob_olsen.png\",\"width\":80,\"height\":83},{\"@type\":\"BreadcrumbList\",\"@id\":\"https:\/\/evertonfc.cz\/index.php\/soupiska\/robin-olsen\/#breadcrumb\",\"itemListElement\":[{\"@type\":\"ListItem\",\"position\":1,\"name\":\"Home\",\"item\":\"https:\/\/evertonfc.cz\/\"},{\"@type\":\"ListItem\",\"position\":2,\"name\":\"Soupiska\",\"item\":\"https:\/\/evertonfc.cz\/index.php\/soupiska\/\"},{\"@type\":\"ListItem\",\"position\":3,\"name\":\"Robin Patrick Olsen\"}]},{\"@type\":\"WebSite\",\"@id\":\"https:\/\/evertonfc.cz\/#website\",\"url\":\"https:\/\/evertonfc.cz\/\",\"name\":\"Official Czech &amp; Slovak Everton Supporters&#039; Club\",\"description\":\"\",\"publisher\":{\"@id\":\"https:\/\/evertonfc.cz\/#organization\"},\"potentialAction\":[{\"@type\":\"SearchAction\",\"target\":{\"@type\":\"EntryPoint\",\"urlTemplate\":\"https:\/\/evertonfc.cz\/?s={search_term_string}\"},\"query-input\":{\"@type\":\"PropertyValueSpecification\",\"valueRequired\":true,\"valueName\":\"search_term_string\"}}],\"inLanguage\":\"cs\"},{\"@type\":\"Organization\",\"@id\":\"https:\/\/evertonfc.cz\/#organization\",\"name\":\"Official Czech & Slovak Everton Supporters' Club\",\"url\":\"https:\/\/evertonfc.cz\/\",\"logo\":{\"@type\":\"ImageObject\",\"inLanguage\":\"cs\",\"@id\":\"https:\/\/evertonfc.cz\/#\/schema\/logo\/image\/\",\"url\":\"https:\/\/evertonfc.cz\/wp-content\/uploads\/2019\/05\/logo.png\",\"contentUrl\":\"https:\/\/evertonfc.cz\/wp-content\/uploads\/2019\/05\/logo.png\",\"width\":112,\"height\":112,\"caption\":\"Official Czech & Slovak Everton Supporters' Club\"},\"image\":{\"@id\":\"https:\/\/evertonfc.cz\/#\/schema\/logo\/image\/\"},\"sameAs\":[\"https:\/\/www.facebook.com\/everton.fans.cz.sk\"]}]}<\/script>\n<!-- \/ Yoast SEO plugin. -->","yoast_head_json":{"title":"Robin Patrick Olsen - Official Czech &amp; Slovak Everton Supporters&#039; Club","robots":{"index":"index","follow":"follow","max-snippet":"max-snippet:-1","max-image-preview":"max-image-preview:large","max-video-preview":"max-video-preview:-1"},"canonical":"https:\/\/evertonfc.cz\/index.php\/soupiska\/robin-olsen\/","og_locale":"cs_CZ","og_type":"article","og_title":"Robin Patrick Olsen - Official Czech &amp; Slovak Everton Supporters&#039; Club","og_description":"Narozen: 08. 01. 1990, Malm\u00f6, \u0160v\u00e9dsko V\u00fd\u0161ka: 196 cm V\u00e1ha: 89 kg Post: Brank\u00e1\u0159 V EFC od: 05. 10. 2020&hellip;","og_url":"https:\/\/evertonfc.cz\/index.php\/soupiska\/robin-olsen\/","og_site_name":"Official Czech &amp; Slovak Everton Supporters&#039; Club","article_publisher":"https:\/\/www.facebook.com\/everton.fans.cz.sk","article_modified_time":"2021-06-05T18:48:27+00:00","og_image":[{"url":"https:\/\/evertonfc.cz\/wp-content\/uploads\/2021\/06\/rob_olsen.png"}],"twitter_card":"summary_large_image","twitter_misc":{"Odhadovan\u00e1 doba \u010dten\u00ed":"2 minuty"},"schema":{"@context":"https:\/\/schema.org","@graph":[{"@type":"WebPage","@id":"https:\/\/evertonfc.cz\/index.php\/soupiska\/robin-olsen\/","url":"https:\/\/evertonfc.cz\/index.php\/soupiska\/robin-olsen\/","name":"Robin Patrick Olsen - Official Czech &amp; Slovak Everton Supporters&#039; Club","isPartOf":{"@id":"https:\/\/evertonfc.cz\/#website"},"primaryImageOfPage":{"@id":"https:\/\/evertonfc.cz\/index.php\/soupiska\/robin-olsen\/#primaryimage"},"image":{"@id":"https:\/\/evertonfc.cz\/index.php\/soupiska\/robin-olsen\/#primaryimage"},"thumbnailUrl":"https:\/\/evertonfc.cz\/wp-content\/uploads\/2021\/06\/rob_olsen.png","datePublished":"2020-10-06T08:12:39+00:00","dateModified":"2021-06-05T18:48:27+00:00","breadcrumb":{"@id":"https:\/\/evertonfc.cz\/index.php\/soupiska\/robin-olsen\/#breadcrumb"},"inLanguage":"cs","potentialAction":[{"@type":"ReadAction","target":["https:\/\/evertonfc.cz\/index.php\/soupiska\/robin-olsen\/"]}]},{"@type":"ImageObject","inLanguage":"cs","@id":"https:\/\/evertonfc.cz\/index.php\/soupiska\/robin-olsen\/#primaryimage","url":"https:\/\/evertonfc.cz\/wp-content\/uploads\/2021\/06\/rob_olsen.png","contentUrl":"https:\/\/evertonfc.cz\/wp-content\/uploads\/2021\/06\/rob_olsen.png","width":80,"height":83},{"@type":"BreadcrumbList","@id":"https:\/\/evertonfc.cz\/index.php\/soupiska\/robin-olsen\/#breadcrumb","itemListElement":[{"@type":"ListItem","position":1,"name":"Home","item":"https:\/\/evertonfc.cz\/"},{"@type":"ListItem","position":2,"name":"Soupiska","item":"https:\/\/evertonfc.cz\/index.php\/soupiska\/"},{"@type":"ListItem","position":3,"name":"Robin Patrick Olsen"}]},{"@type":"WebSite","@id":"https:\/\/evertonfc.cz\/#website","url":"https:\/\/evertonfc.cz\/","name":"Official Czech &amp; Slovak Everton Supporters&#039; Club","description":"","publisher":{"@id":"https:\/\/evertonfc.cz\/#organization"},"potentialAction":[{"@type":"SearchAction","target":{"@type":"EntryPoint","urlTemplate":"https:\/\/evertonfc.cz\/?s={search_term_string}"},"query-input":{"@type":"PropertyValueSpecification","valueRequired":true,"valueName":"search_term_string"}}],"inLanguage":"cs"},{"@type":"Organization","@id":"https:\/\/evertonfc.cz\/#organization","name":"Official Czech & Slovak Everton Supporters' Club","url":"https:\/\/evertonfc.cz\/","logo":{"@type":"ImageObject","inLanguage":"cs","@id":"https:\/\/evertonfc.cz\/#\/schema\/logo\/image\/","url":"https:\/\/evertonfc.cz\/wp-content\/uploads\/2019\/05\/logo.png","contentUrl":"https:\/\/evertonfc.cz\/wp-content\/uploads\/2019\/05\/logo.png","width":112,"height":112,"caption":"Official Czech & Slovak Everton Supporters' Club"},"image":{"@id":"https:\/\/evertonfc.cz\/#\/schema\/logo\/image\/"},"sameAs":["https:\/\/www.facebook.com\/everton.fans.cz.sk"]}]}},"_links":{"self":[{"href":"https:\/\/evertonfc.cz\/index.php\/wp-json\/wp\/v2\/pages\/12388"}],"collection":[{"href":"https:\/\/evertonfc.cz\/index.php\/wp-json\/wp\/v2\/pages"}],"about":[{"href":"https:\/\/evertonfc.cz\/index.php\/wp-json\/wp\/v2\/types\/page"}],"author":[{"embeddable":true,"href":"https:\/\/evertonfc.cz\/index.php\/wp-json\/wp\/v2\/users\/6"}],"replies":[{"embeddable":true,"href":"https:\/\/evertonfc.cz\/index.php\/wp-json\/wp\/v2\/comments?post=12388"}],"version-history":[{"count":6,"href":"https:\/\/evertonfc.cz\/index.php\/wp-json\/wp\/v2\/pages\/12388\/revisions"}],"predecessor-version":[{"id":15499,"href":"https:\/\/evertonfc.cz\/index.php\/wp-json\/wp\/v2\/pages\/12388\/revisions\/15499"}],"up":[{"embeddable":true,"href":"https:\/\/evertonfc.cz\/index.php\/wp-json\/wp\/v2\/pages\/70"}],"wp:attachment":[{"href":"https:\/\/evertonfc.cz\/index.php\/wp-json\/wp\/v2\/media?parent=12388"}],"curies":[{"name":"wp","href":"https:\/\/api.w.org\/{rel}","templated":true}]}}