{"id":14019,"date":"2021-02-08T15:03:03","date_gmt":"2021-02-08T14:03:03","guid":{"rendered":"https:\/\/evertonfc.cz\/?page_id=14019"},"modified":"2021-07-12T20:03:19","modified_gmt":"2021-07-12T18:03:19","slug":"joshua-king","status":"publish","type":"page","link":"https:\/\/evertonfc.cz\/index.php\/soupiska\/joshua-king\/","title":{"rendered":"Joshua Christian Kojo King"},"content":{"rendered":"<p><img decoding=\"async\" style=\"float: right; margin-left: 10px; margin-right: 10px;\" src=\"https:\/\/evertonfc.cz\/wp-content\/uploads\/2021\/06\/josh_king.png\" alt=\"\" \/><strong>Narozen:<\/strong> 15. 01. 1992, Oslo, Norsko<br \/>\n<strong>V\u00fd\u0161ka:<\/strong> 180 cm<br \/>\n<strong>V\u00e1ha:<\/strong> 79 kg<br \/>\n<strong>Post:<\/strong> \u00dato\u010dn\u00edk<br \/>\n<strong>V EFC od:<\/strong> 01. 02. 2021<br \/>\n<strong>Do:<\/strong> 30. 06. 2021<\/p>\n<hr \/>\n<p>Josh King, cel\u00fdm jm\u00e9nem Joshua Christian Kojo King se narodil 15. ledna 1992 v\u00a0norsk\u00e9m Oslu. Tat\u00ednek je p\u016fvodem Gambijec, maminka Norka (t\u00e9 v\u011bnoval i jedno z\u00a0sv\u00fdch tetov\u00e1n\u00ed). To je prvn\u00ed asociace k\u00a0jin\u00e9mu, o 12 let star\u0161\u00edmu norsk\u00e9mu \u00fato\u010dn\u00edkovi, v\u011bhlasn\u00e9mu Johnu Carewovi. Dal\u0161\u00ed podobnost nal\u00e9zt u zrodu kari\u00e9ry, oba st\u0159elci ji zah\u00e1jili v\u00a0nejv\u011bt\u0161\u00edm m\u011bstsk\u00e9m klubu &#8211; V\u00e5lerenga. D\u00e1le se u\u017e jejich stopy rozch\u00e1zej\u00ed.<\/p>\n<p>Josh King toti\u017e do dosp\u011bl\u00e9ho fotbalu v\u00a0Norsku nezas\u00e1hl. Je\u0161t\u011b p\u0159ed 15. narozeninami se o n\u011bj zaj\u00edmali v\u011bhlasn\u00e9 kluby nejen z\u00a0Anglie a Manchester United musel dokonce \u010dekat na \u0161estn\u00e1ct\u00e9 narozeniny. Aby mohlo doj\u00edt k\u00a0podpisu smlouvy. Stalo se tak den pot\u00e9, v\u00a0lednu 2008.<\/p>\n<p>Dostat se do prvn\u00edho t\u00fdmu tehdej\u0161\u00edho v\u00edt\u011bze Premier League i Champions League nebylo nic jednoduch\u00e9ho. Prvn\u00ed kr\u016f\u010dky v\u017edy nab\u00edz\u00ed poh\u00e1ry, hlavn\u011b ten v\u00a0Anglii vedlej\u0161\u00ed, zvan\u00fd Ligov\u00fd. Prvn\u00ed p\u0159\u00edle\u017eitost p\u0159i\u0161la v\u00a0z\u00e1\u0159\u00ed 2009 proti Wolves. Na dlouho bohu\u017eel i posledn\u00ed.<\/p>\n<p>Dobr\u00e9 v\u00fdkony v\u00a0akademii znamenaly \u0161anci vyr\u016fst na hostov\u00e1n\u00ed v\u00a0Championship. Ji\u017e v\u00a018 letech to byla zku\u0161enost v\u00a0Prestonu. Josh se prosadil i st\u0159elecky, jak jinak ne\u017e v\u00a0Ligov\u00e9m poh\u00e1ru, ale p\u016fsoben\u00ed v\u00a0Lancashire utnul bolav\u00fd kotn\u00edk. Za rok p\u0159i\u0161la mo\u017enost v\u00a0M\u00f6nchengladbachu, Josh stihl p\u00e1r z\u00e1pas\u016f za Borusii v\u00a0Bundeslize, ale pro zran\u011bn\u00ed t\u0159\u00edsel se vr\u00e1til zp\u011bt do Carringtonu, s\u00eddla akademie Red Devils.<\/p>\n<p>N\u00e1sledovaly dal\u0161\u00ed \u0161tace, Hull a Blackburn, mezit\u00edm se nen\u00e1padn\u011b naskytla p\u0159\u00edle\u017eitost nastoupit na 5 minut v\u00a0nic ne\u0159e\u0161\u00edc\u00edm z\u00e1pase v\u00a0Lize mistr\u016f proti Galatasarayi. Do t\u00e9to chv\u00edle jedin\u00fdm vystoupen\u00edm Kinga v\u00a0evropsk\u00fdch poh\u00e1rech. To u\u017e se t\u00e9m\u011b\u0159 jednadvacetilet\u00e9mu Kingovi \u010dekat d\u00e1l necht\u011blo a vyu\u017eil po \u00fasp\u011b\u0161n\u00e9m hostov\u00e1n\u00ed p\u0159estoupit znovu pr\u00e1v do Blackburnu. P\u0159estup vy\u0161el zhruba na 1 milion liber a Josh podepsal smlouvu na 2 a p\u016fl roku s\u00a0obc\u00ed na 1 dal\u0161\u00ed.<\/p>\n<p>Popravd\u011b ani zde nebyly jeho st\u0159eleck\u00e9 statistiky nijak \u00fachvatn\u00e9, sez\u00f3nn\u00ed maximum bylo 2 branky na sez\u00f3nu. Zlomov\u00fd okam\u017eik v\u00a0kari\u00e9\u0159e nastal a\u017e na konci sez\u00f3ny 2014\/2015. Smlouva v\u00a0Lancashiru skon\u010dila a Josh up\u0159ednostnil st\u011bhov\u00e1n\u00ed na ji\u017en\u00ed pob\u0159e\u017e\u00ed, zdarma jej tak z\u00edskal Bournemouth s\u00a0mana\u017eerem Eddie Howem.<\/p>\n<p>S\u00a0Cherries pro\u017eil celou jejich prvoligovou historii a \u0161lo o kombinaci oboustrann\u011b prosp\u011b\u0161nou. Za p\u011bt sez\u00f3n se n\u011bkolikr\u00e1t stal nejlep\u0161\u00edm st\u0159elcem t\u00fdmu, jeho bilance je 6, 16, 8,12,6 z\u00e1sah\u016f, tedy celkem 48 branek. V\u00a0tom ohledu p\u0159ekonal \u0159adu zn\u00e1m\u00fdch norsk\u00fdch snajper\u016f v\u00a0anglick\u00e9 nejvy\u0161\u0161\u00ed sout\u011b\u017ei jako nap\u0159. T.A. Floa, Iversena \u010di pr\u00e1v\u011b Carewa. Celkov\u011b v\u00a0Premier League zauj\u00edm\u00e1 druh\u00e9 m\u00edsto mezi Nory za O.G.Solskjaerem (91 branek).<\/p>\n<p>V\u00a0reprezentaci stihl za 51 z\u00e1pas\u016f vs\u00edtit 17 branek. Jde o slu\u0161n\u00fd po\u010din, obzvl\u00e1\u0161t\u011b kdy\u017e za dobu jeho p\u016fsoben\u00ed od roku 2012 Norov\u00e9 nezvl\u00e1dli ani jednu kvalifikaci a nez\u00fa\u010dastnili se \u017e\u00e1dn\u00e9ho v\u011bt\u0161\u00edho mezin\u00e1rodn\u00edho turnaje. V\u00a0tomto ohledu se jist\u011b bl\u00fdsk\u00e1 na lep\u0161\u00ed \u010dasy, Nor\u016fm dorostla nad\u011bjn\u00e1 generace okolo \u00d8degaarda, Bergeho \u010di Haalanda. Uvid\u00edme, kolik p\u0159\u00edle\u017eitost\u00ed King dostane, naposledy nastoupil do bar\u00e1\u017eov\u00e9ho utk\u00e1n\u00ed proti Srbsku o Euro 2020 a\u017e jako st\u0159\u00eddaj\u00edc\u00ed hr\u00e1\u010d na p\u016flhodiny.<\/p>\n<p>Kinga si Toffees vyhl\u00e9dli na Deadline Day v zim\u011b 2021, ve snaze zv\u00fd\u0161it konkurenci v \u00fatoku ho vykoupili za men\u0161\u00ed \u010d\u00e1stku a podepsali s n\u00edm kr\u00e1tkodob\u00fd kontrakt na \u0161est m\u011bs\u00edc\u016f. V modr\u00e9m dresu ale Nor nakonec setrval pouze p\u016flrok, b\u011bhem n\u011bho\u017e nasko\u010dil jen do 11 z\u00e1pas\u016f, a poka\u017ed\u00e9 p\u0159itom jako st\u0159\u00eddaj\u00edc\u00ed hr\u00e1\u010d. Celkem nast\u0159\u00e1dal pouze 137 minut, a tak nebylo p\u0159ekvapen\u00edm, \u017ee se s n\u00edm po sez\u00f3n\u011b Everton rozlou\u010dil. Novou smlouvu mu ji\u017e nenab\u00eddl. V Premier League ale King nakonec z\u016fstal, jako voln\u00fd hr\u00e1\u010d se upsal nov\u00e1\u010dkovi z Watfordu.<\/p>\n","protected":false},"excerpt":{"rendered":"<p>Narozen: 15. 01. 1992, Oslo, Norsko V\u00fd\u0161ka: 180 cm V\u00e1ha: 79 kg Post: \u00dato\u010dn\u00edk V EFC od: 01. 02. 2021&hellip;<\/p>\n","protected":false},"author":6,"featured_media":0,"parent":70,"menu_order":0,"comment_status":"closed","ping_status":"closed","template":"","meta":{"_eb_attr":"","_monsterinsights_skip_tracking":false,"_monsterinsights_sitenote_active":false,"_monsterinsights_sitenote_note":"","_monsterinsights_sitenote_category":0,"footnotes":""},"yoast_head":"<!-- This site is optimized with the Yoast SEO plugin v23.4 - https:\/\/yoast.com\/wordpress\/plugins\/seo\/ -->\n<title>Joshua Christian Kojo King - Official Czech &amp; Slovak Everton Supporters&#039; Club<\/title>\n<meta name=\"robots\" content=\"index, follow, max-snippet:-1, max-image-preview:large, max-video-preview:-1\" \/>\n<link rel=\"canonical\" href=\"https:\/\/evertonfc.cz\/index.php\/soupiska\/joshua-king\/\" \/>\n<meta property=\"og:locale\" content=\"cs_CZ\" \/>\n<meta property=\"og:type\" content=\"article\" \/>\n<meta property=\"og:title\" content=\"Joshua Christian Kojo King - Official Czech &amp; Slovak Everton Supporters&#039; Club\" \/>\n<meta property=\"og:description\" content=\"Narozen: 15. 01. 1992, Oslo, Norsko V\u00fd\u0161ka: 180 cm V\u00e1ha: 79 kg Post: \u00dato\u010dn\u00edk V EFC od: 01. 02. 2021&hellip;\" \/>\n<meta property=\"og:url\" content=\"https:\/\/evertonfc.cz\/index.php\/soupiska\/joshua-king\/\" \/>\n<meta property=\"og:site_name\" content=\"Official Czech &amp; Slovak Everton Supporters&#039; Club\" \/>\n<meta property=\"article:publisher\" content=\"https:\/\/www.facebook.com\/everton.fans.cz.sk\" \/>\n<meta property=\"article:modified_time\" content=\"2021-07-12T18:03:19+00:00\" \/>\n<meta property=\"og:image\" content=\"https:\/\/evertonfc.cz\/wp-content\/uploads\/2021\/06\/josh_king.png\" \/>\n<meta name=\"twitter:card\" content=\"summary_large_image\" \/>\n<meta name=\"twitter:label1\" content=\"Odhadovan\u00e1 doba \u010dten\u00ed\" \/>\n\t<meta name=\"twitter:data1\" content=\"3 minuty\" \/>\n<script type=\"application\/ld+json\" class=\"yoast-schema-graph\">{\"@context\":\"https:\/\/schema.org\",\"@graph\":[{\"@type\":\"WebPage\",\"@id\":\"https:\/\/evertonfc.cz\/index.php\/soupiska\/joshua-king\/\",\"url\":\"https:\/\/evertonfc.cz\/index.php\/soupiska\/joshua-king\/\",\"name\":\"Joshua Christian Kojo King - Official Czech &amp; Slovak Everton Supporters&#039; Club\",\"isPartOf\":{\"@id\":\"https:\/\/evertonfc.cz\/#website\"},\"primaryImageOfPage\":{\"@id\":\"https:\/\/evertonfc.cz\/index.php\/soupiska\/joshua-king\/#primaryimage\"},\"image\":{\"@id\":\"https:\/\/evertonfc.cz\/index.php\/soupiska\/joshua-king\/#primaryimage\"},\"thumbnailUrl\":\"https:\/\/evertonfc.cz\/wp-content\/uploads\/2021\/06\/josh_king.png\",\"datePublished\":\"2021-02-08T14:03:03+00:00\",\"dateModified\":\"2021-07-12T18:03:19+00:00\",\"breadcrumb\":{\"@id\":\"https:\/\/evertonfc.cz\/index.php\/soupiska\/joshua-king\/#breadcrumb\"},\"inLanguage\":\"cs\",\"potentialAction\":[{\"@type\":\"ReadAction\",\"target\":[\"https:\/\/evertonfc.cz\/index.php\/soupiska\/joshua-king\/\"]}]},{\"@type\":\"ImageObject\",\"inLanguage\":\"cs\",\"@id\":\"https:\/\/evertonfc.cz\/index.php\/soupiska\/joshua-king\/#primaryimage\",\"url\":\"https:\/\/evertonfc.cz\/wp-content\/uploads\/2021\/06\/josh_king.png\",\"contentUrl\":\"https:\/\/evertonfc.cz\/wp-content\/uploads\/2021\/06\/josh_king.png\",\"width\":80,\"height\":83},{\"@type\":\"BreadcrumbList\",\"@id\":\"https:\/\/evertonfc.cz\/index.php\/soupiska\/joshua-king\/#breadcrumb\",\"itemListElement\":[{\"@type\":\"ListItem\",\"position\":1,\"name\":\"Home\",\"item\":\"https:\/\/evertonfc.cz\/\"},{\"@type\":\"ListItem\",\"position\":2,\"name\":\"Soupiska\",\"item\":\"https:\/\/evertonfc.cz\/index.php\/soupiska\/\"},{\"@type\":\"ListItem\",\"position\":3,\"name\":\"Joshua Christian Kojo King\"}]},{\"@type\":\"WebSite\",\"@id\":\"https:\/\/evertonfc.cz\/#website\",\"url\":\"https:\/\/evertonfc.cz\/\",\"name\":\"Official Czech &amp; Slovak Everton Supporters&#039; Club\",\"description\":\"\",\"publisher\":{\"@id\":\"https:\/\/evertonfc.cz\/#organization\"},\"potentialAction\":[{\"@type\":\"SearchAction\",\"target\":{\"@type\":\"EntryPoint\",\"urlTemplate\":\"https:\/\/evertonfc.cz\/?s={search_term_string}\"},\"query-input\":{\"@type\":\"PropertyValueSpecification\",\"valueRequired\":true,\"valueName\":\"search_term_string\"}}],\"inLanguage\":\"cs\"},{\"@type\":\"Organization\",\"@id\":\"https:\/\/evertonfc.cz\/#organization\",\"name\":\"Official Czech & Slovak Everton Supporters' Club\",\"url\":\"https:\/\/evertonfc.cz\/\",\"logo\":{\"@type\":\"ImageObject\",\"inLanguage\":\"cs\",\"@id\":\"https:\/\/evertonfc.cz\/#\/schema\/logo\/image\/\",\"url\":\"https:\/\/evertonfc.cz\/wp-content\/uploads\/2019\/05\/logo.png\",\"contentUrl\":\"https:\/\/evertonfc.cz\/wp-content\/uploads\/2019\/05\/logo.png\",\"width\":112,\"height\":112,\"caption\":\"Official Czech & Slovak Everton Supporters' Club\"},\"image\":{\"@id\":\"https:\/\/evertonfc.cz\/#\/schema\/logo\/image\/\"},\"sameAs\":[\"https:\/\/www.facebook.com\/everton.fans.cz.sk\"]}]}<\/script>\n<!-- \/ Yoast SEO plugin. -->","yoast_head_json":{"title":"Joshua Christian Kojo King - Official Czech &amp; Slovak Everton Supporters&#039; Club","robots":{"index":"index","follow":"follow","max-snippet":"max-snippet:-1","max-image-preview":"max-image-preview:large","max-video-preview":"max-video-preview:-1"},"canonical":"https:\/\/evertonfc.cz\/index.php\/soupiska\/joshua-king\/","og_locale":"cs_CZ","og_type":"article","og_title":"Joshua Christian Kojo King - Official Czech &amp; Slovak Everton Supporters&#039; Club","og_description":"Narozen: 15. 01. 1992, Oslo, Norsko V\u00fd\u0161ka: 180 cm V\u00e1ha: 79 kg Post: \u00dato\u010dn\u00edk V EFC od: 01. 02. 2021&hellip;","og_url":"https:\/\/evertonfc.cz\/index.php\/soupiska\/joshua-king\/","og_site_name":"Official Czech &amp; Slovak Everton Supporters&#039; Club","article_publisher":"https:\/\/www.facebook.com\/everton.fans.cz.sk","article_modified_time":"2021-07-12T18:03:19+00:00","og_image":[{"url":"https:\/\/evertonfc.cz\/wp-content\/uploads\/2021\/06\/josh_king.png"}],"twitter_card":"summary_large_image","twitter_misc":{"Odhadovan\u00e1 doba \u010dten\u00ed":"3 minuty"},"schema":{"@context":"https:\/\/schema.org","@graph":[{"@type":"WebPage","@id":"https:\/\/evertonfc.cz\/index.php\/soupiska\/joshua-king\/","url":"https:\/\/evertonfc.cz\/index.php\/soupiska\/joshua-king\/","name":"Joshua Christian Kojo King - Official Czech &amp; Slovak Everton Supporters&#039; Club","isPartOf":{"@id":"https:\/\/evertonfc.cz\/#website"},"primaryImageOfPage":{"@id":"https:\/\/evertonfc.cz\/index.php\/soupiska\/joshua-king\/#primaryimage"},"image":{"@id":"https:\/\/evertonfc.cz\/index.php\/soupiska\/joshua-king\/#primaryimage"},"thumbnailUrl":"https:\/\/evertonfc.cz\/wp-content\/uploads\/2021\/06\/josh_king.png","datePublished":"2021-02-08T14:03:03+00:00","dateModified":"2021-07-12T18:03:19+00:00","breadcrumb":{"@id":"https:\/\/evertonfc.cz\/index.php\/soupiska\/joshua-king\/#breadcrumb"},"inLanguage":"cs","potentialAction":[{"@type":"ReadAction","target":["https:\/\/evertonfc.cz\/index.php\/soupiska\/joshua-king\/"]}]},{"@type":"ImageObject","inLanguage":"cs","@id":"https:\/\/evertonfc.cz\/index.php\/soupiska\/joshua-king\/#primaryimage","url":"https:\/\/evertonfc.cz\/wp-content\/uploads\/2021\/06\/josh_king.png","contentUrl":"https:\/\/evertonfc.cz\/wp-content\/uploads\/2021\/06\/josh_king.png","width":80,"height":83},{"@type":"BreadcrumbList","@id":"https:\/\/evertonfc.cz\/index.php\/soupiska\/joshua-king\/#breadcrumb","itemListElement":[{"@type":"ListItem","position":1,"name":"Home","item":"https:\/\/evertonfc.cz\/"},{"@type":"ListItem","position":2,"name":"Soupiska","item":"https:\/\/evertonfc.cz\/index.php\/soupiska\/"},{"@type":"ListItem","position":3,"name":"Joshua Christian Kojo King"}]},{"@type":"WebSite","@id":"https:\/\/evertonfc.cz\/#website","url":"https:\/\/evertonfc.cz\/","name":"Official Czech &amp; Slovak Everton Supporters&#039; Club","description":"","publisher":{"@id":"https:\/\/evertonfc.cz\/#organization"},"potentialAction":[{"@type":"SearchAction","target":{"@type":"EntryPoint","urlTemplate":"https:\/\/evertonfc.cz\/?s={search_term_string}"},"query-input":{"@type":"PropertyValueSpecification","valueRequired":true,"valueName":"search_term_string"}}],"inLanguage":"cs"},{"@type":"Organization","@id":"https:\/\/evertonfc.cz\/#organization","name":"Official Czech & Slovak Everton Supporters' Club","url":"https:\/\/evertonfc.cz\/","logo":{"@type":"ImageObject","inLanguage":"cs","@id":"https:\/\/evertonfc.cz\/#\/schema\/logo\/image\/","url":"https:\/\/evertonfc.cz\/wp-content\/uploads\/2019\/05\/logo.png","contentUrl":"https:\/\/evertonfc.cz\/wp-content\/uploads\/2019\/05\/logo.png","width":112,"height":112,"caption":"Official Czech & Slovak Everton Supporters' Club"},"image":{"@id":"https:\/\/evertonfc.cz\/#\/schema\/logo\/image\/"},"sameAs":["https:\/\/www.facebook.com\/everton.fans.cz.sk"]}]}},"_links":{"self":[{"href":"https:\/\/evertonfc.cz\/index.php\/wp-json\/wp\/v2\/pages\/14019"}],"collection":[{"href":"https:\/\/evertonfc.cz\/index.php\/wp-json\/wp\/v2\/pages"}],"about":[{"href":"https:\/\/evertonfc.cz\/index.php\/wp-json\/wp\/v2\/types\/page"}],"author":[{"embeddable":true,"href":"https:\/\/evertonfc.cz\/index.php\/wp-json\/wp\/v2\/users\/6"}],"replies":[{"embeddable":true,"href":"https:\/\/evertonfc.cz\/index.php\/wp-json\/wp\/v2\/comments?post=14019"}],"version-history":[{"count":7,"href":"https:\/\/evertonfc.cz\/index.php\/wp-json\/wp\/v2\/pages\/14019\/revisions"}],"predecessor-version":[{"id":15500,"href":"https:\/\/evertonfc.cz\/index.php\/wp-json\/wp\/v2\/pages\/14019\/revisions\/15500"}],"up":[{"embeddable":true,"href":"https:\/\/evertonfc.cz\/index.php\/wp-json\/wp\/v2\/pages\/70"}],"wp:attachment":[{"href":"https:\/\/evertonfc.cz\/index.php\/wp-json\/wp\/v2\/media?parent=14019"}],"curies":[{"name":"wp","href":"https:\/\/api.w.org\/{rel}","templated":true}]}}