{"id":15477,"date":"2021-06-03T11:41:48","date_gmt":"2021-06-03T09:41:48","guid":{"rendered":"https:\/\/evertonfc.cz\/?page_id=15477"},"modified":"2021-07-07T08:08:15","modified_gmt":"2021-07-07T06:08:15","slug":"carlo-ancelotti","status":"publish","type":"page","link":"https:\/\/evertonfc.cz\/index.php\/manazeri\/carlo-ancelotti\/","title":{"rendered":"Carlo Ancelotti"},"content":{"rendered":"<p><strong>Naroden\u00fd:<\/strong>\u00a010. j\u00fana 1959 \u2013 Reggiolo, Taliansko<br \/>\n<strong>V EFC od:<\/strong>\u00a021. 12. 2019<br \/>\n<strong>Zmluva do:<\/strong> 30. 6. 2024<br \/>\n<strong>Odi\u0161iel:<\/strong> 1. 6. 2021<\/p>\n<hr \/>\n<h4><strong><em>Klubov\u00e1 kari\u00e9ra<\/em><\/strong><\/h4>\n<p>Rod\u00e1k z Reggioly za\u010dal svou hr\u00e1\u010dskou kari\u00e9ru v Parm\u011b, za jej\u00ed \u00e1\u010dko hr\u00e1l od sv\u00fdch sedmn\u00e1cti. Ta byla tehdy ve t\u0159et\u00ed lize. V roce 1978 p\u0159i\u0161el na pozici tren\u00e9ra Cesare Maldini, tren\u00e9rsk\u00e1 legenda (a otec Paola, samoz\u0159ejm\u011b). Ten si v\u0161iml, \u017ee mlad\u00e9mu Carlovi jde st\u0159\u00edlen\u00ed branek, a tak ho \u010dasto stav\u011bl na pozici podhrota \u010di tv\u016frce hry. Parma skon\u010dila druh\u00e1 a dostala se do play-off o druhou ligu.<\/p>\n<p>V rozhoduj\u00edc\u00edm utk\u00e1n\u00ed proti Triestinu vs\u00edtil Ancelotti za stavu 1:1 dv\u011b branky a v\u00fdrazn\u011b tak pomohl Parm\u011b k postupu. Jeho v\u00fdkony samoz\u0159ejm\u011b upoutaly pozornost klub\u016f z prvn\u00ed ligy, tak\u017ee n\u00e1sledoval p\u0159estup. Velk\u00fd z\u00e1jem projevoval Inter Mil\u00e1n, ale podepsal ho AS \u0158\u00edm. Tehdej\u0161\u00ed hv\u011bzdy klubu? Nap\u0159\u00edklad Falcao, Toninho Cerezo \u010di Pietro Vierchowod.<\/p>\n<p>Po druh\u00e9m m\u00edst\u011b v roce 1981 a t\u0159et\u00edm o rok pozd\u011bji se star\u0161\u00ed t\u00fdm z v\u011b\u010dn\u00e9ho m\u011bsta kone\u010dn\u011b radoval z titulu. Celkov\u011b odehr\u00e1l za AS \u0158\u00edm osm sezon, v nich\u017e \u010dty\u0159ikr\u00e1t vyhr\u00e1l Italsk\u00fd poh\u00e1r a prohr\u00e1l ve fin\u00e1le PMEZ, kter\u00e9 se dokonce konalo p\u0159\u00edmo na Olympijsk\u00e9m stadionu (ale pro samotn\u00e9 fin\u00e1le nebyl nominov\u00e1n k z\u00e1pasu). Posledn\u00ed dva roky p\u016fsobil v klubu jako kapit\u00e1n. A pozice? St\u0159edn\u00ed z\u00e1lo\u017en\u00edk, ob\u010das k\u0159\u00eddlo.<\/p>\n<p>Ne\u00fasp\u011bch s AS \u0158\u00edm ve fin\u00e1le PMEZ si bohat\u011b vynahradil u Rossoneri. PMEZ, Superpoh\u00e1r, Interkontinent\u00e1ln\u00ed poh\u00e1r \u2013 v\u0161e dvakr\u00e1t. V roce 1989 ve fin\u00e1le proti Steaue Bukure\u0161\u0165 odehr\u00e1l cel\u00fd z\u00e1pas, o rok pozd\u011bji v t\u00e9\u017ee f\u00e1zi sout\u011b\u017ee 75 minut, kdy\u017e ho st\u0159\u00eddal Massaro. Hv\u011bzdy tehdej\u0161\u00edho AC? Za v\u0161echny zm\u00edn\u00edm tehdej\u0161\u00ed holandsk\u00fd trojl\u00edstek Gullit-Rijkaard-van Basten.<\/p>\n<p>A nesm\u00edm zapomenout na Paola Maldiniho (syna Cesareho), vzor klubov\u00e9 v\u011brnosti a ve sv\u00e9 dob\u011b jednoho z nejlep\u0161\u00edch lev\u00fdch obr\u00e1nc\u016f na sv\u011bt\u011b. Kdy\u017e v roce 1992 kon\u010dil kv\u016fli zdravotn\u00edm probl\u00e9m\u016fm kari\u00e9ru (koleno), tak se lou\u010dil t\u0159et\u00edm titulem v klubu \u2013 a stylov\u011b. Nastoupil na posledn\u00edch 20 minut a dv\u011bma brankami p\u0159isp\u011bl k v\u00edt\u011bzstv\u00ed 4:0 nad Hellasem Verona.<\/p>\n<h4><em><strong>Reprezenta\u010dn\u00ed kari\u00e9ra<\/strong><\/em><\/h4>\n<p>Poprv\u00e9 obl\u00e9kl dres n\u00e1rodn\u00edho t\u00fdmu na Mundialitu (turnaj, kter\u00fd po\u0159\u00e1dala Uruguay k 50. v\u00fdro\u010d\u00ed prvn\u00edho MS) na p\u0159elomu rok\u016f 1980 a 1981 proti Nizozem\u00ed. G\u00f3lem (jedin\u00fdm za svou reprezenta\u010dn\u00ed kari\u00e9ru) p\u0159isp\u011bl k rem\u00edze 1:1, It\u00e1lie nepostoupila ze skupiny. Z MS 1982 ho vy\u0159adilo zran\u011bn\u00ed kolena, ale to nevadilo, proto\u017ee squadra azzurra z\u00edskal titul.<\/p>\n<p>Na ME 1984 se It\u00e1lie neprobojovala, o dva roky do Mexika vzat byl, ale kv\u016fli probl\u00e9m\u016fm s adaptac\u00ed na nadmo\u0159skou v\u00fd\u0161ku neodehr\u00e1l ani jeden z\u00e1pas, It\u00e1lie vypadla v osmifin\u00e1le s Franci\u00ed. Osobn\u011b nejpoveden\u011bj\u0161\u00edm vrcholn\u00fdm turnajem tak pro Ancelottiho bylo ME 1988 v N\u011bmecku, kdy pat\u0159il opravdu ke kl\u00ed\u010dov\u00fdm hr\u00e1\u010d\u016fm. V semifin\u00e1le je vy\u0159adil Sov\u011btsk\u00fd svaz.<\/p>\n<p>Zahr\u00e1l si t\u00e9\u017e na dom\u00e1c\u00edm MS 1990. Tam ale odehr\u00e1l jen prvn\u00ed polo\u010das proti Rakousku ve skupin\u011b, posledn\u00edch 30 minut proti Irsku ve \u010dtvrtfin\u00e1le a teprve ve v\u00edt\u011bzn\u00e9m utk\u00e1n\u00ed o 3. m\u00edsto zvl\u00e1dl cel\u00fd z\u00e1pas. Holt zran\u011bn\u00ed. O rok pozd\u011bji ukon\u010dil reprezenta\u010dn\u00ed kari\u00e9ru, celkov\u011b za n\u00e1rodn\u00ed t\u00fdm odehr\u00e1l 26 utk\u00e1n\u00ed.<\/p>\n<h4><em><strong>Tren\u00e9rsk\u00e1 kari\u00e9ra<\/strong><\/em><\/h4>\n<p>Po ukon\u010den\u00ed kari\u00e9ry hr\u00e1\u010de se hned p\u0159evl\u00e9kl do tren\u00e9rsk\u00e9ho. A za\u010dal vysoko, rovnou u n\u00e1rodn\u00edho t\u00fdmu. V letech 1992-5 d\u011blal asistenta Arrigo Sacchimu, v roce 1994 postoupila It\u00e1lie na MS a\u017e do fin\u00e1le, kter\u00e9 prohr\u00e1la s Braz\u00edli\u00ed na penalty. Prvn\u00ed samostatn\u00e1 zku\u0161enost s tr\u00e9nov\u00e1n\u00edm p\u0159i\u0161la v druholigov\u00e9 Reggian\u011b v roce 1994. Ta pod jeho veden\u00edm postoupila do nejvy\u0161\u0161\u00ed sout\u011b\u017ee.<\/p>\n<p>Hned pot\u00e9 ode\u0161el do Parmy, t\u00fdmu nejv\u011bt\u0161\u00edho konkurenta, kde str\u00e1vil dv\u011b sez\u00f3ny. V t\u00e9 prvn\u00ed dovedl t\u00fdm k druh\u00e9mu m\u00edstu v lize, dodnes nep\u0159ekonan\u00e9mu ligov\u00e9mu \u00fasp\u011bchu. Ve skupin\u011b Ligy mistr\u016f se ale nezada\u0159ilo a v konkurenci Borussie Dortmund, pra\u017esk\u00e9 Sparty a Galatasaraye Istanbul skon\u010dili Ancelottiho sv\u011b\u0159enci na nepostupov\u00e9 pozici. Ve druh\u00e9 sez\u00f3n\u011b dovedl Parmu k \u0161est\u00e9mu m\u00edstu v lize.<\/p>\n<p>A\u010d to znamenalo postup do Poh\u00e1ru UEFA, tak ho veden\u00ed klubu vyhodilo. V \u00fanoru 1999 nahradil Marcella Lippiho na pozici \u0161\u00e9fa lavi\u010dky Juventusu Tur\u00edn. Prvn\u00ed celou sez\u00f3nu v klubu za\u010dal t\u00edm, \u017ee v\u00fdhrou 4:2 nad Rennes z\u00edskal Poh\u00e1r Intertoto. Ale v lize se nezada\u0159ilo \u2013 a m\u016f\u017ee za to Lazio. To skv\u011bl\u00fdm fini\u0161em p\u0159edstihlo Starou d\u00e1mu o bod a z\u00edskalo titul, a\u010d m\u011bl Juventus 3 kola p\u0159ed koncem p\u011btibodov\u00fd n\u00e1skok. Mlad\u0161\u00ed \u0159\u00edmsk\u00fd klub je vy\u0159adil i ve \u010dtvrtfin\u00e1le dom\u00e1c\u00edho poh\u00e1ru. A kdy\u017e v dal\u0161\u00ed sezon\u011b Ancelotti (ergo Juventus) nez\u00edskal trofej, tak byl vyhozen co\u017e mu otev\u0159elo cestu k Rossoneri.<\/p>\n<p>V\u00fd\u010det \u00fasp\u011bch\u016f Ancelottiho b\u011bhem osmilet\u00e9ho p\u016fsoben\u00ed v klubu by vydal na samostatn\u00fd \u010dl\u00e1nek, tak aspo\u0148 zm\u00edn\u00edm vyhran\u00e9 sout\u011b\u017ee. Dv\u011b v\u00fdhry v Lize mistr\u016f, stejn\u00fd po\u010det v\u00fdher v Superpoh\u00e1ru UEFA, jeden italsk\u00fd titul, jeden vyhran\u00fd Italsk\u00fd poh\u00e1r, stejn\u00fd po\u010det titul\u016f v Italsk\u00e9m Superpoh\u00e1ru a t\u00e9\u017e se mu poda\u0159ilo vyhr\u00e1t MS klub\u016f, co\u017e je turnaj, kter\u00fd po\u0159\u00e1d\u00e1 UEFA. Po sez\u00f3n\u011b 2008-9 ode\u0161el s\u00e1m od sebe, celkov\u011b vedl klub ve 423 z\u00e1pasech, co\u017e je druh\u00e9 nejvy\u0161\u0161\u00ed \u010d\u00edslo v jeho historii.<\/p>\n<p>Hned pot\u00e9 zam\u00ed\u0159il do Premier League, kde si pl\u00e1cl s Abramovi\u010dem, aby tr\u00e9noval Chelsea. Kari\u00e9ru za\u010dal v\u00fdhrou v Poh\u00e1ru Charity (tamn\u00ed Superpoh\u00e1r) nad Manchesterem United. V Lize mistr\u016f je vy\u0159adil Inter Mil\u00e1n, kter\u00fd tehdy tr\u00e9noval Mourinho. Ale zada\u0159ilo se v lize a v Anglick\u00e9m poh\u00e1ru \u2013 ob\u011b sout\u011b\u017ee Pensioners vyhr\u00e1li, prvn\u00ed double v historii klubu. Druh\u00fd t\u00fdm v ligov\u00e9 tabulce?<\/p>\n<p>Pr\u00e1v\u011b \u00da\u010dka. Stejn\u00fd t\u00fdm, kter\u00e1 v dal\u0161\u00ed sez\u00f3n\u011b p\u0159ipravil Chelsea o Poh\u00e1r Charity a i o ligov\u00fd titul. Navzdory velmi dobr\u00e9mu fini\u0161i skon\u010dila Chelsea druh\u00e1. Den, kdy byl Ancelotti vyhozen? Posledn\u00ed kolo \u2013 a prohra v lize na Evertonu.. Hez\u010d\u00ed g\u00f3l v \u017eivot\u011b u\u017e Jermaine Beckfod asi ned\u00e1. V prosinci t\u00e9ho\u017e roku byl jmenov\u00e1n tren\u00e9rem PSG. Ta byla tehdy prvn\u00ed v lize s t\u0159\u00edbodov\u00fdm n\u00e1skokem na druh\u00fd Montpellier.<\/p>\n<p>Titul nez\u00edskal, to se povedlo pr\u00e1v\u011b t\u00fdmu z jihu Francie a ve Franocuzsk\u00e9m poh\u00e1ru vypadli ve \u010dtvrtfin\u00e1le s Olympiquem Lyon. V dal\u0161\u00ed sez\u00f3n\u011b se ji\u017e zada\u0159ilo \u2013 z\u00edskal titul. V Lize mistr\u016f dovedl t\u00fdm z hlavn\u00edho m\u011bsta do \u010dtvrtfin\u00e1le, kde vypadl s Barcelonou na branky vst\u0159elen\u00e9 venku. Ve Francouzsk\u00e9m poh\u00e1ru t\u00fdm vypadl ve stejn\u00e9 f\u00e1zi sout\u011b\u017ee, tentokr\u00e1t s \u00c9vianem.<\/p>\n<p>Den po p\u0159edposledn\u00edm ligov\u00e9m z\u00e1pase (a ji\u017e s jistotou titulu) po\u017e\u00e1dal o uvoln\u011bn\u00ed, aby k\u00fdvl Realu Madrid. P\u0159iznejme si, \u017ee takov\u00e1 nab\u00eddka se neodm\u00edt\u00e1. Zaj\u00edmav\u00e9 je, \u017ee jedn\u00edm z jeho dvou asistent\u016f v klubu byl Zin\u00e9dine Zidane, kter\u00fd hr\u00e1l pod Ancelottim v Juventusu. V prvn\u00ed sez\u00f3n\u011b se zada\u0159ilo v poh\u00e1rech. T\u00fdm vyhr\u00e1l Ligu mistr\u016f (4:1 po prodlou\u017een\u00ed ve fin\u00e1le nad Atl\u00e9ticem Madrid) a zv\u00edt\u011bzil tak\u00e9 v El Cl\u00e1sicu, kter\u00e9 se hr\u00e1lo ve fin\u00e1le Kr\u00e1lovsk\u00e9ho (\u0161pan\u011blsk\u00e9ho) poh\u00e1ru.<\/p>\n<p>V lize se ale neda\u0159ilo, B\u00edl\u00fd balet skon\u010dil a\u017e t\u0159et\u00ed. Druh\u00e1 sez\u00f3na byla op\u011bt slab\u0161\u00ed. V lize byl Real druh\u00fd, v Lize mistr\u016f vypadl v semifin\u00e1le s Juventusem a v poh\u00e1ru ji\u017e v osmifin\u00e1le. Asi nep\u0159ekvap\u00ed, \u017ee n\u00e1sledoval vyhazov. Chvilku byl Ancelotti v kontaktu s AC Mil\u00e1n, ale zvolil pauzu, b\u011bhem kter\u00e9 se dal zdravotn\u011b do po\u0159\u00e1dku po operaci bedern\u00edho p\u00e1te\u0159n\u00edho kan\u00e1lu \u2013 v sez\u00f3n\u011b 2015-6 tedy nikde netr\u00e9noval.<\/p>\n<p>Ale relativn\u011b brzy se mu zacht\u011blo n\u00e1vratu \u2013\u00a0 ji\u017e v prosinci 2015 byl ozn\u00e1men jako n\u00e1stupce Guardioly na lavi\u010dce Bayernu Mnichov s \u00fa\u010dinnost\u00ed od 1. \u010dervence 2016. V\u00fdsledek? Sice vyhr\u00e1l titul a N\u011bmeck\u00fd Superpoh\u00e1r, ale v N\u011bmeck\u00e9m poh\u00e1ru se dostal t\u00fdm jen do semifin\u00e1le a v Lize mistr\u016f vypadl ve \u010dtvrtfin\u00e1le s Realem Madrid. Sez\u00f3nu 2016-17 sice za\u010dal obh\u00e1jen\u00edm n\u011bmeck\u00e9ho Superpoh\u00e1ru, ale byl vyhozen ji\u017e na konci z\u00e1\u0159\u00ed po proh\u0159e 0:3 s PSG.<\/p>\n<p>A zat\u00edm posledn\u00ed tren\u00e9rskou \u0161tac\u00ed p\u0159ed p\u0159\u00edchodem do Evertonu byla kr\u00e1sn\u00e1 Neapol a tamn\u00ed t\u00fdm SSC. Ten t\u00fdm, kter\u00fd suver\u00e9nn\u011b nejslavn\u011bj\u0161\u00ed obdob\u00ed za\u017eil v 80. letech b\u011bhem p\u016fsoben\u00ed Diega Armanda Maradony. Ancelotti tam str\u00e1vil rok a p\u016fl, v sez\u00f3n\u011b 2018-9 ho dovedl k druh\u00e9mu m\u00edstu v lize. Poh\u00e1ry? Vypadnut\u00ed s Arsenalem ve \u010dtvrtfin\u00e1le Evropsk\u00e9 ligy a v t\u00e9\u017ee f\u00e1zi Italsk\u00e9ho poh\u00e1ru s AC Mil\u00e1n.<\/p>\n<p>Ancelotti byl vyhozen na za\u010d\u00e1tku prosince 2019, kdy\u017e v lize nevyhr\u00e1l 7 z\u00e1pas\u016f v kuse. Zada\u0159ilo se ale aspo\u0148 v Lize mistr\u016f, Neapol postoupila do osmifin\u00e1le (s bilanc\u00ed t\u0159i v\u00fdher a t\u0159\u00ed rem\u00edz). Co se t\u00fdk\u00e1 Italsk\u00e9ho poh\u00e1ru, tak tam je SSC v semifin\u00e1le. Vyhazov Ancelottiho m\u00e1 jist\u011b souvislost i s horkokrevnost\u00ed majitele klubu, filmov\u00fd producent Aurelio de Laurentiis je regul\u00e9rn\u00ed bl\u00e1zen.<\/p>\n<p>Co \u0159\u00edci z\u00e1v\u011brem k mana\u017eersk\u00fdm schopnostem Dona Carla? V podstat\u011b kam p\u0159i\u0161el, tak m\u011bl \u00fasp\u011bch a pokud zrovna nevyhr\u00e1val trofeje, tak aspo\u0148 kon\u010d\u00edval hodn\u011b naho\u0159e. Na druhou stranu je fakt, \u017ee od roku 2009 nebyl nikde d\u00e9le ne\u017e dv\u011b sez\u00f3ny.<\/p>\n<h4><em><strong>Osobn\u00ed \u017eivot<\/strong><\/em><\/h4>\n<p>Carlo Ancelotti je podruh\u00e9 \u017eenat\u00fd. Z prvn\u00edho man\u017eelstv\u00ed m\u00e1 dv\u011b d\u011bti \u2013 dceru Katju a syna Davida. Jeho sou\u010dasn\u00e1 man\u017eelka je Kana\u010fanka a vzali se p\u0159ed necel\u00fdmi \u0161esti lety ve Vancouveru. Syn David je jeho asistentem v Evertonu a loni v lednu ud\u011blal Dona Carla d\u011bde\u010dkem dvou vnuk\u016f.<\/p>\n<p style=\"text-align: right;\">Autor \u010dl\u00e1nku:\u00a0<a href=\"https:\/\/evertonfc.cz\/index.php\/javor\/\"><strong>Javor<\/strong><\/a><\/p>\n<hr \/>\n<p><em>Pozrite tie\u017e:<\/em><\/p>\n<ul>\n<li><a href=\"https:\/\/evertonfc.cz\/index.php\/2019\/12\/21\/novym-trenerom-je-ancelotti\/\" target=\"_blank\" rel=\"noopener noreferrer\">Pr\u00edchod<\/a><\/li>\n<\/ul>\n","protected":false},"excerpt":{"rendered":"<p>Naroden\u00fd:\u00a010. j\u00fana 1959 \u2013 Reggiolo, Taliansko V EFC od:\u00a021. 12. 2019 Zmluva do: 30. 6. 2024 Odi\u0161iel: 1. 6. 2021&hellip;<\/p>\n","protected":false},"author":1,"featured_media":10327,"parent":86,"menu_order":0,"comment_status":"closed","ping_status":"closed","template":"","meta":{"_eb_attr":"","_monsterinsights_skip_tracking":false,"_monsterinsights_sitenote_active":false,"_monsterinsights_sitenote_note":"","_monsterinsights_sitenote_category":0,"footnotes":""},"yoast_head":"<!-- This site is optimized with the Yoast SEO plugin v23.4 - https:\/\/yoast.com\/wordpress\/plugins\/seo\/ -->\n<title>Carlo Ancelotti - Official Czech &amp; Slovak Everton Supporters&#039; Club<\/title>\n<meta name=\"robots\" content=\"index, follow, max-snippet:-1, max-image-preview:large, max-video-preview:-1\" \/>\n<link rel=\"canonical\" href=\"https:\/\/evertonfc.cz\/index.php\/manazeri\/carlo-ancelotti\/\" \/>\n<meta property=\"og:locale\" content=\"cs_CZ\" \/>\n<meta property=\"og:type\" content=\"article\" \/>\n<meta property=\"og:title\" content=\"Carlo Ancelotti - Official Czech &amp; Slovak Everton Supporters&#039; Club\" \/>\n<meta property=\"og:description\" content=\"Naroden\u00fd:\u00a010. j\u00fana 1959 \u2013 Reggiolo, Taliansko V EFC od:\u00a021. 12. 2019 Zmluva do: 30. 6. 2024 Odi\u0161iel: 1. 6. 2021&hellip;\" \/>\n<meta property=\"og:url\" content=\"https:\/\/evertonfc.cz\/index.php\/manazeri\/carlo-ancelotti\/\" \/>\n<meta property=\"og:site_name\" content=\"Official Czech &amp; Slovak Everton Supporters&#039; Club\" \/>\n<meta property=\"article:publisher\" content=\"https:\/\/www.facebook.com\/everton.fans.cz.sk\" \/>\n<meta property=\"article:modified_time\" content=\"2021-07-07T06:08:15+00:00\" \/>\n<meta property=\"og:image\" content=\"https:\/\/evertonfc.cz\/wp-content\/uploads\/2020\/02\/Carlo-Ancelotti.jpeg\" \/>\n\t<meta property=\"og:image:width\" content=\"720\" \/>\n\t<meta property=\"og:image:height\" content=\"405\" \/>\n\t<meta property=\"og:image:type\" content=\"image\/jpeg\" \/>\n<meta name=\"twitter:card\" content=\"summary_large_image\" \/>\n<meta name=\"twitter:label1\" content=\"Odhadovan\u00e1 doba \u010dten\u00ed\" \/>\n\t<meta name=\"twitter:data1\" content=\"7 minut\" \/>\n<script type=\"application\/ld+json\" class=\"yoast-schema-graph\">{\"@context\":\"https:\/\/schema.org\",\"@graph\":[{\"@type\":\"WebPage\",\"@id\":\"https:\/\/evertonfc.cz\/index.php\/manazeri\/carlo-ancelotti\/\",\"url\":\"https:\/\/evertonfc.cz\/index.php\/manazeri\/carlo-ancelotti\/\",\"name\":\"Carlo Ancelotti - Official Czech &amp; Slovak Everton Supporters&#039; Club\",\"isPartOf\":{\"@id\":\"https:\/\/evertonfc.cz\/#website\"},\"primaryImageOfPage\":{\"@id\":\"https:\/\/evertonfc.cz\/index.php\/manazeri\/carlo-ancelotti\/#primaryimage\"},\"image\":{\"@id\":\"https:\/\/evertonfc.cz\/index.php\/manazeri\/carlo-ancelotti\/#primaryimage\"},\"thumbnailUrl\":\"https:\/\/evertonfc.cz\/wp-content\/uploads\/2020\/02\/Carlo-Ancelotti.jpeg\",\"datePublished\":\"2021-06-03T09:41:48+00:00\",\"dateModified\":\"2021-07-07T06:08:15+00:00\",\"breadcrumb\":{\"@id\":\"https:\/\/evertonfc.cz\/index.php\/manazeri\/carlo-ancelotti\/#breadcrumb\"},\"inLanguage\":\"cs\",\"potentialAction\":[{\"@type\":\"ReadAction\",\"target\":[\"https:\/\/evertonfc.cz\/index.php\/manazeri\/carlo-ancelotti\/\"]}]},{\"@type\":\"ImageObject\",\"inLanguage\":\"cs\",\"@id\":\"https:\/\/evertonfc.cz\/index.php\/manazeri\/carlo-ancelotti\/#primaryimage\",\"url\":\"https:\/\/evertonfc.cz\/wp-content\/uploads\/2020\/02\/Carlo-Ancelotti.jpeg\",\"contentUrl\":\"https:\/\/evertonfc.cz\/wp-content\/uploads\/2020\/02\/Carlo-Ancelotti.jpeg\",\"width\":720,\"height\":405},{\"@type\":\"BreadcrumbList\",\"@id\":\"https:\/\/evertonfc.cz\/index.php\/manazeri\/carlo-ancelotti\/#breadcrumb\",\"itemListElement\":[{\"@type\":\"ListItem\",\"position\":1,\"name\":\"Home\",\"item\":\"https:\/\/evertonfc.cz\/\"},{\"@type\":\"ListItem\",\"position\":2,\"name\":\"Mana\u017ee\u0159i\",\"item\":\"https:\/\/evertonfc.cz\/index.php\/manazeri\/\"},{\"@type\":\"ListItem\",\"position\":3,\"name\":\"Carlo Ancelotti\"}]},{\"@type\":\"WebSite\",\"@id\":\"https:\/\/evertonfc.cz\/#website\",\"url\":\"https:\/\/evertonfc.cz\/\",\"name\":\"Official Czech &amp; Slovak Everton Supporters&#039; Club\",\"description\":\"\",\"publisher\":{\"@id\":\"https:\/\/evertonfc.cz\/#organization\"},\"potentialAction\":[{\"@type\":\"SearchAction\",\"target\":{\"@type\":\"EntryPoint\",\"urlTemplate\":\"https:\/\/evertonfc.cz\/?s={search_term_string}\"},\"query-input\":{\"@type\":\"PropertyValueSpecification\",\"valueRequired\":true,\"valueName\":\"search_term_string\"}}],\"inLanguage\":\"cs\"},{\"@type\":\"Organization\",\"@id\":\"https:\/\/evertonfc.cz\/#organization\",\"name\":\"Official Czech & Slovak Everton Supporters' Club\",\"url\":\"https:\/\/evertonfc.cz\/\",\"logo\":{\"@type\":\"ImageObject\",\"inLanguage\":\"cs\",\"@id\":\"https:\/\/evertonfc.cz\/#\/schema\/logo\/image\/\",\"url\":\"https:\/\/evertonfc.cz\/wp-content\/uploads\/2019\/05\/logo.png\",\"contentUrl\":\"https:\/\/evertonfc.cz\/wp-content\/uploads\/2019\/05\/logo.png\",\"width\":112,\"height\":112,\"caption\":\"Official Czech & Slovak Everton Supporters' Club\"},\"image\":{\"@id\":\"https:\/\/evertonfc.cz\/#\/schema\/logo\/image\/\"},\"sameAs\":[\"https:\/\/www.facebook.com\/everton.fans.cz.sk\"]}]}<\/script>\n<!-- \/ Yoast SEO plugin. -->","yoast_head_json":{"title":"Carlo Ancelotti - Official Czech &amp; Slovak Everton Supporters&#039; Club","robots":{"index":"index","follow":"follow","max-snippet":"max-snippet:-1","max-image-preview":"max-image-preview:large","max-video-preview":"max-video-preview:-1"},"canonical":"https:\/\/evertonfc.cz\/index.php\/manazeri\/carlo-ancelotti\/","og_locale":"cs_CZ","og_type":"article","og_title":"Carlo Ancelotti - Official Czech &amp; Slovak Everton Supporters&#039; Club","og_description":"Naroden\u00fd:\u00a010. j\u00fana 1959 \u2013 Reggiolo, Taliansko V EFC od:\u00a021. 12. 2019 Zmluva do: 30. 6. 2024 Odi\u0161iel: 1. 6. 2021&hellip;","og_url":"https:\/\/evertonfc.cz\/index.php\/manazeri\/carlo-ancelotti\/","og_site_name":"Official Czech &amp; Slovak Everton Supporters&#039; Club","article_publisher":"https:\/\/www.facebook.com\/everton.fans.cz.sk","article_modified_time":"2021-07-07T06:08:15+00:00","og_image":[{"width":720,"height":405,"url":"https:\/\/evertonfc.cz\/wp-content\/uploads\/2020\/02\/Carlo-Ancelotti.jpeg","type":"image\/jpeg"}],"twitter_card":"summary_large_image","twitter_misc":{"Odhadovan\u00e1 doba \u010dten\u00ed":"7 minut"},"schema":{"@context":"https:\/\/schema.org","@graph":[{"@type":"WebPage","@id":"https:\/\/evertonfc.cz\/index.php\/manazeri\/carlo-ancelotti\/","url":"https:\/\/evertonfc.cz\/index.php\/manazeri\/carlo-ancelotti\/","name":"Carlo Ancelotti - Official Czech &amp; Slovak Everton Supporters&#039; Club","isPartOf":{"@id":"https:\/\/evertonfc.cz\/#website"},"primaryImageOfPage":{"@id":"https:\/\/evertonfc.cz\/index.php\/manazeri\/carlo-ancelotti\/#primaryimage"},"image":{"@id":"https:\/\/evertonfc.cz\/index.php\/manazeri\/carlo-ancelotti\/#primaryimage"},"thumbnailUrl":"https:\/\/evertonfc.cz\/wp-content\/uploads\/2020\/02\/Carlo-Ancelotti.jpeg","datePublished":"2021-06-03T09:41:48+00:00","dateModified":"2021-07-07T06:08:15+00:00","breadcrumb":{"@id":"https:\/\/evertonfc.cz\/index.php\/manazeri\/carlo-ancelotti\/#breadcrumb"},"inLanguage":"cs","potentialAction":[{"@type":"ReadAction","target":["https:\/\/evertonfc.cz\/index.php\/manazeri\/carlo-ancelotti\/"]}]},{"@type":"ImageObject","inLanguage":"cs","@id":"https:\/\/evertonfc.cz\/index.php\/manazeri\/carlo-ancelotti\/#primaryimage","url":"https:\/\/evertonfc.cz\/wp-content\/uploads\/2020\/02\/Carlo-Ancelotti.jpeg","contentUrl":"https:\/\/evertonfc.cz\/wp-content\/uploads\/2020\/02\/Carlo-Ancelotti.jpeg","width":720,"height":405},{"@type":"BreadcrumbList","@id":"https:\/\/evertonfc.cz\/index.php\/manazeri\/carlo-ancelotti\/#breadcrumb","itemListElement":[{"@type":"ListItem","position":1,"name":"Home","item":"https:\/\/evertonfc.cz\/"},{"@type":"ListItem","position":2,"name":"Mana\u017ee\u0159i","item":"https:\/\/evertonfc.cz\/index.php\/manazeri\/"},{"@type":"ListItem","position":3,"name":"Carlo Ancelotti"}]},{"@type":"WebSite","@id":"https:\/\/evertonfc.cz\/#website","url":"https:\/\/evertonfc.cz\/","name":"Official Czech &amp; Slovak Everton Supporters&#039; Club","description":"","publisher":{"@id":"https:\/\/evertonfc.cz\/#organization"},"potentialAction":[{"@type":"SearchAction","target":{"@type":"EntryPoint","urlTemplate":"https:\/\/evertonfc.cz\/?s={search_term_string}"},"query-input":{"@type":"PropertyValueSpecification","valueRequired":true,"valueName":"search_term_string"}}],"inLanguage":"cs"},{"@type":"Organization","@id":"https:\/\/evertonfc.cz\/#organization","name":"Official Czech & Slovak Everton Supporters' Club","url":"https:\/\/evertonfc.cz\/","logo":{"@type":"ImageObject","inLanguage":"cs","@id":"https:\/\/evertonfc.cz\/#\/schema\/logo\/image\/","url":"https:\/\/evertonfc.cz\/wp-content\/uploads\/2019\/05\/logo.png","contentUrl":"https:\/\/evertonfc.cz\/wp-content\/uploads\/2019\/05\/logo.png","width":112,"height":112,"caption":"Official Czech & Slovak Everton Supporters' Club"},"image":{"@id":"https:\/\/evertonfc.cz\/#\/schema\/logo\/image\/"},"sameAs":["https:\/\/www.facebook.com\/everton.fans.cz.sk"]}]}},"_links":{"self":[{"href":"https:\/\/evertonfc.cz\/index.php\/wp-json\/wp\/v2\/pages\/15477"}],"collection":[{"href":"https:\/\/evertonfc.cz\/index.php\/wp-json\/wp\/v2\/pages"}],"about":[{"href":"https:\/\/evertonfc.cz\/index.php\/wp-json\/wp\/v2\/types\/page"}],"author":[{"embeddable":true,"href":"https:\/\/evertonfc.cz\/index.php\/wp-json\/wp\/v2\/users\/1"}],"replies":[{"embeddable":true,"href":"https:\/\/evertonfc.cz\/index.php\/wp-json\/wp\/v2\/comments?post=15477"}],"version-history":[{"count":2,"href":"https:\/\/evertonfc.cz\/index.php\/wp-json\/wp\/v2\/pages\/15477\/revisions"}],"predecessor-version":[{"id":15717,"href":"https:\/\/evertonfc.cz\/index.php\/wp-json\/wp\/v2\/pages\/15477\/revisions\/15717"}],"up":[{"embeddable":true,"href":"https:\/\/evertonfc.cz\/index.php\/wp-json\/wp\/v2\/pages\/86"}],"wp:featuredmedia":[{"embeddable":true,"href":"https:\/\/evertonfc.cz\/index.php\/wp-json\/wp\/v2\/media\/10327"}],"wp:attachment":[{"href":"https:\/\/evertonfc.cz\/index.php\/wp-json\/wp\/v2\/media?parent=15477"}],"curies":[{"name":"wp","href":"https:\/\/api.w.org\/{rel}","templated":true}]}}