{"id":15847,"date":"2021-07-21T10:06:03","date_gmt":"2021-07-21T08:06:03","guid":{"rendered":"https:\/\/evertonfc.cz\/?page_id=15847"},"modified":"2025-05-31T21:44:26","modified_gmt":"2025-05-31T19:44:26","slug":"asmir-begovic","status":"publish","type":"page","link":"https:\/\/evertonfc.cz\/index.php\/soupiska\/asmir-begovic\/","title":{"rendered":"Asmir Begovi\u0107"},"content":{"rendered":"<p><img decoding=\"async\" style=\"float: right; margin-right: 10px;\" src=\"https:\/\/evertonfc.cz\/wp-content\/uploads\/2025\/05\/begovic.png\" alt=\"\" \/><strong><strong>Narozen: <\/strong><\/strong>20. 06. 1987, Trebinje, Bosna a Hercegovina<strong><br \/>\n<strong>V\u00fd\u0161ka: <\/strong><\/strong>199 cm<strong><br \/>\n<strong>V\u00e1ha: <\/strong><\/strong>84 kg<strong><br \/>\n<strong>Post: <\/strong><\/strong>Brank\u00e1\u0159<strong><br \/>\n<strong>V EFC od: <\/strong><\/strong>23. 08. 2024<strong><br \/>\n<strong>Do:<\/strong><\/strong> 30. 06. 2025<\/p>\n<hr \/>\n<p>Begovi\u0107 se narodil v b\u00fdval\u00e9m jugosl\u00e1vsk\u00e9m m\u011bste\u010dku Trebinje (dnes sou\u010d\u00e1st Bosny a Hercegoviny, konkr\u00e9tn\u011b Republiky srbsk\u00e9), ve v\u00e1lkou zm\u00edtan\u00e9m Balk\u00e1nu dlouho nevydr\u017eel, v jeho \u010dty\u0159ech letech se rodina p\u0159esunula do N\u011bmecka a pozd\u011bji v jeho deseti letech dokonce a\u017e do Kanady.<\/p>\n<p>Za oce\u00e1nem rozvinul Begovi\u0107 sv\u016fj fotbalov\u00fd talent, a\u017e v roce 2003 coby \u0161estn\u00e1ctilet\u00fd usp\u011bl na zkou\u0161ce v anglick\u00e9m Portsmouthu. Jako mlad\u00fd fotbalista si odbyl tradi\u010dn\u00ed kole\u010dko po hostov\u00e1n\u00edch, prvn\u00ed seniorsk\u00e9 zku\u0161enosti sb\u00edral v Belgii \u010di ni\u017e\u0161\u00edch ostrovn\u00edch sout\u011b\u017e\u00edch.<\/p>\n<p>V dresu Pompey kone\u010dn\u011b debutoval v roce 2009, Premier League ale za\u010dal pravideln\u011b chytat a\u017e po p\u0159esunu do Stoke City o rok pozd\u011bji. Na Britannia Stadium se brzy vypracoval mezi opory a b\u011bhem p\u011bti let odchytal 173 z\u00e1pas\u016f s 50 \u010dist\u00fdmi konty.<\/p>\n<p>V roce 2015 si ho vyt\u00e1hl do Chelsea portugalsk\u00fd mana\u017eer Jos\u00e9 Mourinho, kter\u00fd sice z\u00e1hy opustil lond\u00fdnsk\u00fd velkoklub, Begovi\u0107 v\u0161ak nebyl odeps\u00e1n na druhou kolej a ve sv\u00e9 druh\u00e9 sez\u00f3n\u011b dokonce slavil zisk mistrovsk\u00e9ho titulu. Jako n\u00e1hradn\u00ed brank\u00e1\u0159 nastoupil b\u011bhem dvou let ke slu\u0161n\u00fdm 33 z\u00e1pas\u016fm.<\/p>\n<p>Z Chelsea zam\u00ed\u0159il \u00fa\u010dastn\u00edk mistrovstv\u00ed sv\u011bta 2014 v dresu Bosny a Hercegoviny za \u010d\u00e1stku 10 milion\u016f liber do Bournemouthu, kde jako mlad\u00fd kr\u00e1tce hostoval z Portsmouthu. Robustn\u00ed chlap\u00edk se t\u011b\u0161il u Cherries pravideln\u00e9mu hern\u00edmu vyt\u00ed\u017een\u00ed po dv\u011b sez\u00f3ny, d\u016fv\u011bru p\u0159estal poci\u0165ovat a\u017e p\u0159ed ro\u010dn\u00edkem 2019\/20 (i kv\u016fli n\u011bkolika zbyte\u010dn\u00fdm chyb\u00e1m), a tak se rozhodl vyzkou\u0161et si dv\u011b r\u016fznorod\u00e1 hostov\u00e1n\u00ed v \u00e1zerbajd\u017e\u00e1nsk\u00e9m Qarabagu a mil\u00e1nsk\u00e9m AC.<\/p>\n<p>Do Bournemouthu se vr\u00e1til jako jedni\u010dka p\u0159ed sez\u00f3nou 2020\/21, ve kter\u00e9 v\u0161ak celek z jihu Anglie p\u016fsobil po sestupu v Championshipu, druh\u00e9 anglick\u00e9 lize. Kdy\u017e o rok pozd\u011bji Begovi\u0107ovi ozval Evertonu z nejvy\u0161\u0161\u00ed sout\u011b\u017ee, zku\u0161en\u00fd 34let\u00fd g\u00f3lman nev\u00e1hal a zdarma p\u0159i\u0161el na Goodison Park.<\/p>\n<p>V Begovi\u0107ovi z\u00edskali Toffees st\u00e1le kvalitn\u00edho brank\u00e1\u0159e, na kter\u00e9ho byl b\u011bhem dvoulet\u00e9ho anga\u017em\u00e1 v\u017edy spoleh v p\u0159\u00edpad\u011b z\u00e1skoku z lavi\u010dky n\u00e1hradn\u00edk\u016f. Za Everton odehr\u00e1l deset sout\u011b\u017en\u00edch z\u00e1pas\u016f, v\u010detn\u011b \u010dty\u0159ech ligov\u00fdch, a udr\u017eel \u010dty\u0159i \u010dist\u00e1 konta. V l\u00e9t\u011b 2023 klub opustil po vypr\u0161en\u00ed smlouvy a zam\u00ed\u0159il d\u011blat jedni\u010dku do druholigov\u00e9ho Queens Park Rangers, kde b\u011bhem roku odchytal 46 z\u00e1pas\u016f.<\/p>\n<p>V l\u00e9t\u011b 2024 se ale QPR rozlou\u010dil po konci smlouvy a jako voln\u00fd hr\u00e1\u010d se ve 37 letech vr\u00e1til do Evertonu, kde rok plnil roli brank\u00e1\u0159sk\u00e9 trojky, ne\u017e se s klubem nadobro rozlou\u010dil v l\u00e9t\u011b 2025.<\/p>\n","protected":false},"excerpt":{"rendered":"<p>Narozen: 20. 06. 1987, Trebinje, Bosna a Hercegovina V\u00fd\u0161ka: 199 cm V\u00e1ha: 84 kg Post: Brank\u00e1\u0159 V EFC od: 23.&hellip;<\/p>\n","protected":false},"author":6,"featured_media":0,"parent":70,"menu_order":0,"comment_status":"closed","ping_status":"closed","template":"","meta":{"_eb_attr":"","_monsterinsights_skip_tracking":false,"_monsterinsights_sitenote_active":false,"_monsterinsights_sitenote_note":"","_monsterinsights_sitenote_category":0,"footnotes":""},"yoast_head":"<!-- This site is optimized with the Yoast SEO plugin v23.4 - https:\/\/yoast.com\/wordpress\/plugins\/seo\/ -->\n<title>Asmir Begovi\u0107 - Official Czech &amp; Slovak Everton Supporters&#039; Club<\/title>\n<meta name=\"robots\" content=\"index, follow, max-snippet:-1, max-image-preview:large, max-video-preview:-1\" \/>\n<link rel=\"canonical\" href=\"https:\/\/evertonfc.cz\/index.php\/soupiska\/asmir-begovic\/\" \/>\n<meta property=\"og:locale\" content=\"cs_CZ\" \/>\n<meta property=\"og:type\" content=\"article\" \/>\n<meta property=\"og:title\" content=\"Asmir Begovi\u0107 - Official Czech &amp; Slovak Everton Supporters&#039; Club\" \/>\n<meta property=\"og:description\" content=\"Narozen: 20. 06. 1987, Trebinje, Bosna a Hercegovina V\u00fd\u0161ka: 199 cm V\u00e1ha: 84 kg Post: Brank\u00e1\u0159 V EFC od: 23.&hellip;\" \/>\n<meta property=\"og:url\" content=\"https:\/\/evertonfc.cz\/index.php\/soupiska\/asmir-begovic\/\" \/>\n<meta property=\"og:site_name\" content=\"Official Czech &amp; Slovak Everton Supporters&#039; Club\" \/>\n<meta property=\"article:publisher\" content=\"https:\/\/www.facebook.com\/everton.fans.cz.sk\" \/>\n<meta property=\"article:modified_time\" content=\"2025-05-31T19:44:26+00:00\" \/>\n<meta property=\"og:image\" content=\"https:\/\/evertonfc.cz\/wp-content\/uploads\/2025\/05\/begovic.png\" \/>\n<meta name=\"twitter:card\" content=\"summary_large_image\" \/>\n<meta name=\"twitter:label1\" content=\"Odhadovan\u00e1 doba \u010dten\u00ed\" \/>\n\t<meta name=\"twitter:data1\" content=\"3 minuty\" \/>\n<script type=\"application\/ld+json\" class=\"yoast-schema-graph\">{\"@context\":\"https:\/\/schema.org\",\"@graph\":[{\"@type\":\"WebPage\",\"@id\":\"https:\/\/evertonfc.cz\/index.php\/soupiska\/asmir-begovic\/\",\"url\":\"https:\/\/evertonfc.cz\/index.php\/soupiska\/asmir-begovic\/\",\"name\":\"Asmir Begovi\u0107 - Official Czech &amp; Slovak Everton Supporters&#039; Club\",\"isPartOf\":{\"@id\":\"https:\/\/evertonfc.cz\/#website\"},\"primaryImageOfPage\":{\"@id\":\"https:\/\/evertonfc.cz\/index.php\/soupiska\/asmir-begovic\/#primaryimage\"},\"image\":{\"@id\":\"https:\/\/evertonfc.cz\/index.php\/soupiska\/asmir-begovic\/#primaryimage\"},\"thumbnailUrl\":\"https:\/\/evertonfc.cz\/wp-content\/uploads\/2025\/05\/begovic.png\",\"datePublished\":\"2021-07-21T08:06:03+00:00\",\"dateModified\":\"2025-05-31T19:44:26+00:00\",\"breadcrumb\":{\"@id\":\"https:\/\/evertonfc.cz\/index.php\/soupiska\/asmir-begovic\/#breadcrumb\"},\"inLanguage\":\"cs\",\"potentialAction\":[{\"@type\":\"ReadAction\",\"target\":[\"https:\/\/evertonfc.cz\/index.php\/soupiska\/asmir-begovic\/\"]}]},{\"@type\":\"ImageObject\",\"inLanguage\":\"cs\",\"@id\":\"https:\/\/evertonfc.cz\/index.php\/soupiska\/asmir-begovic\/#primaryimage\",\"url\":\"https:\/\/evertonfc.cz\/wp-content\/uploads\/2025\/05\/begovic.png\",\"contentUrl\":\"https:\/\/evertonfc.cz\/wp-content\/uploads\/2025\/05\/begovic.png\",\"width\":80,\"height\":83},{\"@type\":\"BreadcrumbList\",\"@id\":\"https:\/\/evertonfc.cz\/index.php\/soupiska\/asmir-begovic\/#breadcrumb\",\"itemListElement\":[{\"@type\":\"ListItem\",\"position\":1,\"name\":\"Home\",\"item\":\"https:\/\/evertonfc.cz\/\"},{\"@type\":\"ListItem\",\"position\":2,\"name\":\"Soupiska\",\"item\":\"https:\/\/evertonfc.cz\/index.php\/soupiska\/\"},{\"@type\":\"ListItem\",\"position\":3,\"name\":\"Asmir Begovi\u0107\"}]},{\"@type\":\"WebSite\",\"@id\":\"https:\/\/evertonfc.cz\/#website\",\"url\":\"https:\/\/evertonfc.cz\/\",\"name\":\"Official Czech &amp; Slovak Everton Supporters&#039; Club\",\"description\":\"\",\"publisher\":{\"@id\":\"https:\/\/evertonfc.cz\/#organization\"},\"potentialAction\":[{\"@type\":\"SearchAction\",\"target\":{\"@type\":\"EntryPoint\",\"urlTemplate\":\"https:\/\/evertonfc.cz\/?s={search_term_string}\"},\"query-input\":{\"@type\":\"PropertyValueSpecification\",\"valueRequired\":true,\"valueName\":\"search_term_string\"}}],\"inLanguage\":\"cs\"},{\"@type\":\"Organization\",\"@id\":\"https:\/\/evertonfc.cz\/#organization\",\"name\":\"Official Czech & Slovak Everton Supporters' Club\",\"url\":\"https:\/\/evertonfc.cz\/\",\"logo\":{\"@type\":\"ImageObject\",\"inLanguage\":\"cs\",\"@id\":\"https:\/\/evertonfc.cz\/#\/schema\/logo\/image\/\",\"url\":\"https:\/\/evertonfc.cz\/wp-content\/uploads\/2019\/05\/logo.png\",\"contentUrl\":\"https:\/\/evertonfc.cz\/wp-content\/uploads\/2019\/05\/logo.png\",\"width\":112,\"height\":112,\"caption\":\"Official Czech & Slovak Everton Supporters' Club\"},\"image\":{\"@id\":\"https:\/\/evertonfc.cz\/#\/schema\/logo\/image\/\"},\"sameAs\":[\"https:\/\/www.facebook.com\/everton.fans.cz.sk\"]}]}<\/script>\n<!-- \/ Yoast SEO plugin. -->","yoast_head_json":{"title":"Asmir Begovi\u0107 - Official Czech &amp; Slovak Everton Supporters&#039; Club","robots":{"index":"index","follow":"follow","max-snippet":"max-snippet:-1","max-image-preview":"max-image-preview:large","max-video-preview":"max-video-preview:-1"},"canonical":"https:\/\/evertonfc.cz\/index.php\/soupiska\/asmir-begovic\/","og_locale":"cs_CZ","og_type":"article","og_title":"Asmir Begovi\u0107 - Official Czech &amp; Slovak Everton Supporters&#039; Club","og_description":"Narozen: 20. 06. 1987, Trebinje, Bosna a Hercegovina V\u00fd\u0161ka: 199 cm V\u00e1ha: 84 kg Post: Brank\u00e1\u0159 V EFC od: 23.&hellip;","og_url":"https:\/\/evertonfc.cz\/index.php\/soupiska\/asmir-begovic\/","og_site_name":"Official Czech &amp; Slovak Everton Supporters&#039; Club","article_publisher":"https:\/\/www.facebook.com\/everton.fans.cz.sk","article_modified_time":"2025-05-31T19:44:26+00:00","og_image":[{"url":"https:\/\/evertonfc.cz\/wp-content\/uploads\/2025\/05\/begovic.png"}],"twitter_card":"summary_large_image","twitter_misc":{"Odhadovan\u00e1 doba \u010dten\u00ed":"3 minuty"},"schema":{"@context":"https:\/\/schema.org","@graph":[{"@type":"WebPage","@id":"https:\/\/evertonfc.cz\/index.php\/soupiska\/asmir-begovic\/","url":"https:\/\/evertonfc.cz\/index.php\/soupiska\/asmir-begovic\/","name":"Asmir Begovi\u0107 - Official Czech &amp; Slovak Everton Supporters&#039; Club","isPartOf":{"@id":"https:\/\/evertonfc.cz\/#website"},"primaryImageOfPage":{"@id":"https:\/\/evertonfc.cz\/index.php\/soupiska\/asmir-begovic\/#primaryimage"},"image":{"@id":"https:\/\/evertonfc.cz\/index.php\/soupiska\/asmir-begovic\/#primaryimage"},"thumbnailUrl":"https:\/\/evertonfc.cz\/wp-content\/uploads\/2025\/05\/begovic.png","datePublished":"2021-07-21T08:06:03+00:00","dateModified":"2025-05-31T19:44:26+00:00","breadcrumb":{"@id":"https:\/\/evertonfc.cz\/index.php\/soupiska\/asmir-begovic\/#breadcrumb"},"inLanguage":"cs","potentialAction":[{"@type":"ReadAction","target":["https:\/\/evertonfc.cz\/index.php\/soupiska\/asmir-begovic\/"]}]},{"@type":"ImageObject","inLanguage":"cs","@id":"https:\/\/evertonfc.cz\/index.php\/soupiska\/asmir-begovic\/#primaryimage","url":"https:\/\/evertonfc.cz\/wp-content\/uploads\/2025\/05\/begovic.png","contentUrl":"https:\/\/evertonfc.cz\/wp-content\/uploads\/2025\/05\/begovic.png","width":80,"height":83},{"@type":"BreadcrumbList","@id":"https:\/\/evertonfc.cz\/index.php\/soupiska\/asmir-begovic\/#breadcrumb","itemListElement":[{"@type":"ListItem","position":1,"name":"Home","item":"https:\/\/evertonfc.cz\/"},{"@type":"ListItem","position":2,"name":"Soupiska","item":"https:\/\/evertonfc.cz\/index.php\/soupiska\/"},{"@type":"ListItem","position":3,"name":"Asmir Begovi\u0107"}]},{"@type":"WebSite","@id":"https:\/\/evertonfc.cz\/#website","url":"https:\/\/evertonfc.cz\/","name":"Official Czech &amp; Slovak Everton Supporters&#039; Club","description":"","publisher":{"@id":"https:\/\/evertonfc.cz\/#organization"},"potentialAction":[{"@type":"SearchAction","target":{"@type":"EntryPoint","urlTemplate":"https:\/\/evertonfc.cz\/?s={search_term_string}"},"query-input":{"@type":"PropertyValueSpecification","valueRequired":true,"valueName":"search_term_string"}}],"inLanguage":"cs"},{"@type":"Organization","@id":"https:\/\/evertonfc.cz\/#organization","name":"Official Czech & Slovak Everton Supporters' Club","url":"https:\/\/evertonfc.cz\/","logo":{"@type":"ImageObject","inLanguage":"cs","@id":"https:\/\/evertonfc.cz\/#\/schema\/logo\/image\/","url":"https:\/\/evertonfc.cz\/wp-content\/uploads\/2019\/05\/logo.png","contentUrl":"https:\/\/evertonfc.cz\/wp-content\/uploads\/2019\/05\/logo.png","width":112,"height":112,"caption":"Official Czech & Slovak Everton Supporters' Club"},"image":{"@id":"https:\/\/evertonfc.cz\/#\/schema\/logo\/image\/"},"sameAs":["https:\/\/www.facebook.com\/everton.fans.cz.sk"]}]}},"_links":{"self":[{"href":"https:\/\/evertonfc.cz\/index.php\/wp-json\/wp\/v2\/pages\/15847"}],"collection":[{"href":"https:\/\/evertonfc.cz\/index.php\/wp-json\/wp\/v2\/pages"}],"about":[{"href":"https:\/\/evertonfc.cz\/index.php\/wp-json\/wp\/v2\/types\/page"}],"author":[{"embeddable":true,"href":"https:\/\/evertonfc.cz\/index.php\/wp-json\/wp\/v2\/users\/6"}],"replies":[{"embeddable":true,"href":"https:\/\/evertonfc.cz\/index.php\/wp-json\/wp\/v2\/comments?post=15847"}],"version-history":[{"count":13,"href":"https:\/\/evertonfc.cz\/index.php\/wp-json\/wp\/v2\/pages\/15847\/revisions"}],"predecessor-version":[{"id":26849,"href":"https:\/\/evertonfc.cz\/index.php\/wp-json\/wp\/v2\/pages\/15847\/revisions\/26849"}],"up":[{"embeddable":true,"href":"https:\/\/evertonfc.cz\/index.php\/wp-json\/wp\/v2\/pages\/70"}],"wp:attachment":[{"href":"https:\/\/evertonfc.cz\/index.php\/wp-json\/wp\/v2\/media?parent=15847"}],"curies":[{"name":"wp","href":"https:\/\/api.w.org\/{rel}","templated":true}]}}