{"id":25193,"date":"2024-09-04T14:33:48","date_gmt":"2024-09-04T12:33:48","guid":{"rendered":"https:\/\/evertonfc.cz\/?page_id=25193"},"modified":"2025-05-31T22:47:08","modified_gmt":"2025-05-31T20:47:08","slug":"orel-mangala","status":"publish","type":"page","link":"https:\/\/evertonfc.cz\/index.php\/soupiska\/orel-mangala\/","title":{"rendered":"Orel Johnson Mangala"},"content":{"rendered":"<p><img decoding=\"async\" style=\"float: right; margin-left: 10px; margin-right: 10px;\" src=\"https:\/\/evertonfc.cz\/wp-content\/uploads\/2025\/05\/mangala.png\" alt=\"\" \/><strong>Narozen:<\/strong> 18. 03. 1998, Brusel, Belgie<br \/>\n<strong>V\u00fd\u0161ka:<\/strong> 178 cm<br \/>\n<strong>V\u00e1ha:<\/strong> 80 kg<br \/>\n<strong>Post:<\/strong> Z\u00e1lo\u017en\u00edk<br \/>\n<strong>V EFC od: <\/strong>30. 08. 2024<br \/>\n<strong>Do:<\/strong> 30. 06. 2025<\/p>\n<hr \/>\n<p>Rod\u00e1k z Bruselu za\u010dal s fotbalem v akademii slavn\u00e9ho Anderlechtu, kde si ho v roce 2017, ve v\u011bku 19 let, vyhl\u00e9dl n\u011bmeck\u00fd Stuttgart. V tehdej\u0161\u00edm druholigov\u00e9m t\u00fdmu se tento defenzivn\u00ed z\u00e1lo\u017en\u00edk postupn\u011b, i d\u00edky \u00fasp\u011b\u0161n\u00e9mu ro\u010dn\u00edmu hostov\u00e1n\u00ed v Hamburku, prosadil do z\u00e1kladn\u00ed sestavy a v roce 2020 pomohl k postupu do Bundesligy.<\/p>\n<p>Po dvou letech v nejvy\u0161\u0161\u00ed n\u011bmeck\u00e9 sout\u011b\u017ei si Mangalu v\u0161iml Nottingham Forest, kam nakonec p\u0159estoupil za t\u00e9m\u011b\u0159 13 milion\u016f liber. I v anglick\u00e9m klubu se vypracoval na stabiln\u00edho \u010dlena z\u00e1kladn\u00ed sestavy. Jeho p\u016fsoben\u00ed u Forest v\u0161ak trvalo dva a p\u016fl a p\u0159ineslo 53 odehran\u00fdch z\u00e1pas\u016f. Na za\u010d\u00e1tku roku 2024 byl Mangala, \u00fadajn\u011b kv\u016fli finan\u010dn\u00edm probl\u00e9m\u016fm Forest, nejprve posl\u00e1n na hostov\u00e1n\u00ed a n\u00e1sledn\u011b po aktivaci opce i prod\u00e1n do Lyonu.<\/p>\n<p>Ve Francii se mu v\u0161ak p\u0159\u00edli\u0161 neda\u0159ilo. B\u011bhem \u0161esti m\u011bs\u00edc\u016f nastoupil jen do osmi utk\u00e1n\u00ed, a tak v l\u00e9t\u011b 2024 on i Lyon s radost\u00ed p\u0159ijali laso z Evertonu na ro\u010dn\u00ed hostov\u00e1n\u00ed, kam zam\u00ed\u0159il jako 19n\u00e1sobn\u00fd reprezentant Belgie.<\/p>\n<p data-start=\"43\" data-end=\"373\">Na Goodison Parku si Mangala brzy vybojoval m\u00edsto v z\u00e1kladn\u00ed sestav\u011b na pozici defenzivn\u00edho z\u00e1lo\u017en\u00edka a pod\u00e1val velmi solidn\u00ed v\u00fdkony. Bohu\u017eel na za\u010d\u00e1tku roku 2025 si v utk\u00e1n\u00ed s Brightonem p\u0159etrhl p\u0159edn\u00ed zk\u0159\u00ed\u017een\u00fd vaz, co\u017e si vy\u017e\u00e1dalo okam\u017eitou operaci a n\u011bkolikam\u011bs\u00ed\u010dn\u00ed pauzu. T\u00edmto ne\u0161\u0165astn\u00fdm zran\u011bn\u00edm jeho anga\u017em\u00e1 v Evertonu skon\u010dilo.<\/p>\n","protected":false},"excerpt":{"rendered":"<p>Narozen: 18. 03. 1998, Brusel, Belgie V\u00fd\u0161ka: 178 cm V\u00e1ha: 80 kg Post: Z\u00e1lo\u017en\u00edk V EFC od: 30. 08. 2024&hellip;<\/p>\n","protected":false},"author":6,"featured_media":0,"parent":70,"menu_order":0,"comment_status":"closed","ping_status":"closed","template":"","meta":{"_eb_attr":"","_monsterinsights_skip_tracking":false,"_monsterinsights_sitenote_active":false,"_monsterinsights_sitenote_note":"","_monsterinsights_sitenote_category":0,"footnotes":""},"yoast_head":"<!-- This site is optimized with the Yoast SEO plugin v23.4 - https:\/\/yoast.com\/wordpress\/plugins\/seo\/ -->\n<title>Orel Johnson Mangala - Official Czech &amp; Slovak Everton Supporters&#039; Club<\/title>\n<meta name=\"robots\" content=\"index, follow, max-snippet:-1, max-image-preview:large, max-video-preview:-1\" \/>\n<link rel=\"canonical\" href=\"https:\/\/evertonfc.cz\/index.php\/soupiska\/orel-mangala\/\" \/>\n<meta property=\"og:locale\" content=\"cs_CZ\" \/>\n<meta property=\"og:type\" content=\"article\" \/>\n<meta property=\"og:title\" content=\"Orel Johnson Mangala - Official Czech &amp; Slovak Everton Supporters&#039; Club\" \/>\n<meta property=\"og:description\" content=\"Narozen: 18. 03. 1998, Brusel, Belgie V\u00fd\u0161ka: 178 cm V\u00e1ha: 80 kg Post: Z\u00e1lo\u017en\u00edk V EFC od: 30. 08. 2024&hellip;\" \/>\n<meta property=\"og:url\" content=\"https:\/\/evertonfc.cz\/index.php\/soupiska\/orel-mangala\/\" \/>\n<meta property=\"og:site_name\" content=\"Official Czech &amp; Slovak Everton Supporters&#039; Club\" \/>\n<meta property=\"article:publisher\" content=\"https:\/\/www.facebook.com\/everton.fans.cz.sk\" \/>\n<meta property=\"article:modified_time\" content=\"2025-05-31T20:47:08+00:00\" \/>\n<meta property=\"og:image\" content=\"https:\/\/evertonfc.cz\/wp-content\/uploads\/2025\/05\/mangala.png\" \/>\n<meta name=\"twitter:card\" content=\"summary_large_image\" \/>\n<meta name=\"twitter:label1\" content=\"Odhadovan\u00e1 doba \u010dten\u00ed\" \/>\n\t<meta name=\"twitter:data1\" content=\"2 minuty\" \/>\n<script type=\"application\/ld+json\" class=\"yoast-schema-graph\">{\"@context\":\"https:\/\/schema.org\",\"@graph\":[{\"@type\":\"WebPage\",\"@id\":\"https:\/\/evertonfc.cz\/index.php\/soupiska\/orel-mangala\/\",\"url\":\"https:\/\/evertonfc.cz\/index.php\/soupiska\/orel-mangala\/\",\"name\":\"Orel Johnson Mangala - Official Czech &amp; Slovak Everton Supporters&#039; Club\",\"isPartOf\":{\"@id\":\"https:\/\/evertonfc.cz\/#website\"},\"primaryImageOfPage\":{\"@id\":\"https:\/\/evertonfc.cz\/index.php\/soupiska\/orel-mangala\/#primaryimage\"},\"image\":{\"@id\":\"https:\/\/evertonfc.cz\/index.php\/soupiska\/orel-mangala\/#primaryimage\"},\"thumbnailUrl\":\"https:\/\/evertonfc.cz\/wp-content\/uploads\/2025\/05\/mangala.png\",\"datePublished\":\"2024-09-04T12:33:48+00:00\",\"dateModified\":\"2025-05-31T20:47:08+00:00\",\"breadcrumb\":{\"@id\":\"https:\/\/evertonfc.cz\/index.php\/soupiska\/orel-mangala\/#breadcrumb\"},\"inLanguage\":\"cs\",\"potentialAction\":[{\"@type\":\"ReadAction\",\"target\":[\"https:\/\/evertonfc.cz\/index.php\/soupiska\/orel-mangala\/\"]}]},{\"@type\":\"ImageObject\",\"inLanguage\":\"cs\",\"@id\":\"https:\/\/evertonfc.cz\/index.php\/soupiska\/orel-mangala\/#primaryimage\",\"url\":\"https:\/\/evertonfc.cz\/wp-content\/uploads\/2025\/05\/mangala.png\",\"contentUrl\":\"https:\/\/evertonfc.cz\/wp-content\/uploads\/2025\/05\/mangala.png\",\"width\":80,\"height\":83},{\"@type\":\"BreadcrumbList\",\"@id\":\"https:\/\/evertonfc.cz\/index.php\/soupiska\/orel-mangala\/#breadcrumb\",\"itemListElement\":[{\"@type\":\"ListItem\",\"position\":1,\"name\":\"Home\",\"item\":\"https:\/\/evertonfc.cz\/\"},{\"@type\":\"ListItem\",\"position\":2,\"name\":\"Soupiska\",\"item\":\"https:\/\/evertonfc.cz\/index.php\/soupiska\/\"},{\"@type\":\"ListItem\",\"position\":3,\"name\":\"Orel Johnson Mangala\"}]},{\"@type\":\"WebSite\",\"@id\":\"https:\/\/evertonfc.cz\/#website\",\"url\":\"https:\/\/evertonfc.cz\/\",\"name\":\"Official Czech &amp; Slovak Everton Supporters&#039; Club\",\"description\":\"\",\"publisher\":{\"@id\":\"https:\/\/evertonfc.cz\/#organization\"},\"potentialAction\":[{\"@type\":\"SearchAction\",\"target\":{\"@type\":\"EntryPoint\",\"urlTemplate\":\"https:\/\/evertonfc.cz\/?s={search_term_string}\"},\"query-input\":{\"@type\":\"PropertyValueSpecification\",\"valueRequired\":true,\"valueName\":\"search_term_string\"}}],\"inLanguage\":\"cs\"},{\"@type\":\"Organization\",\"@id\":\"https:\/\/evertonfc.cz\/#organization\",\"name\":\"Official Czech & Slovak Everton Supporters' Club\",\"url\":\"https:\/\/evertonfc.cz\/\",\"logo\":{\"@type\":\"ImageObject\",\"inLanguage\":\"cs\",\"@id\":\"https:\/\/evertonfc.cz\/#\/schema\/logo\/image\/\",\"url\":\"https:\/\/evertonfc.cz\/wp-content\/uploads\/2019\/05\/logo.png\",\"contentUrl\":\"https:\/\/evertonfc.cz\/wp-content\/uploads\/2019\/05\/logo.png\",\"width\":112,\"height\":112,\"caption\":\"Official Czech & Slovak Everton Supporters' Club\"},\"image\":{\"@id\":\"https:\/\/evertonfc.cz\/#\/schema\/logo\/image\/\"},\"sameAs\":[\"https:\/\/www.facebook.com\/everton.fans.cz.sk\"]}]}<\/script>\n<!-- \/ Yoast SEO plugin. -->","yoast_head_json":{"title":"Orel Johnson Mangala - Official Czech &amp; Slovak Everton Supporters&#039; Club","robots":{"index":"index","follow":"follow","max-snippet":"max-snippet:-1","max-image-preview":"max-image-preview:large","max-video-preview":"max-video-preview:-1"},"canonical":"https:\/\/evertonfc.cz\/index.php\/soupiska\/orel-mangala\/","og_locale":"cs_CZ","og_type":"article","og_title":"Orel Johnson Mangala - Official Czech &amp; Slovak Everton Supporters&#039; Club","og_description":"Narozen: 18. 03. 1998, Brusel, Belgie V\u00fd\u0161ka: 178 cm V\u00e1ha: 80 kg Post: Z\u00e1lo\u017en\u00edk V EFC od: 30. 08. 2024&hellip;","og_url":"https:\/\/evertonfc.cz\/index.php\/soupiska\/orel-mangala\/","og_site_name":"Official Czech &amp; Slovak Everton Supporters&#039; Club","article_publisher":"https:\/\/www.facebook.com\/everton.fans.cz.sk","article_modified_time":"2025-05-31T20:47:08+00:00","og_image":[{"url":"https:\/\/evertonfc.cz\/wp-content\/uploads\/2025\/05\/mangala.png"}],"twitter_card":"summary_large_image","twitter_misc":{"Odhadovan\u00e1 doba \u010dten\u00ed":"2 minuty"},"schema":{"@context":"https:\/\/schema.org","@graph":[{"@type":"WebPage","@id":"https:\/\/evertonfc.cz\/index.php\/soupiska\/orel-mangala\/","url":"https:\/\/evertonfc.cz\/index.php\/soupiska\/orel-mangala\/","name":"Orel Johnson Mangala - Official Czech &amp; Slovak Everton Supporters&#039; Club","isPartOf":{"@id":"https:\/\/evertonfc.cz\/#website"},"primaryImageOfPage":{"@id":"https:\/\/evertonfc.cz\/index.php\/soupiska\/orel-mangala\/#primaryimage"},"image":{"@id":"https:\/\/evertonfc.cz\/index.php\/soupiska\/orel-mangala\/#primaryimage"},"thumbnailUrl":"https:\/\/evertonfc.cz\/wp-content\/uploads\/2025\/05\/mangala.png","datePublished":"2024-09-04T12:33:48+00:00","dateModified":"2025-05-31T20:47:08+00:00","breadcrumb":{"@id":"https:\/\/evertonfc.cz\/index.php\/soupiska\/orel-mangala\/#breadcrumb"},"inLanguage":"cs","potentialAction":[{"@type":"ReadAction","target":["https:\/\/evertonfc.cz\/index.php\/soupiska\/orel-mangala\/"]}]},{"@type":"ImageObject","inLanguage":"cs","@id":"https:\/\/evertonfc.cz\/index.php\/soupiska\/orel-mangala\/#primaryimage","url":"https:\/\/evertonfc.cz\/wp-content\/uploads\/2025\/05\/mangala.png","contentUrl":"https:\/\/evertonfc.cz\/wp-content\/uploads\/2025\/05\/mangala.png","width":80,"height":83},{"@type":"BreadcrumbList","@id":"https:\/\/evertonfc.cz\/index.php\/soupiska\/orel-mangala\/#breadcrumb","itemListElement":[{"@type":"ListItem","position":1,"name":"Home","item":"https:\/\/evertonfc.cz\/"},{"@type":"ListItem","position":2,"name":"Soupiska","item":"https:\/\/evertonfc.cz\/index.php\/soupiska\/"},{"@type":"ListItem","position":3,"name":"Orel Johnson Mangala"}]},{"@type":"WebSite","@id":"https:\/\/evertonfc.cz\/#website","url":"https:\/\/evertonfc.cz\/","name":"Official Czech &amp; Slovak Everton Supporters&#039; Club","description":"","publisher":{"@id":"https:\/\/evertonfc.cz\/#organization"},"potentialAction":[{"@type":"SearchAction","target":{"@type":"EntryPoint","urlTemplate":"https:\/\/evertonfc.cz\/?s={search_term_string}"},"query-input":{"@type":"PropertyValueSpecification","valueRequired":true,"valueName":"search_term_string"}}],"inLanguage":"cs"},{"@type":"Organization","@id":"https:\/\/evertonfc.cz\/#organization","name":"Official Czech & Slovak Everton Supporters' Club","url":"https:\/\/evertonfc.cz\/","logo":{"@type":"ImageObject","inLanguage":"cs","@id":"https:\/\/evertonfc.cz\/#\/schema\/logo\/image\/","url":"https:\/\/evertonfc.cz\/wp-content\/uploads\/2019\/05\/logo.png","contentUrl":"https:\/\/evertonfc.cz\/wp-content\/uploads\/2019\/05\/logo.png","width":112,"height":112,"caption":"Official Czech & Slovak Everton Supporters' Club"},"image":{"@id":"https:\/\/evertonfc.cz\/#\/schema\/logo\/image\/"},"sameAs":["https:\/\/www.facebook.com\/everton.fans.cz.sk"]}]}},"_links":{"self":[{"href":"https:\/\/evertonfc.cz\/index.php\/wp-json\/wp\/v2\/pages\/25193"}],"collection":[{"href":"https:\/\/evertonfc.cz\/index.php\/wp-json\/wp\/v2\/pages"}],"about":[{"href":"https:\/\/evertonfc.cz\/index.php\/wp-json\/wp\/v2\/types\/page"}],"author":[{"embeddable":true,"href":"https:\/\/evertonfc.cz\/index.php\/wp-json\/wp\/v2\/users\/6"}],"replies":[{"embeddable":true,"href":"https:\/\/evertonfc.cz\/index.php\/wp-json\/wp\/v2\/comments?post=25193"}],"version-history":[{"count":4,"href":"https:\/\/evertonfc.cz\/index.php\/wp-json\/wp\/v2\/pages\/25193\/revisions"}],"predecessor-version":[{"id":26863,"href":"https:\/\/evertonfc.cz\/index.php\/wp-json\/wp\/v2\/pages\/25193\/revisions\/26863"}],"up":[{"embeddable":true,"href":"https:\/\/evertonfc.cz\/index.php\/wp-json\/wp\/v2\/pages\/70"}],"wp:attachment":[{"href":"https:\/\/evertonfc.cz\/index.php\/wp-json\/wp\/v2\/media?parent=25193"}],"curies":[{"name":"wp","href":"https:\/\/api.w.org\/{rel}","templated":true}]}}