{"id":26249,"date":"2025-02-04T18:59:43","date_gmt":"2025-02-04T17:59:43","guid":{"rendered":"https:\/\/evertonfc.cz\/?page_id=26249"},"modified":"2025-09-08T16:53:03","modified_gmt":"2025-09-08T14:53:03","slug":"carlos-alcaraz","status":"publish","type":"page","link":"https:\/\/evertonfc.cz\/index.php\/soupiska\/carlos-alcaraz\/","title":{"rendered":"Carlos Jonas Alcaraz Dur\u00e1n"},"content":{"rendered":"<p><img loading=\"lazy\" decoding=\"async\" style=\"float: right; margin-left: 10px; margin-right: 10px;\" src=\"https:\/\/evertonfc.cz\/wp-content\/uploads\/2025\/09\/alcaraz2025.png\" alt=\"\" width=\"160\" height=\"160\" \/><strong>Narozen:<\/strong> 30. 11. 2002, La Plata, Argentina<br \/>\n<strong>V\u00fd\u0161ka:<\/strong> 176 cm<br \/>\n<strong>V\u00e1ha:<\/strong> 68 kg<br \/>\n<strong>Post:<\/strong> Ofenzivn\u00ed z\u00e1lo\u017en\u00edk<br \/>\n<strong>\u010c\u00edslo dresu: <\/strong>24<br \/>\n<strong>V EFC od: <\/strong>03. 02. 2025<br \/>\n<strong>Smlouva do:<\/strong> 30. 06. 2027<\/p>\n<hr \/>\n<p>Charly Alcaraz, jak se tomuto rod\u00e1kovi z m\u011bsta La Plata famili\u00e1rn\u011b p\u0159ezd\u00edv\u00e1, co\u017e ho chyt\u0159e odli\u0161uje od sv\u00e9ho jmenovce z tenisov\u00fdch kurt\u016f, zapo\u010dal svou profesion\u00e1ln\u00ed kari\u00e9ru v 15 letech v argentinsk\u00e9m celku Racing Club. Seniorsk\u00e9ho debutu se do\u010dkal v roce 2020 jako 17let\u00fd a brzy se objevil v hled\u00e1\u010dku skaut\u016f n\u011bkolika evropsk\u00fdch t\u00fdm\u016f. Na za\u010d\u00e1tku roku 2023 ho za 12 milion\u016f liber nakonec koupil tehdy prvoligov\u00fd Southampton. Alcaraz se v Premier League aklimatizoval celkem rychle a b\u011bhem jarn\u00ed \u010d\u00e1sti sez\u00f3ny 2022\/23 nastoupil do 18 z\u00e1pas\u016f, v nich\u017e vst\u0159elil \u010dty\u0159i branky. Sestupu Saints nicm\u00e9n\u011b nedok\u00e1zal zabr\u00e1nit.<\/p>\n<p>V Championship vydr\u017eel Alcaraz pouze p\u016fl roku, ne\u017e ho na p\u0159ekvapiv\u00e9 hostov\u00e1n\u00ed do konce sez\u00f3ny z\u00edskal Juventus. V It\u00e1lii v\u0161ak sp\u00ed\u0161e pab\u011brkoval, Bianconeri dle o\u010dek\u00e1v\u00e1n\u00ed nevyu\u017eili opci ve v\u00fd\u0161i 40 milion\u016f liber, a tak se v l\u00e9t\u011b 2024 vr\u00e1til na St Mary\u2019s Stadium. Dokonce nasko\u010dil i do prvn\u00edho kola aktu\u00e1ln\u00edho ro\u010dn\u00edku Premier League, s p\u0159ekvapivou nab\u00eddkou v\u0161ak koncem srpna p\u0159isp\u011bchalo brazilsk\u00e9 Flamengo, kter\u00e9 n\u00e1kupem za 15 milion\u016f liber stanovilo sv\u016fj nov\u00fd p\u0159estupov\u00fd rekord.<\/p>\n<p data-start=\"61\" data-end=\"646\">Ov\u0161em uplynul dal\u0161\u00ed p\u016flrok a Charly op\u011bt m\u011bnil p\u016fsobi\u0161t\u011b. V zim\u011b 2025 ho na hostov\u00e1n\u00ed do konce sez\u00f3ny anga\u017eoval Everton, v jeho\u017e dresu se rychle aklimatizoval a brzy uk\u00e1zal sv\u00e9 kvality. Na ja\u0159e nastoupil v lize sedmkr\u00e1t v z\u00e1kladn\u00ed sestav\u011b a v dal\u0161\u00edch dev\u00edti z\u00e1pasech p\u0159i\u0161el na h\u0159i\u0161t\u011b jako st\u0159\u00eddaj\u00edc\u00ed hr\u00e1\u010d. B\u011bhem t\u00e9to doby vst\u0159elil dv\u011b branky a na dal\u0161\u00ed t\u0159i p\u0159ihr\u00e1l. Nebylo proto p\u0159ekvapen\u00edm, \u017ee Toffees uplatnili opci na p\u0159estup a 22let\u00e9ho z\u00e1lo\u017en\u00edka vykoupili z Flamenga za 12,6 milionu liber. Dal\u0161\u00edch 2,5 milionu liber m\u016f\u017ee brazilsk\u00fd celek z\u00edskat prost\u0159ednictv\u00edm v\u00fdkonnostn\u00edch bonus\u016f.<\/p>\n<p data-start=\"648\" data-end=\"748\">Alcaraz podepsal s Evertonem smlouvu na dva roky, p\u0159i\u010dem\u017e klub m\u00e1 mo\u017enost prodlou\u017eit ji o dal\u0161\u00ed rok.<\/p>\n","protected":false},"excerpt":{"rendered":"<p>Narozen: 30. 11. 2002, La Plata, Argentina V\u00fd\u0161ka: 176 cm V\u00e1ha: 68 kg Post: Ofenzivn\u00ed z\u00e1lo\u017en\u00edk \u010c\u00edslo dresu: 24 V&hellip;<\/p>\n","protected":false},"author":6,"featured_media":0,"parent":70,"menu_order":0,"comment_status":"closed","ping_status":"closed","template":"","meta":{"_eb_attr":"","_monsterinsights_skip_tracking":false,"_monsterinsights_sitenote_active":false,"_monsterinsights_sitenote_note":"","_monsterinsights_sitenote_category":0,"footnotes":""},"yoast_head":"<!-- This site is optimized with the Yoast SEO plugin v23.4 - https:\/\/yoast.com\/wordpress\/plugins\/seo\/ -->\n<title>Carlos Jonas Alcaraz Dur\u00e1n - Official Czech &amp; Slovak Everton Supporters&#039; Club<\/title>\n<meta name=\"robots\" content=\"index, follow, max-snippet:-1, max-image-preview:large, max-video-preview:-1\" \/>\n<link rel=\"canonical\" href=\"https:\/\/evertonfc.cz\/index.php\/soupiska\/carlos-alcaraz\/\" \/>\n<meta property=\"og:locale\" content=\"cs_CZ\" \/>\n<meta property=\"og:type\" content=\"article\" \/>\n<meta property=\"og:title\" content=\"Carlos Jonas Alcaraz Dur\u00e1n - Official Czech &amp; Slovak Everton Supporters&#039; Club\" \/>\n<meta property=\"og:description\" content=\"Narozen: 30. 11. 2002, La Plata, Argentina V\u00fd\u0161ka: 176 cm V\u00e1ha: 68 kg Post: Ofenzivn\u00ed z\u00e1lo\u017en\u00edk \u010c\u00edslo dresu: 24 V&hellip;\" \/>\n<meta property=\"og:url\" content=\"https:\/\/evertonfc.cz\/index.php\/soupiska\/carlos-alcaraz\/\" \/>\n<meta property=\"og:site_name\" content=\"Official Czech &amp; Slovak Everton Supporters&#039; Club\" \/>\n<meta property=\"article:publisher\" content=\"https:\/\/www.facebook.com\/everton.fans.cz.sk\" \/>\n<meta property=\"article:modified_time\" content=\"2025-09-08T14:53:03+00:00\" \/>\n<meta property=\"og:image\" content=\"https:\/\/evertonfc.cz\/wp-content\/uploads\/2025\/09\/alcaraz2025.png\" \/>\n<meta name=\"twitter:card\" content=\"summary_large_image\" \/>\n<meta name=\"twitter:label1\" content=\"Odhadovan\u00e1 doba \u010dten\u00ed\" \/>\n\t<meta name=\"twitter:data1\" content=\"2 minuty\" \/>\n<script type=\"application\/ld+json\" class=\"yoast-schema-graph\">{\"@context\":\"https:\/\/schema.org\",\"@graph\":[{\"@type\":\"WebPage\",\"@id\":\"https:\/\/evertonfc.cz\/index.php\/soupiska\/carlos-alcaraz\/\",\"url\":\"https:\/\/evertonfc.cz\/index.php\/soupiska\/carlos-alcaraz\/\",\"name\":\"Carlos Jonas Alcaraz Dur\u00e1n - Official Czech &amp; Slovak Everton Supporters&#039; Club\",\"isPartOf\":{\"@id\":\"https:\/\/evertonfc.cz\/#website\"},\"primaryImageOfPage\":{\"@id\":\"https:\/\/evertonfc.cz\/index.php\/soupiska\/carlos-alcaraz\/#primaryimage\"},\"image\":{\"@id\":\"https:\/\/evertonfc.cz\/index.php\/soupiska\/carlos-alcaraz\/#primaryimage\"},\"thumbnailUrl\":\"https:\/\/evertonfc.cz\/wp-content\/uploads\/2025\/09\/alcaraz2025.png\",\"datePublished\":\"2025-02-04T17:59:43+00:00\",\"dateModified\":\"2025-09-08T14:53:03+00:00\",\"breadcrumb\":{\"@id\":\"https:\/\/evertonfc.cz\/index.php\/soupiska\/carlos-alcaraz\/#breadcrumb\"},\"inLanguage\":\"cs\",\"potentialAction\":[{\"@type\":\"ReadAction\",\"target\":[\"https:\/\/evertonfc.cz\/index.php\/soupiska\/carlos-alcaraz\/\"]}]},{\"@type\":\"ImageObject\",\"inLanguage\":\"cs\",\"@id\":\"https:\/\/evertonfc.cz\/index.php\/soupiska\/carlos-alcaraz\/#primaryimage\",\"url\":\"https:\/\/evertonfc.cz\/wp-content\/uploads\/2025\/09\/alcaraz2025.png\",\"contentUrl\":\"https:\/\/evertonfc.cz\/wp-content\/uploads\/2025\/09\/alcaraz2025.png\",\"width\":300,\"height\":300},{\"@type\":\"BreadcrumbList\",\"@id\":\"https:\/\/evertonfc.cz\/index.php\/soupiska\/carlos-alcaraz\/#breadcrumb\",\"itemListElement\":[{\"@type\":\"ListItem\",\"position\":1,\"name\":\"Home\",\"item\":\"https:\/\/evertonfc.cz\/\"},{\"@type\":\"ListItem\",\"position\":2,\"name\":\"Soupiska\",\"item\":\"https:\/\/evertonfc.cz\/index.php\/soupiska\/\"},{\"@type\":\"ListItem\",\"position\":3,\"name\":\"Carlos Jonas Alcaraz Dur\u00e1n\"}]},{\"@type\":\"WebSite\",\"@id\":\"https:\/\/evertonfc.cz\/#website\",\"url\":\"https:\/\/evertonfc.cz\/\",\"name\":\"Official Czech &amp; Slovak Everton Supporters&#039; Club\",\"description\":\"\",\"publisher\":{\"@id\":\"https:\/\/evertonfc.cz\/#organization\"},\"potentialAction\":[{\"@type\":\"SearchAction\",\"target\":{\"@type\":\"EntryPoint\",\"urlTemplate\":\"https:\/\/evertonfc.cz\/?s={search_term_string}\"},\"query-input\":{\"@type\":\"PropertyValueSpecification\",\"valueRequired\":true,\"valueName\":\"search_term_string\"}}],\"inLanguage\":\"cs\"},{\"@type\":\"Organization\",\"@id\":\"https:\/\/evertonfc.cz\/#organization\",\"name\":\"Official Czech & Slovak Everton Supporters' Club\",\"url\":\"https:\/\/evertonfc.cz\/\",\"logo\":{\"@type\":\"ImageObject\",\"inLanguage\":\"cs\",\"@id\":\"https:\/\/evertonfc.cz\/#\/schema\/logo\/image\/\",\"url\":\"https:\/\/evertonfc.cz\/wp-content\/uploads\/2019\/05\/logo.png\",\"contentUrl\":\"https:\/\/evertonfc.cz\/wp-content\/uploads\/2019\/05\/logo.png\",\"width\":112,\"height\":112,\"caption\":\"Official Czech & Slovak Everton Supporters' Club\"},\"image\":{\"@id\":\"https:\/\/evertonfc.cz\/#\/schema\/logo\/image\/\"},\"sameAs\":[\"https:\/\/www.facebook.com\/everton.fans.cz.sk\"]}]}<\/script>\n<!-- \/ Yoast SEO plugin. -->","yoast_head_json":{"title":"Carlos Jonas Alcaraz Dur\u00e1n - Official Czech &amp; Slovak Everton Supporters&#039; Club","robots":{"index":"index","follow":"follow","max-snippet":"max-snippet:-1","max-image-preview":"max-image-preview:large","max-video-preview":"max-video-preview:-1"},"canonical":"https:\/\/evertonfc.cz\/index.php\/soupiska\/carlos-alcaraz\/","og_locale":"cs_CZ","og_type":"article","og_title":"Carlos Jonas Alcaraz Dur\u00e1n - Official Czech &amp; Slovak Everton Supporters&#039; Club","og_description":"Narozen: 30. 11. 2002, La Plata, Argentina V\u00fd\u0161ka: 176 cm V\u00e1ha: 68 kg Post: Ofenzivn\u00ed z\u00e1lo\u017en\u00edk \u010c\u00edslo dresu: 24 V&hellip;","og_url":"https:\/\/evertonfc.cz\/index.php\/soupiska\/carlos-alcaraz\/","og_site_name":"Official Czech &amp; Slovak Everton Supporters&#039; Club","article_publisher":"https:\/\/www.facebook.com\/everton.fans.cz.sk","article_modified_time":"2025-09-08T14:53:03+00:00","og_image":[{"url":"https:\/\/evertonfc.cz\/wp-content\/uploads\/2025\/09\/alcaraz2025.png"}],"twitter_card":"summary_large_image","twitter_misc":{"Odhadovan\u00e1 doba \u010dten\u00ed":"2 minuty"},"schema":{"@context":"https:\/\/schema.org","@graph":[{"@type":"WebPage","@id":"https:\/\/evertonfc.cz\/index.php\/soupiska\/carlos-alcaraz\/","url":"https:\/\/evertonfc.cz\/index.php\/soupiska\/carlos-alcaraz\/","name":"Carlos Jonas Alcaraz Dur\u00e1n - Official Czech &amp; Slovak Everton Supporters&#039; Club","isPartOf":{"@id":"https:\/\/evertonfc.cz\/#website"},"primaryImageOfPage":{"@id":"https:\/\/evertonfc.cz\/index.php\/soupiska\/carlos-alcaraz\/#primaryimage"},"image":{"@id":"https:\/\/evertonfc.cz\/index.php\/soupiska\/carlos-alcaraz\/#primaryimage"},"thumbnailUrl":"https:\/\/evertonfc.cz\/wp-content\/uploads\/2025\/09\/alcaraz2025.png","datePublished":"2025-02-04T17:59:43+00:00","dateModified":"2025-09-08T14:53:03+00:00","breadcrumb":{"@id":"https:\/\/evertonfc.cz\/index.php\/soupiska\/carlos-alcaraz\/#breadcrumb"},"inLanguage":"cs","potentialAction":[{"@type":"ReadAction","target":["https:\/\/evertonfc.cz\/index.php\/soupiska\/carlos-alcaraz\/"]}]},{"@type":"ImageObject","inLanguage":"cs","@id":"https:\/\/evertonfc.cz\/index.php\/soupiska\/carlos-alcaraz\/#primaryimage","url":"https:\/\/evertonfc.cz\/wp-content\/uploads\/2025\/09\/alcaraz2025.png","contentUrl":"https:\/\/evertonfc.cz\/wp-content\/uploads\/2025\/09\/alcaraz2025.png","width":300,"height":300},{"@type":"BreadcrumbList","@id":"https:\/\/evertonfc.cz\/index.php\/soupiska\/carlos-alcaraz\/#breadcrumb","itemListElement":[{"@type":"ListItem","position":1,"name":"Home","item":"https:\/\/evertonfc.cz\/"},{"@type":"ListItem","position":2,"name":"Soupiska","item":"https:\/\/evertonfc.cz\/index.php\/soupiska\/"},{"@type":"ListItem","position":3,"name":"Carlos Jonas Alcaraz Dur\u00e1n"}]},{"@type":"WebSite","@id":"https:\/\/evertonfc.cz\/#website","url":"https:\/\/evertonfc.cz\/","name":"Official Czech &amp; Slovak Everton Supporters&#039; Club","description":"","publisher":{"@id":"https:\/\/evertonfc.cz\/#organization"},"potentialAction":[{"@type":"SearchAction","target":{"@type":"EntryPoint","urlTemplate":"https:\/\/evertonfc.cz\/?s={search_term_string}"},"query-input":{"@type":"PropertyValueSpecification","valueRequired":true,"valueName":"search_term_string"}}],"inLanguage":"cs"},{"@type":"Organization","@id":"https:\/\/evertonfc.cz\/#organization","name":"Official Czech & Slovak Everton Supporters' Club","url":"https:\/\/evertonfc.cz\/","logo":{"@type":"ImageObject","inLanguage":"cs","@id":"https:\/\/evertonfc.cz\/#\/schema\/logo\/image\/","url":"https:\/\/evertonfc.cz\/wp-content\/uploads\/2019\/05\/logo.png","contentUrl":"https:\/\/evertonfc.cz\/wp-content\/uploads\/2019\/05\/logo.png","width":112,"height":112,"caption":"Official Czech & Slovak Everton Supporters' Club"},"image":{"@id":"https:\/\/evertonfc.cz\/#\/schema\/logo\/image\/"},"sameAs":["https:\/\/www.facebook.com\/everton.fans.cz.sk"]}]}},"_links":{"self":[{"href":"https:\/\/evertonfc.cz\/index.php\/wp-json\/wp\/v2\/pages\/26249"}],"collection":[{"href":"https:\/\/evertonfc.cz\/index.php\/wp-json\/wp\/v2\/pages"}],"about":[{"href":"https:\/\/evertonfc.cz\/index.php\/wp-json\/wp\/v2\/types\/page"}],"author":[{"embeddable":true,"href":"https:\/\/evertonfc.cz\/index.php\/wp-json\/wp\/v2\/users\/6"}],"replies":[{"embeddable":true,"href":"https:\/\/evertonfc.cz\/index.php\/wp-json\/wp\/v2\/comments?post=26249"}],"version-history":[{"count":5,"href":"https:\/\/evertonfc.cz\/index.php\/wp-json\/wp\/v2\/pages\/26249\/revisions"}],"predecessor-version":[{"id":27508,"href":"https:\/\/evertonfc.cz\/index.php\/wp-json\/wp\/v2\/pages\/26249\/revisions\/27508"}],"up":[{"embeddable":true,"href":"https:\/\/evertonfc.cz\/index.php\/wp-json\/wp\/v2\/pages\/70"}],"wp:attachment":[{"href":"https:\/\/evertonfc.cz\/index.php\/wp-json\/wp\/v2\/media?parent=26249"}],"curies":[{"name":"wp","href":"https:\/\/api.w.org\/{rel}","templated":true}]}}