{"id":6753,"date":"2019-02-21T23:29:39","date_gmt":"2019-02-21T22:29:39","guid":{"rendered":"http:\/\/evertonfc.cz\/?page_id=6753"},"modified":"2021-08-21T13:30:51","modified_gmt":"2021-08-21T11:30:51","slug":"rici","status":"publish","type":"page","link":"https:\/\/evertonfc.cz\/index.php\/rici\/","title":{"rendered":"Ri\u010di"},"content":{"rendered":"<p><a href=\"https:\/\/twitter.com\/rbrejsa\" target=\"_blank\" rel=\"noopener noreferrer\"><img loading=\"lazy\" decoding=\"async\" src=\"http:\/\/evertonfc.cz\/wp-content\/uploads\/2019\/02\/twitter.png\" alt=\"\" width=\"30\" height=\"30\" \/><\/a><br \/>\n<strong>Funkce:<\/strong> admin\/redaktor<br \/>\n<strong>Ve slu\u017eb\u00e1ch EFC od:<\/strong> leden 2008<br \/>\n<strong>Kontakt:<\/strong> <a href=\"mailto:czskevertonians@gmail.com\">czskevertonians@gmail.com<\/a><br \/>\n<a href=\"http:\/\/evertonfc.cz\/index.php\/author\/rici\/\"><strong>Soupis \u010dl\u00e1nk\u016f<\/strong><\/a><\/p>\n<hr \/>\n<p>Everton mi soustavn\u011b ni\u010d\u00ed \u017eivot n\u011bkdy od druh\u00e9 poloviny roku 2002, kdy m\u011b coby kluka na prahu puberty zaujal jin\u00fd p\u0159idrzl\u00fd mlad\u00edk, jeho\u017e jm\u00e9no jsme si m\u011bli v\u0161ichni pamatovat. Velmi m\u011b proto mrz\u00ed, \u017ee jsem Rooneyho vid\u011bl u\u017e dvakr\u00e1t odch\u00e1zet z Evertonu.<\/p>\n<p>Je\u0161t\u011b v\u00edce l\u00edto mi je v\u0161ak sou\u010dasn\u00e9ho zab\u0159ednut\u00ed klubu do \u0161ed\u00e9ho pr\u016fm\u011br\u016f, a to v mnoho aspektech, nejen fotbalov\u011b v\u00fdkonnostn\u00edho. Everton m\u00e1 toti\u017e potenci\u00e1l pat\u0159it ke \u0161pi\u010dce v Anglii, k \u010demu\u017e ho tak\u00e9 p\u0159edur\u010duje jeho bohat\u00e1 a \u00fasp\u011b\u0161n\u00e1 historie.<\/p>\n<p>Na p\u0159elomu let 2007 a 2008 jsme s dal\u0161\u00edmi tuzemsk\u00fdmi nad\u0161enci dostali n\u00e1pad zalo\u017eit web, kter\u00fd bude sdru\u017eovat \u010desko-slovenskou komunitu Evertonu. Jsem r\u00e1d, \u017ee se n\u00e1m to da\u0159\u00ed.<\/p>\n<p>Nevybavuji si lep\u0161\u00ed sportovn\u00ed z\u00e1\u017eitek ne\u017e slavit g\u00f3l na Gwladys.<\/p>\n","protected":false},"excerpt":{"rendered":"<p>Funkce: admin\/redaktor Ve slu\u017eb\u00e1ch EFC od: leden 2008 Kontakt: czskevertonians@gmail.com Soupis \u010dl\u00e1nk\u016f Everton mi soustavn\u011b ni\u010d\u00ed \u017eivot n\u011bkdy od druh\u00e9&hellip;<\/p>\n","protected":false},"author":1,"featured_media":0,"parent":0,"menu_order":0,"comment_status":"closed","ping_status":"closed","template":"","meta":{"_eb_attr":"","_monsterinsights_skip_tracking":false,"_monsterinsights_sitenote_active":false,"_monsterinsights_sitenote_note":"","_monsterinsights_sitenote_category":0,"footnotes":""},"yoast_head":"<!-- This site is optimized with the Yoast SEO plugin v23.4 - https:\/\/yoast.com\/wordpress\/plugins\/seo\/ -->\n<title>Ri\u010di - Official Czech &amp; Slovak Everton Supporters&#039; Club<\/title>\n<meta name=\"robots\" content=\"index, follow, max-snippet:-1, max-image-preview:large, max-video-preview:-1\" \/>\n<link rel=\"canonical\" href=\"https:\/\/evertonfc.cz\/index.php\/rici\/\" \/>\n<meta property=\"og:locale\" content=\"cs_CZ\" \/>\n<meta property=\"og:type\" content=\"article\" \/>\n<meta property=\"og:title\" content=\"Ri\u010di - Official Czech &amp; Slovak Everton Supporters&#039; Club\" \/>\n<meta property=\"og:description\" content=\"Funkce: admin\/redaktor Ve slu\u017eb\u00e1ch EFC od: leden 2008 Kontakt: czskevertonians@gmail.com Soupis \u010dl\u00e1nk\u016f Everton mi soustavn\u011b ni\u010d\u00ed \u017eivot n\u011bkdy od druh\u00e9&hellip;\" \/>\n<meta property=\"og:url\" content=\"https:\/\/evertonfc.cz\/index.php\/rici\/\" \/>\n<meta property=\"og:site_name\" content=\"Official Czech &amp; Slovak Everton Supporters&#039; Club\" \/>\n<meta property=\"article:publisher\" content=\"https:\/\/www.facebook.com\/everton.fans.cz.sk\" \/>\n<meta property=\"article:modified_time\" content=\"2021-08-21T11:30:51+00:00\" \/>\n<meta property=\"og:image\" content=\"http:\/\/evertonfc.cz\/wp-content\/uploads\/2019\/02\/twitter.png\" \/>\n<meta name=\"twitter:card\" content=\"summary_large_image\" \/>\n<meta name=\"twitter:label1\" content=\"Odhadovan\u00e1 doba \u010dten\u00ed\" \/>\n\t<meta name=\"twitter:data1\" content=\"1 minuta\" \/>\n<script type=\"application\/ld+json\" class=\"yoast-schema-graph\">{\"@context\":\"https:\/\/schema.org\",\"@graph\":[{\"@type\":\"WebPage\",\"@id\":\"https:\/\/evertonfc.cz\/index.php\/rici\/\",\"url\":\"https:\/\/evertonfc.cz\/index.php\/rici\/\",\"name\":\"Ri\u010di - Official Czech &amp; Slovak Everton Supporters&#039; Club\",\"isPartOf\":{\"@id\":\"https:\/\/evertonfc.cz\/#website\"},\"primaryImageOfPage\":{\"@id\":\"https:\/\/evertonfc.cz\/index.php\/rici\/#primaryimage\"},\"image\":{\"@id\":\"https:\/\/evertonfc.cz\/index.php\/rici\/#primaryimage\"},\"thumbnailUrl\":\"http:\/\/evertonfc.cz\/wp-content\/uploads\/2019\/02\/twitter.png\",\"datePublished\":\"2019-02-21T22:29:39+00:00\",\"dateModified\":\"2021-08-21T11:30:51+00:00\",\"breadcrumb\":{\"@id\":\"https:\/\/evertonfc.cz\/index.php\/rici\/#breadcrumb\"},\"inLanguage\":\"cs\",\"potentialAction\":[{\"@type\":\"ReadAction\",\"target\":[\"https:\/\/evertonfc.cz\/index.php\/rici\/\"]}]},{\"@type\":\"ImageObject\",\"inLanguage\":\"cs\",\"@id\":\"https:\/\/evertonfc.cz\/index.php\/rici\/#primaryimage\",\"url\":\"https:\/\/evertonfc.cz\/wp-content\/uploads\/2019\/02\/twitter.png\",\"contentUrl\":\"https:\/\/evertonfc.cz\/wp-content\/uploads\/2019\/02\/twitter.png\",\"width\":30,\"height\":30},{\"@type\":\"BreadcrumbList\",\"@id\":\"https:\/\/evertonfc.cz\/index.php\/rici\/#breadcrumb\",\"itemListElement\":[{\"@type\":\"ListItem\",\"position\":1,\"name\":\"Home\",\"item\":\"https:\/\/evertonfc.cz\/\"},{\"@type\":\"ListItem\",\"position\":2,\"name\":\"Ri\u010di\"}]},{\"@type\":\"WebSite\",\"@id\":\"https:\/\/evertonfc.cz\/#website\",\"url\":\"https:\/\/evertonfc.cz\/\",\"name\":\"Official Czech &amp; Slovak Everton Supporters&#039; Club\",\"description\":\"\",\"publisher\":{\"@id\":\"https:\/\/evertonfc.cz\/#organization\"},\"potentialAction\":[{\"@type\":\"SearchAction\",\"target\":{\"@type\":\"EntryPoint\",\"urlTemplate\":\"https:\/\/evertonfc.cz\/?s={search_term_string}\"},\"query-input\":{\"@type\":\"PropertyValueSpecification\",\"valueRequired\":true,\"valueName\":\"search_term_string\"}}],\"inLanguage\":\"cs\"},{\"@type\":\"Organization\",\"@id\":\"https:\/\/evertonfc.cz\/#organization\",\"name\":\"Official Czech & Slovak Everton Supporters' Club\",\"url\":\"https:\/\/evertonfc.cz\/\",\"logo\":{\"@type\":\"ImageObject\",\"inLanguage\":\"cs\",\"@id\":\"https:\/\/evertonfc.cz\/#\/schema\/logo\/image\/\",\"url\":\"https:\/\/evertonfc.cz\/wp-content\/uploads\/2019\/05\/logo.png\",\"contentUrl\":\"https:\/\/evertonfc.cz\/wp-content\/uploads\/2019\/05\/logo.png\",\"width\":112,\"height\":112,\"caption\":\"Official Czech & Slovak Everton Supporters' Club\"},\"image\":{\"@id\":\"https:\/\/evertonfc.cz\/#\/schema\/logo\/image\/\"},\"sameAs\":[\"https:\/\/www.facebook.com\/everton.fans.cz.sk\"]}]}<\/script>\n<!-- \/ Yoast SEO plugin. -->","yoast_head_json":{"title":"Ri\u010di - Official Czech &amp; Slovak Everton Supporters&#039; Club","robots":{"index":"index","follow":"follow","max-snippet":"max-snippet:-1","max-image-preview":"max-image-preview:large","max-video-preview":"max-video-preview:-1"},"canonical":"https:\/\/evertonfc.cz\/index.php\/rici\/","og_locale":"cs_CZ","og_type":"article","og_title":"Ri\u010di - Official Czech &amp; Slovak Everton Supporters&#039; Club","og_description":"Funkce: admin\/redaktor Ve slu\u017eb\u00e1ch EFC od: leden 2008 Kontakt: czskevertonians@gmail.com Soupis \u010dl\u00e1nk\u016f Everton mi soustavn\u011b ni\u010d\u00ed \u017eivot n\u011bkdy od druh\u00e9&hellip;","og_url":"https:\/\/evertonfc.cz\/index.php\/rici\/","og_site_name":"Official Czech &amp; Slovak Everton Supporters&#039; Club","article_publisher":"https:\/\/www.facebook.com\/everton.fans.cz.sk","article_modified_time":"2021-08-21T11:30:51+00:00","og_image":[{"url":"http:\/\/evertonfc.cz\/wp-content\/uploads\/2019\/02\/twitter.png"}],"twitter_card":"summary_large_image","twitter_misc":{"Odhadovan\u00e1 doba \u010dten\u00ed":"1 minuta"},"schema":{"@context":"https:\/\/schema.org","@graph":[{"@type":"WebPage","@id":"https:\/\/evertonfc.cz\/index.php\/rici\/","url":"https:\/\/evertonfc.cz\/index.php\/rici\/","name":"Ri\u010di - Official Czech &amp; Slovak Everton Supporters&#039; Club","isPartOf":{"@id":"https:\/\/evertonfc.cz\/#website"},"primaryImageOfPage":{"@id":"https:\/\/evertonfc.cz\/index.php\/rici\/#primaryimage"},"image":{"@id":"https:\/\/evertonfc.cz\/index.php\/rici\/#primaryimage"},"thumbnailUrl":"http:\/\/evertonfc.cz\/wp-content\/uploads\/2019\/02\/twitter.png","datePublished":"2019-02-21T22:29:39+00:00","dateModified":"2021-08-21T11:30:51+00:00","breadcrumb":{"@id":"https:\/\/evertonfc.cz\/index.php\/rici\/#breadcrumb"},"inLanguage":"cs","potentialAction":[{"@type":"ReadAction","target":["https:\/\/evertonfc.cz\/index.php\/rici\/"]}]},{"@type":"ImageObject","inLanguage":"cs","@id":"https:\/\/evertonfc.cz\/index.php\/rici\/#primaryimage","url":"https:\/\/evertonfc.cz\/wp-content\/uploads\/2019\/02\/twitter.png","contentUrl":"https:\/\/evertonfc.cz\/wp-content\/uploads\/2019\/02\/twitter.png","width":30,"height":30},{"@type":"BreadcrumbList","@id":"https:\/\/evertonfc.cz\/index.php\/rici\/#breadcrumb","itemListElement":[{"@type":"ListItem","position":1,"name":"Home","item":"https:\/\/evertonfc.cz\/"},{"@type":"ListItem","position":2,"name":"Ri\u010di"}]},{"@type":"WebSite","@id":"https:\/\/evertonfc.cz\/#website","url":"https:\/\/evertonfc.cz\/","name":"Official Czech &amp; Slovak Everton Supporters&#039; Club","description":"","publisher":{"@id":"https:\/\/evertonfc.cz\/#organization"},"potentialAction":[{"@type":"SearchAction","target":{"@type":"EntryPoint","urlTemplate":"https:\/\/evertonfc.cz\/?s={search_term_string}"},"query-input":{"@type":"PropertyValueSpecification","valueRequired":true,"valueName":"search_term_string"}}],"inLanguage":"cs"},{"@type":"Organization","@id":"https:\/\/evertonfc.cz\/#organization","name":"Official Czech & Slovak Everton Supporters' Club","url":"https:\/\/evertonfc.cz\/","logo":{"@type":"ImageObject","inLanguage":"cs","@id":"https:\/\/evertonfc.cz\/#\/schema\/logo\/image\/","url":"https:\/\/evertonfc.cz\/wp-content\/uploads\/2019\/05\/logo.png","contentUrl":"https:\/\/evertonfc.cz\/wp-content\/uploads\/2019\/05\/logo.png","width":112,"height":112,"caption":"Official Czech & Slovak Everton Supporters' Club"},"image":{"@id":"https:\/\/evertonfc.cz\/#\/schema\/logo\/image\/"},"sameAs":["https:\/\/www.facebook.com\/everton.fans.cz.sk"]}]}},"_links":{"self":[{"href":"https:\/\/evertonfc.cz\/index.php\/wp-json\/wp\/v2\/pages\/6753"}],"collection":[{"href":"https:\/\/evertonfc.cz\/index.php\/wp-json\/wp\/v2\/pages"}],"about":[{"href":"https:\/\/evertonfc.cz\/index.php\/wp-json\/wp\/v2\/types\/page"}],"author":[{"embeddable":true,"href":"https:\/\/evertonfc.cz\/index.php\/wp-json\/wp\/v2\/users\/1"}],"replies":[{"embeddable":true,"href":"https:\/\/evertonfc.cz\/index.php\/wp-json\/wp\/v2\/comments?post=6753"}],"version-history":[{"count":21,"href":"https:\/\/evertonfc.cz\/index.php\/wp-json\/wp\/v2\/pages\/6753\/revisions"}],"predecessor-version":[{"id":16120,"href":"https:\/\/evertonfc.cz\/index.php\/wp-json\/wp\/v2\/pages\/6753\/revisions\/16120"}],"wp:attachment":[{"href":"https:\/\/evertonfc.cz\/index.php\/wp-json\/wp\/v2\/media?parent=6753"}],"curies":[{"name":"wp","href":"https:\/\/api.w.org\/{rel}","templated":true}]}}