{"id":6755,"date":"2019-02-21T23:30:07","date_gmt":"2019-02-21T22:30:07","guid":{"rendered":"http:\/\/evertonfc.cz\/?page_id=6755"},"modified":"2021-08-21T13:31:23","modified_gmt":"2021-08-21T11:31:23","slug":"blueblooded","status":"publish","type":"page","link":"https:\/\/evertonfc.cz\/index.php\/blueblooded\/","title":{"rendered":"BlueBlooded"},"content":{"rendered":"<p><strong><img loading=\"lazy\" decoding=\"async\" class=\"wp-image-7006 alignleft\" src=\"https:\/\/evertonfc.cz\/wp-content\/uploads\/2019\/03\/BBown2.png\" alt=\"\" width=\"110\" height=\"110\" srcset=\"https:\/\/evertonfc.cz\/wp-content\/uploads\/2019\/03\/BBown2.png 249w, https:\/\/evertonfc.cz\/wp-content\/uploads\/2019\/03\/BBown2-150x150.png 150w\" sizes=\"(max-width: 110px) 100vw, 110px\" \/>Lokalita:<\/strong> SR, Bratislava<br \/>\n<strong>Funkcia:<\/strong> admin\/redaktor, predseda fanklubu<br \/>\n<strong>V slu\u017eb\u00e1ch EFC od:<\/strong> 14. 08. 2016<br \/>\n<strong>Kontakt: \u00a0<a href=\"mailto:czskevertonians@gmail.com\">czskevertonians@gmail.com<\/a><br \/>\n\u0160pecializ\u00e1cia: <\/strong>preview, rozhovor, blog<strong> &#8211; <a href=\"http:\/\/evertonfc.cz\/index.php\/author\/admin\/\">s\u00fapis \u010dl\u00e1nkov<\/a><br \/>\n<\/strong><\/p>\n<hr \/>\n<p>Od detstva som nikdy nebol do futbalu takpovediac bl\u00e1zon. \u010co je dos\u0165 \u010dudn\u00e9 kon\u0161tatovanie, nako\u013eko svet gu\u013eat\u00e9ho nezmyslu moment\u00e1lne tvor\u00ed v\u00e4\u010d\u0161inu m\u00f4jho vo\u013eno\u010dasov\u00e9ho programu. A hoci otec hr\u00e1val profesion\u00e1lne v ni\u017e\u0161\u00edch s\u00fa\u0165a\u017eiach, m\u0148a nikdy nev\u00e1bil na t\u00fato sebazni\u010duj\u00facu z\u00e1\u013eubu. Asi vedel pre\u010do. Mimochodom, vraj som ani nejavil zn\u00e1mky nadania. Bez koment\u00e1ra&#8230;<\/p>\n<p>Everton si ma potom na\u0161iel vlastne \u00faplne n\u00e1hodou. V rokoch 2007, 2008 som mal nejak\u00e9 povedomie o britskom klube s t\u00fdmto vzne\u0161en\u00fdm menom. Ale to bolo asi tak v\u0161etko. A\u017e k\u00fdm sa jedn\u00e9ho d\u0148a s pr\u00edchodom satelitnej telev\u00edzie do na\u0161ej dom\u00e1cnosti nie\u010do nezmenilo. Taktie\u017e boom anglick\u00e9ho futbalu sp\u00f4sobil, \u017ee narazi\u0165 na Premier League bolo len ot\u00e1zkou \u010dasu. Jeden n\u00e1hodn\u00fd stisk ovl\u00e1da\u010da a tam desa\u0165 chlap\u00edkov v modrom, dr\u017eiacich sa spolu za ruky pri ne\u0161tandardnom br\u00e1nen\u00ed \u0161tandardnej situ\u00e1cie.<\/p>\n<p><em>\u201ePreboha, \u010do to je?\u201c<\/em>\u00a0 &#8230;predsa Moyesov Everton, ktor\u00fd mi u\u010daroval!<\/p>\n<p>Tento web som ur\u010dite objavil takisto n\u00e1hodou. Koncom roka 2014 som za\u010dal prispieva\u0165 svojimi koment\u00e1rmi a o rok a pol som bol osloven\u00fd, \u010di nem\u00e1m z\u00e1ujem sa prida\u0165 aj ako redaktor, respekt\u00edve pom\u00f4c\u0165 chalanom, ktor\u00ed na to boli u\u017e len dvaja. Ochotne som prik\u00fdvol, slohy mi v\u017edy i\u0161li, tak\u017ee pre\u010do si to nevysk\u00fa\u0161a\u0165 v praxi pri t\u00e9matike, ktor\u00e1 ma bav\u00ed a nap\u013a\u0148a? \u010casom mi dokonca prischla rola pokladn\u00edka, nesk\u00f4r predsedu fanklubu a dal som sa nahovori\u0165 aj na vytvorenie nov\u00e9ho webu, na ktorom pr\u00e1ve \u010d\u00edtate tieto riadky.<\/p>\n","protected":false},"excerpt":{"rendered":"<p>Lokalita: SR, Bratislava Funkcia: admin\/redaktor, predseda fanklubu V slu\u017eb\u00e1ch EFC od: 14. 08. 2016 Kontakt: \u00a0czskevertonians@gmail.com \u0160pecializ\u00e1cia: preview, rozhovor, blog&hellip;<\/p>\n","protected":false},"author":1,"featured_media":0,"parent":0,"menu_order":0,"comment_status":"closed","ping_status":"closed","template":"","meta":{"_eb_attr":"","_monsterinsights_skip_tracking":false,"_monsterinsights_sitenote_active":false,"_monsterinsights_sitenote_note":"","_monsterinsights_sitenote_category":0,"footnotes":""},"yoast_head":"<!-- This site is optimized with the Yoast SEO plugin v23.4 - https:\/\/yoast.com\/wordpress\/plugins\/seo\/ -->\n<title>BlueBlooded - Official Czech &amp; Slovak Everton Supporters&#039; Club<\/title>\n<meta name=\"robots\" content=\"index, follow, max-snippet:-1, max-image-preview:large, max-video-preview:-1\" \/>\n<link rel=\"canonical\" href=\"https:\/\/evertonfc.cz\/index.php\/blueblooded\/\" \/>\n<meta property=\"og:locale\" content=\"cs_CZ\" \/>\n<meta property=\"og:type\" content=\"article\" \/>\n<meta property=\"og:title\" content=\"BlueBlooded - Official Czech &amp; Slovak Everton Supporters&#039; Club\" \/>\n<meta property=\"og:description\" content=\"Lokalita: SR, Bratislava Funkcia: admin\/redaktor, predseda fanklubu V slu\u017eb\u00e1ch EFC od: 14. 08. 2016 Kontakt: \u00a0czskevertonians@gmail.com \u0160pecializ\u00e1cia: preview, rozhovor, blog&hellip;\" \/>\n<meta property=\"og:url\" content=\"https:\/\/evertonfc.cz\/index.php\/blueblooded\/\" \/>\n<meta property=\"og:site_name\" content=\"Official Czech &amp; Slovak Everton Supporters&#039; Club\" \/>\n<meta property=\"article:publisher\" content=\"https:\/\/www.facebook.com\/everton.fans.cz.sk\" \/>\n<meta property=\"article:modified_time\" content=\"2021-08-21T11:31:23+00:00\" \/>\n<meta property=\"og:image\" content=\"https:\/\/evertonfc.cz\/wp-content\/uploads\/2019\/03\/BBown2.png\" \/>\n<meta name=\"twitter:card\" content=\"summary_large_image\" \/>\n<meta name=\"twitter:label1\" content=\"Odhadovan\u00e1 doba \u010dten\u00ed\" \/>\n\t<meta name=\"twitter:data1\" content=\"2 minuty\" \/>\n<script type=\"application\/ld+json\" class=\"yoast-schema-graph\">{\"@context\":\"https:\/\/schema.org\",\"@graph\":[{\"@type\":\"WebPage\",\"@id\":\"https:\/\/evertonfc.cz\/index.php\/blueblooded\/\",\"url\":\"https:\/\/evertonfc.cz\/index.php\/blueblooded\/\",\"name\":\"BlueBlooded - Official Czech &amp; Slovak Everton Supporters&#039; Club\",\"isPartOf\":{\"@id\":\"https:\/\/evertonfc.cz\/#website\"},\"primaryImageOfPage\":{\"@id\":\"https:\/\/evertonfc.cz\/index.php\/blueblooded\/#primaryimage\"},\"image\":{\"@id\":\"https:\/\/evertonfc.cz\/index.php\/blueblooded\/#primaryimage\"},\"thumbnailUrl\":\"https:\/\/evertonfc.cz\/wp-content\/uploads\/2019\/03\/BBown2.png\",\"datePublished\":\"2019-02-21T22:30:07+00:00\",\"dateModified\":\"2021-08-21T11:31:23+00:00\",\"breadcrumb\":{\"@id\":\"https:\/\/evertonfc.cz\/index.php\/blueblooded\/#breadcrumb\"},\"inLanguage\":\"cs\",\"potentialAction\":[{\"@type\":\"ReadAction\",\"target\":[\"https:\/\/evertonfc.cz\/index.php\/blueblooded\/\"]}]},{\"@type\":\"ImageObject\",\"inLanguage\":\"cs\",\"@id\":\"https:\/\/evertonfc.cz\/index.php\/blueblooded\/#primaryimage\",\"url\":\"https:\/\/evertonfc.cz\/wp-content\/uploads\/2019\/03\/BBown2.png\",\"contentUrl\":\"https:\/\/evertonfc.cz\/wp-content\/uploads\/2019\/03\/BBown2.png\",\"width\":249,\"height\":249},{\"@type\":\"BreadcrumbList\",\"@id\":\"https:\/\/evertonfc.cz\/index.php\/blueblooded\/#breadcrumb\",\"itemListElement\":[{\"@type\":\"ListItem\",\"position\":1,\"name\":\"Home\",\"item\":\"https:\/\/evertonfc.cz\/\"},{\"@type\":\"ListItem\",\"position\":2,\"name\":\"BlueBlooded\"}]},{\"@type\":\"WebSite\",\"@id\":\"https:\/\/evertonfc.cz\/#website\",\"url\":\"https:\/\/evertonfc.cz\/\",\"name\":\"Official Czech &amp; Slovak Everton Supporters&#039; Club\",\"description\":\"\",\"publisher\":{\"@id\":\"https:\/\/evertonfc.cz\/#organization\"},\"potentialAction\":[{\"@type\":\"SearchAction\",\"target\":{\"@type\":\"EntryPoint\",\"urlTemplate\":\"https:\/\/evertonfc.cz\/?s={search_term_string}\"},\"query-input\":{\"@type\":\"PropertyValueSpecification\",\"valueRequired\":true,\"valueName\":\"search_term_string\"}}],\"inLanguage\":\"cs\"},{\"@type\":\"Organization\",\"@id\":\"https:\/\/evertonfc.cz\/#organization\",\"name\":\"Official Czech & Slovak Everton Supporters' Club\",\"url\":\"https:\/\/evertonfc.cz\/\",\"logo\":{\"@type\":\"ImageObject\",\"inLanguage\":\"cs\",\"@id\":\"https:\/\/evertonfc.cz\/#\/schema\/logo\/image\/\",\"url\":\"https:\/\/evertonfc.cz\/wp-content\/uploads\/2019\/05\/logo.png\",\"contentUrl\":\"https:\/\/evertonfc.cz\/wp-content\/uploads\/2019\/05\/logo.png\",\"width\":112,\"height\":112,\"caption\":\"Official Czech & Slovak Everton Supporters' Club\"},\"image\":{\"@id\":\"https:\/\/evertonfc.cz\/#\/schema\/logo\/image\/\"},\"sameAs\":[\"https:\/\/www.facebook.com\/everton.fans.cz.sk\"]}]}<\/script>\n<!-- \/ Yoast SEO plugin. -->","yoast_head_json":{"title":"BlueBlooded - Official Czech &amp; Slovak Everton Supporters&#039; Club","robots":{"index":"index","follow":"follow","max-snippet":"max-snippet:-1","max-image-preview":"max-image-preview:large","max-video-preview":"max-video-preview:-1"},"canonical":"https:\/\/evertonfc.cz\/index.php\/blueblooded\/","og_locale":"cs_CZ","og_type":"article","og_title":"BlueBlooded - Official Czech &amp; Slovak Everton Supporters&#039; Club","og_description":"Lokalita: SR, Bratislava Funkcia: admin\/redaktor, predseda fanklubu V slu\u017eb\u00e1ch EFC od: 14. 08. 2016 Kontakt: \u00a0czskevertonians@gmail.com \u0160pecializ\u00e1cia: preview, rozhovor, blog&hellip;","og_url":"https:\/\/evertonfc.cz\/index.php\/blueblooded\/","og_site_name":"Official Czech &amp; Slovak Everton Supporters&#039; Club","article_publisher":"https:\/\/www.facebook.com\/everton.fans.cz.sk","article_modified_time":"2021-08-21T11:31:23+00:00","og_image":[{"url":"https:\/\/evertonfc.cz\/wp-content\/uploads\/2019\/03\/BBown2.png"}],"twitter_card":"summary_large_image","twitter_misc":{"Odhadovan\u00e1 doba \u010dten\u00ed":"2 minuty"},"schema":{"@context":"https:\/\/schema.org","@graph":[{"@type":"WebPage","@id":"https:\/\/evertonfc.cz\/index.php\/blueblooded\/","url":"https:\/\/evertonfc.cz\/index.php\/blueblooded\/","name":"BlueBlooded - Official Czech &amp; Slovak Everton Supporters&#039; Club","isPartOf":{"@id":"https:\/\/evertonfc.cz\/#website"},"primaryImageOfPage":{"@id":"https:\/\/evertonfc.cz\/index.php\/blueblooded\/#primaryimage"},"image":{"@id":"https:\/\/evertonfc.cz\/index.php\/blueblooded\/#primaryimage"},"thumbnailUrl":"https:\/\/evertonfc.cz\/wp-content\/uploads\/2019\/03\/BBown2.png","datePublished":"2019-02-21T22:30:07+00:00","dateModified":"2021-08-21T11:31:23+00:00","breadcrumb":{"@id":"https:\/\/evertonfc.cz\/index.php\/blueblooded\/#breadcrumb"},"inLanguage":"cs","potentialAction":[{"@type":"ReadAction","target":["https:\/\/evertonfc.cz\/index.php\/blueblooded\/"]}]},{"@type":"ImageObject","inLanguage":"cs","@id":"https:\/\/evertonfc.cz\/index.php\/blueblooded\/#primaryimage","url":"https:\/\/evertonfc.cz\/wp-content\/uploads\/2019\/03\/BBown2.png","contentUrl":"https:\/\/evertonfc.cz\/wp-content\/uploads\/2019\/03\/BBown2.png","width":249,"height":249},{"@type":"BreadcrumbList","@id":"https:\/\/evertonfc.cz\/index.php\/blueblooded\/#breadcrumb","itemListElement":[{"@type":"ListItem","position":1,"name":"Home","item":"https:\/\/evertonfc.cz\/"},{"@type":"ListItem","position":2,"name":"BlueBlooded"}]},{"@type":"WebSite","@id":"https:\/\/evertonfc.cz\/#website","url":"https:\/\/evertonfc.cz\/","name":"Official Czech &amp; Slovak Everton Supporters&#039; Club","description":"","publisher":{"@id":"https:\/\/evertonfc.cz\/#organization"},"potentialAction":[{"@type":"SearchAction","target":{"@type":"EntryPoint","urlTemplate":"https:\/\/evertonfc.cz\/?s={search_term_string}"},"query-input":{"@type":"PropertyValueSpecification","valueRequired":true,"valueName":"search_term_string"}}],"inLanguage":"cs"},{"@type":"Organization","@id":"https:\/\/evertonfc.cz\/#organization","name":"Official Czech & Slovak Everton Supporters' Club","url":"https:\/\/evertonfc.cz\/","logo":{"@type":"ImageObject","inLanguage":"cs","@id":"https:\/\/evertonfc.cz\/#\/schema\/logo\/image\/","url":"https:\/\/evertonfc.cz\/wp-content\/uploads\/2019\/05\/logo.png","contentUrl":"https:\/\/evertonfc.cz\/wp-content\/uploads\/2019\/05\/logo.png","width":112,"height":112,"caption":"Official Czech & Slovak Everton Supporters' Club"},"image":{"@id":"https:\/\/evertonfc.cz\/#\/schema\/logo\/image\/"},"sameAs":["https:\/\/www.facebook.com\/everton.fans.cz.sk"]}]}},"_links":{"self":[{"href":"https:\/\/evertonfc.cz\/index.php\/wp-json\/wp\/v2\/pages\/6755"}],"collection":[{"href":"https:\/\/evertonfc.cz\/index.php\/wp-json\/wp\/v2\/pages"}],"about":[{"href":"https:\/\/evertonfc.cz\/index.php\/wp-json\/wp\/v2\/types\/page"}],"author":[{"embeddable":true,"href":"https:\/\/evertonfc.cz\/index.php\/wp-json\/wp\/v2\/users\/1"}],"replies":[{"embeddable":true,"href":"https:\/\/evertonfc.cz\/index.php\/wp-json\/wp\/v2\/comments?post=6755"}],"version-history":[{"count":20,"href":"https:\/\/evertonfc.cz\/index.php\/wp-json\/wp\/v2\/pages\/6755\/revisions"}],"predecessor-version":[{"id":16121,"href":"https:\/\/evertonfc.cz\/index.php\/wp-json\/wp\/v2\/pages\/6755\/revisions\/16121"}],"wp:attachment":[{"href":"https:\/\/evertonfc.cz\/index.php\/wp-json\/wp\/v2\/media?parent=6755"}],"curies":[{"name":"wp","href":"https:\/\/api.w.org\/{rel}","templated":true}]}}