{"id":70,"date":"2018-11-28T12:29:11","date_gmt":"2018-11-28T11:29:11","guid":{"rendered":"http:\/\/evertonfc.cz\/?page_id=70"},"modified":"2026-09-02T22:24:00","modified_gmt":"2026-09-02T20:24:00","slug":"soupiska","status":"publish","type":"page","link":"https:\/\/evertonfc.cz\/index.php\/soupiska\/","title":{"rendered":"Soupiska"},"content":{"rendered":"<p>&nbsp;<\/p>\n<table style=\"border-collapse: collapse; width: 100%; height: 1182px;\">\n<tbody>\n<tr style=\"height: 52px;\">\n<td style=\"width: 99.9999%; height: 52px;\" colspan=\"3\">\n<h4>Brank\u00e1\u0159i<\/h4>\n<\/td>\n<\/tr>\n<tr style=\"height: 51px;\">\n<td style=\"width: 33.3333%; height: 51px;\">\n<ul>\n<li><a href=\"https:\/\/evertonfc.cz\/index.php\/soupiska\/jordan-pickford\/\">Jordan Pickford<\/a><\/li>\n<\/ul>\n<\/td>\n<td style=\"width: 33.3333%; height: 51px;\">\n<ul>\n<li><a href=\"https:\/\/evertonfc.cz\/index.php\/soupiska\/mark-travers\/\">Mark<\/a> <a style=\"font-family: inherit; font-size: inherit; background-color: #ffffff;\" href=\"https:\/\/evertonfc.cz\/index.php\/soupiska\/mark-travers\/\">Travers<\/a><\/li>\n<\/ul>\n<\/td>\n<td style=\"width: 33.3333%; height: 51px;\">\n<ul>\n<li><a href=\"https:\/\/evertonfc.cz\/index.php\/soupiska\/tom-king\/\">Tom King<\/a><\/li>\n<\/ul>\n<\/td>\n<\/tr>\n<tr style=\"height: 41px;\">\n<td style=\"width: 99.9999%; height: 41px;\" colspan=\"3\">\n<h4>Obr\u00e1nci<\/h4>\n<\/td>\n<\/tr>\n<tr style=\"height: 41px;\">\n<td style=\"width: 33.3333%; height: 41px;\">\n<ul>\n<li><a href=\"https:\/\/evertonfc.cz\/index.php\/soupiska\/ainsley-maitland-niles\/\">Ainsley Maitland-Niles<\/a><\/li>\n<\/ul>\n<\/td>\n<td style=\"width: 33.3333%; height: 41px;\">\n<ul>\n<li><a href=\"https:\/\/evertonfc.cz\/index.php\/soupiska\/michael-keane\/\">Michael Keane<\/a><\/li>\n<\/ul>\n<\/td>\n<td style=\"width: 33.3333%; height: 41px;\">\n<ul>\n<li><a href=\"https:\/\/evertonfc.cz\/index.php\/soupiska\/james-tarkowski\/\">James Tarkowski<\/a><\/li>\n<\/ul>\n<\/td>\n<\/tr>\n<tr>\n<td style=\"width: 33.3333%;\">\n<ul>\n<li><a href=\"https:\/\/evertonfc.cz\/index.php\/soupiska\/jake-obrien\/\">Jake O\u2019Brien<\/a><\/li>\n<\/ul>\n<\/td>\n<td style=\"width: 33.3333%;\">\n<ul>\n<li><a href=\"https:\/\/evertonfc.cz\/index.php\/soupiska\/vitaliy-mykolenko\/\">Vitaliy Mykolenko<\/a><\/li>\n<\/ul>\n<\/td>\n<td style=\"width: 33.3333%;\">\n<ul>\n<li><a href=\"https:\/\/evertonfc.cz\/index.php\/soupiska\/jarrad-branthwaite\/\">Jarrad Branthwaite<\/a><\/li>\n<\/ul>\n<\/td>\n<\/tr>\n<tr style=\"height: 41px;\">\n<td style=\"width: 99.9999%; height: 41px;\" colspan=\"3\">\n<h4 style=\"text-align: left;\">Z\u00e1lo\u017en\u00edci<\/h4>\n<\/td>\n<\/tr>\n<tr style=\"height: 41px;\">\n<td style=\"width: 33.3333%; height: 41px;\">\n<ul>\n<li><a href=\"https:\/\/evertonfc.cz\/index.php\/soupiska\/kiernan-dewsbury-hall\/\">Kiernan Dewsbury-Hall<\/a><\/li>\n<\/ul>\n<\/td>\n<td style=\"width: 33.3333%; height: 41px;\">\n<ul>\n<li><a href=\"https:\/\/evertonfc.cz\/index.php\/soupiska\/christian-norgaard\/\">Christian Norgaard<\/a><\/li>\n<\/ul>\n<\/td>\n<td style=\"width: 33.3333%; height: 41px;\">\n<ul>\n<li><a href=\"https:\/\/evertonfc.cz\/index.php\/soupiska\/carlos-alcaraz\/\">Carlos Alcaraz<\/a><\/li>\n<\/ul>\n<\/td>\n<\/tr>\n<tr style=\"height: 41px;\">\n<td style=\"width: 33.3333%; height: 41px;\">\n<ul>\n<li><a href=\"https:\/\/evertonfc.cz\/index.php\/soupiska\/hayden-hackney\/\">Hayden Hackney<\/a><\/li>\n<\/ul>\n<\/td>\n<td style=\"width: 33.3333%; height: 41px;\">\n<ul>\n<li><a href=\"https:\/\/evertonfc.cz\/index.php\/soupiska\/merlin-rohl\/\">Merlin R\u00f6hl<\/a><\/li>\n<\/ul>\n<\/td>\n<td style=\"width: 33.3333%; height: 41px;\">\n<ul>\n<li><a href=\"https:\/\/evertonfc.cz\/index.php\/soupiska\/james-garner\/\">James Garner<\/a><\/li>\n<\/ul>\n<\/td>\n<\/tr>\n<tr style=\"height: 41px;\">\n<td style=\"width: 33.3333%; height: 41px;\">\n<ul>\n<li><a href=\"https:\/\/evertonfc.cz\/index.php\/soupiska\/harrison-armstrong\/\">Harrison Armstrong<\/a><\/li>\n<\/ul>\n<\/td>\n<td style=\"width: 33.3333%; height: 41px;\"><\/td>\n<td style=\"width: 33.3333%; height: 41px;\"><\/td>\n<\/tr>\n<tr style=\"height: 52px;\">\n<td style=\"width: 99.9999%; height: 52px;\" colspan=\"3\">\n<h4>\u00dato\u010dn\u00edci<\/h4>\n<\/td>\n<\/tr>\n<tr style=\"height: 51px;\">\n<td style=\"width: 33.3333%; height: 51px;\">\n<ul>\n<li><a href=\"https:\/\/evertonfc.cz\/index.php\/soupiska\/thierno-barry\/\">Thierno Barry<\/a><\/li>\n<\/ul>\n<\/td>\n<td style=\"width: 33.3333%; height: 51px;\">\n<ul>\n<li><a href=\"https:\/\/evertonfc.cz\/index.php\/soupiska\/jack-grealish\/\">Jack Grealish<\/a><\/li>\n<\/ul>\n<\/td>\n<td style=\"width: 33.3333%; height: 51px;\">\n<ul>\n<li><a href=\"https:\/\/evertonfc.cz\/index.php\/tyrique-george\/\">Tyrique George<\/a><\/li>\n<\/ul>\n<\/td>\n<\/tr>\n<tr style=\"height: 51px;\">\n<td style=\"width: 33.3333%; height: 51px;\">\n<ul>\n<li><a href=\"https:\/\/evertonfc.cz\/index.php\/soupiska\/tyler-dibling\/\">Tyler Dibling<\/a><\/li>\n<\/ul>\n<\/td>\n<td style=\"width: 33.3333%; height: 51px;\">\n<ul>\n<li><a href=\"https:\/\/evertonfc.cz\/index.php\/soupiska\/brennan-johnson\/\">Brennan Johnson<\/a><\/li>\n<\/ul>\n<\/td>\n<td style=\"width: 33.3333%; height: 51px;\"><\/td>\n<\/tr>\n<tr style=\"height: 41px;\">\n<td style=\"height: 41px; width: 99.9999%;\" colspan=\"3\"><\/td>\n<\/tr>\n<tr style=\"height: 41px;\">\n<td style=\"height: 52px; width: 99.9999%;\" colspan=\"3\">\n<h4>Hostov\u00e1n\u00ed<\/h4>\n<\/td>\n<\/tr>\n<tr style=\"height: 41px;\">\n<td style=\"height: 41px; width: 99.9999%;\" colspan=\"3\">George Cannon \u2013 AS Cannes<\/td>\n<\/tr>\n<tr style=\"height: 41px;\">\n<td style=\"width: 99.9999%; height: 41px;\" colspan=\"3\">Joel Catesby \u2013 Accrington Stanley<\/td>\n<\/tr>\n<tr style=\"height: 41px;\">\n<td style=\"height: 41px; width: 99.9999%;\" colspan=\"3\"><a href=\"https:\/\/evertonfc.cz\/index.php\/soupiska\/adam-aznou\/\">Adam Aznou<\/a> \u2013 M\u00e1laga<\/td>\n<\/tr>\n<tr>\n<td style=\"width: 99.9999%;\" colspan=\"3\">Elijah Campbell \u2013 MK Dons<\/td>\n<\/tr>\n<tr style=\"height: 41px;\">\n<td style=\"width: 99.9999%; height: 41px;\" colspan=\"3\"><\/td>\n<\/tr>\n<tr style=\"height: 41px;\">\n<td style=\"width: 99.9999%; height: 53px;\" colspan=\"3\">\n<h4><span style=\"font-size: 14pt;\"><strong>Realiza\u010dn\u00ed t\u00fdm<\/strong><\/span><\/h4>\n<\/td>\n<\/tr>\n<tr style=\"height: 41px;\">\n<td style=\"width: 99.9999%; height: 41px;\" colspan=\"3\">David Moyes \u2013 mana\u017eer<\/td>\n<\/tr>\n<tr style=\"height: 41px;\">\n<td style=\"width: 99.9999%; height: 41px;\" colspan=\"3\">Billy McKinlay \u2013 asistent mana\u017eera<\/td>\n<\/tr>\n<tr style=\"height: 41px;\">\n<td style=\"width: 99.9999%; height: 41px;\" colspan=\"3\">Alan Irvine \u2013 asistent mana\u017eera<\/td>\n<\/tr>\n<tr style=\"height: 41px;\">\n<td style=\"width: 99.9999%; height: 41px;\" colspan=\"3\">Leighton Baines \u2013 asistent mana\u017eera<\/td>\n<\/tr>\n<tr style=\"height: 41px;\">\n<td style=\"width: 99.9999%; height: 41px;\" colspan=\"3\">Aaron Cameron \u2013 tren\u00e9r branka\u0159\u016f<\/td>\n<\/tr>\n<tr style=\"height: 41px;\">\n<td style=\"width: 99.9999%; height: 41px;\" colspan=\"3\">Jack Dowling \u2013 kondi\u010dn\u00ed tren\u00e9r<\/td>\n<\/tr>\n<tr style=\"height: 41px;\">\n<td style=\"width: 99.9999%; height: 41px;\" colspan=\"3\">Sean Miller \u2013 kondi\u010dn\u00ed tren\u00e9r<\/td>\n<\/tr>\n<tr style=\"height: 41px;\">\n<td style=\"width: 99.9999%; height: 41px;\" colspan=\"3\">Matthew Hawke \u2013 hlavn\u00ed analytik<\/td>\n<\/tr>\n<\/tbody>\n<\/table>\n","protected":false},"excerpt":{"rendered":"<p>&nbsp; Brank\u00e1\u0159i Jordan Pickford Mark Travers Tom King Obr\u00e1nci Ainsley Maitland-Niles Michael Keane James Tarkowski Jake O\u2019Brien Vitaliy Mykolenko Jarrad&hellip;<\/p>\n","protected":false},"author":1,"featured_media":0,"parent":0,"menu_order":0,"comment_status":"closed","ping_status":"closed","template":"","meta":{"_eb_attr":"","_monsterinsights_skip_tracking":false,"footnotes":""},"class_list":["post-70","page","type-page","status-publish","hentry"],"yoast_head":"<!-- This site is optimized with the Yoast SEO plugin v28.2 - https:\/\/yoast.com\/product\/yoast-seo-wordpress\/ -->\n<title>Soupiska - Official Czech &amp; Slovak Everton Supporters&#039; Club<\/title>\n<meta name=\"robots\" content=\"index, follow, max-snippet:-1, max-image-preview:large, max-video-preview:-1\" \/>\n<link rel=\"canonical\" href=\"https:\/\/evertonfc.cz\/index.php\/soupiska\/\" \/>\n<meta property=\"og:locale\" content=\"cs_CZ\" \/>\n<meta property=\"og:type\" content=\"article\" \/>\n<meta property=\"og:title\" content=\"Soupiska - Official Czech &amp; Slovak Everton Supporters&#039; Club\" \/>\n<meta property=\"og:description\" content=\"&nbsp; Brank\u00e1\u0159i Jordan Pickford Mark Travers Tom King Obr\u00e1nci Ainsley Maitland-Niles Michael Keane James Tarkowski Jake O\u2019Brien Vitaliy Mykolenko Jarrad&hellip;\" \/>\n<meta property=\"og:url\" content=\"https:\/\/evertonfc.cz\/index.php\/soupiska\/\" \/>\n<meta property=\"og:site_name\" content=\"Official Czech &amp; Slovak Everton Supporters&#039; Club\" \/>\n<meta property=\"article:publisher\" content=\"https:\/\/www.facebook.com\/everton.fans.cz.sk\" \/>\n<meta property=\"article:modified_time\" content=\"2026-09-02T20:24:00+00:00\" \/>\n<meta name=\"twitter:card\" content=\"summary_large_image\" \/>\n<meta name=\"twitter:label1\" content=\"Odhadovan\u00e1 doba \u010dten\u00ed\" \/>\n\t<meta name=\"twitter:data1\" content=\"1 minuta\" \/>\n<script type=\"application\/ld+json\" class=\"yoast-schema-graph\">{\"@context\":\"https:\\\/\\\/schema.org\",\"@graph\":[{\"@type\":\"WebPage\",\"@id\":\"https:\\\/\\\/evertonfc.cz\\\/index.php\\\/soupiska\\\/\",\"url\":\"https:\\\/\\\/evertonfc.cz\\\/index.php\\\/soupiska\\\/\",\"name\":\"Soupiska - Official Czech &amp; Slovak Everton Supporters&#039; Club\",\"isPartOf\":{\"@id\":\"https:\\\/\\\/evertonfc.cz\\\/#website\"},\"datePublished\":\"2018-11-28T11:29:11+00:00\",\"dateModified\":\"2026-09-02T20:24:00+00:00\",\"breadcrumb\":{\"@id\":\"https:\\\/\\\/evertonfc.cz\\\/index.php\\\/soupiska\\\/#breadcrumb\"},\"inLanguage\":\"cs\",\"potentialAction\":[{\"@type\":\"ReadAction\",\"target\":[\"https:\\\/\\\/evertonfc.cz\\\/index.php\\\/soupiska\\\/\"]}]},{\"@type\":\"BreadcrumbList\",\"@id\":\"https:\\\/\\\/evertonfc.cz\\\/index.php\\\/soupiska\\\/#breadcrumb\",\"itemListElement\":[{\"@type\":\"ListItem\",\"position\":1,\"name\":\"Home\",\"item\":\"https:\\\/\\\/evertonfc.cz\\\/\"},{\"@type\":\"ListItem\",\"position\":2,\"name\":\"Soupiska\"}]},{\"@type\":\"WebSite\",\"@id\":\"https:\\\/\\\/evertonfc.cz\\\/#website\",\"url\":\"https:\\\/\\\/evertonfc.cz\\\/\",\"name\":\"Official Czech &amp; Slovak Everton Supporters&#039; Club\",\"description\":\"\",\"publisher\":{\"@id\":\"https:\\\/\\\/evertonfc.cz\\\/#organization\"},\"potentialAction\":[{\"@type\":\"SearchAction\",\"target\":{\"@type\":\"EntryPoint\",\"urlTemplate\":\"https:\\\/\\\/evertonfc.cz\\\/?s={search_term_string}\"},\"query-input\":{\"@type\":\"PropertyValueSpecification\",\"valueRequired\":true,\"valueName\":\"search_term_string\"}}],\"inLanguage\":\"cs\"},{\"@type\":\"Organization\",\"@id\":\"https:\\\/\\\/evertonfc.cz\\\/#organization\",\"name\":\"Official Czech & Slovak Everton Supporters' Club\",\"url\":\"https:\\\/\\\/evertonfc.cz\\\/\",\"logo\":{\"@type\":\"ImageObject\",\"inLanguage\":\"cs\",\"@id\":\"https:\\\/\\\/evertonfc.cz\\\/#\\\/schema\\\/logo\\\/image\\\/\",\"url\":\"https:\\\/\\\/evertonfc.cz\\\/wp-content\\\/uploads\\\/2019\\\/05\\\/logo.png\",\"contentUrl\":\"https:\\\/\\\/evertonfc.cz\\\/wp-content\\\/uploads\\\/2019\\\/05\\\/logo.png\",\"width\":112,\"height\":112,\"caption\":\"Official Czech & Slovak Everton Supporters' Club\"},\"image\":{\"@id\":\"https:\\\/\\\/evertonfc.cz\\\/#\\\/schema\\\/logo\\\/image\\\/\"},\"sameAs\":[\"https:\\\/\\\/www.facebook.com\\\/everton.fans.cz.sk\"]}]}<\/script>\n<!-- \/ Yoast SEO plugin. -->","yoast_head_json":{"title":"Soupiska - Official Czech &amp; Slovak Everton Supporters&#039; Club","robots":{"index":"index","follow":"follow","max-snippet":"max-snippet:-1","max-image-preview":"max-image-preview:large","max-video-preview":"max-video-preview:-1"},"canonical":"https:\/\/evertonfc.cz\/index.php\/soupiska\/","og_locale":"cs_CZ","og_type":"article","og_title":"Soupiska - Official Czech &amp; Slovak Everton Supporters&#039; Club","og_description":"&nbsp; Brank\u00e1\u0159i Jordan Pickford Mark Travers Tom King Obr\u00e1nci Ainsley Maitland-Niles Michael Keane James Tarkowski Jake O\u2019Brien Vitaliy Mykolenko Jarrad&hellip;","og_url":"https:\/\/evertonfc.cz\/index.php\/soupiska\/","og_site_name":"Official Czech &amp; Slovak Everton Supporters&#039; Club","article_publisher":"https:\/\/www.facebook.com\/everton.fans.cz.sk","article_modified_time":"2026-09-02T20:24:00+00:00","twitter_card":"summary_large_image","twitter_misc":{"Odhadovan\u00e1 doba \u010dten\u00ed":"1 minuta"},"schema":{"@context":"https:\/\/schema.org","@graph":[{"@type":"WebPage","@id":"https:\/\/evertonfc.cz\/index.php\/soupiska\/","url":"https:\/\/evertonfc.cz\/index.php\/soupiska\/","name":"Soupiska - Official Czech &amp; Slovak Everton Supporters&#039; Club","isPartOf":{"@id":"https:\/\/evertonfc.cz\/#website"},"datePublished":"2018-11-28T11:29:11+00:00","dateModified":"2026-09-02T20:24:00+00:00","breadcrumb":{"@id":"https:\/\/evertonfc.cz\/index.php\/soupiska\/#breadcrumb"},"inLanguage":"cs","potentialAction":[{"@type":"ReadAction","target":["https:\/\/evertonfc.cz\/index.php\/soupiska\/"]}]},{"@type":"BreadcrumbList","@id":"https:\/\/evertonfc.cz\/index.php\/soupiska\/#breadcrumb","itemListElement":[{"@type":"ListItem","position":1,"name":"Home","item":"https:\/\/evertonfc.cz\/"},{"@type":"ListItem","position":2,"name":"Soupiska"}]},{"@type":"WebSite","@id":"https:\/\/evertonfc.cz\/#website","url":"https:\/\/evertonfc.cz\/","name":"Official Czech &amp; Slovak Everton Supporters&#039; Club","description":"","publisher":{"@id":"https:\/\/evertonfc.cz\/#organization"},"potentialAction":[{"@type":"SearchAction","target":{"@type":"EntryPoint","urlTemplate":"https:\/\/evertonfc.cz\/?s={search_term_string}"},"query-input":{"@type":"PropertyValueSpecification","valueRequired":true,"valueName":"search_term_string"}}],"inLanguage":"cs"},{"@type":"Organization","@id":"https:\/\/evertonfc.cz\/#organization","name":"Official Czech & Slovak Everton Supporters' Club","url":"https:\/\/evertonfc.cz\/","logo":{"@type":"ImageObject","inLanguage":"cs","@id":"https:\/\/evertonfc.cz\/#\/schema\/logo\/image\/","url":"https:\/\/evertonfc.cz\/wp-content\/uploads\/2019\/05\/logo.png","contentUrl":"https:\/\/evertonfc.cz\/wp-content\/uploads\/2019\/05\/logo.png","width":112,"height":112,"caption":"Official Czech & Slovak Everton Supporters' Club"},"image":{"@id":"https:\/\/evertonfc.cz\/#\/schema\/logo\/image\/"},"sameAs":["https:\/\/www.facebook.com\/everton.fans.cz.sk"]}]}},"_links":{"self":[{"href":"https:\/\/evertonfc.cz\/index.php\/wp-json\/wp\/v2\/pages\/70","targetHints":{"allow":["GET"]}}],"collection":[{"href":"https:\/\/evertonfc.cz\/index.php\/wp-json\/wp\/v2\/pages"}],"about":[{"href":"https:\/\/evertonfc.cz\/index.php\/wp-json\/wp\/v2\/types\/page"}],"author":[{"embeddable":true,"href":"https:\/\/evertonfc.cz\/index.php\/wp-json\/wp\/v2\/users\/1"}],"replies":[{"embeddable":true,"href":"https:\/\/evertonfc.cz\/index.php\/wp-json\/wp\/v2\/comments?post=70"}],"version-history":[{"count":552,"href":"https:\/\/evertonfc.cz\/index.php\/wp-json\/wp\/v2\/pages\/70\/revisions"}],"predecessor-version":[{"id":29532,"href":"https:\/\/evertonfc.cz\/index.php\/wp-json\/wp\/v2\/pages\/70\/revisions\/29532"}],"wp:attachment":[{"href":"https:\/\/evertonfc.cz\/index.php\/wp-json\/wp\/v2\/media?parent=70"}],"curies":[{"name":"wp","href":"https:\/\/api.w.org\/{rel}","templated":true}]}}