{"id":821,"date":"2019-01-05T18:40:33","date_gmt":"2019-01-05T17:40:33","guid":{"rendered":"http:\/\/evertonfc.cz\/?page_id=821"},"modified":"2025-10-17T11:26:10","modified_gmt":"2025-10-17T09:26:10","slug":"jordan-pickford","status":"publish","type":"page","link":"https:\/\/evertonfc.cz\/index.php\/soupiska\/jordan-pickford\/","title":{"rendered":"Jordan Lee Pickford"},"content":{"rendered":"<p><img loading=\"lazy\" decoding=\"async\" style=\"float: right; margin-right: 10px;\" src=\"https:\/\/evertonfc.cz\/wp-content\/uploads\/2025\/09\/pickford2025.png\" width=\"160\" height=\"160\" \/><strong>Narozen:<\/strong>\u00a007. 03. 1994, Washington, Anglie<strong><br \/>\nV\u00fd\u0161ka:<\/strong>\u00a0185 cm<br \/>\n<strong>V\u00e1ha:<\/strong>\u00a077 kg<br \/>\n<strong>Post:<\/strong>\u00a0Brank\u00e1\u0159<br \/>\n<strong>\u010c\u00edslo dresu:<\/strong> 1<br \/>\n<strong>V EFC od:<\/strong>\u00a015. 06. 2017<br \/>\n<strong>Smlouva do:<\/strong> 30. 06. 2029<\/p>\n<hr \/>\n<p>Rod\u00e1k z regionu Tyne and Wear se p\u0159ipojil k akademii Sunderlandu ve v\u011bku osmi let. Posl\u00e9ze si proch\u00e1zel ml\u00e1de\u017enick\u00fdmi kategoriemi klubu, a\u017e v roce 2011 coby sedmn\u00e1ctilet\u00fd podepsal prvn\u00ed profesion\u00e1ln\u00ed smlouvu.<\/p>\n<p>Od roku 2012 sb\u00edral seniorsk\u00e9 zku\u0161enosti po hostov\u00e1n\u00edch v ni\u017e\u0161\u00edch sout\u011b\u017e\u00edch. Postupn\u011b hr\u00e1l za Darlington, Alfreton Town, Burton Albion, Carlisle United, Bradford City a Preston North End \u2013 v\u0161ude pravideln\u011b. Na posledn\u00ed \u0161taci m\u011bl p\u016fvodn\u011b str\u00e1vit celou sez\u00f3nu 2015\/16, ale na konci roku 2015 byl povol\u00e1n zp\u011bt do Sunderlandu a brzy se do\u010dkal debutu v Premier League. Do t\u00e9 doby bylo jeho maximem 24 utk\u00e1n\u00ed pr\u00e1v\u011b za Preston v Championshipu.<\/p>\n<p>Pickford premi\u00e9rov\u011b okusil nejvy\u0161\u0161\u00ed anglickou sout\u011b\u017e 16. ledna 2016 p\u0159i proh\u0159e 1:4 na h\u0159i\u0161ti Tottenhamu. Ve zbytku sez\u00f3ny kryl z\u00e1da Mannonemu, v lize si op\u011bt zachytal a\u017e v posledn\u00edm kole p\u0159i rem\u00edze 2:2 s Watfordem. Pro n\u00e1sleduj\u00edc\u00ed ro\u010dn\u00edk byla situace nastolena stejn\u011b, zku\u0161en\u00fd Mannone jako jedni\u010dka a talentovan\u00fd Pickford jako dvojka. Italovo zran\u011bn\u00ed ale mlad\u00e9ho Angli\u010dana pustilo do br\u00e1ny u\u017e ve t\u0159et\u00edm kole a r\u00e1zem se role obr\u00e1tily. Pickford se usadil mezi t\u0159emi ty\u010demi a sv\u00fdmi v\u00fdkony byl jedn\u00edm z m\u00e1la pozitiv za sestupem m\u00ed\u0159\u00edc\u00edm Sunderlandem. Krom\u011b reflexivn\u00edch z\u00e1krok\u016f na \u010d\u00e1\u0159e zaujal i velmi solidn\u00ed kopac\u00ed technikou. Po sez\u00f3n\u011b bylo jasn\u00e9, \u017ee klub opust\u00ed. Spekulovalo se sice o z\u00e1jmu Arsenalu, p\u0159\u00edmo\u010da\u0159eji si ale po\u010d\u00ednal Everton, kter\u00fd usp\u011bl se z\u00e1kladn\u00ed nab\u00eddkou v hodnot\u011b 25 milion\u016f liber navrch dopln\u011bnou p\u011bti miliony za v\u00fdkonnostn\u00ed bonusy, co\u017e dohromady p\u0159edstavuje t\u0159et\u00ed nejdra\u017e\u0161\u00ed p\u0159estup branka\u0159e v d\u011bjin\u00e1ch fotbalu.<\/p>\n<p>Vysok\u00e1 \u010d\u00e1stka nakonec zase tak vysok\u00e1 b\u00fdt nemus\u00ed, kdy\u017e se vezme v potaz, \u017ee Everton z\u00edskal vysn\u011bn\u00e9ho branka\u0159e, jen\u017e m\u016f\u017ee b\u00fdt jedni\u010dkou celou dek\u00e1du. Kvalita a potenci\u00e1l Pickforda jsou toho zna\u010dn\u00fdmi p\u0159\u00edsliby.<\/p>\n<p>P\u0159estup s p\u011btiletou smlouvou se dot\u00e1hl b\u011bhem mistrovstv\u00ed Evropy fotbalist\u016f do 21 let v Polsku, kde Pickford n\u011bkolikr\u00e1t prok\u00e1zal pevn\u00e9 nervy a Angli\u010dan\u016fm pomohl k postupu do semifin\u00e1le.<\/p>\n","protected":false},"excerpt":{"rendered":"<p>Narozen:\u00a007. 03. 1994, Washington, Anglie V\u00fd\u0161ka:\u00a0185 cm V\u00e1ha:\u00a077 kg Post:\u00a0Brank\u00e1\u0159 \u010c\u00edslo dresu: 1 V EFC od:\u00a015. 06. 2017 Smlouva do:&hellip;<\/p>\n","protected":false},"author":6,"featured_media":0,"parent":70,"menu_order":0,"comment_status":"closed","ping_status":"closed","template":"","meta":{"_eb_attr":"","_monsterinsights_skip_tracking":false,"_monsterinsights_sitenote_active":false,"_monsterinsights_sitenote_note":"","_monsterinsights_sitenote_category":0,"footnotes":""},"yoast_head":"<!-- This site is optimized with the Yoast SEO plugin v23.4 - https:\/\/yoast.com\/wordpress\/plugins\/seo\/ -->\n<title>Jordan Lee Pickford - Official Czech &amp; Slovak Everton Supporters&#039; Club<\/title>\n<meta name=\"robots\" content=\"index, follow, max-snippet:-1, max-image-preview:large, max-video-preview:-1\" \/>\n<link rel=\"canonical\" href=\"https:\/\/evertonfc.cz\/index.php\/soupiska\/jordan-pickford\/\" \/>\n<meta property=\"og:locale\" content=\"cs_CZ\" \/>\n<meta property=\"og:type\" content=\"article\" \/>\n<meta property=\"og:title\" content=\"Jordan Lee Pickford - Official Czech &amp; Slovak Everton Supporters&#039; Club\" \/>\n<meta property=\"og:description\" content=\"Narozen:\u00a007. 03. 1994, Washington, Anglie V\u00fd\u0161ka:\u00a0185 cm V\u00e1ha:\u00a077 kg Post:\u00a0Brank\u00e1\u0159 \u010c\u00edslo dresu: 1 V EFC od:\u00a015. 06. 2017 Smlouva do:&hellip;\" \/>\n<meta property=\"og:url\" content=\"https:\/\/evertonfc.cz\/index.php\/soupiska\/jordan-pickford\/\" \/>\n<meta property=\"og:site_name\" content=\"Official Czech &amp; Slovak Everton Supporters&#039; Club\" \/>\n<meta property=\"article:publisher\" content=\"https:\/\/www.facebook.com\/everton.fans.cz.sk\" \/>\n<meta property=\"article:modified_time\" content=\"2025-10-17T09:26:10+00:00\" \/>\n<meta property=\"og:image\" content=\"https:\/\/evertonfc.cz\/wp-content\/uploads\/2025\/09\/pickford2025.png\" \/>\n<meta name=\"twitter:card\" content=\"summary_large_image\" \/>\n<meta name=\"twitter:label1\" content=\"Odhadovan\u00e1 doba \u010dten\u00ed\" \/>\n\t<meta name=\"twitter:data1\" content=\"3 minuty\" \/>\n<script type=\"application\/ld+json\" class=\"yoast-schema-graph\">{\"@context\":\"https:\/\/schema.org\",\"@graph\":[{\"@type\":\"WebPage\",\"@id\":\"https:\/\/evertonfc.cz\/index.php\/soupiska\/jordan-pickford\/\",\"url\":\"https:\/\/evertonfc.cz\/index.php\/soupiska\/jordan-pickford\/\",\"name\":\"Jordan Lee Pickford - Official Czech &amp; Slovak Everton Supporters&#039; Club\",\"isPartOf\":{\"@id\":\"https:\/\/evertonfc.cz\/#website\"},\"primaryImageOfPage\":{\"@id\":\"https:\/\/evertonfc.cz\/index.php\/soupiska\/jordan-pickford\/#primaryimage\"},\"image\":{\"@id\":\"https:\/\/evertonfc.cz\/index.php\/soupiska\/jordan-pickford\/#primaryimage\"},\"thumbnailUrl\":\"https:\/\/evertonfc.cz\/wp-content\/uploads\/2025\/09\/pickford2025.png\",\"datePublished\":\"2019-01-05T17:40:33+00:00\",\"dateModified\":\"2025-10-17T09:26:10+00:00\",\"breadcrumb\":{\"@id\":\"https:\/\/evertonfc.cz\/index.php\/soupiska\/jordan-pickford\/#breadcrumb\"},\"inLanguage\":\"cs\",\"potentialAction\":[{\"@type\":\"ReadAction\",\"target\":[\"https:\/\/evertonfc.cz\/index.php\/soupiska\/jordan-pickford\/\"]}]},{\"@type\":\"ImageObject\",\"inLanguage\":\"cs\",\"@id\":\"https:\/\/evertonfc.cz\/index.php\/soupiska\/jordan-pickford\/#primaryimage\",\"url\":\"https:\/\/evertonfc.cz\/wp-content\/uploads\/2025\/09\/pickford2025.png\",\"contentUrl\":\"https:\/\/evertonfc.cz\/wp-content\/uploads\/2025\/09\/pickford2025.png\",\"width\":300,\"height\":300},{\"@type\":\"BreadcrumbList\",\"@id\":\"https:\/\/evertonfc.cz\/index.php\/soupiska\/jordan-pickford\/#breadcrumb\",\"itemListElement\":[{\"@type\":\"ListItem\",\"position\":1,\"name\":\"Home\",\"item\":\"https:\/\/evertonfc.cz\/\"},{\"@type\":\"ListItem\",\"position\":2,\"name\":\"Soupiska\",\"item\":\"https:\/\/evertonfc.cz\/index.php\/soupiska\/\"},{\"@type\":\"ListItem\",\"position\":3,\"name\":\"Jordan Lee Pickford\"}]},{\"@type\":\"WebSite\",\"@id\":\"https:\/\/evertonfc.cz\/#website\",\"url\":\"https:\/\/evertonfc.cz\/\",\"name\":\"Official Czech &amp; Slovak Everton Supporters&#039; Club\",\"description\":\"\",\"publisher\":{\"@id\":\"https:\/\/evertonfc.cz\/#organization\"},\"potentialAction\":[{\"@type\":\"SearchAction\",\"target\":{\"@type\":\"EntryPoint\",\"urlTemplate\":\"https:\/\/evertonfc.cz\/?s={search_term_string}\"},\"query-input\":{\"@type\":\"PropertyValueSpecification\",\"valueRequired\":true,\"valueName\":\"search_term_string\"}}],\"inLanguage\":\"cs\"},{\"@type\":\"Organization\",\"@id\":\"https:\/\/evertonfc.cz\/#organization\",\"name\":\"Official Czech & Slovak Everton Supporters' Club\",\"url\":\"https:\/\/evertonfc.cz\/\",\"logo\":{\"@type\":\"ImageObject\",\"inLanguage\":\"cs\",\"@id\":\"https:\/\/evertonfc.cz\/#\/schema\/logo\/image\/\",\"url\":\"https:\/\/evertonfc.cz\/wp-content\/uploads\/2019\/05\/logo.png\",\"contentUrl\":\"https:\/\/evertonfc.cz\/wp-content\/uploads\/2019\/05\/logo.png\",\"width\":112,\"height\":112,\"caption\":\"Official Czech & Slovak Everton Supporters' Club\"},\"image\":{\"@id\":\"https:\/\/evertonfc.cz\/#\/schema\/logo\/image\/\"},\"sameAs\":[\"https:\/\/www.facebook.com\/everton.fans.cz.sk\"]}]}<\/script>\n<!-- \/ Yoast SEO plugin. -->","yoast_head_json":{"title":"Jordan Lee Pickford - Official Czech &amp; Slovak Everton Supporters&#039; Club","robots":{"index":"index","follow":"follow","max-snippet":"max-snippet:-1","max-image-preview":"max-image-preview:large","max-video-preview":"max-video-preview:-1"},"canonical":"https:\/\/evertonfc.cz\/index.php\/soupiska\/jordan-pickford\/","og_locale":"cs_CZ","og_type":"article","og_title":"Jordan Lee Pickford - Official Czech &amp; Slovak Everton Supporters&#039; Club","og_description":"Narozen:\u00a007. 03. 1994, Washington, Anglie V\u00fd\u0161ka:\u00a0185 cm V\u00e1ha:\u00a077 kg Post:\u00a0Brank\u00e1\u0159 \u010c\u00edslo dresu: 1 V EFC od:\u00a015. 06. 2017 Smlouva do:&hellip;","og_url":"https:\/\/evertonfc.cz\/index.php\/soupiska\/jordan-pickford\/","og_site_name":"Official Czech &amp; Slovak Everton Supporters&#039; Club","article_publisher":"https:\/\/www.facebook.com\/everton.fans.cz.sk","article_modified_time":"2025-10-17T09:26:10+00:00","og_image":[{"url":"https:\/\/evertonfc.cz\/wp-content\/uploads\/2025\/09\/pickford2025.png"}],"twitter_card":"summary_large_image","twitter_misc":{"Odhadovan\u00e1 doba \u010dten\u00ed":"3 minuty"},"schema":{"@context":"https:\/\/schema.org","@graph":[{"@type":"WebPage","@id":"https:\/\/evertonfc.cz\/index.php\/soupiska\/jordan-pickford\/","url":"https:\/\/evertonfc.cz\/index.php\/soupiska\/jordan-pickford\/","name":"Jordan Lee Pickford - Official Czech &amp; Slovak Everton Supporters&#039; Club","isPartOf":{"@id":"https:\/\/evertonfc.cz\/#website"},"primaryImageOfPage":{"@id":"https:\/\/evertonfc.cz\/index.php\/soupiska\/jordan-pickford\/#primaryimage"},"image":{"@id":"https:\/\/evertonfc.cz\/index.php\/soupiska\/jordan-pickford\/#primaryimage"},"thumbnailUrl":"https:\/\/evertonfc.cz\/wp-content\/uploads\/2025\/09\/pickford2025.png","datePublished":"2019-01-05T17:40:33+00:00","dateModified":"2025-10-17T09:26:10+00:00","breadcrumb":{"@id":"https:\/\/evertonfc.cz\/index.php\/soupiska\/jordan-pickford\/#breadcrumb"},"inLanguage":"cs","potentialAction":[{"@type":"ReadAction","target":["https:\/\/evertonfc.cz\/index.php\/soupiska\/jordan-pickford\/"]}]},{"@type":"ImageObject","inLanguage":"cs","@id":"https:\/\/evertonfc.cz\/index.php\/soupiska\/jordan-pickford\/#primaryimage","url":"https:\/\/evertonfc.cz\/wp-content\/uploads\/2025\/09\/pickford2025.png","contentUrl":"https:\/\/evertonfc.cz\/wp-content\/uploads\/2025\/09\/pickford2025.png","width":300,"height":300},{"@type":"BreadcrumbList","@id":"https:\/\/evertonfc.cz\/index.php\/soupiska\/jordan-pickford\/#breadcrumb","itemListElement":[{"@type":"ListItem","position":1,"name":"Home","item":"https:\/\/evertonfc.cz\/"},{"@type":"ListItem","position":2,"name":"Soupiska","item":"https:\/\/evertonfc.cz\/index.php\/soupiska\/"},{"@type":"ListItem","position":3,"name":"Jordan Lee Pickford"}]},{"@type":"WebSite","@id":"https:\/\/evertonfc.cz\/#website","url":"https:\/\/evertonfc.cz\/","name":"Official Czech &amp; Slovak Everton Supporters&#039; Club","description":"","publisher":{"@id":"https:\/\/evertonfc.cz\/#organization"},"potentialAction":[{"@type":"SearchAction","target":{"@type":"EntryPoint","urlTemplate":"https:\/\/evertonfc.cz\/?s={search_term_string}"},"query-input":{"@type":"PropertyValueSpecification","valueRequired":true,"valueName":"search_term_string"}}],"inLanguage":"cs"},{"@type":"Organization","@id":"https:\/\/evertonfc.cz\/#organization","name":"Official Czech & Slovak Everton Supporters' Club","url":"https:\/\/evertonfc.cz\/","logo":{"@type":"ImageObject","inLanguage":"cs","@id":"https:\/\/evertonfc.cz\/#\/schema\/logo\/image\/","url":"https:\/\/evertonfc.cz\/wp-content\/uploads\/2019\/05\/logo.png","contentUrl":"https:\/\/evertonfc.cz\/wp-content\/uploads\/2019\/05\/logo.png","width":112,"height":112,"caption":"Official Czech & Slovak Everton Supporters' Club"},"image":{"@id":"https:\/\/evertonfc.cz\/#\/schema\/logo\/image\/"},"sameAs":["https:\/\/www.facebook.com\/everton.fans.cz.sk"]}]}},"_links":{"self":[{"href":"https:\/\/evertonfc.cz\/index.php\/wp-json\/wp\/v2\/pages\/821"}],"collection":[{"href":"https:\/\/evertonfc.cz\/index.php\/wp-json\/wp\/v2\/pages"}],"about":[{"href":"https:\/\/evertonfc.cz\/index.php\/wp-json\/wp\/v2\/types\/page"}],"author":[{"embeddable":true,"href":"https:\/\/evertonfc.cz\/index.php\/wp-json\/wp\/v2\/users\/6"}],"replies":[{"embeddable":true,"href":"https:\/\/evertonfc.cz\/index.php\/wp-json\/wp\/v2\/comments?post=821"}],"version-history":[{"count":36,"href":"https:\/\/evertonfc.cz\/index.php\/wp-json\/wp\/v2\/pages\/821\/revisions"}],"predecessor-version":[{"id":27778,"href":"https:\/\/evertonfc.cz\/index.php\/wp-json\/wp\/v2\/pages\/821\/revisions\/27778"}],"up":[{"embeddable":true,"href":"https:\/\/evertonfc.cz\/index.php\/wp-json\/wp\/v2\/pages\/70"}],"wp:attachment":[{"href":"https:\/\/evertonfc.cz\/index.php\/wp-json\/wp\/v2\/media?parent=821"}],"curies":[{"name":"wp","href":"https:\/\/api.w.org\/{rel}","templated":true}]}}