{"id":842,"date":"2019-01-05T19:39:48","date_gmt":"2019-01-05T18:39:48","guid":{"rendered":"http:\/\/evertonfc.cz\/?page_id=842"},"modified":"2025-05-31T21:39:31","modified_gmt":"2025-05-31T19:39:31","slug":"joao-virginia","status":"publish","type":"page","link":"https:\/\/evertonfc.cz\/index.php\/soupiska\/joao-virginia\/","title":{"rendered":"Jo\u00e3o Manuel Neves Virg\u00ednia"},"content":{"rendered":"<p><strong data-wp-editing=\"1\"><img decoding=\"async\" style=\"float: right; margin-left: 10px; margin-right: 10px;\" src=\"https:\/\/evertonfc.cz\/wp-content\/uploads\/2025\/05\/joao_virginia.png\" \/>Narozen: <\/strong>10. 10. 1999, Faro, Portugalsko<br \/>\n<strong>V\u00fd\u0161ka:<\/strong>\u00a0192 cm<br \/>\n<strong>V\u00e1ha:<\/strong>\u00a083 kg<br \/>\n<strong>Post:<\/strong> Brank\u00e1\u0159<br \/>\n<strong>V EFC od:<\/strong>\u00a003. 08. 2018<br \/>\n<strong>Do:<\/strong> 30. 06. 2025<\/p>\n<hr \/>\n<p>Portugalsk\u00fd brank\u00e1\u0159 p\u0159estoupil do Evertonu za nezve\u0159ejn\u011bnou \u010d\u00e1stku na za\u010d\u00e1tku srpna 2018. Jeho transfer z Arsenalu byl pro mnoh\u00e9 p\u0159ekvapen\u00edm, v ml\u00e1de\u017enick\u00fdch t\u00fdmech lond\u00fdnsk\u00e9ho klubu toti\u017e nastupoval pravideln\u011b a pod\u00e1val dobr\u00e9 v\u00fdkony. B\u011bhem sez\u00f3ny 2017\/18 odehr\u00e1l za v\u00fdb\u011bry U18 a U23 celkem\u00a022 z\u00e1pas\u016f.<\/p>\n<p>Odchovanec lisabonsk\u00e9 Benfiky, v Arsenalu p\u016fsobil od roku 2015, se po p\u0159\u00edchodu do Evertonu okam\u017eit\u011b zapojil do tr\u00e9ninkov\u00e9 procesu prvn\u00edho mu\u017estva, z\u00e1pasovou praxi p\u0159itom nab\u00edr\u00e1 ve v\u00fdb\u011bru U23.<\/p>\n<p>Debut v portugalsk\u00e9 reprezentaci do 21 let si odbyl na podzim 2018 b\u011bhem kvalifika\u010dn\u00edho utk\u00e1n\u00ed o mistrovstv\u00ed Evropy. N\u00e1rodn\u00ed barvy ale u\u017e d\u0159\u00edve obl\u00e9kal v ni\u017e\u0161\u00edch v\u011bkov\u00fdch kategori\u00edch.<\/p>\n<p>V prvn\u00edm t\u00fdmu Evertonu ve sv\u00fdch 19 letech zaujal pozici brank\u00e1\u0159sk\u00e9 trojky prvn\u00edho t\u00fdmu a v\u00fdb\u011bru do 23 let pomohl skv\u011bl\u00fdmi v\u00fdkony k zisku double &#8211; titulu v Premier League 2 a tak\u00e9 Premier League Cupu. N\u00e1sledn\u011b v l\u00e9t\u011b 2019 se Virg\u00ednia vydal sb\u00edrat prvn\u00ed zku\u0161enosti v seniorsk\u00e9m fotbale, na ro\u010dn\u00ed hostov\u00e1n\u00ed zam\u00ed\u0159il do druholigov\u00e9ho Readingu, kter\u00fd vede jeho krajan Jos\u00e9 Manuel Gomes.<\/p>\n<p>20let\u00e9mu brank\u00e1\u0159i ale prvn\u00ed zku\u0161enost se seniorsk\u00fdm fotbalem nevy\u0161la, na Madejski Stadium za\u010dal sez\u00f3nu jako jedni\u010dka, ale po v\u00fdrazn\u00fdch hrubk\u00e1ch brzy putoval na lavi\u010dku n\u00e1hradn\u00edk\u016f a po zm\u011bn\u011b tren\u00e9ra dokonce a\u017e na tribunu. Everton proto v polovin\u011b sez\u00f3ny ukon\u010dil hostov\u00e1n\u00ed a Virg\u00ednia op\u011bt putoval do v\u00fdb\u011bru Toffees do 23 let. Za Royals odehr\u00e1l b\u011bhem p\u016flroku pouh\u00e9 t\u0159i sout\u011b\u017en\u00ed duely.<\/p>\n<p>Do sez\u00f3ny 2020\/21 vstupoval Portugalec jako trojka prvn\u00edho t\u00fdmu Evertonu za zku\u0161en\u011bj\u0161\u00edmi Pickfordem a Olsenem, p\u0159esto nasko\u010dil do t\u0159ech sout\u011b\u017en\u00edch z\u00e1pas\u016f. V z\u00e1kladn\u00ed sestav\u011b se objevil v druh\u00e9m kole Ligov\u00e9ho poh\u00e1ru se Salfordem a \u010dtvrtfin\u00e1le FA Cupu s Manchesterem City, p\u0159i\u010dem\u017e tak\u00e9 debutoval v Premier League &#8211; na ja\u0159e 2021 nasko\u010dil do dom\u00e1c\u00edho duelu s Burnley na za\u010d\u00e1tku druh\u00e9 p\u016fle. Toffees sice ono st\u0159etnut\u00ed prohr\u00e1li, Virg\u00ednia se ale bl\u00fdskl velmi slu\u0161n\u00fdm v\u00fdkonem, ostatn\u011b jako v obou zmi\u0148ovan\u00fdch poh\u00e1rov\u00fdch z\u00e1pasech.<\/p>\n<p>Do sez\u00f3ny 2021\/22 si dal Virg\u00ednia ambice chytat pravideln\u011b, a tak kdy\u017e z\u00e1jem o jeho hostov\u00e1n\u00ed projevil lisabonsk\u00fd Sporting, v\u00fdp\u016fj\u010dka se rychle upekla. Portugalsk\u00fd velkoklub si do smlouv\u011b o ro\u010dn\u00edm hostov\u00e1n\u00ed zakotvil i opci na p\u0159estup.<\/p>\n<p>Rod\u00e1k z jihoportugalsk\u00e9ho m\u011bsta Faro nakonec b\u011bhem ro\u010dn\u00edku ve Sportingu odchytal jako dvojka solidn\u00edch osm sout\u011b\u017en\u00edch z\u00e1pas\u016f, dokonce si odbyl premi\u00e9ru i ve slavn\u00e9 Lize mistr\u016f p\u0159i proh\u0159e 2:4 s Ajaxem. Lisabonsk\u00fd celek cht\u011bl Virg\u00edniu po sezon\u011b odkoupit, nedohodl se ale na podm\u00ednk\u00e1ch s Evertonem.<\/p>\n<p>V ro\u010dn\u00edku 2022\/23 si 22let\u00fd Portugalec vyzkou\u0161el dal\u0161\u00ed hostov\u00e1n\u00ed, kdy\u017e zam\u00ed\u0159il do nizozemsk\u00e9ho prvoligov\u00e9ho celku SC Cambuur, kde si kone\u010dn\u011b po\u0159\u00e1dn\u011b zachytal, kdy\u017e si p\u0159ipsal 17 start\u016f v prvn\u00ed polovin\u011b sez\u00f3ny, b\u011bhem nich\u017e dos\u00e1hl p\u00e1t\u00e9 nejvy\u0161\u0161\u00ed procento \u00fasp\u011b\u0161nosti z\u00e1krok\u016f v Eredivisii. Nedok\u00e1zal ale zabr\u00e1nit hern\u00edmu \u00fapadku t\u00fdmu, kter\u00fd se uprost\u0159ed ro\u010dn\u00edk rozhodl pro nov\u00fd impuls zm\u011bnou mezi t\u0159emi ty\u010demi. Virg\u00ednia usedl na lavi\u010dku, ale Cambur bez n\u011bj ve stejn\u00e9m po\u010dtu duel\u016f inkasoval o 13 g\u00f3l\u016f v\u00edce a nakonec sestoupil.<\/p>\n<p>V l\u00e9t\u011b 2023 se Virg\u00ednia vr\u00e1til do Evertonu, kter\u00fd s n\u00edm prodlou\u017eil smlouvu do roku 2025 a sv\u011b\u0159il mu roli klubov\u00e9 dvojky. V Premier League kryl z\u00e1da Jordanu Pickfordovi, zat\u00edmco v poh\u00e1rov\u00fdch z\u00e1pasech nastupoval jako brank\u00e1\u0159. Po vypr\u0161en\u00ed smlouvy v\u0161ak nedostal od klubu novou nab\u00eddku, a tak v l\u00e9t\u011b 2025 opustil Goodison Park po sedmi letech. Ve sv\u00fdch 25 letech bude hledat anga\u017em\u00e1, kde se stane jedni\u010dkou.<\/p>\n","protected":false},"excerpt":{"rendered":"<p>Narozen: 10. 10. 1999, Faro, Portugalsko V\u00fd\u0161ka:\u00a0192 cm V\u00e1ha:\u00a083 kg Post: Brank\u00e1\u0159 V EFC od:\u00a003. 08. 2018 Do: 30. 06.&hellip;<\/p>\n","protected":false},"author":6,"featured_media":0,"parent":70,"menu_order":0,"comment_status":"closed","ping_status":"closed","template":"","meta":{"_eb_attr":"","_monsterinsights_skip_tracking":false,"_monsterinsights_sitenote_active":false,"_monsterinsights_sitenote_note":"","_monsterinsights_sitenote_category":0,"footnotes":""},"yoast_head":"<!-- This site is optimized with the Yoast SEO plugin v23.4 - https:\/\/yoast.com\/wordpress\/plugins\/seo\/ -->\n<title>Jo\u00e3o Manuel Neves Virg\u00ednia - Official Czech &amp; Slovak Everton Supporters&#039; Club<\/title>\n<meta name=\"robots\" content=\"index, follow, max-snippet:-1, max-image-preview:large, max-video-preview:-1\" \/>\n<link rel=\"canonical\" href=\"https:\/\/evertonfc.cz\/index.php\/soupiska\/joao-virginia\/\" \/>\n<meta property=\"og:locale\" content=\"cs_CZ\" \/>\n<meta property=\"og:type\" content=\"article\" \/>\n<meta property=\"og:title\" content=\"Jo\u00e3o Manuel Neves Virg\u00ednia - Official Czech &amp; Slovak Everton Supporters&#039; Club\" \/>\n<meta property=\"og:description\" content=\"Narozen: 10. 10. 1999, Faro, Portugalsko V\u00fd\u0161ka:\u00a0192 cm V\u00e1ha:\u00a083 kg Post: Brank\u00e1\u0159 V EFC od:\u00a003. 08. 2018 Do: 30. 06.&hellip;\" \/>\n<meta property=\"og:url\" content=\"https:\/\/evertonfc.cz\/index.php\/soupiska\/joao-virginia\/\" \/>\n<meta property=\"og:site_name\" content=\"Official Czech &amp; Slovak Everton Supporters&#039; Club\" \/>\n<meta property=\"article:publisher\" content=\"https:\/\/www.facebook.com\/everton.fans.cz.sk\" \/>\n<meta property=\"article:modified_time\" content=\"2025-05-31T19:39:31+00:00\" \/>\n<meta property=\"og:image\" content=\"https:\/\/evertonfc.cz\/wp-content\/uploads\/2025\/05\/joao_virginia.png\" \/>\n<meta name=\"twitter:card\" content=\"summary_large_image\" \/>\n<meta name=\"twitter:label1\" content=\"Odhadovan\u00e1 doba \u010dten\u00ed\" \/>\n\t<meta name=\"twitter:data1\" content=\"4 minuty\" \/>\n<script type=\"application\/ld+json\" class=\"yoast-schema-graph\">{\"@context\":\"https:\/\/schema.org\",\"@graph\":[{\"@type\":\"WebPage\",\"@id\":\"https:\/\/evertonfc.cz\/index.php\/soupiska\/joao-virginia\/\",\"url\":\"https:\/\/evertonfc.cz\/index.php\/soupiska\/joao-virginia\/\",\"name\":\"Jo\u00e3o Manuel Neves Virg\u00ednia - Official Czech &amp; Slovak Everton Supporters&#039; Club\",\"isPartOf\":{\"@id\":\"https:\/\/evertonfc.cz\/#website\"},\"primaryImageOfPage\":{\"@id\":\"https:\/\/evertonfc.cz\/index.php\/soupiska\/joao-virginia\/#primaryimage\"},\"image\":{\"@id\":\"https:\/\/evertonfc.cz\/index.php\/soupiska\/joao-virginia\/#primaryimage\"},\"thumbnailUrl\":\"https:\/\/evertonfc.cz\/wp-content\/uploads\/2025\/05\/joao_virginia.png\",\"datePublished\":\"2019-01-05T18:39:48+00:00\",\"dateModified\":\"2025-05-31T19:39:31+00:00\",\"breadcrumb\":{\"@id\":\"https:\/\/evertonfc.cz\/index.php\/soupiska\/joao-virginia\/#breadcrumb\"},\"inLanguage\":\"cs\",\"potentialAction\":[{\"@type\":\"ReadAction\",\"target\":[\"https:\/\/evertonfc.cz\/index.php\/soupiska\/joao-virginia\/\"]}]},{\"@type\":\"ImageObject\",\"inLanguage\":\"cs\",\"@id\":\"https:\/\/evertonfc.cz\/index.php\/soupiska\/joao-virginia\/#primaryimage\",\"url\":\"https:\/\/evertonfc.cz\/wp-content\/uploads\/2025\/05\/joao_virginia.png\",\"contentUrl\":\"https:\/\/evertonfc.cz\/wp-content\/uploads\/2025\/05\/joao_virginia.png\",\"width\":80,\"height\":83},{\"@type\":\"BreadcrumbList\",\"@id\":\"https:\/\/evertonfc.cz\/index.php\/soupiska\/joao-virginia\/#breadcrumb\",\"itemListElement\":[{\"@type\":\"ListItem\",\"position\":1,\"name\":\"Home\",\"item\":\"https:\/\/evertonfc.cz\/\"},{\"@type\":\"ListItem\",\"position\":2,\"name\":\"Soupiska\",\"item\":\"https:\/\/evertonfc.cz\/index.php\/soupiska\/\"},{\"@type\":\"ListItem\",\"position\":3,\"name\":\"Jo\u00e3o Manuel Neves Virg\u00ednia\"}]},{\"@type\":\"WebSite\",\"@id\":\"https:\/\/evertonfc.cz\/#website\",\"url\":\"https:\/\/evertonfc.cz\/\",\"name\":\"Official Czech &amp; Slovak Everton Supporters&#039; Club\",\"description\":\"\",\"publisher\":{\"@id\":\"https:\/\/evertonfc.cz\/#organization\"},\"potentialAction\":[{\"@type\":\"SearchAction\",\"target\":{\"@type\":\"EntryPoint\",\"urlTemplate\":\"https:\/\/evertonfc.cz\/?s={search_term_string}\"},\"query-input\":{\"@type\":\"PropertyValueSpecification\",\"valueRequired\":true,\"valueName\":\"search_term_string\"}}],\"inLanguage\":\"cs\"},{\"@type\":\"Organization\",\"@id\":\"https:\/\/evertonfc.cz\/#organization\",\"name\":\"Official Czech & Slovak Everton Supporters' Club\",\"url\":\"https:\/\/evertonfc.cz\/\",\"logo\":{\"@type\":\"ImageObject\",\"inLanguage\":\"cs\",\"@id\":\"https:\/\/evertonfc.cz\/#\/schema\/logo\/image\/\",\"url\":\"https:\/\/evertonfc.cz\/wp-content\/uploads\/2019\/05\/logo.png\",\"contentUrl\":\"https:\/\/evertonfc.cz\/wp-content\/uploads\/2019\/05\/logo.png\",\"width\":112,\"height\":112,\"caption\":\"Official Czech & Slovak Everton Supporters' Club\"},\"image\":{\"@id\":\"https:\/\/evertonfc.cz\/#\/schema\/logo\/image\/\"},\"sameAs\":[\"https:\/\/www.facebook.com\/everton.fans.cz.sk\"]}]}<\/script>\n<!-- \/ Yoast SEO plugin. -->","yoast_head_json":{"title":"Jo\u00e3o Manuel Neves Virg\u00ednia - Official Czech &amp; Slovak Everton Supporters&#039; Club","robots":{"index":"index","follow":"follow","max-snippet":"max-snippet:-1","max-image-preview":"max-image-preview:large","max-video-preview":"max-video-preview:-1"},"canonical":"https:\/\/evertonfc.cz\/index.php\/soupiska\/joao-virginia\/","og_locale":"cs_CZ","og_type":"article","og_title":"Jo\u00e3o Manuel Neves Virg\u00ednia - Official Czech &amp; Slovak Everton Supporters&#039; Club","og_description":"Narozen: 10. 10. 1999, Faro, Portugalsko V\u00fd\u0161ka:\u00a0192 cm V\u00e1ha:\u00a083 kg Post: Brank\u00e1\u0159 V EFC od:\u00a003. 08. 2018 Do: 30. 06.&hellip;","og_url":"https:\/\/evertonfc.cz\/index.php\/soupiska\/joao-virginia\/","og_site_name":"Official Czech &amp; Slovak Everton Supporters&#039; Club","article_publisher":"https:\/\/www.facebook.com\/everton.fans.cz.sk","article_modified_time":"2025-05-31T19:39:31+00:00","og_image":[{"url":"https:\/\/evertonfc.cz\/wp-content\/uploads\/2025\/05\/joao_virginia.png"}],"twitter_card":"summary_large_image","twitter_misc":{"Odhadovan\u00e1 doba \u010dten\u00ed":"4 minuty"},"schema":{"@context":"https:\/\/schema.org","@graph":[{"@type":"WebPage","@id":"https:\/\/evertonfc.cz\/index.php\/soupiska\/joao-virginia\/","url":"https:\/\/evertonfc.cz\/index.php\/soupiska\/joao-virginia\/","name":"Jo\u00e3o Manuel Neves Virg\u00ednia - Official Czech &amp; Slovak Everton Supporters&#039; Club","isPartOf":{"@id":"https:\/\/evertonfc.cz\/#website"},"primaryImageOfPage":{"@id":"https:\/\/evertonfc.cz\/index.php\/soupiska\/joao-virginia\/#primaryimage"},"image":{"@id":"https:\/\/evertonfc.cz\/index.php\/soupiska\/joao-virginia\/#primaryimage"},"thumbnailUrl":"https:\/\/evertonfc.cz\/wp-content\/uploads\/2025\/05\/joao_virginia.png","datePublished":"2019-01-05T18:39:48+00:00","dateModified":"2025-05-31T19:39:31+00:00","breadcrumb":{"@id":"https:\/\/evertonfc.cz\/index.php\/soupiska\/joao-virginia\/#breadcrumb"},"inLanguage":"cs","potentialAction":[{"@type":"ReadAction","target":["https:\/\/evertonfc.cz\/index.php\/soupiska\/joao-virginia\/"]}]},{"@type":"ImageObject","inLanguage":"cs","@id":"https:\/\/evertonfc.cz\/index.php\/soupiska\/joao-virginia\/#primaryimage","url":"https:\/\/evertonfc.cz\/wp-content\/uploads\/2025\/05\/joao_virginia.png","contentUrl":"https:\/\/evertonfc.cz\/wp-content\/uploads\/2025\/05\/joao_virginia.png","width":80,"height":83},{"@type":"BreadcrumbList","@id":"https:\/\/evertonfc.cz\/index.php\/soupiska\/joao-virginia\/#breadcrumb","itemListElement":[{"@type":"ListItem","position":1,"name":"Home","item":"https:\/\/evertonfc.cz\/"},{"@type":"ListItem","position":2,"name":"Soupiska","item":"https:\/\/evertonfc.cz\/index.php\/soupiska\/"},{"@type":"ListItem","position":3,"name":"Jo\u00e3o Manuel Neves Virg\u00ednia"}]},{"@type":"WebSite","@id":"https:\/\/evertonfc.cz\/#website","url":"https:\/\/evertonfc.cz\/","name":"Official Czech &amp; Slovak Everton Supporters&#039; Club","description":"","publisher":{"@id":"https:\/\/evertonfc.cz\/#organization"},"potentialAction":[{"@type":"SearchAction","target":{"@type":"EntryPoint","urlTemplate":"https:\/\/evertonfc.cz\/?s={search_term_string}"},"query-input":{"@type":"PropertyValueSpecification","valueRequired":true,"valueName":"search_term_string"}}],"inLanguage":"cs"},{"@type":"Organization","@id":"https:\/\/evertonfc.cz\/#organization","name":"Official Czech & Slovak Everton Supporters' Club","url":"https:\/\/evertonfc.cz\/","logo":{"@type":"ImageObject","inLanguage":"cs","@id":"https:\/\/evertonfc.cz\/#\/schema\/logo\/image\/","url":"https:\/\/evertonfc.cz\/wp-content\/uploads\/2019\/05\/logo.png","contentUrl":"https:\/\/evertonfc.cz\/wp-content\/uploads\/2019\/05\/logo.png","width":112,"height":112,"caption":"Official Czech & Slovak Everton Supporters' Club"},"image":{"@id":"https:\/\/evertonfc.cz\/#\/schema\/logo\/image\/"},"sameAs":["https:\/\/www.facebook.com\/everton.fans.cz.sk"]}]}},"_links":{"self":[{"href":"https:\/\/evertonfc.cz\/index.php\/wp-json\/wp\/v2\/pages\/842"}],"collection":[{"href":"https:\/\/evertonfc.cz\/index.php\/wp-json\/wp\/v2\/pages"}],"about":[{"href":"https:\/\/evertonfc.cz\/index.php\/wp-json\/wp\/v2\/types\/page"}],"author":[{"embeddable":true,"href":"https:\/\/evertonfc.cz\/index.php\/wp-json\/wp\/v2\/users\/6"}],"replies":[{"embeddable":true,"href":"https:\/\/evertonfc.cz\/index.php\/wp-json\/wp\/v2\/comments?post=842"}],"version-history":[{"count":24,"href":"https:\/\/evertonfc.cz\/index.php\/wp-json\/wp\/v2\/pages\/842\/revisions"}],"predecessor-version":[{"id":26847,"href":"https:\/\/evertonfc.cz\/index.php\/wp-json\/wp\/v2\/pages\/842\/revisions\/26847"}],"up":[{"embeddable":true,"href":"https:\/\/evertonfc.cz\/index.php\/wp-json\/wp\/v2\/pages\/70"}],"wp:attachment":[{"href":"https:\/\/evertonfc.cz\/index.php\/wp-json\/wp\/v2\/media?parent=842"}],"curies":[{"name":"wp","href":"https:\/\/api.w.org\/{rel}","templated":true}]}}