{"id":846,"date":"2019-01-05T19:45:37","date_gmt":"2019-01-05T18:45:37","guid":{"rendered":"http:\/\/evertonfc.cz\/?page_id=846"},"modified":"2025-09-08T16:46:50","modified_gmt":"2025-09-08T14:46:50","slug":"michael-keane","status":"publish","type":"page","link":"https:\/\/evertonfc.cz\/index.php\/soupiska\/michael-keane\/","title":{"rendered":"Michael Vincent Keane"},"content":{"rendered":"<p><img loading=\"lazy\" decoding=\"async\" style=\"float: right; margin-left: 10px; margin-right: 10px;\" src=\"https:\/\/evertonfc.cz\/wp-content\/uploads\/2025\/09\/keane2025.png\" alt=\"\" width=\"160\" height=\"160\" \/><strong>Narozen:<\/strong>\u00a011. 01. 1993, Stockport, Anglie<br \/>\n<strong>V\u00fd\u0161ka:<\/strong>\u00a0191 cm<br \/>\n<strong>V\u00e1ha:<\/strong>\u00a082 kg<br \/>\n<strong>Post:<\/strong>\u00a0Obr\u00e1nce<br \/>\n<strong>\u010c\u00edslo dresu:<\/strong> 5<br \/>\n<strong>V EFC od:<\/strong>\u00a003. 07. 2017<br \/>\n<strong>Smlouva do:<\/strong> 30. 06. 2026<\/p>\n<hr \/>\n<p>Michael Keane se narodil ve Stockportu na p\u0159edm\u011bst\u00ed Manchesteru, kde se brzy p\u0159ipojil k akademii slavn\u00fdch United. Debutov\u00fd (a nakonec i jedin\u00fd) z\u00e1pas za Red Devils odehr\u00e1l jako osmn\u00e1ctilet\u00fd v roce 2011 v Ligov\u00e9m poh\u00e1ru proti Aldershotu a o rok pozd\u011bji byl vyhl\u00e1\u0161en nejlep\u0161\u00edm hr\u00e1\u010dem rezervy.<\/p>\n<p>D\u00edky irsk\u00fdm p\u0159edk\u016fm nastoupil za ml\u00e1de\u017enick\u00e9 v\u00fdb\u011bry Irska, pozd\u011bji v\u0161ak zvolil Anglii a v roce 2012 debutoval za reprezentaci do 19 let. P\u0159i siln\u00e9 konkurenci v Manchesteru United sb\u00edral zku\u0161enosti na n\u011bkolika hostov\u00e1n\u00edch \u2013 postupn\u011b nastupoval za Leicester City, Derby County, Blackburn Rovers a Burnley. V lednu 2015 se jeho hostov\u00e1n\u00ed v Burnley prom\u011bnilo v trval\u00fd p\u0159estup za dva miliony liber a u\u017e po n\u011bkolika m\u011bs\u00edc\u00edch slavil s Clarets postup do Premier League, kde pravideln\u011b hr\u00e1val v z\u00e1kladn\u00ed sestav\u011b.<\/p>\n<p>Dobr\u00e9 v\u00fdkony mu vynesly z\u00e1jem n\u011bkolika klub\u016f, z nich\u017e nakonec usp\u011bl Everton, kter\u00fd ho v l\u00e9t\u011b 2017 z\u00edskal za 25 milion\u016f liber s mo\u017enost\u00ed dal\u0161\u00edch p\u011bti na bonusech. V nov\u00e9m p\u016fsobi\u0161ti podepsal p\u011btiletou smlouvu a okam\u017eit\u011b se usadil v z\u00e1kladn\u00ed sestav\u011b. Jeho forma ale postupn\u011b uvadala a stal se ter\u010dem kritiky. A\u017e pozd\u011bji p\u0159iznal, \u017ee nastupoval p\u0159es bolest a kv\u016fli band\u00e1\u017e\u00edm musel nosit o dv\u011b \u010d\u00edsla v\u011bt\u0161\u00ed kopa\u010dky. V dal\u0161\u00ed sez\u00f3n\u011b, po odchodech mana\u017eer\u016f Koemana a Allardyce, v\u00fdrazn\u011b pook\u0159\u00e1l pod veden\u00edm Marca Silvy. Zlep\u0161en\u00e9 v\u00fdkony mu tak\u00e9 zajistily n\u00e1vrat do anglick\u00e9 reprezentace, za kterou v b\u0159eznu 2019 vst\u0159elil sv\u016fj jedin\u00fd g\u00f3l.<\/p>\n<p>Nejlep\u0161\u00ed formu p\u0159edv\u00e1d\u011bl v sez\u00f3n\u011b 2020\/21, kdy pod veden\u00edm Carla Ancelottiho vytvo\u0159il slu\u0161nou stoperskou dvojici s Yerrym Minou. Po t\u00e9to sez\u00f3n\u011b v\u0161ak jeho v\u00fdkonnost za\u010dala klesat, z ob\u010dasn\u00fdch chyb se st\u00e1vala pravideln\u00e1 slab\u0161\u00ed m\u00edsta a jeho hern\u00ed vyt\u00ed\u017een\u00ed se postupn\u011b sni\u017eovalo. P\u0159esto\u017ee se mohl chlubit solidn\u00ed st\u0159eleckou bilanci, \u010dast\u00e9 defenzivn\u00ed chyby ho \u010d\u00edm d\u00e1l \u010dast\u011bji dr\u017eely na lavi\u010dce n\u00e1hradn\u00edk\u016f.<\/p>\n","protected":false},"excerpt":{"rendered":"<p>Narozen:\u00a011. 01. 1993, Stockport, Anglie V\u00fd\u0161ka:\u00a0191 cm V\u00e1ha:\u00a082 kg Post:\u00a0Obr\u00e1nce \u010c\u00edslo dresu: 5 V EFC od:\u00a003. 07. 2017 Smlouva do:&hellip;<\/p>\n","protected":false},"author":6,"featured_media":0,"parent":70,"menu_order":0,"comment_status":"closed","ping_status":"closed","template":"","meta":{"_eb_attr":"","_monsterinsights_skip_tracking":false,"_monsterinsights_sitenote_active":false,"_monsterinsights_sitenote_note":"","_monsterinsights_sitenote_category":0,"footnotes":""},"yoast_head":"<!-- This site is optimized with the Yoast SEO plugin v23.4 - https:\/\/yoast.com\/wordpress\/plugins\/seo\/ -->\n<title>Michael Vincent Keane - Official Czech &amp; Slovak Everton Supporters&#039; Club<\/title>\n<meta name=\"robots\" content=\"index, follow, max-snippet:-1, max-image-preview:large, max-video-preview:-1\" \/>\n<link rel=\"canonical\" href=\"https:\/\/evertonfc.cz\/index.php\/soupiska\/michael-keane\/\" \/>\n<meta property=\"og:locale\" content=\"cs_CZ\" \/>\n<meta property=\"og:type\" content=\"article\" \/>\n<meta property=\"og:title\" content=\"Michael Vincent Keane - Official Czech &amp; Slovak Everton Supporters&#039; Club\" \/>\n<meta property=\"og:description\" content=\"Narozen:\u00a011. 01. 1993, Stockport, Anglie V\u00fd\u0161ka:\u00a0191 cm V\u00e1ha:\u00a082 kg Post:\u00a0Obr\u00e1nce \u010c\u00edslo dresu: 5 V EFC od:\u00a003. 07. 2017 Smlouva do:&hellip;\" \/>\n<meta property=\"og:url\" content=\"https:\/\/evertonfc.cz\/index.php\/soupiska\/michael-keane\/\" \/>\n<meta property=\"og:site_name\" content=\"Official Czech &amp; Slovak Everton Supporters&#039; Club\" \/>\n<meta property=\"article:publisher\" content=\"https:\/\/www.facebook.com\/everton.fans.cz.sk\" \/>\n<meta property=\"article:modified_time\" content=\"2025-09-08T14:46:50+00:00\" \/>\n<meta property=\"og:image\" content=\"https:\/\/evertonfc.cz\/wp-content\/uploads\/2025\/09\/keane2025.png\" \/>\n<meta name=\"twitter:card\" content=\"summary_large_image\" \/>\n<meta name=\"twitter:label1\" content=\"Odhadovan\u00e1 doba \u010dten\u00ed\" \/>\n\t<meta name=\"twitter:data1\" content=\"2 minuty\" \/>\n<script type=\"application\/ld+json\" class=\"yoast-schema-graph\">{\"@context\":\"https:\/\/schema.org\",\"@graph\":[{\"@type\":\"WebPage\",\"@id\":\"https:\/\/evertonfc.cz\/index.php\/soupiska\/michael-keane\/\",\"url\":\"https:\/\/evertonfc.cz\/index.php\/soupiska\/michael-keane\/\",\"name\":\"Michael Vincent Keane - Official Czech &amp; Slovak Everton Supporters&#039; Club\",\"isPartOf\":{\"@id\":\"https:\/\/evertonfc.cz\/#website\"},\"primaryImageOfPage\":{\"@id\":\"https:\/\/evertonfc.cz\/index.php\/soupiska\/michael-keane\/#primaryimage\"},\"image\":{\"@id\":\"https:\/\/evertonfc.cz\/index.php\/soupiska\/michael-keane\/#primaryimage\"},\"thumbnailUrl\":\"https:\/\/evertonfc.cz\/wp-content\/uploads\/2025\/09\/keane2025.png\",\"datePublished\":\"2019-01-05T18:45:37+00:00\",\"dateModified\":\"2025-09-08T14:46:50+00:00\",\"breadcrumb\":{\"@id\":\"https:\/\/evertonfc.cz\/index.php\/soupiska\/michael-keane\/#breadcrumb\"},\"inLanguage\":\"cs\",\"potentialAction\":[{\"@type\":\"ReadAction\",\"target\":[\"https:\/\/evertonfc.cz\/index.php\/soupiska\/michael-keane\/\"]}]},{\"@type\":\"ImageObject\",\"inLanguage\":\"cs\",\"@id\":\"https:\/\/evertonfc.cz\/index.php\/soupiska\/michael-keane\/#primaryimage\",\"url\":\"https:\/\/evertonfc.cz\/wp-content\/uploads\/2025\/09\/keane2025.png\",\"contentUrl\":\"https:\/\/evertonfc.cz\/wp-content\/uploads\/2025\/09\/keane2025.png\",\"width\":300,\"height\":300},{\"@type\":\"BreadcrumbList\",\"@id\":\"https:\/\/evertonfc.cz\/index.php\/soupiska\/michael-keane\/#breadcrumb\",\"itemListElement\":[{\"@type\":\"ListItem\",\"position\":1,\"name\":\"Home\",\"item\":\"https:\/\/evertonfc.cz\/\"},{\"@type\":\"ListItem\",\"position\":2,\"name\":\"Soupiska\",\"item\":\"https:\/\/evertonfc.cz\/index.php\/soupiska\/\"},{\"@type\":\"ListItem\",\"position\":3,\"name\":\"Michael Vincent Keane\"}]},{\"@type\":\"WebSite\",\"@id\":\"https:\/\/evertonfc.cz\/#website\",\"url\":\"https:\/\/evertonfc.cz\/\",\"name\":\"Official Czech &amp; Slovak Everton Supporters&#039; Club\",\"description\":\"\",\"publisher\":{\"@id\":\"https:\/\/evertonfc.cz\/#organization\"},\"potentialAction\":[{\"@type\":\"SearchAction\",\"target\":{\"@type\":\"EntryPoint\",\"urlTemplate\":\"https:\/\/evertonfc.cz\/?s={search_term_string}\"},\"query-input\":{\"@type\":\"PropertyValueSpecification\",\"valueRequired\":true,\"valueName\":\"search_term_string\"}}],\"inLanguage\":\"cs\"},{\"@type\":\"Organization\",\"@id\":\"https:\/\/evertonfc.cz\/#organization\",\"name\":\"Official Czech & Slovak Everton Supporters' Club\",\"url\":\"https:\/\/evertonfc.cz\/\",\"logo\":{\"@type\":\"ImageObject\",\"inLanguage\":\"cs\",\"@id\":\"https:\/\/evertonfc.cz\/#\/schema\/logo\/image\/\",\"url\":\"https:\/\/evertonfc.cz\/wp-content\/uploads\/2019\/05\/logo.png\",\"contentUrl\":\"https:\/\/evertonfc.cz\/wp-content\/uploads\/2019\/05\/logo.png\",\"width\":112,\"height\":112,\"caption\":\"Official Czech & Slovak Everton Supporters' Club\"},\"image\":{\"@id\":\"https:\/\/evertonfc.cz\/#\/schema\/logo\/image\/\"},\"sameAs\":[\"https:\/\/www.facebook.com\/everton.fans.cz.sk\"]}]}<\/script>\n<!-- \/ Yoast SEO plugin. -->","yoast_head_json":{"title":"Michael Vincent Keane - Official Czech &amp; Slovak Everton Supporters&#039; Club","robots":{"index":"index","follow":"follow","max-snippet":"max-snippet:-1","max-image-preview":"max-image-preview:large","max-video-preview":"max-video-preview:-1"},"canonical":"https:\/\/evertonfc.cz\/index.php\/soupiska\/michael-keane\/","og_locale":"cs_CZ","og_type":"article","og_title":"Michael Vincent Keane - Official Czech &amp; Slovak Everton Supporters&#039; Club","og_description":"Narozen:\u00a011. 01. 1993, Stockport, Anglie V\u00fd\u0161ka:\u00a0191 cm V\u00e1ha:\u00a082 kg Post:\u00a0Obr\u00e1nce \u010c\u00edslo dresu: 5 V EFC od:\u00a003. 07. 2017 Smlouva do:&hellip;","og_url":"https:\/\/evertonfc.cz\/index.php\/soupiska\/michael-keane\/","og_site_name":"Official Czech &amp; Slovak Everton Supporters&#039; Club","article_publisher":"https:\/\/www.facebook.com\/everton.fans.cz.sk","article_modified_time":"2025-09-08T14:46:50+00:00","og_image":[{"url":"https:\/\/evertonfc.cz\/wp-content\/uploads\/2025\/09\/keane2025.png"}],"twitter_card":"summary_large_image","twitter_misc":{"Odhadovan\u00e1 doba \u010dten\u00ed":"2 minuty"},"schema":{"@context":"https:\/\/schema.org","@graph":[{"@type":"WebPage","@id":"https:\/\/evertonfc.cz\/index.php\/soupiska\/michael-keane\/","url":"https:\/\/evertonfc.cz\/index.php\/soupiska\/michael-keane\/","name":"Michael Vincent Keane - Official Czech &amp; Slovak Everton Supporters&#039; Club","isPartOf":{"@id":"https:\/\/evertonfc.cz\/#website"},"primaryImageOfPage":{"@id":"https:\/\/evertonfc.cz\/index.php\/soupiska\/michael-keane\/#primaryimage"},"image":{"@id":"https:\/\/evertonfc.cz\/index.php\/soupiska\/michael-keane\/#primaryimage"},"thumbnailUrl":"https:\/\/evertonfc.cz\/wp-content\/uploads\/2025\/09\/keane2025.png","datePublished":"2019-01-05T18:45:37+00:00","dateModified":"2025-09-08T14:46:50+00:00","breadcrumb":{"@id":"https:\/\/evertonfc.cz\/index.php\/soupiska\/michael-keane\/#breadcrumb"},"inLanguage":"cs","potentialAction":[{"@type":"ReadAction","target":["https:\/\/evertonfc.cz\/index.php\/soupiska\/michael-keane\/"]}]},{"@type":"ImageObject","inLanguage":"cs","@id":"https:\/\/evertonfc.cz\/index.php\/soupiska\/michael-keane\/#primaryimage","url":"https:\/\/evertonfc.cz\/wp-content\/uploads\/2025\/09\/keane2025.png","contentUrl":"https:\/\/evertonfc.cz\/wp-content\/uploads\/2025\/09\/keane2025.png","width":300,"height":300},{"@type":"BreadcrumbList","@id":"https:\/\/evertonfc.cz\/index.php\/soupiska\/michael-keane\/#breadcrumb","itemListElement":[{"@type":"ListItem","position":1,"name":"Home","item":"https:\/\/evertonfc.cz\/"},{"@type":"ListItem","position":2,"name":"Soupiska","item":"https:\/\/evertonfc.cz\/index.php\/soupiska\/"},{"@type":"ListItem","position":3,"name":"Michael Vincent Keane"}]},{"@type":"WebSite","@id":"https:\/\/evertonfc.cz\/#website","url":"https:\/\/evertonfc.cz\/","name":"Official Czech &amp; Slovak Everton Supporters&#039; Club","description":"","publisher":{"@id":"https:\/\/evertonfc.cz\/#organization"},"potentialAction":[{"@type":"SearchAction","target":{"@type":"EntryPoint","urlTemplate":"https:\/\/evertonfc.cz\/?s={search_term_string}"},"query-input":{"@type":"PropertyValueSpecification","valueRequired":true,"valueName":"search_term_string"}}],"inLanguage":"cs"},{"@type":"Organization","@id":"https:\/\/evertonfc.cz\/#organization","name":"Official Czech & Slovak Everton Supporters' Club","url":"https:\/\/evertonfc.cz\/","logo":{"@type":"ImageObject","inLanguage":"cs","@id":"https:\/\/evertonfc.cz\/#\/schema\/logo\/image\/","url":"https:\/\/evertonfc.cz\/wp-content\/uploads\/2019\/05\/logo.png","contentUrl":"https:\/\/evertonfc.cz\/wp-content\/uploads\/2019\/05\/logo.png","width":112,"height":112,"caption":"Official Czech & Slovak Everton Supporters' Club"},"image":{"@id":"https:\/\/evertonfc.cz\/#\/schema\/logo\/image\/"},"sameAs":["https:\/\/www.facebook.com\/everton.fans.cz.sk"]}]}},"_links":{"self":[{"href":"https:\/\/evertonfc.cz\/index.php\/wp-json\/wp\/v2\/pages\/846"}],"collection":[{"href":"https:\/\/evertonfc.cz\/index.php\/wp-json\/wp\/v2\/pages"}],"about":[{"href":"https:\/\/evertonfc.cz\/index.php\/wp-json\/wp\/v2\/types\/page"}],"author":[{"embeddable":true,"href":"https:\/\/evertonfc.cz\/index.php\/wp-json\/wp\/v2\/users\/6"}],"replies":[{"embeddable":true,"href":"https:\/\/evertonfc.cz\/index.php\/wp-json\/wp\/v2\/comments?post=846"}],"version-history":[{"count":25,"href":"https:\/\/evertonfc.cz\/index.php\/wp-json\/wp\/v2\/pages\/846\/revisions"}],"predecessor-version":[{"id":27499,"href":"https:\/\/evertonfc.cz\/index.php\/wp-json\/wp\/v2\/pages\/846\/revisions\/27499"}],"up":[{"embeddable":true,"href":"https:\/\/evertonfc.cz\/index.php\/wp-json\/wp\/v2\/pages\/70"}],"wp:attachment":[{"href":"https:\/\/evertonfc.cz\/index.php\/wp-json\/wp\/v2\/media?parent=846"}],"curies":[{"name":"wp","href":"https:\/\/api.w.org\/{rel}","templated":true}]}}