{"id":848,"date":"2019-01-05T19:50:51","date_gmt":"2019-01-05T18:50:51","guid":{"rendered":"http:\/\/evertonfc.cz\/?page_id=848"},"modified":"2019-07-23T18:28:18","modified_gmt":"2019-07-23T16:28:18","slug":"kurt-zouma","status":"publish","type":"page","link":"https:\/\/evertonfc.cz\/index.php\/soupiska\/kurt-zouma\/","title":{"rendered":"Kurt Happy Zouma"},"content":{"rendered":"<p><strong><img loading=\"lazy\" decoding=\"async\" style=\"float: right; margin-left: 10px; margin-right: 10px;\" src=\"https:\/\/evertonfc.cz\/wp-content\/uploads\/2019\/07\/kurt_zouma.png\" alt=\"\" width=\"80\" height=\"83\" \/>Narozen:<\/strong>\u00a027. 10. 1993, Lyon, Francie<br \/>\n<strong>V\u00fd\u0161ka:<\/strong>\u00a0190 cm<br \/>\n<strong>V\u00e1ha:<\/strong>\u00a092 kg<br \/>\n<strong>Post:<\/strong> Obr\u00e1nce<br \/>\n<strong>V EFC od:<\/strong>\u00a009. 08. 2018<br \/>\n<strong>Do:<\/strong>\u00a030. 06. 2019<\/p>\n<hr \/>\n<p>Dvojn\u00e1sobn\u00fd francouzsk\u00fd reprezentant, oba starty si p\u0159ipsal v roce 2015, prorazil do sv\u011bta profesion\u00e1ln\u00edho fotbalu v Saint-\u00c9tienne. Debut si p\u0159ipsal u\u017e ve sv\u00fdch \u0161estn\u00e1cti letech v\u00a0roce 2011.<\/p>\n<p>Zv\u011bsti o jeho talentu se po n\u011bjak\u00e9m \u010dase p\u0159enesly i p\u0159es Laman\u0161sk\u00fd pr\u016fliv a mlad\u00edkovy slu\u017eby si v zim\u011b 2014 zajistila lond\u00fdnsk\u00e1 Chelsea. To u\u017e Zouma pravideln\u011b sb\u00edral starty ve francouzsk\u00e9 lize a v\u00a0roce 2013 p\u0159isp\u011bl k\u00a0prvenstv\u00ed ve Francouzsk\u00e9m ligov\u00e9m poh\u00e1ru.<\/p>\n<p>Na Stamford Bridge se Zouma hl\u00e1sil a\u017e p\u0159ed sez\u00f3nou 2014\/15, na \u0161est m\u011bs\u00edc\u016f byl je\u0161t\u011b ponech\u00e1n na hostov\u00e1n\u00ed v Saint-\u00c9tienne. V prvn\u00edm ro\u010dn\u00edku v Chelsea sb\u00edral zku\u0161enosti p\u0159edev\u0161\u00edm v poh\u00e1rov\u00fdch sout\u011b\u017e\u00edch, pravideln\u011b hr\u00e1l v tom Ligov\u00e9m, kter\u00fd Blues opanovali. V n\u00e1sleduj\u00edc\u00ed sez\u00f3n\u011b u\u017e nastupoval v z\u00e1kladn\u00ed sestav\u011b tak\u00e9 v Premier League, v zim\u011b 2016 si v\u0161ak v\u00e1\u017en\u011b po\u0161kodil kolenn\u00ed vazy a \u010dekala ho nucen\u00e1 dev\u00edtim\u011bs\u00ed\u010dn\u00ed pauza.<\/p>\n<p>Po uzdraven\u00ed sb\u00edral starty jenom po minut\u00e1ch, mana\u017eer Conte s\u00e1zel na jin\u00e9 obr\u00e1nce, a tak p\u0159ed sez\u00f3nou 2017\/18\u00a0s c\u00edlem pravideln\u011b nastupovat v z\u00e1kladn\u00ed sestav\u011b zam\u00ed\u0159il na hostov\u00e1n\u00ed do Stoke, kde si\u00a0sice vydobyl d\u016fle\u017eit\u00e9 postaven\u00ed, s klubem ov\u0161em sestoupil z Premier League.<\/p>\n<p>Jeho individu\u00e1ln\u00ed v\u00fdkony u Potters pat\u0159ily k tomu lep\u0161\u00edmu z t\u00fdmu,\u00a0a\u010d se v\u0161ak p\u0159\u00edle\u017eitostn\u011b nevyvaroval hrubek.<\/p>\n<p>P\u0159ed leto\u0161n\u00ed sez\u00f3nou Chelsea vym\u011bnila mana\u017eera, p\u0159esto se ani tentokr\u00e1t nena\u0161lo pro Zoumu uplatn\u011bn\u00ed v k\u00e1dru. Mezi hlavn\u00ed z\u00e1jemce o jeho slu\u017eby se z\u00e1hy za\u0159adil Everton, kter\u00e9mu se na Deadline Day poda\u0159ilo dojednat ro\u010dn\u00ed hostov\u00e1n\u00ed bez opce na p\u0159estup. Spln\u011bn\u00ed v\u0161ech n\u00e1le\u017eit\u00fdch podm\u00ednek p\u0159ed uzav\u0159en\u00edm p\u0159estupov\u00e9 obdob\u00ed je\u0161t\u011b muselo p\u0159ezkoumat veden\u00ed Premier League. Hostov\u00e1n\u00ed se ale nakonec do\u010dkalo schv\u00e1len\u00ed. Jeho p\u0159\u00edchodem a n\u00e1kupem Yerryho Miny z Barcelony se veden\u00ed Evertonu sna\u017eilo vy\u0159e\u0161it znepokojiv\u00e9 v\u00fdkony st\u0159edn\u00edch obr\u00e1nc\u016f v p\u0159edsez\u00f3nn\u00ed p\u0159\u00edprav\u011b.<\/p>\n<p>A 24let\u00fd francouzsk\u00fd obr\u00e1nce pro\u017eil na hostov\u00e1n\u00ed v Evertonu \u00fasp\u011b\u0161nou sez\u00f3nu. Za\u0159adil se mezi kl\u00ed\u010dov\u00e9 hr\u00e1\u010de t\u00fdmu (odehr\u00e1l 32 ligov\u00fdch z\u00e1pas\u016f s bilanc\u00ed dvou vst\u0159elen\u00fdch branek a dvou asistenc\u00ed), a nav\u00edc si sv\u00fdmi v\u00fdkony vydobyl n\u00e1vrat do francouzsk\u00e9ho n\u00e1rodn\u00edho t\u00fdmu. Po konci ro\u010dn\u00edku tak Toffees podle o\u010dek\u00e1v\u00e1n\u00ed st\u00e1li o zrealizovan\u00ed p\u0159estupu Zoumy, s\u00e1m hr\u00e1\u010d se ale nakonec rozhodl zabojovat o m\u00edsto v Chelsea, jeliko\u017e mu d\u016fv\u011bru vyj\u00e1d\u0159il nov\u00fd mana\u017eer Frank Lampard.<\/p>\n","protected":false},"excerpt":{"rendered":"<p>Narozen:\u00a027. 10. 1993, Lyon, Francie V\u00fd\u0161ka:\u00a0190 cm V\u00e1ha:\u00a092 kg Post: Obr\u00e1nce V EFC od:\u00a009. 08. 2018 Do:\u00a030. 06. 2019 Dvojn\u00e1sobn\u00fd&hellip;<\/p>\n","protected":false},"author":6,"featured_media":0,"parent":70,"menu_order":0,"comment_status":"closed","ping_status":"closed","template":"","meta":{"_eb_attr":"","_monsterinsights_skip_tracking":false,"_monsterinsights_sitenote_active":false,"_monsterinsights_sitenote_note":"","_monsterinsights_sitenote_category":0,"footnotes":""},"yoast_head":"<!-- This site is optimized with the Yoast SEO plugin v23.4 - https:\/\/yoast.com\/wordpress\/plugins\/seo\/ -->\n<title>Kurt Happy Zouma - Official Czech &amp; Slovak Everton Supporters&#039; Club<\/title>\n<meta name=\"robots\" content=\"index, follow, max-snippet:-1, max-image-preview:large, max-video-preview:-1\" \/>\n<link rel=\"canonical\" href=\"https:\/\/evertonfc.cz\/index.php\/soupiska\/kurt-zouma\/\" \/>\n<meta property=\"og:locale\" content=\"cs_CZ\" \/>\n<meta property=\"og:type\" content=\"article\" \/>\n<meta property=\"og:title\" content=\"Kurt Happy Zouma - Official Czech &amp; Slovak Everton Supporters&#039; Club\" \/>\n<meta property=\"og:description\" content=\"Narozen:\u00a027. 10. 1993, Lyon, Francie V\u00fd\u0161ka:\u00a0190 cm V\u00e1ha:\u00a092 kg Post: Obr\u00e1nce V EFC od:\u00a009. 08. 2018 Do:\u00a030. 06. 2019 Dvojn\u00e1sobn\u00fd&hellip;\" \/>\n<meta property=\"og:url\" content=\"https:\/\/evertonfc.cz\/index.php\/soupiska\/kurt-zouma\/\" \/>\n<meta property=\"og:site_name\" content=\"Official Czech &amp; Slovak Everton Supporters&#039; Club\" \/>\n<meta property=\"article:publisher\" content=\"https:\/\/www.facebook.com\/everton.fans.cz.sk\" \/>\n<meta property=\"article:modified_time\" content=\"2019-07-23T16:28:18+00:00\" \/>\n<meta property=\"og:image\" content=\"https:\/\/evertonfc.cz\/wp-content\/uploads\/2019\/07\/kurt_zouma.png\" \/>\n<meta name=\"twitter:card\" content=\"summary_large_image\" \/>\n<meta name=\"twitter:label1\" content=\"Odhadovan\u00e1 doba \u010dten\u00ed\" \/>\n\t<meta name=\"twitter:data1\" content=\"3 minuty\" \/>\n<script type=\"application\/ld+json\" class=\"yoast-schema-graph\">{\"@context\":\"https:\/\/schema.org\",\"@graph\":[{\"@type\":\"WebPage\",\"@id\":\"https:\/\/evertonfc.cz\/index.php\/soupiska\/kurt-zouma\/\",\"url\":\"https:\/\/evertonfc.cz\/index.php\/soupiska\/kurt-zouma\/\",\"name\":\"Kurt Happy Zouma - Official Czech &amp; Slovak Everton Supporters&#039; Club\",\"isPartOf\":{\"@id\":\"https:\/\/evertonfc.cz\/#website\"},\"primaryImageOfPage\":{\"@id\":\"https:\/\/evertonfc.cz\/index.php\/soupiska\/kurt-zouma\/#primaryimage\"},\"image\":{\"@id\":\"https:\/\/evertonfc.cz\/index.php\/soupiska\/kurt-zouma\/#primaryimage\"},\"thumbnailUrl\":\"https:\/\/evertonfc.cz\/wp-content\/uploads\/2019\/07\/kurt_zouma.png\",\"datePublished\":\"2019-01-05T18:50:51+00:00\",\"dateModified\":\"2019-07-23T16:28:18+00:00\",\"breadcrumb\":{\"@id\":\"https:\/\/evertonfc.cz\/index.php\/soupiska\/kurt-zouma\/#breadcrumb\"},\"inLanguage\":\"cs\",\"potentialAction\":[{\"@type\":\"ReadAction\",\"target\":[\"https:\/\/evertonfc.cz\/index.php\/soupiska\/kurt-zouma\/\"]}]},{\"@type\":\"ImageObject\",\"inLanguage\":\"cs\",\"@id\":\"https:\/\/evertonfc.cz\/index.php\/soupiska\/kurt-zouma\/#primaryimage\",\"url\":\"https:\/\/evertonfc.cz\/wp-content\/uploads\/2019\/07\/kurt_zouma.png\",\"contentUrl\":\"https:\/\/evertonfc.cz\/wp-content\/uploads\/2019\/07\/kurt_zouma.png\",\"width\":80,\"height\":83},{\"@type\":\"BreadcrumbList\",\"@id\":\"https:\/\/evertonfc.cz\/index.php\/soupiska\/kurt-zouma\/#breadcrumb\",\"itemListElement\":[{\"@type\":\"ListItem\",\"position\":1,\"name\":\"Home\",\"item\":\"https:\/\/evertonfc.cz\/\"},{\"@type\":\"ListItem\",\"position\":2,\"name\":\"Soupiska\",\"item\":\"https:\/\/evertonfc.cz\/index.php\/soupiska\/\"},{\"@type\":\"ListItem\",\"position\":3,\"name\":\"Kurt Happy Zouma\"}]},{\"@type\":\"WebSite\",\"@id\":\"https:\/\/evertonfc.cz\/#website\",\"url\":\"https:\/\/evertonfc.cz\/\",\"name\":\"Official Czech &amp; Slovak Everton Supporters&#039; Club\",\"description\":\"\",\"publisher\":{\"@id\":\"https:\/\/evertonfc.cz\/#organization\"},\"potentialAction\":[{\"@type\":\"SearchAction\",\"target\":{\"@type\":\"EntryPoint\",\"urlTemplate\":\"https:\/\/evertonfc.cz\/?s={search_term_string}\"},\"query-input\":{\"@type\":\"PropertyValueSpecification\",\"valueRequired\":true,\"valueName\":\"search_term_string\"}}],\"inLanguage\":\"cs\"},{\"@type\":\"Organization\",\"@id\":\"https:\/\/evertonfc.cz\/#organization\",\"name\":\"Official Czech & Slovak Everton Supporters' Club\",\"url\":\"https:\/\/evertonfc.cz\/\",\"logo\":{\"@type\":\"ImageObject\",\"inLanguage\":\"cs\",\"@id\":\"https:\/\/evertonfc.cz\/#\/schema\/logo\/image\/\",\"url\":\"https:\/\/evertonfc.cz\/wp-content\/uploads\/2019\/05\/logo.png\",\"contentUrl\":\"https:\/\/evertonfc.cz\/wp-content\/uploads\/2019\/05\/logo.png\",\"width\":112,\"height\":112,\"caption\":\"Official Czech & Slovak Everton Supporters' Club\"},\"image\":{\"@id\":\"https:\/\/evertonfc.cz\/#\/schema\/logo\/image\/\"},\"sameAs\":[\"https:\/\/www.facebook.com\/everton.fans.cz.sk\"]}]}<\/script>\n<!-- \/ Yoast SEO plugin. -->","yoast_head_json":{"title":"Kurt Happy Zouma - Official Czech &amp; Slovak Everton Supporters&#039; Club","robots":{"index":"index","follow":"follow","max-snippet":"max-snippet:-1","max-image-preview":"max-image-preview:large","max-video-preview":"max-video-preview:-1"},"canonical":"https:\/\/evertonfc.cz\/index.php\/soupiska\/kurt-zouma\/","og_locale":"cs_CZ","og_type":"article","og_title":"Kurt Happy Zouma - Official Czech &amp; Slovak Everton Supporters&#039; Club","og_description":"Narozen:\u00a027. 10. 1993, Lyon, Francie V\u00fd\u0161ka:\u00a0190 cm V\u00e1ha:\u00a092 kg Post: Obr\u00e1nce V EFC od:\u00a009. 08. 2018 Do:\u00a030. 06. 2019 Dvojn\u00e1sobn\u00fd&hellip;","og_url":"https:\/\/evertonfc.cz\/index.php\/soupiska\/kurt-zouma\/","og_site_name":"Official Czech &amp; Slovak Everton Supporters&#039; Club","article_publisher":"https:\/\/www.facebook.com\/everton.fans.cz.sk","article_modified_time":"2019-07-23T16:28:18+00:00","og_image":[{"url":"https:\/\/evertonfc.cz\/wp-content\/uploads\/2019\/07\/kurt_zouma.png"}],"twitter_card":"summary_large_image","twitter_misc":{"Odhadovan\u00e1 doba \u010dten\u00ed":"3 minuty"},"schema":{"@context":"https:\/\/schema.org","@graph":[{"@type":"WebPage","@id":"https:\/\/evertonfc.cz\/index.php\/soupiska\/kurt-zouma\/","url":"https:\/\/evertonfc.cz\/index.php\/soupiska\/kurt-zouma\/","name":"Kurt Happy Zouma - Official Czech &amp; Slovak Everton Supporters&#039; Club","isPartOf":{"@id":"https:\/\/evertonfc.cz\/#website"},"primaryImageOfPage":{"@id":"https:\/\/evertonfc.cz\/index.php\/soupiska\/kurt-zouma\/#primaryimage"},"image":{"@id":"https:\/\/evertonfc.cz\/index.php\/soupiska\/kurt-zouma\/#primaryimage"},"thumbnailUrl":"https:\/\/evertonfc.cz\/wp-content\/uploads\/2019\/07\/kurt_zouma.png","datePublished":"2019-01-05T18:50:51+00:00","dateModified":"2019-07-23T16:28:18+00:00","breadcrumb":{"@id":"https:\/\/evertonfc.cz\/index.php\/soupiska\/kurt-zouma\/#breadcrumb"},"inLanguage":"cs","potentialAction":[{"@type":"ReadAction","target":["https:\/\/evertonfc.cz\/index.php\/soupiska\/kurt-zouma\/"]}]},{"@type":"ImageObject","inLanguage":"cs","@id":"https:\/\/evertonfc.cz\/index.php\/soupiska\/kurt-zouma\/#primaryimage","url":"https:\/\/evertonfc.cz\/wp-content\/uploads\/2019\/07\/kurt_zouma.png","contentUrl":"https:\/\/evertonfc.cz\/wp-content\/uploads\/2019\/07\/kurt_zouma.png","width":80,"height":83},{"@type":"BreadcrumbList","@id":"https:\/\/evertonfc.cz\/index.php\/soupiska\/kurt-zouma\/#breadcrumb","itemListElement":[{"@type":"ListItem","position":1,"name":"Home","item":"https:\/\/evertonfc.cz\/"},{"@type":"ListItem","position":2,"name":"Soupiska","item":"https:\/\/evertonfc.cz\/index.php\/soupiska\/"},{"@type":"ListItem","position":3,"name":"Kurt Happy Zouma"}]},{"@type":"WebSite","@id":"https:\/\/evertonfc.cz\/#website","url":"https:\/\/evertonfc.cz\/","name":"Official Czech &amp; Slovak Everton Supporters&#039; Club","description":"","publisher":{"@id":"https:\/\/evertonfc.cz\/#organization"},"potentialAction":[{"@type":"SearchAction","target":{"@type":"EntryPoint","urlTemplate":"https:\/\/evertonfc.cz\/?s={search_term_string}"},"query-input":{"@type":"PropertyValueSpecification","valueRequired":true,"valueName":"search_term_string"}}],"inLanguage":"cs"},{"@type":"Organization","@id":"https:\/\/evertonfc.cz\/#organization","name":"Official Czech & Slovak Everton Supporters' Club","url":"https:\/\/evertonfc.cz\/","logo":{"@type":"ImageObject","inLanguage":"cs","@id":"https:\/\/evertonfc.cz\/#\/schema\/logo\/image\/","url":"https:\/\/evertonfc.cz\/wp-content\/uploads\/2019\/05\/logo.png","contentUrl":"https:\/\/evertonfc.cz\/wp-content\/uploads\/2019\/05\/logo.png","width":112,"height":112,"caption":"Official Czech & Slovak Everton Supporters' Club"},"image":{"@id":"https:\/\/evertonfc.cz\/#\/schema\/logo\/image\/"},"sameAs":["https:\/\/www.facebook.com\/everton.fans.cz.sk"]}]}},"_links":{"self":[{"href":"https:\/\/evertonfc.cz\/index.php\/wp-json\/wp\/v2\/pages\/848"}],"collection":[{"href":"https:\/\/evertonfc.cz\/index.php\/wp-json\/wp\/v2\/pages"}],"about":[{"href":"https:\/\/evertonfc.cz\/index.php\/wp-json\/wp\/v2\/types\/page"}],"author":[{"embeddable":true,"href":"https:\/\/evertonfc.cz\/index.php\/wp-json\/wp\/v2\/users\/6"}],"replies":[{"embeddable":true,"href":"https:\/\/evertonfc.cz\/index.php\/wp-json\/wp\/v2\/comments?post=848"}],"version-history":[{"count":7,"href":"https:\/\/evertonfc.cz\/index.php\/wp-json\/wp\/v2\/pages\/848\/revisions"}],"predecessor-version":[{"id":8626,"href":"https:\/\/evertonfc.cz\/index.php\/wp-json\/wp\/v2\/pages\/848\/revisions\/8626"}],"up":[{"embeddable":true,"href":"https:\/\/evertonfc.cz\/index.php\/wp-json\/wp\/v2\/pages\/70"}],"wp:attachment":[{"href":"https:\/\/evertonfc.cz\/index.php\/wp-json\/wp\/v2\/media?parent=848"}],"curies":[{"name":"wp","href":"https:\/\/api.w.org\/{rel}","templated":true}]}}