{"id":852,"date":"2019-01-05T20:01:10","date_gmt":"2019-01-05T19:01:10","guid":{"rendered":"http:\/\/evertonfc.cz\/?page_id=852"},"modified":"2022-01-16T21:13:33","modified_gmt":"2022-01-16T20:13:33","slug":"lucas-digne","status":"publish","type":"page","link":"https:\/\/evertonfc.cz\/index.php\/soupiska\/lucas-digne\/","title":{"rendered":"Lucas Digne"},"content":{"rendered":"<p><img decoding=\"async\" style=\"float: right; margin-left: 10px; margin-right: 10px;\" src=\"https:\/\/evertonfc.cz\/wp-content\/uploads\/2022\/01\/digne.png\" \/><strong>Narozen:<\/strong>\u00a020. 07. 1993, Meaux, Francie<br \/>\n<strong>V\u00fd\u0161ka:<\/strong>\u00a0178 cm<br \/>\n<strong>V\u00e1ha:<\/strong>\u00a074 kg<br \/>\n<strong>Post:\u00a0<\/strong>Obr\u00e1nce<br \/>\n<strong>V EFC od:<\/strong>\u00a001. 08. 2018<br \/>\n<strong>Do:<\/strong> 13. 01. 2022<\/p>\n<hr \/>\n<p>Rod\u00e1k z Meaux (asi 40 km severov\u00fdchodn\u011b od Pa\u0159\u00ed\u017ee) za\u010dal s profesion\u00e1ln\u00edm fotbalem v Lille, kdy\u017e tam hr\u00e1val Gana. V Lille str\u00e1vil t\u0159i roky, v nich\u017e vs\u00edtil t\u0159i branky. Jeho v\u00fdkony zaujaly PSG, tak\u017ee se v roce 2013 st\u011bhoval do m\u011bsta pod Eiffelovkou. Zde ale moc nehr\u00e1l a tak vzal pro sez\u00f3nu 2015-16 zavd\u011bk hostov\u00e1n\u00edm ve v\u011b\u010dn\u00e9m m\u011bst\u011b, kde obl\u00e9kal barvy p\u016fvodn\u00edho t\u00fdmu z AS. Tam mu naopak p\u0161enka kvetla, nastupoval pravideln\u011b a upoutal sv\u00fdmi v\u00fdkony pozornost Barcelony, kter\u00e9 ho z\u00edskala v l\u00e9t\u011b 2016 za 16,5 milionu eur.<\/p>\n<p>V Barcelon\u011b se nep\u0159ekvapiv\u011b (Jordi Alba opravdu nebyl kupov\u00e1n na le\u0161t\u011bn\u00ed lavi\u010dky) stal sou\u010d\u00e1st\u00ed sp\u00ed\u0161e druh\u00e9 jeden\u00e1ctky. Nakonec za Blaugrana odehr\u00e1l dv\u011b sez\u00f3ny, ve kter\u00fdch odehr\u00e1l 46 z\u00e1pas\u016f a dal dva g\u00f3ly. Ale na prvn\u00ed a zat\u00edm jedinou branku v LM (nav\u00edc po asistenci od Messiho) bude jist\u011b vzpom\u00ednat i na star\u00e1 kolena.<\/p>\n<p>Digne se v l\u00e9t\u011b 2018 s c\u00edlem nastupovat v z\u00e1kladn\u00ed sestav\u011b, v Barcelon\u011b zaost\u00e1val hlavn\u011b v kreativit\u011b, rozhodl vym\u011bnit slunn\u00e9 \u0160pan\u011blskou za de\u0161tivou Anglii. Za 18 milion\u016f liber p\u0159estoupil do Evertonu, kde m\u00e1 nahradit st\u00e1rnouc\u00ed st\u00e1lici lev\u00e9 obrany Leightona Bainese.<\/p>\n<p>Francouzsk\u00fd st\u0159\u00edzl\u00edk pro\u0161el v\u0161emi v\u011bkov\u00fdmi kategoriemi v n\u00e1rodn\u00edm dresu (v\u010detn\u011b zlata z roku 2013 na MS do 20 let) a dokonce si zahr\u00e1l o rok pozd\u011bji na MS \u00e1\u010dek, odkud zn\u00e1 Schneiderlina. V roce 2018 do Ruska vzat nebyl &#8211; a p\u0159i\u0161el tak o zlato. Everton za n\u011bj zaplatil 18 milion\u016f liber a hr\u00e1\u010d bude nosit dres \u010d\u00edslo 12. Smlouva byla podeps\u00e1na na p\u011bt rok\u016f.<\/p>\n<p>Po p\u0159\u00edchodu na Ostrovy Dignemu netrvalo p\u0159\u00edli\u0161 netrvalo, aby p\u0159esv\u011bd\u010dil o sv\u00fdch kvalit\u00e1ch. Ve sv\u00e9 prvn\u00ed sez\u00f3n\u011b vst\u0159elil \u010dty\u0159i ligov\u00e9 branky a na stejn\u00fd po\u010det g\u00f3l\u016f p\u0159ihr\u00e1l. Dokonce pat\u0159il mezi nejkreativn\u011bj\u0161\u00ed hr\u00e1\u010de v TOP5 evropsk\u00fdch lig\u00e1ch. Francouz se t\u00e9m\u011b\u0159 okam\u017eit\u011b stal nejen defenzivn\u00ed, ale i ofenzivn\u00ed oporou Toffees.<\/p>\n<p>O ro\u010dn\u00edk pozd\u011bji sice sk\u00f3roval pouze jednou v poh\u00e1ru, ale po\u010det ligov\u00fdch asistenc\u00ed nav\u00fd\u0161il hned na sedm, co\u017e zopakoval tak\u00e9 v dal\u0161\u00ed sez\u00f3n\u011b, v n\u00ed\u017e si ho klub zav\u00e1zal novou smlouvou. <em>\u201eAnga\u017em\u00e1 v Evertonu p\u0159irovn\u00e1v\u00e1m ke skv\u011bl\u00e9 svatb\u011b,\u201c <\/em>radoval se Francouz po podpisu kontraktu v \u00fanoru 2021. Jen\u017ee bohu\u017eel nic netrv\u00e1 v\u011b\u010dn\u011b&#8230;<\/p>\n<p>V l\u00e9t\u011b 2021 nastoupil na pozici mana\u017eera Blues Rafael Ben\u00edtez, kter\u00fd s Dignem nena\u0161el spole\u010dnou \u0159e\u010d. \u0160pan\u011blsk\u00fd strat\u00e9g s\u00e1zel na defenzivn\u011bj\u0161\u00ed pojet\u00ed hry, co\u017e \u00fato\u010dn\u011b lad\u011bn\u00fd bek necht\u011bl akceptovat, a tak se nesv\u00e1r dosp\u011bl a\u017e k d\u0159\u00edve nemysliteln\u00e9mu prodeji hr\u00e1\u010de do Aston Villy, kter\u00e1 za n\u011bho zaplatila 23 mili\u00f3n\u016f liber, dal\u0161\u00ed dva miliony jsou p\u0159itom zahrnuty ve v\u00fdkonnostn\u00edch bonusech. Co je paradoxn\u00ed, Ben\u00edtez se do\u010dkal vyhazovu v Evertonu jen t\u0159i dny po Digneho odchodu.<\/p>\n<p>Lucas Digne odehr\u00e1l za t\u0159i a p\u016fl roku na Merseyside 127 sout\u011b\u017en\u00edch z\u00e1pas\u016f, v nich\u017e vst\u0159elil \u0161est branek a hned na 20 nahr\u00e1l. Do pam\u011bti fanou\u0161k\u016f se vryl jako plnohodnotn\u00fd n\u00e1stupce Leightona Bainese. A to je u\u017e tedy kompliment.<\/p>\n","protected":false},"excerpt":{"rendered":"<p>Narozen:\u00a020. 07. 1993, Meaux, Francie V\u00fd\u0161ka:\u00a0178 cm V\u00e1ha:\u00a074 kg Post:\u00a0Obr\u00e1nce V EFC od:\u00a001. 08. 2018 Do: 13. 01. 2022 Rod\u00e1k&hellip;<\/p>\n","protected":false},"author":6,"featured_media":0,"parent":70,"menu_order":0,"comment_status":"closed","ping_status":"closed","template":"","meta":{"_eb_attr":"","_monsterinsights_skip_tracking":false,"_monsterinsights_sitenote_active":false,"_monsterinsights_sitenote_note":"","_monsterinsights_sitenote_category":0,"footnotes":""},"yoast_head":"<!-- This site is optimized with the Yoast SEO plugin v23.4 - https:\/\/yoast.com\/wordpress\/plugins\/seo\/ -->\n<title>Lucas Digne - Official Czech &amp; Slovak Everton Supporters&#039; Club<\/title>\n<meta name=\"robots\" content=\"index, follow, max-snippet:-1, max-image-preview:large, max-video-preview:-1\" \/>\n<link rel=\"canonical\" href=\"https:\/\/evertonfc.cz\/index.php\/soupiska\/lucas-digne\/\" \/>\n<meta property=\"og:locale\" content=\"cs_CZ\" \/>\n<meta property=\"og:type\" content=\"article\" \/>\n<meta property=\"og:title\" content=\"Lucas Digne - Official Czech &amp; Slovak Everton Supporters&#039; Club\" \/>\n<meta property=\"og:description\" content=\"Narozen:\u00a020. 07. 1993, Meaux, Francie V\u00fd\u0161ka:\u00a0178 cm V\u00e1ha:\u00a074 kg Post:\u00a0Obr\u00e1nce V EFC od:\u00a001. 08. 2018 Do: 13. 01. 2022 Rod\u00e1k&hellip;\" \/>\n<meta property=\"og:url\" content=\"https:\/\/evertonfc.cz\/index.php\/soupiska\/lucas-digne\/\" \/>\n<meta property=\"og:site_name\" content=\"Official Czech &amp; Slovak Everton Supporters&#039; Club\" \/>\n<meta property=\"article:publisher\" content=\"https:\/\/www.facebook.com\/everton.fans.cz.sk\" \/>\n<meta property=\"article:modified_time\" content=\"2022-01-16T20:13:33+00:00\" \/>\n<meta property=\"og:image\" content=\"https:\/\/evertonfc.cz\/wp-content\/uploads\/2022\/01\/digne.png\" \/>\n<meta name=\"twitter:card\" content=\"summary_large_image\" \/>\n<meta name=\"twitter:label1\" content=\"Odhadovan\u00e1 doba \u010dten\u00ed\" \/>\n\t<meta name=\"twitter:data1\" content=\"3 minuty\" \/>\n<script type=\"application\/ld+json\" class=\"yoast-schema-graph\">{\"@context\":\"https:\/\/schema.org\",\"@graph\":[{\"@type\":\"WebPage\",\"@id\":\"https:\/\/evertonfc.cz\/index.php\/soupiska\/lucas-digne\/\",\"url\":\"https:\/\/evertonfc.cz\/index.php\/soupiska\/lucas-digne\/\",\"name\":\"Lucas Digne - Official Czech &amp; Slovak Everton Supporters&#039; Club\",\"isPartOf\":{\"@id\":\"https:\/\/evertonfc.cz\/#website\"},\"primaryImageOfPage\":{\"@id\":\"https:\/\/evertonfc.cz\/index.php\/soupiska\/lucas-digne\/#primaryimage\"},\"image\":{\"@id\":\"https:\/\/evertonfc.cz\/index.php\/soupiska\/lucas-digne\/#primaryimage\"},\"thumbnailUrl\":\"https:\/\/evertonfc.cz\/wp-content\/uploads\/2022\/01\/digne.png\",\"datePublished\":\"2019-01-05T19:01:10+00:00\",\"dateModified\":\"2022-01-16T20:13:33+00:00\",\"breadcrumb\":{\"@id\":\"https:\/\/evertonfc.cz\/index.php\/soupiska\/lucas-digne\/#breadcrumb\"},\"inLanguage\":\"cs\",\"potentialAction\":[{\"@type\":\"ReadAction\",\"target\":[\"https:\/\/evertonfc.cz\/index.php\/soupiska\/lucas-digne\/\"]}]},{\"@type\":\"ImageObject\",\"inLanguage\":\"cs\",\"@id\":\"https:\/\/evertonfc.cz\/index.php\/soupiska\/lucas-digne\/#primaryimage\",\"url\":\"https:\/\/evertonfc.cz\/wp-content\/uploads\/2022\/01\/digne.png\",\"contentUrl\":\"https:\/\/evertonfc.cz\/wp-content\/uploads\/2022\/01\/digne.png\",\"width\":80,\"height\":83},{\"@type\":\"BreadcrumbList\",\"@id\":\"https:\/\/evertonfc.cz\/index.php\/soupiska\/lucas-digne\/#breadcrumb\",\"itemListElement\":[{\"@type\":\"ListItem\",\"position\":1,\"name\":\"Home\",\"item\":\"https:\/\/evertonfc.cz\/\"},{\"@type\":\"ListItem\",\"position\":2,\"name\":\"Soupiska\",\"item\":\"https:\/\/evertonfc.cz\/index.php\/soupiska\/\"},{\"@type\":\"ListItem\",\"position\":3,\"name\":\"Lucas Digne\"}]},{\"@type\":\"WebSite\",\"@id\":\"https:\/\/evertonfc.cz\/#website\",\"url\":\"https:\/\/evertonfc.cz\/\",\"name\":\"Official Czech &amp; Slovak Everton Supporters&#039; Club\",\"description\":\"\",\"publisher\":{\"@id\":\"https:\/\/evertonfc.cz\/#organization\"},\"potentialAction\":[{\"@type\":\"SearchAction\",\"target\":{\"@type\":\"EntryPoint\",\"urlTemplate\":\"https:\/\/evertonfc.cz\/?s={search_term_string}\"},\"query-input\":{\"@type\":\"PropertyValueSpecification\",\"valueRequired\":true,\"valueName\":\"search_term_string\"}}],\"inLanguage\":\"cs\"},{\"@type\":\"Organization\",\"@id\":\"https:\/\/evertonfc.cz\/#organization\",\"name\":\"Official Czech & Slovak Everton Supporters' Club\",\"url\":\"https:\/\/evertonfc.cz\/\",\"logo\":{\"@type\":\"ImageObject\",\"inLanguage\":\"cs\",\"@id\":\"https:\/\/evertonfc.cz\/#\/schema\/logo\/image\/\",\"url\":\"https:\/\/evertonfc.cz\/wp-content\/uploads\/2019\/05\/logo.png\",\"contentUrl\":\"https:\/\/evertonfc.cz\/wp-content\/uploads\/2019\/05\/logo.png\",\"width\":112,\"height\":112,\"caption\":\"Official Czech & Slovak Everton Supporters' Club\"},\"image\":{\"@id\":\"https:\/\/evertonfc.cz\/#\/schema\/logo\/image\/\"},\"sameAs\":[\"https:\/\/www.facebook.com\/everton.fans.cz.sk\"]}]}<\/script>\n<!-- \/ Yoast SEO plugin. -->","yoast_head_json":{"title":"Lucas Digne - Official Czech &amp; Slovak Everton Supporters&#039; Club","robots":{"index":"index","follow":"follow","max-snippet":"max-snippet:-1","max-image-preview":"max-image-preview:large","max-video-preview":"max-video-preview:-1"},"canonical":"https:\/\/evertonfc.cz\/index.php\/soupiska\/lucas-digne\/","og_locale":"cs_CZ","og_type":"article","og_title":"Lucas Digne - Official Czech &amp; Slovak Everton Supporters&#039; Club","og_description":"Narozen:\u00a020. 07. 1993, Meaux, Francie V\u00fd\u0161ka:\u00a0178 cm V\u00e1ha:\u00a074 kg Post:\u00a0Obr\u00e1nce V EFC od:\u00a001. 08. 2018 Do: 13. 01. 2022 Rod\u00e1k&hellip;","og_url":"https:\/\/evertonfc.cz\/index.php\/soupiska\/lucas-digne\/","og_site_name":"Official Czech &amp; Slovak Everton Supporters&#039; Club","article_publisher":"https:\/\/www.facebook.com\/everton.fans.cz.sk","article_modified_time":"2022-01-16T20:13:33+00:00","og_image":[{"url":"https:\/\/evertonfc.cz\/wp-content\/uploads\/2022\/01\/digne.png"}],"twitter_card":"summary_large_image","twitter_misc":{"Odhadovan\u00e1 doba \u010dten\u00ed":"3 minuty"},"schema":{"@context":"https:\/\/schema.org","@graph":[{"@type":"WebPage","@id":"https:\/\/evertonfc.cz\/index.php\/soupiska\/lucas-digne\/","url":"https:\/\/evertonfc.cz\/index.php\/soupiska\/lucas-digne\/","name":"Lucas Digne - Official Czech &amp; Slovak Everton Supporters&#039; Club","isPartOf":{"@id":"https:\/\/evertonfc.cz\/#website"},"primaryImageOfPage":{"@id":"https:\/\/evertonfc.cz\/index.php\/soupiska\/lucas-digne\/#primaryimage"},"image":{"@id":"https:\/\/evertonfc.cz\/index.php\/soupiska\/lucas-digne\/#primaryimage"},"thumbnailUrl":"https:\/\/evertonfc.cz\/wp-content\/uploads\/2022\/01\/digne.png","datePublished":"2019-01-05T19:01:10+00:00","dateModified":"2022-01-16T20:13:33+00:00","breadcrumb":{"@id":"https:\/\/evertonfc.cz\/index.php\/soupiska\/lucas-digne\/#breadcrumb"},"inLanguage":"cs","potentialAction":[{"@type":"ReadAction","target":["https:\/\/evertonfc.cz\/index.php\/soupiska\/lucas-digne\/"]}]},{"@type":"ImageObject","inLanguage":"cs","@id":"https:\/\/evertonfc.cz\/index.php\/soupiska\/lucas-digne\/#primaryimage","url":"https:\/\/evertonfc.cz\/wp-content\/uploads\/2022\/01\/digne.png","contentUrl":"https:\/\/evertonfc.cz\/wp-content\/uploads\/2022\/01\/digne.png","width":80,"height":83},{"@type":"BreadcrumbList","@id":"https:\/\/evertonfc.cz\/index.php\/soupiska\/lucas-digne\/#breadcrumb","itemListElement":[{"@type":"ListItem","position":1,"name":"Home","item":"https:\/\/evertonfc.cz\/"},{"@type":"ListItem","position":2,"name":"Soupiska","item":"https:\/\/evertonfc.cz\/index.php\/soupiska\/"},{"@type":"ListItem","position":3,"name":"Lucas Digne"}]},{"@type":"WebSite","@id":"https:\/\/evertonfc.cz\/#website","url":"https:\/\/evertonfc.cz\/","name":"Official Czech &amp; Slovak Everton Supporters&#039; Club","description":"","publisher":{"@id":"https:\/\/evertonfc.cz\/#organization"},"potentialAction":[{"@type":"SearchAction","target":{"@type":"EntryPoint","urlTemplate":"https:\/\/evertonfc.cz\/?s={search_term_string}"},"query-input":{"@type":"PropertyValueSpecification","valueRequired":true,"valueName":"search_term_string"}}],"inLanguage":"cs"},{"@type":"Organization","@id":"https:\/\/evertonfc.cz\/#organization","name":"Official Czech & Slovak Everton Supporters' Club","url":"https:\/\/evertonfc.cz\/","logo":{"@type":"ImageObject","inLanguage":"cs","@id":"https:\/\/evertonfc.cz\/#\/schema\/logo\/image\/","url":"https:\/\/evertonfc.cz\/wp-content\/uploads\/2019\/05\/logo.png","contentUrl":"https:\/\/evertonfc.cz\/wp-content\/uploads\/2019\/05\/logo.png","width":112,"height":112,"caption":"Official Czech & Slovak Everton Supporters' Club"},"image":{"@id":"https:\/\/evertonfc.cz\/#\/schema\/logo\/image\/"},"sameAs":["https:\/\/www.facebook.com\/everton.fans.cz.sk"]}]}},"_links":{"self":[{"href":"https:\/\/evertonfc.cz\/index.php\/wp-json\/wp\/v2\/pages\/852"}],"collection":[{"href":"https:\/\/evertonfc.cz\/index.php\/wp-json\/wp\/v2\/pages"}],"about":[{"href":"https:\/\/evertonfc.cz\/index.php\/wp-json\/wp\/v2\/types\/page"}],"author":[{"embeddable":true,"href":"https:\/\/evertonfc.cz\/index.php\/wp-json\/wp\/v2\/users\/6"}],"replies":[{"embeddable":true,"href":"https:\/\/evertonfc.cz\/index.php\/wp-json\/wp\/v2\/comments?post=852"}],"version-history":[{"count":8,"href":"https:\/\/evertonfc.cz\/index.php\/wp-json\/wp\/v2\/pages\/852\/revisions"}],"predecessor-version":[{"id":17476,"href":"https:\/\/evertonfc.cz\/index.php\/wp-json\/wp\/v2\/pages\/852\/revisions\/17476"}],"up":[{"embeddable":true,"href":"https:\/\/evertonfc.cz\/index.php\/wp-json\/wp\/v2\/pages\/70"}],"wp:attachment":[{"href":"https:\/\/evertonfc.cz\/index.php\/wp-json\/wp\/v2\/media?parent=852"}],"curies":[{"name":"wp","href":"https:\/\/api.w.org\/{rel}","templated":true}]}}