{"id":8553,"date":"2019-07-18T16:31:46","date_gmt":"2019-07-18T14:31:46","guid":{"rendered":"https:\/\/evertonfc.cz\/?page_id=8553"},"modified":"2021-07-12T19:59:48","modified_gmt":"2021-07-12T17:59:48","slug":"josh-bowler","status":"publish","type":"page","link":"https:\/\/evertonfc.cz\/index.php\/soupiska\/josh-bowler\/","title":{"rendered":"Joshua Luke Bowler"},"content":{"rendered":"<p><strong><img loading=\"lazy\" decoding=\"async\" style=\"float: right; margin-left: 10px; margin-right: 10px;\" src=\"https:\/\/evertonfc.cz\/wp-content\/uploads\/2019\/07\/josh_bowler.jpg\" alt=\"\" width=\"80\" height=\"83\" \/>Narozen:<\/strong> 05. 03. 1999, Chertsey, Anglie<br \/>\n<strong>V\u00fd\u0161ka:<\/strong> 175 cm<br \/>\n<strong>V\u00e1ha:<\/strong> 70 kg<br \/>\n<strong>Post:\u00a0<\/strong>K\u0159\u00eddeln\u00edk<br \/>\n<strong>V EFC od:<\/strong> 07. 07. 2017<br \/>\n<strong>Do:<\/strong> 30. 06. 2021<\/p>\n<hr \/>\n<p>Josh Bowler za\u010dal s fotbalem v akademii Fulhamu, odkud byl ale jako 14let\u00fd propu\u0161t\u011bn. Pot\u00e9 po kr\u00e1tk\u00e9 epizod\u011b v akademii Aldershotu zam\u00ed\u0159il do Queens Park Rangers.<\/p>\n<p>Na Loftus rozv\u00edjel sv\u016fj talent, ne\u017e se na konci sez\u00f3ny 2016\/17 do\u010dkal debutu v seniorsk\u00e9m fotbale, kdy\u017e z lavi\u010dky n\u00e1hradn\u00edk\u016f zas\u00e1hl do posledn\u00edho kola Championshipu. Debutov\u00e9 vystoupen\u00ed se brzy uk\u00e1zalo jako rozlu\u010dkov\u00e9, z\u00e1hy toti\u017e p\u0159estoupil do Evertonu, kter\u00fd za n\u011bj v l\u00e9t\u011b 2017 zaplatil z\u00e1kladn\u00ed \u010d\u00e1stku ve v\u00fd\u0161i 1,5 milionu liber. Kone\u010dn\u00e1 suma transferu se ale po napln\u011bn\u00ed bonus\u016f m\u016f\u017ee vy\u0161plhat a\u017e 4,5 milionu liber.<\/p>\n<p>Bowler, \u0161ikovn\u00fd levonoh\u00fd k\u0159\u00eddeln\u00edk, ve sv\u00fdch 18 letech podepsal s Evertonem t\u0159\u00edletou smlouvu a za\u010dal nastupovat za klubov\u00fd v\u00fdb\u011br do 23 let, kter\u00e9mu v sez\u00f3n\u011b 2018\/19 coby kl\u00ed\u010dov\u00fd hr\u00e1\u010d pomohl k zisku cenn\u00e9ho double \u2013 triumfu v Premier League 2 a Premier League Cupu.<\/p>\n<p>V l\u00e9t\u011b 2019 nastal spr\u00e1vn\u00fd \u010das na dal\u0161\u00ed krok v Bowlerov\u011b hr\u00e1\u010dsk\u00e9m v\u00fdvoji a po prodlou\u017een\u00ed smlouvy o rok zam\u00ed\u0159il na sez\u00f3nn\u00ed hostov\u00e1n\u00ed do druholigov\u00e9ho Hullu City, aby sb\u00edral prvn\u00ed opravdov\u00e9 zku\u0161enosti se seniorsk\u00fdm fotbalem. Na KC Stadium ale poznal n\u00e1ro\u010dnost Championship, zvl\u00e1\u0161t\u011b potom pro mlad\u00e9, nezku\u0161en\u00e9 hr\u00e1\u010de. Za celou sez\u00f3nu odehr\u00e1l sice 31 z\u00e1pas\u016f, pouze t\u0159ikr\u00e1t si v\u0161ak p\u0159ipsal cel\u00fdch 90 minut. Probl\u00e9my mu d\u011blal hlavn\u011b fin\u00e1ln\u00ed f\u00e1ze, vst\u0159elil pouze jednu branku a na dal\u0161\u00ed nahr\u00e1l. Sez\u00f3na ale nevy\u0161la ani cel\u00e9mu Hullu, hlavn\u011b z\u00e1sluhou ot\u0159esn\u00e9 druh\u00e9 poloviny skon\u010dil na posledn\u00edm m\u00edst\u011b tabulky a spadl do League One. Bowler se p\u0159ed sez\u00f3nou 2020\/21 vr\u00e1til do Evertonu s vyhl\u00eddkou dal\u0161\u00edho hostov\u00e1n\u00ed, koncem p\u0159estupov\u00e9ho l\u00e9ta si ale p\u0159ivodil v\u00e1\u017en\u00e9 svalov\u00e9 zran\u011bn\u00ed p\u0159itahova\u010de stehna, kter\u00e9 ho poslalo na marodku do konce kalend\u00e1\u0159n\u00edho roku 2020. Ve druh\u00e9 polovin\u011b sez\u00f3ny Bowler pouze sb\u00edral starty za v\u00fdb\u011br Evertonu do 23 let, a tak nebylo p\u0159ekvapen\u00edm, \u017ee ho klub v l\u00e9t\u011b 2021 po skon\u010den\u00ed smlouvy propustil jako mlad\u00edka s nenapln\u011bn\u00fdm potenci\u00e1lem, kter\u00fd z\u00e1hy upsal druholigov\u00e9mu Blackpoolu.<\/p>\n","protected":false},"excerpt":{"rendered":"<p>Narozen: 05. 03. 1999, Chertsey, Anglie V\u00fd\u0161ka: 175 cm V\u00e1ha: 70 kg Post:\u00a0K\u0159\u00eddeln\u00edk V EFC od: 07. 07. 2017 Do:&hellip;<\/p>\n","protected":false},"author":6,"featured_media":0,"parent":70,"menu_order":0,"comment_status":"closed","ping_status":"closed","template":"","meta":{"_eb_attr":"","_monsterinsights_skip_tracking":false,"_monsterinsights_sitenote_active":false,"_monsterinsights_sitenote_note":"","_monsterinsights_sitenote_category":0,"footnotes":""},"yoast_head":"<!-- This site is optimized with the Yoast SEO plugin v23.4 - https:\/\/yoast.com\/wordpress\/plugins\/seo\/ -->\n<title>Joshua Luke Bowler - Official Czech &amp; Slovak Everton Supporters&#039; Club<\/title>\n<meta name=\"robots\" content=\"index, follow, max-snippet:-1, max-image-preview:large, max-video-preview:-1\" \/>\n<link rel=\"canonical\" href=\"https:\/\/evertonfc.cz\/index.php\/soupiska\/josh-bowler\/\" \/>\n<meta property=\"og:locale\" content=\"cs_CZ\" \/>\n<meta property=\"og:type\" content=\"article\" \/>\n<meta property=\"og:title\" content=\"Joshua Luke Bowler - Official Czech &amp; Slovak Everton Supporters&#039; Club\" \/>\n<meta property=\"og:description\" content=\"Narozen: 05. 03. 1999, Chertsey, Anglie V\u00fd\u0161ka: 175 cm V\u00e1ha: 70 kg Post:\u00a0K\u0159\u00eddeln\u00edk V EFC od: 07. 07. 2017 Do:&hellip;\" \/>\n<meta property=\"og:url\" content=\"https:\/\/evertonfc.cz\/index.php\/soupiska\/josh-bowler\/\" \/>\n<meta property=\"og:site_name\" content=\"Official Czech &amp; Slovak Everton Supporters&#039; Club\" \/>\n<meta property=\"article:publisher\" content=\"https:\/\/www.facebook.com\/everton.fans.cz.sk\" \/>\n<meta property=\"article:modified_time\" content=\"2021-07-12T17:59:48+00:00\" \/>\n<meta property=\"og:image\" content=\"https:\/\/evertonfc.cz\/wp-content\/uploads\/2019\/07\/josh_bowler.jpg\" \/>\n<meta name=\"twitter:card\" content=\"summary_large_image\" \/>\n<meta name=\"twitter:label1\" content=\"Odhadovan\u00e1 doba \u010dten\u00ed\" \/>\n\t<meta name=\"twitter:data1\" content=\"2 minuty\" \/>\n<script type=\"application\/ld+json\" class=\"yoast-schema-graph\">{\"@context\":\"https:\/\/schema.org\",\"@graph\":[{\"@type\":\"WebPage\",\"@id\":\"https:\/\/evertonfc.cz\/index.php\/soupiska\/josh-bowler\/\",\"url\":\"https:\/\/evertonfc.cz\/index.php\/soupiska\/josh-bowler\/\",\"name\":\"Joshua Luke Bowler - Official Czech &amp; Slovak Everton Supporters&#039; Club\",\"isPartOf\":{\"@id\":\"https:\/\/evertonfc.cz\/#website\"},\"primaryImageOfPage\":{\"@id\":\"https:\/\/evertonfc.cz\/index.php\/soupiska\/josh-bowler\/#primaryimage\"},\"image\":{\"@id\":\"https:\/\/evertonfc.cz\/index.php\/soupiska\/josh-bowler\/#primaryimage\"},\"thumbnailUrl\":\"https:\/\/evertonfc.cz\/wp-content\/uploads\/2019\/07\/josh_bowler.jpg\",\"datePublished\":\"2019-07-18T14:31:46+00:00\",\"dateModified\":\"2021-07-12T17:59:48+00:00\",\"breadcrumb\":{\"@id\":\"https:\/\/evertonfc.cz\/index.php\/soupiska\/josh-bowler\/#breadcrumb\"},\"inLanguage\":\"cs\",\"potentialAction\":[{\"@type\":\"ReadAction\",\"target\":[\"https:\/\/evertonfc.cz\/index.php\/soupiska\/josh-bowler\/\"]}]},{\"@type\":\"ImageObject\",\"inLanguage\":\"cs\",\"@id\":\"https:\/\/evertonfc.cz\/index.php\/soupiska\/josh-bowler\/#primaryimage\",\"url\":\"https:\/\/evertonfc.cz\/wp-content\/uploads\/2019\/07\/josh_bowler.jpg\",\"contentUrl\":\"https:\/\/evertonfc.cz\/wp-content\/uploads\/2019\/07\/josh_bowler.jpg\",\"width\":80,\"height\":83},{\"@type\":\"BreadcrumbList\",\"@id\":\"https:\/\/evertonfc.cz\/index.php\/soupiska\/josh-bowler\/#breadcrumb\",\"itemListElement\":[{\"@type\":\"ListItem\",\"position\":1,\"name\":\"Home\",\"item\":\"https:\/\/evertonfc.cz\/\"},{\"@type\":\"ListItem\",\"position\":2,\"name\":\"Soupiska\",\"item\":\"https:\/\/evertonfc.cz\/index.php\/soupiska\/\"},{\"@type\":\"ListItem\",\"position\":3,\"name\":\"Joshua Luke Bowler\"}]},{\"@type\":\"WebSite\",\"@id\":\"https:\/\/evertonfc.cz\/#website\",\"url\":\"https:\/\/evertonfc.cz\/\",\"name\":\"Official Czech &amp; Slovak Everton Supporters&#039; Club\",\"description\":\"\",\"publisher\":{\"@id\":\"https:\/\/evertonfc.cz\/#organization\"},\"potentialAction\":[{\"@type\":\"SearchAction\",\"target\":{\"@type\":\"EntryPoint\",\"urlTemplate\":\"https:\/\/evertonfc.cz\/?s={search_term_string}\"},\"query-input\":{\"@type\":\"PropertyValueSpecification\",\"valueRequired\":true,\"valueName\":\"search_term_string\"}}],\"inLanguage\":\"cs\"},{\"@type\":\"Organization\",\"@id\":\"https:\/\/evertonfc.cz\/#organization\",\"name\":\"Official Czech & Slovak Everton Supporters' Club\",\"url\":\"https:\/\/evertonfc.cz\/\",\"logo\":{\"@type\":\"ImageObject\",\"inLanguage\":\"cs\",\"@id\":\"https:\/\/evertonfc.cz\/#\/schema\/logo\/image\/\",\"url\":\"https:\/\/evertonfc.cz\/wp-content\/uploads\/2019\/05\/logo.png\",\"contentUrl\":\"https:\/\/evertonfc.cz\/wp-content\/uploads\/2019\/05\/logo.png\",\"width\":112,\"height\":112,\"caption\":\"Official Czech & Slovak Everton Supporters' Club\"},\"image\":{\"@id\":\"https:\/\/evertonfc.cz\/#\/schema\/logo\/image\/\"},\"sameAs\":[\"https:\/\/www.facebook.com\/everton.fans.cz.sk\"]}]}<\/script>\n<!-- \/ Yoast SEO plugin. -->","yoast_head_json":{"title":"Joshua Luke Bowler - Official Czech &amp; Slovak Everton Supporters&#039; Club","robots":{"index":"index","follow":"follow","max-snippet":"max-snippet:-1","max-image-preview":"max-image-preview:large","max-video-preview":"max-video-preview:-1"},"canonical":"https:\/\/evertonfc.cz\/index.php\/soupiska\/josh-bowler\/","og_locale":"cs_CZ","og_type":"article","og_title":"Joshua Luke Bowler - Official Czech &amp; Slovak Everton Supporters&#039; Club","og_description":"Narozen: 05. 03. 1999, Chertsey, Anglie V\u00fd\u0161ka: 175 cm V\u00e1ha: 70 kg Post:\u00a0K\u0159\u00eddeln\u00edk V EFC od: 07. 07. 2017 Do:&hellip;","og_url":"https:\/\/evertonfc.cz\/index.php\/soupiska\/josh-bowler\/","og_site_name":"Official Czech &amp; Slovak Everton Supporters&#039; Club","article_publisher":"https:\/\/www.facebook.com\/everton.fans.cz.sk","article_modified_time":"2021-07-12T17:59:48+00:00","og_image":[{"url":"https:\/\/evertonfc.cz\/wp-content\/uploads\/2019\/07\/josh_bowler.jpg"}],"twitter_card":"summary_large_image","twitter_misc":{"Odhadovan\u00e1 doba \u010dten\u00ed":"2 minuty"},"schema":{"@context":"https:\/\/schema.org","@graph":[{"@type":"WebPage","@id":"https:\/\/evertonfc.cz\/index.php\/soupiska\/josh-bowler\/","url":"https:\/\/evertonfc.cz\/index.php\/soupiska\/josh-bowler\/","name":"Joshua Luke Bowler - Official Czech &amp; Slovak Everton Supporters&#039; Club","isPartOf":{"@id":"https:\/\/evertonfc.cz\/#website"},"primaryImageOfPage":{"@id":"https:\/\/evertonfc.cz\/index.php\/soupiska\/josh-bowler\/#primaryimage"},"image":{"@id":"https:\/\/evertonfc.cz\/index.php\/soupiska\/josh-bowler\/#primaryimage"},"thumbnailUrl":"https:\/\/evertonfc.cz\/wp-content\/uploads\/2019\/07\/josh_bowler.jpg","datePublished":"2019-07-18T14:31:46+00:00","dateModified":"2021-07-12T17:59:48+00:00","breadcrumb":{"@id":"https:\/\/evertonfc.cz\/index.php\/soupiska\/josh-bowler\/#breadcrumb"},"inLanguage":"cs","potentialAction":[{"@type":"ReadAction","target":["https:\/\/evertonfc.cz\/index.php\/soupiska\/josh-bowler\/"]}]},{"@type":"ImageObject","inLanguage":"cs","@id":"https:\/\/evertonfc.cz\/index.php\/soupiska\/josh-bowler\/#primaryimage","url":"https:\/\/evertonfc.cz\/wp-content\/uploads\/2019\/07\/josh_bowler.jpg","contentUrl":"https:\/\/evertonfc.cz\/wp-content\/uploads\/2019\/07\/josh_bowler.jpg","width":80,"height":83},{"@type":"BreadcrumbList","@id":"https:\/\/evertonfc.cz\/index.php\/soupiska\/josh-bowler\/#breadcrumb","itemListElement":[{"@type":"ListItem","position":1,"name":"Home","item":"https:\/\/evertonfc.cz\/"},{"@type":"ListItem","position":2,"name":"Soupiska","item":"https:\/\/evertonfc.cz\/index.php\/soupiska\/"},{"@type":"ListItem","position":3,"name":"Joshua Luke Bowler"}]},{"@type":"WebSite","@id":"https:\/\/evertonfc.cz\/#website","url":"https:\/\/evertonfc.cz\/","name":"Official Czech &amp; Slovak Everton Supporters&#039; Club","description":"","publisher":{"@id":"https:\/\/evertonfc.cz\/#organization"},"potentialAction":[{"@type":"SearchAction","target":{"@type":"EntryPoint","urlTemplate":"https:\/\/evertonfc.cz\/?s={search_term_string}"},"query-input":{"@type":"PropertyValueSpecification","valueRequired":true,"valueName":"search_term_string"}}],"inLanguage":"cs"},{"@type":"Organization","@id":"https:\/\/evertonfc.cz\/#organization","name":"Official Czech & Slovak Everton Supporters' Club","url":"https:\/\/evertonfc.cz\/","logo":{"@type":"ImageObject","inLanguage":"cs","@id":"https:\/\/evertonfc.cz\/#\/schema\/logo\/image\/","url":"https:\/\/evertonfc.cz\/wp-content\/uploads\/2019\/05\/logo.png","contentUrl":"https:\/\/evertonfc.cz\/wp-content\/uploads\/2019\/05\/logo.png","width":112,"height":112,"caption":"Official Czech & Slovak Everton Supporters' Club"},"image":{"@id":"https:\/\/evertonfc.cz\/#\/schema\/logo\/image\/"},"sameAs":["https:\/\/www.facebook.com\/everton.fans.cz.sk"]}]}},"_links":{"self":[{"href":"https:\/\/evertonfc.cz\/index.php\/wp-json\/wp\/v2\/pages\/8553"}],"collection":[{"href":"https:\/\/evertonfc.cz\/index.php\/wp-json\/wp\/v2\/pages"}],"about":[{"href":"https:\/\/evertonfc.cz\/index.php\/wp-json\/wp\/v2\/types\/page"}],"author":[{"embeddable":true,"href":"https:\/\/evertonfc.cz\/index.php\/wp-json\/wp\/v2\/users\/6"}],"replies":[{"embeddable":true,"href":"https:\/\/evertonfc.cz\/index.php\/wp-json\/wp\/v2\/comments?post=8553"}],"version-history":[{"count":10,"href":"https:\/\/evertonfc.cz\/index.php\/wp-json\/wp\/v2\/pages\/8553\/revisions"}],"predecessor-version":[{"id":10029,"href":"https:\/\/evertonfc.cz\/index.php\/wp-json\/wp\/v2\/pages\/8553\/revisions\/10029"}],"up":[{"embeddable":true,"href":"https:\/\/evertonfc.cz\/index.php\/wp-json\/wp\/v2\/pages\/70"}],"wp:attachment":[{"href":"https:\/\/evertonfc.cz\/index.php\/wp-json\/wp\/v2\/media?parent=8553"}],"curies":[{"name":"wp","href":"https:\/\/api.w.org\/{rel}","templated":true}]}}