{"id":86,"date":"2018-11-28T12:46:23","date_gmt":"2018-11-28T11:46:23","guid":{"rendered":"http:\/\/evertonfc.cz\/?page_id=86"},"modified":"2025-01-13T18:13:41","modified_gmt":"2025-01-13T17:13:41","slug":"manazeri","status":"publish","type":"page","link":"https:\/\/evertonfc.cz\/index.php\/manazeri\/","title":{"rendered":"Mana\u017ee\u0159i"},"content":{"rendered":"<table style=\"height: 1917px; width: 100%;\" cellspacing=\"1\" cellpadding=\"1\" align=\"center\">\n<tbody>\n<tr style=\"height: 52px;\">\n<td style=\"height: 52px; border-style: ridge; width: 22%;\" width=\"22%\">\n<h4 style=\"text-align: center;\"><strong>Jm\u00e9no<\/strong><\/h4>\n<\/td>\n<td style=\"text-align: center; height: 52px; border-style: ridge; width: 14%;\" width=\"14%\">\n<h4><strong>Od<\/strong><\/h4>\n<\/td>\n<td style=\"text-align: center; height: 52px; border-style: ridge; width: 14%;\" width=\"14%\">\n<h4><strong>Do<\/strong><\/h4>\n<\/td>\n<td style=\"text-align: center; height: 52px; border-style: ridge; width: 34%;\" width=\"34%\">\n<h4><strong>Popis<\/strong><\/h4>\n<\/td>\n<td style=\"height: 52px; border-style: ridge; width: 20%;\" width=\"20%\">\n<h4 style=\"text-align: center;\"><strong>Trofeje<\/strong><\/h4>\n<\/td>\n<\/tr>\n<tr>\n<td style=\"border-style: ridge; width: 22%;\"><strong>David Moyes<\/strong><\/td>\n<td style=\"text-align: center; border-style: ridge; width: 14%;\">11. 01. 2025<\/td>\n<td style=\"text-align: center; border-style: ridge; width: 14%;\">30. 06. 2027<\/td>\n<td style=\"text-align: center; border-style: ridge; width: 34%;\">Velk\u00fd n\u00e1vrat pod nov\u00fdm majitelem<\/td>\n<td style=\"text-align: center; border-style: ridge; width: 20%;\"><\/td>\n<\/tr>\n<tr>\n<td style=\"border-style: ridge; width: 22%;\"><a href=\"https:\/\/evertonfc.cz\/index.php\/manazeri\/sean-dyche\/\"><strong>Sean Dyche<\/strong><\/a><\/td>\n<td style=\"text-align: center; border-style: ridge; width: 14%;\">30. 01. 2023<\/td>\n<td style=\"text-align: center; border-style: ridge; width: 14%;\">09. 01. 2025<\/td>\n<td style=\"text-align: center; border-style: ridge; width: 34%;\">Dv\u011b z\u00e1chrany a pot\u00e9 tr\u00e1pen\u00ed<\/td>\n<td style=\"text-align: center; border-style: ridge; width: 20%;\"><\/td>\n<\/tr>\n<tr style=\"height: 41px;\">\n<td style=\"border-style: ridge; width: 22%; height: 41px;\"><a href=\"https:\/\/evertonfc.cz\/index.php\/manazeri\/frank-lampard\/\"><strong>Frank Lampard<\/strong><\/a><\/td>\n<td style=\"text-align: center; border-style: ridge; width: 14%; height: 41px;\">31. 01. 2022<\/td>\n<td style=\"text-align: center; border-style: ridge; width: 14%; height: 41px;\">23. 01. 2023<\/td>\n<td style=\"text-align: center; border-style: ridge; width: 34%; height: 41px;\">Slibovan\u00e9 zlep\u0161en\u00ed se nekonalo<\/td>\n<td style=\"text-align: center; border-style: ridge; width: 20%; height: 41px;\"><\/td>\n<\/tr>\n<tr style=\"height: 41px;\">\n<td style=\"border-style: ridge; width: 22%; height: 41px;\"><strong><a href=\"https:\/\/evertonfc.cz\/index.php\/2011\/10\/12\/duncan-ferguson\/\" rel=\"noopener noreferrer\">Duncan Ferguson<\/a><\/strong><\/td>\n<td style=\"text-align: center; border-style: ridge; width: 14%; height: 41px;\">18. 01. 2022<\/td>\n<td style=\"text-align: center; border-style: ridge; width: 14%; height: 41px;\">31. 01. 2022<\/td>\n<td style=\"text-align: center; border-style: ridge; width: 34%; height: 41px;\">Caretakerem podruh\u00e9<\/td>\n<td style=\"text-align: center; border-style: ridge; width: 20%; height: 41px;\"><\/td>\n<\/tr>\n<tr style=\"height: 41px;\">\n<td style=\"height: 41px; border-style: ridge; width: 22%;\"><a href=\"https:\/\/evertonfc.cz\/index.php\/manazeri\/rafael-benitez\/\"><strong>Rafael Ben\u00edtez<\/strong><\/a><\/td>\n<td style=\"text-align: center; height: 41px; border-style: ridge; width: 14%;\">30. 06. 2021<\/td>\n<td style=\"text-align: center; height: 41px; border-style: ridge; width: 14%;\">16. 01. 2022<\/td>\n<td style=\"text-align: center; height: 41px; border-style: ridge; width: 34%;\">O\u010dek\u00e1van\u00e1 trag\u00e9die<\/td>\n<td style=\"text-align: center; height: 41px; border-style: ridge; width: 20%;\"><\/td>\n<\/tr>\n<tr style=\"height: 41px;\">\n<td style=\"height: 41px; border-style: ridge; width: 22%;\" width=\"22%\"><a href=\"https:\/\/evertonfc.cz\/index.php\/manazeri\/carlo-ancelotti\/\" rel=\"noopener noreferrer\"><strong>Carlo Ancelotti<\/strong><\/a><\/td>\n<td style=\"text-align: center; height: 41px; border-style: ridge; width: 14%;\" width=\"14%\">21. 12. 2019<\/td>\n<td style=\"text-align: center; height: 41px; border-style: ridge; width: 14%;\" width=\"14%\">01. 06. 2021<\/td>\n<td style=\"text-align: center; height: 41px; border-style: ridge; width: 34%;\" width=\"34%\">Snov\u00e9 jmenov\u00e1n\u00ed skon\u010dilo brzk\u00fdm \u00fat\u011bkem<\/td>\n<td style=\"text-align: center; height: 41px; border-style: ridge; width: 20%;\" width=\"20%\"><\/td>\n<\/tr>\n<tr style=\"height: 41px;\">\n<td style=\"height: 41px; border-style: ridge; width: 22%;\" width=\"22%\"><a href=\"https:\/\/evertonfc.cz\/index.php\/2011\/10\/12\/duncan-ferguson\/\" rel=\"noopener noreferrer\"><strong>Duncan Ferguson<\/strong><\/a><\/td>\n<td style=\"text-align: center; height: 41px; border-style: ridge; width: 14%;\" width=\"14%\">05. 12. 2019<\/td>\n<td style=\"text-align: center; height: 41px; border-style: ridge; width: 14%;\" width=\"14%\">21. 12. 2019<\/td>\n<td style=\"text-align: center; height: 41px; border-style: ridge; width: 34%;\" width=\"34%\">Caretaker, kter\u00fd pozvedl t\u00fdm<\/td>\n<td style=\"text-align: center; height: 41px; border-style: ridge; width: 20%;\" width=\"20%\"><\/td>\n<\/tr>\n<tr style=\"height: 41px;\">\n<td style=\"height: 41px; border-style: ridge; width: 22%;\" width=\"22%\"><a href=\"https:\/\/evertonfc.cz\/index.php\/manazeri\/marco-silva\/\" rel=\"noopener noreferrer\"><strong>Marco Silva<\/strong><\/a><\/td>\n<td style=\"text-align: center; height: 41px; border-style: ridge; width: 14%;\" width=\"14%\">31. 05. 2018<\/td>\n<td style=\"text-align: center; height: 41px; border-style: ridge; width: 14%;\" width=\"14%\">05. 12. 2019<\/td>\n<td style=\"text-align: center; height: 41px; border-style: ridge; width: 34%;\" width=\"34%\">Nevyu\u017eil svou \u0161anci<\/td>\n<td style=\"text-align: center; height: 41px; border-style: ridge; width: 20%;\" width=\"20%\"><\/td>\n<\/tr>\n<tr style=\"height: 41px;\">\n<td style=\"height: 41px; border-style: ridge; width: 22%;\" width=\"22%\"><strong>Sam Allardyce<\/strong><\/td>\n<td style=\"text-align: center; height: 41px; border-style: ridge; width: 14%;\" width=\"14%\">30. 11. 2017<\/td>\n<td style=\"text-align: center; height: 41px; border-style: ridge; width: 14%;\" width=\"14%\">16. 05. 2018<\/td>\n<td style=\"text-align: center; height: 41px; border-style: ridge; width: 34%;\" width=\"34%\">P\u0159i\u0161el zachr\u00e1nit klub v lize<\/td>\n<td style=\"text-align: center; height: 41px; border-style: ridge; width: 20%;\" width=\"20%\"><\/td>\n<\/tr>\n<tr style=\"height: 41px;\">\n<td style=\"height: 41px; border-style: ridge; width: 22%;\" width=\"22%\"><strong>David Unsworth<\/strong><\/td>\n<td style=\"text-align: center; height: 41px; border-style: ridge; width: 14%;\" width=\"14%\">24. 10. 2017<\/td>\n<td style=\"text-align: center; height: 41px; border-style: ridge; width: 14%;\" width=\"14%\">30. 11. 2017<\/td>\n<td style=\"text-align: center; height: 41px; border-style: ridge; width: 34%;\" width=\"34%\">Podruh\u00e9 b\u011bhem kr\u00e1tk\u00e9 doby jako z\u00e1skok<\/td>\n<td style=\"text-align: center; height: 41px; border-style: ridge; width: 20%;\" width=\"20%\"><\/td>\n<\/tr>\n<tr style=\"height: 70px;\">\n<td style=\"height: 70px; border-style: ridge; width: 22%;\" width=\"22%\"><a href=\"https:\/\/evertonfc.cz\/index.php\/2016\/07\/01\/profil-ronald-koeman\/\" target=\"_blank\" rel=\"noopener noreferrer\"><strong>Ronald Koeman<\/strong><\/a><\/td>\n<td style=\"text-align: center; height: 70px; border-style: ridge; width: 14%;\" width=\"14%\">14. 06. 2016<\/td>\n<td style=\"text-align: center; height: 70px; border-style: ridge; width: 14%;\" width=\"14%\">23. 10. 2017<\/td>\n<td style=\"text-align: center; height: 70px; border-style: ridge; width: 34%;\" width=\"34%\">Ne\u00fasp\u011b\u0161n\u00fd na po\u010d\u00e1tku \u00e9ry bohat\u00e9ho Evertonu<\/td>\n<td style=\"text-align: center; height: 70px; border-style: ridge; width: 20%;\" width=\"20%\"><\/td>\n<\/tr>\n<tr style=\"height: 41px;\">\n<td style=\"height: 41px; border-style: ridge; width: 22%;\" width=\"22%\"><strong>David Unsworth<\/strong><\/td>\n<td style=\"text-align: center; height: 41px; border-style: ridge; width: 14%;\" width=\"14%\">15. 05. 2016<\/td>\n<td style=\"text-align: center; height: 41px; border-style: ridge; width: 14%;\" width=\"14%\">15. 05. 2016<\/td>\n<td style=\"text-align: center; height: 41px; border-style: ridge; width: 34%;\" width=\"34%\">Z\u00e1skok na posledn\u00ed z\u00e1pas sez\u00f3ny<\/td>\n<td style=\"text-align: center; height: 41px; border-style: ridge; width: 20%;\" width=\"20%\"><\/td>\n<\/tr>\n<tr style=\"height: 41px;\">\n<td style=\"height: 41px; border-style: ridge; width: 22%;\" width=\"22%\"><strong>Roberto Mart\u00ednez<\/strong><\/td>\n<td style=\"text-align: center; height: 41px; border-style: ridge; width: 14%;\" width=\"14%\">05. 06. 2013<\/td>\n<td style=\"text-align: center; height: 41px; border-style: ridge; width: 14%;\" width=\"14%\">12. 05. 2016<\/td>\n<td style=\"text-align: center; height: 41px; border-style: ridge; width: 34%;\" width=\"34%\">Po prvn\u00ed snov\u00e9 sez\u00f3n\u011b zmar<\/td>\n<td style=\"text-align: center; height: 41px; border-style: ridge; width: 20%;\" width=\"20%\"><\/td>\n<\/tr>\n<tr style=\"height: 41px;\">\n<td style=\"height: 41px; border-style: ridge; width: 22%;\" width=\"22%\"><strong>David Moyes<\/strong><\/td>\n<td style=\"text-align: center; height: 41px; border-style: ridge; width: 14%;\" width=\"14%\">16. 03. 2002<\/td>\n<td style=\"text-align: center; height: 41px; border-style: ridge; width: 14%;\" width=\"14%\">19. 05. 2013<\/td>\n<td style=\"text-align: center; height: 41px; border-style: ridge; width: 34%;\" width=\"34%\">Stabilizoval klub mezi nejlep\u0161\u00edmi v lize<\/td>\n<td style=\"text-align: center; height: 41px; border-style: ridge; width: 20%;\" width=\"20%\"><\/td>\n<\/tr>\n<tr style=\"height: 41px;\">\n<td style=\"height: 41px; border-style: ridge; width: 22%;\" width=\"22%\"><strong>Walter Smith<\/strong><\/td>\n<td style=\"text-align: center; height: 41px; border-style: ridge; width: 14%;\" width=\"14%\">01. 07. 1998<\/td>\n<td style=\"text-align: center; height: 41px; border-style: ridge; width: 14%;\" width=\"14%\">10. 03. 2002<\/td>\n<td style=\"text-align: center; height: 41px; border-style: ridge; width: 34%;\" width=\"34%\">Ex-Rangers, tr\u00e9noval 4 roky<\/td>\n<td style=\"text-align: center; height: 41px; border-style: ridge; width: 20%;\" width=\"20%\"><\/td>\n<\/tr>\n<tr style=\"height: 41px;\">\n<td style=\"height: 41px; border-style: ridge; width: 22%;\" width=\"22%\"><a href=\"https:\/\/evertonfc.cz\/index.php\/2013\/03\/26\/howard-kendall\/\" target=\"_blank\" rel=\"noopener noreferrer\"><strong>Howard Kendall<\/strong><\/a><\/td>\n<td style=\"text-align: center; height: 41px; border-style: ridge; width: 14%;\" width=\"14%\">27. 06. 1997<\/td>\n<td style=\"text-align: center; height: 41px; border-style: ridge; width: 14%;\" width=\"14%\">10. 05. 1998<\/td>\n<td style=\"text-align: center; height: 41px; border-style: ridge; width: 34%;\" width=\"34%\">V Evertonu pot\u0159et\u00ed<\/td>\n<td style=\"text-align: center; height: 41px; border-style: ridge; width: 20%;\" width=\"20%\"><\/td>\n<\/tr>\n<tr style=\"height: 41px;\">\n<td style=\"height: 41px; border-style: ridge; width: 22%;\" width=\"22%\"><strong>Dave Watson<\/strong><\/td>\n<td style=\"text-align: center; height: 41px; border-style: ridge; width: 14%;\" width=\"14%\">05. 04. 1997<\/td>\n<td style=\"text-align: center; height: 41px; border-style: ridge; width: 14%;\" width=\"14%\">11. 05. 1997<\/td>\n<td style=\"text-align: center; height: 41px; border-style: ridge; width: 34%;\" width=\"34%\">Nastoupil jako v\u00fdpomoc<\/td>\n<td style=\"text-align: center; height: 41px; border-style: ridge; width: 20%;\" width=\"20%\"><\/td>\n<\/tr>\n<tr style=\"height: 70px;\">\n<td style=\"height: 70px; border-style: ridge; width: 22%;\" width=\"22%\"><strong>Joe Royle<\/strong><\/td>\n<td style=\"text-align: center; height: 70px; border-style: ridge; width: 14%;\" width=\"14%\">21. 11. 1994<\/td>\n<td style=\"text-align: center; height: 70px; border-style: ridge; width: 14%;\" width=\"14%\">27. 03. 1997<\/td>\n<td style=\"text-align: center; height: 70px; border-style: ridge; width: 34%;\" width=\"34%\">V 95\u00b4 vyhr\u00e1l FA Cup, posledn\u00ed trofej klubu<\/td>\n<td style=\"text-align: center; height: 70px; border-style: ridge; width: 20%;\" width=\"20%\">1x FA Cup,<br \/>\n1x Charity Shield<\/td>\n<\/tr>\n<tr style=\"height: 41px;\">\n<td style=\"height: 41px; border-style: ridge; width: 22%;\" width=\"22%\"><strong>Mike Walker<\/strong><\/td>\n<td style=\"text-align: center; height: 41px; border-style: ridge; width: 14%;\" width=\"14%\">08. 01. 1994<\/td>\n<td style=\"text-align: center; height: 41px; border-style: ridge; width: 14%;\" width=\"14%\">05. 11. 1994<\/td>\n<td style=\"text-align: center; height: 41px; border-style: ridge; width: 34%;\" width=\"34%\">Nepoveden\u00e9 anga\u017em\u00e1<\/td>\n<td style=\"text-align: center; height: 41px; border-style: ridge; width: 20%;\" width=\"20%\"><\/td>\n<\/tr>\n<tr style=\"height: 41px;\">\n<td style=\"height: 41px; border-style: ridge; width: 22%;\" width=\"22%\"><strong>Jimmy Gabriel<\/strong><\/td>\n<td style=\"text-align: center; height: 41px; border-style: ridge; width: 14%;\" width=\"14%\">08. 12. 1993<\/td>\n<td style=\"text-align: center; height: 41px; border-style: ridge; width: 14%;\" width=\"14%\">03. 01. 1994<\/td>\n<td style=\"text-align: center; height: 41px; border-style: ridge; width: 34%;\" width=\"34%\">Kr\u00e1tk\u00fd n\u00e1vrat na m\u00edsto \u010dinu<\/td>\n<td style=\"height: 41px; border-style: ridge; width: 20%;\" width=\"20%\"><\/td>\n<\/tr>\n<tr style=\"height: 41px;\">\n<td style=\"height: 41px; border-style: ridge; width: 22%;\" width=\"22%\"><a href=\"https:\/\/evertonfc.cz\/index.php\/2013\/03\/26\/howard-kendall\/\" target=\"_blank\" rel=\"noopener noreferrer\"><strong>Howard Kendall<\/strong><\/a><\/td>\n<td style=\"text-align: center; height: 41px; border-style: ridge; width: 14%;\" width=\"14%\">10. 11. 1990<\/td>\n<td style=\"text-align: center; height: 41px; border-style: ridge; width: 14%;\" width=\"14%\">04. 12. 1993<\/td>\n<td style=\"text-align: center; height: 41px; border-style: ridge; width: 34%;\" width=\"34%\">Kon\u010dil se slzami v o\u010d\u00edch<\/td>\n<td style=\"height: 41px; border-style: ridge; width: 20%;\" width=\"20%\"><\/td>\n<\/tr>\n<tr style=\"height: 41px;\">\n<td style=\"text-align: left; height: 41px; border-style: ridge; width: 22%;\" width=\"22%\"><strong>Jimmy Gabriel<\/strong><\/td>\n<td style=\"text-align: center; height: 41px; border-style: ridge; width: 14%;\" width=\"14%\">03. 11. 1990<\/td>\n<td style=\"text-align: center; height: 41px; border-style: ridge; width: 14%;\" width=\"14%\">03. 11. 1990<\/td>\n<td style=\"text-align: center; height: 41px; border-style: ridge; width: 34%;\" width=\"34%\">Jen na jeden z\u00e1pas<\/td>\n<td style=\"height: 41px; border-style: ridge; width: 20%;\" width=\"20%\"><\/td>\n<\/tr>\n<tr style=\"height: 41px;\">\n<td style=\"height: 41px; border-style: ridge; width: 22%;\" width=\"22%\"><strong>Colin Harvey<\/strong><\/td>\n<td style=\"text-align: center; height: 41px; border-style: ridge; width: 14%;\" width=\"14%\">19. 06. 1987<\/td>\n<td style=\"text-align: center; height: 41px; border-style: ridge; width: 14%;\" width=\"14%\">30. 11. 1990<\/td>\n<td style=\"text-align: center; height: 41px; border-style: ridge; width: 34%;\" width=\"34%\">V\u00fdborn\u00fd mana\u017eer<\/td>\n<td style=\"text-align: center; height: 41px; border-style: ridge; width: 20%;\" width=\"20%\">1x Charity Shield<\/td>\n<\/tr>\n<tr style=\"height: 128px;\">\n<td style=\"height: 128px; border-style: ridge; width: 22%;\" width=\"22%\"><a href=\"https:\/\/evertonfc.cz\/index.php\/2013\/03\/26\/howard-kendall\/\" target=\"_blank\" rel=\"noopener noreferrer\"><strong>Howard Kendall<\/strong><\/a><\/td>\n<td style=\"text-align: center; height: 128px; border-style: ridge; width: 14%;\" width=\"14%\">31. 05. 1981<\/td>\n<td style=\"text-align: center; height: 128px; border-style: ridge; width: 14%;\" width=\"14%\">18. 06. 1987<\/td>\n<td style=\"text-align: center; height: 128px; border-style: ridge; width: 34%;\" width=\"34%\">Nej\u00fasp\u011b\u0161n\u011bj\u0161\u00ed mana\u017eer klubu<\/td>\n<td style=\"text-align: center; height: 128px; border-style: ridge; width: 20%;\" width=\"20%\">2x Division One,<br \/>\n1x FA Cup,<br \/>\n1x PVP,<br \/>\n3x Charity Shield<\/td>\n<\/tr>\n<tr style=\"height: 41px;\">\n<td style=\"height: 41px; border-style: ridge; width: 22%;\" width=\"22%\"><strong>Gordon Lee<\/strong><\/td>\n<td style=\"text-align: center; height: 41px; border-style: ridge; width: 14%;\" width=\"14%\">01. 02. 1977<\/td>\n<td style=\"text-align: center; height: 41px; border-style: ridge; width: 14%;\" width=\"14%\">04. 05. 1981<\/td>\n<td style=\"text-align: center; height: 41px; border-style: ridge; width: 34%;\" width=\"34%\">M\u011bl u hr\u00e1\u010d\u016f velk\u00fd respekt<\/td>\n<td style=\"height: 41px; border-style: ridge; width: 20%;\" width=\"20%\"><\/td>\n<\/tr>\n<tr style=\"height: 41px;\">\n<td style=\"height: 41px; border-style: ridge; width: 22%;\" width=\"22%\"><strong>Steve Burtenshaw<\/strong><\/td>\n<td style=\"text-align: center; height: 41px; border-style: ridge; width: 14%;\" width=\"14%\">10. 01. 1977<\/td>\n<td style=\"text-align: center; height: 41px; border-style: ridge; width: 14%;\" width=\"14%\">30. 01. 1977<\/td>\n<td style=\"text-align: center; height: 41px; border-style: ridge; width: 34%;\" width=\"34%\">Na lavi\u010dce byl jen t\u0159i utk\u00e1n\u00ed<\/td>\n<td style=\"height: 41px; border-style: ridge; width: 20%;\" width=\"20%\"><\/td>\n<\/tr>\n<tr style=\"height: 41px;\">\n<td style=\"height: 41px; border-style: ridge; width: 22%;\" width=\"22%\"><strong>Billy Bingham<\/strong><\/td>\n<td style=\"text-align: center; height: 41px; border-style: ridge; width: 14%;\" width=\"14%\">25. 08. 1973<\/td>\n<td style=\"text-align: center; height: 41px; border-style: ridge; width: 14%;\" width=\"14%\">08. 01. 1977<\/td>\n<td style=\"text-align: center; height: 41px; border-style: ridge; width: 34%;\" width=\"34%\">Imitoval Harryho Cattericka<\/td>\n<td style=\"height: 41px; border-style: ridge; width: 20%;\" width=\"20%\"><\/td>\n<\/tr>\n<tr style=\"height: 41px;\">\n<td style=\"height: 41px; border-style: ridge; width: 22%;\" width=\"22%\"><strong>Tom Eggleston<\/strong><\/td>\n<td style=\"text-align: center; height: 41px; border-style: ridge; width: 14%;\" width=\"14%\">12. 04. 1973<\/td>\n<td style=\"text-align: center; height: 41px; border-style: ridge; width: 14%;\" width=\"14%\">28. 05. 1973<\/td>\n<td style=\"text-align: center; height: 41px; border-style: ridge; width: 34%;\" width=\"34%\">Tr\u00e9noval jen p\u011bt z\u00e1pas\u016f<\/td>\n<td style=\"height: 41px; border-style: ridge; width: 20%;\" width=\"20%\"><\/td>\n<\/tr>\n<tr style=\"height: 99px;\">\n<td style=\"height: 99px; border-style: ridge; width: 22%;\" width=\"22%\"><strong>Harry Catterick<\/strong><\/td>\n<td style=\"text-align: center; height: 99px; border-style: ridge; width: 14%;\" width=\"14%\">22. 04. 1961<\/td>\n<td style=\"text-align: center; height: 99px; border-style: ridge; width: 14%;\" width=\"14%\">07. 01. 1973<\/td>\n<td style=\"text-align: center; height: 99px; border-style: ridge; width: 34%;\" width=\"34%\">P\u0159ivedl a vychoval n\u011bkter\u00e9 klubov\u00e9 legendy<\/td>\n<td style=\"text-align: center; height: 99px; border-style: ridge; width: 20%;\" width=\"20%\">2x Division One,<br \/>\n1x FA Cup,<br \/>\n2x Charity Shield<\/td>\n<\/tr>\n<tr style=\"height: 41px;\">\n<td style=\"height: 41px; border-style: ridge; width: 22%;\" width=\"22%\"><strong>Johnny Carey<\/strong><\/td>\n<td style=\"text-align: center; height: 41px; border-style: ridge; width: 14%;\" width=\"14%\">01. 10. 1958<\/td>\n<td style=\"text-align: center; height: 41px; border-style: ridge; width: 14%;\" width=\"14%\">15. 04. 1961<\/td>\n<td style=\"text-align: center; height: 41px; border-style: ridge; width: 34%;\" width=\"34%\">Dom\u016f do Lond\u00fdna se vr\u00e1til tax\u00edkem<\/td>\n<td style=\"height: 41px; border-style: ridge; width: 20%;\" width=\"20%\"><\/td>\n<\/tr>\n<tr style=\"height: 41px;\">\n<td style=\"text-align: left; height: 41px; border-style: ridge; width: 22%;\" width=\"22%\"><strong>Ian Buchan<\/strong><\/td>\n<td style=\"text-align: center; height: 41px; border-style: ridge; width: 14%;\" width=\"14%\">01. 02. 1956<\/td>\n<td style=\"text-align: center; height: 41px; border-style: ridge; width: 14%;\" width=\"14%\">01. 10. 1958<\/td>\n<td style=\"text-align: center; height: 41px; border-style: ridge; width: 34%;\" width=\"34%\">Byl pouze tren\u00e9rem<\/td>\n<td style=\"height: 41px; border-style: ridge; width: 20%;\" width=\"20%\"><\/td>\n<\/tr>\n<tr style=\"height: 41px;\">\n<td style=\"height: 41px; border-style: ridge; width: 22%;\" width=\"22%\"><strong>Cliff Britton<\/strong><\/td>\n<td style=\"text-align: center; height: 41px; border-style: ridge; width: 14%;\" width=\"14%\">01. 09. 1948<\/td>\n<td style=\"text-align: center; height: 41px; border-style: ridge; width: 14%;\" width=\"14%\">01. 02. 1956<\/td>\n<td style=\"text-align: center; height: 41px; border-style: ridge; width: 34%;\" width=\"34%\">Everton ve druh\u00e9 lize<\/td>\n<td style=\"height: 41px; border-style: ridge; width: 20%;\" width=\"20%\"><\/td>\n<\/tr>\n<tr style=\"height: 41px;\">\n<td style=\"height: 41px; border-style: ridge; width: 22%;\" width=\"22%\"><strong>Theo Kelly<\/strong><\/td>\n<td style=\"text-align: center; height: 41px; border-style: ridge; width: 14%;\" width=\"14%\">01. 06. 1939<\/td>\n<td style=\"text-align: center; height: 41px; border-style: ridge; width: 14%;\" width=\"14%\">\u00a001. 09. 1948<\/td>\n<td style=\"text-align: center; height: 41px; border-style: ridge; width: 34%;\" width=\"34%\">Prvn\u00ed opravdov\u00fd mana\u017eer<\/td>\n<td style=\"height: 41px; border-style: ridge; width: 20%;\" width=\"20%\"><\/td>\n<\/tr>\n<tr style=\"height: 41px;\">\n<td style=\"height: 41px; border-style: ridge; width: 22%;\" width=\"22%\"><strong>V\u00fdbor<\/strong><\/td>\n<td style=\"text-align: center; height: 41px; border-style: ridge; width: 14%;\" width=\"14%\">01. 05. 1935<\/td>\n<td style=\"text-align: center; height: 41px; border-style: ridge; width: 14%;\" width=\"14%\">01. 06. 1939<\/td>\n<td style=\"text-align: center; height: 41px; border-style: ridge; width: 34%;\" width=\"34%\">Neexistoval st\u00e1l\u00fd mana\u017eer<\/td>\n<td style=\"text-align: center; height: 41px; border-style: ridge; width: 20%;\" width=\"20%\">1x Division One<\/td>\n<\/tr>\n<tr style=\"height: 128px;\">\n<td style=\"height: 128px; border-style: ridge; width: 22%;\" width=\"22%\"><strong>Thomas H McIntosh<\/strong><\/td>\n<td style=\"text-align: center; height: 128px; border-style: ridge; width: 14%;\" width=\"14%\">01. 08. 1919<\/td>\n<td style=\"text-align: center; height: 128px; border-style: ridge; width: 14%;\" width=\"14%\">31. 05. 1935<\/td>\n<td style=\"text-align: center; height: 128px; border-style: ridge; width: 34%;\" width=\"34%\">Hr\u00e1l pod n\u00edm Dixie Dean<\/td>\n<td style=\"text-align: center; height: 128px; border-style: ridge; width: 20%;\" width=\"20%\">2x Division One,<br \/>\n1x Division Two,<br \/>\n1x FA Cup,<br \/>\n2x Charity Shield<\/td>\n<\/tr>\n<tr style=\"height: 41px;\">\n<td style=\"height: 41px; border-style: ridge; width: 22%;\" width=\"22%\"><strong>W. J. Sawyer<\/strong><\/td>\n<td style=\"text-align: center; height: 41px; border-style: ridge; width: 14%;\" width=\"14%\">01. 08. 1918<\/td>\n<td style=\"text-align: center; height: 41px; border-style: ridge; width: 14%;\" width=\"14%\">31. 05. 1919<\/td>\n<td style=\"text-align: center; height: 41px; border-style: ridge; width: 34%;\" width=\"34%\">Rezignoval po n\u00e1tlaku<\/td>\n<td style=\"height: 41px; border-style: ridge; width: 20%;\" width=\"20%\"><\/td>\n<\/tr>\n<tr style=\"height: 70px;\">\n<td style=\"height: 70px; border-style: ridge; width: 22%;\" width=\"22%\"><strong>William C. Cuff<\/strong><\/td>\n<td style=\"text-align: center; height: 70px; border-style: ridge; width: 14%;\" width=\"14%\">01. 08. 1901<\/td>\n<td style=\"text-align: center; height: 70px; border-style: ridge; width: 14%;\" width=\"14%\">31. 05. 1918<\/td>\n<td style=\"text-align: center; height: 70px; border-style: ridge; width: 34%;\" width=\"34%\">Everton pod n\u00edm poprv\u00e9 vyhr\u00e1l FA Cup<\/td>\n<td style=\"text-align: center; height: 70px; border-style: ridge; width: 20%;\" width=\"20%\">1x Division One,<br \/>\n1x FA Cup<\/td>\n<\/tr>\n<tr style=\"height: 70px;\">\n<td style=\"height: 70px; border-style: ridge; width: 22%;\" width=\"22%\"><strong>Richard Molyneux<\/strong><\/td>\n<td style=\"text-align: center; height: 70px; border-style: ridge; width: 14%;\" width=\"14%\">01. 08. 1889<\/td>\n<td style=\"text-align: center; height: 70px; border-style: ridge; width: 14%;\" width=\"14%\">31. 05. 1901<\/td>\n<td style=\"text-align: center; height: 70px; border-style: ridge; width: 34%;\" width=\"34%\">Dal klubu \u0159\u00e1d a z\u00edskal prvn\u00ed ligov\u00fd titul klubu<\/td>\n<td style=\"text-align: center; height: 70px; border-style: ridge; width: 20%;\" width=\"20%\">1x Division One<\/td>\n<\/tr>\n<tr style=\"height: 41px;\">\n<td style=\"height: 41px; border-style: ridge; width: 22%;\" width=\"22%\"><strong>W. E. Barclay<\/strong><\/td>\n<td style=\"text-align: center; height: 41px; border-style: ridge; width: 14%;\" width=\"14%\">01. 08. 1888<\/td>\n<td style=\"text-align: center; height: 41px; border-style: ridge; width: 14%;\" width=\"14%\">31. 05. 1989<\/td>\n<td style=\"text-align: center; height: 41px; border-style: ridge; width: 34%;\" width=\"34%\">Prvn\u00ed tren\u00e9r v d\u011bjin\u00e1ch EFC<\/td>\n<td style=\"height: 41px; border-style: ridge; width: 20%;\" width=\"20%\"><\/td>\n<\/tr>\n<\/tbody>\n<\/table>\n","protected":false},"excerpt":{"rendered":"<p>Jm\u00e9no Od Do Popis Trofeje David Moyes 11. 01. 2025 30. 06. 2027 Velk\u00fd n\u00e1vrat pod nov\u00fdm majitelem Sean Dyche&hellip;<\/p>\n","protected":false},"author":1,"featured_media":0,"parent":0,"menu_order":0,"comment_status":"closed","ping_status":"closed","template":"","meta":{"_eb_attr":"","_monsterinsights_skip_tracking":false,"_monsterinsights_sitenote_active":false,"_monsterinsights_sitenote_note":"","_monsterinsights_sitenote_category":0,"footnotes":""},"yoast_head":"<!-- This site is optimized with the Yoast SEO plugin v23.4 - https:\/\/yoast.com\/wordpress\/plugins\/seo\/ -->\n<title>Mana\u017ee\u0159i - Official Czech &amp; Slovak Everton Supporters&#039; Club<\/title>\n<meta name=\"robots\" content=\"index, follow, max-snippet:-1, max-image-preview:large, max-video-preview:-1\" \/>\n<link rel=\"canonical\" href=\"https:\/\/evertonfc.cz\/index.php\/manazeri\/\" \/>\n<meta property=\"og:locale\" content=\"cs_CZ\" \/>\n<meta property=\"og:type\" content=\"article\" \/>\n<meta property=\"og:title\" content=\"Mana\u017ee\u0159i - Official Czech &amp; Slovak Everton Supporters&#039; Club\" \/>\n<meta property=\"og:description\" content=\"Jm\u00e9no Od Do Popis Trofeje David Moyes 11. 01. 2025 30. 06. 2027 Velk\u00fd n\u00e1vrat pod nov\u00fdm majitelem Sean Dyche&hellip;\" \/>\n<meta property=\"og:url\" content=\"https:\/\/evertonfc.cz\/index.php\/manazeri\/\" \/>\n<meta property=\"og:site_name\" content=\"Official Czech &amp; Slovak Everton Supporters&#039; Club\" \/>\n<meta property=\"article:publisher\" content=\"https:\/\/www.facebook.com\/everton.fans.cz.sk\" \/>\n<meta property=\"article:modified_time\" content=\"2025-01-13T17:13:41+00:00\" \/>\n<meta name=\"twitter:card\" content=\"summary_large_image\" \/>\n<meta name=\"twitter:label1\" content=\"Odhadovan\u00e1 doba \u010dten\u00ed\" \/>\n\t<meta name=\"twitter:data1\" content=\"3 minuty\" \/>\n<script type=\"application\/ld+json\" class=\"yoast-schema-graph\">{\"@context\":\"https:\/\/schema.org\",\"@graph\":[{\"@type\":\"WebPage\",\"@id\":\"https:\/\/evertonfc.cz\/index.php\/manazeri\/\",\"url\":\"https:\/\/evertonfc.cz\/index.php\/manazeri\/\",\"name\":\"Mana\u017ee\u0159i - Official Czech &amp; Slovak Everton Supporters&#039; Club\",\"isPartOf\":{\"@id\":\"https:\/\/evertonfc.cz\/#website\"},\"datePublished\":\"2018-11-28T11:46:23+00:00\",\"dateModified\":\"2025-01-13T17:13:41+00:00\",\"breadcrumb\":{\"@id\":\"https:\/\/evertonfc.cz\/index.php\/manazeri\/#breadcrumb\"},\"inLanguage\":\"cs\",\"potentialAction\":[{\"@type\":\"ReadAction\",\"target\":[\"https:\/\/evertonfc.cz\/index.php\/manazeri\/\"]}]},{\"@type\":\"BreadcrumbList\",\"@id\":\"https:\/\/evertonfc.cz\/index.php\/manazeri\/#breadcrumb\",\"itemListElement\":[{\"@type\":\"ListItem\",\"position\":1,\"name\":\"Home\",\"item\":\"https:\/\/evertonfc.cz\/\"},{\"@type\":\"ListItem\",\"position\":2,\"name\":\"Mana\u017ee\u0159i\"}]},{\"@type\":\"WebSite\",\"@id\":\"https:\/\/evertonfc.cz\/#website\",\"url\":\"https:\/\/evertonfc.cz\/\",\"name\":\"Official Czech &amp; Slovak Everton Supporters&#039; Club\",\"description\":\"\",\"publisher\":{\"@id\":\"https:\/\/evertonfc.cz\/#organization\"},\"potentialAction\":[{\"@type\":\"SearchAction\",\"target\":{\"@type\":\"EntryPoint\",\"urlTemplate\":\"https:\/\/evertonfc.cz\/?s={search_term_string}\"},\"query-input\":{\"@type\":\"PropertyValueSpecification\",\"valueRequired\":true,\"valueName\":\"search_term_string\"}}],\"inLanguage\":\"cs\"},{\"@type\":\"Organization\",\"@id\":\"https:\/\/evertonfc.cz\/#organization\",\"name\":\"Official Czech & Slovak Everton Supporters' Club\",\"url\":\"https:\/\/evertonfc.cz\/\",\"logo\":{\"@type\":\"ImageObject\",\"inLanguage\":\"cs\",\"@id\":\"https:\/\/evertonfc.cz\/#\/schema\/logo\/image\/\",\"url\":\"https:\/\/evertonfc.cz\/wp-content\/uploads\/2019\/05\/logo.png\",\"contentUrl\":\"https:\/\/evertonfc.cz\/wp-content\/uploads\/2019\/05\/logo.png\",\"width\":112,\"height\":112,\"caption\":\"Official Czech & Slovak Everton Supporters' Club\"},\"image\":{\"@id\":\"https:\/\/evertonfc.cz\/#\/schema\/logo\/image\/\"},\"sameAs\":[\"https:\/\/www.facebook.com\/everton.fans.cz.sk\"]}]}<\/script>\n<!-- \/ Yoast SEO plugin. -->","yoast_head_json":{"title":"Mana\u017ee\u0159i - Official Czech &amp; Slovak Everton Supporters&#039; Club","robots":{"index":"index","follow":"follow","max-snippet":"max-snippet:-1","max-image-preview":"max-image-preview:large","max-video-preview":"max-video-preview:-1"},"canonical":"https:\/\/evertonfc.cz\/index.php\/manazeri\/","og_locale":"cs_CZ","og_type":"article","og_title":"Mana\u017ee\u0159i - Official Czech &amp; Slovak Everton Supporters&#039; Club","og_description":"Jm\u00e9no Od Do Popis Trofeje David Moyes 11. 01. 2025 30. 06. 2027 Velk\u00fd n\u00e1vrat pod nov\u00fdm majitelem Sean Dyche&hellip;","og_url":"https:\/\/evertonfc.cz\/index.php\/manazeri\/","og_site_name":"Official Czech &amp; Slovak Everton Supporters&#039; Club","article_publisher":"https:\/\/www.facebook.com\/everton.fans.cz.sk","article_modified_time":"2025-01-13T17:13:41+00:00","twitter_card":"summary_large_image","twitter_misc":{"Odhadovan\u00e1 doba \u010dten\u00ed":"3 minuty"},"schema":{"@context":"https:\/\/schema.org","@graph":[{"@type":"WebPage","@id":"https:\/\/evertonfc.cz\/index.php\/manazeri\/","url":"https:\/\/evertonfc.cz\/index.php\/manazeri\/","name":"Mana\u017ee\u0159i - Official Czech &amp; Slovak Everton Supporters&#039; Club","isPartOf":{"@id":"https:\/\/evertonfc.cz\/#website"},"datePublished":"2018-11-28T11:46:23+00:00","dateModified":"2025-01-13T17:13:41+00:00","breadcrumb":{"@id":"https:\/\/evertonfc.cz\/index.php\/manazeri\/#breadcrumb"},"inLanguage":"cs","potentialAction":[{"@type":"ReadAction","target":["https:\/\/evertonfc.cz\/index.php\/manazeri\/"]}]},{"@type":"BreadcrumbList","@id":"https:\/\/evertonfc.cz\/index.php\/manazeri\/#breadcrumb","itemListElement":[{"@type":"ListItem","position":1,"name":"Home","item":"https:\/\/evertonfc.cz\/"},{"@type":"ListItem","position":2,"name":"Mana\u017ee\u0159i"}]},{"@type":"WebSite","@id":"https:\/\/evertonfc.cz\/#website","url":"https:\/\/evertonfc.cz\/","name":"Official Czech &amp; Slovak Everton Supporters&#039; Club","description":"","publisher":{"@id":"https:\/\/evertonfc.cz\/#organization"},"potentialAction":[{"@type":"SearchAction","target":{"@type":"EntryPoint","urlTemplate":"https:\/\/evertonfc.cz\/?s={search_term_string}"},"query-input":{"@type":"PropertyValueSpecification","valueRequired":true,"valueName":"search_term_string"}}],"inLanguage":"cs"},{"@type":"Organization","@id":"https:\/\/evertonfc.cz\/#organization","name":"Official Czech & Slovak Everton Supporters' Club","url":"https:\/\/evertonfc.cz\/","logo":{"@type":"ImageObject","inLanguage":"cs","@id":"https:\/\/evertonfc.cz\/#\/schema\/logo\/image\/","url":"https:\/\/evertonfc.cz\/wp-content\/uploads\/2019\/05\/logo.png","contentUrl":"https:\/\/evertonfc.cz\/wp-content\/uploads\/2019\/05\/logo.png","width":112,"height":112,"caption":"Official Czech & Slovak Everton Supporters' Club"},"image":{"@id":"https:\/\/evertonfc.cz\/#\/schema\/logo\/image\/"},"sameAs":["https:\/\/www.facebook.com\/everton.fans.cz.sk"]}]}},"_links":{"self":[{"href":"https:\/\/evertonfc.cz\/index.php\/wp-json\/wp\/v2\/pages\/86"}],"collection":[{"href":"https:\/\/evertonfc.cz\/index.php\/wp-json\/wp\/v2\/pages"}],"about":[{"href":"https:\/\/evertonfc.cz\/index.php\/wp-json\/wp\/v2\/types\/page"}],"author":[{"embeddable":true,"href":"https:\/\/evertonfc.cz\/index.php\/wp-json\/wp\/v2\/users\/1"}],"replies":[{"embeddable":true,"href":"https:\/\/evertonfc.cz\/index.php\/wp-json\/wp\/v2\/comments?post=86"}],"version-history":[{"count":49,"href":"https:\/\/evertonfc.cz\/index.php\/wp-json\/wp\/v2\/pages\/86\/revisions"}],"predecessor-version":[{"id":26066,"href":"https:\/\/evertonfc.cz\/index.php\/wp-json\/wp\/v2\/pages\/86\/revisions\/26066"}],"wp:attachment":[{"href":"https:\/\/evertonfc.cz\/index.php\/wp-json\/wp\/v2\/media?parent=86"}],"curies":[{"name":"wp","href":"https:\/\/api.w.org\/{rel}","templated":true}]}}