{"id":8606,"date":"2019-07-22T10:29:21","date_gmt":"2019-07-22T08:29:21","guid":{"rendered":"https:\/\/evertonfc.cz\/?page_id=8606"},"modified":"2022-10-07T21:45:00","modified_gmt":"2022-10-07T19:45:00","slug":"fabian-delph","status":"publish","type":"page","link":"https:\/\/evertonfc.cz\/index.php\/soupiska\/fabian-delph\/","title":{"rendered":"Fabian Delph"},"content":{"rendered":"<p><strong><img decoding=\"async\" style=\"float: right; margin-left: 10px; margin-right: 10px;\" src=\"https:\/\/evertonfc.cz\/wp-content\/uploads\/2022\/06\/delph_fabian.png\" \/>Narozen:<\/strong> 31. 11. 1989, Bradford, Anglie<br \/>\n<strong>V\u00fd\u0161ka:<\/strong> 174 cm<br \/>\n<strong>V\u00e1ha:<\/strong> 67 kg<br \/>\n<strong>Post:<\/strong> Z\u00e1lo\u017en\u00edk<br \/>\n<strong>V EFC od: <\/strong>15. 07. 2019<br \/>\n<strong>Do:<\/strong> 30. 06. 2022<\/p>\n<hr \/>\n<p>Rod\u00e1k z Bradfordu za\u010dal svou kari\u00e9ru v tamn\u00edm City, jeho\u017e mu\u017esk\u00e9 \u00e1\u010dko hraje moment\u00e1ln\u011b \u010dtvrtou ligu. \u0160ikovn\u00fd chlapec upoutal pozornost Paula Jewella, kter\u00fd ho doporu\u010dil tren\u00e9rovi akademie Leedsu United. A tak se Fabian\u016fv prvn\u00ed p\u0159estup konal ji\u017e v 11 letech. V Leedsu dokon\u010dil i st\u0159edn\u00ed \u0161kolu. Za United odehr\u00e1l 8 sez\u00f3n, p\u0159i\u010dem\u017e v t\u00e9 posledn\u00ed ji\u017e bylo jasn\u00e9, \u017ee t\u0159et\u00ed ligu p\u0159erostl. Tak\u00e9 za ni z\u00edskal cenu pro nejlep\u0161\u00edho mlad\u00e9ho hr\u00e1\u010de sez\u00f3ny a nominaci na hr\u00e1\u010de sez\u00f3ny. Leeds ale do druh\u00e9 ligy nepostoupil, a tak bylo jasn\u00e9, \u017ee se bude konat p\u0159estup. Ji\u017e tehdy m\u011bl Everton z\u00e1jem (stejn\u011b jako n\u011bkolik dal\u0161\u00edch klub\u016f z PL), ale z\u00e1vod o jeho podpis vyhr\u00e1la Aston Villa.<\/p>\n<p>B\u011bhem prvn\u00ed sez\u00f3ny v Birminghamu ho v rozletu zastavilo v\u00e1\u017en\u00e9 zran\u011bn\u00ed kolene, ale \u010dasem se vypracoval na kl\u00ed\u010dov\u00e9ho\u00a0 mu\u017ee t\u00fdmu a z\u00e1kladn\u00ed sestavy. Za sez\u00f3nu 2013-14 ho fanou\u0161ci dokonce zvolili nejlep\u0161\u00edm hr\u00e1\u010dem t\u00fdmu. A v t\u00e9 dal\u0161\u00ed nastal jeho tehdej\u0161\u00ed kari\u00e9rn\u00ed vrchol, kdy na posv\u00e1tn\u00fd mech ve Wembley p\u0159ivedl Aston Villu jako kapit\u00e1n do fin\u00e1le Anglick\u00e9ho poh\u00e1ru. V n\u011bm ale nakonec triumfoval Arsenal.<\/p>\n<p>V \u010dervenci 2015 p\u0159estoupil do Manchesteru City.\u00a0 Tam byla konkurenci p\u0159ece jen o dv\u011b pozn\u00e1n\u00ed vy\u0161\u0161\u00ed, ale p\u0159esto v mistrovsk\u00e9 sez\u00f3n\u011b 2017\/2018 pat\u0159il na pozici lev\u00e9ho obr\u00e1nce do z\u00e1kladn\u00ed sestavy. Z t\u00e9 ho v n\u00e1sleduj\u00edc\u00edm ro\u010dn\u00edku vytla\u010dil Alexandr Zin\u010denko, proto Delph v l\u00e9t\u011b 2019 velmi r\u00e1d p\u0159ijal nab\u00eddku Evertonu, kam p\u0159estoupil za z\u00e1kladn\u00ed \u010d\u00e1stku ve v\u00fd\u0161i 8,5 milionu liber, k n\u00ed\u017e se je\u0161t\u011b v\u00e1\u017e\u00ed bonusy v hodnot\u011b milionu a p\u016fl. \u00a0Za \u010dty\u0159i roky v Citizens odehr\u00e1l skoro devades\u00e1t sout\u011b\u017en\u00edch z\u00e1pas\u016f, a\u0165 u\u017e jako lev\u00fd obr\u00e1nce, nebo st\u0159edn\u00ed z\u00e1lo\u017en\u00edk.<\/p>\n<p><em>\u201eFabian je silnou osobnost\u00ed, typy jako on jsou pot\u0159ebn\u00e9 v kabin\u011b. P\u0159edev\u0161\u00edm se ale jedn\u00e1 o velmi kvalitn\u00edho fotbalistu schopn\u00e9ho alternovat na r\u016fzn\u00fdch pozic\u00edch v z\u00e1loze, jeho univerzalita je d\u016fle\u017eit\u00e1,\u201c <\/em>p\u0159iv\u00edtal na Goodison Parku nov\u00e9 \u010d\u00edslo 8 mana\u017eer Marco Silva.<\/p>\n<p>Anga\u017em\u00e1 Delpha na Goodison Parku ale skon\u010dilo daleko za o\u010dek\u00e1v\u00e1n\u00edmi. B\u00fdval\u00e9ho reprezentanta Albionu sr\u00e1\u017eely opakovan\u00e9ho zdravotn\u00ed probl\u00e9my a vyhazovu mana\u017eera Silvy ztratil i d\u016fv\u011bru n\u00e1sleduj\u00edc\u00edch mana\u017eer\u016f. Za t\u0159i roky nasko\u010dil do 41 z\u00e1pas\u016f, ov\u0161em jeho dobr\u00fdch v\u00fdkon\u016f by se dalo spo\u010d\u00edtat na prstech jedn\u00e9 ruky, proto v l\u00e9t\u011b 2022 opustil Everton po konci smlouvy. Nov\u00e9 anga\u017em\u00e1 si u\u017e ale nehledal, hlavn\u011b kv\u016fli vlekl\u00fdm zdravotn\u00edm probl\u00e9m\u016fm ukon\u010dil ve 32 letech fotbalovou kari\u00e9ru.<\/p>\n","protected":false},"excerpt":{"rendered":"<p>Narozen: 31. 11. 1989, Bradford, Anglie V\u00fd\u0161ka: 174 cm V\u00e1ha: 67 kg Post: Z\u00e1lo\u017en\u00edk V EFC od: 15. 07. 2019&hellip;<\/p>\n","protected":false},"author":6,"featured_media":0,"parent":70,"menu_order":0,"comment_status":"closed","ping_status":"closed","template":"","meta":{"_eb_attr":"","_monsterinsights_skip_tracking":false,"_monsterinsights_sitenote_active":false,"_monsterinsights_sitenote_note":"","_monsterinsights_sitenote_category":0,"footnotes":""},"yoast_head":"<!-- This site is optimized with the Yoast SEO plugin v23.4 - https:\/\/yoast.com\/wordpress\/plugins\/seo\/ -->\n<title>Fabian Delph - Official Czech &amp; Slovak Everton Supporters&#039; Club<\/title>\n<meta name=\"robots\" content=\"index, follow, max-snippet:-1, max-image-preview:large, max-video-preview:-1\" \/>\n<link rel=\"canonical\" href=\"https:\/\/evertonfc.cz\/index.php\/soupiska\/fabian-delph\/\" \/>\n<meta property=\"og:locale\" content=\"cs_CZ\" \/>\n<meta property=\"og:type\" content=\"article\" \/>\n<meta property=\"og:title\" content=\"Fabian Delph - Official Czech &amp; Slovak Everton Supporters&#039; Club\" \/>\n<meta property=\"og:description\" content=\"Narozen: 31. 11. 1989, Bradford, Anglie V\u00fd\u0161ka: 174 cm V\u00e1ha: 67 kg Post: Z\u00e1lo\u017en\u00edk V EFC od: 15. 07. 2019&hellip;\" \/>\n<meta property=\"og:url\" content=\"https:\/\/evertonfc.cz\/index.php\/soupiska\/fabian-delph\/\" \/>\n<meta property=\"og:site_name\" content=\"Official Czech &amp; Slovak Everton Supporters&#039; Club\" \/>\n<meta property=\"article:publisher\" content=\"https:\/\/www.facebook.com\/everton.fans.cz.sk\" \/>\n<meta property=\"article:modified_time\" content=\"2022-10-07T19:45:00+00:00\" \/>\n<meta property=\"og:image\" content=\"https:\/\/evertonfc.cz\/wp-content\/uploads\/2022\/06\/delph_fabian.png\" \/>\n<meta name=\"twitter:card\" content=\"summary_large_image\" \/>\n<meta name=\"twitter:label1\" content=\"Odhadovan\u00e1 doba \u010dten\u00ed\" \/>\n\t<meta name=\"twitter:data1\" content=\"3 minuty\" \/>\n<script type=\"application\/ld+json\" class=\"yoast-schema-graph\">{\"@context\":\"https:\/\/schema.org\",\"@graph\":[{\"@type\":\"WebPage\",\"@id\":\"https:\/\/evertonfc.cz\/index.php\/soupiska\/fabian-delph\/\",\"url\":\"https:\/\/evertonfc.cz\/index.php\/soupiska\/fabian-delph\/\",\"name\":\"Fabian Delph - Official Czech &amp; Slovak Everton Supporters&#039; Club\",\"isPartOf\":{\"@id\":\"https:\/\/evertonfc.cz\/#website\"},\"primaryImageOfPage\":{\"@id\":\"https:\/\/evertonfc.cz\/index.php\/soupiska\/fabian-delph\/#primaryimage\"},\"image\":{\"@id\":\"https:\/\/evertonfc.cz\/index.php\/soupiska\/fabian-delph\/#primaryimage\"},\"thumbnailUrl\":\"https:\/\/evertonfc.cz\/wp-content\/uploads\/2022\/06\/delph_fabian.png\",\"datePublished\":\"2019-07-22T08:29:21+00:00\",\"dateModified\":\"2022-10-07T19:45:00+00:00\",\"breadcrumb\":{\"@id\":\"https:\/\/evertonfc.cz\/index.php\/soupiska\/fabian-delph\/#breadcrumb\"},\"inLanguage\":\"cs\",\"potentialAction\":[{\"@type\":\"ReadAction\",\"target\":[\"https:\/\/evertonfc.cz\/index.php\/soupiska\/fabian-delph\/\"]}]},{\"@type\":\"ImageObject\",\"inLanguage\":\"cs\",\"@id\":\"https:\/\/evertonfc.cz\/index.php\/soupiska\/fabian-delph\/#primaryimage\",\"url\":\"https:\/\/evertonfc.cz\/wp-content\/uploads\/2022\/06\/delph_fabian.png\",\"contentUrl\":\"https:\/\/evertonfc.cz\/wp-content\/uploads\/2022\/06\/delph_fabian.png\",\"width\":80,\"height\":83},{\"@type\":\"BreadcrumbList\",\"@id\":\"https:\/\/evertonfc.cz\/index.php\/soupiska\/fabian-delph\/#breadcrumb\",\"itemListElement\":[{\"@type\":\"ListItem\",\"position\":1,\"name\":\"Home\",\"item\":\"https:\/\/evertonfc.cz\/\"},{\"@type\":\"ListItem\",\"position\":2,\"name\":\"Soupiska\",\"item\":\"https:\/\/evertonfc.cz\/index.php\/soupiska\/\"},{\"@type\":\"ListItem\",\"position\":3,\"name\":\"Fabian Delph\"}]},{\"@type\":\"WebSite\",\"@id\":\"https:\/\/evertonfc.cz\/#website\",\"url\":\"https:\/\/evertonfc.cz\/\",\"name\":\"Official Czech &amp; Slovak Everton Supporters&#039; Club\",\"description\":\"\",\"publisher\":{\"@id\":\"https:\/\/evertonfc.cz\/#organization\"},\"potentialAction\":[{\"@type\":\"SearchAction\",\"target\":{\"@type\":\"EntryPoint\",\"urlTemplate\":\"https:\/\/evertonfc.cz\/?s={search_term_string}\"},\"query-input\":{\"@type\":\"PropertyValueSpecification\",\"valueRequired\":true,\"valueName\":\"search_term_string\"}}],\"inLanguage\":\"cs\"},{\"@type\":\"Organization\",\"@id\":\"https:\/\/evertonfc.cz\/#organization\",\"name\":\"Official Czech & Slovak Everton Supporters' Club\",\"url\":\"https:\/\/evertonfc.cz\/\",\"logo\":{\"@type\":\"ImageObject\",\"inLanguage\":\"cs\",\"@id\":\"https:\/\/evertonfc.cz\/#\/schema\/logo\/image\/\",\"url\":\"https:\/\/evertonfc.cz\/wp-content\/uploads\/2019\/05\/logo.png\",\"contentUrl\":\"https:\/\/evertonfc.cz\/wp-content\/uploads\/2019\/05\/logo.png\",\"width\":112,\"height\":112,\"caption\":\"Official Czech & Slovak Everton Supporters' Club\"},\"image\":{\"@id\":\"https:\/\/evertonfc.cz\/#\/schema\/logo\/image\/\"},\"sameAs\":[\"https:\/\/www.facebook.com\/everton.fans.cz.sk\"]}]}<\/script>\n<!-- \/ Yoast SEO plugin. -->","yoast_head_json":{"title":"Fabian Delph - Official Czech &amp; Slovak Everton Supporters&#039; Club","robots":{"index":"index","follow":"follow","max-snippet":"max-snippet:-1","max-image-preview":"max-image-preview:large","max-video-preview":"max-video-preview:-1"},"canonical":"https:\/\/evertonfc.cz\/index.php\/soupiska\/fabian-delph\/","og_locale":"cs_CZ","og_type":"article","og_title":"Fabian Delph - Official Czech &amp; Slovak Everton Supporters&#039; Club","og_description":"Narozen: 31. 11. 1989, Bradford, Anglie V\u00fd\u0161ka: 174 cm V\u00e1ha: 67 kg Post: Z\u00e1lo\u017en\u00edk V EFC od: 15. 07. 2019&hellip;","og_url":"https:\/\/evertonfc.cz\/index.php\/soupiska\/fabian-delph\/","og_site_name":"Official Czech &amp; Slovak Everton Supporters&#039; Club","article_publisher":"https:\/\/www.facebook.com\/everton.fans.cz.sk","article_modified_time":"2022-10-07T19:45:00+00:00","og_image":[{"url":"https:\/\/evertonfc.cz\/wp-content\/uploads\/2022\/06\/delph_fabian.png"}],"twitter_card":"summary_large_image","twitter_misc":{"Odhadovan\u00e1 doba \u010dten\u00ed":"3 minuty"},"schema":{"@context":"https:\/\/schema.org","@graph":[{"@type":"WebPage","@id":"https:\/\/evertonfc.cz\/index.php\/soupiska\/fabian-delph\/","url":"https:\/\/evertonfc.cz\/index.php\/soupiska\/fabian-delph\/","name":"Fabian Delph - Official Czech &amp; Slovak Everton Supporters&#039; Club","isPartOf":{"@id":"https:\/\/evertonfc.cz\/#website"},"primaryImageOfPage":{"@id":"https:\/\/evertonfc.cz\/index.php\/soupiska\/fabian-delph\/#primaryimage"},"image":{"@id":"https:\/\/evertonfc.cz\/index.php\/soupiska\/fabian-delph\/#primaryimage"},"thumbnailUrl":"https:\/\/evertonfc.cz\/wp-content\/uploads\/2022\/06\/delph_fabian.png","datePublished":"2019-07-22T08:29:21+00:00","dateModified":"2022-10-07T19:45:00+00:00","breadcrumb":{"@id":"https:\/\/evertonfc.cz\/index.php\/soupiska\/fabian-delph\/#breadcrumb"},"inLanguage":"cs","potentialAction":[{"@type":"ReadAction","target":["https:\/\/evertonfc.cz\/index.php\/soupiska\/fabian-delph\/"]}]},{"@type":"ImageObject","inLanguage":"cs","@id":"https:\/\/evertonfc.cz\/index.php\/soupiska\/fabian-delph\/#primaryimage","url":"https:\/\/evertonfc.cz\/wp-content\/uploads\/2022\/06\/delph_fabian.png","contentUrl":"https:\/\/evertonfc.cz\/wp-content\/uploads\/2022\/06\/delph_fabian.png","width":80,"height":83},{"@type":"BreadcrumbList","@id":"https:\/\/evertonfc.cz\/index.php\/soupiska\/fabian-delph\/#breadcrumb","itemListElement":[{"@type":"ListItem","position":1,"name":"Home","item":"https:\/\/evertonfc.cz\/"},{"@type":"ListItem","position":2,"name":"Soupiska","item":"https:\/\/evertonfc.cz\/index.php\/soupiska\/"},{"@type":"ListItem","position":3,"name":"Fabian Delph"}]},{"@type":"WebSite","@id":"https:\/\/evertonfc.cz\/#website","url":"https:\/\/evertonfc.cz\/","name":"Official Czech &amp; Slovak Everton Supporters&#039; Club","description":"","publisher":{"@id":"https:\/\/evertonfc.cz\/#organization"},"potentialAction":[{"@type":"SearchAction","target":{"@type":"EntryPoint","urlTemplate":"https:\/\/evertonfc.cz\/?s={search_term_string}"},"query-input":{"@type":"PropertyValueSpecification","valueRequired":true,"valueName":"search_term_string"}}],"inLanguage":"cs"},{"@type":"Organization","@id":"https:\/\/evertonfc.cz\/#organization","name":"Official Czech & Slovak Everton Supporters' Club","url":"https:\/\/evertonfc.cz\/","logo":{"@type":"ImageObject","inLanguage":"cs","@id":"https:\/\/evertonfc.cz\/#\/schema\/logo\/image\/","url":"https:\/\/evertonfc.cz\/wp-content\/uploads\/2019\/05\/logo.png","contentUrl":"https:\/\/evertonfc.cz\/wp-content\/uploads\/2019\/05\/logo.png","width":112,"height":112,"caption":"Official Czech & Slovak Everton Supporters' Club"},"image":{"@id":"https:\/\/evertonfc.cz\/#\/schema\/logo\/image\/"},"sameAs":["https:\/\/www.facebook.com\/everton.fans.cz.sk"]}]}},"_links":{"self":[{"href":"https:\/\/evertonfc.cz\/index.php\/wp-json\/wp\/v2\/pages\/8606"}],"collection":[{"href":"https:\/\/evertonfc.cz\/index.php\/wp-json\/wp\/v2\/pages"}],"about":[{"href":"https:\/\/evertonfc.cz\/index.php\/wp-json\/wp\/v2\/types\/page"}],"author":[{"embeddable":true,"href":"https:\/\/evertonfc.cz\/index.php\/wp-json\/wp\/v2\/users\/6"}],"replies":[{"embeddable":true,"href":"https:\/\/evertonfc.cz\/index.php\/wp-json\/wp\/v2\/comments?post=8606"}],"version-history":[{"count":12,"href":"https:\/\/evertonfc.cz\/index.php\/wp-json\/wp\/v2\/pages\/8606\/revisions"}],"predecessor-version":[{"id":20034,"href":"https:\/\/evertonfc.cz\/index.php\/wp-json\/wp\/v2\/pages\/8606\/revisions\/20034"}],"up":[{"embeddable":true,"href":"https:\/\/evertonfc.cz\/index.php\/wp-json\/wp\/v2\/pages\/70"}],"wp:attachment":[{"href":"https:\/\/evertonfc.cz\/index.php\/wp-json\/wp\/v2\/media?parent=8606"}],"curies":[{"name":"wp","href":"https:\/\/api.w.org\/{rel}","templated":true}]}}