{"id":861,"date":"2019-01-05T20:15:39","date_gmt":"2019-01-05T19:15:39","guid":{"rendered":"http:\/\/evertonfc.cz\/?page_id=861"},"modified":"2022-06-15T22:22:29","modified_gmt":"2022-06-15T20:22:29","slug":"jonjoe-kenny","status":"publish","type":"page","link":"https:\/\/evertonfc.cz\/index.php\/soupiska\/jonjoe-kenny\/","title":{"rendered":"Jonjoe Kenny"},"content":{"rendered":"<p><img decoding=\"async\" style=\"float: right; margin-left: 10px; margin-right: 10px;\" src=\"https:\/\/evertonfc.cz\/wp-content\/uploads\/2022\/06\/kenny.png\" \/><strong>Narozen:<\/strong> 15. 03. 1997, Liverpool, Anglie<br \/>\n<strong>V\u00fd\u0161ka:<\/strong>\u00a0176 cm<br \/>\n<strong>V\u00e1ha:<\/strong>\u00a067 kg<br \/>\n<strong>Post:<\/strong> Obr\u00e1nce<br \/>\n<strong>V EFC od:<\/strong>\u00a0Odchovanec<br \/>\n<strong>Do:<\/strong>\u00a030. 06. 2022<\/p>\n<hr \/>\n<p>Narozen kousek v\u00a0liverpoolsk\u00e9 \u010dtvrti Kirkdale kousek od Goodisonu Parku, Kenny se p\u0159ipojil k akademii Evertonu ve v\u011bku dev\u00edti let. Ml\u00e1de\u017enick\u00fdmi v\u00fdb\u011bry proch\u00e1zel s vizitkou univerz\u00e1ln\u00edho hr\u00e1\u010de schopn\u00e9ho nastoupit na prav\u00e9 stran\u011b obrany i v jej\u00edm st\u0159edu a tak\u00e9 ve st\u0159edu z\u00e1lohy. Postupn\u011b se ale vykrystalizoval do modern\u00edho prav\u00e9ho beka.<\/p>\n<p>Seniorsk\u00fd fotbal si prvn\u011b vyzkou\u0161el v r\u00e1mci t\u0159\u00edm\u011bs\u00ed\u010dn\u00edho hostov\u00e1n\u00ed ve Wiganu, v osmn\u00e1cti letech si zahr\u00e1l sedm z\u00e1pas\u016f League One. Pot\u00e9 se op\u011bt vr\u00e1til do rezervy Evertonu, ne\u017e v zim\u011b 2016 ode\u0161el na dal\u0161\u00ed kr\u00e1tkodob\u00e9 anga\u017em\u00e1. Do konce sez\u00f3ny nasko\u010dil do 17 utk\u00e1n\u00ed v dresu Oxfordu a pomohl mu k postupu do League One.<\/p>\n<p>Po konci hostov\u00e1n\u00ed se do\u010dkal debutu v prvn\u00edm t\u00fdmu Evertonu. Po vyhazovu mana\u017eera Roberta Mart\u00edneze se pro posledn\u00ed duel sez\u00f3ny 2015\/16 s\u00a0Norwichem chopili \u017eezla David Unsworth a Joe Royle, kte\u0159\u00ed dop\u0159\u00e1li \u0161anci n\u011bkolika mlad\u00edk\u016fm. Mezi nimi\u017e byl i Kenny, na h\u0159i\u0161t\u011b se dostal za zran\u011bn\u00e9ho kolegu ve 29. minut\u011b.<\/p>\n<p>V n\u00e1sleduj\u00edc\u00ed sezon\u011b byl kapit\u00e1nem Evertonu U23, jen\u017e ovl\u00e1dl Premier League 2. V \u00e1\u010dku se op\u011bt mihl v z\u00e1v\u011bru sez\u00f3ny, dvan\u00e1ctiminutov\u00e9 kameo si st\u0159ihl ve venkovn\u00ed souboji se Swansea. \u00dasp\u011b\u0161n\u00fd rok n\u00e1sledn\u011b dokonal s anglickou reprezentac\u00ed do 20 let, coby stabiln\u00ed \u010dlen sestavy se stal mistrem sv\u011bta.<\/p>\n<p>Do prvn\u00edho t\u00fdmu Evertonu natrvalo pov\u00fd\u0161il v sez\u00f3n\u011b 2017\/18, v n\u00ed\u017e nastoupil k 23 z\u00e1pas\u016fm. O rok pozd\u011bji ale odehr\u00e1l jen 12 z\u00e1pas\u016f, ke st\u00e1l\u00e9mu m\u00edstu v z\u00e1kladn\u00ed sestav\u011b m\u011bl pod veden\u00edm nov\u00e9ho mana\u017eera Marca Silvy a\u017e p\u0159\u00edli\u0161 daleko, a tak v l\u00e9t\u011b 2019 vyu\u017eil \u0161ance odej\u00edt na ro\u010dn\u00ed hostov\u00e1n\u00ed do n\u011bmeck\u00e9ho Schalke 04, kam se ho jako posilu vybral tren\u00e9r David Wagner.<\/p>\n<p>A s\u00e1zka na hostov\u00e1n\u00ed v por\u00fdnsk\u00e9m celku Kennymu vy\u0161la. V mlad\u00e9m t\u00fdmu okam\u017eit\u011b nasko\u010dil do z\u00e1kladn\u00ed sestavy, a p\u0159esto\u017ee Schalke za\u017eilo sp\u00ed\u0161e podpr\u016fm\u011brn\u00fd ro\u010dn\u00edk, evertonsk\u00fd prav\u00fd obr\u00e1nce s 34 odehran\u00fdmi z\u00e1pasy, dv\u011bma vst\u0159elen\u00fdmi g\u00f3ly a t\u0159emi asistencemi nabyl cenn\u00e9 zku\u0161enosti v t\u011b\u017ek\u00e9 lize. Jeho v\u00fdkony sice nebyly stoprocentn\u011b bezchybn\u00e9 (ob\u010das ho zradila jeho dlouhodob\u00e1 slabina &#8211; pozi\u010dn\u00ed hra), ale celkov\u011b si zaslou\u017e\u00ed pochvalu. Dokonce se dostal do nominace o nejlep\u0161\u00edho nov\u00e1\u010dky ligy.<\/p>\n<p>Ani dobr\u00e1 sez\u00f3na v Bundeslize ale nepomohla Kennymu z\u00edskat si p\u0159\u00edze\u0148 mana\u017eera Carla Ancelotti. V prvn\u00ed polovin\u011b sez\u00f3ny 2020\/21 nasko\u010dil jen osmi z\u00e1pas\u016f, v Premier League p\u0159itom odehr\u00e1l slab\u00fdch 77 minut. Ancelotti na jeho pozici krom\u011b kapit\u00e1na Colemana up\u0159ednost\u0148oval i stopery Holgatea a Godfreyho. Kennymu ale rovn\u011b\u017e u\u0161kodilo n\u011bkolikat\u00fddenn\u00ed zran\u011bn\u00ed na za\u010d\u00e1tku podzimu.<\/p>\n<p>23let\u00fd prav\u00fd bek se ka\u017edop\u00e1dn\u011b v zim\u011b 2021 rozhodl svou nep\u0159\u00edznivou situaci vy\u0159e\u0161it dal\u0161\u00edm odchodem z Evertonu, na hostov\u00e1n\u00ed do konce sez\u00f3ny zam\u00ed\u0159il do skotsk\u00e9ho Celticu, v jeho\u017e dresu odehr\u00e1l b\u011bhem p\u016flroku 16 z\u00e1pas\u016f se st\u0159\u00eddav\u00fdmi \u00fasp\u011bchy. Po sez\u00f3n\u011b se Kenny vr\u00e1til do Evertonu, kde u\u017e se potkal s nov\u00fdm mana\u017eerem Rafaelem Ben\u00edtezem. Po absolvov\u00e1n\u00ed p\u0159edsez\u00f3nn\u00ed p\u0159\u00edpravy se nakonec dok\u00e1zal udr\u017eet v k\u00e1dru prvn\u00edho t\u00fdmu, i proto\u017ee Toffees nedovedli p\u0159iv\u00e9st vysn\u011bnou posilu na prav\u00fd kraj obrany.<\/p>\n<p>V sez\u00f3n\u011b 2021\/22 nastoupil Kenny celkem do 21 z\u00e1pas\u016f, p\u0159ev\u00e1\u017en\u011b jako st\u0159\u00eddaj\u00edc\u00ed hr\u00e1\u010d, nicm\u00e9n\u011b i to sta\u010dilo mana\u017eerovi Lampardovi, aby mu nab\u00eddl nov\u00fd t\u0159\u00edlet\u00fd kontrakt. Ten ale odchovanec Evertonu odm\u00edtl, naopak k\u00fdvl na nab\u00eddku berl\u00ednsk\u00e9 Herthy, kam v l\u00e9t\u011b 2022 ode\u0161el jako voln\u00fd hr\u00e1\u010d po 16 letech u Blues.<\/p>\n","protected":false},"excerpt":{"rendered":"<p>Narozen: 15. 03. 1997, Liverpool, Anglie V\u00fd\u0161ka:\u00a0176 cm V\u00e1ha:\u00a067 kg Post: Obr\u00e1nce V EFC od:\u00a0Odchovanec Do:\u00a030. 06. 2022 Narozen kousek&hellip;<\/p>\n","protected":false},"author":6,"featured_media":0,"parent":70,"menu_order":0,"comment_status":"closed","ping_status":"closed","template":"","meta":{"_eb_attr":"","_monsterinsights_skip_tracking":false,"_monsterinsights_sitenote_active":false,"_monsterinsights_sitenote_note":"","_monsterinsights_sitenote_category":0,"footnotes":""},"yoast_head":"<!-- This site is optimized with the Yoast SEO plugin v23.4 - https:\/\/yoast.com\/wordpress\/plugins\/seo\/ -->\n<title>Jonjoe Kenny - Official Czech &amp; Slovak Everton Supporters&#039; Club<\/title>\n<meta name=\"robots\" content=\"index, follow, max-snippet:-1, max-image-preview:large, max-video-preview:-1\" \/>\n<link rel=\"canonical\" href=\"https:\/\/evertonfc.cz\/index.php\/soupiska\/jonjoe-kenny\/\" \/>\n<meta property=\"og:locale\" content=\"cs_CZ\" \/>\n<meta property=\"og:type\" content=\"article\" \/>\n<meta property=\"og:title\" content=\"Jonjoe Kenny - Official Czech &amp; Slovak Everton Supporters&#039; Club\" \/>\n<meta property=\"og:description\" content=\"Narozen: 15. 03. 1997, Liverpool, Anglie V\u00fd\u0161ka:\u00a0176 cm V\u00e1ha:\u00a067 kg Post: Obr\u00e1nce V EFC od:\u00a0Odchovanec Do:\u00a030. 06. 2022 Narozen kousek&hellip;\" \/>\n<meta property=\"og:url\" content=\"https:\/\/evertonfc.cz\/index.php\/soupiska\/jonjoe-kenny\/\" \/>\n<meta property=\"og:site_name\" content=\"Official Czech &amp; Slovak Everton Supporters&#039; Club\" \/>\n<meta property=\"article:publisher\" content=\"https:\/\/www.facebook.com\/everton.fans.cz.sk\" \/>\n<meta property=\"article:modified_time\" content=\"2022-06-15T20:22:29+00:00\" \/>\n<meta property=\"og:image\" content=\"https:\/\/evertonfc.cz\/wp-content\/uploads\/2022\/06\/kenny.png\" \/>\n<meta name=\"twitter:card\" content=\"summary_large_image\" \/>\n<meta name=\"twitter:label1\" content=\"Odhadovan\u00e1 doba \u010dten\u00ed\" \/>\n\t<meta name=\"twitter:data1\" content=\"3 minuty\" \/>\n<script type=\"application\/ld+json\" class=\"yoast-schema-graph\">{\"@context\":\"https:\/\/schema.org\",\"@graph\":[{\"@type\":\"WebPage\",\"@id\":\"https:\/\/evertonfc.cz\/index.php\/soupiska\/jonjoe-kenny\/\",\"url\":\"https:\/\/evertonfc.cz\/index.php\/soupiska\/jonjoe-kenny\/\",\"name\":\"Jonjoe Kenny - Official Czech &amp; Slovak Everton Supporters&#039; Club\",\"isPartOf\":{\"@id\":\"https:\/\/evertonfc.cz\/#website\"},\"primaryImageOfPage\":{\"@id\":\"https:\/\/evertonfc.cz\/index.php\/soupiska\/jonjoe-kenny\/#primaryimage\"},\"image\":{\"@id\":\"https:\/\/evertonfc.cz\/index.php\/soupiska\/jonjoe-kenny\/#primaryimage\"},\"thumbnailUrl\":\"https:\/\/evertonfc.cz\/wp-content\/uploads\/2022\/06\/kenny.png\",\"datePublished\":\"2019-01-05T19:15:39+00:00\",\"dateModified\":\"2022-06-15T20:22:29+00:00\",\"breadcrumb\":{\"@id\":\"https:\/\/evertonfc.cz\/index.php\/soupiska\/jonjoe-kenny\/#breadcrumb\"},\"inLanguage\":\"cs\",\"potentialAction\":[{\"@type\":\"ReadAction\",\"target\":[\"https:\/\/evertonfc.cz\/index.php\/soupiska\/jonjoe-kenny\/\"]}]},{\"@type\":\"ImageObject\",\"inLanguage\":\"cs\",\"@id\":\"https:\/\/evertonfc.cz\/index.php\/soupiska\/jonjoe-kenny\/#primaryimage\",\"url\":\"https:\/\/evertonfc.cz\/wp-content\/uploads\/2022\/06\/kenny.png\",\"contentUrl\":\"https:\/\/evertonfc.cz\/wp-content\/uploads\/2022\/06\/kenny.png\",\"width\":80,\"height\":83},{\"@type\":\"BreadcrumbList\",\"@id\":\"https:\/\/evertonfc.cz\/index.php\/soupiska\/jonjoe-kenny\/#breadcrumb\",\"itemListElement\":[{\"@type\":\"ListItem\",\"position\":1,\"name\":\"Home\",\"item\":\"https:\/\/evertonfc.cz\/\"},{\"@type\":\"ListItem\",\"position\":2,\"name\":\"Soupiska\",\"item\":\"https:\/\/evertonfc.cz\/index.php\/soupiska\/\"},{\"@type\":\"ListItem\",\"position\":3,\"name\":\"Jonjoe Kenny\"}]},{\"@type\":\"WebSite\",\"@id\":\"https:\/\/evertonfc.cz\/#website\",\"url\":\"https:\/\/evertonfc.cz\/\",\"name\":\"Official Czech &amp; Slovak Everton Supporters&#039; Club\",\"description\":\"\",\"publisher\":{\"@id\":\"https:\/\/evertonfc.cz\/#organization\"},\"potentialAction\":[{\"@type\":\"SearchAction\",\"target\":{\"@type\":\"EntryPoint\",\"urlTemplate\":\"https:\/\/evertonfc.cz\/?s={search_term_string}\"},\"query-input\":{\"@type\":\"PropertyValueSpecification\",\"valueRequired\":true,\"valueName\":\"search_term_string\"}}],\"inLanguage\":\"cs\"},{\"@type\":\"Organization\",\"@id\":\"https:\/\/evertonfc.cz\/#organization\",\"name\":\"Official Czech & Slovak Everton Supporters' Club\",\"url\":\"https:\/\/evertonfc.cz\/\",\"logo\":{\"@type\":\"ImageObject\",\"inLanguage\":\"cs\",\"@id\":\"https:\/\/evertonfc.cz\/#\/schema\/logo\/image\/\",\"url\":\"https:\/\/evertonfc.cz\/wp-content\/uploads\/2019\/05\/logo.png\",\"contentUrl\":\"https:\/\/evertonfc.cz\/wp-content\/uploads\/2019\/05\/logo.png\",\"width\":112,\"height\":112,\"caption\":\"Official Czech & Slovak Everton Supporters' Club\"},\"image\":{\"@id\":\"https:\/\/evertonfc.cz\/#\/schema\/logo\/image\/\"},\"sameAs\":[\"https:\/\/www.facebook.com\/everton.fans.cz.sk\"]}]}<\/script>\n<!-- \/ Yoast SEO plugin. -->","yoast_head_json":{"title":"Jonjoe Kenny - Official Czech &amp; Slovak Everton Supporters&#039; Club","robots":{"index":"index","follow":"follow","max-snippet":"max-snippet:-1","max-image-preview":"max-image-preview:large","max-video-preview":"max-video-preview:-1"},"canonical":"https:\/\/evertonfc.cz\/index.php\/soupiska\/jonjoe-kenny\/","og_locale":"cs_CZ","og_type":"article","og_title":"Jonjoe Kenny - Official Czech &amp; Slovak Everton Supporters&#039; Club","og_description":"Narozen: 15. 03. 1997, Liverpool, Anglie V\u00fd\u0161ka:\u00a0176 cm V\u00e1ha:\u00a067 kg Post: Obr\u00e1nce V EFC od:\u00a0Odchovanec Do:\u00a030. 06. 2022 Narozen kousek&hellip;","og_url":"https:\/\/evertonfc.cz\/index.php\/soupiska\/jonjoe-kenny\/","og_site_name":"Official Czech &amp; Slovak Everton Supporters&#039; Club","article_publisher":"https:\/\/www.facebook.com\/everton.fans.cz.sk","article_modified_time":"2022-06-15T20:22:29+00:00","og_image":[{"url":"https:\/\/evertonfc.cz\/wp-content\/uploads\/2022\/06\/kenny.png"}],"twitter_card":"summary_large_image","twitter_misc":{"Odhadovan\u00e1 doba \u010dten\u00ed":"3 minuty"},"schema":{"@context":"https:\/\/schema.org","@graph":[{"@type":"WebPage","@id":"https:\/\/evertonfc.cz\/index.php\/soupiska\/jonjoe-kenny\/","url":"https:\/\/evertonfc.cz\/index.php\/soupiska\/jonjoe-kenny\/","name":"Jonjoe Kenny - Official Czech &amp; Slovak Everton Supporters&#039; Club","isPartOf":{"@id":"https:\/\/evertonfc.cz\/#website"},"primaryImageOfPage":{"@id":"https:\/\/evertonfc.cz\/index.php\/soupiska\/jonjoe-kenny\/#primaryimage"},"image":{"@id":"https:\/\/evertonfc.cz\/index.php\/soupiska\/jonjoe-kenny\/#primaryimage"},"thumbnailUrl":"https:\/\/evertonfc.cz\/wp-content\/uploads\/2022\/06\/kenny.png","datePublished":"2019-01-05T19:15:39+00:00","dateModified":"2022-06-15T20:22:29+00:00","breadcrumb":{"@id":"https:\/\/evertonfc.cz\/index.php\/soupiska\/jonjoe-kenny\/#breadcrumb"},"inLanguage":"cs","potentialAction":[{"@type":"ReadAction","target":["https:\/\/evertonfc.cz\/index.php\/soupiska\/jonjoe-kenny\/"]}]},{"@type":"ImageObject","inLanguage":"cs","@id":"https:\/\/evertonfc.cz\/index.php\/soupiska\/jonjoe-kenny\/#primaryimage","url":"https:\/\/evertonfc.cz\/wp-content\/uploads\/2022\/06\/kenny.png","contentUrl":"https:\/\/evertonfc.cz\/wp-content\/uploads\/2022\/06\/kenny.png","width":80,"height":83},{"@type":"BreadcrumbList","@id":"https:\/\/evertonfc.cz\/index.php\/soupiska\/jonjoe-kenny\/#breadcrumb","itemListElement":[{"@type":"ListItem","position":1,"name":"Home","item":"https:\/\/evertonfc.cz\/"},{"@type":"ListItem","position":2,"name":"Soupiska","item":"https:\/\/evertonfc.cz\/index.php\/soupiska\/"},{"@type":"ListItem","position":3,"name":"Jonjoe Kenny"}]},{"@type":"WebSite","@id":"https:\/\/evertonfc.cz\/#website","url":"https:\/\/evertonfc.cz\/","name":"Official Czech &amp; Slovak Everton Supporters&#039; Club","description":"","publisher":{"@id":"https:\/\/evertonfc.cz\/#organization"},"potentialAction":[{"@type":"SearchAction","target":{"@type":"EntryPoint","urlTemplate":"https:\/\/evertonfc.cz\/?s={search_term_string}"},"query-input":{"@type":"PropertyValueSpecification","valueRequired":true,"valueName":"search_term_string"}}],"inLanguage":"cs"},{"@type":"Organization","@id":"https:\/\/evertonfc.cz\/#organization","name":"Official Czech & Slovak Everton Supporters' Club","url":"https:\/\/evertonfc.cz\/","logo":{"@type":"ImageObject","inLanguage":"cs","@id":"https:\/\/evertonfc.cz\/#\/schema\/logo\/image\/","url":"https:\/\/evertonfc.cz\/wp-content\/uploads\/2019\/05\/logo.png","contentUrl":"https:\/\/evertonfc.cz\/wp-content\/uploads\/2019\/05\/logo.png","width":112,"height":112,"caption":"Official Czech & Slovak Everton Supporters' Club"},"image":{"@id":"https:\/\/evertonfc.cz\/#\/schema\/logo\/image\/"},"sameAs":["https:\/\/www.facebook.com\/everton.fans.cz.sk"]}]}},"_links":{"self":[{"href":"https:\/\/evertonfc.cz\/index.php\/wp-json\/wp\/v2\/pages\/861"}],"collection":[{"href":"https:\/\/evertonfc.cz\/index.php\/wp-json\/wp\/v2\/pages"}],"about":[{"href":"https:\/\/evertonfc.cz\/index.php\/wp-json\/wp\/v2\/types\/page"}],"author":[{"embeddable":true,"href":"https:\/\/evertonfc.cz\/index.php\/wp-json\/wp\/v2\/users\/6"}],"replies":[{"embeddable":true,"href":"https:\/\/evertonfc.cz\/index.php\/wp-json\/wp\/v2\/comments?post=861"}],"version-history":[{"count":12,"href":"https:\/\/evertonfc.cz\/index.php\/wp-json\/wp\/v2\/pages\/861\/revisions"}],"predecessor-version":[{"id":18897,"href":"https:\/\/evertonfc.cz\/index.php\/wp-json\/wp\/v2\/pages\/861\/revisions\/18897"}],"up":[{"embeddable":true,"href":"https:\/\/evertonfc.cz\/index.php\/wp-json\/wp\/v2\/pages\/70"}],"wp:attachment":[{"href":"https:\/\/evertonfc.cz\/index.php\/wp-json\/wp\/v2\/media?parent=861"}],"curies":[{"name":"wp","href":"https:\/\/api.w.org\/{rel}","templated":true}]}}