{"id":865,"date":"2019-01-05T20:22:08","date_gmt":"2019-01-05T19:22:08","guid":{"rendered":"http:\/\/evertonfc.cz\/?page_id=865"},"modified":"2022-06-15T22:41:03","modified_gmt":"2022-06-15T20:41:03","slug":"gylfi-sigurdsson","status":"publish","type":"page","link":"https:\/\/evertonfc.cz\/index.php\/soupiska\/gylfi-sigurdsson\/","title":{"rendered":"Gylfi \u00de\u00f3r Sigur\u00f0sson"},"content":{"rendered":"<p><img decoding=\"async\" style=\"float: right; margin-left: 10px; margin-right: 10px;\" src=\"https:\/\/evertonfc.cz\/wp-content\/uploads\/2022\/06\/g_sigurdsson.png\" \/><strong>Narozen:<\/strong>\u00a008. 09. 1989, Reykjav\u00edk, Island<br \/>\n<strong>V\u00fd\u0161ka:<\/strong>\u00a0186 cm<br \/>\n<strong>V\u00e1ha:<\/strong>\u00a079 kg<br \/>\n<strong>Post:<\/strong> Ofenzivn\u00ed z\u00e1lo\u017en\u00edk<br \/>\n<strong>V EFC od:<\/strong>\u00a016. 07. 2017<br \/>\n<strong>Do:<\/strong>\u00a030. 06. 2022<\/p>\n<hr \/>\n<p>Gylfi Th\u00f3r Sigurdsson \u2013 v\u00e1\u0161niv\u00fd cestovatel, seversk\u00fd b\u016fh hromu, ale hlavn\u011b skv\u011bl\u00fd fotbalista. To je nejdra\u017e\u0161\u00ed posila v historii Evertonu.<\/p>\n<p>Sigurdsson se narodil v hlavn\u00edm islandsk\u00e9m m\u011bst\u011b Reykjav\u00edku, kde v tam\u011bj\u0161\u00edm FH za\u010dal kopat do m\u00ed\u010de. Pozd\u011bji se p\u0159esunul do nejv\u011bt\u0161\u00edho klub v zemi UBK Kopavogur a brzy sv\u00fdm talentem p\u0159itahoval z\u00e1jem anglick\u00fdch celk\u016f. Jako mlad\u00edk byl na zkou\u0161ce v Prestonu \u010di dokonce Evertonu, nakonec se v\u0161ak v roce 2005 coby \u0161estn\u00e1ctilet\u00fd upsal Readingu.<\/p>\n<p>Mezi dosp\u011bl\u00fdmi se rozkouk\u00e1val na hostov\u00e1n\u00edch v Shrewsbury Town (League Two) a Crewe Alexandra (League One), ne\u017e p\u0159ed sez\u00f3nou 2009\/10 natrvalo pov\u00fd\u0161il do \u00e1\u010dka Royals. Ro\u010dn\u00edk ukon\u010dil s vizitkou 20 branek ve 44 z\u00e1pasech a okam\u017eit\u011b si vyslou\u017eil pozornost slavn\u011bj\u0161\u00edch klub\u016f. Bitvu o tehdy jednadvacetilet\u00e9ho z\u00e1lo\u017en\u00edka vyhr\u00e1l bundesligov\u00fd Hoffenheim. \u010c\u00e1stka 6,5 milionu liber.<\/p>\n<p>V n\u011bmeck\u00e9 v\u00edsce okam\u017eit\u011b p\u0159edv\u00e1d\u011bl dobr\u00e9 v\u00fdkony a fanou\u0161ci Hoffenheimu, stejn\u011b jako o rok d\u0159\u00edve v Readingu, ho vybrali za hr\u00e1\u010de sez\u00f3ny. B\u011bhem prvn\u00ed poloviny ro\u010dn\u00edku 2011\/12 ov\u0161em vypadl z pl\u00e1n\u016f nov\u00e9ho tren\u00e9ra, nasko\u010dil jenom ke sedmi ligov\u00fdm z\u00e1pas\u016fm, a tak se jeho agent poohl\u00ed\u017eel po jin\u00e9 v\u00fdzv\u011b. K 1. lednu 2012 se Sigurdsson vr\u00e1til na Britsk\u00e9 ostrovy, ode\u0161el na p\u011btim\u011bs\u00ed\u010dn\u00ed hostov\u00e1n\u00ed do Swansea.<\/p>\n<p>U Vel\u0161an\u016f premi\u00e9rov\u011b okusil Premier League a pod veden\u00edm Brendana Rodgerse se mu da\u0159ilo n\u00e1ramn\u011b. Do l\u00e9ta stihl vst\u0159elit sedm branek a na dal\u0161\u00ed \u010dty\u0159i p\u0159ih\u0159\u00e1t. Nebylo divu, \u017ee Swansea m\u011bla enormn\u00ed z\u00e1jem o trval\u00fd p\u0159estup. S Hoffenheimem se dohodla na \u010d\u00e1stce ve v\u00fd\u0161i 6,8 milionu, jen\u017ee transfer na posledn\u00ed chv\u00edli ztroskotal. Rodgerse toti\u017e anga\u017eoval Liverpool a zklaman\u00fd Sigurdsson d\u00e1le nejevil z\u00e1jem usadit se na Liberty Stadium\u2026\u00a0tedy aspo\u0148 nikoli v l\u00e9t\u011b 2012.<\/p>\n<p>\u017d\u00e1dan\u00e9ho z\u00e1lo\u017en\u00edka je\u0161t\u011b na za\u010d\u00e1tku \u010dervence zl\u00e1kal Tottenham Hotspur za 8,8 milionu liber. Na White Hart Lane si Islan\u010fan podobn\u011b jako v p\u0159edchoz\u00edch p\u016fsobi\u0161t\u00edch rychle z\u00edskal srdce fanou\u0161k\u016f. \u00dapln\u011b spokojen\u00fd ale nebyl. Co\u017e o to, b\u011bhem dvou let odehr\u00e1l 83 sout\u011b\u017en\u00edch z\u00e1pas\u016f, nicm\u00e9n\u011b v st\u00e1le ambici\u00f3zn\u011bj\u0161\u00edm klubu, kter\u00fd sm\u011b\u0159oval k naru\u0161en\u00ed velk\u00e9 \u010dty\u0159ky Premier League, si nevybojoval trvalou pozici v z\u00e1kladn\u00ed sestav\u011b. Po sez\u00f3n\u011b 2013\/14 tak op\u011bt zam\u00ed\u0159il do Swansea, opa\u010dn\u00fdm sm\u011brem putoval obr\u00e1nce Ben Davies. Ve zn\u00e1m\u00e9m prost\u0159ed\u00ed na\u0161el, co hledal u Spurs. Dostalo se mu naprost\u00e9 d\u016fv\u011bry a to\u010dila se kolem n\u011bj hra t\u00fdmu, by\u0165 nanejv\u00fd\u0161e pr\u016fm\u011brn\u00e9ho. Z\u00e1rove\u0148 se za\u0159adil mezi nejkreativn\u011bj\u0161\u00ed hr\u00e1\u010de v nejvy\u0161\u0161\u00ed anglick\u00e9 sout\u011b\u017ei.<\/p>\n<p>U\u017e v l\u00e9t\u011b 2016 ho zkou\u0161el ulovit Everton, s 25 milionovou nab\u00eddku ale nepochodil. Merseysiders se po\u0161t\u011bstilo a\u017e n\u00e1sleduj\u00edc\u00ed rok.<\/p>\n<p>Po dlouh\u00e9m vyjedn\u00e1v\u00e1n\u00ed, kdy Swansea nejprve po\u017eadovala 50 milion\u016f liber, se veden\u00ed Toffees\u00a0poda\u0159ilo sjednat obchod v\u00fd\u0161i 40 milion\u016f liber a dal\u0161\u00edch p\u011bti za p\u0159\u00edpadn\u00e9 bonusy, na \u010dem\u017e se shodla v\u011bt\u0161ina d\u016fv\u011bryhodn\u00fdch britsk\u00fdch m\u00e9di\u00ed. Sedmadvacetilet\u00fd ofenzivn\u00ed z\u00e1lo\u017en\u00edk opustil Swans jako nejlep\u0161\u00ed klubov\u00fd st\u0159elec (34) a jako nejlep\u0161\u00ed nahr\u00e1va\u010d (29) v historii Premier League.\u00a0<em>\u201ePodle m\u011b se jedn\u00e1 o jednoho z nejlep\u0161\u00edch hr\u00e1\u010d\u016f v lize. Jsem velmi \u0161\u0165astn\u00fd, \u017ee se p\u0159estup uskute\u010dnil. Gylfi um\u00ed zahr\u00e1t na r\u016fzn\u00fdch postech. M\u016f\u017ee nastoupit v z\u00e1loze, d\u00e1le jako tv\u016frce hry nebo jako fale\u0161n\u00e1 des\u00edtka na kraji h\u0159i\u0161t\u011b,&#8220;<\/em>\u00a0s \u00fasm\u011bvem na tv\u00e1\u0159i prohl\u00e1sil mana\u017eer Ronald Koeman, jen\u017e o prvot\u0159\u00eddn\u00edho exekutora standardn\u00edch situac\u00ed velmi st\u00e1l.<\/p>\n<p style=\"font-weight: 400;\">1,86 metru vysok\u00fd fotbalistal se \u0159adil k tahoun\u016fm islandsk\u00e9 reprezentace, v roce 2016 s n\u00ed dokr\u00e1\u010del do \u010dtvrtfin\u00e1le mistrovstv\u00ed Evropy ve Francii. Na Goodison Parku podepsal p\u011btiletou smlouvy s t\u00fddenn\u00edm p\u0159\u00edjmem okolo 100 tis\u00edc liber t\u00fddn\u011b.<\/p>\n<p>Sigurdsson zah\u00e1jil sv\u00e9 anga\u017em\u00e1 v Evertonu p\u0159\u00edmo brilantn\u011b, u\u017e ve druh\u00e9m z\u00e1pase si otev\u0159el st\u0159eleck\u00fd \u00fa\u010det, kdy\u017e v p\u0159edkole Evropsk\u00e9 ligy na p\u016fd\u011b Hajduku Split sk\u00f3roval z p\u016fl\u00edc\u00ed \u010d\u00e1ry. Velk\u00e1 o\u010dek\u00e1v\u00e1n\u00ed do sez\u00f3ny se ale nakonec nenaplnila, Everton se pod mana\u017eerem Koemanem tr\u00e1pil a jeho n\u00e1stupce Allardyce zase preferoval pasivn\u00ed a defenzivn\u00ed fotbal. Nav\u00edc Sigurdsson kv\u016fli konkurenci dal\u0161\u00edch des\u00edtek Rooneyho a Klaassena nastupoval na neobl\u00edben\u00e9 pozici k\u0159\u00eddeln\u00edka.<\/p>\n<p>Do sez\u00f3ny 2018\/19 se ot\u011b\u017e\u00ed u Toffees ujal Marco Silva, kter\u00fd se rozhodl stav\u011bt na Sigurdssonovi jako na tv\u016frci hry. Islan\u010fan se odvd\u011b\u010dil 14 vst\u0159elen\u00fdmi brankami a Everton zakon\u010dil sez\u00f3nu na solidn\u00edm osm\u00e9m m\u00edst\u011b.<\/p>\n<p>Ov\u0161em ani Silva na lavi\u010dce Blues nevydr\u017eel dlouho, kv\u016fli \u0161patn\u00fdm v\u00fdsledk\u016fm se porou\u010del na podzim 2019. Jeho n\u00e1stupce, slavn\u00fd Carlo Ancelotti, s\u00e1zel na rozestaven\u00ed 4-4-2, v n\u011bm\u017e des\u00edtka Sigurdsson musel nastupoval na defenzivn\u00ed pozici ve st\u0159edu h\u0159i\u0161t\u011b. Pod Italem Sigurdsson vypadl ze z\u00e1kladn\u00ed sestavy, posl\u00e9ze se do n\u00ed kv\u016fli marodce v t\u00fdmu vr\u00e1til, p\u0159esto\u017ee pod\u00e1val slab\u0161\u00ed v\u00fdkony.<\/p>\n<p>P\u0159ed sez\u00f3nou 2021\/22 byl Sigurdsson jako blesk z \u010dist\u00e9ho nebe zatknut pro podez\u0159en\u00ed z \u00fadajn\u00e9ho trestn\u00e9ho \u010dinu sexu\u00e1ln\u00edho zneu\u017e\u00edv\u00e1n\u00ed mladistv\u00fdch. Klub ofenzivn\u00edho z\u00e1lo\u017en\u00edka suspendoval a\u017e do konce vy\u0161et\u0159ov\u00e1n\u00ed, kter\u00e9 neskon\u010dilo ani p\u0159ed l\u00e9tem 2022, kdy Sigurdsson vypr\u0161ela smlouva. Nejdra\u017e\u0161\u00ed posila v historii Evertonu tak skon\u010dila za velmi zvl\u00e1\u0161tn\u00edch okolnostech, i tak ale daleko z\u016fstala za svou cenovkou a p\u0159edpoklady. B\u011bhem p\u011bti letech odehr\u00e1l 156 z\u00e1pas\u016f a zaznamenal 31 branek a 25 asistenc\u00ed.<\/p>\n","protected":false},"excerpt":{"rendered":"<p>Narozen:\u00a008. 09. 1989, Reykjav\u00edk, Island V\u00fd\u0161ka:\u00a0186 cm V\u00e1ha:\u00a079 kg Post: Ofenzivn\u00ed z\u00e1lo\u017en\u00edk V EFC od:\u00a016. 07. 2017 Do:\u00a030. 06. 2022&hellip;<\/p>\n","protected":false},"author":6,"featured_media":0,"parent":70,"menu_order":0,"comment_status":"closed","ping_status":"closed","template":"","meta":{"_eb_attr":"","_monsterinsights_skip_tracking":false,"_monsterinsights_sitenote_active":false,"_monsterinsights_sitenote_note":"","_monsterinsights_sitenote_category":0,"footnotes":""},"yoast_head":"<!-- This site is optimized with the Yoast SEO plugin v23.4 - https:\/\/yoast.com\/wordpress\/plugins\/seo\/ -->\n<title>Gylfi \u00de\u00f3r Sigur\u00f0sson - Official Czech &amp; Slovak Everton Supporters&#039; Club<\/title>\n<meta name=\"robots\" content=\"index, follow, max-snippet:-1, max-image-preview:large, max-video-preview:-1\" \/>\n<link rel=\"canonical\" href=\"https:\/\/evertonfc.cz\/index.php\/soupiska\/gylfi-sigurdsson\/\" \/>\n<meta property=\"og:locale\" content=\"cs_CZ\" \/>\n<meta property=\"og:type\" content=\"article\" \/>\n<meta property=\"og:title\" content=\"Gylfi \u00de\u00f3r Sigur\u00f0sson - Official Czech &amp; Slovak Everton Supporters&#039; Club\" \/>\n<meta property=\"og:description\" content=\"Narozen:\u00a008. 09. 1989, Reykjav\u00edk, Island V\u00fd\u0161ka:\u00a0186 cm V\u00e1ha:\u00a079 kg Post: Ofenzivn\u00ed z\u00e1lo\u017en\u00edk V EFC od:\u00a016. 07. 2017 Do:\u00a030. 06. 2022&hellip;\" \/>\n<meta property=\"og:url\" content=\"https:\/\/evertonfc.cz\/index.php\/soupiska\/gylfi-sigurdsson\/\" \/>\n<meta property=\"og:site_name\" content=\"Official Czech &amp; Slovak Everton Supporters&#039; Club\" \/>\n<meta property=\"article:publisher\" content=\"https:\/\/www.facebook.com\/everton.fans.cz.sk\" \/>\n<meta property=\"article:modified_time\" content=\"2022-06-15T20:41:03+00:00\" \/>\n<meta property=\"og:image\" content=\"https:\/\/evertonfc.cz\/wp-content\/uploads\/2022\/06\/g_sigurdsson.png\" \/>\n<meta name=\"twitter:card\" content=\"summary_large_image\" \/>\n<meta name=\"twitter:label1\" content=\"Odhadovan\u00e1 doba \u010dten\u00ed\" \/>\n\t<meta name=\"twitter:data1\" content=\"5 minut\" \/>\n<script type=\"application\/ld+json\" class=\"yoast-schema-graph\">{\"@context\":\"https:\/\/schema.org\",\"@graph\":[{\"@type\":\"WebPage\",\"@id\":\"https:\/\/evertonfc.cz\/index.php\/soupiska\/gylfi-sigurdsson\/\",\"url\":\"https:\/\/evertonfc.cz\/index.php\/soupiska\/gylfi-sigurdsson\/\",\"name\":\"Gylfi \u00de\u00f3r Sigur\u00f0sson - Official Czech &amp; Slovak Everton Supporters&#039; Club\",\"isPartOf\":{\"@id\":\"https:\/\/evertonfc.cz\/#website\"},\"primaryImageOfPage\":{\"@id\":\"https:\/\/evertonfc.cz\/index.php\/soupiska\/gylfi-sigurdsson\/#primaryimage\"},\"image\":{\"@id\":\"https:\/\/evertonfc.cz\/index.php\/soupiska\/gylfi-sigurdsson\/#primaryimage\"},\"thumbnailUrl\":\"https:\/\/evertonfc.cz\/wp-content\/uploads\/2022\/06\/g_sigurdsson.png\",\"datePublished\":\"2019-01-05T19:22:08+00:00\",\"dateModified\":\"2022-06-15T20:41:03+00:00\",\"breadcrumb\":{\"@id\":\"https:\/\/evertonfc.cz\/index.php\/soupiska\/gylfi-sigurdsson\/#breadcrumb\"},\"inLanguage\":\"cs\",\"potentialAction\":[{\"@type\":\"ReadAction\",\"target\":[\"https:\/\/evertonfc.cz\/index.php\/soupiska\/gylfi-sigurdsson\/\"]}]},{\"@type\":\"ImageObject\",\"inLanguage\":\"cs\",\"@id\":\"https:\/\/evertonfc.cz\/index.php\/soupiska\/gylfi-sigurdsson\/#primaryimage\",\"url\":\"https:\/\/evertonfc.cz\/wp-content\/uploads\/2022\/06\/g_sigurdsson.png\",\"contentUrl\":\"https:\/\/evertonfc.cz\/wp-content\/uploads\/2022\/06\/g_sigurdsson.png\",\"width\":80,\"height\":83},{\"@type\":\"BreadcrumbList\",\"@id\":\"https:\/\/evertonfc.cz\/index.php\/soupiska\/gylfi-sigurdsson\/#breadcrumb\",\"itemListElement\":[{\"@type\":\"ListItem\",\"position\":1,\"name\":\"Home\",\"item\":\"https:\/\/evertonfc.cz\/\"},{\"@type\":\"ListItem\",\"position\":2,\"name\":\"Soupiska\",\"item\":\"https:\/\/evertonfc.cz\/index.php\/soupiska\/\"},{\"@type\":\"ListItem\",\"position\":3,\"name\":\"Gylfi \u00de\u00f3r Sigur\u00f0sson\"}]},{\"@type\":\"WebSite\",\"@id\":\"https:\/\/evertonfc.cz\/#website\",\"url\":\"https:\/\/evertonfc.cz\/\",\"name\":\"Official Czech &amp; Slovak Everton Supporters&#039; Club\",\"description\":\"\",\"publisher\":{\"@id\":\"https:\/\/evertonfc.cz\/#organization\"},\"potentialAction\":[{\"@type\":\"SearchAction\",\"target\":{\"@type\":\"EntryPoint\",\"urlTemplate\":\"https:\/\/evertonfc.cz\/?s={search_term_string}\"},\"query-input\":{\"@type\":\"PropertyValueSpecification\",\"valueRequired\":true,\"valueName\":\"search_term_string\"}}],\"inLanguage\":\"cs\"},{\"@type\":\"Organization\",\"@id\":\"https:\/\/evertonfc.cz\/#organization\",\"name\":\"Official Czech & Slovak Everton Supporters' Club\",\"url\":\"https:\/\/evertonfc.cz\/\",\"logo\":{\"@type\":\"ImageObject\",\"inLanguage\":\"cs\",\"@id\":\"https:\/\/evertonfc.cz\/#\/schema\/logo\/image\/\",\"url\":\"https:\/\/evertonfc.cz\/wp-content\/uploads\/2019\/05\/logo.png\",\"contentUrl\":\"https:\/\/evertonfc.cz\/wp-content\/uploads\/2019\/05\/logo.png\",\"width\":112,\"height\":112,\"caption\":\"Official Czech & Slovak Everton Supporters' Club\"},\"image\":{\"@id\":\"https:\/\/evertonfc.cz\/#\/schema\/logo\/image\/\"},\"sameAs\":[\"https:\/\/www.facebook.com\/everton.fans.cz.sk\"]}]}<\/script>\n<!-- \/ Yoast SEO plugin. -->","yoast_head_json":{"title":"Gylfi \u00de\u00f3r Sigur\u00f0sson - Official Czech &amp; Slovak Everton Supporters&#039; Club","robots":{"index":"index","follow":"follow","max-snippet":"max-snippet:-1","max-image-preview":"max-image-preview:large","max-video-preview":"max-video-preview:-1"},"canonical":"https:\/\/evertonfc.cz\/index.php\/soupiska\/gylfi-sigurdsson\/","og_locale":"cs_CZ","og_type":"article","og_title":"Gylfi \u00de\u00f3r Sigur\u00f0sson - Official Czech &amp; Slovak Everton Supporters&#039; Club","og_description":"Narozen:\u00a008. 09. 1989, Reykjav\u00edk, Island V\u00fd\u0161ka:\u00a0186 cm V\u00e1ha:\u00a079 kg Post: Ofenzivn\u00ed z\u00e1lo\u017en\u00edk V EFC od:\u00a016. 07. 2017 Do:\u00a030. 06. 2022&hellip;","og_url":"https:\/\/evertonfc.cz\/index.php\/soupiska\/gylfi-sigurdsson\/","og_site_name":"Official Czech &amp; Slovak Everton Supporters&#039; Club","article_publisher":"https:\/\/www.facebook.com\/everton.fans.cz.sk","article_modified_time":"2022-06-15T20:41:03+00:00","og_image":[{"url":"https:\/\/evertonfc.cz\/wp-content\/uploads\/2022\/06\/g_sigurdsson.png"}],"twitter_card":"summary_large_image","twitter_misc":{"Odhadovan\u00e1 doba \u010dten\u00ed":"5 minut"},"schema":{"@context":"https:\/\/schema.org","@graph":[{"@type":"WebPage","@id":"https:\/\/evertonfc.cz\/index.php\/soupiska\/gylfi-sigurdsson\/","url":"https:\/\/evertonfc.cz\/index.php\/soupiska\/gylfi-sigurdsson\/","name":"Gylfi \u00de\u00f3r Sigur\u00f0sson - Official Czech &amp; Slovak Everton Supporters&#039; Club","isPartOf":{"@id":"https:\/\/evertonfc.cz\/#website"},"primaryImageOfPage":{"@id":"https:\/\/evertonfc.cz\/index.php\/soupiska\/gylfi-sigurdsson\/#primaryimage"},"image":{"@id":"https:\/\/evertonfc.cz\/index.php\/soupiska\/gylfi-sigurdsson\/#primaryimage"},"thumbnailUrl":"https:\/\/evertonfc.cz\/wp-content\/uploads\/2022\/06\/g_sigurdsson.png","datePublished":"2019-01-05T19:22:08+00:00","dateModified":"2022-06-15T20:41:03+00:00","breadcrumb":{"@id":"https:\/\/evertonfc.cz\/index.php\/soupiska\/gylfi-sigurdsson\/#breadcrumb"},"inLanguage":"cs","potentialAction":[{"@type":"ReadAction","target":["https:\/\/evertonfc.cz\/index.php\/soupiska\/gylfi-sigurdsson\/"]}]},{"@type":"ImageObject","inLanguage":"cs","@id":"https:\/\/evertonfc.cz\/index.php\/soupiska\/gylfi-sigurdsson\/#primaryimage","url":"https:\/\/evertonfc.cz\/wp-content\/uploads\/2022\/06\/g_sigurdsson.png","contentUrl":"https:\/\/evertonfc.cz\/wp-content\/uploads\/2022\/06\/g_sigurdsson.png","width":80,"height":83},{"@type":"BreadcrumbList","@id":"https:\/\/evertonfc.cz\/index.php\/soupiska\/gylfi-sigurdsson\/#breadcrumb","itemListElement":[{"@type":"ListItem","position":1,"name":"Home","item":"https:\/\/evertonfc.cz\/"},{"@type":"ListItem","position":2,"name":"Soupiska","item":"https:\/\/evertonfc.cz\/index.php\/soupiska\/"},{"@type":"ListItem","position":3,"name":"Gylfi \u00de\u00f3r Sigur\u00f0sson"}]},{"@type":"WebSite","@id":"https:\/\/evertonfc.cz\/#website","url":"https:\/\/evertonfc.cz\/","name":"Official Czech &amp; Slovak Everton Supporters&#039; Club","description":"","publisher":{"@id":"https:\/\/evertonfc.cz\/#organization"},"potentialAction":[{"@type":"SearchAction","target":{"@type":"EntryPoint","urlTemplate":"https:\/\/evertonfc.cz\/?s={search_term_string}"},"query-input":{"@type":"PropertyValueSpecification","valueRequired":true,"valueName":"search_term_string"}}],"inLanguage":"cs"},{"@type":"Organization","@id":"https:\/\/evertonfc.cz\/#organization","name":"Official Czech & Slovak Everton Supporters' Club","url":"https:\/\/evertonfc.cz\/","logo":{"@type":"ImageObject","inLanguage":"cs","@id":"https:\/\/evertonfc.cz\/#\/schema\/logo\/image\/","url":"https:\/\/evertonfc.cz\/wp-content\/uploads\/2019\/05\/logo.png","contentUrl":"https:\/\/evertonfc.cz\/wp-content\/uploads\/2019\/05\/logo.png","width":112,"height":112,"caption":"Official Czech & Slovak Everton Supporters' Club"},"image":{"@id":"https:\/\/evertonfc.cz\/#\/schema\/logo\/image\/"},"sameAs":["https:\/\/www.facebook.com\/everton.fans.cz.sk"]}]}},"_links":{"self":[{"href":"https:\/\/evertonfc.cz\/index.php\/wp-json\/wp\/v2\/pages\/865"}],"collection":[{"href":"https:\/\/evertonfc.cz\/index.php\/wp-json\/wp\/v2\/pages"}],"about":[{"href":"https:\/\/evertonfc.cz\/index.php\/wp-json\/wp\/v2\/types\/page"}],"author":[{"embeddable":true,"href":"https:\/\/evertonfc.cz\/index.php\/wp-json\/wp\/v2\/users\/6"}],"replies":[{"embeddable":true,"href":"https:\/\/evertonfc.cz\/index.php\/wp-json\/wp\/v2\/comments?post=865"}],"version-history":[{"count":7,"href":"https:\/\/evertonfc.cz\/index.php\/wp-json\/wp\/v2\/pages\/865\/revisions"}],"predecessor-version":[{"id":18898,"href":"https:\/\/evertonfc.cz\/index.php\/wp-json\/wp\/v2\/pages\/865\/revisions\/18898"}],"up":[{"embeddable":true,"href":"https:\/\/evertonfc.cz\/index.php\/wp-json\/wp\/v2\/pages\/70"}],"wp:attachment":[{"href":"https:\/\/evertonfc.cz\/index.php\/wp-json\/wp\/v2\/media?parent=865"}],"curies":[{"name":"wp","href":"https:\/\/api.w.org\/{rel}","templated":true}]}}