{"id":869,"date":"2019-01-05T20:35:32","date_gmt":"2019-01-05T19:35:32","guid":{"rendered":"http:\/\/evertonfc.cz\/?page_id=869"},"modified":"2025-09-08T16:54:13","modified_gmt":"2025-09-08T14:54:13","slug":"idrissa-gana-gueye","status":"publish","type":"page","link":"https:\/\/evertonfc.cz\/index.php\/soupiska\/idrissa-gana-gueye\/","title":{"rendered":"Idrissa Gana Gueye"},"content":{"rendered":"<p><img loading=\"lazy\" decoding=\"async\" style=\"float: right; margin-left: 10px; margin-right: 10px;\" src=\"https:\/\/evertonfc.cz\/wp-content\/uploads\/2025\/09\/gana2025.png\" alt=\"\" width=\"160\" height=\"160\" \/><strong>Narozen:<\/strong>\u00a026. 09. 1989, Dakar, Senegal<br \/>\n<strong>V\u00fd\u0161ka:<\/strong>\u00a0174 cm<br \/>\n<strong>V\u00e1ha:<\/strong>\u00a066 kg<br \/>\n<strong>Post:<\/strong> Defenzivn\u00ed z\u00e1lo\u017en\u00edk<br \/>\n<strong>\u010c\u00edslo dresu: <\/strong>27<strong><br \/>\nV EFC od:<\/strong> 01. 09. 2022<br \/>\n<strong>Smlouva:<\/strong> 30. 06. 2026<\/p>\n<hr \/>\n<p>Naroden\u00fd 26. septembra 1989 v Dakare, ho zrejme v z\u00e1vody v p\u00fa\u0161ti neoslovili a tak sk\u00fasil svoje \u0161\u0165astie v najpopul\u00e1rnej\u0161om \u0161porte na svete. Svoje umenie za\u010dal rozv\u00edja\u0165 v Diambars FC de Saly, \u010do je senegalsk\u00e1 futbalov\u00e1 akad\u00e9mia zalo\u017een\u00e1 v roku 2000 zn\u00e1mym menom, Patrickom Vieirom. Vo franc\u00fazskej lige by ste na\u0161li bezpo\u010det hr\u00e1\u010dov, \u010do maj\u00fa t\u00fato vec spolo\u010dn\u00fa. Tak\u017ee netrvalo dlho a skauti z OSC Lille si v\u0161imli vtedy 13 ro\u010dn\u00fd talent a nev\u00e1hali s podpisom zmluvy. Datovan\u00e9 2003.<\/p>\n<p>Mlad\u00fd Gueye e\u0161te 5 rokov ostal v Diambers, kde sa predsa len dostane hr\u00e1\u010dom viac pozornosti ne\u017e by tomu bolo v cudzej krajine a potom u\u017e cepoval svoje prednosti v spom\u00ednanom B\u00e9\u010dku Lille. Tam za dva roky odohral 55 z\u00e1pasov a strelil 2 g\u00f3ly. Ke\u010f som na za\u010diatku spomenul risk v podobe hr\u00e1\u010da zo zostupuj\u00faceho t\u00edmu, treba si uvedomi\u0165, \u017ee Idrissa Gueye bol promovan\u00fd do A t\u00edmu Les Dogues ke\u010f sa darilo najviac.<\/p>\n<p>V &#8222;Barce severu&#8220;, ako sa dru\u017eine Rudiho Garc\u00edu hovorilo, sa nev\u00e1halo d\u00e1va\u0165 \u0161ance mlad\u00fdm talentom. S Ganou hr\u00e1val mlad\u00fd Eden Hazard a nesmel ch\u00fdba\u0165 ani Yohan Cabaye. \u010co z toho plynulo? V sez\u00f3ne 2010\/2011 ligov\u00fd titul a ligov\u00fd poh\u00e1r. Gueyeho prispenie \u2013 18 z\u00e1pasov a 2 g\u00f3ly. Ten premi\u00e9rov\u00fd strelil 17. febru\u00e1ra v Eur\u00f3pskej lige doma proti PSV Eindhoven pri rem\u00edze 2:2. V nasleduj\u00facich sez\u00f3nach, aj ke\u010f sa u\u017e to\u013eko nedarilo, Idrissa sa st\u00e1val k\u013e\u00fa\u010dovou postavou t\u00edmu zo severu franc\u00fazska. Minut\u00e1\u017ee sa mu oproti premi\u00e9rovej sez\u00f3ne zdvoj a\u017e stroj-n\u00e1sobili a \u0161tatistiky padali do oka nejedn\u00e9mu skautovi. Klub sa preto v 2013 rozhodol predl\u017e\u00ed\u0165 s n\u00edm zmluvu o \u010fal\u0161ie 3 roky, teda do 2018. Celkov\u00e1 bilancia z p\u00f4sobenia vo Franc\u00fazsku \u010din\u00ed 176 z\u00e1pasov, 6 g\u00f3lov a 5 asistenci\u00ed. 25 \u017elt\u00fdch k\u00e1rt a a\u017e jeden kr\u00e1t zinkasoval \u010derven\u00fa. U fan\u00fa\u0161ikov Lille si z\u00edskal ve\u013ek\u00fa priaze\u0148 najm\u00e4 za jeho pracovitos\u0165 na ihrisku a z rovnak\u00e9ho d\u00f4vodu a samozrejme aj nieko\u013eko \u010fal\u0161\u00edch, si ho vybrala pred rokom Aston Villa. Za \u010diastku 9 mili\u00f3nov libier sa v lete 2015 s\u0165ahoval do Birminghamu.<\/p>\n<p>Ke\u010f pri\u0161iel na ostrovy, s\u00e1m svoju angli\u010dtinu pop\u00edsal ako nedostato\u010dn\u00fa ale u\u017e po roku u\u017e komunikoval na pokro\u010dilej \u00farovni. Za sez\u00f3nu 2015\/16 len traja hr\u00e1\u010di z piatich najlep\u0161\u00edch l\u00edg pod\u013ea hodnotenia UEFA mali viac zachyten\u00fdch prihr\u00e1vok (86) ne\u017e on. V eur\u00f3pskom rebr\u00ed\u010dku \u00f4smy, \u010do sa t\u00fdka obrann\u00fdch z\u00e1krokov, a v Premier League \u0161tvrt\u00fd v rovnakej discipl\u00edne. Vyhral 78% s\u00fabojov, 60% t\u00fdch vzdu\u0161n\u00fdch, pri\u010dom jeho v\u00fd\u0161ka je len 174 cm. A to v\u0161etko pri udr\u017ean\u00ed si 85% presnosti prihr\u00e1vok. Ke\u010f nie s\u00fa v\u00fdsledky, trpia v\u0161etci. Aj Gana si vybral p\u00e1r momentov, na ktor\u00e9 by najrad\u0161ej zabudol. Z 37 z\u00e1pasoch v ktor\u00fdch za Villans nast\u00fapil, skon\u010dili v\u00fdhrou len 3. Ale predsa patril medzi opory, na ktor\u00e9 bol spo\u013eah. Celkovo za birminghamsk\u00fd klub odohral 38 z\u00e1pasov, dal 1 g\u00f3l a na jeden asistoval. Zostup do druhej ligy po sez\u00f3ne 2015\/16 nebolo to v \u010do d\u00fafal &#8211; \u201e<em>Najd\u00f4le\u017eitej\u0161ia vec bola pr\u00eds\u0165 do Anglicka zlep\u0161i\u0165 sa a nesk\u00f4r si n\u00e1js\u0165 ve\u013ek\u00fd klub.<\/em>\u201c &#8211; na\u0161\u0165astie jeho meno patrilo do zoznamu v notese \u0161portov\u00e9ho riadite\u013ea Evertonu Steve Walsha.<\/p>\n<p>Idrissa pri\u0161iel do Evertonu na za\u010diatku augusta 2016 z Aston Villy, ke\u010f Toffees aktivovali v\u00fdkupn\u00fa klauzulu v jeho zmluve vo v\u00fd\u0161ke sedem mili\u00f3nov libier. N\u00e1sledne sa okam\u017eite zaradil medzi najlep\u0161\u00edch hr\u00e1\u010dov a \u0165ah\u00fa\u0148ov t\u00edmu. Na svojej poz\u00edcii bol dokonca uzn\u00e1van\u00fd ako jeden z najlep\u0161\u00edch defenz\u00edvnych z\u00e1lo\u017en\u00edkov v\u00f4bec. Pre\u010do? Preto\u017ee ne\u00fanavn\u00fd \u2013 excelentn\u00fd pohyb na ihrisku, fantastick\u00e9 \u010d\u00edtanie hry, ist\u00fd na lopte a skvel\u00e9 obrann\u00e9 z\u00e1kroky. Po osobnej str\u00e1nke je pritom v \u0161atni je tich\u00fd, o\u010dividne sa ner\u00e1d prece\u0148uje ale z\u00e1rove\u0148 je s\u00fa\u0165a\u017eiv\u00fd.<\/p>\n<p>Skvel\u00e9 individu\u00e1lne a hlavne konzistentn\u00e9 v\u00fdkony pochopite\u013ene l\u00e1kali z\u00e1ujmy ve\u013ekoklobov. Gana si v Evertone zahral aj Eur\u00f3psku ligu, ale siedme \u010di \u00f4sme miesto v Premier League je \u010faleko od najvy\u0161\u0161\u00edch prie\u010dok. V zime 2019 prejavil z\u00e1ujem o jeho slu\u017eby Paris Saint-Germain, ktor\u00fd napokon neuspel s ponukou vo v\u00fd\u0161ke 26 mili\u00f3nov libier. Toffees nechceli pr\u00eds\u0165 o svojho k\u013e\u00fa\u010dov\u00e9ho mu\u017ea po\u010das rozbehnutej sez\u00f3ny, aj ke\u010f Senegalec v\u00e1\u017ene st\u00e1l o prestup. Gana sa ale neurazil, na jar vybi\u010doval svoje v\u00fdkony k dokonalosti a za sez\u00f3nu 2018\/19 bol spolu s Lucasom Dignom zvolen\u00fd najlep\u0161\u00edm hr\u00e1\u010dom Evertonu.<\/p>\n<p>Par\u00ed\u017e so svojim z\u00e1ujmom vr\u00e1tila v lete 2019 a Everton u\u017e v\u00e1beniu neodolal. Par\u00ed\u017e so svojim z\u00e1ujmom vr\u00e1tila v lete 2019 a Everton u\u017e v\u00e1beniu neodolal. Defenz\u00edvny z\u00e1lo\u017en\u00edk podp\u00edsal v hlavnom meste Franc\u00fazska \u0161tvorro\u010dn\u00fa zmluvu. Za Karamelky odohral vo v\u0161etk\u00fdch s\u00fa\u0165a\u017eiach celkovo 108 z\u00e1pasov, vstrelil 4 g\u00f3ly a na \u010fal\u0161\u00edch 5 prihral. Zauj\u00edmav\u00e1 \u0161tatistika \u2013 po\u010das jeho troch sez\u00f3n v Goodison Parku \u017eiadny in\u00fd hr\u00e1\u010d si v Premier League neprip\u00edsal tak\u00e9 mno\u017estvo defenz\u00edvnych z\u00e1krokov ako pr\u00e1ve on. \u201eAu revoir, Gana.\u201c<\/p>\n<p>V Par\u00ed\u017ei si Gana splnil svoj sen. Po boku hviezd ako Neymar, Mbapp\u00e9 a nesk\u00f4r aj Messi si ok\u00fasil najvy\u0161\u0161iu futbalov\u00fa \u00farove\u0148, v ktorej obst\u00e1l. U\u017e p\u00e1r t\u00fd\u017ed\u0148ov po prestupe sa blysol v\u00fdborn\u00fdm v\u00fdkonom v Lige majstrov proti Realu Madrid pri v\u00fdhre 3:0. Niektor\u00ed tento z\u00e1pas ozna\u010duj\u00fa za Ganov najlep\u0161\u00ed v kari\u00e9re.<\/p>\n<p>Gueye nakoniec v Paris Saint-Germain vydr\u017eal tri roky, po\u010das ktor\u00fdch hr\u00e1val pravidelne. Celkovo nast\u00fapil do 111 z\u00e1pasov, s Par\u00ed\u017eanmi sa dvakr\u00e1t stal franc\u00fazskym majstrom a do\u0161iel do fin\u00e1le Ligy majstrov.<\/p>\n<p>Jeho epiz\u00f3da pod Eiffelovou ve\u017eou skon\u010dila v lete 2022, kedy sa PSG prebral nov\u00fd tr\u00e9ner Christophe Galtier, ktor\u00fd sa preferoval mlad\u0161ie men\u00e1. Ganovi sa ale v tej chv\u00edli ozval star\u00fd zn\u00e1my Everton a Senegalec dvakr\u00e1t nev\u00e1hal. Na Goodison Park prest\u00fapil len za dva mili\u00f3ny libier a na prahu svojich 33. naroden\u00edn podp\u00edsal dvojro\u010dn\u00fa zmluvu. Na Merseyside \u010dak\u00e1 na Ganu vysok\u00e1 latka z predch\u00e1dzaj\u00faceho p\u00f4sobenia.<\/p>\n","protected":false},"excerpt":{"rendered":"<p>Narozen:\u00a026. 09. 1989, Dakar, Senegal V\u00fd\u0161ka:\u00a0174 cm V\u00e1ha:\u00a066 kg Post: Defenzivn\u00ed z\u00e1lo\u017en\u00edk \u010c\u00edslo dresu: 27 V EFC od: 01. 09.&hellip;<\/p>\n","protected":false},"author":6,"featured_media":0,"parent":70,"menu_order":0,"comment_status":"closed","ping_status":"closed","template":"","meta":{"_eb_attr":"","_monsterinsights_skip_tracking":false,"_monsterinsights_sitenote_active":false,"_monsterinsights_sitenote_note":"","_monsterinsights_sitenote_category":0,"footnotes":""},"yoast_head":"<!-- This site is optimized with the Yoast SEO plugin v23.4 - https:\/\/yoast.com\/wordpress\/plugins\/seo\/ -->\n<title>Idrissa Gana Gueye - Official Czech &amp; Slovak Everton Supporters&#039; Club<\/title>\n<meta name=\"robots\" content=\"index, follow, max-snippet:-1, max-image-preview:large, max-video-preview:-1\" \/>\n<link rel=\"canonical\" href=\"https:\/\/evertonfc.cz\/index.php\/soupiska\/idrissa-gana-gueye\/\" \/>\n<meta property=\"og:locale\" content=\"cs_CZ\" \/>\n<meta property=\"og:type\" content=\"article\" \/>\n<meta property=\"og:title\" content=\"Idrissa Gana Gueye - Official Czech &amp; Slovak Everton Supporters&#039; Club\" \/>\n<meta property=\"og:description\" content=\"Narozen:\u00a026. 09. 1989, Dakar, Senegal V\u00fd\u0161ka:\u00a0174 cm V\u00e1ha:\u00a066 kg Post: Defenzivn\u00ed z\u00e1lo\u017en\u00edk \u010c\u00edslo dresu: 27 V EFC od: 01. 09.&hellip;\" \/>\n<meta property=\"og:url\" content=\"https:\/\/evertonfc.cz\/index.php\/soupiska\/idrissa-gana-gueye\/\" \/>\n<meta property=\"og:site_name\" content=\"Official Czech &amp; Slovak Everton Supporters&#039; Club\" \/>\n<meta property=\"article:publisher\" content=\"https:\/\/www.facebook.com\/everton.fans.cz.sk\" \/>\n<meta property=\"article:modified_time\" content=\"2025-09-08T14:54:13+00:00\" \/>\n<meta property=\"og:image\" content=\"https:\/\/evertonfc.cz\/wp-content\/uploads\/2025\/09\/gana2025.png\" \/>\n<meta name=\"twitter:card\" content=\"summary_large_image\" \/>\n<meta name=\"twitter:label1\" content=\"Odhadovan\u00e1 doba \u010dten\u00ed\" \/>\n\t<meta name=\"twitter:data1\" content=\"6 minut\" \/>\n<script type=\"application\/ld+json\" class=\"yoast-schema-graph\">{\"@context\":\"https:\/\/schema.org\",\"@graph\":[{\"@type\":\"WebPage\",\"@id\":\"https:\/\/evertonfc.cz\/index.php\/soupiska\/idrissa-gana-gueye\/\",\"url\":\"https:\/\/evertonfc.cz\/index.php\/soupiska\/idrissa-gana-gueye\/\",\"name\":\"Idrissa Gana Gueye - Official Czech &amp; Slovak Everton Supporters&#039; Club\",\"isPartOf\":{\"@id\":\"https:\/\/evertonfc.cz\/#website\"},\"primaryImageOfPage\":{\"@id\":\"https:\/\/evertonfc.cz\/index.php\/soupiska\/idrissa-gana-gueye\/#primaryimage\"},\"image\":{\"@id\":\"https:\/\/evertonfc.cz\/index.php\/soupiska\/idrissa-gana-gueye\/#primaryimage\"},\"thumbnailUrl\":\"https:\/\/evertonfc.cz\/wp-content\/uploads\/2025\/09\/gana2025.png\",\"datePublished\":\"2019-01-05T19:35:32+00:00\",\"dateModified\":\"2025-09-08T14:54:13+00:00\",\"breadcrumb\":{\"@id\":\"https:\/\/evertonfc.cz\/index.php\/soupiska\/idrissa-gana-gueye\/#breadcrumb\"},\"inLanguage\":\"cs\",\"potentialAction\":[{\"@type\":\"ReadAction\",\"target\":[\"https:\/\/evertonfc.cz\/index.php\/soupiska\/idrissa-gana-gueye\/\"]}]},{\"@type\":\"ImageObject\",\"inLanguage\":\"cs\",\"@id\":\"https:\/\/evertonfc.cz\/index.php\/soupiska\/idrissa-gana-gueye\/#primaryimage\",\"url\":\"https:\/\/evertonfc.cz\/wp-content\/uploads\/2025\/09\/gana2025.png\",\"contentUrl\":\"https:\/\/evertonfc.cz\/wp-content\/uploads\/2025\/09\/gana2025.png\",\"width\":300,\"height\":300},{\"@type\":\"BreadcrumbList\",\"@id\":\"https:\/\/evertonfc.cz\/index.php\/soupiska\/idrissa-gana-gueye\/#breadcrumb\",\"itemListElement\":[{\"@type\":\"ListItem\",\"position\":1,\"name\":\"Home\",\"item\":\"https:\/\/evertonfc.cz\/\"},{\"@type\":\"ListItem\",\"position\":2,\"name\":\"Soupiska\",\"item\":\"https:\/\/evertonfc.cz\/index.php\/soupiska\/\"},{\"@type\":\"ListItem\",\"position\":3,\"name\":\"Idrissa Gana Gueye\"}]},{\"@type\":\"WebSite\",\"@id\":\"https:\/\/evertonfc.cz\/#website\",\"url\":\"https:\/\/evertonfc.cz\/\",\"name\":\"Official Czech &amp; Slovak Everton Supporters&#039; Club\",\"description\":\"\",\"publisher\":{\"@id\":\"https:\/\/evertonfc.cz\/#organization\"},\"potentialAction\":[{\"@type\":\"SearchAction\",\"target\":{\"@type\":\"EntryPoint\",\"urlTemplate\":\"https:\/\/evertonfc.cz\/?s={search_term_string}\"},\"query-input\":{\"@type\":\"PropertyValueSpecification\",\"valueRequired\":true,\"valueName\":\"search_term_string\"}}],\"inLanguage\":\"cs\"},{\"@type\":\"Organization\",\"@id\":\"https:\/\/evertonfc.cz\/#organization\",\"name\":\"Official Czech & Slovak Everton Supporters' Club\",\"url\":\"https:\/\/evertonfc.cz\/\",\"logo\":{\"@type\":\"ImageObject\",\"inLanguage\":\"cs\",\"@id\":\"https:\/\/evertonfc.cz\/#\/schema\/logo\/image\/\",\"url\":\"https:\/\/evertonfc.cz\/wp-content\/uploads\/2019\/05\/logo.png\",\"contentUrl\":\"https:\/\/evertonfc.cz\/wp-content\/uploads\/2019\/05\/logo.png\",\"width\":112,\"height\":112,\"caption\":\"Official Czech & Slovak Everton Supporters' Club\"},\"image\":{\"@id\":\"https:\/\/evertonfc.cz\/#\/schema\/logo\/image\/\"},\"sameAs\":[\"https:\/\/www.facebook.com\/everton.fans.cz.sk\"]}]}<\/script>\n<!-- \/ Yoast SEO plugin. -->","yoast_head_json":{"title":"Idrissa Gana Gueye - Official Czech &amp; Slovak Everton Supporters&#039; Club","robots":{"index":"index","follow":"follow","max-snippet":"max-snippet:-1","max-image-preview":"max-image-preview:large","max-video-preview":"max-video-preview:-1"},"canonical":"https:\/\/evertonfc.cz\/index.php\/soupiska\/idrissa-gana-gueye\/","og_locale":"cs_CZ","og_type":"article","og_title":"Idrissa Gana Gueye - Official Czech &amp; Slovak Everton Supporters&#039; Club","og_description":"Narozen:\u00a026. 09. 1989, Dakar, Senegal V\u00fd\u0161ka:\u00a0174 cm V\u00e1ha:\u00a066 kg Post: Defenzivn\u00ed z\u00e1lo\u017en\u00edk \u010c\u00edslo dresu: 27 V EFC od: 01. 09.&hellip;","og_url":"https:\/\/evertonfc.cz\/index.php\/soupiska\/idrissa-gana-gueye\/","og_site_name":"Official Czech &amp; Slovak Everton Supporters&#039; Club","article_publisher":"https:\/\/www.facebook.com\/everton.fans.cz.sk","article_modified_time":"2025-09-08T14:54:13+00:00","og_image":[{"url":"https:\/\/evertonfc.cz\/wp-content\/uploads\/2025\/09\/gana2025.png"}],"twitter_card":"summary_large_image","twitter_misc":{"Odhadovan\u00e1 doba \u010dten\u00ed":"6 minut"},"schema":{"@context":"https:\/\/schema.org","@graph":[{"@type":"WebPage","@id":"https:\/\/evertonfc.cz\/index.php\/soupiska\/idrissa-gana-gueye\/","url":"https:\/\/evertonfc.cz\/index.php\/soupiska\/idrissa-gana-gueye\/","name":"Idrissa Gana Gueye - Official Czech &amp; Slovak Everton Supporters&#039; Club","isPartOf":{"@id":"https:\/\/evertonfc.cz\/#website"},"primaryImageOfPage":{"@id":"https:\/\/evertonfc.cz\/index.php\/soupiska\/idrissa-gana-gueye\/#primaryimage"},"image":{"@id":"https:\/\/evertonfc.cz\/index.php\/soupiska\/idrissa-gana-gueye\/#primaryimage"},"thumbnailUrl":"https:\/\/evertonfc.cz\/wp-content\/uploads\/2025\/09\/gana2025.png","datePublished":"2019-01-05T19:35:32+00:00","dateModified":"2025-09-08T14:54:13+00:00","breadcrumb":{"@id":"https:\/\/evertonfc.cz\/index.php\/soupiska\/idrissa-gana-gueye\/#breadcrumb"},"inLanguage":"cs","potentialAction":[{"@type":"ReadAction","target":["https:\/\/evertonfc.cz\/index.php\/soupiska\/idrissa-gana-gueye\/"]}]},{"@type":"ImageObject","inLanguage":"cs","@id":"https:\/\/evertonfc.cz\/index.php\/soupiska\/idrissa-gana-gueye\/#primaryimage","url":"https:\/\/evertonfc.cz\/wp-content\/uploads\/2025\/09\/gana2025.png","contentUrl":"https:\/\/evertonfc.cz\/wp-content\/uploads\/2025\/09\/gana2025.png","width":300,"height":300},{"@type":"BreadcrumbList","@id":"https:\/\/evertonfc.cz\/index.php\/soupiska\/idrissa-gana-gueye\/#breadcrumb","itemListElement":[{"@type":"ListItem","position":1,"name":"Home","item":"https:\/\/evertonfc.cz\/"},{"@type":"ListItem","position":2,"name":"Soupiska","item":"https:\/\/evertonfc.cz\/index.php\/soupiska\/"},{"@type":"ListItem","position":3,"name":"Idrissa Gana Gueye"}]},{"@type":"WebSite","@id":"https:\/\/evertonfc.cz\/#website","url":"https:\/\/evertonfc.cz\/","name":"Official Czech &amp; Slovak Everton Supporters&#039; Club","description":"","publisher":{"@id":"https:\/\/evertonfc.cz\/#organization"},"potentialAction":[{"@type":"SearchAction","target":{"@type":"EntryPoint","urlTemplate":"https:\/\/evertonfc.cz\/?s={search_term_string}"},"query-input":{"@type":"PropertyValueSpecification","valueRequired":true,"valueName":"search_term_string"}}],"inLanguage":"cs"},{"@type":"Organization","@id":"https:\/\/evertonfc.cz\/#organization","name":"Official Czech & Slovak Everton Supporters' Club","url":"https:\/\/evertonfc.cz\/","logo":{"@type":"ImageObject","inLanguage":"cs","@id":"https:\/\/evertonfc.cz\/#\/schema\/logo\/image\/","url":"https:\/\/evertonfc.cz\/wp-content\/uploads\/2019\/05\/logo.png","contentUrl":"https:\/\/evertonfc.cz\/wp-content\/uploads\/2019\/05\/logo.png","width":112,"height":112,"caption":"Official Czech & Slovak Everton Supporters' Club"},"image":{"@id":"https:\/\/evertonfc.cz\/#\/schema\/logo\/image\/"},"sameAs":["https:\/\/www.facebook.com\/everton.fans.cz.sk"]}]}},"_links":{"self":[{"href":"https:\/\/evertonfc.cz\/index.php\/wp-json\/wp\/v2\/pages\/869"}],"collection":[{"href":"https:\/\/evertonfc.cz\/index.php\/wp-json\/wp\/v2\/pages"}],"about":[{"href":"https:\/\/evertonfc.cz\/index.php\/wp-json\/wp\/v2\/types\/page"}],"author":[{"embeddable":true,"href":"https:\/\/evertonfc.cz\/index.php\/wp-json\/wp\/v2\/users\/6"}],"replies":[{"embeddable":true,"href":"https:\/\/evertonfc.cz\/index.php\/wp-json\/wp\/v2\/comments?post=869"}],"version-history":[{"count":15,"href":"https:\/\/evertonfc.cz\/index.php\/wp-json\/wp\/v2\/pages\/869\/revisions"}],"predecessor-version":[{"id":27511,"href":"https:\/\/evertonfc.cz\/index.php\/wp-json\/wp\/v2\/pages\/869\/revisions\/27511"}],"up":[{"embeddable":true,"href":"https:\/\/evertonfc.cz\/index.php\/wp-json\/wp\/v2\/pages\/70"}],"wp:attachment":[{"href":"https:\/\/evertonfc.cz\/index.php\/wp-json\/wp\/v2\/media?parent=869"}],"curies":[{"name":"wp","href":"https:\/\/api.w.org\/{rel}","templated":true}]}}