{"id":871,"date":"2019-01-05T20:39:01","date_gmt":"2019-01-05T19:39:01","guid":{"rendered":"http:\/\/evertonfc.cz\/?page_id=871"},"modified":"2020-06-26T21:24:33","modified_gmt":"2020-06-26T19:24:33","slug":"morgan-schneiderlin","status":"publish","type":"page","link":"https:\/\/evertonfc.cz\/index.php\/soupiska\/morgan-schneiderlin\/","title":{"rendered":"Morgan Schneiderlin"},"content":{"rendered":"<p><img decoding=\"async\" style=\"float: right; margin-left: 10px; margin-right: 10px;\" src=\"https:\/\/evertonfc.cz\/wp-content\/uploads\/2020\/06\/morgan_schneiderlin.jpg\" \/><strong>Narozen:<\/strong>\u00a008. 11. 1989, Zellwiller, Francie<br \/>\n<strong>V\u00fd\u0161ka:<\/strong>\u00a0185 cm<br \/>\n<strong>V\u00e1ha:<\/strong>\u00a075 kg<br \/>\n<strong>Post:<\/strong>\u00a0Z\u00e1lo\u017en\u00edk<br \/>\n<strong>V EFC od:<\/strong>\u00a012. 01. 2017<br \/>\n<strong>Do:<\/strong> 23. 06. 2020<\/p>\n<hr \/>\n<p>Tento Franc\u00faz pri\u0161iel do Goodison Parku z ne\u010falek\u00e9ho Manchesteru. Konkr\u00e9tne z \u010dasti, kde si hovoria \u010cerven\u00ed Diabli. \u00c1no, tamoj\u0161\u00ed tovar ve\u013emi dobre pozn\u00e1me, len teraz sme sa jedn\u00e9ho na pol roka zbavili, druh\u00fd sa silou mocou dr\u017e\u00ed a Everton tak riskuje op\u00e4\u0165. Tentoraz je to v\u0161ak in\u00e9. Anga\u017em\u00e1n na Old Trafford si 185 cm vysok\u00fd defenz\u00edvny z\u00e1lo\u017en\u00edk vysl\u00fa\u017eil po \u00factyhodnom \u010dase siedmych rokov, str\u00e1ven\u00fdch v slu\u017eb\u00e1ch The Saints, kde si ho na rok vysk\u00fa\u0161al aj jeho staronov\u00fd mana\u017e\u00e9r.<\/p>\n<p>Na St. Mary\u00b4s sa vyprofiloval na jedn\u00e9ho z najlep\u0161\u00edch z\u00e1lo\u017en\u00edkov ostrovn\u00e9ho futbalu, \u010do dokazuj\u00fa aj \u0161tatistiky, len\u017ee vo ve\u013ekoklube ak\u00fdm je United, to \u010dasto nesta\u010d\u00ed. A doplatil na to presne sez\u00f3nu po pr\u00edchode. V tej prvej sa mu relat\u00edvne darilo. Strelil aj g\u00f3l, svoj jedin\u00fd, v okt\u00f3bri 2015. M\u00f4\u017eete len h\u00e1da\u0165 komu a kde to bolo.<\/p>\n<p>No s pr\u00edchodom Mourinha a prestavby k\u00e1dra United do, povedzme drah\u0161ej podoby, sa karta obr\u00e1tila a namiesto 37 z\u00e1pasov, nast\u00fapil t\u00fato sez\u00f3nu len do \u00f4smich. Podrobnej\u0161ie \u2013 odohral 238 min\u00fat. Smie\u0161ne na hr\u00e1\u010da, ktor\u00fd m\u00e1 od augusta 2012 v z\u00e1zname najviac odobrat\u00fdch l\u00f4pt v PL (772), no nie? \u010ci\u017ee, kam s tak\u00fdm hr\u00e1\u010dom? No predsa do kolonky \u201eMUST HAVE\u201c.<\/p>\n<h4>Z odchodu Koemana sa nespam\u00e4tal<\/h4>\n<p><span lang=\"SK\">Hr\u00e1\u010d prijal za v\u010fak z\u00e1ujem klubu na \u201evzostupe.\u201c Po dlh\u0161\u00edch rokovaniach vyjednali Karamelky sumu dvadsa\u0165 mili\u00f3nov libier, s mo\u017en\u00fdmi bonusmi vo v\u00fd\u0161ke \u0161tyroch. <\/span><span lang=\"SK\">Podp\u00edsal sa \u0161tyri a\u00a0polro\u010dn\u00fd kontrakt a\u00a0odbit\u00e1 bola aj konkurencia v\u00a0podobe Pulisovho West Bromwichu Albion. Za\u010diatok jeho p\u00f4sobenia na Merseyside bol \u00fa\u017easn\u00fd. Okam\u017eite sa zakomponoval s\u00a0Gueyem do stredu z\u00e1lohy a spolu\u00a0vytvorili dokonal\u00fd obrann\u00fd val, s\u00a0citom pre dirigovanie hry. Fan\u00fa\u0161ikovia ho preto za\u010d\u00ednali prez\u00fdva\u0165 \u201ea Rolls Royce player\u201c. Len\u017ee ako sa uk\u00e1zalo, Morgan nebol hr\u00e1\u010dom do ne\u010dasu.<\/span><\/p>\n<p><span lang=\"SK\">V\u00a0druhej sez\u00f3ne za\u010dal Everton katastrof\u00e1lne a\u00a0Holan\u010fan na lavi\u010dke na to doplatil svoj\u00edm miestom. T\u00edmu sa nedarilo a\u00a0hr\u00e1\u010di sa skr\u00fdvali jeden za druh\u00fdm. Dirigent Schneiderlin bol jedn\u00fdm z\u00a0nich. T\u00e1to sk\u00fasenos\u0165 sa uk\u00e1zala ako zlomov\u00e1 v\u00a0jeho kari\u00e9re. Nikdy sa toti\u017e zo straten\u00e9ho sebavedomia nespam\u00e4tal.<\/span><\/p>\n<p><span lang=\"SK\">Zvy\u0161ok jeho kari\u00e9ry za The Toffees sprev\u00e1dzal u\u017e len alibizmus, prihr\u00e1vky do str\u00e1n, fauly z lenivosti a disciplin\u00e1rne probl\u00e9my na aj mimo ihriska. Dohromady aj tak stihol odohra\u0165 88 z\u00e1pasov, v ktor\u00fdch strelil solit\u00e1rny g\u00f3l a na dva prihral. V tridsiatke a s posledn\u00fdm rokom na zmluve s platom \u00a3100 000 bol spr\u00e1vny \u010das od\u00eds\u0165.<\/span><\/p>\n<p>Za nezverejnen\u00fa sumu v rozmedz\u00ed 2 a\u017e 4 mili\u00f3ny libier vypo\u010dul volanie domoviny a stal sa hr\u00e1\u010dom OGC Nice. <span lang=\"SK\">Klub tak opustil futbalista, ktor\u00fd nedok\u00e1zal opodstatni\u0165 svoj vysok\u00fd plat a obstar\u00e1vaciu cenu. Teraz u\u017e len tie\u0148 b\u00fdval\u00fdch schopnost\u00ed sa stal trpkou pripomienkou zl\u00e9ho re\u017eimu Koeman-Walsh, slepo podporovan\u00e9ho majite\u013eom Moshirim. Pre zauj\u00edmavos\u0165, Morgan za tri a pol roka nazbieral viac \u010derven\u00fdch kariet (3) ako ligov\u00fdch g\u00f3lov (1) a asistencii (1) dohromady.<\/span><\/p>\n","protected":false},"excerpt":{"rendered":"<p>Narozen:\u00a008. 11. 1989, Zellwiller, Francie V\u00fd\u0161ka:\u00a0185 cm V\u00e1ha:\u00a075 kg Post:\u00a0Z\u00e1lo\u017en\u00edk V EFC od:\u00a012. 01. 2017 Do: 23. 06. 2020 Tento&hellip;<\/p>\n","protected":false},"author":6,"featured_media":0,"parent":70,"menu_order":0,"comment_status":"closed","ping_status":"closed","template":"","meta":{"_eb_attr":"","_monsterinsights_skip_tracking":false,"_monsterinsights_sitenote_active":false,"_monsterinsights_sitenote_note":"","_monsterinsights_sitenote_category":0,"footnotes":""},"yoast_head":"<!-- This site is optimized with the Yoast SEO plugin v23.4 - https:\/\/yoast.com\/wordpress\/plugins\/seo\/ -->\n<title>Morgan Schneiderlin - Official Czech &amp; Slovak Everton Supporters&#039; Club<\/title>\n<meta name=\"robots\" content=\"index, follow, max-snippet:-1, max-image-preview:large, max-video-preview:-1\" \/>\n<link rel=\"canonical\" href=\"https:\/\/evertonfc.cz\/index.php\/soupiska\/morgan-schneiderlin\/\" \/>\n<meta property=\"og:locale\" content=\"cs_CZ\" \/>\n<meta property=\"og:type\" content=\"article\" \/>\n<meta property=\"og:title\" content=\"Morgan Schneiderlin - Official Czech &amp; Slovak Everton Supporters&#039; Club\" \/>\n<meta property=\"og:description\" content=\"Narozen:\u00a008. 11. 1989, Zellwiller, Francie V\u00fd\u0161ka:\u00a0185 cm V\u00e1ha:\u00a075 kg Post:\u00a0Z\u00e1lo\u017en\u00edk V EFC od:\u00a012. 01. 2017 Do: 23. 06. 2020 Tento&hellip;\" \/>\n<meta property=\"og:url\" content=\"https:\/\/evertonfc.cz\/index.php\/soupiska\/morgan-schneiderlin\/\" \/>\n<meta property=\"og:site_name\" content=\"Official Czech &amp; Slovak Everton Supporters&#039; Club\" \/>\n<meta property=\"article:publisher\" content=\"https:\/\/www.facebook.com\/everton.fans.cz.sk\" \/>\n<meta property=\"article:modified_time\" content=\"2020-06-26T19:24:33+00:00\" \/>\n<meta property=\"og:image\" content=\"https:\/\/evertonfc.cz\/wp-content\/uploads\/2020\/06\/morgan_schneiderlin.jpg\" \/>\n<meta name=\"twitter:card\" content=\"summary_large_image\" \/>\n<meta name=\"twitter:label1\" content=\"Odhadovan\u00e1 doba \u010dten\u00ed\" \/>\n\t<meta name=\"twitter:data1\" content=\"3 minuty\" \/>\n<script type=\"application\/ld+json\" class=\"yoast-schema-graph\">{\"@context\":\"https:\/\/schema.org\",\"@graph\":[{\"@type\":\"WebPage\",\"@id\":\"https:\/\/evertonfc.cz\/index.php\/soupiska\/morgan-schneiderlin\/\",\"url\":\"https:\/\/evertonfc.cz\/index.php\/soupiska\/morgan-schneiderlin\/\",\"name\":\"Morgan Schneiderlin - Official Czech &amp; Slovak Everton Supporters&#039; Club\",\"isPartOf\":{\"@id\":\"https:\/\/evertonfc.cz\/#website\"},\"primaryImageOfPage\":{\"@id\":\"https:\/\/evertonfc.cz\/index.php\/soupiska\/morgan-schneiderlin\/#primaryimage\"},\"image\":{\"@id\":\"https:\/\/evertonfc.cz\/index.php\/soupiska\/morgan-schneiderlin\/#primaryimage\"},\"thumbnailUrl\":\"https:\/\/evertonfc.cz\/wp-content\/uploads\/2020\/06\/morgan_schneiderlin.jpg\",\"datePublished\":\"2019-01-05T19:39:01+00:00\",\"dateModified\":\"2020-06-26T19:24:33+00:00\",\"breadcrumb\":{\"@id\":\"https:\/\/evertonfc.cz\/index.php\/soupiska\/morgan-schneiderlin\/#breadcrumb\"},\"inLanguage\":\"cs\",\"potentialAction\":[{\"@type\":\"ReadAction\",\"target\":[\"https:\/\/evertonfc.cz\/index.php\/soupiska\/morgan-schneiderlin\/\"]}]},{\"@type\":\"ImageObject\",\"inLanguage\":\"cs\",\"@id\":\"https:\/\/evertonfc.cz\/index.php\/soupiska\/morgan-schneiderlin\/#primaryimage\",\"url\":\"https:\/\/evertonfc.cz\/wp-content\/uploads\/2020\/06\/morgan_schneiderlin.jpg\",\"contentUrl\":\"https:\/\/evertonfc.cz\/wp-content\/uploads\/2020\/06\/morgan_schneiderlin.jpg\",\"width\":80,\"height\":83},{\"@type\":\"BreadcrumbList\",\"@id\":\"https:\/\/evertonfc.cz\/index.php\/soupiska\/morgan-schneiderlin\/#breadcrumb\",\"itemListElement\":[{\"@type\":\"ListItem\",\"position\":1,\"name\":\"Home\",\"item\":\"https:\/\/evertonfc.cz\/\"},{\"@type\":\"ListItem\",\"position\":2,\"name\":\"Soupiska\",\"item\":\"https:\/\/evertonfc.cz\/index.php\/soupiska\/\"},{\"@type\":\"ListItem\",\"position\":3,\"name\":\"Morgan Schneiderlin\"}]},{\"@type\":\"WebSite\",\"@id\":\"https:\/\/evertonfc.cz\/#website\",\"url\":\"https:\/\/evertonfc.cz\/\",\"name\":\"Official Czech &amp; Slovak Everton Supporters&#039; Club\",\"description\":\"\",\"publisher\":{\"@id\":\"https:\/\/evertonfc.cz\/#organization\"},\"potentialAction\":[{\"@type\":\"SearchAction\",\"target\":{\"@type\":\"EntryPoint\",\"urlTemplate\":\"https:\/\/evertonfc.cz\/?s={search_term_string}\"},\"query-input\":{\"@type\":\"PropertyValueSpecification\",\"valueRequired\":true,\"valueName\":\"search_term_string\"}}],\"inLanguage\":\"cs\"},{\"@type\":\"Organization\",\"@id\":\"https:\/\/evertonfc.cz\/#organization\",\"name\":\"Official Czech & Slovak Everton Supporters' Club\",\"url\":\"https:\/\/evertonfc.cz\/\",\"logo\":{\"@type\":\"ImageObject\",\"inLanguage\":\"cs\",\"@id\":\"https:\/\/evertonfc.cz\/#\/schema\/logo\/image\/\",\"url\":\"https:\/\/evertonfc.cz\/wp-content\/uploads\/2019\/05\/logo.png\",\"contentUrl\":\"https:\/\/evertonfc.cz\/wp-content\/uploads\/2019\/05\/logo.png\",\"width\":112,\"height\":112,\"caption\":\"Official Czech & Slovak Everton Supporters' Club\"},\"image\":{\"@id\":\"https:\/\/evertonfc.cz\/#\/schema\/logo\/image\/\"},\"sameAs\":[\"https:\/\/www.facebook.com\/everton.fans.cz.sk\"]}]}<\/script>\n<!-- \/ Yoast SEO plugin. -->","yoast_head_json":{"title":"Morgan Schneiderlin - Official Czech &amp; Slovak Everton Supporters&#039; Club","robots":{"index":"index","follow":"follow","max-snippet":"max-snippet:-1","max-image-preview":"max-image-preview:large","max-video-preview":"max-video-preview:-1"},"canonical":"https:\/\/evertonfc.cz\/index.php\/soupiska\/morgan-schneiderlin\/","og_locale":"cs_CZ","og_type":"article","og_title":"Morgan Schneiderlin - Official Czech &amp; Slovak Everton Supporters&#039; Club","og_description":"Narozen:\u00a008. 11. 1989, Zellwiller, Francie V\u00fd\u0161ka:\u00a0185 cm V\u00e1ha:\u00a075 kg Post:\u00a0Z\u00e1lo\u017en\u00edk V EFC od:\u00a012. 01. 2017 Do: 23. 06. 2020 Tento&hellip;","og_url":"https:\/\/evertonfc.cz\/index.php\/soupiska\/morgan-schneiderlin\/","og_site_name":"Official Czech &amp; Slovak Everton Supporters&#039; Club","article_publisher":"https:\/\/www.facebook.com\/everton.fans.cz.sk","article_modified_time":"2020-06-26T19:24:33+00:00","og_image":[{"url":"https:\/\/evertonfc.cz\/wp-content\/uploads\/2020\/06\/morgan_schneiderlin.jpg"}],"twitter_card":"summary_large_image","twitter_misc":{"Odhadovan\u00e1 doba \u010dten\u00ed":"3 minuty"},"schema":{"@context":"https:\/\/schema.org","@graph":[{"@type":"WebPage","@id":"https:\/\/evertonfc.cz\/index.php\/soupiska\/morgan-schneiderlin\/","url":"https:\/\/evertonfc.cz\/index.php\/soupiska\/morgan-schneiderlin\/","name":"Morgan Schneiderlin - Official Czech &amp; Slovak Everton Supporters&#039; Club","isPartOf":{"@id":"https:\/\/evertonfc.cz\/#website"},"primaryImageOfPage":{"@id":"https:\/\/evertonfc.cz\/index.php\/soupiska\/morgan-schneiderlin\/#primaryimage"},"image":{"@id":"https:\/\/evertonfc.cz\/index.php\/soupiska\/morgan-schneiderlin\/#primaryimage"},"thumbnailUrl":"https:\/\/evertonfc.cz\/wp-content\/uploads\/2020\/06\/morgan_schneiderlin.jpg","datePublished":"2019-01-05T19:39:01+00:00","dateModified":"2020-06-26T19:24:33+00:00","breadcrumb":{"@id":"https:\/\/evertonfc.cz\/index.php\/soupiska\/morgan-schneiderlin\/#breadcrumb"},"inLanguage":"cs","potentialAction":[{"@type":"ReadAction","target":["https:\/\/evertonfc.cz\/index.php\/soupiska\/morgan-schneiderlin\/"]}]},{"@type":"ImageObject","inLanguage":"cs","@id":"https:\/\/evertonfc.cz\/index.php\/soupiska\/morgan-schneiderlin\/#primaryimage","url":"https:\/\/evertonfc.cz\/wp-content\/uploads\/2020\/06\/morgan_schneiderlin.jpg","contentUrl":"https:\/\/evertonfc.cz\/wp-content\/uploads\/2020\/06\/morgan_schneiderlin.jpg","width":80,"height":83},{"@type":"BreadcrumbList","@id":"https:\/\/evertonfc.cz\/index.php\/soupiska\/morgan-schneiderlin\/#breadcrumb","itemListElement":[{"@type":"ListItem","position":1,"name":"Home","item":"https:\/\/evertonfc.cz\/"},{"@type":"ListItem","position":2,"name":"Soupiska","item":"https:\/\/evertonfc.cz\/index.php\/soupiska\/"},{"@type":"ListItem","position":3,"name":"Morgan Schneiderlin"}]},{"@type":"WebSite","@id":"https:\/\/evertonfc.cz\/#website","url":"https:\/\/evertonfc.cz\/","name":"Official Czech &amp; Slovak Everton Supporters&#039; Club","description":"","publisher":{"@id":"https:\/\/evertonfc.cz\/#organization"},"potentialAction":[{"@type":"SearchAction","target":{"@type":"EntryPoint","urlTemplate":"https:\/\/evertonfc.cz\/?s={search_term_string}"},"query-input":{"@type":"PropertyValueSpecification","valueRequired":true,"valueName":"search_term_string"}}],"inLanguage":"cs"},{"@type":"Organization","@id":"https:\/\/evertonfc.cz\/#organization","name":"Official Czech & Slovak Everton Supporters' Club","url":"https:\/\/evertonfc.cz\/","logo":{"@type":"ImageObject","inLanguage":"cs","@id":"https:\/\/evertonfc.cz\/#\/schema\/logo\/image\/","url":"https:\/\/evertonfc.cz\/wp-content\/uploads\/2019\/05\/logo.png","contentUrl":"https:\/\/evertonfc.cz\/wp-content\/uploads\/2019\/05\/logo.png","width":112,"height":112,"caption":"Official Czech & Slovak Everton Supporters' Club"},"image":{"@id":"https:\/\/evertonfc.cz\/#\/schema\/logo\/image\/"},"sameAs":["https:\/\/www.facebook.com\/everton.fans.cz.sk"]}]}},"_links":{"self":[{"href":"https:\/\/evertonfc.cz\/index.php\/wp-json\/wp\/v2\/pages\/871"}],"collection":[{"href":"https:\/\/evertonfc.cz\/index.php\/wp-json\/wp\/v2\/pages"}],"about":[{"href":"https:\/\/evertonfc.cz\/index.php\/wp-json\/wp\/v2\/types\/page"}],"author":[{"embeddable":true,"href":"https:\/\/evertonfc.cz\/index.php\/wp-json\/wp\/v2\/users\/6"}],"replies":[{"embeddable":true,"href":"https:\/\/evertonfc.cz\/index.php\/wp-json\/wp\/v2\/comments?post=871"}],"version-history":[{"count":10,"href":"https:\/\/evertonfc.cz\/index.php\/wp-json\/wp\/v2\/pages\/871\/revisions"}],"predecessor-version":[{"id":11269,"href":"https:\/\/evertonfc.cz\/index.php\/wp-json\/wp\/v2\/pages\/871\/revisions\/11269"}],"up":[{"embeddable":true,"href":"https:\/\/evertonfc.cz\/index.php\/wp-json\/wp\/v2\/pages\/70"}],"wp:attachment":[{"href":"https:\/\/evertonfc.cz\/index.php\/wp-json\/wp\/v2\/media?parent=871"}],"curies":[{"name":"wp","href":"https:\/\/api.w.org\/{rel}","templated":true}]}}