{"id":877,"date":"2019-01-05T21:22:52","date_gmt":"2019-01-05T20:22:52","guid":{"rendered":"http:\/\/evertonfc.cz\/?page_id=877"},"modified":"2021-06-05T21:19:07","modified_gmt":"2021-06-05T19:19:07","slug":"theo-walcott","status":"publish","type":"page","link":"https:\/\/evertonfc.cz\/index.php\/soupiska\/theo-walcott\/","title":{"rendered":"Theo James Walcott"},"content":{"rendered":"<p><img decoding=\"async\" style=\"float: right; margin-left: 10px; margin-right: 10px;\" src=\"https:\/\/evertonfc.cz\/wp-content\/uploads\/2020\/10\/theo_walcott.png\" \/><strong>Narozen:<\/strong>\u00a016. 03. 1989, Stanmore, Anglie<br \/>\n<strong>V\u00fd\u0161ka:<\/strong>\u00a0176 cm<br \/>\n<strong>V\u00e1ha:<\/strong>\u00a068 kg<br \/>\n<strong>Post:<\/strong>\u00a0K\u0159\u00eddeln\u00edk<br \/>\n<strong>V EFC od:<\/strong>\u00a017. 01. 2018<br \/>\n<strong>Do:<\/strong>\u00a030. 06. 2021<\/p>\n<hr \/>\n<p>Walcotta, rod\u00e1ka z lond\u00fdnsk\u00e9 aglomerace, si v 11 letech vyhl\u00e9dla proslul\u00e1 akademie Southamptonu a zl\u00e1kala ho do sv\u00fdch \u0159ad. Talentovan\u00fd hoch od za\u010d\u00e1tku p\u0159evy\u0161oval vrstevn\u00edky a brzy se do\u010dkal debutu v seniorsk\u00e9m fotbale. Jako \u0161estn\u00e1ct a p\u016fllet\u00fd obl\u00e9kl dres Saints v druh\u00e9 lize na za\u010d\u00e1tku sez\u00f3ny 2005\/06 a premi\u00e9rov\u00e9 g\u00f3lu se do\u010dkal jen o dva m\u011bs\u00edce pozd\u011bji.<\/p>\n<p>Kolem \u0161estn\u00e1ctilet\u00e9ho z\u00e1zraku r\u00e1zem krou\u017eily p\u0159edn\u00ed anglick\u00e9 kluby, s nab\u00eddkou nakonec usp\u011bl Arsenal, kter\u00fd Walcotta koupil v lednu 2006 za \u010d\u00e1stku \u0161plhaj\u00edc\u00ed k 12 milion\u016fm liber. Po p\u016flro\u010dn\u00ed aklimatizaci Walcott pov\u00fd\u0161il do prvn\u00edho t\u00fdmu. Sv\u00e9 m\u00edsto si na\u0161el na prav\u00e9m k\u0159\u00eddle, kde svou p\u0159\u00edmo\u010darost\u00ed a rychlost\u00ed komplikoval \u017eivot nejednomu soupe\u0159ovu obr\u00e1nci.<\/p>\n<p>A\u010dkoliv se Walcott rychle stal st\u00e1l\u00fdm \u010dlenem v\u00fdb\u011bru mana\u017eera Wengera, nikdy nenaplnil potenci\u00e1l \u0161pi\u010dkov\u00e9ho sv\u011btov\u00e9ho hr\u00e1\u010de, jak mu bylo p\u0159edpov\u00edd\u00e1no v ml\u00e1de\u017enick\u00fdch letech. Z\u010d\u00e1sti za to mohou opakovan\u00e1 zran\u011bn\u00ed, z\u010d\u00e1sti nevyrovnan\u00e9 v\u00fdkony, kdy si sice po celou dobu udr\u017eoval slu\u0161nou produktivitu, ov\u0161em kritici mu vy\u010d\u00edtali chyb\u011bj\u00edc\u00ed fotbalov\u00e9 my\u0161len\u00ed a mal\u00fd p\u0159\u00ednos v\u00a0mezih\u0159e mu\u017estva. I to pat\u0159ilo k\u00a0d\u016fvod\u016fm, pro\u010d ho Wenger ne\u017e do \u00fatoku preferoval stav\u011bt do k\u0159\u00eddeln\u00edch pozic\u00edch, a\u010d s\u00e1m hr\u00e1\u010d nejednou nazna\u010dil opa\u010dn\u00e1 p\u0159\u00e1n\u00ed.<\/p>\n<p>Kdy\u017e v sez\u00f3n\u011b 2017\/18 Walcott pravideln\u011b used\u00e1val mezi n\u00e1hradn\u00edky, p\u0159esto\u017ee v p\u0159edch\u00e1zej\u00edc\u00edm ro\u010dn\u00edku nast\u0159\u00edlel 19 sout\u011b\u017en\u00edch branek, rozhodl se pro zm\u011bnu p\u016fsobi\u0161t\u011b. Z\u00e1jem okam\u017eit\u011b projevil mana\u017eer Evertonu Sam Allardyce, kter\u00fd za n\u011bj nev\u00e1hal vyplatit 20 milion\u016f liber. Walcott opustil Gunners jako trojn\u00e1sobn\u00fdch v\u00edt\u011bz FA Cupu a p\u00e1t\u00fd nejlep\u0161\u00ed st\u0159elec a nahr\u00e1va\u010d v klubov\u00e9 \u00e9\u0159e Premier League. V 270 ligov\u00fdch utk\u00e1n\u00edch zaznamenal 65 g\u00f3l\u016f a 43 asistenc\u00ed.<\/p>\n<p>Do Evertonu p\u0159i\u0161el v 28 letech jako zku\u0161en\u00fdch anglick\u00fd reprezentant s t\u00e9m\u011b\u0159 50 starty a s nad\u011bj\u00ed st\u00e1t se l\u00eddrem t\u00fdmu, na co\u017e v o pozn\u00e1n\u00ed siln\u011bj\u0161\u00edm Arsenalu nikdy nedos\u00e1hl. <em>\u201eDo Evertonu jsem cht\u011bl, proto\u017ee jedn\u00e1 se o velmi ambici\u00f3zn\u00ed celek, kter\u00fd by r\u00e1d prorazil do vy\u0161\u0161\u00edch pater tabulky. Nav\u00edc se v p\u0159\u00ed\u0161t\u00edch letech bude st\u011bhovat na nov\u00fd stadium. Everton \u010dekaj\u00ed vzru\u0161uj\u00edc\u00ed \u010dasy. Z osobn\u00edho hlediska jsem pln\u00fd o\u010dek\u00e1v\u00e1n\u00ed za\u010d\u00edt novou kapitolu, mysl\u00edm, \u017ee jsem si vybral spr\u00e1vn\u00e9 m\u00edsto. Jsem p\u0159ipraven\u00fd pracovat na sto procent a uk\u00e1zat, co ve m\u011b v\u011bz\u00ed,&#8220;<\/em>\u00a0prozradil s modr\u00fdm dresem p\u00f3zuj\u00edc\u00ed Walcott.<\/p>\n<p>A vysn\u011bn\u00e1 posila mana\u017eera Sama Allardycea zah\u00e1jila sv\u00e9 p\u016fsoben\u00ed v modr\u00e9m dresu vskutku impozantn\u011b, v prvn\u00edch dvou startech se uvedla dv\u011bma brankami a asistenc\u00ed. Do konce ro\u010dn\u00edku 2017\/18 potom pod\u00e1vala slu\u0161n\u00e9 v\u00fdkony a p\u0159idala dal\u0161\u00ed g\u00f3l a dv\u011b p\u0159ihr\u00e1vky.<\/p>\n<p>Nad\u011bjn\u00fd p\u016flrok ale m\u00edsto napl\u0148ov\u00e1n\u00ed neskromn\u00fdch ambic\u00ed vyst\u0159\u00eddal pomal\u00fd v\u00fdkonnostn\u00ed \u00fapadek. S nov\u00fdm mana\u017eerem Marcem Silvou p\u0159e\u0161el Everton od s\u00e1zky na brejky k v\u00edce kombina\u010dn\u00edmu stylu hry, v n\u011bm\u017e se zbrkl\u00fd a kreativn\u011b slab\u0161\u00ed Walcott ztr\u00e1cel.<\/p>\n<p>I kdy\u017e v sez\u00f3n\u00e1ch 2018\/19 a 2019\/20 nastupoval pravideln\u011b, jeho p\u0159\u00ednos pro t\u00fdm se omezil jen na n\u011bkolik sv\u011btl\u00fdch moment\u016f. Nebylo tak p\u0159ekvapiv\u00e9, \u017ee b\u011bhem pozdn\u00edho l\u00e9ta 2020 Walcott zm\u011bnil p\u016fsobi\u0161t\u011b. Rok p\u0159ed koncem smlouvy v Evertonu se formou hostov\u00e1n\u00ed do konce sez\u00f3ny vr\u00e1til po 14 letech do Southamptonu, sv\u00e9ho mate\u0159sk\u00e9ho celku, v jeho\u017e dresu dok\u00e1zal vypracovat mezi platn\u00e9 hr\u00e1\u010de, a tak kdy\u017e ho v l\u00e9t\u011b 2021 Everton po vypr\u0161en\u00ed smlouvy propustil ze sv\u00fdch slu\u017eeb, obratem natrvalo op\u011bt zakotvil na St Mary&#8217;s Stadium.<\/p>\n<p>Toffees opustil s bilanc\u00ed 85 odehran\u00fdch z\u00e1pas\u016f, v nich\u017e zaknihoval podpr\u016fm\u011brn\u00fdch 11 branek a dev\u011bt asistenc\u00ed. Nevyda\u0159en\u00e1 koup\u011b i vzhledem k vysok\u00e9 po\u0159izovac\u00ed cen\u011b a platu p\u0159es 100 tis\u00edc liber t\u00fddn\u011b.<\/p>\n","protected":false},"excerpt":{"rendered":"<p>Narozen:\u00a016. 03. 1989, Stanmore, Anglie V\u00fd\u0161ka:\u00a0176 cm V\u00e1ha:\u00a068 kg Post:\u00a0K\u0159\u00eddeln\u00edk V EFC od:\u00a017. 01. 2018 Do:\u00a030. 06. 2021 Walcotta, rod\u00e1ka&hellip;<\/p>\n","protected":false},"author":6,"featured_media":0,"parent":70,"menu_order":0,"comment_status":"closed","ping_status":"closed","template":"","meta":{"_eb_attr":"","_monsterinsights_skip_tracking":false,"_monsterinsights_sitenote_active":false,"_monsterinsights_sitenote_note":"","_monsterinsights_sitenote_category":0,"footnotes":""},"yoast_head":"<!-- This site is optimized with the Yoast SEO plugin v23.4 - https:\/\/yoast.com\/wordpress\/plugins\/seo\/ -->\n<title>Theo James Walcott - Official Czech &amp; Slovak Everton Supporters&#039; Club<\/title>\n<meta name=\"robots\" content=\"index, follow, max-snippet:-1, max-image-preview:large, max-video-preview:-1\" \/>\n<link rel=\"canonical\" href=\"https:\/\/evertonfc.cz\/index.php\/soupiska\/theo-walcott\/\" \/>\n<meta property=\"og:locale\" content=\"cs_CZ\" \/>\n<meta property=\"og:type\" content=\"article\" \/>\n<meta property=\"og:title\" content=\"Theo James Walcott - Official Czech &amp; Slovak Everton Supporters&#039; Club\" \/>\n<meta property=\"og:description\" content=\"Narozen:\u00a016. 03. 1989, Stanmore, Anglie V\u00fd\u0161ka:\u00a0176 cm V\u00e1ha:\u00a068 kg Post:\u00a0K\u0159\u00eddeln\u00edk V EFC od:\u00a017. 01. 2018 Do:\u00a030. 06. 2021 Walcotta, rod\u00e1ka&hellip;\" \/>\n<meta property=\"og:url\" content=\"https:\/\/evertonfc.cz\/index.php\/soupiska\/theo-walcott\/\" \/>\n<meta property=\"og:site_name\" content=\"Official Czech &amp; Slovak Everton Supporters&#039; Club\" \/>\n<meta property=\"article:publisher\" content=\"https:\/\/www.facebook.com\/everton.fans.cz.sk\" \/>\n<meta property=\"article:modified_time\" content=\"2021-06-05T19:19:07+00:00\" \/>\n<meta property=\"og:image\" content=\"https:\/\/evertonfc.cz\/wp-content\/uploads\/2020\/10\/theo_walcott.png\" \/>\n<meta name=\"twitter:card\" content=\"summary_large_image\" \/>\n<meta name=\"twitter:label1\" content=\"Odhadovan\u00e1 doba \u010dten\u00ed\" \/>\n\t<meta name=\"twitter:data1\" content=\"3 minuty\" \/>\n<script type=\"application\/ld+json\" class=\"yoast-schema-graph\">{\"@context\":\"https:\/\/schema.org\",\"@graph\":[{\"@type\":\"WebPage\",\"@id\":\"https:\/\/evertonfc.cz\/index.php\/soupiska\/theo-walcott\/\",\"url\":\"https:\/\/evertonfc.cz\/index.php\/soupiska\/theo-walcott\/\",\"name\":\"Theo James Walcott - Official Czech &amp; Slovak Everton Supporters&#039; Club\",\"isPartOf\":{\"@id\":\"https:\/\/evertonfc.cz\/#website\"},\"primaryImageOfPage\":{\"@id\":\"https:\/\/evertonfc.cz\/index.php\/soupiska\/theo-walcott\/#primaryimage\"},\"image\":{\"@id\":\"https:\/\/evertonfc.cz\/index.php\/soupiska\/theo-walcott\/#primaryimage\"},\"thumbnailUrl\":\"https:\/\/evertonfc.cz\/wp-content\/uploads\/2020\/10\/theo_walcott.png\",\"datePublished\":\"2019-01-05T20:22:52+00:00\",\"dateModified\":\"2021-06-05T19:19:07+00:00\",\"breadcrumb\":{\"@id\":\"https:\/\/evertonfc.cz\/index.php\/soupiska\/theo-walcott\/#breadcrumb\"},\"inLanguage\":\"cs\",\"potentialAction\":[{\"@type\":\"ReadAction\",\"target\":[\"https:\/\/evertonfc.cz\/index.php\/soupiska\/theo-walcott\/\"]}]},{\"@type\":\"ImageObject\",\"inLanguage\":\"cs\",\"@id\":\"https:\/\/evertonfc.cz\/index.php\/soupiska\/theo-walcott\/#primaryimage\",\"url\":\"https:\/\/evertonfc.cz\/wp-content\/uploads\/2020\/10\/theo_walcott.png\",\"contentUrl\":\"https:\/\/evertonfc.cz\/wp-content\/uploads\/2020\/10\/theo_walcott.png\",\"width\":80,\"height\":83},{\"@type\":\"BreadcrumbList\",\"@id\":\"https:\/\/evertonfc.cz\/index.php\/soupiska\/theo-walcott\/#breadcrumb\",\"itemListElement\":[{\"@type\":\"ListItem\",\"position\":1,\"name\":\"Home\",\"item\":\"https:\/\/evertonfc.cz\/\"},{\"@type\":\"ListItem\",\"position\":2,\"name\":\"Soupiska\",\"item\":\"https:\/\/evertonfc.cz\/index.php\/soupiska\/\"},{\"@type\":\"ListItem\",\"position\":3,\"name\":\"Theo James Walcott\"}]},{\"@type\":\"WebSite\",\"@id\":\"https:\/\/evertonfc.cz\/#website\",\"url\":\"https:\/\/evertonfc.cz\/\",\"name\":\"Official Czech &amp; Slovak Everton Supporters&#039; Club\",\"description\":\"\",\"publisher\":{\"@id\":\"https:\/\/evertonfc.cz\/#organization\"},\"potentialAction\":[{\"@type\":\"SearchAction\",\"target\":{\"@type\":\"EntryPoint\",\"urlTemplate\":\"https:\/\/evertonfc.cz\/?s={search_term_string}\"},\"query-input\":{\"@type\":\"PropertyValueSpecification\",\"valueRequired\":true,\"valueName\":\"search_term_string\"}}],\"inLanguage\":\"cs\"},{\"@type\":\"Organization\",\"@id\":\"https:\/\/evertonfc.cz\/#organization\",\"name\":\"Official Czech & Slovak Everton Supporters' Club\",\"url\":\"https:\/\/evertonfc.cz\/\",\"logo\":{\"@type\":\"ImageObject\",\"inLanguage\":\"cs\",\"@id\":\"https:\/\/evertonfc.cz\/#\/schema\/logo\/image\/\",\"url\":\"https:\/\/evertonfc.cz\/wp-content\/uploads\/2019\/05\/logo.png\",\"contentUrl\":\"https:\/\/evertonfc.cz\/wp-content\/uploads\/2019\/05\/logo.png\",\"width\":112,\"height\":112,\"caption\":\"Official Czech & Slovak Everton Supporters' Club\"},\"image\":{\"@id\":\"https:\/\/evertonfc.cz\/#\/schema\/logo\/image\/\"},\"sameAs\":[\"https:\/\/www.facebook.com\/everton.fans.cz.sk\"]}]}<\/script>\n<!-- \/ Yoast SEO plugin. -->","yoast_head_json":{"title":"Theo James Walcott - Official Czech &amp; Slovak Everton Supporters&#039; Club","robots":{"index":"index","follow":"follow","max-snippet":"max-snippet:-1","max-image-preview":"max-image-preview:large","max-video-preview":"max-video-preview:-1"},"canonical":"https:\/\/evertonfc.cz\/index.php\/soupiska\/theo-walcott\/","og_locale":"cs_CZ","og_type":"article","og_title":"Theo James Walcott - Official Czech &amp; Slovak Everton Supporters&#039; Club","og_description":"Narozen:\u00a016. 03. 1989, Stanmore, Anglie V\u00fd\u0161ka:\u00a0176 cm V\u00e1ha:\u00a068 kg Post:\u00a0K\u0159\u00eddeln\u00edk V EFC od:\u00a017. 01. 2018 Do:\u00a030. 06. 2021 Walcotta, rod\u00e1ka&hellip;","og_url":"https:\/\/evertonfc.cz\/index.php\/soupiska\/theo-walcott\/","og_site_name":"Official Czech &amp; Slovak Everton Supporters&#039; Club","article_publisher":"https:\/\/www.facebook.com\/everton.fans.cz.sk","article_modified_time":"2021-06-05T19:19:07+00:00","og_image":[{"url":"https:\/\/evertonfc.cz\/wp-content\/uploads\/2020\/10\/theo_walcott.png"}],"twitter_card":"summary_large_image","twitter_misc":{"Odhadovan\u00e1 doba \u010dten\u00ed":"3 minuty"},"schema":{"@context":"https:\/\/schema.org","@graph":[{"@type":"WebPage","@id":"https:\/\/evertonfc.cz\/index.php\/soupiska\/theo-walcott\/","url":"https:\/\/evertonfc.cz\/index.php\/soupiska\/theo-walcott\/","name":"Theo James Walcott - Official Czech &amp; Slovak Everton Supporters&#039; Club","isPartOf":{"@id":"https:\/\/evertonfc.cz\/#website"},"primaryImageOfPage":{"@id":"https:\/\/evertonfc.cz\/index.php\/soupiska\/theo-walcott\/#primaryimage"},"image":{"@id":"https:\/\/evertonfc.cz\/index.php\/soupiska\/theo-walcott\/#primaryimage"},"thumbnailUrl":"https:\/\/evertonfc.cz\/wp-content\/uploads\/2020\/10\/theo_walcott.png","datePublished":"2019-01-05T20:22:52+00:00","dateModified":"2021-06-05T19:19:07+00:00","breadcrumb":{"@id":"https:\/\/evertonfc.cz\/index.php\/soupiska\/theo-walcott\/#breadcrumb"},"inLanguage":"cs","potentialAction":[{"@type":"ReadAction","target":["https:\/\/evertonfc.cz\/index.php\/soupiska\/theo-walcott\/"]}]},{"@type":"ImageObject","inLanguage":"cs","@id":"https:\/\/evertonfc.cz\/index.php\/soupiska\/theo-walcott\/#primaryimage","url":"https:\/\/evertonfc.cz\/wp-content\/uploads\/2020\/10\/theo_walcott.png","contentUrl":"https:\/\/evertonfc.cz\/wp-content\/uploads\/2020\/10\/theo_walcott.png","width":80,"height":83},{"@type":"BreadcrumbList","@id":"https:\/\/evertonfc.cz\/index.php\/soupiska\/theo-walcott\/#breadcrumb","itemListElement":[{"@type":"ListItem","position":1,"name":"Home","item":"https:\/\/evertonfc.cz\/"},{"@type":"ListItem","position":2,"name":"Soupiska","item":"https:\/\/evertonfc.cz\/index.php\/soupiska\/"},{"@type":"ListItem","position":3,"name":"Theo James Walcott"}]},{"@type":"WebSite","@id":"https:\/\/evertonfc.cz\/#website","url":"https:\/\/evertonfc.cz\/","name":"Official Czech &amp; Slovak Everton Supporters&#039; Club","description":"","publisher":{"@id":"https:\/\/evertonfc.cz\/#organization"},"potentialAction":[{"@type":"SearchAction","target":{"@type":"EntryPoint","urlTemplate":"https:\/\/evertonfc.cz\/?s={search_term_string}"},"query-input":{"@type":"PropertyValueSpecification","valueRequired":true,"valueName":"search_term_string"}}],"inLanguage":"cs"},{"@type":"Organization","@id":"https:\/\/evertonfc.cz\/#organization","name":"Official Czech & Slovak Everton Supporters' Club","url":"https:\/\/evertonfc.cz\/","logo":{"@type":"ImageObject","inLanguage":"cs","@id":"https:\/\/evertonfc.cz\/#\/schema\/logo\/image\/","url":"https:\/\/evertonfc.cz\/wp-content\/uploads\/2019\/05\/logo.png","contentUrl":"https:\/\/evertonfc.cz\/wp-content\/uploads\/2019\/05\/logo.png","width":112,"height":112,"caption":"Official Czech & Slovak Everton Supporters' Club"},"image":{"@id":"https:\/\/evertonfc.cz\/#\/schema\/logo\/image\/"},"sameAs":["https:\/\/www.facebook.com\/everton.fans.cz.sk"]}]}},"_links":{"self":[{"href":"https:\/\/evertonfc.cz\/index.php\/wp-json\/wp\/v2\/pages\/877"}],"collection":[{"href":"https:\/\/evertonfc.cz\/index.php\/wp-json\/wp\/v2\/pages"}],"about":[{"href":"https:\/\/evertonfc.cz\/index.php\/wp-json\/wp\/v2\/types\/page"}],"author":[{"embeddable":true,"href":"https:\/\/evertonfc.cz\/index.php\/wp-json\/wp\/v2\/users\/6"}],"replies":[{"embeddable":true,"href":"https:\/\/evertonfc.cz\/index.php\/wp-json\/wp\/v2\/comments?post=877"}],"version-history":[{"count":7,"href":"https:\/\/evertonfc.cz\/index.php\/wp-json\/wp\/v2\/pages\/877\/revisions"}],"predecessor-version":[{"id":15510,"href":"https:\/\/evertonfc.cz\/index.php\/wp-json\/wp\/v2\/pages\/877\/revisions\/15510"}],"up":[{"embeddable":true,"href":"https:\/\/evertonfc.cz\/index.php\/wp-json\/wp\/v2\/pages\/70"}],"wp:attachment":[{"href":"https:\/\/evertonfc.cz\/index.php\/wp-json\/wp\/v2\/media?parent=877"}],"curies":[{"name":"wp","href":"https:\/\/api.w.org\/{rel}","templated":true}]}}