{"id":879,"date":"2019-01-05T21:24:52","date_gmt":"2019-01-05T20:24:52","guid":{"rendered":"http:\/\/evertonfc.cz\/?page_id=879"},"modified":"2022-06-15T22:53:53","modified_gmt":"2022-06-15T20:53:53","slug":"cenk-tosun","status":"publish","type":"page","link":"https:\/\/evertonfc.cz\/index.php\/soupiska\/cenk-tosun\/","title":{"rendered":"Cenk Tosun"},"content":{"rendered":"<p><img decoding=\"async\" style=\"float: right; margin-left: 10px; margin-right: 10px;\" src=\"https:\/\/evertonfc.cz\/wp-content\/uploads\/2022\/06\/tosun.png\" \/><strong>Narozen:<\/strong>\u00a007. 06. 1991, Wetzlar, N\u011bmecko<br \/>\n<strong>V\u00fd\u0161ka:<\/strong>\u00a0183 cm<br \/>\n<strong>V\u00e1ha:<\/strong>\u00a078 kg<br \/>\n<strong>Post:<\/strong> \u00dato\u010dn\u00edk<br \/>\n<strong>V EFC od:<\/strong>\u00a004. 01. 2018<br \/>\n<strong>Smlouva do:<\/strong>\u00a030. 06. 2022<\/p>\n<hr \/>\n<p>S p\u016flro\u010dn\u00edm zpo\u017ed\u011bn\u00ed o\u010dek\u00e1van\u00e1 n\u00e1hrada za Romela Lukaka, nejlep\u0161\u00edho klubov\u00e9ho \u00fato\u010dn\u00edka v \u00e9\u0159e Premier League, kter\u00fd v l\u00e9t\u011b 2017 ode\u0161el za 90 milion\u016f liber do Manchesteru United. Tak hlavn\u011b \u017e\u00e1dn\u00fd tlak.<\/p>\n<p>Cenk Tosun se narodil v N\u011bmecku, ov\u0161em do sv\u011bta profesion\u00e1ln\u00edho fotbalu prorazil a\u017e po p\u0159esunu do Turecka (odkud poch\u00e1z\u00ed jeho p\u0159edkov\u00e9) v roce 2011. Jako rozumn\u00e9 se uk\u00e1zalo, \u017ee vym\u011bnil mate\u0159sk\u00fd Eintracht Frankfurt za Gaziantepspor. V celku s\u00eddl\u00edc\u00edm nedaleko hranic se S\u00fdri\u00ed vs\u00edtil b\u011bhem t\u0159\u00ed let 39 branek a vyslou\u017eil si p\u0159estup do o pozn\u00e1n\u00ed slavn\u011bj\u0161\u00edho Besiktase.<\/p>\n<p>Transferem do Istanbulu se Tosun\u016fv talent je\u0161t\u011b rozvinul, odm\u011bnou mu byla pozv\u00e1nka do tureck\u00e9 reprezentace a pozornost \u0159ady evropsk\u00fdch klub\u016f. Touha zahr\u00e1t si Premier League nakonec p\u0159ev\u00e1\u017eila misky vah na stranu Evertonu, jen\u017e po Nov\u00e9m roce 2018 uhradil Besiktasi z\u00e1kladn\u00ed \u010d\u00e1stku ve v\u00fd\u0161i 20,5 milionu liber, p\u0159i\u010dem\u017e dal\u0161\u00ed miliony m\u016f\u017ee doplatit v zavilosti na hr\u00e1\u010dov\u00fdch vyda\u0159en\u00fdch v\u00fdkonech.<em>\u00a0\u201eTosun je moment\u00e1ln\u011b tureck\u00fd \u00fato\u010dn\u00edk \u010d\u00edslo jedna, co\u017e prok\u00e1zal i brankami v Lize mistr\u016f. M\u00e1 dobr\u00fd pohyb, um\u00ed st\u0159\u00edlet ob\u011bma nohama, efektivn\u00ed je tak\u00e9 ve vzduchu,&#8220;<\/em>\u00a0p\u0159iv\u00edtal novou posilu mana\u017eer Toffees Sam Allardyce.<\/p>\n<p>1,83 metru vysok\u00fd fotbalista bude cht\u00edt na Goodison Parku nav\u00e1zat na v\u0159el\u00fd vztah s fanou\u0161ky Besiktase. Ti si ho krom\u011b p\u0159\u00edstupu obl\u00edbili i d\u00edky brank\u00e1m, v 96 z\u00e1pasech za 3,5 roku jich nast\u0159\u00e1dal 41.<\/p>\n<p>Tosun\u016fv prvn\u00ed p\u016flrok na Merseyside se zd\u00e1l nad\u011bjn\u00fd, postupem \u010dasu v\u0161ak vy\u0161lo najevo, \u017ee jde jen o pr\u016fm\u011brn\u00e9ho hr\u00e1\u010de, kter\u00fd se nedok\u00e1\u017ee adaptovat p\u0159i zm\u011bn\u011b tren\u00e9ra. Marco Silva, jmenovan\u00fd m\u00edsto Allardycea v l\u00e9t\u011b 2018, p\u0159estal jeho slu\u017eby vyu\u017e\u00edvat ji\u017e po des\u00edtce z\u00e1pas\u016f, v nich\u017e nep\u0159esv\u011bd\u010dil jak produktivitou, tak\u00a0 p\u0159\u00ednosem. Jeho Achillovou patou byly rychlost, neochota pracovat pro t\u00fdm p\u0159i napad\u00e1n\u00ed a roztahov\u00e1n\u00ed h\u0159i\u0161t\u011b n\u00e1b\u011bhy.<\/p>\n<p>Tosun st\u00e1le v\u00edce \u010dasu vysed\u00e1val na lavi\u010dce n\u00e1hradn\u00edk\u016f \u010di na tribun\u011b, p\u0159ednost v \u00fatoku dost\u00e1vali Calvert-Lewin, Richarlison a Kean, proto se Everton sna\u017eil drah\u00e9ho Turka udat na p\u0159estupov\u00e9m trhu. V l\u00e9t\u011b 2019 to je\u0161t\u011b nevy\u0161lo, ale o \u0161est m\u011bs\u00edc\u016f pozd\u011bji ho na p\u016flro\u010dn\u00ed hostov\u00e1n\u00ed z\u00edskal Crystal Palace. U Eagles ale Turek dlouho nevydr\u017eel, jen p\u00e1r t\u00fddn\u016f od p\u0159\u00edchodu si v tr\u00e9ninku p\u0159etrhl p\u0159edn\u00ed zk\u0159\u00ed\u017een\u00fd kolenn\u00ed vaz, a tak se vr\u00e1til do Evertonu, v jeho\u017e p\u00e9\u010di bude po absolvov\u00e1n\u00ed nutn\u00e9 operace n\u011bkolik m\u011bs\u00edc\u016f <span class=\"st\">rekonvalescovat.\u00a0<\/span><\/p>\n<p>Z v\u00e1\u017en\u00e9ho zran\u011bn\u00ed se Tosun uzdravil ji\u017e b\u011bhem pozdn\u00edho l\u00e9ta 2020, mana\u017eer Carlo Ancelotti s n\u00edm ale ve sv\u00fdch pl\u00e1nech nepo\u010d\u00edtal. V prvn\u00ed ligov\u00e9ho ro\u010dn\u00edku 2020\/21 odehr\u00e1l pouze 43 minut rozd\u011blen\u00fdch do p\u011bti z\u00e1pas\u016f. V z\u00e1kladn\u00ed sestav\u011b se objevil pouze v lednov\u00e9m duelu FA Cupu s Rotherhamem, v n\u011bm\u017e se sice g\u00f3lov\u011b prosadil, sv\u00fdm startem se ale m\u011bl sp\u00ed\u0161e p\u0159ipomenout potenci\u00e1ln\u00edm z\u00e1jemc\u016fm na p\u0159estupov\u00e9m trhu. Pro druhou polovinu sez\u00f3ny si nakonec opravdu na\u0161el nov\u00e9 p\u016fsobi\u0161t\u011b, v r\u00e1mci hostov\u00e1n\u00ed se vr\u00e1til do Besiktase, odkud p\u0159ed t\u0159emi lety p\u0159estoupil na Goodison Parku. Ov\u0161em tak\u00e9 na hostov\u00e1n\u00ed v Turecku si v\u00e1\u017en\u011b poranil koleno a vypadl se hry na p\u016flroku a\u017e do podzimu 201.<\/p>\n<p>Ve zbytku sez\u00f3ny 2021\/22 z\u016fstal Tosun v Evertonu, \u0161anci v z\u00e1pase u\u017e ale dostal a po konci sez\u00f3ny opustil klub jako voln\u00fd hr\u00e1\u010d. Za Blues celkem odehr\u00e1l pouze 61 z\u00e1pas\u016f a vst\u0159elil 11 branek. Velmi nepoveden\u00fd p\u0159estup.<\/p>\n","protected":false},"excerpt":{"rendered":"<p>Narozen:\u00a007. 06. 1991, Wetzlar, N\u011bmecko V\u00fd\u0161ka:\u00a0183 cm V\u00e1ha:\u00a078 kg Post: \u00dato\u010dn\u00edk V EFC od:\u00a004. 01. 2018 Smlouva do:\u00a030. 06. 2022&hellip;<\/p>\n","protected":false},"author":6,"featured_media":0,"parent":70,"menu_order":0,"comment_status":"closed","ping_status":"closed","template":"","meta":{"_eb_attr":"","_monsterinsights_skip_tracking":false,"_monsterinsights_sitenote_active":false,"_monsterinsights_sitenote_note":"","_monsterinsights_sitenote_category":0,"footnotes":""},"yoast_head":"<!-- This site is optimized with the Yoast SEO plugin v23.4 - https:\/\/yoast.com\/wordpress\/plugins\/seo\/ -->\n<title>Cenk Tosun - Official Czech &amp; Slovak Everton Supporters&#039; Club<\/title>\n<meta name=\"robots\" content=\"index, follow, max-snippet:-1, max-image-preview:large, max-video-preview:-1\" \/>\n<link rel=\"canonical\" href=\"https:\/\/evertonfc.cz\/index.php\/soupiska\/cenk-tosun\/\" \/>\n<meta property=\"og:locale\" content=\"cs_CZ\" \/>\n<meta property=\"og:type\" content=\"article\" \/>\n<meta property=\"og:title\" content=\"Cenk Tosun - Official Czech &amp; Slovak Everton Supporters&#039; Club\" \/>\n<meta property=\"og:description\" content=\"Narozen:\u00a007. 06. 1991, Wetzlar, N\u011bmecko V\u00fd\u0161ka:\u00a0183 cm V\u00e1ha:\u00a078 kg Post: \u00dato\u010dn\u00edk V EFC od:\u00a004. 01. 2018 Smlouva do:\u00a030. 06. 2022&hellip;\" \/>\n<meta property=\"og:url\" content=\"https:\/\/evertonfc.cz\/index.php\/soupiska\/cenk-tosun\/\" \/>\n<meta property=\"og:site_name\" content=\"Official Czech &amp; Slovak Everton Supporters&#039; Club\" \/>\n<meta property=\"article:publisher\" content=\"https:\/\/www.facebook.com\/everton.fans.cz.sk\" \/>\n<meta property=\"article:modified_time\" content=\"2022-06-15T20:53:53+00:00\" \/>\n<meta property=\"og:image\" content=\"https:\/\/evertonfc.cz\/wp-content\/uploads\/2022\/06\/tosun.png\" \/>\n<meta name=\"twitter:card\" content=\"summary_large_image\" \/>\n<meta name=\"twitter:label1\" content=\"Odhadovan\u00e1 doba \u010dten\u00ed\" \/>\n\t<meta name=\"twitter:data1\" content=\"4 minuty\" \/>\n<script type=\"application\/ld+json\" class=\"yoast-schema-graph\">{\"@context\":\"https:\/\/schema.org\",\"@graph\":[{\"@type\":\"WebPage\",\"@id\":\"https:\/\/evertonfc.cz\/index.php\/soupiska\/cenk-tosun\/\",\"url\":\"https:\/\/evertonfc.cz\/index.php\/soupiska\/cenk-tosun\/\",\"name\":\"Cenk Tosun - Official Czech &amp; Slovak Everton Supporters&#039; Club\",\"isPartOf\":{\"@id\":\"https:\/\/evertonfc.cz\/#website\"},\"primaryImageOfPage\":{\"@id\":\"https:\/\/evertonfc.cz\/index.php\/soupiska\/cenk-tosun\/#primaryimage\"},\"image\":{\"@id\":\"https:\/\/evertonfc.cz\/index.php\/soupiska\/cenk-tosun\/#primaryimage\"},\"thumbnailUrl\":\"https:\/\/evertonfc.cz\/wp-content\/uploads\/2022\/06\/tosun.png\",\"datePublished\":\"2019-01-05T20:24:52+00:00\",\"dateModified\":\"2022-06-15T20:53:53+00:00\",\"breadcrumb\":{\"@id\":\"https:\/\/evertonfc.cz\/index.php\/soupiska\/cenk-tosun\/#breadcrumb\"},\"inLanguage\":\"cs\",\"potentialAction\":[{\"@type\":\"ReadAction\",\"target\":[\"https:\/\/evertonfc.cz\/index.php\/soupiska\/cenk-tosun\/\"]}]},{\"@type\":\"ImageObject\",\"inLanguage\":\"cs\",\"@id\":\"https:\/\/evertonfc.cz\/index.php\/soupiska\/cenk-tosun\/#primaryimage\",\"url\":\"https:\/\/evertonfc.cz\/wp-content\/uploads\/2022\/06\/tosun.png\",\"contentUrl\":\"https:\/\/evertonfc.cz\/wp-content\/uploads\/2022\/06\/tosun.png\",\"width\":80,\"height\":83},{\"@type\":\"BreadcrumbList\",\"@id\":\"https:\/\/evertonfc.cz\/index.php\/soupiska\/cenk-tosun\/#breadcrumb\",\"itemListElement\":[{\"@type\":\"ListItem\",\"position\":1,\"name\":\"Home\",\"item\":\"https:\/\/evertonfc.cz\/\"},{\"@type\":\"ListItem\",\"position\":2,\"name\":\"Soupiska\",\"item\":\"https:\/\/evertonfc.cz\/index.php\/soupiska\/\"},{\"@type\":\"ListItem\",\"position\":3,\"name\":\"Cenk Tosun\"}]},{\"@type\":\"WebSite\",\"@id\":\"https:\/\/evertonfc.cz\/#website\",\"url\":\"https:\/\/evertonfc.cz\/\",\"name\":\"Official Czech &amp; Slovak Everton Supporters&#039; Club\",\"description\":\"\",\"publisher\":{\"@id\":\"https:\/\/evertonfc.cz\/#organization\"},\"potentialAction\":[{\"@type\":\"SearchAction\",\"target\":{\"@type\":\"EntryPoint\",\"urlTemplate\":\"https:\/\/evertonfc.cz\/?s={search_term_string}\"},\"query-input\":{\"@type\":\"PropertyValueSpecification\",\"valueRequired\":true,\"valueName\":\"search_term_string\"}}],\"inLanguage\":\"cs\"},{\"@type\":\"Organization\",\"@id\":\"https:\/\/evertonfc.cz\/#organization\",\"name\":\"Official Czech & Slovak Everton Supporters' Club\",\"url\":\"https:\/\/evertonfc.cz\/\",\"logo\":{\"@type\":\"ImageObject\",\"inLanguage\":\"cs\",\"@id\":\"https:\/\/evertonfc.cz\/#\/schema\/logo\/image\/\",\"url\":\"https:\/\/evertonfc.cz\/wp-content\/uploads\/2019\/05\/logo.png\",\"contentUrl\":\"https:\/\/evertonfc.cz\/wp-content\/uploads\/2019\/05\/logo.png\",\"width\":112,\"height\":112,\"caption\":\"Official Czech & Slovak Everton Supporters' Club\"},\"image\":{\"@id\":\"https:\/\/evertonfc.cz\/#\/schema\/logo\/image\/\"},\"sameAs\":[\"https:\/\/www.facebook.com\/everton.fans.cz.sk\"]}]}<\/script>\n<!-- \/ Yoast SEO plugin. -->","yoast_head_json":{"title":"Cenk Tosun - Official Czech &amp; Slovak Everton Supporters&#039; Club","robots":{"index":"index","follow":"follow","max-snippet":"max-snippet:-1","max-image-preview":"max-image-preview:large","max-video-preview":"max-video-preview:-1"},"canonical":"https:\/\/evertonfc.cz\/index.php\/soupiska\/cenk-tosun\/","og_locale":"cs_CZ","og_type":"article","og_title":"Cenk Tosun - Official Czech &amp; Slovak Everton Supporters&#039; Club","og_description":"Narozen:\u00a007. 06. 1991, Wetzlar, N\u011bmecko V\u00fd\u0161ka:\u00a0183 cm V\u00e1ha:\u00a078 kg Post: \u00dato\u010dn\u00edk V EFC od:\u00a004. 01. 2018 Smlouva do:\u00a030. 06. 2022&hellip;","og_url":"https:\/\/evertonfc.cz\/index.php\/soupiska\/cenk-tosun\/","og_site_name":"Official Czech &amp; Slovak Everton Supporters&#039; Club","article_publisher":"https:\/\/www.facebook.com\/everton.fans.cz.sk","article_modified_time":"2022-06-15T20:53:53+00:00","og_image":[{"url":"https:\/\/evertonfc.cz\/wp-content\/uploads\/2022\/06\/tosun.png"}],"twitter_card":"summary_large_image","twitter_misc":{"Odhadovan\u00e1 doba \u010dten\u00ed":"4 minuty"},"schema":{"@context":"https:\/\/schema.org","@graph":[{"@type":"WebPage","@id":"https:\/\/evertonfc.cz\/index.php\/soupiska\/cenk-tosun\/","url":"https:\/\/evertonfc.cz\/index.php\/soupiska\/cenk-tosun\/","name":"Cenk Tosun - Official Czech &amp; Slovak Everton Supporters&#039; Club","isPartOf":{"@id":"https:\/\/evertonfc.cz\/#website"},"primaryImageOfPage":{"@id":"https:\/\/evertonfc.cz\/index.php\/soupiska\/cenk-tosun\/#primaryimage"},"image":{"@id":"https:\/\/evertonfc.cz\/index.php\/soupiska\/cenk-tosun\/#primaryimage"},"thumbnailUrl":"https:\/\/evertonfc.cz\/wp-content\/uploads\/2022\/06\/tosun.png","datePublished":"2019-01-05T20:24:52+00:00","dateModified":"2022-06-15T20:53:53+00:00","breadcrumb":{"@id":"https:\/\/evertonfc.cz\/index.php\/soupiska\/cenk-tosun\/#breadcrumb"},"inLanguage":"cs","potentialAction":[{"@type":"ReadAction","target":["https:\/\/evertonfc.cz\/index.php\/soupiska\/cenk-tosun\/"]}]},{"@type":"ImageObject","inLanguage":"cs","@id":"https:\/\/evertonfc.cz\/index.php\/soupiska\/cenk-tosun\/#primaryimage","url":"https:\/\/evertonfc.cz\/wp-content\/uploads\/2022\/06\/tosun.png","contentUrl":"https:\/\/evertonfc.cz\/wp-content\/uploads\/2022\/06\/tosun.png","width":80,"height":83},{"@type":"BreadcrumbList","@id":"https:\/\/evertonfc.cz\/index.php\/soupiska\/cenk-tosun\/#breadcrumb","itemListElement":[{"@type":"ListItem","position":1,"name":"Home","item":"https:\/\/evertonfc.cz\/"},{"@type":"ListItem","position":2,"name":"Soupiska","item":"https:\/\/evertonfc.cz\/index.php\/soupiska\/"},{"@type":"ListItem","position":3,"name":"Cenk Tosun"}]},{"@type":"WebSite","@id":"https:\/\/evertonfc.cz\/#website","url":"https:\/\/evertonfc.cz\/","name":"Official Czech &amp; Slovak Everton Supporters&#039; Club","description":"","publisher":{"@id":"https:\/\/evertonfc.cz\/#organization"},"potentialAction":[{"@type":"SearchAction","target":{"@type":"EntryPoint","urlTemplate":"https:\/\/evertonfc.cz\/?s={search_term_string}"},"query-input":{"@type":"PropertyValueSpecification","valueRequired":true,"valueName":"search_term_string"}}],"inLanguage":"cs"},{"@type":"Organization","@id":"https:\/\/evertonfc.cz\/#organization","name":"Official Czech & Slovak Everton Supporters' Club","url":"https:\/\/evertonfc.cz\/","logo":{"@type":"ImageObject","inLanguage":"cs","@id":"https:\/\/evertonfc.cz\/#\/schema\/logo\/image\/","url":"https:\/\/evertonfc.cz\/wp-content\/uploads\/2019\/05\/logo.png","contentUrl":"https:\/\/evertonfc.cz\/wp-content\/uploads\/2019\/05\/logo.png","width":112,"height":112,"caption":"Official Czech & Slovak Everton Supporters' Club"},"image":{"@id":"https:\/\/evertonfc.cz\/#\/schema\/logo\/image\/"},"sameAs":["https:\/\/www.facebook.com\/everton.fans.cz.sk"]}]}},"_links":{"self":[{"href":"https:\/\/evertonfc.cz\/index.php\/wp-json\/wp\/v2\/pages\/879"}],"collection":[{"href":"https:\/\/evertonfc.cz\/index.php\/wp-json\/wp\/v2\/pages"}],"about":[{"href":"https:\/\/evertonfc.cz\/index.php\/wp-json\/wp\/v2\/types\/page"}],"author":[{"embeddable":true,"href":"https:\/\/evertonfc.cz\/index.php\/wp-json\/wp\/v2\/users\/6"}],"replies":[{"embeddable":true,"href":"https:\/\/evertonfc.cz\/index.php\/wp-json\/wp\/v2\/comments?post=879"}],"version-history":[{"count":15,"href":"https:\/\/evertonfc.cz\/index.php\/wp-json\/wp\/v2\/pages\/879\/revisions"}],"predecessor-version":[{"id":18903,"href":"https:\/\/evertonfc.cz\/index.php\/wp-json\/wp\/v2\/pages\/879\/revisions\/18903"}],"up":[{"embeddable":true,"href":"https:\/\/evertonfc.cz\/index.php\/wp-json\/wp\/v2\/pages\/70"}],"wp:attachment":[{"href":"https:\/\/evertonfc.cz\/index.php\/wp-json\/wp\/v2\/media?parent=879"}],"curies":[{"name":"wp","href":"https:\/\/api.w.org\/{rel}","templated":true}]}}