{"id":8828,"date":"2019-08-02T10:37:52","date_gmt":"2019-08-02T08:37:52","guid":{"rendered":"https:\/\/evertonfc.cz\/?page_id=8828"},"modified":"2023-01-09T22:43:00","modified_gmt":"2023-01-09T21:43:00","slug":"nathan-broadhead","status":"publish","type":"page","link":"https:\/\/evertonfc.cz\/index.php\/soupiska\/nathan-broadhead\/","title":{"rendered":"Nathan Paul Broadhead"},"content":{"rendered":"<p><img loading=\"lazy\" decoding=\"async\" style=\"float: right; margin-left: 10px; margin-right: 10px;\" src=\"https:\/\/evertonfc.cz\/wp-content\/uploads\/2019\/08\/nathan_broadhed.png\" alt=\"\" width=\"80\" height=\"83\" \/><strong>Narozen:<\/strong> 05. 04. 1998, Bangor, Wales<br \/>\n<strong>V\u00fd\u0161ka:<\/strong> 178 cm<br \/>\n<strong>V\u00e1ha:<\/strong> 73 kg<br \/>\n<strong>Post:\u00a0<\/strong>K\u0159\u00eddeln\u00edk<br \/>\n<strong>V EFC od:<\/strong> Odchovanec<br \/>\n<strong>Do: <\/strong>09. 01. 2023<\/p>\n<hr \/>\n<p>Nathan Broadhead, jinak rod\u00e1k ze severn\u00edho Walesu, se p\u0159ipojil k akademii Evertonu ve v\u011bku 10 let. Postupn\u011b si proch\u00e1zel v\u0161emi ml\u00e1de\u017enick\u00fdmi kategorii a z pozice lev\u00e9ho k\u0159\u00eddeln\u00edka \u010di \u00fato\u010dn\u00edka p\u0159esv\u011bd\u010doval o sv\u00e9m talentu. V sez\u00f3n\u011b 2015\/16 byl vyhl\u00e1\u0161en nejlep\u0161\u00edm hr\u00e1\u010dem v\u00fdb\u011bru Evertonu do 18 let a o dva roky u\u017e za\u010dal pravideln\u011bji nastupovat za klubov\u00fd v\u00fdb\u011br do 23 let. Jeho nejlep\u0161\u00edm hr\u00e1\u010dem se stal v sez\u00f3n\u011b 2018\/19, kdy se velkou m\u011brou p\u0159i\u010dinil o triumfu v lize i poh\u00e1ru.<\/p>\n<p>\u0160ance v prvn\u00edm t\u00fdmu Toffees ale dostal jen jednou, na podzim 2017 nasko\u010dil na z\u00e1v\u011bre\u010dn\u00e9 minuty posledn\u00edho z\u00e1pasu z\u00e1kladn\u00ed skupiny Evropsk\u00e9 ligy na p\u016fd\u011b kypersk\u00e9ho Apollonu Limassolu. Po poveden\u00e9 p\u0159edsez\u00f3nn\u00ed p\u0159\u00edprav\u011b 2019, kterou absolvoval s\u00a0prvn\u00edm t\u00fdmem, nastal nejvy\u0161\u0161\u00ed \u010das, aby se coby 21let\u00fd konfrontoval se seniorsk\u00e9m fotbalem, a tak po prodlou\u017een\u00ed smlouvy do roku 2021 zam\u00ed\u0159il na ro\u010dn\u00ed hostov\u00e1n\u00ed do t\u0159etiligov\u00e9ho Burtonu Albion.<\/p>\n<p>A sv\u00e9 prvn\u00ed seniorsk\u00e9 anga\u017em\u00e1 za\u010dal p\u0159\u00edmo snov\u011b, ve druh\u00e9m z\u00e1pase vst\u0159elil dv\u011b branky p\u0159i v\u00fdh\u0159e 2:1 v Gillinghamu. Av\u0161ak ve sv\u00fdch zb\u00fdvaj\u00edc\u00edch 21 startech v ro\u010dn\u00edku dok\u00e1zal p\u0159idat u\u017e pouze jeden g\u00f3l a t\u0159i asistence. S koncem sez\u00f3ny se potom na h\u0159i\u0161ti objevoval jen sporadicky a v l\u00e9t\u011b 2020 se vr\u00e1til do Evertonu, kde m\u011bl pob\u00fdt jen kr\u00e1tce p\u0159ed odchodem na dal\u0161\u00ed hostov\u00e1n\u00ed, nebo dokonce p\u0159\u00edpadn\u00fd p\u0159estup. Pl\u00e1ny ale zhatilo v\u00e1\u017en\u011bj\u0161\u00ed zran\u011bn\u00ed, a tak po zotaven\u00ed Broadhead dohr\u00e1val ro\u010dn\u00edk 2020\/21 v rezerv\u011b Toffees. Na tr\u00e9ninc\u00edch prvn\u00edho t\u00fdmu ale zaujal mana\u017eera Carla Ancelottiho, kter\u00fd mu v dubnu 2021 dop\u0159\u00e1l debut v Premier League, kdy\u017e vyb\u011bhl na h\u0159i\u0161t\u011b na posledn\u00ed minuty venkovn\u00edho duelu v Brightonu.<\/p>\n<p>V \u010dervnu Broadhead prodlou\u017eil kon\u010d\u00edc\u00ed kontrakt v Evertonu o dva roky a n\u00e1sledn\u011b s prvn\u00edm t\u00fdmem pod veden\u00edm nov\u00e9ho mana\u017eera Rafaela Ben\u00edteze absolvoval povedenou p\u0159edsez\u00f3nn\u00ed p\u0159\u00edpravu, ro\u010dn\u00edk 2021\/22 ale na Goodison Parku nestr\u00e1vil. Na hostov\u00e1n\u00ed zam\u00ed\u0159il do t\u0159etiligov\u00e9ho Sunderlandu, v jeho\u017e dresu se mu vedlo velmi slu\u0161n\u011b. Odehr\u00e1l 20 ligov\u00fdch z\u00e1pas\u016f, zaznamenal 10 branek a sv\u00fdmi v\u00fdkony p\u0159isp\u011bl mu\u017estvu k postupu o patro v\u00fd\u0161e do Championshipu. S Black Cats se ale nakonec Broadhead nedohodl na pokra\u010dov\u00e1n\u00ed spolupr\u00e1ce, druhou ligu si v\u0161ak v sez\u00f3n\u011b 2022\/23 p\u0159esto zahraje. Na hostov\u00e1n\u00ed ho z\u00edskal Wigan Athletic, kde v\u0161ak nakonec vydr\u017eel jen p\u016flrok, b\u011bhem n\u011bho\u017e vst\u0159elil za tr\u00e1p\u00edc\u00ed se t\u00fdm p\u011bt branek ve 22 ligov\u00fdch z\u00e1pasech. Everton si 24let\u00e9ho \u00fato\u010dn\u00edka st\u00e1hl v zim\u011b 2024, aby ho obratem prodal do t\u0159etiligov\u00e9ho Ipswiche Town za \u010d\u00e1stku okolo 1,5 milionu liber. Broadhead se s Toffees nadobro roze\u0161el po 14 letech.<\/p>\n","protected":false},"excerpt":{"rendered":"<p>Narozen: 05. 04. 1998, Bangor, Wales V\u00fd\u0161ka: 178 cm V\u00e1ha: 73 kg Post:\u00a0K\u0159\u00eddeln\u00edk V EFC od: Odchovanec Do: 09. 01.&hellip;<\/p>\n","protected":false},"author":6,"featured_media":0,"parent":70,"menu_order":0,"comment_status":"closed","ping_status":"closed","template":"","meta":{"_eb_attr":"","_monsterinsights_skip_tracking":false,"_monsterinsights_sitenote_active":false,"_monsterinsights_sitenote_note":"","_monsterinsights_sitenote_category":0,"footnotes":""},"yoast_head":"<!-- This site is optimized with the Yoast SEO plugin v23.4 - https:\/\/yoast.com\/wordpress\/plugins\/seo\/ -->\n<title>Nathan Paul Broadhead - Official Czech &amp; Slovak Everton Supporters&#039; Club<\/title>\n<meta name=\"robots\" content=\"index, follow, max-snippet:-1, max-image-preview:large, max-video-preview:-1\" \/>\n<link rel=\"canonical\" href=\"https:\/\/evertonfc.cz\/index.php\/soupiska\/nathan-broadhead\/\" \/>\n<meta property=\"og:locale\" content=\"cs_CZ\" \/>\n<meta property=\"og:type\" content=\"article\" \/>\n<meta property=\"og:title\" content=\"Nathan Paul Broadhead - Official Czech &amp; Slovak Everton Supporters&#039; Club\" \/>\n<meta property=\"og:description\" content=\"Narozen: 05. 04. 1998, Bangor, Wales V\u00fd\u0161ka: 178 cm V\u00e1ha: 73 kg Post:\u00a0K\u0159\u00eddeln\u00edk V EFC od: Odchovanec Do: 09. 01.&hellip;\" \/>\n<meta property=\"og:url\" content=\"https:\/\/evertonfc.cz\/index.php\/soupiska\/nathan-broadhead\/\" \/>\n<meta property=\"og:site_name\" content=\"Official Czech &amp; Slovak Everton Supporters&#039; Club\" \/>\n<meta property=\"article:publisher\" content=\"https:\/\/www.facebook.com\/everton.fans.cz.sk\" \/>\n<meta property=\"article:modified_time\" content=\"2023-01-09T21:43:00+00:00\" \/>\n<meta property=\"og:image\" content=\"https:\/\/evertonfc.cz\/wp-content\/uploads\/2019\/08\/nathan_broadhed.png\" \/>\n<meta name=\"twitter:card\" content=\"summary_large_image\" \/>\n<meta name=\"twitter:label1\" content=\"Odhadovan\u00e1 doba \u010dten\u00ed\" \/>\n\t<meta name=\"twitter:data1\" content=\"3 minuty\" \/>\n<script type=\"application\/ld+json\" class=\"yoast-schema-graph\">{\"@context\":\"https:\/\/schema.org\",\"@graph\":[{\"@type\":\"WebPage\",\"@id\":\"https:\/\/evertonfc.cz\/index.php\/soupiska\/nathan-broadhead\/\",\"url\":\"https:\/\/evertonfc.cz\/index.php\/soupiska\/nathan-broadhead\/\",\"name\":\"Nathan Paul Broadhead - Official Czech &amp; Slovak Everton Supporters&#039; Club\",\"isPartOf\":{\"@id\":\"https:\/\/evertonfc.cz\/#website\"},\"primaryImageOfPage\":{\"@id\":\"https:\/\/evertonfc.cz\/index.php\/soupiska\/nathan-broadhead\/#primaryimage\"},\"image\":{\"@id\":\"https:\/\/evertonfc.cz\/index.php\/soupiska\/nathan-broadhead\/#primaryimage\"},\"thumbnailUrl\":\"https:\/\/evertonfc.cz\/wp-content\/uploads\/2019\/08\/nathan_broadhed.png\",\"datePublished\":\"2019-08-02T08:37:52+00:00\",\"dateModified\":\"2023-01-09T21:43:00+00:00\",\"breadcrumb\":{\"@id\":\"https:\/\/evertonfc.cz\/index.php\/soupiska\/nathan-broadhead\/#breadcrumb\"},\"inLanguage\":\"cs\",\"potentialAction\":[{\"@type\":\"ReadAction\",\"target\":[\"https:\/\/evertonfc.cz\/index.php\/soupiska\/nathan-broadhead\/\"]}]},{\"@type\":\"ImageObject\",\"inLanguage\":\"cs\",\"@id\":\"https:\/\/evertonfc.cz\/index.php\/soupiska\/nathan-broadhead\/#primaryimage\",\"url\":\"https:\/\/evertonfc.cz\/wp-content\/uploads\/2019\/08\/nathan_broadhed.png\",\"contentUrl\":\"https:\/\/evertonfc.cz\/wp-content\/uploads\/2019\/08\/nathan_broadhed.png\",\"width\":80,\"height\":83},{\"@type\":\"BreadcrumbList\",\"@id\":\"https:\/\/evertonfc.cz\/index.php\/soupiska\/nathan-broadhead\/#breadcrumb\",\"itemListElement\":[{\"@type\":\"ListItem\",\"position\":1,\"name\":\"Home\",\"item\":\"https:\/\/evertonfc.cz\/\"},{\"@type\":\"ListItem\",\"position\":2,\"name\":\"Soupiska\",\"item\":\"https:\/\/evertonfc.cz\/index.php\/soupiska\/\"},{\"@type\":\"ListItem\",\"position\":3,\"name\":\"Nathan Paul Broadhead\"}]},{\"@type\":\"WebSite\",\"@id\":\"https:\/\/evertonfc.cz\/#website\",\"url\":\"https:\/\/evertonfc.cz\/\",\"name\":\"Official Czech &amp; Slovak Everton Supporters&#039; Club\",\"description\":\"\",\"publisher\":{\"@id\":\"https:\/\/evertonfc.cz\/#organization\"},\"potentialAction\":[{\"@type\":\"SearchAction\",\"target\":{\"@type\":\"EntryPoint\",\"urlTemplate\":\"https:\/\/evertonfc.cz\/?s={search_term_string}\"},\"query-input\":{\"@type\":\"PropertyValueSpecification\",\"valueRequired\":true,\"valueName\":\"search_term_string\"}}],\"inLanguage\":\"cs\"},{\"@type\":\"Organization\",\"@id\":\"https:\/\/evertonfc.cz\/#organization\",\"name\":\"Official Czech & Slovak Everton Supporters' Club\",\"url\":\"https:\/\/evertonfc.cz\/\",\"logo\":{\"@type\":\"ImageObject\",\"inLanguage\":\"cs\",\"@id\":\"https:\/\/evertonfc.cz\/#\/schema\/logo\/image\/\",\"url\":\"https:\/\/evertonfc.cz\/wp-content\/uploads\/2019\/05\/logo.png\",\"contentUrl\":\"https:\/\/evertonfc.cz\/wp-content\/uploads\/2019\/05\/logo.png\",\"width\":112,\"height\":112,\"caption\":\"Official Czech & Slovak Everton Supporters' Club\"},\"image\":{\"@id\":\"https:\/\/evertonfc.cz\/#\/schema\/logo\/image\/\"},\"sameAs\":[\"https:\/\/www.facebook.com\/everton.fans.cz.sk\"]}]}<\/script>\n<!-- \/ Yoast SEO plugin. -->","yoast_head_json":{"title":"Nathan Paul Broadhead - Official Czech &amp; Slovak Everton Supporters&#039; Club","robots":{"index":"index","follow":"follow","max-snippet":"max-snippet:-1","max-image-preview":"max-image-preview:large","max-video-preview":"max-video-preview:-1"},"canonical":"https:\/\/evertonfc.cz\/index.php\/soupiska\/nathan-broadhead\/","og_locale":"cs_CZ","og_type":"article","og_title":"Nathan Paul Broadhead - Official Czech &amp; Slovak Everton Supporters&#039; Club","og_description":"Narozen: 05. 04. 1998, Bangor, Wales V\u00fd\u0161ka: 178 cm V\u00e1ha: 73 kg Post:\u00a0K\u0159\u00eddeln\u00edk V EFC od: Odchovanec Do: 09. 01.&hellip;","og_url":"https:\/\/evertonfc.cz\/index.php\/soupiska\/nathan-broadhead\/","og_site_name":"Official Czech &amp; Slovak Everton Supporters&#039; Club","article_publisher":"https:\/\/www.facebook.com\/everton.fans.cz.sk","article_modified_time":"2023-01-09T21:43:00+00:00","og_image":[{"url":"https:\/\/evertonfc.cz\/wp-content\/uploads\/2019\/08\/nathan_broadhed.png"}],"twitter_card":"summary_large_image","twitter_misc":{"Odhadovan\u00e1 doba \u010dten\u00ed":"3 minuty"},"schema":{"@context":"https:\/\/schema.org","@graph":[{"@type":"WebPage","@id":"https:\/\/evertonfc.cz\/index.php\/soupiska\/nathan-broadhead\/","url":"https:\/\/evertonfc.cz\/index.php\/soupiska\/nathan-broadhead\/","name":"Nathan Paul Broadhead - Official Czech &amp; Slovak Everton Supporters&#039; Club","isPartOf":{"@id":"https:\/\/evertonfc.cz\/#website"},"primaryImageOfPage":{"@id":"https:\/\/evertonfc.cz\/index.php\/soupiska\/nathan-broadhead\/#primaryimage"},"image":{"@id":"https:\/\/evertonfc.cz\/index.php\/soupiska\/nathan-broadhead\/#primaryimage"},"thumbnailUrl":"https:\/\/evertonfc.cz\/wp-content\/uploads\/2019\/08\/nathan_broadhed.png","datePublished":"2019-08-02T08:37:52+00:00","dateModified":"2023-01-09T21:43:00+00:00","breadcrumb":{"@id":"https:\/\/evertonfc.cz\/index.php\/soupiska\/nathan-broadhead\/#breadcrumb"},"inLanguage":"cs","potentialAction":[{"@type":"ReadAction","target":["https:\/\/evertonfc.cz\/index.php\/soupiska\/nathan-broadhead\/"]}]},{"@type":"ImageObject","inLanguage":"cs","@id":"https:\/\/evertonfc.cz\/index.php\/soupiska\/nathan-broadhead\/#primaryimage","url":"https:\/\/evertonfc.cz\/wp-content\/uploads\/2019\/08\/nathan_broadhed.png","contentUrl":"https:\/\/evertonfc.cz\/wp-content\/uploads\/2019\/08\/nathan_broadhed.png","width":80,"height":83},{"@type":"BreadcrumbList","@id":"https:\/\/evertonfc.cz\/index.php\/soupiska\/nathan-broadhead\/#breadcrumb","itemListElement":[{"@type":"ListItem","position":1,"name":"Home","item":"https:\/\/evertonfc.cz\/"},{"@type":"ListItem","position":2,"name":"Soupiska","item":"https:\/\/evertonfc.cz\/index.php\/soupiska\/"},{"@type":"ListItem","position":3,"name":"Nathan Paul Broadhead"}]},{"@type":"WebSite","@id":"https:\/\/evertonfc.cz\/#website","url":"https:\/\/evertonfc.cz\/","name":"Official Czech &amp; Slovak Everton Supporters&#039; Club","description":"","publisher":{"@id":"https:\/\/evertonfc.cz\/#organization"},"potentialAction":[{"@type":"SearchAction","target":{"@type":"EntryPoint","urlTemplate":"https:\/\/evertonfc.cz\/?s={search_term_string}"},"query-input":{"@type":"PropertyValueSpecification","valueRequired":true,"valueName":"search_term_string"}}],"inLanguage":"cs"},{"@type":"Organization","@id":"https:\/\/evertonfc.cz\/#organization","name":"Official Czech & Slovak Everton Supporters' Club","url":"https:\/\/evertonfc.cz\/","logo":{"@type":"ImageObject","inLanguage":"cs","@id":"https:\/\/evertonfc.cz\/#\/schema\/logo\/image\/","url":"https:\/\/evertonfc.cz\/wp-content\/uploads\/2019\/05\/logo.png","contentUrl":"https:\/\/evertonfc.cz\/wp-content\/uploads\/2019\/05\/logo.png","width":112,"height":112,"caption":"Official Czech & Slovak Everton Supporters' Club"},"image":{"@id":"https:\/\/evertonfc.cz\/#\/schema\/logo\/image\/"},"sameAs":["https:\/\/www.facebook.com\/everton.fans.cz.sk"]}]}},"_links":{"self":[{"href":"https:\/\/evertonfc.cz\/index.php\/wp-json\/wp\/v2\/pages\/8828"}],"collection":[{"href":"https:\/\/evertonfc.cz\/index.php\/wp-json\/wp\/v2\/pages"}],"about":[{"href":"https:\/\/evertonfc.cz\/index.php\/wp-json\/wp\/v2\/types\/page"}],"author":[{"embeddable":true,"href":"https:\/\/evertonfc.cz\/index.php\/wp-json\/wp\/v2\/users\/6"}],"replies":[{"embeddable":true,"href":"https:\/\/evertonfc.cz\/index.php\/wp-json\/wp\/v2\/comments?post=8828"}],"version-history":[{"count":10,"href":"https:\/\/evertonfc.cz\/index.php\/wp-json\/wp\/v2\/pages\/8828\/revisions"}],"predecessor-version":[{"id":20646,"href":"https:\/\/evertonfc.cz\/index.php\/wp-json\/wp\/v2\/pages\/8828\/revisions\/20646"}],"up":[{"embeddable":true,"href":"https:\/\/evertonfc.cz\/index.php\/wp-json\/wp\/v2\/pages\/70"}],"wp:attachment":[{"href":"https:\/\/evertonfc.cz\/index.php\/wp-json\/wp\/v2\/media?parent=8828"}],"curies":[{"name":"wp","href":"https:\/\/api.w.org\/{rel}","templated":true}]}}