{"id":883,"date":"2019-01-05T21:30:38","date_gmt":"2019-01-05T20:30:38","guid":{"rendered":"http:\/\/evertonfc.cz\/?page_id=883"},"modified":"2021-07-24T20:26:59","modified_gmt":"2021-07-24T18:26:59","slug":"bernard","status":"publish","type":"page","link":"https:\/\/evertonfc.cz\/index.php\/soupiska\/bernard\/","title":{"rendered":"Bernard An\u00edcio Caldeira Duarte"},"content":{"rendered":"<p><img decoding=\"async\" style=\"float: right; margin-left: 10px; margin-right: 10px;\" src=\"https:\/\/evertonfc.cz\/wp-content\/uploads\/2021\/07\/bernard_duarte.png\" alt=\"\" \/><strong>Narozen:<\/strong>\u00a008. 09. 1992, Belo Horizonte, Braz\u00edlie<br \/>\n<strong>V\u00fd\u0161ka:<\/strong>\u00a0164 cm<br \/>\n<strong>V\u00e1ha:<\/strong>\u00a060 kg<br \/>\n<strong>Post:<\/strong>\u00a0K\u0159\u00eddeln\u00edk<br \/>\n<strong>V EFC od:<\/strong>\u00a009. 08. 2018<br \/>\n<strong>Do:<\/strong> 24. 07. 2021<\/p>\n<hr \/>\n<p>Subtiln\u00ed dribl\u00e9r byl vychov\u00e1n v provin\u010dn\u00edm brazilsk\u00e9m celku Comercial EC do Barreiro, odkud ve 14 letech zam\u00ed\u0159il do o pozn\u00e1n\u00ed slavn\u011bj\u0161\u00edho Atl\u00e9tika Mineiro, v jeho\u017e barv\u00e1ch si v roce 2011 coby osmn\u00e1ctilet\u00fd odbyl debut v seniorsk\u00e9m fotbale.<\/p>\n<p>Mezi dosp\u011bl\u00fdmi se usadil pom\u011brn\u011b rychle, o \u010dem\u017e sv\u011bd\u010d\u00ed, \u017ee u\u017e po roce a p\u016fl poprv\u00e9 nastoupil v brazilsk\u00e9 reprezentaci.<\/p>\n<p>Talentovan\u00ed Kan\u00e1rci se v Evrop\u011b t\u011b\u0161\u00ed velk\u00e9mu z\u00e1jmu a nikterak jinak tomu nebylo ani v p\u0159\u00edpad\u011b Bernarda. Do sv\u00fdch slu\u017eeb ho v roce 2013 trochu p\u0159ekvapiv\u011b z\u00edskal ukrajinsk\u00fd \u0160achtar. Za \u010derstv\u00e9ho v\u00edt\u011bze Poh\u00e1ru osvoboditel\u016f, jihoamerick\u00e9 obdob\u011b Ligy mistr\u016f, zaplatil 25 milion\u016f eur.<\/p>\n<p>Bernard od za\u010d\u00e1tku anga\u017em\u00e1 ve v\u00fdchodn\u00ed Evrop\u011b ukazoval sv\u016fj potenci\u00e1l, naplno ho ale rozvinul a\u017e s p\u0159\u00edchodem tren\u00e9ra Paula Fonsecy v roce 2016. V jeho \u00fato\u010dn\u00e9m a variabiln\u00edm stylu hry mohl z lev\u00e9ho k\u0159\u00eddla voln\u011b sb\u00edhat na kteroukoli ze t\u0159\u00ed ofenzivn\u00edch pozic v rozestaven\u00ed 4-2-3-1, a tak uplat\u0148ovat svou kreativitu a p\u0159ehled na h\u0159i\u0161ti.<\/p>\n<p>Krom\u011b ukrajinsk\u00e9 ligy se nav\u00edc v dobr\u00e9m sv\u011btle ukazoval rovn\u011b\u017e v Lize mistr\u016f, a tak za\u010dal budit z\u00e1jem z\u00e1padn\u00edch evropsk\u00fdch klub\u016f, kter\u00e9 l\u00e1kala vidina zisku \u0161ikovn\u00e9ho hr\u00e1\u010de na voln\u00fd p\u0159estup. 25let\u00e9mu Bernardovi toti\u017e v l\u00e9t\u011b 2018 skon\u010dila v \u0160achtaru smlouva. Boj o jeho podpis nakonec vyhr\u00e1l Everton, jemu\u017e se zav\u00e1zal na \u010dty\u0159i roky do l\u00e9ta 2022.<\/p>\n<p>Bernard se \u0160achtarem rozlou\u010dil po p\u011bti letech, t\u0159ech ukrajinsk\u00fdch titulech a 157 odehran\u00fdch z\u00e1pasech, v nich\u017e vst\u0159elil 28 branek a zaznamenal 35 asistenc\u00ed.<\/p>\n<p>Bernard byl Everton prezentov\u00e1n jako jedna z prvn\u00edch velk\u00fdch posil nov\u00e9 \u00e9ry, co\u017e se nakonec uk\u00e1zalo dosti daleko od pravdy. D\u016fv\u011b\u0159e mana\u017eera se t\u011b\u0161il hlavn\u011b ve sv\u00e9 prvn\u00ed sez\u00f3n\u011b 2018\/19, po odchodu Marca Silvy se ji\u017e jeho pobyt na h\u0159i\u0161ti zkracoval, a\u017e na ja\u0159e 2021 pod Carlem Ancelottim zasahoval do z\u00e1pas\u016f jen sporadicky.<\/p>\n<p>A proto\u017ee Bernard pat\u0159il mezi nejl\u00e9pe placen\u00e9 hr\u00e1\u010de t\u00fdmu \u2013 jeho t\u00fddenn\u00ed plat se pohyboval mezi 120 a\u017e 150 tis\u00edci liber, na n\u011b\u017e dos\u00e1hl i d\u00edky nulov\u00e9 p\u0159estupn\u00ed \u010d\u00e1stce \u2013 Everton se ho v l\u00e9t\u011b 2021 r\u00e1d zbavil. Rok p\u0159ed koncem smlouvy ode\u0161el za symbolickou \u010d\u00e1stku p\u0159estupu v hodnot\u011b jednoho milionu liber do celku Sharjah (\u010desky \u0160ard\u017e\u00e1) ve Spojen\u00fdch arabsk\u00fdch emir\u00e1tech.<\/p>\n<p>V pam\u011bti z\u016fstane p\u00e1r jeho prvot\u0159\u00eddn\u00edch v\u00fdkon\u016f, kdy nazna\u010dil sv\u016fj potenci\u00e1l. Goodison Park ho v takov\u00fdch p\u0159\u00edpadech po z\u00e1sluze odm\u011bnil potleskem ve stoje a hromov\u00fdm\u00a0<em>chor\u00e1lem \u201eBernard\u2026 Bernard will tear you apart, again\u201c<\/em>. Nicm\u00e9n\u011b prvot\u0159\u00eddn\u00edch v\u00fdkon\u016f m\u011blo b\u00fdt v\u00edce.<\/p>\n","protected":false},"excerpt":{"rendered":"<p>Narozen:\u00a008. 09. 1992, Belo Horizonte, Braz\u00edlie V\u00fd\u0161ka:\u00a0164 cm V\u00e1ha:\u00a060 kg Post:\u00a0K\u0159\u00eddeln\u00edk V EFC od:\u00a009. 08. 2018 Do: 24. 07. 2021&hellip;<\/p>\n","protected":false},"author":6,"featured_media":0,"parent":70,"menu_order":0,"comment_status":"closed","ping_status":"closed","template":"","meta":{"_eb_attr":"","_monsterinsights_skip_tracking":false,"_monsterinsights_sitenote_active":false,"_monsterinsights_sitenote_note":"","_monsterinsights_sitenote_category":0,"footnotes":""},"yoast_head":"<!-- This site is optimized with the Yoast SEO plugin v23.4 - https:\/\/yoast.com\/wordpress\/plugins\/seo\/ -->\n<title>Bernard An\u00edcio Caldeira Duarte - Official Czech &amp; Slovak Everton Supporters&#039; Club<\/title>\n<meta name=\"robots\" content=\"index, follow, max-snippet:-1, max-image-preview:large, max-video-preview:-1\" \/>\n<link rel=\"canonical\" href=\"https:\/\/evertonfc.cz\/index.php\/soupiska\/bernard\/\" \/>\n<meta property=\"og:locale\" content=\"cs_CZ\" \/>\n<meta property=\"og:type\" content=\"article\" \/>\n<meta property=\"og:title\" content=\"Bernard An\u00edcio Caldeira Duarte - Official Czech &amp; Slovak Everton Supporters&#039; Club\" \/>\n<meta property=\"og:description\" content=\"Narozen:\u00a008. 09. 1992, Belo Horizonte, Braz\u00edlie V\u00fd\u0161ka:\u00a0164 cm V\u00e1ha:\u00a060 kg Post:\u00a0K\u0159\u00eddeln\u00edk V EFC od:\u00a009. 08. 2018 Do: 24. 07. 2021&hellip;\" \/>\n<meta property=\"og:url\" content=\"https:\/\/evertonfc.cz\/index.php\/soupiska\/bernard\/\" \/>\n<meta property=\"og:site_name\" content=\"Official Czech &amp; Slovak Everton Supporters&#039; Club\" \/>\n<meta property=\"article:publisher\" content=\"https:\/\/www.facebook.com\/everton.fans.cz.sk\" \/>\n<meta property=\"article:modified_time\" content=\"2021-07-24T18:26:59+00:00\" \/>\n<meta property=\"og:image\" content=\"https:\/\/evertonfc.cz\/wp-content\/uploads\/2021\/07\/bernard_duarte.png\" \/>\n<meta name=\"twitter:card\" content=\"summary_large_image\" \/>\n<meta name=\"twitter:label1\" content=\"Odhadovan\u00e1 doba \u010dten\u00ed\" \/>\n\t<meta name=\"twitter:data1\" content=\"2 minuty\" \/>\n<script type=\"application\/ld+json\" class=\"yoast-schema-graph\">{\"@context\":\"https:\/\/schema.org\",\"@graph\":[{\"@type\":\"WebPage\",\"@id\":\"https:\/\/evertonfc.cz\/index.php\/soupiska\/bernard\/\",\"url\":\"https:\/\/evertonfc.cz\/index.php\/soupiska\/bernard\/\",\"name\":\"Bernard An\u00edcio Caldeira Duarte - Official Czech &amp; Slovak Everton Supporters&#039; Club\",\"isPartOf\":{\"@id\":\"https:\/\/evertonfc.cz\/#website\"},\"primaryImageOfPage\":{\"@id\":\"https:\/\/evertonfc.cz\/index.php\/soupiska\/bernard\/#primaryimage\"},\"image\":{\"@id\":\"https:\/\/evertonfc.cz\/index.php\/soupiska\/bernard\/#primaryimage\"},\"thumbnailUrl\":\"https:\/\/evertonfc.cz\/wp-content\/uploads\/2021\/07\/bernard_duarte.png\",\"datePublished\":\"2019-01-05T20:30:38+00:00\",\"dateModified\":\"2021-07-24T18:26:59+00:00\",\"breadcrumb\":{\"@id\":\"https:\/\/evertonfc.cz\/index.php\/soupiska\/bernard\/#breadcrumb\"},\"inLanguage\":\"cs\",\"potentialAction\":[{\"@type\":\"ReadAction\",\"target\":[\"https:\/\/evertonfc.cz\/index.php\/soupiska\/bernard\/\"]}]},{\"@type\":\"ImageObject\",\"inLanguage\":\"cs\",\"@id\":\"https:\/\/evertonfc.cz\/index.php\/soupiska\/bernard\/#primaryimage\",\"url\":\"https:\/\/evertonfc.cz\/wp-content\/uploads\/2021\/07\/bernard_duarte.png\",\"contentUrl\":\"https:\/\/evertonfc.cz\/wp-content\/uploads\/2021\/07\/bernard_duarte.png\",\"width\":80,\"height\":83},{\"@type\":\"BreadcrumbList\",\"@id\":\"https:\/\/evertonfc.cz\/index.php\/soupiska\/bernard\/#breadcrumb\",\"itemListElement\":[{\"@type\":\"ListItem\",\"position\":1,\"name\":\"Home\",\"item\":\"https:\/\/evertonfc.cz\/\"},{\"@type\":\"ListItem\",\"position\":2,\"name\":\"Soupiska\",\"item\":\"https:\/\/evertonfc.cz\/index.php\/soupiska\/\"},{\"@type\":\"ListItem\",\"position\":3,\"name\":\"Bernard An\u00edcio Caldeira Duarte\"}]},{\"@type\":\"WebSite\",\"@id\":\"https:\/\/evertonfc.cz\/#website\",\"url\":\"https:\/\/evertonfc.cz\/\",\"name\":\"Official Czech &amp; Slovak Everton Supporters&#039; Club\",\"description\":\"\",\"publisher\":{\"@id\":\"https:\/\/evertonfc.cz\/#organization\"},\"potentialAction\":[{\"@type\":\"SearchAction\",\"target\":{\"@type\":\"EntryPoint\",\"urlTemplate\":\"https:\/\/evertonfc.cz\/?s={search_term_string}\"},\"query-input\":{\"@type\":\"PropertyValueSpecification\",\"valueRequired\":true,\"valueName\":\"search_term_string\"}}],\"inLanguage\":\"cs\"},{\"@type\":\"Organization\",\"@id\":\"https:\/\/evertonfc.cz\/#organization\",\"name\":\"Official Czech & Slovak Everton Supporters' Club\",\"url\":\"https:\/\/evertonfc.cz\/\",\"logo\":{\"@type\":\"ImageObject\",\"inLanguage\":\"cs\",\"@id\":\"https:\/\/evertonfc.cz\/#\/schema\/logo\/image\/\",\"url\":\"https:\/\/evertonfc.cz\/wp-content\/uploads\/2019\/05\/logo.png\",\"contentUrl\":\"https:\/\/evertonfc.cz\/wp-content\/uploads\/2019\/05\/logo.png\",\"width\":112,\"height\":112,\"caption\":\"Official Czech & Slovak Everton Supporters' Club\"},\"image\":{\"@id\":\"https:\/\/evertonfc.cz\/#\/schema\/logo\/image\/\"},\"sameAs\":[\"https:\/\/www.facebook.com\/everton.fans.cz.sk\"]}]}<\/script>\n<!-- \/ Yoast SEO plugin. -->","yoast_head_json":{"title":"Bernard An\u00edcio Caldeira Duarte - Official Czech &amp; Slovak Everton Supporters&#039; Club","robots":{"index":"index","follow":"follow","max-snippet":"max-snippet:-1","max-image-preview":"max-image-preview:large","max-video-preview":"max-video-preview:-1"},"canonical":"https:\/\/evertonfc.cz\/index.php\/soupiska\/bernard\/","og_locale":"cs_CZ","og_type":"article","og_title":"Bernard An\u00edcio Caldeira Duarte - Official Czech &amp; Slovak Everton Supporters&#039; Club","og_description":"Narozen:\u00a008. 09. 1992, Belo Horizonte, Braz\u00edlie V\u00fd\u0161ka:\u00a0164 cm V\u00e1ha:\u00a060 kg Post:\u00a0K\u0159\u00eddeln\u00edk V EFC od:\u00a009. 08. 2018 Do: 24. 07. 2021&hellip;","og_url":"https:\/\/evertonfc.cz\/index.php\/soupiska\/bernard\/","og_site_name":"Official Czech &amp; Slovak Everton Supporters&#039; Club","article_publisher":"https:\/\/www.facebook.com\/everton.fans.cz.sk","article_modified_time":"2021-07-24T18:26:59+00:00","og_image":[{"url":"https:\/\/evertonfc.cz\/wp-content\/uploads\/2021\/07\/bernard_duarte.png"}],"twitter_card":"summary_large_image","twitter_misc":{"Odhadovan\u00e1 doba \u010dten\u00ed":"2 minuty"},"schema":{"@context":"https:\/\/schema.org","@graph":[{"@type":"WebPage","@id":"https:\/\/evertonfc.cz\/index.php\/soupiska\/bernard\/","url":"https:\/\/evertonfc.cz\/index.php\/soupiska\/bernard\/","name":"Bernard An\u00edcio Caldeira Duarte - Official Czech &amp; Slovak Everton Supporters&#039; Club","isPartOf":{"@id":"https:\/\/evertonfc.cz\/#website"},"primaryImageOfPage":{"@id":"https:\/\/evertonfc.cz\/index.php\/soupiska\/bernard\/#primaryimage"},"image":{"@id":"https:\/\/evertonfc.cz\/index.php\/soupiska\/bernard\/#primaryimage"},"thumbnailUrl":"https:\/\/evertonfc.cz\/wp-content\/uploads\/2021\/07\/bernard_duarte.png","datePublished":"2019-01-05T20:30:38+00:00","dateModified":"2021-07-24T18:26:59+00:00","breadcrumb":{"@id":"https:\/\/evertonfc.cz\/index.php\/soupiska\/bernard\/#breadcrumb"},"inLanguage":"cs","potentialAction":[{"@type":"ReadAction","target":["https:\/\/evertonfc.cz\/index.php\/soupiska\/bernard\/"]}]},{"@type":"ImageObject","inLanguage":"cs","@id":"https:\/\/evertonfc.cz\/index.php\/soupiska\/bernard\/#primaryimage","url":"https:\/\/evertonfc.cz\/wp-content\/uploads\/2021\/07\/bernard_duarte.png","contentUrl":"https:\/\/evertonfc.cz\/wp-content\/uploads\/2021\/07\/bernard_duarte.png","width":80,"height":83},{"@type":"BreadcrumbList","@id":"https:\/\/evertonfc.cz\/index.php\/soupiska\/bernard\/#breadcrumb","itemListElement":[{"@type":"ListItem","position":1,"name":"Home","item":"https:\/\/evertonfc.cz\/"},{"@type":"ListItem","position":2,"name":"Soupiska","item":"https:\/\/evertonfc.cz\/index.php\/soupiska\/"},{"@type":"ListItem","position":3,"name":"Bernard An\u00edcio Caldeira Duarte"}]},{"@type":"WebSite","@id":"https:\/\/evertonfc.cz\/#website","url":"https:\/\/evertonfc.cz\/","name":"Official Czech &amp; Slovak Everton Supporters&#039; Club","description":"","publisher":{"@id":"https:\/\/evertonfc.cz\/#organization"},"potentialAction":[{"@type":"SearchAction","target":{"@type":"EntryPoint","urlTemplate":"https:\/\/evertonfc.cz\/?s={search_term_string}"},"query-input":{"@type":"PropertyValueSpecification","valueRequired":true,"valueName":"search_term_string"}}],"inLanguage":"cs"},{"@type":"Organization","@id":"https:\/\/evertonfc.cz\/#organization","name":"Official Czech & Slovak Everton Supporters' Club","url":"https:\/\/evertonfc.cz\/","logo":{"@type":"ImageObject","inLanguage":"cs","@id":"https:\/\/evertonfc.cz\/#\/schema\/logo\/image\/","url":"https:\/\/evertonfc.cz\/wp-content\/uploads\/2019\/05\/logo.png","contentUrl":"https:\/\/evertonfc.cz\/wp-content\/uploads\/2019\/05\/logo.png","width":112,"height":112,"caption":"Official Czech & Slovak Everton Supporters' Club"},"image":{"@id":"https:\/\/evertonfc.cz\/#\/schema\/logo\/image\/"},"sameAs":["https:\/\/www.facebook.com\/everton.fans.cz.sk"]}]}},"_links":{"self":[{"href":"https:\/\/evertonfc.cz\/index.php\/wp-json\/wp\/v2\/pages\/883"}],"collection":[{"href":"https:\/\/evertonfc.cz\/index.php\/wp-json\/wp\/v2\/pages"}],"about":[{"href":"https:\/\/evertonfc.cz\/index.php\/wp-json\/wp\/v2\/types\/page"}],"author":[{"embeddable":true,"href":"https:\/\/evertonfc.cz\/index.php\/wp-json\/wp\/v2\/users\/6"}],"replies":[{"embeddable":true,"href":"https:\/\/evertonfc.cz\/index.php\/wp-json\/wp\/v2\/comments?post=883"}],"version-history":[{"count":7,"href":"https:\/\/evertonfc.cz\/index.php\/wp-json\/wp\/v2\/pages\/883\/revisions"}],"predecessor-version":[{"id":15901,"href":"https:\/\/evertonfc.cz\/index.php\/wp-json\/wp\/v2\/pages\/883\/revisions\/15901"}],"up":[{"embeddable":true,"href":"https:\/\/evertonfc.cz\/index.php\/wp-json\/wp\/v2\/pages\/70"}],"wp:attachment":[{"href":"https:\/\/evertonfc.cz\/index.php\/wp-json\/wp\/v2\/media?parent=883"}],"curies":[{"name":"wp","href":"https:\/\/api.w.org\/{rel}","templated":true}]}}