{"id":885,"date":"2019-01-05T21:34:33","date_gmt":"2019-01-05T20:34:33","guid":{"rendered":"http:\/\/evertonfc.cz\/?page_id=885"},"modified":"2025-06-29T19:13:33","modified_gmt":"2025-06-29T17:13:33","slug":"dominic-calvert-lewin","status":"publish","type":"page","link":"https:\/\/evertonfc.cz\/index.php\/soupiska\/dominic-calvert-lewin\/","title":{"rendered":"Dominic Nathaniel Calvert-Lewin"},"content":{"rendered":"<p><img decoding=\"async\" style=\"float: right; margin-left: 10px; margin-right: 10px;\" src=\"https:\/\/evertonfc.cz\/wp-content\/uploads\/2025\/06\/dcl.png\" alt=\"\" \/><strong>Narozen:<\/strong> 16. 03. 1997, Sheffield, Anglie<br \/>\n<strong>V\u00fd\u0161ka:<\/strong>\u00a0187 cm<br \/>\n<strong>V\u00e1ha:<\/strong>\u00a075 kg<br \/>\n<strong>Post:<\/strong> \u00dato\u010dn\u00edk<br \/>\n<strong>V EFC od:<\/strong>\u00a031. 08. 2016<br \/>\n<strong>Do:<\/strong> 30. 06. 2025<\/p>\n<hr \/>\n<p data-start=\"64\" data-end=\"432\">Odchovanec Sheffieldu United, do jeho\u017e akademie nastoupil jako osmilet\u00fd, se postupn\u011b propracoval ml\u00e1de\u017enick\u00fdmi kategoriemi a\u017e do prvn\u00edho t\u00fdmu. Za Blades debutoval v League One na ja\u0159e 2015 v osmn\u00e1cti letech. Dal\u0161\u00ed zku\u0161enosti sb\u00edral na hostov\u00e1n\u00ed v Northampton Town, kde str\u00e1vil v\u011bt\u0161inu sez\u00f3ny 2015\/16. V dresu celku z League Two odehr\u00e1l 26 utk\u00e1n\u00ed a vst\u0159elil osm branek.<\/p>\n<p data-start=\"434\" data-end=\"685\">Sv\u00fdmi \u00fato\u010dn\u00fdmi v\u00fdkony zaujal skauty n\u011bkolika klub\u016f z Premier League. Nejrychleji a nejp\u0159esv\u011bd\u010div\u011bji v\u0161ak zareagoval Everton, kter\u00fd Calvert-Lewina z\u00edskal na Deadline Day l\u00e9ta 2016. Sheffield United za n\u011bj obdr\u017eel \u010d\u00e1stku 1,5 milionu liber.<\/p>\n<p data-start=\"687\" data-end=\"1131\">V Evertonu za\u010dal v t\u00fdmu do 23 let, kde pod veden\u00edm Davida Unswortha ukazoval sv\u016fj potenci\u00e1l. V\u00fdkony si \u0159ekl o nominace do anglick\u00e9 reprezentace do 20 let i o m\u00edsto v prvn\u00edm t\u00fdmu Toffees. Premi\u00e9ru v Premier League si odbyl v prosinci 2016 proti Arsenalu a od sez\u00f3ny 2017\/18 se postupn\u011b za\u0159adil mezi stabiln\u00ed \u010dleny z\u00e1kladn\u00ed sestavy. V tomto ro\u010dn\u00edku nast\u0159\u00edlel osm branek ve 44 sout\u011b\u017en\u00edch z\u00e1pasech a stejnou g\u00f3lovou bilanci zopakoval i v n\u00e1sleduj\u00edc\u00ed sez\u00f3n\u011b.<\/p>\n<p data-start=\"1133\" data-end=\"1494\">V ro\u010dn\u00edku 2019\/20 se stal nejlep\u0161\u00edm st\u0159elcem Evertonu s 15 g\u00f3ly ve v\u0161ech sout\u011b\u017e\u00edch a vytvo\u0159il sehranou \u00fato\u010dnou dvojici s Richarlisonem. N\u00e1sleduj\u00edc\u00ed sez\u00f3na 2020\/21 byla jeho nejproduktivn\u011bj\u0161\u00ed, kdy\u017e nast\u0159\u00edlel 21 branek ve 39 z\u00e1pasech, z toho 16 v Premier League. Za skv\u011bl\u00e9 v\u00fdkony si vyslou\u017eil pozv\u00e1nku do anglick\u00e9 reprezentace a \u00fa\u010dast na mistrovstv\u00ed Evropy.<\/p>\n<p data-start=\"1496\" data-end=\"1872\">Od roku 2021 v\u0161ak jeho kari\u00e9ru za\u010dala komplikovat \u010dast\u00e1 zran\u011bn\u00ed i pravideln\u00e9 zm\u011bny tren\u00e9r\u016f Evertonu, kdy t\u00e9m\u011b\u0159 ka\u017ed\u00fd preferoval jin\u00fd hern\u00ed styl. Ustoupila i jeho st\u0159eleck\u00e1 forma a do konce anga\u017em\u00e1 v Evertonu se mu u\u017e nepoda\u0159ilo v jednom ro\u010dn\u00edku nast\u0159\u00edlet dvoucifern\u00fd po\u010det branek. P\u0159esto v sez\u00f3n\u00e1ch 2021\/22 a 2022\/23 zaznamenal n\u011bkolik kl\u00ed\u010dov\u00fdch g\u00f3l\u016f v boji o z\u00e1chranu \u2013 zejm\u00e9na pak v\u00edt\u011bznou trefu proti Crystal Palace v kv\u011btnu 2022, kter\u00e1 klubu definitivn\u011b zajistila setrv\u00e1n\u00ed Toffees v Premier League.<\/p>\n<p data-start=\"1496\" data-end=\"1872\">Pozd\u011bji s\u00e1m \u00fato\u010dn\u00edk p\u0159iznal, \u017ee ho tr\u00e1pily i psychick\u00e9 probl\u00e9my, kter\u00e9 mu nejsp\u00ed\u0161e br\u00e1nily naplno rozvinout jeho potenci\u00e1l. Postupn\u011b se nav\u00edc za\u010daly objevovat zpr\u00e1vy, \u017ee by \u010dasem r\u00e1d zm\u011bnil prost\u0159ed\u00ed a \u010delil nov\u00fdm v\u00fdzv\u00e1m.<\/p>\n<p data-start=\"1874\" data-end=\"2060\">V l\u00e9t\u011b 2025 se 28let\u00fd Calvert-Lewin s Evertonem nedohodl na prodlou\u017een\u00ed kon\u010d\u00edc\u00ed smlouvy a po dev\u00edti letech klub opustil s bilanc\u00ed 273 odehran\u00fdch sout\u011b\u017en\u00edch utk\u00e1n\u00ed a 71 vst\u0159elen\u00fdch branek. V Premier League sk\u00f3roval 57kr\u00e1t, co\u017e ho \u0159ad\u00ed na t\u0159et\u00ed m\u00edsto klubov\u00e9 historick\u00e9 tabulky st\u0159elc\u016f za Romela Lukaka (68) a Duncana Fergusona (60).<\/p>\n","protected":false},"excerpt":{"rendered":"<p>Narozen: 16. 03. 1997, Sheffield, Anglie V\u00fd\u0161ka:\u00a0187 cm V\u00e1ha:\u00a075 kg Post: \u00dato\u010dn\u00edk V EFC od:\u00a031. 08. 2016 Do: 30. 06.&hellip;<\/p>\n","protected":false},"author":6,"featured_media":0,"parent":70,"menu_order":0,"comment_status":"closed","ping_status":"closed","template":"","meta":{"_eb_attr":"","_monsterinsights_skip_tracking":false,"_monsterinsights_sitenote_active":false,"_monsterinsights_sitenote_note":"","_monsterinsights_sitenote_category":0,"footnotes":""},"yoast_head":"<!-- This site is optimized with the Yoast SEO plugin v23.4 - https:\/\/yoast.com\/wordpress\/plugins\/seo\/ -->\n<title>Dominic Nathaniel Calvert-Lewin - Official Czech &amp; Slovak Everton Supporters&#039; Club<\/title>\n<meta name=\"robots\" content=\"index, follow, max-snippet:-1, max-image-preview:large, max-video-preview:-1\" \/>\n<link rel=\"canonical\" href=\"https:\/\/evertonfc.cz\/index.php\/soupiska\/dominic-calvert-lewin\/\" \/>\n<meta property=\"og:locale\" content=\"cs_CZ\" \/>\n<meta property=\"og:type\" content=\"article\" \/>\n<meta property=\"og:title\" content=\"Dominic Nathaniel Calvert-Lewin - Official Czech &amp; Slovak Everton Supporters&#039; Club\" \/>\n<meta property=\"og:description\" content=\"Narozen: 16. 03. 1997, Sheffield, Anglie V\u00fd\u0161ka:\u00a0187 cm V\u00e1ha:\u00a075 kg Post: \u00dato\u010dn\u00edk V EFC od:\u00a031. 08. 2016 Do: 30. 06.&hellip;\" \/>\n<meta property=\"og:url\" content=\"https:\/\/evertonfc.cz\/index.php\/soupiska\/dominic-calvert-lewin\/\" \/>\n<meta property=\"og:site_name\" content=\"Official Czech &amp; Slovak Everton Supporters&#039; Club\" \/>\n<meta property=\"article:publisher\" content=\"https:\/\/www.facebook.com\/everton.fans.cz.sk\" \/>\n<meta property=\"article:modified_time\" content=\"2025-06-29T17:13:33+00:00\" \/>\n<meta property=\"og:image\" content=\"https:\/\/evertonfc.cz\/wp-content\/uploads\/2025\/06\/dcl.png\" \/>\n<meta name=\"twitter:card\" content=\"summary_large_image\" \/>\n<meta name=\"twitter:label1\" content=\"Odhadovan\u00e1 doba \u010dten\u00ed\" \/>\n\t<meta name=\"twitter:data1\" content=\"3 minuty\" \/>\n<script type=\"application\/ld+json\" class=\"yoast-schema-graph\">{\"@context\":\"https:\/\/schema.org\",\"@graph\":[{\"@type\":\"WebPage\",\"@id\":\"https:\/\/evertonfc.cz\/index.php\/soupiska\/dominic-calvert-lewin\/\",\"url\":\"https:\/\/evertonfc.cz\/index.php\/soupiska\/dominic-calvert-lewin\/\",\"name\":\"Dominic Nathaniel Calvert-Lewin - Official Czech &amp; Slovak Everton Supporters&#039; Club\",\"isPartOf\":{\"@id\":\"https:\/\/evertonfc.cz\/#website\"},\"primaryImageOfPage\":{\"@id\":\"https:\/\/evertonfc.cz\/index.php\/soupiska\/dominic-calvert-lewin\/#primaryimage\"},\"image\":{\"@id\":\"https:\/\/evertonfc.cz\/index.php\/soupiska\/dominic-calvert-lewin\/#primaryimage\"},\"thumbnailUrl\":\"https:\/\/evertonfc.cz\/wp-content\/uploads\/2025\/06\/dcl.png\",\"datePublished\":\"2019-01-05T20:34:33+00:00\",\"dateModified\":\"2025-06-29T17:13:33+00:00\",\"breadcrumb\":{\"@id\":\"https:\/\/evertonfc.cz\/index.php\/soupiska\/dominic-calvert-lewin\/#breadcrumb\"},\"inLanguage\":\"cs\",\"potentialAction\":[{\"@type\":\"ReadAction\",\"target\":[\"https:\/\/evertonfc.cz\/index.php\/soupiska\/dominic-calvert-lewin\/\"]}]},{\"@type\":\"ImageObject\",\"inLanguage\":\"cs\",\"@id\":\"https:\/\/evertonfc.cz\/index.php\/soupiska\/dominic-calvert-lewin\/#primaryimage\",\"url\":\"https:\/\/evertonfc.cz\/wp-content\/uploads\/2025\/06\/dcl.png\",\"contentUrl\":\"https:\/\/evertonfc.cz\/wp-content\/uploads\/2025\/06\/dcl.png\",\"width\":80,\"height\":83},{\"@type\":\"BreadcrumbList\",\"@id\":\"https:\/\/evertonfc.cz\/index.php\/soupiska\/dominic-calvert-lewin\/#breadcrumb\",\"itemListElement\":[{\"@type\":\"ListItem\",\"position\":1,\"name\":\"Home\",\"item\":\"https:\/\/evertonfc.cz\/\"},{\"@type\":\"ListItem\",\"position\":2,\"name\":\"Soupiska\",\"item\":\"https:\/\/evertonfc.cz\/index.php\/soupiska\/\"},{\"@type\":\"ListItem\",\"position\":3,\"name\":\"Dominic Nathaniel Calvert-Lewin\"}]},{\"@type\":\"WebSite\",\"@id\":\"https:\/\/evertonfc.cz\/#website\",\"url\":\"https:\/\/evertonfc.cz\/\",\"name\":\"Official Czech &amp; Slovak Everton Supporters&#039; Club\",\"description\":\"\",\"publisher\":{\"@id\":\"https:\/\/evertonfc.cz\/#organization\"},\"potentialAction\":[{\"@type\":\"SearchAction\",\"target\":{\"@type\":\"EntryPoint\",\"urlTemplate\":\"https:\/\/evertonfc.cz\/?s={search_term_string}\"},\"query-input\":{\"@type\":\"PropertyValueSpecification\",\"valueRequired\":true,\"valueName\":\"search_term_string\"}}],\"inLanguage\":\"cs\"},{\"@type\":\"Organization\",\"@id\":\"https:\/\/evertonfc.cz\/#organization\",\"name\":\"Official Czech & Slovak Everton Supporters' Club\",\"url\":\"https:\/\/evertonfc.cz\/\",\"logo\":{\"@type\":\"ImageObject\",\"inLanguage\":\"cs\",\"@id\":\"https:\/\/evertonfc.cz\/#\/schema\/logo\/image\/\",\"url\":\"https:\/\/evertonfc.cz\/wp-content\/uploads\/2019\/05\/logo.png\",\"contentUrl\":\"https:\/\/evertonfc.cz\/wp-content\/uploads\/2019\/05\/logo.png\",\"width\":112,\"height\":112,\"caption\":\"Official Czech & Slovak Everton Supporters' Club\"},\"image\":{\"@id\":\"https:\/\/evertonfc.cz\/#\/schema\/logo\/image\/\"},\"sameAs\":[\"https:\/\/www.facebook.com\/everton.fans.cz.sk\"]}]}<\/script>\n<!-- \/ Yoast SEO plugin. -->","yoast_head_json":{"title":"Dominic Nathaniel Calvert-Lewin - Official Czech &amp; Slovak Everton Supporters&#039; Club","robots":{"index":"index","follow":"follow","max-snippet":"max-snippet:-1","max-image-preview":"max-image-preview:large","max-video-preview":"max-video-preview:-1"},"canonical":"https:\/\/evertonfc.cz\/index.php\/soupiska\/dominic-calvert-lewin\/","og_locale":"cs_CZ","og_type":"article","og_title":"Dominic Nathaniel Calvert-Lewin - Official Czech &amp; Slovak Everton Supporters&#039; Club","og_description":"Narozen: 16. 03. 1997, Sheffield, Anglie V\u00fd\u0161ka:\u00a0187 cm V\u00e1ha:\u00a075 kg Post: \u00dato\u010dn\u00edk V EFC od:\u00a031. 08. 2016 Do: 30. 06.&hellip;","og_url":"https:\/\/evertonfc.cz\/index.php\/soupiska\/dominic-calvert-lewin\/","og_site_name":"Official Czech &amp; Slovak Everton Supporters&#039; Club","article_publisher":"https:\/\/www.facebook.com\/everton.fans.cz.sk","article_modified_time":"2025-06-29T17:13:33+00:00","og_image":[{"url":"https:\/\/evertonfc.cz\/wp-content\/uploads\/2025\/06\/dcl.png"}],"twitter_card":"summary_large_image","twitter_misc":{"Odhadovan\u00e1 doba \u010dten\u00ed":"3 minuty"},"schema":{"@context":"https:\/\/schema.org","@graph":[{"@type":"WebPage","@id":"https:\/\/evertonfc.cz\/index.php\/soupiska\/dominic-calvert-lewin\/","url":"https:\/\/evertonfc.cz\/index.php\/soupiska\/dominic-calvert-lewin\/","name":"Dominic Nathaniel Calvert-Lewin - Official Czech &amp; Slovak Everton Supporters&#039; Club","isPartOf":{"@id":"https:\/\/evertonfc.cz\/#website"},"primaryImageOfPage":{"@id":"https:\/\/evertonfc.cz\/index.php\/soupiska\/dominic-calvert-lewin\/#primaryimage"},"image":{"@id":"https:\/\/evertonfc.cz\/index.php\/soupiska\/dominic-calvert-lewin\/#primaryimage"},"thumbnailUrl":"https:\/\/evertonfc.cz\/wp-content\/uploads\/2025\/06\/dcl.png","datePublished":"2019-01-05T20:34:33+00:00","dateModified":"2025-06-29T17:13:33+00:00","breadcrumb":{"@id":"https:\/\/evertonfc.cz\/index.php\/soupiska\/dominic-calvert-lewin\/#breadcrumb"},"inLanguage":"cs","potentialAction":[{"@type":"ReadAction","target":["https:\/\/evertonfc.cz\/index.php\/soupiska\/dominic-calvert-lewin\/"]}]},{"@type":"ImageObject","inLanguage":"cs","@id":"https:\/\/evertonfc.cz\/index.php\/soupiska\/dominic-calvert-lewin\/#primaryimage","url":"https:\/\/evertonfc.cz\/wp-content\/uploads\/2025\/06\/dcl.png","contentUrl":"https:\/\/evertonfc.cz\/wp-content\/uploads\/2025\/06\/dcl.png","width":80,"height":83},{"@type":"BreadcrumbList","@id":"https:\/\/evertonfc.cz\/index.php\/soupiska\/dominic-calvert-lewin\/#breadcrumb","itemListElement":[{"@type":"ListItem","position":1,"name":"Home","item":"https:\/\/evertonfc.cz\/"},{"@type":"ListItem","position":2,"name":"Soupiska","item":"https:\/\/evertonfc.cz\/index.php\/soupiska\/"},{"@type":"ListItem","position":3,"name":"Dominic Nathaniel Calvert-Lewin"}]},{"@type":"WebSite","@id":"https:\/\/evertonfc.cz\/#website","url":"https:\/\/evertonfc.cz\/","name":"Official Czech &amp; Slovak Everton Supporters&#039; Club","description":"","publisher":{"@id":"https:\/\/evertonfc.cz\/#organization"},"potentialAction":[{"@type":"SearchAction","target":{"@type":"EntryPoint","urlTemplate":"https:\/\/evertonfc.cz\/?s={search_term_string}"},"query-input":{"@type":"PropertyValueSpecification","valueRequired":true,"valueName":"search_term_string"}}],"inLanguage":"cs"},{"@type":"Organization","@id":"https:\/\/evertonfc.cz\/#organization","name":"Official Czech & Slovak Everton Supporters' Club","url":"https:\/\/evertonfc.cz\/","logo":{"@type":"ImageObject","inLanguage":"cs","@id":"https:\/\/evertonfc.cz\/#\/schema\/logo\/image\/","url":"https:\/\/evertonfc.cz\/wp-content\/uploads\/2019\/05\/logo.png","contentUrl":"https:\/\/evertonfc.cz\/wp-content\/uploads\/2019\/05\/logo.png","width":112,"height":112,"caption":"Official Czech & Slovak Everton Supporters' Club"},"image":{"@id":"https:\/\/evertonfc.cz\/#\/schema\/logo\/image\/"},"sameAs":["https:\/\/www.facebook.com\/everton.fans.cz.sk"]}]}},"_links":{"self":[{"href":"https:\/\/evertonfc.cz\/index.php\/wp-json\/wp\/v2\/pages\/885"}],"collection":[{"href":"https:\/\/evertonfc.cz\/index.php\/wp-json\/wp\/v2\/pages"}],"about":[{"href":"https:\/\/evertonfc.cz\/index.php\/wp-json\/wp\/v2\/types\/page"}],"author":[{"embeddable":true,"href":"https:\/\/evertonfc.cz\/index.php\/wp-json\/wp\/v2\/users\/6"}],"replies":[{"embeddable":true,"href":"https:\/\/evertonfc.cz\/index.php\/wp-json\/wp\/v2\/comments?post=885"}],"version-history":[{"count":19,"href":"https:\/\/evertonfc.cz\/index.php\/wp-json\/wp\/v2\/pages\/885\/revisions"}],"predecessor-version":[{"id":26948,"href":"https:\/\/evertonfc.cz\/index.php\/wp-json\/wp\/v2\/pages\/885\/revisions\/26948"}],"up":[{"embeddable":true,"href":"https:\/\/evertonfc.cz\/index.php\/wp-json\/wp\/v2\/pages\/70"}],"wp:attachment":[{"href":"https:\/\/evertonfc.cz\/index.php\/wp-json\/wp\/v2\/media?parent=885"}],"curies":[{"name":"wp","href":"https:\/\/api.w.org\/{rel}","templated":true}]}}