{"id":887,"date":"2019-01-05T21:36:08","date_gmt":"2019-01-05T20:36:08","guid":{"rendered":"http:\/\/evertonfc.cz\/?page_id=887"},"modified":"2022-07-01T10:56:45","modified_gmt":"2022-07-01T08:56:45","slug":"richarlison","status":"publish","type":"page","link":"https:\/\/evertonfc.cz\/index.php\/soupiska\/richarlison\/","title":{"rendered":"Richarlison de Andrade"},"content":{"rendered":"<p><img decoding=\"async\" style=\"float: right; margin-left: 10px; margin-right: 10px;\" src=\"https:\/\/evertonfc.cz\/wp-content\/uploads\/2022\/07\/richarlison_de_andrade.png\" \/><strong>Narozen:<\/strong>\u00a010. 05. 1997, Nova Ven\u00e9cia, Braz\u00edlie<br \/>\n<strong>V\u00fd\u0161ka:<\/strong>\u00a0179 cm<br \/>\n<strong>V\u00e1ha:<\/strong>\u00a071 kg<br \/>\n<strong>Post:<\/strong> K\u0159\u00eddeln\u00edk<br \/>\n<strong>V EFC od:<\/strong>\u00a024. 07. 2018<br \/>\n<strong>Do:<\/strong> 01. 07. 2022<\/p>\n<hr \/>\n<p>Richarlison de Andrade, ktor\u00fd poch\u00e1dza z najv\u00e4\u010d\u0161ieho a\u00a0naj\u013eudnatej\u0161ieho \u0161t\u00e1tu v Ju\u017enej Amerike, za\u010dal svoju profesion\u00e1lnu kari\u00e9ru s Am\u00e9ricou Mineiro, kde bol zakr\u00e1tko pov\u00fd\u0161en\u00fd do prv\u00e9ho t\u00edmu mana\u017e\u00e9rom Givanildom Oliveirom. Svoj debut za\u017eil 4. j\u00fala 2015, pri dom\u00e1cej v\u00fdhre 3-1 proti Mogi Mirim. Po tom, \u010do nast\u00fapil ako neskor\u00fd n\u00e1hradn\u00edk, strelil posledn\u00fd g\u00f3l z\u00e1pasu. O sedemn\u00e1s\u0165 dn\u00ed nesk\u00f4r pred\u013a\u017eil svoju zmluvu do roku 2018. Za tento klub v jeho jedinej sez\u00f3ne 2015 vyhral postup z Campeonato Brasileiro S\u00e9rie B a\u00a0n\u00e1sledne sa s\u0165ahoval do Fluminense.<\/p>\n<p>29. decembra 2015 podp\u00edsal p\u00e4\u0165ro\u010dn\u00fd kontrakt a\u00a0debutoval 13. m\u00e1ja 2016 v druhej etape druh\u00e9ho kola Copa do Brasil, ke\u010f prispel k v\u0161etk\u00fdm g\u00f3lom svojho t\u00edmu dom\u00e1cej rem\u00edze 3-3 (6-3) proti Ferroviarii. V ro\u010dn\u00edku 2017 Campeonato Carioca, Richarlison zaznamenal 8 g\u00f3lov v 12 z\u00e1pasoch a bol menovan\u00fd do t\u00edmu sez\u00f3ny, ke\u010f jeho klub skon\u010dil ako druh\u00fd, hne\u010f za Flamengom. Za dva roky v\u00a0drese Tricolor carioca dosiahol v 67 z\u00e1pasoch 19 g\u00f3lov.<\/p>\n<p>Ale to u\u017e padol do h\u013ead\u00e1\u010dika popredn\u00fdch eur\u00f3pskych klubov a\u00a0bol to pr\u00e1ve\u00a0Watford na \u010dele s\u00a0Marcom Silvom, kto ho na posledn\u00fa chv\u00ed\u013eu odhovoril od podpisu s Ajaxom Amsterdam. P\u00e4\u0165ro\u010dn\u00fd kontrakt sa spe\u010datil za poplatok vo v\u00fd\u0161ke 11,2 mili\u00f3nov libier. Vo svojej prvej sez\u00f3ne na ostrovoch bol jedin\u00fdm hr\u00e1\u010dom The Hornets, ktor\u00fd zasiahol do ka\u017ed\u00e9ho ligov\u00e9ho duelu sez\u00f3ny a sk\u00f3roval p\u00e4\u0165 g\u00f3lov.<\/p>\n<p>Po turbulentnej sez\u00f3ne Watfordu aj Evertonu nakoniec\u00a0v j\u00fali 2018 prest\u00fapil Richarlison k\u00a0druh\u00e9mu menovan\u00e9mu za \u010diastku pribli\u017ene 35 mili\u00f3nov libier.\u00a0Pod\u013ea spr\u00e1v m\u00e9di\u00ed by sa t\u00e1to suma mohla s bonusmi potenci\u00e1lne vy\u0161plha\u0165 na 40 mili\u00f3nov libier. Hlavn\u00fd faktor? Marco Silva.<\/p>\n","protected":false},"excerpt":{"rendered":"<p>Narozen:\u00a010. 05. 1997, Nova Ven\u00e9cia, Braz\u00edlie V\u00fd\u0161ka:\u00a0179 cm V\u00e1ha:\u00a071 kg Post: K\u0159\u00eddeln\u00edk V EFC od:\u00a024. 07. 2018 Do: 01. 07.&hellip;<\/p>\n","protected":false},"author":6,"featured_media":0,"parent":70,"menu_order":0,"comment_status":"closed","ping_status":"closed","template":"","meta":{"_eb_attr":"","_monsterinsights_skip_tracking":false,"_monsterinsights_sitenote_active":false,"_monsterinsights_sitenote_note":"","_monsterinsights_sitenote_category":0,"footnotes":""},"yoast_head":"<!-- This site is optimized with the Yoast SEO plugin v23.4 - https:\/\/yoast.com\/wordpress\/plugins\/seo\/ -->\n<title>Richarlison de Andrade - Official Czech &amp; Slovak Everton Supporters&#039; Club<\/title>\n<meta name=\"robots\" content=\"index, follow, max-snippet:-1, max-image-preview:large, max-video-preview:-1\" \/>\n<link rel=\"canonical\" href=\"https:\/\/evertonfc.cz\/index.php\/soupiska\/richarlison\/\" \/>\n<meta property=\"og:locale\" content=\"cs_CZ\" \/>\n<meta property=\"og:type\" content=\"article\" \/>\n<meta property=\"og:title\" content=\"Richarlison de Andrade - Official Czech &amp; Slovak Everton Supporters&#039; Club\" \/>\n<meta property=\"og:description\" content=\"Narozen:\u00a010. 05. 1997, Nova Ven\u00e9cia, Braz\u00edlie V\u00fd\u0161ka:\u00a0179 cm V\u00e1ha:\u00a071 kg Post: K\u0159\u00eddeln\u00edk V EFC od:\u00a024. 07. 2018 Do: 01. 07.&hellip;\" \/>\n<meta property=\"og:url\" content=\"https:\/\/evertonfc.cz\/index.php\/soupiska\/richarlison\/\" \/>\n<meta property=\"og:site_name\" content=\"Official Czech &amp; Slovak Everton Supporters&#039; Club\" \/>\n<meta property=\"article:publisher\" content=\"https:\/\/www.facebook.com\/everton.fans.cz.sk\" \/>\n<meta property=\"article:modified_time\" content=\"2022-07-01T08:56:45+00:00\" \/>\n<meta property=\"og:image\" content=\"https:\/\/evertonfc.cz\/wp-content\/uploads\/2022\/07\/richarlison_de_andrade.png\" \/>\n<meta name=\"twitter:card\" content=\"summary_large_image\" \/>\n<meta name=\"twitter:label1\" content=\"Odhadovan\u00e1 doba \u010dten\u00ed\" \/>\n\t<meta name=\"twitter:data1\" content=\"2 minuty\" \/>\n<script type=\"application\/ld+json\" class=\"yoast-schema-graph\">{\"@context\":\"https:\/\/schema.org\",\"@graph\":[{\"@type\":\"WebPage\",\"@id\":\"https:\/\/evertonfc.cz\/index.php\/soupiska\/richarlison\/\",\"url\":\"https:\/\/evertonfc.cz\/index.php\/soupiska\/richarlison\/\",\"name\":\"Richarlison de Andrade - Official Czech &amp; Slovak Everton Supporters&#039; Club\",\"isPartOf\":{\"@id\":\"https:\/\/evertonfc.cz\/#website\"},\"primaryImageOfPage\":{\"@id\":\"https:\/\/evertonfc.cz\/index.php\/soupiska\/richarlison\/#primaryimage\"},\"image\":{\"@id\":\"https:\/\/evertonfc.cz\/index.php\/soupiska\/richarlison\/#primaryimage\"},\"thumbnailUrl\":\"https:\/\/evertonfc.cz\/wp-content\/uploads\/2022\/07\/richarlison_de_andrade.png\",\"datePublished\":\"2019-01-05T20:36:08+00:00\",\"dateModified\":\"2022-07-01T08:56:45+00:00\",\"breadcrumb\":{\"@id\":\"https:\/\/evertonfc.cz\/index.php\/soupiska\/richarlison\/#breadcrumb\"},\"inLanguage\":\"cs\",\"potentialAction\":[{\"@type\":\"ReadAction\",\"target\":[\"https:\/\/evertonfc.cz\/index.php\/soupiska\/richarlison\/\"]}]},{\"@type\":\"ImageObject\",\"inLanguage\":\"cs\",\"@id\":\"https:\/\/evertonfc.cz\/index.php\/soupiska\/richarlison\/#primaryimage\",\"url\":\"https:\/\/evertonfc.cz\/wp-content\/uploads\/2022\/07\/richarlison_de_andrade.png\",\"contentUrl\":\"https:\/\/evertonfc.cz\/wp-content\/uploads\/2022\/07\/richarlison_de_andrade.png\",\"width\":80,\"height\":83},{\"@type\":\"BreadcrumbList\",\"@id\":\"https:\/\/evertonfc.cz\/index.php\/soupiska\/richarlison\/#breadcrumb\",\"itemListElement\":[{\"@type\":\"ListItem\",\"position\":1,\"name\":\"Home\",\"item\":\"https:\/\/evertonfc.cz\/\"},{\"@type\":\"ListItem\",\"position\":2,\"name\":\"Soupiska\",\"item\":\"https:\/\/evertonfc.cz\/index.php\/soupiska\/\"},{\"@type\":\"ListItem\",\"position\":3,\"name\":\"Richarlison de Andrade\"}]},{\"@type\":\"WebSite\",\"@id\":\"https:\/\/evertonfc.cz\/#website\",\"url\":\"https:\/\/evertonfc.cz\/\",\"name\":\"Official Czech &amp; Slovak Everton Supporters&#039; Club\",\"description\":\"\",\"publisher\":{\"@id\":\"https:\/\/evertonfc.cz\/#organization\"},\"potentialAction\":[{\"@type\":\"SearchAction\",\"target\":{\"@type\":\"EntryPoint\",\"urlTemplate\":\"https:\/\/evertonfc.cz\/?s={search_term_string}\"},\"query-input\":{\"@type\":\"PropertyValueSpecification\",\"valueRequired\":true,\"valueName\":\"search_term_string\"}}],\"inLanguage\":\"cs\"},{\"@type\":\"Organization\",\"@id\":\"https:\/\/evertonfc.cz\/#organization\",\"name\":\"Official Czech & Slovak Everton Supporters' Club\",\"url\":\"https:\/\/evertonfc.cz\/\",\"logo\":{\"@type\":\"ImageObject\",\"inLanguage\":\"cs\",\"@id\":\"https:\/\/evertonfc.cz\/#\/schema\/logo\/image\/\",\"url\":\"https:\/\/evertonfc.cz\/wp-content\/uploads\/2019\/05\/logo.png\",\"contentUrl\":\"https:\/\/evertonfc.cz\/wp-content\/uploads\/2019\/05\/logo.png\",\"width\":112,\"height\":112,\"caption\":\"Official Czech & Slovak Everton Supporters' Club\"},\"image\":{\"@id\":\"https:\/\/evertonfc.cz\/#\/schema\/logo\/image\/\"},\"sameAs\":[\"https:\/\/www.facebook.com\/everton.fans.cz.sk\"]}]}<\/script>\n<!-- \/ Yoast SEO plugin. -->","yoast_head_json":{"title":"Richarlison de Andrade - Official Czech &amp; Slovak Everton Supporters&#039; Club","robots":{"index":"index","follow":"follow","max-snippet":"max-snippet:-1","max-image-preview":"max-image-preview:large","max-video-preview":"max-video-preview:-1"},"canonical":"https:\/\/evertonfc.cz\/index.php\/soupiska\/richarlison\/","og_locale":"cs_CZ","og_type":"article","og_title":"Richarlison de Andrade - Official Czech &amp; Slovak Everton Supporters&#039; Club","og_description":"Narozen:\u00a010. 05. 1997, Nova Ven\u00e9cia, Braz\u00edlie V\u00fd\u0161ka:\u00a0179 cm V\u00e1ha:\u00a071 kg Post: K\u0159\u00eddeln\u00edk V EFC od:\u00a024. 07. 2018 Do: 01. 07.&hellip;","og_url":"https:\/\/evertonfc.cz\/index.php\/soupiska\/richarlison\/","og_site_name":"Official Czech &amp; Slovak Everton Supporters&#039; Club","article_publisher":"https:\/\/www.facebook.com\/everton.fans.cz.sk","article_modified_time":"2022-07-01T08:56:45+00:00","og_image":[{"url":"https:\/\/evertonfc.cz\/wp-content\/uploads\/2022\/07\/richarlison_de_andrade.png"}],"twitter_card":"summary_large_image","twitter_misc":{"Odhadovan\u00e1 doba \u010dten\u00ed":"2 minuty"},"schema":{"@context":"https:\/\/schema.org","@graph":[{"@type":"WebPage","@id":"https:\/\/evertonfc.cz\/index.php\/soupiska\/richarlison\/","url":"https:\/\/evertonfc.cz\/index.php\/soupiska\/richarlison\/","name":"Richarlison de Andrade - Official Czech &amp; Slovak Everton Supporters&#039; Club","isPartOf":{"@id":"https:\/\/evertonfc.cz\/#website"},"primaryImageOfPage":{"@id":"https:\/\/evertonfc.cz\/index.php\/soupiska\/richarlison\/#primaryimage"},"image":{"@id":"https:\/\/evertonfc.cz\/index.php\/soupiska\/richarlison\/#primaryimage"},"thumbnailUrl":"https:\/\/evertonfc.cz\/wp-content\/uploads\/2022\/07\/richarlison_de_andrade.png","datePublished":"2019-01-05T20:36:08+00:00","dateModified":"2022-07-01T08:56:45+00:00","breadcrumb":{"@id":"https:\/\/evertonfc.cz\/index.php\/soupiska\/richarlison\/#breadcrumb"},"inLanguage":"cs","potentialAction":[{"@type":"ReadAction","target":["https:\/\/evertonfc.cz\/index.php\/soupiska\/richarlison\/"]}]},{"@type":"ImageObject","inLanguage":"cs","@id":"https:\/\/evertonfc.cz\/index.php\/soupiska\/richarlison\/#primaryimage","url":"https:\/\/evertonfc.cz\/wp-content\/uploads\/2022\/07\/richarlison_de_andrade.png","contentUrl":"https:\/\/evertonfc.cz\/wp-content\/uploads\/2022\/07\/richarlison_de_andrade.png","width":80,"height":83},{"@type":"BreadcrumbList","@id":"https:\/\/evertonfc.cz\/index.php\/soupiska\/richarlison\/#breadcrumb","itemListElement":[{"@type":"ListItem","position":1,"name":"Home","item":"https:\/\/evertonfc.cz\/"},{"@type":"ListItem","position":2,"name":"Soupiska","item":"https:\/\/evertonfc.cz\/index.php\/soupiska\/"},{"@type":"ListItem","position":3,"name":"Richarlison de Andrade"}]},{"@type":"WebSite","@id":"https:\/\/evertonfc.cz\/#website","url":"https:\/\/evertonfc.cz\/","name":"Official Czech &amp; Slovak Everton Supporters&#039; Club","description":"","publisher":{"@id":"https:\/\/evertonfc.cz\/#organization"},"potentialAction":[{"@type":"SearchAction","target":{"@type":"EntryPoint","urlTemplate":"https:\/\/evertonfc.cz\/?s={search_term_string}"},"query-input":{"@type":"PropertyValueSpecification","valueRequired":true,"valueName":"search_term_string"}}],"inLanguage":"cs"},{"@type":"Organization","@id":"https:\/\/evertonfc.cz\/#organization","name":"Official Czech & Slovak Everton Supporters' Club","url":"https:\/\/evertonfc.cz\/","logo":{"@type":"ImageObject","inLanguage":"cs","@id":"https:\/\/evertonfc.cz\/#\/schema\/logo\/image\/","url":"https:\/\/evertonfc.cz\/wp-content\/uploads\/2019\/05\/logo.png","contentUrl":"https:\/\/evertonfc.cz\/wp-content\/uploads\/2019\/05\/logo.png","width":112,"height":112,"caption":"Official Czech & Slovak Everton Supporters' Club"},"image":{"@id":"https:\/\/evertonfc.cz\/#\/schema\/logo\/image\/"},"sameAs":["https:\/\/www.facebook.com\/everton.fans.cz.sk"]}]}},"_links":{"self":[{"href":"https:\/\/evertonfc.cz\/index.php\/wp-json\/wp\/v2\/pages\/887"}],"collection":[{"href":"https:\/\/evertonfc.cz\/index.php\/wp-json\/wp\/v2\/pages"}],"about":[{"href":"https:\/\/evertonfc.cz\/index.php\/wp-json\/wp\/v2\/types\/page"}],"author":[{"embeddable":true,"href":"https:\/\/evertonfc.cz\/index.php\/wp-json\/wp\/v2\/users\/6"}],"replies":[{"embeddable":true,"href":"https:\/\/evertonfc.cz\/index.php\/wp-json\/wp\/v2\/comments?post=887"}],"version-history":[{"count":12,"href":"https:\/\/evertonfc.cz\/index.php\/wp-json\/wp\/v2\/pages\/887\/revisions"}],"predecessor-version":[{"id":18961,"href":"https:\/\/evertonfc.cz\/index.php\/wp-json\/wp\/v2\/pages\/887\/revisions\/18961"}],"up":[{"embeddable":true,"href":"https:\/\/evertonfc.cz\/index.php\/wp-json\/wp\/v2\/pages\/70"}],"wp:attachment":[{"href":"https:\/\/evertonfc.cz\/index.php\/wp-json\/wp\/v2\/media?parent=887"}],"curies":[{"name":"wp","href":"https:\/\/api.w.org\/{rel}","templated":true}]}}