{"id":8954,"date":"2019-08-08T00:31:41","date_gmt":"2019-08-07T22:31:41","guid":{"rendered":"https:\/\/evertonfc.cz\/?page_id=8954"},"modified":"2020-07-27T19:55:31","modified_gmt":"2020-07-27T17:55:31","slug":"djibril-sidibe","status":"publish","type":"page","link":"https:\/\/evertonfc.cz\/index.php\/soupiska\/djibril-sidibe\/","title":{"rendered":"Djibril Sidib\u00e9"},"content":{"rendered":"<p><strong><img decoding=\"async\" style=\"float: right; margin-left: 10px; margin-right: 10px;\" src=\"https:\/\/evertonfc.cz\/wp-content\/uploads\/2020\/07\/sidibe_djibril.png\" alt=\"\" \/>Narozen:<\/strong> 29. 07. 1992, Troyes, Francie<br \/>\n<strong>V\u00fd\u0161ka:<\/strong> 182 cm<br \/>\n<strong>V\u00e1ha:<\/strong> 71 kg<br \/>\n<strong>Post:<\/strong> Obr\u00e1nce<br \/>\n<strong>V EFC od:<\/strong> 07. 08. 2019<br \/>\n<strong>Do:<\/strong> 27. 07. 2020<\/p>\n<hr \/>\n<p>Rod\u00e1k z Troyes za\u010dal s fotbalov\u00fdmi kr\u016f\u010dky a tak\u00e9 debutoval na profesion\u00e1ln\u00ed \u00farovni v rodn\u00e9m m\u011bst\u011b. Po postupu do prvn\u00ed francouzsk\u00e9 ligy p\u0159estoupil v roce 2012 coby 19let\u00fd z Troyes do Lille, kde si postupn\u011b vydobyl m\u00edsto v z\u00e1kladn\u00ed sestav\u011b a renom\u00e9 v lize. Po \u010dty\u0159ech letech na severu Francie si ho vyhl\u00e9dlo AS Monako, jemu\u017e ve sv\u00e9 debutov\u00e9 sez\u00f3n\u011b 2016\/17 v\u00fdrazn\u011b pomohl k zisku ligov\u00e9ho titulu. V \u00fasp\u011b\u0161n\u00e9m ro\u010dn\u00edku byl dokonce zvolen do t\u00fdmu roku Ligue 1.<\/p>\n<p>Atletick\u00fd prav\u00fd obr\u00e1nce nav\u00e1zal na velmi slu\u0161n\u00e1 p\u0159edstaven\u00ed i ve druh\u00e9m roce v kn\u00ed\u017eec\u00edm celku a odm\u011bnou mu byly pozv\u00e1nky do n\u00e1rodn\u00edho t\u00fdmu Francie. Na konci ro\u010dn\u00edku 2017\/18 ale Sidib\u00e9ho potkalo zran\u011bn\u00ed kolene, kter\u00e9 se rozhodl nel\u00e9\u010dit operac\u00ed, aby kv\u016fli n\u00e1sledn\u00e9 dlouh\u00e9 rekonvalescenci nep\u0159i\u0161el o \u00fa\u010dast na mistrovstv\u00ed sv\u011bta 2018. Na \u0161ampion\u00e1t v Rusku nakonec skute\u010dn\u011b odcestoval, odehr\u00e1l posledn\u00ed utk\u00e1n\u00ed z\u00e1kladn\u00ed skupiny a stal se mistrem sv\u011bta.<\/p>\n<p>Nevyl\u00e9\u010den\u00e9 koleno a \u0161patn\u00e1 sez\u00f3na Monaka, kter\u00e9 loni a\u017e do posledn\u00edch kol bojovalo o prvoligovou p\u0159\u00edslu\u0161nost, m\u011bly v\u0161ak za n\u00e1sledek Sidib\u00e9ho zhor\u0161en\u00e9 v\u00fdkony a ob\u010dasn\u00e9 vysed\u00e1v\u00e1n\u00ed na lavi\u010dce n\u00e1hradn\u00edk\u016f.<\/p>\n<p>Mo\u017enost \u0161tace v Evertonu tak pro 1,82 cm vysok\u00e9ho beka p\u0159edstavovala v l\u00e9t\u011b 2019 v\u00edtan\u00fd a nov\u00fd impuls v kari\u00e9\u0159e. Na Goodison Park dorazil na ro\u010dn\u00ed hostov\u00e1n\u00ed s opc\u00ed (\u010d\u00e1stky podle m\u00e9di\u00ed: 2,3 milionu liber za hostov\u00e1n\u00ed a 12,9 milionu liber za p\u0159\u00edpadn\u00fd trval\u00fd transfer).<\/p>\n<p><em>\u201eDjibril je siln\u00fd obr\u00e1nce se schopnostmi za\u00fato\u010dit, um\u00ed dob\u0159e centrovat a kombinovat se spoluhr\u00e1\u010di. Bylo d\u016fle\u017eit\u00e9 kvalitn\u011b zdvojit post prav\u00e9ho obr\u00e1nce, s Djibrilem a Seamusem se n\u00e1m to poda\u0159ilo,\u201c<\/em> prozradil na adresu Sidib\u00e9ho mana\u017eer Toffees Marco Silva.<\/p>\n<p>Sidib\u00e9 b\u011bhem t\u0159\u00ed let v Monaku celkem odehr\u00e1l 114 z\u00e1pas\u016f, v nich\u017e vst\u0159elil \u0161est branek a p\u0159ipsal si 21 asistenc\u00ed. Francii doposud reprezentoval v 18 z\u00e1pasech, posledn\u00ed start zaknihoval na zm\u00edn\u011bn\u00e9m mistrovstv\u00ed sv\u011bta 2018, a\u010d mu nominace pravideln\u011b chodily a\u017e do b\u0159ezna leto\u0161n\u00edho roku.<\/p>\n<p>Na Goodison Parku \u010dekal Sidib\u00e9 na ligov\u00fd debut dva m\u011bs\u00edce (jinak debutoval u\u017e v srpnu v Ligov\u00e9m poh\u00e1ru), p\u0159ipsal si ho v \u0159\u00edjnu s Burnley. Do Premier League vkro\u010dil dob\u0159e, je\u0161t\u011b do konce kalend\u00e1\u0159n\u00edho roku 2020 m\u011bl na kont\u011b \u010dty\u0159i asistence, postupn\u011b ho ale za\u010daly st\u00e1le \u010dast\u011bji sr\u00e1\u017eet nesoust\u0159ed\u011bnost a zl\u00e1 pozi\u010dn\u00ed hra, co\u017e je pochopiteln\u011b u obr\u00e1nce velk\u00fdm probl\u00e9mem. I proto se tedy\u00a0 Everton nakonec rozhodl nevyu\u017e\u00edt opci na p\u0159estup. Francouz se po sez\u00f3n\u011b vr\u00e1til do Monaka s bilanc\u00ed 28 odehran\u00fdch z\u00e1pas\u016f a p\u011bti asistencemi.<\/p>\n","protected":false},"excerpt":{"rendered":"<p>Narozen: 29. 07. 1992, Troyes, Francie V\u00fd\u0161ka: 182 cm V\u00e1ha: 71 kg Post: Obr\u00e1nce V EFC od: 07. 08. 2019&hellip;<\/p>\n","protected":false},"author":6,"featured_media":0,"parent":70,"menu_order":0,"comment_status":"closed","ping_status":"closed","template":"","meta":{"_eb_attr":"","_monsterinsights_skip_tracking":false,"_monsterinsights_sitenote_active":false,"_monsterinsights_sitenote_note":"","_monsterinsights_sitenote_category":0,"footnotes":""},"yoast_head":"<!-- This site is optimized with the Yoast SEO plugin v23.4 - https:\/\/yoast.com\/wordpress\/plugins\/seo\/ -->\n<title>Djibril Sidib\u00e9 - Official Czech &amp; Slovak Everton Supporters&#039; Club<\/title>\n<meta name=\"robots\" content=\"index, follow, max-snippet:-1, max-image-preview:large, max-video-preview:-1\" \/>\n<link rel=\"canonical\" href=\"https:\/\/evertonfc.cz\/index.php\/soupiska\/djibril-sidibe\/\" \/>\n<meta property=\"og:locale\" content=\"cs_CZ\" \/>\n<meta property=\"og:type\" content=\"article\" \/>\n<meta property=\"og:title\" content=\"Djibril Sidib\u00e9 - Official Czech &amp; Slovak Everton Supporters&#039; Club\" \/>\n<meta property=\"og:description\" content=\"Narozen: 29. 07. 1992, Troyes, Francie V\u00fd\u0161ka: 182 cm V\u00e1ha: 71 kg Post: Obr\u00e1nce V EFC od: 07. 08. 2019&hellip;\" \/>\n<meta property=\"og:url\" content=\"https:\/\/evertonfc.cz\/index.php\/soupiska\/djibril-sidibe\/\" \/>\n<meta property=\"og:site_name\" content=\"Official Czech &amp; Slovak Everton Supporters&#039; Club\" \/>\n<meta property=\"article:publisher\" content=\"https:\/\/www.facebook.com\/everton.fans.cz.sk\" \/>\n<meta property=\"article:modified_time\" content=\"2020-07-27T17:55:31+00:00\" \/>\n<meta property=\"og:image\" content=\"https:\/\/evertonfc.cz\/wp-content\/uploads\/2020\/07\/sidibe_djibril.png\" \/>\n<meta name=\"twitter:card\" content=\"summary_large_image\" \/>\n<meta name=\"twitter:label1\" content=\"Odhadovan\u00e1 doba \u010dten\u00ed\" \/>\n\t<meta name=\"twitter:data1\" content=\"3 minuty\" \/>\n<script type=\"application\/ld+json\" class=\"yoast-schema-graph\">{\"@context\":\"https:\/\/schema.org\",\"@graph\":[{\"@type\":\"WebPage\",\"@id\":\"https:\/\/evertonfc.cz\/index.php\/soupiska\/djibril-sidibe\/\",\"url\":\"https:\/\/evertonfc.cz\/index.php\/soupiska\/djibril-sidibe\/\",\"name\":\"Djibril Sidib\u00e9 - Official Czech &amp; Slovak Everton Supporters&#039; Club\",\"isPartOf\":{\"@id\":\"https:\/\/evertonfc.cz\/#website\"},\"primaryImageOfPage\":{\"@id\":\"https:\/\/evertonfc.cz\/index.php\/soupiska\/djibril-sidibe\/#primaryimage\"},\"image\":{\"@id\":\"https:\/\/evertonfc.cz\/index.php\/soupiska\/djibril-sidibe\/#primaryimage\"},\"thumbnailUrl\":\"https:\/\/evertonfc.cz\/wp-content\/uploads\/2020\/07\/sidibe_djibril.png\",\"datePublished\":\"2019-08-07T22:31:41+00:00\",\"dateModified\":\"2020-07-27T17:55:31+00:00\",\"breadcrumb\":{\"@id\":\"https:\/\/evertonfc.cz\/index.php\/soupiska\/djibril-sidibe\/#breadcrumb\"},\"inLanguage\":\"cs\",\"potentialAction\":[{\"@type\":\"ReadAction\",\"target\":[\"https:\/\/evertonfc.cz\/index.php\/soupiska\/djibril-sidibe\/\"]}]},{\"@type\":\"ImageObject\",\"inLanguage\":\"cs\",\"@id\":\"https:\/\/evertonfc.cz\/index.php\/soupiska\/djibril-sidibe\/#primaryimage\",\"url\":\"https:\/\/evertonfc.cz\/wp-content\/uploads\/2020\/07\/sidibe_djibril.png\",\"contentUrl\":\"https:\/\/evertonfc.cz\/wp-content\/uploads\/2020\/07\/sidibe_djibril.png\",\"width\":80,\"height\":83},{\"@type\":\"BreadcrumbList\",\"@id\":\"https:\/\/evertonfc.cz\/index.php\/soupiska\/djibril-sidibe\/#breadcrumb\",\"itemListElement\":[{\"@type\":\"ListItem\",\"position\":1,\"name\":\"Home\",\"item\":\"https:\/\/evertonfc.cz\/\"},{\"@type\":\"ListItem\",\"position\":2,\"name\":\"Soupiska\",\"item\":\"https:\/\/evertonfc.cz\/index.php\/soupiska\/\"},{\"@type\":\"ListItem\",\"position\":3,\"name\":\"Djibril Sidib\u00e9\"}]},{\"@type\":\"WebSite\",\"@id\":\"https:\/\/evertonfc.cz\/#website\",\"url\":\"https:\/\/evertonfc.cz\/\",\"name\":\"Official Czech &amp; Slovak Everton Supporters&#039; Club\",\"description\":\"\",\"publisher\":{\"@id\":\"https:\/\/evertonfc.cz\/#organization\"},\"potentialAction\":[{\"@type\":\"SearchAction\",\"target\":{\"@type\":\"EntryPoint\",\"urlTemplate\":\"https:\/\/evertonfc.cz\/?s={search_term_string}\"},\"query-input\":{\"@type\":\"PropertyValueSpecification\",\"valueRequired\":true,\"valueName\":\"search_term_string\"}}],\"inLanguage\":\"cs\"},{\"@type\":\"Organization\",\"@id\":\"https:\/\/evertonfc.cz\/#organization\",\"name\":\"Official Czech & Slovak Everton Supporters' Club\",\"url\":\"https:\/\/evertonfc.cz\/\",\"logo\":{\"@type\":\"ImageObject\",\"inLanguage\":\"cs\",\"@id\":\"https:\/\/evertonfc.cz\/#\/schema\/logo\/image\/\",\"url\":\"https:\/\/evertonfc.cz\/wp-content\/uploads\/2019\/05\/logo.png\",\"contentUrl\":\"https:\/\/evertonfc.cz\/wp-content\/uploads\/2019\/05\/logo.png\",\"width\":112,\"height\":112,\"caption\":\"Official Czech & Slovak Everton Supporters' Club\"},\"image\":{\"@id\":\"https:\/\/evertonfc.cz\/#\/schema\/logo\/image\/\"},\"sameAs\":[\"https:\/\/www.facebook.com\/everton.fans.cz.sk\"]}]}<\/script>\n<!-- \/ Yoast SEO plugin. -->","yoast_head_json":{"title":"Djibril Sidib\u00e9 - Official Czech &amp; Slovak Everton Supporters&#039; Club","robots":{"index":"index","follow":"follow","max-snippet":"max-snippet:-1","max-image-preview":"max-image-preview:large","max-video-preview":"max-video-preview:-1"},"canonical":"https:\/\/evertonfc.cz\/index.php\/soupiska\/djibril-sidibe\/","og_locale":"cs_CZ","og_type":"article","og_title":"Djibril Sidib\u00e9 - Official Czech &amp; Slovak Everton Supporters&#039; Club","og_description":"Narozen: 29. 07. 1992, Troyes, Francie V\u00fd\u0161ka: 182 cm V\u00e1ha: 71 kg Post: Obr\u00e1nce V EFC od: 07. 08. 2019&hellip;","og_url":"https:\/\/evertonfc.cz\/index.php\/soupiska\/djibril-sidibe\/","og_site_name":"Official Czech &amp; Slovak Everton Supporters&#039; Club","article_publisher":"https:\/\/www.facebook.com\/everton.fans.cz.sk","article_modified_time":"2020-07-27T17:55:31+00:00","og_image":[{"url":"https:\/\/evertonfc.cz\/wp-content\/uploads\/2020\/07\/sidibe_djibril.png"}],"twitter_card":"summary_large_image","twitter_misc":{"Odhadovan\u00e1 doba \u010dten\u00ed":"3 minuty"},"schema":{"@context":"https:\/\/schema.org","@graph":[{"@type":"WebPage","@id":"https:\/\/evertonfc.cz\/index.php\/soupiska\/djibril-sidibe\/","url":"https:\/\/evertonfc.cz\/index.php\/soupiska\/djibril-sidibe\/","name":"Djibril Sidib\u00e9 - Official Czech &amp; Slovak Everton Supporters&#039; Club","isPartOf":{"@id":"https:\/\/evertonfc.cz\/#website"},"primaryImageOfPage":{"@id":"https:\/\/evertonfc.cz\/index.php\/soupiska\/djibril-sidibe\/#primaryimage"},"image":{"@id":"https:\/\/evertonfc.cz\/index.php\/soupiska\/djibril-sidibe\/#primaryimage"},"thumbnailUrl":"https:\/\/evertonfc.cz\/wp-content\/uploads\/2020\/07\/sidibe_djibril.png","datePublished":"2019-08-07T22:31:41+00:00","dateModified":"2020-07-27T17:55:31+00:00","breadcrumb":{"@id":"https:\/\/evertonfc.cz\/index.php\/soupiska\/djibril-sidibe\/#breadcrumb"},"inLanguage":"cs","potentialAction":[{"@type":"ReadAction","target":["https:\/\/evertonfc.cz\/index.php\/soupiska\/djibril-sidibe\/"]}]},{"@type":"ImageObject","inLanguage":"cs","@id":"https:\/\/evertonfc.cz\/index.php\/soupiska\/djibril-sidibe\/#primaryimage","url":"https:\/\/evertonfc.cz\/wp-content\/uploads\/2020\/07\/sidibe_djibril.png","contentUrl":"https:\/\/evertonfc.cz\/wp-content\/uploads\/2020\/07\/sidibe_djibril.png","width":80,"height":83},{"@type":"BreadcrumbList","@id":"https:\/\/evertonfc.cz\/index.php\/soupiska\/djibril-sidibe\/#breadcrumb","itemListElement":[{"@type":"ListItem","position":1,"name":"Home","item":"https:\/\/evertonfc.cz\/"},{"@type":"ListItem","position":2,"name":"Soupiska","item":"https:\/\/evertonfc.cz\/index.php\/soupiska\/"},{"@type":"ListItem","position":3,"name":"Djibril Sidib\u00e9"}]},{"@type":"WebSite","@id":"https:\/\/evertonfc.cz\/#website","url":"https:\/\/evertonfc.cz\/","name":"Official Czech &amp; Slovak Everton Supporters&#039; Club","description":"","publisher":{"@id":"https:\/\/evertonfc.cz\/#organization"},"potentialAction":[{"@type":"SearchAction","target":{"@type":"EntryPoint","urlTemplate":"https:\/\/evertonfc.cz\/?s={search_term_string}"},"query-input":{"@type":"PropertyValueSpecification","valueRequired":true,"valueName":"search_term_string"}}],"inLanguage":"cs"},{"@type":"Organization","@id":"https:\/\/evertonfc.cz\/#organization","name":"Official Czech & Slovak Everton Supporters' Club","url":"https:\/\/evertonfc.cz\/","logo":{"@type":"ImageObject","inLanguage":"cs","@id":"https:\/\/evertonfc.cz\/#\/schema\/logo\/image\/","url":"https:\/\/evertonfc.cz\/wp-content\/uploads\/2019\/05\/logo.png","contentUrl":"https:\/\/evertonfc.cz\/wp-content\/uploads\/2019\/05\/logo.png","width":112,"height":112,"caption":"Official Czech & Slovak Everton Supporters' Club"},"image":{"@id":"https:\/\/evertonfc.cz\/#\/schema\/logo\/image\/"},"sameAs":["https:\/\/www.facebook.com\/everton.fans.cz.sk"]}]}},"_links":{"self":[{"href":"https:\/\/evertonfc.cz\/index.php\/wp-json\/wp\/v2\/pages\/8954"}],"collection":[{"href":"https:\/\/evertonfc.cz\/index.php\/wp-json\/wp\/v2\/pages"}],"about":[{"href":"https:\/\/evertonfc.cz\/index.php\/wp-json\/wp\/v2\/types\/page"}],"author":[{"embeddable":true,"href":"https:\/\/evertonfc.cz\/index.php\/wp-json\/wp\/v2\/users\/6"}],"replies":[{"embeddable":true,"href":"https:\/\/evertonfc.cz\/index.php\/wp-json\/wp\/v2\/comments?post=8954"}],"version-history":[{"count":7,"href":"https:\/\/evertonfc.cz\/index.php\/wp-json\/wp\/v2\/pages\/8954\/revisions"}],"predecessor-version":[{"id":11516,"href":"https:\/\/evertonfc.cz\/index.php\/wp-json\/wp\/v2\/pages\/8954\/revisions\/11516"}],"up":[{"embeddable":true,"href":"https:\/\/evertonfc.cz\/index.php\/wp-json\/wp\/v2\/pages\/70"}],"wp:attachment":[{"href":"https:\/\/evertonfc.cz\/index.php\/wp-json\/wp\/v2\/media?parent=8954"}],"curies":[{"name":"wp","href":"https:\/\/api.w.org\/{rel}","templated":true}]}}