{"id":897,"date":"2019-01-05T21:50:50","date_gmt":"2019-01-05T20:50:50","guid":{"rendered":"http:\/\/evertonfc.cz\/?page_id=897"},"modified":"2020-07-30T12:40:37","modified_gmt":"2020-07-30T10:40:37","slug":"kieran-dowell","status":"publish","type":"page","link":"https:\/\/evertonfc.cz\/index.php\/soupiska\/kieran-dowell\/","title":{"rendered":"Kieran O&#8217;Neill Dowell"},"content":{"rendered":"<p><strong><img loading=\"lazy\" decoding=\"async\" style=\"float: right; margin-left: 10px; margin-right: 10px;\" src=\"http:\/\/evertonfc.cz\/wp-content\/uploads\/2019\/01\/dowell.jpg\" alt=\"\" width=\"80\" height=\"83\" \/>Narozen:<\/strong>\u00a010. 10. 1997, Ormskirk, Anglie<br \/>\n<strong>V\u00fd\u0161ka:<\/strong>\u00a0175 cm<br \/>\n<strong>V\u00e1ha:<\/strong>\u00a070 kg<br \/>\n<strong>Post:<\/strong>\u00a0Ofenzivn\u00ed z\u00e1lo\u017en\u00edk<br \/>\n<strong>V EFC od:<\/strong>\u00a0Odchovanec<br \/>\n<strong>Do:<\/strong> 30. 07. 2020<\/p>\n<hr \/>\n<p>Odchovanec Evertonu pat\u0159il od ml\u00e1de\u017enick\u00fdch let mezi nejv\u011bt\u0161\u00ed anglick\u00e9 talenty. Zdob\u00ed ho skv\u011bl\u00e1 leva\u010dka, kter\u00e1 produkuje p\u0159esn\u00e9 pasy a kr\u00e1sn\u00e9 branky. V ofenziv\u011b pod \u00fato\u010dn\u00edkem m\u016f\u017ee nastoupit na jak\u00e9koliv pozici.<\/p>\n<p>Kieran Dowell se poprv\u00e9 dostal do \u0161ir\u0161\u00edho pov\u011bdom\u00ed v prosinci roku 2014, kdy debutoval v prvn\u00edm t\u00fdmu Toffees. Nasko\u010dil na posledn\u00ed minuty do dom\u00e1c\u00ed kl\u00e1n\u00ed Evropsk\u00e9 ligy pro FK Krasnodaru, tehdy mu bylo 17 let. V t\u00e9 dob\u011b st\u0159\u00eddav\u011b nastupoval za v\u00fdb\u011bry U18 a U21 a podepsal prvn\u00ed profesion\u00e1ln\u00ed kontrakt.<\/p>\n<p>V sez\u00f3n\u011b 2015\/16 se stal tahounem U21 pod veden\u00edm Davida Unswortha. St\u0159\u00edle branky a dirigoval hru, proto pov\u00fd\u0161en\u00ed do prvn\u00edho t\u00fdmu nebylo p\u0159ekvapen\u00edm. Premier League okusil na ja\u0159e 2016, ze st\u0159\u00edda\u010dky zas\u00e1hl na z\u00e1v\u011br duelu proti Bournemouthu. Na posledn\u00ed kolo sez\u00f3ny pov\u00fd\u0161il do \u00e1\u010dka tren\u00e9r David Unsworth, zaskakoval za vyhozen\u00e9ho mana\u017eera Mart\u00edneze. B\u00fdval\u00fd obr\u00e1nce Blues dop\u0159\u00e1l debut v z\u00e1kladn\u00ed sestav\u011b mlad\u00edk\u016f Tomu Daviesovi a Kieranu Dowellovi.<\/p>\n<p>V dal\u0161\u00ed sez\u00f3n\u011b Dowell t\u00e1hl Everton U23 k titulu v Premier League 2. Se svou leva\u010dkou vykouzlil n\u011bkolik n\u00e1dhern\u00fdch branek, na ve\u0159ejnost ale pros\u00e1kly spekulace o jeho laxn\u011bj\u0161\u00edm p\u0159\u00edstupu, kter\u00fd mu pravd\u011bpodobn\u011b znemo\u017enil proniknut\u00ed do prvn\u00edho t\u00fdmu. Ro\u010dn\u00edk 2016\/17 zakon\u010dil s reprezentac\u00ed Anglie do 20 let na mistrovstv\u00ed sv\u011bta v Ji\u017en\u00ed Koreji, kde pat\u0159il k tahoun\u016fm ofenzivy Albionu a p\u0159isp\u011bl k zisku zlat\u00fdch medail\u00ed.<\/p>\n<p>N\u00e1sledn\u011b absolvoval letn\u00ed p\u0159\u00edpravu v prvn\u00edm t\u00fdmu a zaskv\u011bl se dv\u011bma kr\u00e1sn\u00fdmi g\u00f3ly v z\u00e1pasech s Gor Mahiou a Twente. Ov\u0161em kv\u016fli velk\u00e9 konkurenci v sestav\u011b mana\u017eer Koeman rozhodl, \u017ee pro Dowella bude lep\u0161\u00ed odej\u00edt sb\u00edrat hern\u00ed praxi na hostov\u00e1n\u00ed. Pro ro\u010dn\u00edk 2017\/18 ode\u0161el na ro\u010dn\u00ed hostov\u00e1n\u00ed do druholigov\u00e9ho Nottinghamu Forest, v jeho\u017e dresu nazna\u010dil sv\u016fj talent.<\/p>\n<p>Povedl se mu hlavn\u011b vstup do anga\u017em\u00e1, v prvn\u00ed polovin\u011b sez\u00f3ny pat\u0159il k nejlep\u0161\u00edm hr\u00e1\u010d\u016fm Forest a \u010dasto na n\u011bm st\u00e1la ofenzivn\u00ed hra t\u00fdmu. Ve druh\u00e9 polovin\u011b po p\u0159\u00edchodu nov\u00e9ho mana\u017eera Karanky se Dowell ji\u017e net\u011b\u0161il tak pravideln\u00e9mu hern\u00edmu vyt\u00ed\u017een\u00ed, i tak svou anab\u00e1zi ve druh\u00e9 lize ukon\u010dil s 38 odehran\u00fdmi z\u00e1pasy, dev\u00edti vst\u0159elen\u00fdmi brankami (z nich\u017e n\u011bkter\u00e9 byly opravdu v\u00fdstavn\u00ed) a \u010dty\u0159mi asistencemi.<\/p>\n<p>Do Evertonu, kter\u00fd p\u0159evzal mana\u017eer Marco Silva, se vr\u00e1til jako zocelen\u011bj\u0161\u00ed hr\u00e1\u010d p\u0159ipraven\u00fd bojovat o m\u00edsto v prvn\u00edm t\u00fdmu. Jen\u017ee b\u011bhem podzimn\u00ed \u010d\u00e1sti sez\u00f3ny 2018\/19 nastoupil pouze ke dv\u011bma z\u00e1pas\u016fm v Ligov\u00e9m poh\u00e1ru, a tak v lednu 2019 vydal na dal\u0161\u00ed hostov\u00e1n\u00ed do druh\u00e9 nejvy\u0161\u0161\u00ed anglick\u00e9 sout\u011b\u017ei, k postupu do Premier League pomohl Sheffieldu United. U Blades se ale nedok\u00e1zal natrvalo prosadit do z\u00e1kladn\u00ed sestavy, o co\u017e se v sez\u00f3n\u011b 2019\/20 pokus\u00ed na dal\u0161\u00edm hostov\u00e1n\u00ed v druholigov\u00e9m anglick\u00e9m celku, tentokr\u00e1t v Derby County, kter\u00e9 nov\u011b vede mana\u017eer Phillip Cocu, b\u00fdval\u00fd spolupracovn\u00edk sportovn\u00edho \u0159editele Evertonu Marcela Brandse.<\/p>\n<p>Dowell se ale b\u011bhem p\u016flroku u Rams nedok\u00e1zal prosadit, kdy\u017e b\u011bhem 26 kol nastoupil pouze k 10 z\u00e1pas\u016fm a p\u0159ipsal si jednu asistenci, a proto ho Everton v lednu 2020 p\u0159ed\u010dasn\u011b povolal zp\u011bt, aby ho vz\u00e1p\u011bt\u00ed v r\u00e1mci druh\u00e9 ligy poslal na hostov\u00e1n\u00ed do konce sez\u00f3ny do Wiganu Athletic, jemu\u017e m\u00e1 22let\u00fd ofenzivn\u00ed st\u0159edopola\u0159 pomoct v boji o udr\u017een\u00ed.<\/p>\n<p>Na DW Stadium se Dowell do\u010dkal d\u016fv\u011bry, kterou oplatil pom\u011brn\u011b dobr\u00fdmi v\u00fdkony. Ve 13 z\u00e1pasech vst\u0159elil p\u011bt branek a na dv\u011b p\u0159ihr\u00e1l. Sestup Latics ale neodvr\u00e1til, mu\u017estvo sice d\u00edky dobr\u00e9 form\u011b posko\u010dilo do klidn\u00e9ho st\u0159edu tabulky, jen\u017ee klub se ocitl v t\u011b\u017ek\u00fdch existen\u010dn\u00edch probl\u00e9mech,spadl do insolvence, za co\u017e ho veden\u00ed sout\u011b\u017ee potrestalo ode\u010dtem 12 bod\u016f, je\u017e ho poslaly na sestupov\u00e9 p\u0159\u00ed\u010dky, po \u010dem\u017e n\u00e1sledoval krut\u00fd p\u00e1d do t\u0159et\u00ed ligy.<\/p>\n<p>V l\u00e9t\u011b 2020 se Dowell vr\u00e1til do Evertonu, dlouho v n\u011bm ale nevydr\u017eel. Za nezve\u0159ejn\u011bnou p\u0159estupovou \u010d\u00e1stku ho rok p\u0159ed koncem smlouvy na Goodison Parku koupil Norwich City, s n\u00edm\u017e podepsal kontrakt na t\u0159i roky. Odchovanec Toffees opou\u0161t\u00ed klub s pouh\u00fdmi sedmi startu v prvn\u00edm t\u00fdmu, v nov\u00e9m p\u016fsobi\u0161ti by m\u011bl ale kone\u010dn\u011b dostat prostor natrvalo si vybojovat d\u016fle\u017eitou pozici v perspektivn\u00edm mu\u017estvu, kter\u00e9 se po sestupu z Premier League bude sna\u017eit o okam\u017eit\u00fd n\u00e1vrat mezi anglickou elitu.<\/p>\n","protected":false},"excerpt":{"rendered":"<p>Narozen:\u00a010. 10. 1997, Ormskirk, Anglie V\u00fd\u0161ka:\u00a0175 cm V\u00e1ha:\u00a070 kg Post:\u00a0Ofenzivn\u00ed z\u00e1lo\u017en\u00edk V EFC od:\u00a0Odchovanec Do: 30. 07. 2020 Odchovanec Evertonu&hellip;<\/p>\n","protected":false},"author":6,"featured_media":0,"parent":70,"menu_order":0,"comment_status":"closed","ping_status":"closed","template":"","meta":{"_eb_attr":"","_monsterinsights_skip_tracking":false,"_monsterinsights_sitenote_active":false,"_monsterinsights_sitenote_note":"","_monsterinsights_sitenote_category":0,"footnotes":""},"yoast_head":"<!-- This site is optimized with the Yoast SEO plugin v23.4 - https:\/\/yoast.com\/wordpress\/plugins\/seo\/ -->\n<title>Kieran O&#039;Neill Dowell - Official Czech &amp; Slovak Everton Supporters&#039; Club<\/title>\n<meta name=\"robots\" content=\"index, follow, max-snippet:-1, max-image-preview:large, max-video-preview:-1\" \/>\n<link rel=\"canonical\" href=\"https:\/\/evertonfc.cz\/index.php\/soupiska\/kieran-dowell\/\" \/>\n<meta property=\"og:locale\" content=\"cs_CZ\" \/>\n<meta property=\"og:type\" content=\"article\" \/>\n<meta property=\"og:title\" content=\"Kieran O&#039;Neill Dowell - Official Czech &amp; Slovak Everton Supporters&#039; Club\" \/>\n<meta property=\"og:description\" content=\"Narozen:\u00a010. 10. 1997, Ormskirk, Anglie V\u00fd\u0161ka:\u00a0175 cm V\u00e1ha:\u00a070 kg Post:\u00a0Ofenzivn\u00ed z\u00e1lo\u017en\u00edk V EFC od:\u00a0Odchovanec Do: 30. 07. 2020 Odchovanec Evertonu&hellip;\" \/>\n<meta property=\"og:url\" content=\"https:\/\/evertonfc.cz\/index.php\/soupiska\/kieran-dowell\/\" \/>\n<meta property=\"og:site_name\" content=\"Official Czech &amp; Slovak Everton Supporters&#039; Club\" \/>\n<meta property=\"article:publisher\" content=\"https:\/\/www.facebook.com\/everton.fans.cz.sk\" \/>\n<meta property=\"article:modified_time\" content=\"2020-07-30T10:40:37+00:00\" \/>\n<meta property=\"og:image\" content=\"http:\/\/evertonfc.cz\/wp-content\/uploads\/2019\/01\/dowell.jpg\" \/>\n<meta name=\"twitter:card\" content=\"summary_large_image\" \/>\n<meta name=\"twitter:label1\" content=\"Odhadovan\u00e1 doba \u010dten\u00ed\" \/>\n\t<meta name=\"twitter:data1\" content=\"4 minuty\" \/>\n<script type=\"application\/ld+json\" class=\"yoast-schema-graph\">{\"@context\":\"https:\/\/schema.org\",\"@graph\":[{\"@type\":\"WebPage\",\"@id\":\"https:\/\/evertonfc.cz\/index.php\/soupiska\/kieran-dowell\/\",\"url\":\"https:\/\/evertonfc.cz\/index.php\/soupiska\/kieran-dowell\/\",\"name\":\"Kieran O'Neill Dowell - Official Czech &amp; Slovak Everton Supporters&#039; Club\",\"isPartOf\":{\"@id\":\"https:\/\/evertonfc.cz\/#website\"},\"primaryImageOfPage\":{\"@id\":\"https:\/\/evertonfc.cz\/index.php\/soupiska\/kieran-dowell\/#primaryimage\"},\"image\":{\"@id\":\"https:\/\/evertonfc.cz\/index.php\/soupiska\/kieran-dowell\/#primaryimage\"},\"thumbnailUrl\":\"http:\/\/evertonfc.cz\/wp-content\/uploads\/2019\/01\/dowell.jpg\",\"datePublished\":\"2019-01-05T20:50:50+00:00\",\"dateModified\":\"2020-07-30T10:40:37+00:00\",\"breadcrumb\":{\"@id\":\"https:\/\/evertonfc.cz\/index.php\/soupiska\/kieran-dowell\/#breadcrumb\"},\"inLanguage\":\"cs\",\"potentialAction\":[{\"@type\":\"ReadAction\",\"target\":[\"https:\/\/evertonfc.cz\/index.php\/soupiska\/kieran-dowell\/\"]}]},{\"@type\":\"ImageObject\",\"inLanguage\":\"cs\",\"@id\":\"https:\/\/evertonfc.cz\/index.php\/soupiska\/kieran-dowell\/#primaryimage\",\"url\":\"http:\/\/evertonfc.cz\/wp-content\/uploads\/2019\/01\/dowell.jpg\",\"contentUrl\":\"http:\/\/evertonfc.cz\/wp-content\/uploads\/2019\/01\/dowell.jpg\"},{\"@type\":\"BreadcrumbList\",\"@id\":\"https:\/\/evertonfc.cz\/index.php\/soupiska\/kieran-dowell\/#breadcrumb\",\"itemListElement\":[{\"@type\":\"ListItem\",\"position\":1,\"name\":\"Home\",\"item\":\"https:\/\/evertonfc.cz\/\"},{\"@type\":\"ListItem\",\"position\":2,\"name\":\"Soupiska\",\"item\":\"https:\/\/evertonfc.cz\/index.php\/soupiska\/\"},{\"@type\":\"ListItem\",\"position\":3,\"name\":\"Kieran O&#8217;Neill Dowell\"}]},{\"@type\":\"WebSite\",\"@id\":\"https:\/\/evertonfc.cz\/#website\",\"url\":\"https:\/\/evertonfc.cz\/\",\"name\":\"Official Czech &amp; Slovak Everton Supporters&#039; Club\",\"description\":\"\",\"publisher\":{\"@id\":\"https:\/\/evertonfc.cz\/#organization\"},\"potentialAction\":[{\"@type\":\"SearchAction\",\"target\":{\"@type\":\"EntryPoint\",\"urlTemplate\":\"https:\/\/evertonfc.cz\/?s={search_term_string}\"},\"query-input\":{\"@type\":\"PropertyValueSpecification\",\"valueRequired\":true,\"valueName\":\"search_term_string\"}}],\"inLanguage\":\"cs\"},{\"@type\":\"Organization\",\"@id\":\"https:\/\/evertonfc.cz\/#organization\",\"name\":\"Official Czech & Slovak Everton Supporters' Club\",\"url\":\"https:\/\/evertonfc.cz\/\",\"logo\":{\"@type\":\"ImageObject\",\"inLanguage\":\"cs\",\"@id\":\"https:\/\/evertonfc.cz\/#\/schema\/logo\/image\/\",\"url\":\"https:\/\/evertonfc.cz\/wp-content\/uploads\/2019\/05\/logo.png\",\"contentUrl\":\"https:\/\/evertonfc.cz\/wp-content\/uploads\/2019\/05\/logo.png\",\"width\":112,\"height\":112,\"caption\":\"Official Czech & Slovak Everton Supporters' Club\"},\"image\":{\"@id\":\"https:\/\/evertonfc.cz\/#\/schema\/logo\/image\/\"},\"sameAs\":[\"https:\/\/www.facebook.com\/everton.fans.cz.sk\"]}]}<\/script>\n<!-- \/ Yoast SEO plugin. -->","yoast_head_json":{"title":"Kieran O'Neill Dowell - Official Czech &amp; Slovak Everton Supporters&#039; Club","robots":{"index":"index","follow":"follow","max-snippet":"max-snippet:-1","max-image-preview":"max-image-preview:large","max-video-preview":"max-video-preview:-1"},"canonical":"https:\/\/evertonfc.cz\/index.php\/soupiska\/kieran-dowell\/","og_locale":"cs_CZ","og_type":"article","og_title":"Kieran O'Neill Dowell - Official Czech &amp; Slovak Everton Supporters&#039; Club","og_description":"Narozen:\u00a010. 10. 1997, Ormskirk, Anglie V\u00fd\u0161ka:\u00a0175 cm V\u00e1ha:\u00a070 kg Post:\u00a0Ofenzivn\u00ed z\u00e1lo\u017en\u00edk V EFC od:\u00a0Odchovanec Do: 30. 07. 2020 Odchovanec Evertonu&hellip;","og_url":"https:\/\/evertonfc.cz\/index.php\/soupiska\/kieran-dowell\/","og_site_name":"Official Czech &amp; Slovak Everton Supporters&#039; Club","article_publisher":"https:\/\/www.facebook.com\/everton.fans.cz.sk","article_modified_time":"2020-07-30T10:40:37+00:00","og_image":[{"url":"http:\/\/evertonfc.cz\/wp-content\/uploads\/2019\/01\/dowell.jpg"}],"twitter_card":"summary_large_image","twitter_misc":{"Odhadovan\u00e1 doba \u010dten\u00ed":"4 minuty"},"schema":{"@context":"https:\/\/schema.org","@graph":[{"@type":"WebPage","@id":"https:\/\/evertonfc.cz\/index.php\/soupiska\/kieran-dowell\/","url":"https:\/\/evertonfc.cz\/index.php\/soupiska\/kieran-dowell\/","name":"Kieran O'Neill Dowell - Official Czech &amp; Slovak Everton Supporters&#039; Club","isPartOf":{"@id":"https:\/\/evertonfc.cz\/#website"},"primaryImageOfPage":{"@id":"https:\/\/evertonfc.cz\/index.php\/soupiska\/kieran-dowell\/#primaryimage"},"image":{"@id":"https:\/\/evertonfc.cz\/index.php\/soupiska\/kieran-dowell\/#primaryimage"},"thumbnailUrl":"http:\/\/evertonfc.cz\/wp-content\/uploads\/2019\/01\/dowell.jpg","datePublished":"2019-01-05T20:50:50+00:00","dateModified":"2020-07-30T10:40:37+00:00","breadcrumb":{"@id":"https:\/\/evertonfc.cz\/index.php\/soupiska\/kieran-dowell\/#breadcrumb"},"inLanguage":"cs","potentialAction":[{"@type":"ReadAction","target":["https:\/\/evertonfc.cz\/index.php\/soupiska\/kieran-dowell\/"]}]},{"@type":"ImageObject","inLanguage":"cs","@id":"https:\/\/evertonfc.cz\/index.php\/soupiska\/kieran-dowell\/#primaryimage","url":"http:\/\/evertonfc.cz\/wp-content\/uploads\/2019\/01\/dowell.jpg","contentUrl":"http:\/\/evertonfc.cz\/wp-content\/uploads\/2019\/01\/dowell.jpg"},{"@type":"BreadcrumbList","@id":"https:\/\/evertonfc.cz\/index.php\/soupiska\/kieran-dowell\/#breadcrumb","itemListElement":[{"@type":"ListItem","position":1,"name":"Home","item":"https:\/\/evertonfc.cz\/"},{"@type":"ListItem","position":2,"name":"Soupiska","item":"https:\/\/evertonfc.cz\/index.php\/soupiska\/"},{"@type":"ListItem","position":3,"name":"Kieran O&#8217;Neill Dowell"}]},{"@type":"WebSite","@id":"https:\/\/evertonfc.cz\/#website","url":"https:\/\/evertonfc.cz\/","name":"Official Czech &amp; Slovak Everton Supporters&#039; Club","description":"","publisher":{"@id":"https:\/\/evertonfc.cz\/#organization"},"potentialAction":[{"@type":"SearchAction","target":{"@type":"EntryPoint","urlTemplate":"https:\/\/evertonfc.cz\/?s={search_term_string}"},"query-input":{"@type":"PropertyValueSpecification","valueRequired":true,"valueName":"search_term_string"}}],"inLanguage":"cs"},{"@type":"Organization","@id":"https:\/\/evertonfc.cz\/#organization","name":"Official Czech & Slovak Everton Supporters' Club","url":"https:\/\/evertonfc.cz\/","logo":{"@type":"ImageObject","inLanguage":"cs","@id":"https:\/\/evertonfc.cz\/#\/schema\/logo\/image\/","url":"https:\/\/evertonfc.cz\/wp-content\/uploads\/2019\/05\/logo.png","contentUrl":"https:\/\/evertonfc.cz\/wp-content\/uploads\/2019\/05\/logo.png","width":112,"height":112,"caption":"Official Czech & Slovak Everton Supporters' Club"},"image":{"@id":"https:\/\/evertonfc.cz\/#\/schema\/logo\/image\/"},"sameAs":["https:\/\/www.facebook.com\/everton.fans.cz.sk"]}]}},"_links":{"self":[{"href":"https:\/\/evertonfc.cz\/index.php\/wp-json\/wp\/v2\/pages\/897"}],"collection":[{"href":"https:\/\/evertonfc.cz\/index.php\/wp-json\/wp\/v2\/pages"}],"about":[{"href":"https:\/\/evertonfc.cz\/index.php\/wp-json\/wp\/v2\/types\/page"}],"author":[{"embeddable":true,"href":"https:\/\/evertonfc.cz\/index.php\/wp-json\/wp\/v2\/users\/6"}],"replies":[{"embeddable":true,"href":"https:\/\/evertonfc.cz\/index.php\/wp-json\/wp\/v2\/comments?post=897"}],"version-history":[{"count":12,"href":"https:\/\/evertonfc.cz\/index.php\/wp-json\/wp\/v2\/pages\/897\/revisions"}],"predecessor-version":[{"id":11562,"href":"https:\/\/evertonfc.cz\/index.php\/wp-json\/wp\/v2\/pages\/897\/revisions\/11562"}],"up":[{"embeddable":true,"href":"https:\/\/evertonfc.cz\/index.php\/wp-json\/wp\/v2\/pages\/70"}],"wp:attachment":[{"href":"https:\/\/evertonfc.cz\/index.php\/wp-json\/wp\/v2\/media?parent=897"}],"curies":[{"name":"wp","href":"https:\/\/api.w.org\/{rel}","templated":true}]}}