{"id":899,"date":"2019-01-05T21:51:19","date_gmt":"2019-01-05T20:51:19","guid":{"rendered":"http:\/\/evertonfc.cz\/?page_id=899"},"modified":"2021-07-12T20:00:39","modified_gmt":"2021-07-12T18:00:39","slug":"callum-connolly","status":"publish","type":"page","link":"https:\/\/evertonfc.cz\/index.php\/soupiska\/callum-connolly\/","title":{"rendered":"Callum Connolly"},"content":{"rendered":"<p><strong><img loading=\"lazy\" decoding=\"async\" style=\"float: right; margin-left: 10px; margin-right: 10px;\" src=\"http:\/\/evertonfc.cz\/wp-content\/uploads\/2019\/01\/connolly.jpg\" alt=\"\" width=\"80\" height=\"83\" \/>Narozen:\u00a0<\/strong>23. 09. 1997, Liverpool, Anglie<br \/>\n<strong>V\u00fd\u0161ka:<\/strong>\u00a0183 cm<br \/>\n<strong>V\u00e1ha:<\/strong>\u00a070 kg<br \/>\n<strong>Post:<\/strong>\u00a0Obr\u00e1nce, z\u00e1lo\u017en\u00edk<br \/>\n<strong>V EFC od:<\/strong>\u00a0Odchovanec<br \/>\n<strong>Do:<\/strong>\u00a030. 06. 2021<\/p>\n<hr \/>\n<p>Connollyho zdob\u00ed velk\u00e1 univerz\u00e1lnost, je schopn\u00fd nastoupit na v\u0161ech postech v obran\u011b a tak\u00e9 jako defenzivn\u00ed z\u00e1lo\u017en\u00edk. Prvn\u00ed zku\u0161enosti se seniorsk\u00fdm fotbalem z\u00edskal na m\u011bs\u00ed\u010dn\u00edm hostov\u00e1n\u00ed ve t\u0159etiligov\u00e9m Barnsley v b\u0159eznu 2016. Po dvou odehran\u00fdch z\u00e1pasech se vr\u00e1til do Evertonu a u\u017e v dubnu jako osmn\u00e1ctilet\u00fd odchovanec klubu debutoval v prvn\u00edm t\u00fdmu. Nasko\u010dil na posledn\u00edch t\u0159icet minut z\u00e1pasu Premier League se Southamptonem.<\/p>\n<p>V sez\u00f3n\u011b 2016\/17 p\u016fsobil v Evertonu U23, a\u017e v zim\u011b ode\u0161el na p\u011btim\u011bs\u00ed\u010dn\u00ed hostov\u00e1n\u00ed do druholigov\u00e9ho Wiganu, kde si p\u0159ipsal 17 start\u016f a vyslou\u017eil si nominaci na mistrovstv\u00ed sv\u011bta fotbalist\u016f do 20 let v Ji\u017en\u00ed Koreji. Za zlat\u00fd v\u00fdb\u011bru Albionu odehr\u00e1l prvn\u00ed dv\u011b utk\u00e1n\u00ed na \u0161ampion\u00e1tu.<\/p>\n<p>V l\u00e9t\u011b 2017 se zapojil do p\u0159edsez\u00f3nn\u00ed p\u0159\u00edpravy A-mu\u017estva Toffees, do k\u00e1dru se ale nakonec neve\u0161el, a tak ho na ro\u010dn\u00ed hostov\u00e1n\u00ed anga\u017eoval druholigov\u00fd Ispwich Town.<\/p>\n<p>Po m\u011bs\u00ed\u010dn\u00ed aklimatizaci u Tractor Boys Conolly dostal \u0161anci \u2013 trochu p\u0159ekvapiv\u011b \u2013 na postu defenzivn\u00ed z\u00e1lo\u017en\u00edka. Hozenou rukavici ale zvedl a stal se ned\u00edlnou sou\u010d\u00e1st\u00ed z\u00e1kladn\u00ed sestavy. Celkem v sezon\u011b odehr\u00e1l 34 ligov\u00fdch z\u00e1pas\u016f a dokonce si p\u0159ipsal \u010dty\u0159i vst\u0159elen\u00e9 branky.<\/p>\n<p>V l\u00e9t\u011b 2018 se zapojil do p\u0159\u00edpravy Evertonu pod nov\u00fdm mana\u017eerem Marcem Silvou, m\u00edsto v\u00a0k\u00e1dru si ale nevybojoval, a tak op\u011bt zam\u00ed\u0159il na hostov\u00e1n\u00ed do Championshipu. Tentokr\u00e1t str\u00e1v\u00ed sez\u00f3nu u nov\u00e1\u010dka z Wiganu. Je\u0161t\u011b p\u0159edt\u00edm v\u0161ak prodlou\u017eil s Evertonem smlouvu do roku 2021.<\/p>\n<p>Connolly v prvn\u00ed polovin\u011b ro\u010dn\u00edku nasko\u010dil v dresu Latics do 19 ligov\u00fdch utk\u00e1n\u00ed, st\u00e1le m\u00edsto v z\u00e1kladn\u00ed sestav\u011b si ale nedok\u00e1zal vybojovat. Nav\u00edc tak\u00e9 hodn\u011b putoval sestavou, a tak se na za\u010d\u00e1tku roku 2019 rozhodl pro zm\u011bnu. Ro\u010dn\u00edk ode\u0161el dohr\u00e1t na hostov\u00e1n\u00ed do jin\u00e9ho druholigov\u00e9ho celku \u2013 Boltonu, v n\u011bm\u017e sice z\u00edskal stabiln\u00ed m\u00edsto v z\u00e1kladn\u00ed sestav\u011b, ale klubu, pot\u00fdkaj\u00edc\u00edmu se s finan\u010dn\u00edmi pot\u00ed\u017eemi, nepomohl se z\u00e1chranou ve druh\u00e9 lize. Ani v l\u00e9t\u011b 2019 Connolly nedostal \u0161anci v Evertonu, pro ro\u010dn\u00edk 2019\/20 byl proto zap\u016fj\u010den na hostov\u00e1n\u00ed u nov\u00e1\u010dka League One, Lincolnu City.<\/p>\n<p>U Limps ale Connolly nakonec vydr\u017eel pouze \u0161est m\u011bs\u00edc\u016f. Po jmenov\u00e1n\u00ed nov\u00e9ho mana\u017eera Michaela Appletona se sn\u00ed\u017eila jeho hern\u00ed vyt\u00ed\u017eenost (celkem nastoupil k 15 z\u00e1pas\u016fm), a tak ho Everton v lednu 2020 st\u00e1hl z hostov\u00e1n\u00ed a poslal dohr\u00e1t sez\u00f3nu do rovn\u011b\u017e t\u0159etiligov\u00e9ho Fleetwoodu Town, co\u017e se nakonec uk\u00e1zalo dobr\u00fdm tahem pro v\u0161echny strany.<\/p>\n<p>Connolly dostal pod bou\u0159liv\u00e1kem Barton d\u016fv\u011bru, kterou na Highbury Stadium splatil dobr\u00fdmi v\u00fdkony, a\u0165 u\u017e na postu st\u0159edn\u00edho obr\u00e1nce, \u010di defenzivn\u00edho z\u00e1lo\u017en\u00edka. Fleetwood nakonec siln\u00fd fini\u0161 sez\u00f3ny nedot\u00e1hl ke zd\u00e1rn\u00e9mu konci, v semifin\u00e1le play-off o druhou ligu ho zastavilo Wycombe. Connolly ale kone\u010dn\u011b pravideln\u011b hr\u00e1val a tak\u00e9 zanechal dobr\u00fd dojem, a tak si ho The Fishermen trochu o\u010dek\u00e1van\u011b vyp\u016fj\u010dili i pro cel\u00fd ro\u010dn\u00edk 2020\/21, ve kter\u00e9m pokra\u010doval v dobr\u00fdch v\u00fdkonech. Za\u0159adil se mezi opory mu\u017estva, a dokonce p\u00e1rkr\u00e1t i obl\u00e9kal kapit\u00e1nskou p\u00e1sku.<\/p>\n<p>Po konci hostov\u00e1n\u00ed na Highbury se uzav\u0159ela i Connollyho etapa v Evertonu, kter\u00fd ho v l\u00e9t\u011b 2021 po skon\u010den\u00ed smlouvy propustil. Odchovanec klubu opustil Everton s jedn\u00edm startem za prvn\u00ed t\u00fdm. Nov\u00e9 p\u016fsobi\u0161t\u011b na\u0161el v druholigov\u00e9m Blackpoolu.<\/p>\n","protected":false},"excerpt":{"rendered":"<p>Narozen:\u00a023. 09. 1997, Liverpool, Anglie V\u00fd\u0161ka:\u00a0183 cm V\u00e1ha:\u00a070 kg Post:\u00a0Obr\u00e1nce, z\u00e1lo\u017en\u00edk V EFC od:\u00a0Odchovanec Do:\u00a030. 06. 2021 Connollyho zdob\u00ed velk\u00e1&hellip;<\/p>\n","protected":false},"author":6,"featured_media":0,"parent":70,"menu_order":0,"comment_status":"closed","ping_status":"closed","template":"","meta":{"_eb_attr":"","_monsterinsights_skip_tracking":false,"_monsterinsights_sitenote_active":false,"_monsterinsights_sitenote_note":"","_monsterinsights_sitenote_category":0,"footnotes":""},"yoast_head":"<!-- This site is optimized with the Yoast SEO plugin v23.4 - https:\/\/yoast.com\/wordpress\/plugins\/seo\/ -->\n<title>Callum Connolly - Official Czech &amp; Slovak Everton Supporters&#039; Club<\/title>\n<meta name=\"robots\" content=\"index, follow, max-snippet:-1, max-image-preview:large, max-video-preview:-1\" \/>\n<link rel=\"canonical\" href=\"https:\/\/evertonfc.cz\/index.php\/soupiska\/callum-connolly\/\" \/>\n<meta property=\"og:locale\" content=\"cs_CZ\" \/>\n<meta property=\"og:type\" content=\"article\" \/>\n<meta property=\"og:title\" content=\"Callum Connolly - Official Czech &amp; Slovak Everton Supporters&#039; Club\" \/>\n<meta property=\"og:description\" content=\"Narozen:\u00a023. 09. 1997, Liverpool, Anglie V\u00fd\u0161ka:\u00a0183 cm V\u00e1ha:\u00a070 kg Post:\u00a0Obr\u00e1nce, z\u00e1lo\u017en\u00edk V EFC od:\u00a0Odchovanec Do:\u00a030. 06. 2021 Connollyho zdob\u00ed velk\u00e1&hellip;\" \/>\n<meta property=\"og:url\" content=\"https:\/\/evertonfc.cz\/index.php\/soupiska\/callum-connolly\/\" \/>\n<meta property=\"og:site_name\" content=\"Official Czech &amp; Slovak Everton Supporters&#039; Club\" \/>\n<meta property=\"article:publisher\" content=\"https:\/\/www.facebook.com\/everton.fans.cz.sk\" \/>\n<meta property=\"article:modified_time\" content=\"2021-07-12T18:00:39+00:00\" \/>\n<meta property=\"og:image\" content=\"http:\/\/evertonfc.cz\/wp-content\/uploads\/2019\/01\/connolly.jpg\" \/>\n<meta name=\"twitter:card\" content=\"summary_large_image\" \/>\n<meta name=\"twitter:label1\" content=\"Odhadovan\u00e1 doba \u010dten\u00ed\" \/>\n\t<meta name=\"twitter:data1\" content=\"3 minuty\" \/>\n<script type=\"application\/ld+json\" class=\"yoast-schema-graph\">{\"@context\":\"https:\/\/schema.org\",\"@graph\":[{\"@type\":\"WebPage\",\"@id\":\"https:\/\/evertonfc.cz\/index.php\/soupiska\/callum-connolly\/\",\"url\":\"https:\/\/evertonfc.cz\/index.php\/soupiska\/callum-connolly\/\",\"name\":\"Callum Connolly - Official Czech &amp; Slovak Everton Supporters&#039; Club\",\"isPartOf\":{\"@id\":\"https:\/\/evertonfc.cz\/#website\"},\"primaryImageOfPage\":{\"@id\":\"https:\/\/evertonfc.cz\/index.php\/soupiska\/callum-connolly\/#primaryimage\"},\"image\":{\"@id\":\"https:\/\/evertonfc.cz\/index.php\/soupiska\/callum-connolly\/#primaryimage\"},\"thumbnailUrl\":\"http:\/\/evertonfc.cz\/wp-content\/uploads\/2019\/01\/connolly.jpg\",\"datePublished\":\"2019-01-05T20:51:19+00:00\",\"dateModified\":\"2021-07-12T18:00:39+00:00\",\"breadcrumb\":{\"@id\":\"https:\/\/evertonfc.cz\/index.php\/soupiska\/callum-connolly\/#breadcrumb\"},\"inLanguage\":\"cs\",\"potentialAction\":[{\"@type\":\"ReadAction\",\"target\":[\"https:\/\/evertonfc.cz\/index.php\/soupiska\/callum-connolly\/\"]}]},{\"@type\":\"ImageObject\",\"inLanguage\":\"cs\",\"@id\":\"https:\/\/evertonfc.cz\/index.php\/soupiska\/callum-connolly\/#primaryimage\",\"url\":\"https:\/\/evertonfc.cz\/wp-content\/uploads\/2019\/01\/connolly.jpg\",\"contentUrl\":\"https:\/\/evertonfc.cz\/wp-content\/uploads\/2019\/01\/connolly.jpg\",\"width\":80,\"height\":83},{\"@type\":\"BreadcrumbList\",\"@id\":\"https:\/\/evertonfc.cz\/index.php\/soupiska\/callum-connolly\/#breadcrumb\",\"itemListElement\":[{\"@type\":\"ListItem\",\"position\":1,\"name\":\"Home\",\"item\":\"https:\/\/evertonfc.cz\/\"},{\"@type\":\"ListItem\",\"position\":2,\"name\":\"Soupiska\",\"item\":\"https:\/\/evertonfc.cz\/index.php\/soupiska\/\"},{\"@type\":\"ListItem\",\"position\":3,\"name\":\"Callum Connolly\"}]},{\"@type\":\"WebSite\",\"@id\":\"https:\/\/evertonfc.cz\/#website\",\"url\":\"https:\/\/evertonfc.cz\/\",\"name\":\"Official Czech &amp; Slovak Everton Supporters&#039; Club\",\"description\":\"\",\"publisher\":{\"@id\":\"https:\/\/evertonfc.cz\/#organization\"},\"potentialAction\":[{\"@type\":\"SearchAction\",\"target\":{\"@type\":\"EntryPoint\",\"urlTemplate\":\"https:\/\/evertonfc.cz\/?s={search_term_string}\"},\"query-input\":{\"@type\":\"PropertyValueSpecification\",\"valueRequired\":true,\"valueName\":\"search_term_string\"}}],\"inLanguage\":\"cs\"},{\"@type\":\"Organization\",\"@id\":\"https:\/\/evertonfc.cz\/#organization\",\"name\":\"Official Czech & Slovak Everton Supporters' Club\",\"url\":\"https:\/\/evertonfc.cz\/\",\"logo\":{\"@type\":\"ImageObject\",\"inLanguage\":\"cs\",\"@id\":\"https:\/\/evertonfc.cz\/#\/schema\/logo\/image\/\",\"url\":\"https:\/\/evertonfc.cz\/wp-content\/uploads\/2019\/05\/logo.png\",\"contentUrl\":\"https:\/\/evertonfc.cz\/wp-content\/uploads\/2019\/05\/logo.png\",\"width\":112,\"height\":112,\"caption\":\"Official Czech & Slovak Everton Supporters' Club\"},\"image\":{\"@id\":\"https:\/\/evertonfc.cz\/#\/schema\/logo\/image\/\"},\"sameAs\":[\"https:\/\/www.facebook.com\/everton.fans.cz.sk\"]}]}<\/script>\n<!-- \/ Yoast SEO plugin. -->","yoast_head_json":{"title":"Callum Connolly - Official Czech &amp; Slovak Everton Supporters&#039; Club","robots":{"index":"index","follow":"follow","max-snippet":"max-snippet:-1","max-image-preview":"max-image-preview:large","max-video-preview":"max-video-preview:-1"},"canonical":"https:\/\/evertonfc.cz\/index.php\/soupiska\/callum-connolly\/","og_locale":"cs_CZ","og_type":"article","og_title":"Callum Connolly - Official Czech &amp; Slovak Everton Supporters&#039; Club","og_description":"Narozen:\u00a023. 09. 1997, Liverpool, Anglie V\u00fd\u0161ka:\u00a0183 cm V\u00e1ha:\u00a070 kg Post:\u00a0Obr\u00e1nce, z\u00e1lo\u017en\u00edk V EFC od:\u00a0Odchovanec Do:\u00a030. 06. 2021 Connollyho zdob\u00ed velk\u00e1&hellip;","og_url":"https:\/\/evertonfc.cz\/index.php\/soupiska\/callum-connolly\/","og_site_name":"Official Czech &amp; Slovak Everton Supporters&#039; Club","article_publisher":"https:\/\/www.facebook.com\/everton.fans.cz.sk","article_modified_time":"2021-07-12T18:00:39+00:00","og_image":[{"url":"http:\/\/evertonfc.cz\/wp-content\/uploads\/2019\/01\/connolly.jpg"}],"twitter_card":"summary_large_image","twitter_misc":{"Odhadovan\u00e1 doba \u010dten\u00ed":"3 minuty"},"schema":{"@context":"https:\/\/schema.org","@graph":[{"@type":"WebPage","@id":"https:\/\/evertonfc.cz\/index.php\/soupiska\/callum-connolly\/","url":"https:\/\/evertonfc.cz\/index.php\/soupiska\/callum-connolly\/","name":"Callum Connolly - Official Czech &amp; Slovak Everton Supporters&#039; Club","isPartOf":{"@id":"https:\/\/evertonfc.cz\/#website"},"primaryImageOfPage":{"@id":"https:\/\/evertonfc.cz\/index.php\/soupiska\/callum-connolly\/#primaryimage"},"image":{"@id":"https:\/\/evertonfc.cz\/index.php\/soupiska\/callum-connolly\/#primaryimage"},"thumbnailUrl":"http:\/\/evertonfc.cz\/wp-content\/uploads\/2019\/01\/connolly.jpg","datePublished":"2019-01-05T20:51:19+00:00","dateModified":"2021-07-12T18:00:39+00:00","breadcrumb":{"@id":"https:\/\/evertonfc.cz\/index.php\/soupiska\/callum-connolly\/#breadcrumb"},"inLanguage":"cs","potentialAction":[{"@type":"ReadAction","target":["https:\/\/evertonfc.cz\/index.php\/soupiska\/callum-connolly\/"]}]},{"@type":"ImageObject","inLanguage":"cs","@id":"https:\/\/evertonfc.cz\/index.php\/soupiska\/callum-connolly\/#primaryimage","url":"https:\/\/evertonfc.cz\/wp-content\/uploads\/2019\/01\/connolly.jpg","contentUrl":"https:\/\/evertonfc.cz\/wp-content\/uploads\/2019\/01\/connolly.jpg","width":80,"height":83},{"@type":"BreadcrumbList","@id":"https:\/\/evertonfc.cz\/index.php\/soupiska\/callum-connolly\/#breadcrumb","itemListElement":[{"@type":"ListItem","position":1,"name":"Home","item":"https:\/\/evertonfc.cz\/"},{"@type":"ListItem","position":2,"name":"Soupiska","item":"https:\/\/evertonfc.cz\/index.php\/soupiska\/"},{"@type":"ListItem","position":3,"name":"Callum Connolly"}]},{"@type":"WebSite","@id":"https:\/\/evertonfc.cz\/#website","url":"https:\/\/evertonfc.cz\/","name":"Official Czech &amp; Slovak Everton Supporters&#039; Club","description":"","publisher":{"@id":"https:\/\/evertonfc.cz\/#organization"},"potentialAction":[{"@type":"SearchAction","target":{"@type":"EntryPoint","urlTemplate":"https:\/\/evertonfc.cz\/?s={search_term_string}"},"query-input":{"@type":"PropertyValueSpecification","valueRequired":true,"valueName":"search_term_string"}}],"inLanguage":"cs"},{"@type":"Organization","@id":"https:\/\/evertonfc.cz\/#organization","name":"Official Czech & Slovak Everton Supporters' Club","url":"https:\/\/evertonfc.cz\/","logo":{"@type":"ImageObject","inLanguage":"cs","@id":"https:\/\/evertonfc.cz\/#\/schema\/logo\/image\/","url":"https:\/\/evertonfc.cz\/wp-content\/uploads\/2019\/05\/logo.png","contentUrl":"https:\/\/evertonfc.cz\/wp-content\/uploads\/2019\/05\/logo.png","width":112,"height":112,"caption":"Official Czech & Slovak Everton Supporters' Club"},"image":{"@id":"https:\/\/evertonfc.cz\/#\/schema\/logo\/image\/"},"sameAs":["https:\/\/www.facebook.com\/everton.fans.cz.sk"]}]}},"_links":{"self":[{"href":"https:\/\/evertonfc.cz\/index.php\/wp-json\/wp\/v2\/pages\/899"}],"collection":[{"href":"https:\/\/evertonfc.cz\/index.php\/wp-json\/wp\/v2\/pages"}],"about":[{"href":"https:\/\/evertonfc.cz\/index.php\/wp-json\/wp\/v2\/types\/page"}],"author":[{"embeddable":true,"href":"https:\/\/evertonfc.cz\/index.php\/wp-json\/wp\/v2\/users\/6"}],"replies":[{"embeddable":true,"href":"https:\/\/evertonfc.cz\/index.php\/wp-json\/wp\/v2\/comments?post=899"}],"version-history":[{"count":12,"href":"https:\/\/evertonfc.cz\/index.php\/wp-json\/wp\/v2\/pages\/899\/revisions"}],"predecessor-version":[{"id":9219,"href":"https:\/\/evertonfc.cz\/index.php\/wp-json\/wp\/v2\/pages\/899\/revisions\/9219"}],"up":[{"embeddable":true,"href":"https:\/\/evertonfc.cz\/index.php\/wp-json\/wp\/v2\/pages\/70"}],"wp:attachment":[{"href":"https:\/\/evertonfc.cz\/index.php\/wp-json\/wp\/v2\/media?parent=899"}],"curies":[{"name":"wp","href":"https:\/\/api.w.org\/{rel}","templated":true}]}}