{"id":908,"date":"2019-01-05T21:54:54","date_gmt":"2019-01-05T20:54:54","guid":{"rendered":"http:\/\/evertonfc.cz\/?page_id=908"},"modified":"2020-06-26T21:01:57","modified_gmt":"2020-06-26T19:01:57","slug":"luke-garbutt","status":"publish","type":"page","link":"https:\/\/evertonfc.cz\/index.php\/soupiska\/luke-garbutt\/","title":{"rendered":"Luke Samuel Garbutt"},"content":{"rendered":"<p><strong><img loading=\"lazy\" decoding=\"async\" style=\"float: right; margin-left: 10px; margin-right: 10px;\" src=\"http:\/\/evertonfc.cz\/wp-content\/uploads\/2019\/01\/garbutt.jpg\" alt=\"\" width=\"80\" height=\"83\" \/>Narozen:<\/strong>\u00a021. 05. 1993, Harrogate, Anglie<br \/>\n<strong>V\u00fd\u0161ka:<\/strong>\u00a0178 cm<br \/>\n<strong>V\u00e1ha:<\/strong>\u00a073 kg<br \/>\n<strong>Post:<\/strong>\u00a0Obr\u00e1nce<br \/>\n<strong>V EFC od:<\/strong>\u00a001. 07. 2009<br \/>\n<strong>Do:<\/strong>\u00a030. 06. 2020<\/p>\n<hr \/>\n<p>Luke Garbutt p\u0159estoupil do Goodison Parku z Leedsu United v l\u00e9t\u011b roku 2009 ve sv\u00fdch \u0161estn\u00e1cti letech. Toffees za n\u011bj zaplatili 600 tis\u00edc liber, p\u0159i\u010dem\u017e v budoucnu se m\u016f\u017ee \u010d\u00e1stka vy\u0161plhat a\u017e na 1,5 milionu liber.\u00a0Vysoce hodnocen\u00fd lev\u00fd obr\u00e1nce nejprve p\u016fsobil v Evertonu U21, ne\u017e pobyl v\u011bt\u0161inu sez\u00f3nu 2011\/12 na hostov\u00e1n\u00ed v Cheltenhamu Town, s n\u00edm\u017e se probojoval a\u017e do fin\u00e1le play off League Two.<\/p>\n<p>Za Everton debutoval v srpnu roku 2012, v pr\u016fb\u011bhu druh\u00e9ho polo\u010dasu se dostal na h\u0159i\u0161t\u011b p\u0159i v\u00fdh\u0159e 5:0 s Leytonem Orient v\u00a0Ligov\u00e9m poh\u00e1ru. Krom\u011b toho se mu dost\u00e1valo pozv\u00e1nek do v\u0161ech ml\u00e1de\u017enick\u00fdch reprezentac\u00edch kon\u010de v\u00fdb\u011brem U21. B\u011bhem dal\u0161\u00edho hostov\u00e1n\u00ed, od z\u00e1\u0159\u00ed roku 2013 do ledna roku 2014, prok\u00e1zal sv\u016fj talent, kdy\u017e se uchytil v Colchesteru United v League One.<\/p>\n<p>V t\u00e9\u017ee sez\u00f3n\u011b se tak\u00e9 poprv\u00e9 objevil v dresu Evertonu v Premier League, pam\u00e1tn\u00fd den zaznamenal v dubnu proti Southamptonu. V\u00a0nadch\u00e1zej\u00edc\u00edm ro\u010dn\u00edku nastupoval pravideln\u011bji, t\u011b\u0161il se hlavn\u011b z hern\u00edho vyt\u00ed\u017een\u00ed v Evropsk\u00e9 lize, a tak svou budoucnost s\u00a0klubem stvrdil v l\u00e9t\u011b 2015, kdy mu kon\u010dila smlouva.<\/p>\n<p>Garbutt k\u00fdvl na p\u011btilet\u00fd kontrakt, p\u0159esto\u017ee o n\u011bj jevily z\u00e1jem jin\u00e9 celky. N\u00e1sledn\u011b v sez\u00f3n\u011b 2015\/16 ode\u0161el sb\u00edrat hern\u00ed praxi na hostov\u00e1n\u00ed do Fulhamu, hraj\u00edc\u00edho Championship. Anga\u017em\u00e1 na Craven Cottage ale nedopadlo podle p\u0159edstav. Aklimatizaci v nov\u00e9m klubu p\u0159ibrzdilo zran\u011bn\u00ed, a i kdy\u017e se pozd\u011bji dost\u00e1val na h\u0159i\u0161t\u011b, trvale trvale si m\u00edsto v z\u00e1kladn\u00ed sestav\u011b nevybojoval a v\u00fdkony rovn\u011b\u017e nep\u0159esv\u011bd\u010dil.<\/p>\n<p>V l\u00e9t\u011b 2016 si op\u011bt neve\u0161el do prvn\u00edho t\u00fdmu, a tak putoval na dal\u0161\u00ed hostov\u00e1n\u00ed. Na p\u011bt m\u011bs\u00edc\u016f si zase zam\u00ed\u0159il do druh\u00e9 ligy, tentokr\u00e1t do Wiganu Athletic. Jen\u017ee ani u Latics se Garbuttovi p\u0159\u00edli\u0161 nevedlo. I kv\u016fli zdravotn\u00edm probl\u00e9m\u016fm odehr\u00e1l pouze osm utk\u00e1n\u00ed, p\u0159i\u010dem\u017e nej\u010dast\u011bji nastupoval na lev\u00e9 z\u00e1loze.\u00a0Zbytek sez\u00f3ny potom str\u00e1vil v tr\u00e9ninkov\u00e9m centru Finch Farm, ov\u0161em p\u0159ev\u00e1\u017en\u011b na o\u0161et\u0159ovn\u011b. Tr\u00e1pila ho toti\u017e bolav\u00e1 z\u00e1da.<\/p>\n<p>P\u0159ed leto\u0161n\u00edm ro\u010dn\u00edkem usiloval o m\u00edsto v k\u00e1dru Ronalda Koemana. Nizozemsk\u00fd mana\u017eer ho ale nakonec neza\u0159adil na soupisku pro Premier League, a\u010d m\u011bl na levou obranu k dispozici pouze Leightona Bainese. Garbutt tak pokra\u010doval ve v\u00fdb\u011bru U23. Do prvn\u00edho t\u00fdmu Evertonu se vr\u00e1til a\u017e na za\u010d\u00e1tku roku 2018, kdy u\u017e v\u00a0mana\u017eersk\u00e9m k\u0159esle sed\u011bl Sam Allardyce. Hern\u00ed \u0161ance ale stejn\u011b nedo\u010dkal, a tak v l\u00e9t\u011b 2018 s vd\u011b\u010dnost\u00ed p\u0159ijal nab\u00eddku t\u0159etiligov\u00e9ho Oxfordu United, kam po v\u00fdrazn\u00e9m sn\u00ed\u017een\u00ed platu ode\u0161el na ro\u010dn\u00ed hostov\u00e1n\u00ed.<\/p>\n<p>V Oxfordu se nakonec po pomal\u00e9m startu prosadil do z\u00e1kladn\u00ed sestavy, do Evertonu se ale i tak nevr\u00e1til, naopak zam\u00ed\u0159il na dal\u0161\u00ed hostov\u00e1n\u00ed v League One. Na rok si ho vyp\u016fj\u010dil Ipswich Town, jen\u017e sestoupil do t\u0159et\u00ed ligy z druh\u00e9. 26let\u00fd lev\u00fd bek se nakonec na Portman Road Stadium vypracoval mezi kl\u00ed\u010dov\u00e9 hr\u00e1\u010de, i tak ale u\u017e nemohl odvr\u00e1tit sv\u016fj konec v Evertonu, o n\u011bm\u017e bylo ale u\u017e rozhodnuto p\u0159ed jeho odchodem do Ipswiche.<\/p>\n<p>K 30. \u010dervnu 2020 vypr\u0161el Garbuttovi na Goodison Park nadstandardn\u00ed p\u011btilet\u00fd kontrakt s t\u00fddenn\u00edm p\u0159\u00edjmem ve v\u00fd\u0161i 28 tis\u00edc liber a s klubem se rozlou\u010dil. Coby nenapln\u011bn\u00fd talent.<\/p>\n","protected":false},"excerpt":{"rendered":"<p>Narozen:\u00a021. 05. 1993, Harrogate, Anglie V\u00fd\u0161ka:\u00a0178 cm V\u00e1ha:\u00a073 kg Post:\u00a0Obr\u00e1nce V EFC od:\u00a001. 07. 2009 Do:\u00a030. 06. 2020 Luke Garbutt&hellip;<\/p>\n","protected":false},"author":6,"featured_media":0,"parent":70,"menu_order":0,"comment_status":"closed","ping_status":"closed","template":"","meta":{"_eb_attr":"","_monsterinsights_skip_tracking":false,"_monsterinsights_sitenote_active":false,"_monsterinsights_sitenote_note":"","_monsterinsights_sitenote_category":0,"footnotes":""},"yoast_head":"<!-- This site is optimized with the Yoast SEO plugin v23.4 - https:\/\/yoast.com\/wordpress\/plugins\/seo\/ -->\n<title>Luke Samuel Garbutt - Official Czech &amp; Slovak Everton Supporters&#039; Club<\/title>\n<meta name=\"robots\" content=\"index, follow, max-snippet:-1, max-image-preview:large, max-video-preview:-1\" \/>\n<link rel=\"canonical\" href=\"https:\/\/evertonfc.cz\/index.php\/soupiska\/luke-garbutt\/\" \/>\n<meta property=\"og:locale\" content=\"cs_CZ\" \/>\n<meta property=\"og:type\" content=\"article\" \/>\n<meta property=\"og:title\" content=\"Luke Samuel Garbutt - Official Czech &amp; Slovak Everton Supporters&#039; Club\" \/>\n<meta property=\"og:description\" content=\"Narozen:\u00a021. 05. 1993, Harrogate, Anglie V\u00fd\u0161ka:\u00a0178 cm V\u00e1ha:\u00a073 kg Post:\u00a0Obr\u00e1nce V EFC od:\u00a001. 07. 2009 Do:\u00a030. 06. 2020 Luke Garbutt&hellip;\" \/>\n<meta property=\"og:url\" content=\"https:\/\/evertonfc.cz\/index.php\/soupiska\/luke-garbutt\/\" \/>\n<meta property=\"og:site_name\" content=\"Official Czech &amp; Slovak Everton Supporters&#039; Club\" \/>\n<meta property=\"article:publisher\" content=\"https:\/\/www.facebook.com\/everton.fans.cz.sk\" \/>\n<meta property=\"article:modified_time\" content=\"2020-06-26T19:01:57+00:00\" \/>\n<meta property=\"og:image\" content=\"http:\/\/evertonfc.cz\/wp-content\/uploads\/2019\/01\/garbutt.jpg\" \/>\n<meta name=\"twitter:card\" content=\"summary_large_image\" \/>\n<meta name=\"twitter:label1\" content=\"Odhadovan\u00e1 doba \u010dten\u00ed\" \/>\n\t<meta name=\"twitter:data1\" content=\"3 minuty\" \/>\n<script type=\"application\/ld+json\" class=\"yoast-schema-graph\">{\"@context\":\"https:\/\/schema.org\",\"@graph\":[{\"@type\":\"WebPage\",\"@id\":\"https:\/\/evertonfc.cz\/index.php\/soupiska\/luke-garbutt\/\",\"url\":\"https:\/\/evertonfc.cz\/index.php\/soupiska\/luke-garbutt\/\",\"name\":\"Luke Samuel Garbutt - Official Czech &amp; Slovak Everton Supporters&#039; Club\",\"isPartOf\":{\"@id\":\"https:\/\/evertonfc.cz\/#website\"},\"primaryImageOfPage\":{\"@id\":\"https:\/\/evertonfc.cz\/index.php\/soupiska\/luke-garbutt\/#primaryimage\"},\"image\":{\"@id\":\"https:\/\/evertonfc.cz\/index.php\/soupiska\/luke-garbutt\/#primaryimage\"},\"thumbnailUrl\":\"http:\/\/evertonfc.cz\/wp-content\/uploads\/2019\/01\/garbutt.jpg\",\"datePublished\":\"2019-01-05T20:54:54+00:00\",\"dateModified\":\"2020-06-26T19:01:57+00:00\",\"breadcrumb\":{\"@id\":\"https:\/\/evertonfc.cz\/index.php\/soupiska\/luke-garbutt\/#breadcrumb\"},\"inLanguage\":\"cs\",\"potentialAction\":[{\"@type\":\"ReadAction\",\"target\":[\"https:\/\/evertonfc.cz\/index.php\/soupiska\/luke-garbutt\/\"]}]},{\"@type\":\"ImageObject\",\"inLanguage\":\"cs\",\"@id\":\"https:\/\/evertonfc.cz\/index.php\/soupiska\/luke-garbutt\/#primaryimage\",\"url\":\"http:\/\/evertonfc.cz\/wp-content\/uploads\/2019\/01\/garbutt.jpg\",\"contentUrl\":\"http:\/\/evertonfc.cz\/wp-content\/uploads\/2019\/01\/garbutt.jpg\"},{\"@type\":\"BreadcrumbList\",\"@id\":\"https:\/\/evertonfc.cz\/index.php\/soupiska\/luke-garbutt\/#breadcrumb\",\"itemListElement\":[{\"@type\":\"ListItem\",\"position\":1,\"name\":\"Home\",\"item\":\"https:\/\/evertonfc.cz\/\"},{\"@type\":\"ListItem\",\"position\":2,\"name\":\"Soupiska\",\"item\":\"https:\/\/evertonfc.cz\/index.php\/soupiska\/\"},{\"@type\":\"ListItem\",\"position\":3,\"name\":\"Luke Samuel Garbutt\"}]},{\"@type\":\"WebSite\",\"@id\":\"https:\/\/evertonfc.cz\/#website\",\"url\":\"https:\/\/evertonfc.cz\/\",\"name\":\"Official Czech &amp; Slovak Everton Supporters&#039; Club\",\"description\":\"\",\"publisher\":{\"@id\":\"https:\/\/evertonfc.cz\/#organization\"},\"potentialAction\":[{\"@type\":\"SearchAction\",\"target\":{\"@type\":\"EntryPoint\",\"urlTemplate\":\"https:\/\/evertonfc.cz\/?s={search_term_string}\"},\"query-input\":{\"@type\":\"PropertyValueSpecification\",\"valueRequired\":true,\"valueName\":\"search_term_string\"}}],\"inLanguage\":\"cs\"},{\"@type\":\"Organization\",\"@id\":\"https:\/\/evertonfc.cz\/#organization\",\"name\":\"Official Czech & Slovak Everton Supporters' Club\",\"url\":\"https:\/\/evertonfc.cz\/\",\"logo\":{\"@type\":\"ImageObject\",\"inLanguage\":\"cs\",\"@id\":\"https:\/\/evertonfc.cz\/#\/schema\/logo\/image\/\",\"url\":\"https:\/\/evertonfc.cz\/wp-content\/uploads\/2019\/05\/logo.png\",\"contentUrl\":\"https:\/\/evertonfc.cz\/wp-content\/uploads\/2019\/05\/logo.png\",\"width\":112,\"height\":112,\"caption\":\"Official Czech & Slovak Everton Supporters' Club\"},\"image\":{\"@id\":\"https:\/\/evertonfc.cz\/#\/schema\/logo\/image\/\"},\"sameAs\":[\"https:\/\/www.facebook.com\/everton.fans.cz.sk\"]}]}<\/script>\n<!-- \/ Yoast SEO plugin. -->","yoast_head_json":{"title":"Luke Samuel Garbutt - Official Czech &amp; Slovak Everton Supporters&#039; Club","robots":{"index":"index","follow":"follow","max-snippet":"max-snippet:-1","max-image-preview":"max-image-preview:large","max-video-preview":"max-video-preview:-1"},"canonical":"https:\/\/evertonfc.cz\/index.php\/soupiska\/luke-garbutt\/","og_locale":"cs_CZ","og_type":"article","og_title":"Luke Samuel Garbutt - Official Czech &amp; Slovak Everton Supporters&#039; Club","og_description":"Narozen:\u00a021. 05. 1993, Harrogate, Anglie V\u00fd\u0161ka:\u00a0178 cm V\u00e1ha:\u00a073 kg Post:\u00a0Obr\u00e1nce V EFC od:\u00a001. 07. 2009 Do:\u00a030. 06. 2020 Luke Garbutt&hellip;","og_url":"https:\/\/evertonfc.cz\/index.php\/soupiska\/luke-garbutt\/","og_site_name":"Official Czech &amp; Slovak Everton Supporters&#039; Club","article_publisher":"https:\/\/www.facebook.com\/everton.fans.cz.sk","article_modified_time":"2020-06-26T19:01:57+00:00","og_image":[{"url":"http:\/\/evertonfc.cz\/wp-content\/uploads\/2019\/01\/garbutt.jpg"}],"twitter_card":"summary_large_image","twitter_misc":{"Odhadovan\u00e1 doba \u010dten\u00ed":"3 minuty"},"schema":{"@context":"https:\/\/schema.org","@graph":[{"@type":"WebPage","@id":"https:\/\/evertonfc.cz\/index.php\/soupiska\/luke-garbutt\/","url":"https:\/\/evertonfc.cz\/index.php\/soupiska\/luke-garbutt\/","name":"Luke Samuel Garbutt - Official Czech &amp; Slovak Everton Supporters&#039; Club","isPartOf":{"@id":"https:\/\/evertonfc.cz\/#website"},"primaryImageOfPage":{"@id":"https:\/\/evertonfc.cz\/index.php\/soupiska\/luke-garbutt\/#primaryimage"},"image":{"@id":"https:\/\/evertonfc.cz\/index.php\/soupiska\/luke-garbutt\/#primaryimage"},"thumbnailUrl":"http:\/\/evertonfc.cz\/wp-content\/uploads\/2019\/01\/garbutt.jpg","datePublished":"2019-01-05T20:54:54+00:00","dateModified":"2020-06-26T19:01:57+00:00","breadcrumb":{"@id":"https:\/\/evertonfc.cz\/index.php\/soupiska\/luke-garbutt\/#breadcrumb"},"inLanguage":"cs","potentialAction":[{"@type":"ReadAction","target":["https:\/\/evertonfc.cz\/index.php\/soupiska\/luke-garbutt\/"]}]},{"@type":"ImageObject","inLanguage":"cs","@id":"https:\/\/evertonfc.cz\/index.php\/soupiska\/luke-garbutt\/#primaryimage","url":"http:\/\/evertonfc.cz\/wp-content\/uploads\/2019\/01\/garbutt.jpg","contentUrl":"http:\/\/evertonfc.cz\/wp-content\/uploads\/2019\/01\/garbutt.jpg"},{"@type":"BreadcrumbList","@id":"https:\/\/evertonfc.cz\/index.php\/soupiska\/luke-garbutt\/#breadcrumb","itemListElement":[{"@type":"ListItem","position":1,"name":"Home","item":"https:\/\/evertonfc.cz\/"},{"@type":"ListItem","position":2,"name":"Soupiska","item":"https:\/\/evertonfc.cz\/index.php\/soupiska\/"},{"@type":"ListItem","position":3,"name":"Luke Samuel Garbutt"}]},{"@type":"WebSite","@id":"https:\/\/evertonfc.cz\/#website","url":"https:\/\/evertonfc.cz\/","name":"Official Czech &amp; Slovak Everton Supporters&#039; Club","description":"","publisher":{"@id":"https:\/\/evertonfc.cz\/#organization"},"potentialAction":[{"@type":"SearchAction","target":{"@type":"EntryPoint","urlTemplate":"https:\/\/evertonfc.cz\/?s={search_term_string}"},"query-input":{"@type":"PropertyValueSpecification","valueRequired":true,"valueName":"search_term_string"}}],"inLanguage":"cs"},{"@type":"Organization","@id":"https:\/\/evertonfc.cz\/#organization","name":"Official Czech & Slovak Everton Supporters' Club","url":"https:\/\/evertonfc.cz\/","logo":{"@type":"ImageObject","inLanguage":"cs","@id":"https:\/\/evertonfc.cz\/#\/schema\/logo\/image\/","url":"https:\/\/evertonfc.cz\/wp-content\/uploads\/2019\/05\/logo.png","contentUrl":"https:\/\/evertonfc.cz\/wp-content\/uploads\/2019\/05\/logo.png","width":112,"height":112,"caption":"Official Czech & Slovak Everton Supporters' Club"},"image":{"@id":"https:\/\/evertonfc.cz\/#\/schema\/logo\/image\/"},"sameAs":["https:\/\/www.facebook.com\/everton.fans.cz.sk"]}]}},"_links":{"self":[{"href":"https:\/\/evertonfc.cz\/index.php\/wp-json\/wp\/v2\/pages\/908"}],"collection":[{"href":"https:\/\/evertonfc.cz\/index.php\/wp-json\/wp\/v2\/pages"}],"about":[{"href":"https:\/\/evertonfc.cz\/index.php\/wp-json\/wp\/v2\/types\/page"}],"author":[{"embeddable":true,"href":"https:\/\/evertonfc.cz\/index.php\/wp-json\/wp\/v2\/users\/6"}],"replies":[{"embeddable":true,"href":"https:\/\/evertonfc.cz\/index.php\/wp-json\/wp\/v2\/comments?post=908"}],"version-history":[{"count":6,"href":"https:\/\/evertonfc.cz\/index.php\/wp-json\/wp\/v2\/pages\/908\/revisions"}],"predecessor-version":[{"id":11264,"href":"https:\/\/evertonfc.cz\/index.php\/wp-json\/wp\/v2\/pages\/908\/revisions\/11264"}],"up":[{"embeddable":true,"href":"https:\/\/evertonfc.cz\/index.php\/wp-json\/wp\/v2\/pages\/70"}],"wp:attachment":[{"href":"https:\/\/evertonfc.cz\/index.php\/wp-json\/wp\/v2\/media?parent=908"}],"curies":[{"name":"wp","href":"https:\/\/api.w.org\/{rel}","templated":true}]}}