{"id":910,"date":"2019-01-05T21:56:14","date_gmt":"2019-01-05T20:56:14","guid":{"rendered":"http:\/\/evertonfc.cz\/?page_id=910"},"modified":"2021-06-05T21:14:56","modified_gmt":"2021-06-05T19:14:56","slug":"matthew-pennington","status":"publish","type":"page","link":"https:\/\/evertonfc.cz\/index.php\/soupiska\/matthew-pennington\/","title":{"rendered":"Matthew Pennington"},"content":{"rendered":"<p><strong><img loading=\"lazy\" decoding=\"async\" style=\"float: right; margin-left: 10px; margin-right: 10px;\" src=\"http:\/\/evertonfc.cz\/wp-content\/uploads\/2019\/01\/pennington.jpg\" alt=\"\" width=\"80\" height=\"83\" \/>Narozen:<\/strong>\u00a006. 10. 1994, Warrington, Anglie<br \/>\n<strong>V\u00fd\u0161ka:<\/strong>\u00a0185 cm<br \/>\n<strong>V\u00e1ha:<\/strong>\u00a077 kg<br \/>\n<strong>Post:<\/strong>\u00a0Obr\u00e1nce<br \/>\n<strong>V EFC od:<\/strong>\u00a0Odchovanec<br \/>\n<strong>Do:<\/strong>\u00a030. 06. 2021<\/p>\n<hr \/>\n<p>Pennington, st\u0159edn\u00ed obr\u00e1nce schopn\u00fd zasko\u010dit i na prav\u00e9m defenzivy, se p\u0159ipojil k akademii Evertonu ve v\u011bku 11 let. Prvn\u00ed zku\u0161enosti s dosp\u011bl\u00fdm fotbalem sb\u00edral na hostov\u00e1n\u00edch v League One. Nejprve v lednu 2014 ode\u0161el na p\u011bt m\u011bs\u00edc\u016f do Tranmere Rovers, kde odehr\u00e1l 17 z\u00e1pas\u016f, a pot\u00e9 v ro\u010dn\u00edku 2014\/15 pod\u00e1val velmi dobr\u00e9 v\u00fdkony za Coventry City. Celkem za Sky Blues nastoupil k 24 z\u00e1pas\u016fm.<\/p>\n<p>Pennington zat\u00edm b\u011bhem kari\u00e9ry \u010dasto trp\u00ed na zran\u011bn\u00ed, i proto si na debut v Evertonu musel po\u010dkat. Kone\u010dn\u011b se mu zada\u0159ilo jako dvacetilet\u00e9mu v srpnu 2015 v Ligov\u00e9m poh\u00e1ru s Barnsley. Pozd\u011bji v t\u00e9\u017ee sez\u00f3n\u011b pro velkou marodku v prvn\u00edm t\u00fdmu nasko\u010dil do posledn\u00edch \u010dty\u0159 ligov\u00fdch kol (t\u0159ikr\u00e1t v z\u00e1kladn\u00ed sestav\u011b). V l\u00e9t\u011b 2016 ho na p\u016flrok vy\u0159adily ze hry svalov\u00e9 pot\u00ed\u017ee, po uzdraven\u00ed ale op\u011bt nasko\u010dil do Premier League, dokonce vst\u0159elil branku p\u0159i proh\u0159e 1:3 ve venkovn\u00edm derby s Liverpoolem.<\/p>\n<p>V n\u00e1sledn\u00e9m letn\u00edm p\u0159estupov\u00e9m obdob\u00ed Everton mohutn\u011b investoval do nov\u00fdch hr\u00e1\u010d\u016f a pro Penningtona nezbylo m\u00edsto v k\u00e1dru. Na Premier League se nejevil dostate\u010dn\u011b obratn\u00fd. S d\u00edky tak p\u0159ijal nab\u00eddku druholigov\u00e9ho Leedsu na hostov\u00e1n\u00ed pro sez\u00f3nu 2017\/18, kde b\u011bhem sez\u00f3ny\u00a0odehr\u00e1l 24 ligov\u00fdch utk\u00e1n\u00ed z 46 mo\u017en\u00fdch. V\u011bt\u0161\u00edmu hern\u00edmu vyt\u00ed\u017een\u00ed br\u00e1nila zejm\u00e9na jeho opakovan\u00e1 zran\u011bn\u00ed. Po n\u00e1vratu z hostov\u00e1n\u00ed s n\u00edm, pro ve\u0159ejnost p\u0159ekvapiv\u011b, Everton podepsal novou smlouvu do l\u00e9ta 2021.<\/p>\n<p>Ji\u017e 23let\u00fd obr\u00e1nce pot\u00e9 pravideln\u011b nastupoval v p\u0159edsez\u00f3nn\u00ed p\u0159\u00edprav\u011b pod nov\u00fdm mana\u017eerem Marcem Silvou, m\u00edsto v k\u00e1dru pro sez\u00f3nu 2018\/19 si ale nevybojoval, a tak op\u011bt zam\u00ed\u0159il na ro\u010dn\u00ed hostov\u00e1n\u00ed o patro n\u00ed\u017ee. Championship si tentokr\u00e1t vyzkou\u0161el jako hr\u00e1\u010d Ipswiche Town, v jeho\u017e dresu se za\u0159adil mezi opory. Klubu se v\u0161ak v\u00fdsledkov\u011b neda\u0159ilo a utr\u00e1pen\u00e1 sez\u00f3na vyvrcholila sestupem.<\/p>\n<p>Pennington se nakonec z hostov\u00e1n\u00ed vr\u00e1til p\u0159ed\u010dasn\u011b, proto\u017ee si na ja\u0159e v\u00e1\u017en\u011b poranil kotn\u00edk. V Evertonu ale op\u011bt dlouho nevydr\u017eel, tak\u00e9 v sez\u00f3n\u011b 2019\/20 zakotvil v druh\u00e9 anglick\u00e9 lize. Na ro\u010dn\u00ed hostov\u00e1n\u00ed si ho vyp\u016fj\u010dil Hull City. Ani KC Stadium se ale nestalo m\u00edstem, kde by kone\u010dn\u011b Pennington natrvalo zapustil ko\u0159eny. Za Tigers b\u011bhem koronavirov\u00e9 sez\u00f3ny odehr\u00e1l pouh\u00fdch 16 z\u00e1pas\u016f a jeho v\u00fdkony nebyly nikterak oslniv\u00e9. Hull City nakonec zakon\u010dil \u0161patnou sez\u00f3nu na posledn\u00edm m\u00edst\u011b tabulky, kter\u00e9 pochopiteln\u011b znamenalo sestup do League One, a Pennington se op\u011bt jednou vr\u00e1til na Goodison Park. Ve 25 letech, rok p\u0159ed koncem smlouvy v Evertonu, nena\u0161el v l\u00e9t\u011b 2020 vhodn\u00e9 anga\u017em\u00e1, a tak p\u016flrok str\u00e1vil v rezerv\u011b klubu. Na dal\u0161\u00ed hostov\u00e1n\u00ed do ni\u017e\u0161\u00ed sout\u011b\u017ee zam\u00ed\u0159il &#8211; p\u016flroku p\u0159ed koncem smlouvy v Evertonu &#8211; a\u017e na za\u010d\u00e1tku nov\u00e9ho roku 2021, kdy si ho vyhl\u00e9dlo t\u0159etiligov\u00e9 Shrewsbury Town, v jeho\u017e dresu se Pennington rychle vypracoval mezi opory, a tak nebylo p\u0159ekvapen\u00edm, \u017ee kdy\u017e byl v l\u00e9t\u011b 2021 propu\u0161t\u011bn z Evertonu po konci smlouvy, jako voln\u00fd hr\u00e1\u010dem obratem podepsal pr\u00e1v\u011b na New Meadow.<\/p>\n","protected":false},"excerpt":{"rendered":"<p>Narozen:\u00a006. 10. 1994, Warrington, Anglie V\u00fd\u0161ka:\u00a0185 cm V\u00e1ha:\u00a077 kg Post:\u00a0Obr\u00e1nce V EFC od:\u00a0Odchovanec Do:\u00a030. 06. 2021 Pennington, st\u0159edn\u00ed obr\u00e1nce schopn\u00fd&hellip;<\/p>\n","protected":false},"author":6,"featured_media":0,"parent":70,"menu_order":0,"comment_status":"closed","ping_status":"closed","template":"","meta":{"_eb_attr":"","_monsterinsights_skip_tracking":false,"_monsterinsights_sitenote_active":false,"_monsterinsights_sitenote_note":"","_monsterinsights_sitenote_category":0,"footnotes":""},"yoast_head":"<!-- This site is optimized with the Yoast SEO plugin v23.4 - https:\/\/yoast.com\/wordpress\/plugins\/seo\/ -->\n<title>Matthew Pennington - Official Czech &amp; Slovak Everton Supporters&#039; Club<\/title>\n<meta name=\"robots\" content=\"index, follow, max-snippet:-1, max-image-preview:large, max-video-preview:-1\" \/>\n<link rel=\"canonical\" href=\"https:\/\/evertonfc.cz\/index.php\/soupiska\/matthew-pennington\/\" \/>\n<meta property=\"og:locale\" content=\"cs_CZ\" \/>\n<meta property=\"og:type\" content=\"article\" \/>\n<meta property=\"og:title\" content=\"Matthew Pennington - Official Czech &amp; Slovak Everton Supporters&#039; Club\" \/>\n<meta property=\"og:description\" content=\"Narozen:\u00a006. 10. 1994, Warrington, Anglie V\u00fd\u0161ka:\u00a0185 cm V\u00e1ha:\u00a077 kg Post:\u00a0Obr\u00e1nce V EFC od:\u00a0Odchovanec Do:\u00a030. 06. 2021 Pennington, st\u0159edn\u00ed obr\u00e1nce schopn\u00fd&hellip;\" \/>\n<meta property=\"og:url\" content=\"https:\/\/evertonfc.cz\/index.php\/soupiska\/matthew-pennington\/\" \/>\n<meta property=\"og:site_name\" content=\"Official Czech &amp; Slovak Everton Supporters&#039; Club\" \/>\n<meta property=\"article:publisher\" content=\"https:\/\/www.facebook.com\/everton.fans.cz.sk\" \/>\n<meta property=\"article:modified_time\" content=\"2021-06-05T19:14:56+00:00\" \/>\n<meta property=\"og:image\" content=\"http:\/\/evertonfc.cz\/wp-content\/uploads\/2019\/01\/pennington.jpg\" \/>\n<meta name=\"twitter:card\" content=\"summary_large_image\" \/>\n<meta name=\"twitter:label1\" content=\"Odhadovan\u00e1 doba \u010dten\u00ed\" \/>\n\t<meta name=\"twitter:data1\" content=\"3 minuty\" \/>\n<script type=\"application\/ld+json\" class=\"yoast-schema-graph\">{\"@context\":\"https:\/\/schema.org\",\"@graph\":[{\"@type\":\"WebPage\",\"@id\":\"https:\/\/evertonfc.cz\/index.php\/soupiska\/matthew-pennington\/\",\"url\":\"https:\/\/evertonfc.cz\/index.php\/soupiska\/matthew-pennington\/\",\"name\":\"Matthew Pennington - Official Czech &amp; Slovak Everton Supporters&#039; Club\",\"isPartOf\":{\"@id\":\"https:\/\/evertonfc.cz\/#website\"},\"primaryImageOfPage\":{\"@id\":\"https:\/\/evertonfc.cz\/index.php\/soupiska\/matthew-pennington\/#primaryimage\"},\"image\":{\"@id\":\"https:\/\/evertonfc.cz\/index.php\/soupiska\/matthew-pennington\/#primaryimage\"},\"thumbnailUrl\":\"http:\/\/evertonfc.cz\/wp-content\/uploads\/2019\/01\/pennington.jpg\",\"datePublished\":\"2019-01-05T20:56:14+00:00\",\"dateModified\":\"2021-06-05T19:14:56+00:00\",\"breadcrumb\":{\"@id\":\"https:\/\/evertonfc.cz\/index.php\/soupiska\/matthew-pennington\/#breadcrumb\"},\"inLanguage\":\"cs\",\"potentialAction\":[{\"@type\":\"ReadAction\",\"target\":[\"https:\/\/evertonfc.cz\/index.php\/soupiska\/matthew-pennington\/\"]}]},{\"@type\":\"ImageObject\",\"inLanguage\":\"cs\",\"@id\":\"https:\/\/evertonfc.cz\/index.php\/soupiska\/matthew-pennington\/#primaryimage\",\"url\":\"https:\/\/evertonfc.cz\/wp-content\/uploads\/2019\/01\/pennington.jpg\",\"contentUrl\":\"https:\/\/evertonfc.cz\/wp-content\/uploads\/2019\/01\/pennington.jpg\",\"width\":80,\"height\":83},{\"@type\":\"BreadcrumbList\",\"@id\":\"https:\/\/evertonfc.cz\/index.php\/soupiska\/matthew-pennington\/#breadcrumb\",\"itemListElement\":[{\"@type\":\"ListItem\",\"position\":1,\"name\":\"Home\",\"item\":\"https:\/\/evertonfc.cz\/\"},{\"@type\":\"ListItem\",\"position\":2,\"name\":\"Soupiska\",\"item\":\"https:\/\/evertonfc.cz\/index.php\/soupiska\/\"},{\"@type\":\"ListItem\",\"position\":3,\"name\":\"Matthew Pennington\"}]},{\"@type\":\"WebSite\",\"@id\":\"https:\/\/evertonfc.cz\/#website\",\"url\":\"https:\/\/evertonfc.cz\/\",\"name\":\"Official Czech &amp; Slovak Everton Supporters&#039; Club\",\"description\":\"\",\"publisher\":{\"@id\":\"https:\/\/evertonfc.cz\/#organization\"},\"potentialAction\":[{\"@type\":\"SearchAction\",\"target\":{\"@type\":\"EntryPoint\",\"urlTemplate\":\"https:\/\/evertonfc.cz\/?s={search_term_string}\"},\"query-input\":{\"@type\":\"PropertyValueSpecification\",\"valueRequired\":true,\"valueName\":\"search_term_string\"}}],\"inLanguage\":\"cs\"},{\"@type\":\"Organization\",\"@id\":\"https:\/\/evertonfc.cz\/#organization\",\"name\":\"Official Czech & Slovak Everton Supporters' Club\",\"url\":\"https:\/\/evertonfc.cz\/\",\"logo\":{\"@type\":\"ImageObject\",\"inLanguage\":\"cs\",\"@id\":\"https:\/\/evertonfc.cz\/#\/schema\/logo\/image\/\",\"url\":\"https:\/\/evertonfc.cz\/wp-content\/uploads\/2019\/05\/logo.png\",\"contentUrl\":\"https:\/\/evertonfc.cz\/wp-content\/uploads\/2019\/05\/logo.png\",\"width\":112,\"height\":112,\"caption\":\"Official Czech & Slovak Everton Supporters' Club\"},\"image\":{\"@id\":\"https:\/\/evertonfc.cz\/#\/schema\/logo\/image\/\"},\"sameAs\":[\"https:\/\/www.facebook.com\/everton.fans.cz.sk\"]}]}<\/script>\n<!-- \/ Yoast SEO plugin. -->","yoast_head_json":{"title":"Matthew Pennington - Official Czech &amp; Slovak Everton Supporters&#039; Club","robots":{"index":"index","follow":"follow","max-snippet":"max-snippet:-1","max-image-preview":"max-image-preview:large","max-video-preview":"max-video-preview:-1"},"canonical":"https:\/\/evertonfc.cz\/index.php\/soupiska\/matthew-pennington\/","og_locale":"cs_CZ","og_type":"article","og_title":"Matthew Pennington - Official Czech &amp; Slovak Everton Supporters&#039; Club","og_description":"Narozen:\u00a006. 10. 1994, Warrington, Anglie V\u00fd\u0161ka:\u00a0185 cm V\u00e1ha:\u00a077 kg Post:\u00a0Obr\u00e1nce V EFC od:\u00a0Odchovanec Do:\u00a030. 06. 2021 Pennington, st\u0159edn\u00ed obr\u00e1nce schopn\u00fd&hellip;","og_url":"https:\/\/evertonfc.cz\/index.php\/soupiska\/matthew-pennington\/","og_site_name":"Official Czech &amp; Slovak Everton Supporters&#039; Club","article_publisher":"https:\/\/www.facebook.com\/everton.fans.cz.sk","article_modified_time":"2021-06-05T19:14:56+00:00","og_image":[{"url":"http:\/\/evertonfc.cz\/wp-content\/uploads\/2019\/01\/pennington.jpg"}],"twitter_card":"summary_large_image","twitter_misc":{"Odhadovan\u00e1 doba \u010dten\u00ed":"3 minuty"},"schema":{"@context":"https:\/\/schema.org","@graph":[{"@type":"WebPage","@id":"https:\/\/evertonfc.cz\/index.php\/soupiska\/matthew-pennington\/","url":"https:\/\/evertonfc.cz\/index.php\/soupiska\/matthew-pennington\/","name":"Matthew Pennington - Official Czech &amp; Slovak Everton Supporters&#039; Club","isPartOf":{"@id":"https:\/\/evertonfc.cz\/#website"},"primaryImageOfPage":{"@id":"https:\/\/evertonfc.cz\/index.php\/soupiska\/matthew-pennington\/#primaryimage"},"image":{"@id":"https:\/\/evertonfc.cz\/index.php\/soupiska\/matthew-pennington\/#primaryimage"},"thumbnailUrl":"http:\/\/evertonfc.cz\/wp-content\/uploads\/2019\/01\/pennington.jpg","datePublished":"2019-01-05T20:56:14+00:00","dateModified":"2021-06-05T19:14:56+00:00","breadcrumb":{"@id":"https:\/\/evertonfc.cz\/index.php\/soupiska\/matthew-pennington\/#breadcrumb"},"inLanguage":"cs","potentialAction":[{"@type":"ReadAction","target":["https:\/\/evertonfc.cz\/index.php\/soupiska\/matthew-pennington\/"]}]},{"@type":"ImageObject","inLanguage":"cs","@id":"https:\/\/evertonfc.cz\/index.php\/soupiska\/matthew-pennington\/#primaryimage","url":"https:\/\/evertonfc.cz\/wp-content\/uploads\/2019\/01\/pennington.jpg","contentUrl":"https:\/\/evertonfc.cz\/wp-content\/uploads\/2019\/01\/pennington.jpg","width":80,"height":83},{"@type":"BreadcrumbList","@id":"https:\/\/evertonfc.cz\/index.php\/soupiska\/matthew-pennington\/#breadcrumb","itemListElement":[{"@type":"ListItem","position":1,"name":"Home","item":"https:\/\/evertonfc.cz\/"},{"@type":"ListItem","position":2,"name":"Soupiska","item":"https:\/\/evertonfc.cz\/index.php\/soupiska\/"},{"@type":"ListItem","position":3,"name":"Matthew Pennington"}]},{"@type":"WebSite","@id":"https:\/\/evertonfc.cz\/#website","url":"https:\/\/evertonfc.cz\/","name":"Official Czech &amp; Slovak Everton Supporters&#039; Club","description":"","publisher":{"@id":"https:\/\/evertonfc.cz\/#organization"},"potentialAction":[{"@type":"SearchAction","target":{"@type":"EntryPoint","urlTemplate":"https:\/\/evertonfc.cz\/?s={search_term_string}"},"query-input":{"@type":"PropertyValueSpecification","valueRequired":true,"valueName":"search_term_string"}}],"inLanguage":"cs"},{"@type":"Organization","@id":"https:\/\/evertonfc.cz\/#organization","name":"Official Czech & Slovak Everton Supporters' Club","url":"https:\/\/evertonfc.cz\/","logo":{"@type":"ImageObject","inLanguage":"cs","@id":"https:\/\/evertonfc.cz\/#\/schema\/logo\/image\/","url":"https:\/\/evertonfc.cz\/wp-content\/uploads\/2019\/05\/logo.png","contentUrl":"https:\/\/evertonfc.cz\/wp-content\/uploads\/2019\/05\/logo.png","width":112,"height":112,"caption":"Official Czech & Slovak Everton Supporters' Club"},"image":{"@id":"https:\/\/evertonfc.cz\/#\/schema\/logo\/image\/"},"sameAs":["https:\/\/www.facebook.com\/everton.fans.cz.sk"]}]}},"_links":{"self":[{"href":"https:\/\/evertonfc.cz\/index.php\/wp-json\/wp\/v2\/pages\/910"}],"collection":[{"href":"https:\/\/evertonfc.cz\/index.php\/wp-json\/wp\/v2\/pages"}],"about":[{"href":"https:\/\/evertonfc.cz\/index.php\/wp-json\/wp\/v2\/types\/page"}],"author":[{"embeddable":true,"href":"https:\/\/evertonfc.cz\/index.php\/wp-json\/wp\/v2\/users\/6"}],"replies":[{"embeddable":true,"href":"https:\/\/evertonfc.cz\/index.php\/wp-json\/wp\/v2\/comments?post=910"}],"version-history":[{"count":8,"href":"https:\/\/evertonfc.cz\/index.php\/wp-json\/wp\/v2\/pages\/910\/revisions"}],"predecessor-version":[{"id":1741,"href":"https:\/\/evertonfc.cz\/index.php\/wp-json\/wp\/v2\/pages\/910\/revisions\/1741"}],"up":[{"embeddable":true,"href":"https:\/\/evertonfc.cz\/index.php\/wp-json\/wp\/v2\/pages\/70"}],"wp:attachment":[{"href":"https:\/\/evertonfc.cz\/index.php\/wp-json\/wp\/v2\/media?parent=910"}],"curies":[{"name":"wp","href":"https:\/\/api.w.org\/{rel}","templated":true}]}}