{"id":921,"date":"2019-01-05T22:01:35","date_gmt":"2019-01-05T21:01:35","guid":{"rendered":"http:\/\/evertonfc.cz\/?page_id=921"},"modified":"2021-06-05T20:58:52","modified_gmt":"2021-06-05T18:58:52","slug":"muhamed-besic","status":"publish","type":"page","link":"https:\/\/evertonfc.cz\/index.php\/soupiska\/muhamed-besic\/","title":{"rendered":"Muhamed Be\u0161i\u0107"},"content":{"rendered":"<p><strong><img loading=\"lazy\" decoding=\"async\" style=\"float: right; margin-left: 10px; margin-right: 10px;\" src=\"http:\/\/evertonfc.cz\/wp-content\/uploads\/2019\/01\/besic.png\" alt=\"\" width=\"80\" height=\"83\" \/>Narozen:<\/strong>\u00a010. 09. 1992, Berl\u00edn, N\u011bmecko<br \/>\n<strong>V\u00fd\u0161ka:<\/strong>\u00a0180 cm<br \/>\n<strong>V\u00e1ha:<\/strong>\u00a075 kg<br \/>\n<strong>Post:\u00a0<\/strong>Z\u00e1lo\u017en\u00edk<br \/>\n<strong>V EFC od:<\/strong>\u00a028. 07. 2014<br \/>\n<strong>Do:<\/strong>\u00a030. 06. 2021<\/p>\n<hr \/>\n<p>Rod\u00e1k z Berl\u00edna zapo\u010dal kari\u00e9ru v mu\u017estvu Tennis Borussia Berl\u00edn, v 16 letech zakotvil v p\u0159\u00edstavn\u00edm Hamburku SV, kde okusil n\u011bmeckou Bundesligu. Jenom p\u011bt dn\u00ed po debutu za HSV, na Dortmundu v listopadu roku 2010, poprv\u00e9 reprezentoval Bosnu a Hercegovinu. Ve v\u011bku 18 let a 68 dn\u00ed si p\u0159ipsal prvn\u00ed mezin\u00e1rodn\u00ed minuty v duelu se Slovenskem v Bratislav\u011b.<\/p>\n<p>P\u0159edur\u010dena \u00fasp\u011b\u0161n\u00e1 kari\u00e9ra ov\u0161em nenabrala rychl\u00fd sp\u00e1d, v dal\u0161\u00edch dvou letech nastoupil za prvn\u00ed t\u00fdm pouze ve t\u0159ech p\u0159\u00edpadech a v dubnu roku 2012 nezkrotil temperamentn\u00ed povahu, co\u017e nevydr\u017eel tren\u00e9r Thorsten Fink, jen\u017e \u00fadajn\u011b sv\u00e9ho sv\u011b\u0159ence p\u0159i\u0161krtil. A\u0165 je pravda jak\u00e1koliv, n\u00e1sledovala suspendace a o n\u011bkolik t\u00fddn\u016f pozd\u011bji cel\u00fd konflikt vy\u00fastil odchodem na voln\u00fd p\u0159estup do Ferencvarose.<\/p>\n<p>V Ma\u010farsku za dva roky nastoupil k 45 ligov\u00fdm start\u016fm, pat\u0159il k opor\u00e1m mu\u017estva a nejlep\u0161\u00edm hr\u00e1\u010d\u016fm ligy. A\u010d narozen v N\u011bmecku, obr\u00e1nce nebo defenzivn\u00ed z\u00e1lo\u017en\u00edk reprezentuje Bosnu a Hercegovinu. P\u0159ed Mistrovstv\u00edm sv\u011bta 2014 mu tehdej\u0161\u00ed n\u00e1rodn\u00ed tren\u00e9r Safet Su\u0161i\u0107 sv\u011b\u0159il post \u0161t\u00edtov\u00e9ho z\u00e1lo\u017en\u00edka, a\u010d nenastupoval v kvalifikaci. Nezku\u0161en\u00fd bijec ale na \u0161ampion\u00e1tu obst\u00e1l, v z\u00e1kladn\u00ed skupin\u011b proti Argentin\u011b, Nig\u00e9rii a Ir\u00e1nu p\u0159edv\u00e1d\u011bl skv\u011bl\u00e9 v\u00fdkony a strhl na sebe \u0161irokou pozornost. P\u0159es z\u00e1jem mnoha klub\u016f si zvolil Everton, podle vlastn\u00edch slov hlavn\u011b kv\u016fli anglick\u00e9 kopan\u00e9 a Robertu Mart\u00ednezovi, kter\u00fd ho koupil za \u010dty\u0159i miliony liber.<\/p>\n<p>Ve sv\u00e9 prvn\u00ed sez\u00f3n\u011b v Evertonu Be\u0161i\u0107 zaujal. A\u010dkoliv panovaly obavy, \u017ee jeho tvrd\u00e1 hra mu zp\u016fsob\u00ed mnoho disciplin\u00e1rn\u00edch proh\u0159e\u0161k\u016f, a\u017e na p\u00e1r zbyte\u010dn\u00fdch \u017elut\u00fdch karet dok\u00e1zal dr\u017eet nervy na uzd\u011b. D\u00edky srdnat\u00e9mu pojet\u00ed hry si z\u00edskal p\u0159\u00edze\u0148 nejednoho Evertoniana. N\u00e1sleduj\u00edc\u00ed sez\u00f3nu ho ale tr\u00e1pila \u010dast\u00e1 zran\u011bn\u00ed. Kdy\u017e se kone\u010dn\u011b naplno zotavil, zpo\u010d\u00e1tku byl o\u017eiven\u00edm jinak tr\u00e1p\u00edc\u00edho se t\u00fdm, nicm\u00e9n\u011b dal\u0161\u00ed zran\u011bn\u00ed a pozd\u011bji pr\u016fm\u011brn\u00e9 v\u00fdkony znamenaly trpk\u00e9 zakon\u010den\u00ed ro\u010dn\u00edku 2015\/16.<\/p>\n<p>Be\u0161i\u0107 s p\u0159\u00edchodem nov\u00e9ho mana\u017eera Ronalda Koemana v\u00a0l\u00e9t\u011b 2016 vyhl\u00ed\u017eel probyt\u00ed se do z\u00e1kladn\u00ed sestavy. Bohu\u017eel v p\u0159edsez\u00f3nn\u00ed p\u0159\u00edprav\u011b si zp\u0159etrhal kolenn\u00ed vazy a sez\u00f3n\u011b pro n\u011bj skon\u010dila d\u0159\u00edve, ne\u017e v\u016fbec za\u010dala. Po uzdraven\u00ed Be\u0161i\u0107 marn\u011b bojoval o m\u00edsto v Koemanov\u011b t\u00fdmu, l\u00e9pe se mu nevedlo ani pod nov\u00fdm mana\u017eerem Samem Allardycem, a tak v lednu 2018, po p\u016fl roce s minim\u00e1ln\u00edm hern\u00edm vyt\u00ed\u017een\u00ed, s radost\u00ed p\u0159ijal nab\u00eddku na hostov\u00e1n\u00ed v druholigov\u00e9m Middlesbrough.<\/p>\n<p>Po p\u0159\u00edchodu na Riverside se Be\u0161i\u0107 rychle usadil v\u00a0z\u00e1kladn\u00ed sestav\u011b a stal se d\u016fle\u017eit\u00fdm hr\u00e1\u010dem t\u00fdmu Tonyho Pulise, kter\u00fd ne\u00fasp\u011b\u0161n\u011b bojoval o postup do Premier League, kdy\u017e ho v semifin\u00e1le play-off vy\u0159adila Aston Villla.<\/p>\n<p>Middlesbrough se n\u00e1sledn\u011b cel\u00e9 l\u00e9to sna\u017eilo z\u00edskat reprezentanta Bosny a Hercegoviny na trval\u00fd p\u0159estup, ale transfer v hodnot\u011b 6 milion\u016f liber, s n\u00edm\u017e Everton souhlasil na Deadline Day, zkrachoval na neochot\u011b Boro uhradit po\u017eadovanou provizi agentovi Be\u0161i\u0107e. Tony Pulis se v\u0161ak se svou po\u017eadovanou posilou p\u0159eci jenom shledal, ke konci srpna 2018 se Be\u0161i\u0107 vr\u00e1til na Riverside v r\u00e1mci ro\u010dn\u00edho hostov\u00e1n\u00ed, b\u011bhem n\u011bho\u017e si udr\u017eel postaven\u00ed stabiln\u00edho \u010dlena sestavy. V sez\u00f3n\u011b 2018\/19 celkem odehr\u00e1l 39 z\u00e1pas\u016f.<\/p>\n<p>V l\u00e9t\u011b 2019 se Be\u0161i\u0107 vr\u00e1til z Middlesbrough do Evertonu, v n\u011bm\u017e ale dlouho nepobyl. Pro ro\u010dn\u00edk 2019\/20 zam\u00ed\u0159il jako host do Sheffieldu United, kter\u00fd se po 12 letech vr\u00e1til do Premier League. Na sta\u0159i\u010dk\u00e9m stadionu Bramall Lane plnil d\u016frazn\u00fd z\u00e1lo\u017en\u00edk hlavn\u011b roli n\u00e1hradn\u00edka, v sez\u00f3n\u011b nasko\u010dil jen do 13 z\u00e1pas\u016f a v l\u00e9t\u011b 2020 se vr\u00e1til do Evertonu, kde nakonec z\u016fstal je\u0161t\u011b cel\u00fd rok, nebo\u0165 si nena\u0161el \u017e\u00e1dn\u00e9 &#8211; ani kr\u00e1tkodob\u00e9 &#8211; anga\u017em\u00e1. Goodison Park tak natrvalo opustil v l\u00e9t\u011b 2021 po konci smlouvy, za Toffees odehr\u00e1l b\u011bhem sedmi let pouh\u00fdch 56 z\u00e1pas\u016f.<\/p>\n","protected":false},"excerpt":{"rendered":"<p>Narozen:\u00a010. 09. 1992, Berl\u00edn, N\u011bmecko V\u00fd\u0161ka:\u00a0180 cm V\u00e1ha:\u00a075 kg Post:\u00a0Z\u00e1lo\u017en\u00edk V EFC od:\u00a028. 07. 2014 Do:\u00a030. 06. 2021 Rod\u00e1k z&hellip;<\/p>\n","protected":false},"author":6,"featured_media":0,"parent":70,"menu_order":0,"comment_status":"closed","ping_status":"closed","template":"","meta":{"_eb_attr":"","_monsterinsights_skip_tracking":false,"_monsterinsights_sitenote_active":false,"_monsterinsights_sitenote_note":"","_monsterinsights_sitenote_category":0,"footnotes":""},"yoast_head":"<!-- This site is optimized with the Yoast SEO plugin v23.4 - https:\/\/yoast.com\/wordpress\/plugins\/seo\/ -->\n<title>Muhamed Be\u0161i\u0107 - Official Czech &amp; Slovak Everton Supporters&#039; Club<\/title>\n<meta name=\"robots\" content=\"index, follow, max-snippet:-1, max-image-preview:large, max-video-preview:-1\" \/>\n<link rel=\"canonical\" href=\"https:\/\/evertonfc.cz\/index.php\/soupiska\/muhamed-besic\/\" \/>\n<meta property=\"og:locale\" content=\"cs_CZ\" \/>\n<meta property=\"og:type\" content=\"article\" \/>\n<meta property=\"og:title\" content=\"Muhamed Be\u0161i\u0107 - Official Czech &amp; Slovak Everton Supporters&#039; Club\" \/>\n<meta property=\"og:description\" content=\"Narozen:\u00a010. 09. 1992, Berl\u00edn, N\u011bmecko V\u00fd\u0161ka:\u00a0180 cm V\u00e1ha:\u00a075 kg Post:\u00a0Z\u00e1lo\u017en\u00edk V EFC od:\u00a028. 07. 2014 Do:\u00a030. 06. 2021 Rod\u00e1k z&hellip;\" \/>\n<meta property=\"og:url\" content=\"https:\/\/evertonfc.cz\/index.php\/soupiska\/muhamed-besic\/\" \/>\n<meta property=\"og:site_name\" content=\"Official Czech &amp; Slovak Everton Supporters&#039; Club\" \/>\n<meta property=\"article:publisher\" content=\"https:\/\/www.facebook.com\/everton.fans.cz.sk\" \/>\n<meta property=\"article:modified_time\" content=\"2021-06-05T18:58:52+00:00\" \/>\n<meta property=\"og:image\" content=\"http:\/\/evertonfc.cz\/wp-content\/uploads\/2019\/01\/besic.png\" \/>\n<meta name=\"twitter:card\" content=\"summary_large_image\" \/>\n<meta name=\"twitter:label1\" content=\"Odhadovan\u00e1 doba \u010dten\u00ed\" \/>\n\t<meta name=\"twitter:data1\" content=\"3 minuty\" \/>\n<script type=\"application\/ld+json\" class=\"yoast-schema-graph\">{\"@context\":\"https:\/\/schema.org\",\"@graph\":[{\"@type\":\"WebPage\",\"@id\":\"https:\/\/evertonfc.cz\/index.php\/soupiska\/muhamed-besic\/\",\"url\":\"https:\/\/evertonfc.cz\/index.php\/soupiska\/muhamed-besic\/\",\"name\":\"Muhamed Be\u0161i\u0107 - Official Czech &amp; Slovak Everton Supporters&#039; Club\",\"isPartOf\":{\"@id\":\"https:\/\/evertonfc.cz\/#website\"},\"primaryImageOfPage\":{\"@id\":\"https:\/\/evertonfc.cz\/index.php\/soupiska\/muhamed-besic\/#primaryimage\"},\"image\":{\"@id\":\"https:\/\/evertonfc.cz\/index.php\/soupiska\/muhamed-besic\/#primaryimage\"},\"thumbnailUrl\":\"http:\/\/evertonfc.cz\/wp-content\/uploads\/2019\/01\/besic.png\",\"datePublished\":\"2019-01-05T21:01:35+00:00\",\"dateModified\":\"2021-06-05T18:58:52+00:00\",\"breadcrumb\":{\"@id\":\"https:\/\/evertonfc.cz\/index.php\/soupiska\/muhamed-besic\/#breadcrumb\"},\"inLanguage\":\"cs\",\"potentialAction\":[{\"@type\":\"ReadAction\",\"target\":[\"https:\/\/evertonfc.cz\/index.php\/soupiska\/muhamed-besic\/\"]}]},{\"@type\":\"ImageObject\",\"inLanguage\":\"cs\",\"@id\":\"https:\/\/evertonfc.cz\/index.php\/soupiska\/muhamed-besic\/#primaryimage\",\"url\":\"https:\/\/evertonfc.cz\/wp-content\/uploads\/2019\/01\/besic.png\",\"contentUrl\":\"https:\/\/evertonfc.cz\/wp-content\/uploads\/2019\/01\/besic.png\",\"width\":80,\"height\":83},{\"@type\":\"BreadcrumbList\",\"@id\":\"https:\/\/evertonfc.cz\/index.php\/soupiska\/muhamed-besic\/#breadcrumb\",\"itemListElement\":[{\"@type\":\"ListItem\",\"position\":1,\"name\":\"Home\",\"item\":\"https:\/\/evertonfc.cz\/\"},{\"@type\":\"ListItem\",\"position\":2,\"name\":\"Soupiska\",\"item\":\"https:\/\/evertonfc.cz\/index.php\/soupiska\/\"},{\"@type\":\"ListItem\",\"position\":3,\"name\":\"Muhamed Be\u0161i\u0107\"}]},{\"@type\":\"WebSite\",\"@id\":\"https:\/\/evertonfc.cz\/#website\",\"url\":\"https:\/\/evertonfc.cz\/\",\"name\":\"Official Czech &amp; Slovak Everton Supporters&#039; Club\",\"description\":\"\",\"publisher\":{\"@id\":\"https:\/\/evertonfc.cz\/#organization\"},\"potentialAction\":[{\"@type\":\"SearchAction\",\"target\":{\"@type\":\"EntryPoint\",\"urlTemplate\":\"https:\/\/evertonfc.cz\/?s={search_term_string}\"},\"query-input\":{\"@type\":\"PropertyValueSpecification\",\"valueRequired\":true,\"valueName\":\"search_term_string\"}}],\"inLanguage\":\"cs\"},{\"@type\":\"Organization\",\"@id\":\"https:\/\/evertonfc.cz\/#organization\",\"name\":\"Official Czech & Slovak Everton Supporters' Club\",\"url\":\"https:\/\/evertonfc.cz\/\",\"logo\":{\"@type\":\"ImageObject\",\"inLanguage\":\"cs\",\"@id\":\"https:\/\/evertonfc.cz\/#\/schema\/logo\/image\/\",\"url\":\"https:\/\/evertonfc.cz\/wp-content\/uploads\/2019\/05\/logo.png\",\"contentUrl\":\"https:\/\/evertonfc.cz\/wp-content\/uploads\/2019\/05\/logo.png\",\"width\":112,\"height\":112,\"caption\":\"Official Czech & Slovak Everton Supporters' Club\"},\"image\":{\"@id\":\"https:\/\/evertonfc.cz\/#\/schema\/logo\/image\/\"},\"sameAs\":[\"https:\/\/www.facebook.com\/everton.fans.cz.sk\"]}]}<\/script>\n<!-- \/ Yoast SEO plugin. -->","yoast_head_json":{"title":"Muhamed Be\u0161i\u0107 - Official Czech &amp; Slovak Everton Supporters&#039; Club","robots":{"index":"index","follow":"follow","max-snippet":"max-snippet:-1","max-image-preview":"max-image-preview:large","max-video-preview":"max-video-preview:-1"},"canonical":"https:\/\/evertonfc.cz\/index.php\/soupiska\/muhamed-besic\/","og_locale":"cs_CZ","og_type":"article","og_title":"Muhamed Be\u0161i\u0107 - Official Czech &amp; Slovak Everton Supporters&#039; Club","og_description":"Narozen:\u00a010. 09. 1992, Berl\u00edn, N\u011bmecko V\u00fd\u0161ka:\u00a0180 cm V\u00e1ha:\u00a075 kg Post:\u00a0Z\u00e1lo\u017en\u00edk V EFC od:\u00a028. 07. 2014 Do:\u00a030. 06. 2021 Rod\u00e1k z&hellip;","og_url":"https:\/\/evertonfc.cz\/index.php\/soupiska\/muhamed-besic\/","og_site_name":"Official Czech &amp; Slovak Everton Supporters&#039; Club","article_publisher":"https:\/\/www.facebook.com\/everton.fans.cz.sk","article_modified_time":"2021-06-05T18:58:52+00:00","og_image":[{"url":"http:\/\/evertonfc.cz\/wp-content\/uploads\/2019\/01\/besic.png"}],"twitter_card":"summary_large_image","twitter_misc":{"Odhadovan\u00e1 doba \u010dten\u00ed":"3 minuty"},"schema":{"@context":"https:\/\/schema.org","@graph":[{"@type":"WebPage","@id":"https:\/\/evertonfc.cz\/index.php\/soupiska\/muhamed-besic\/","url":"https:\/\/evertonfc.cz\/index.php\/soupiska\/muhamed-besic\/","name":"Muhamed Be\u0161i\u0107 - Official Czech &amp; Slovak Everton Supporters&#039; Club","isPartOf":{"@id":"https:\/\/evertonfc.cz\/#website"},"primaryImageOfPage":{"@id":"https:\/\/evertonfc.cz\/index.php\/soupiska\/muhamed-besic\/#primaryimage"},"image":{"@id":"https:\/\/evertonfc.cz\/index.php\/soupiska\/muhamed-besic\/#primaryimage"},"thumbnailUrl":"http:\/\/evertonfc.cz\/wp-content\/uploads\/2019\/01\/besic.png","datePublished":"2019-01-05T21:01:35+00:00","dateModified":"2021-06-05T18:58:52+00:00","breadcrumb":{"@id":"https:\/\/evertonfc.cz\/index.php\/soupiska\/muhamed-besic\/#breadcrumb"},"inLanguage":"cs","potentialAction":[{"@type":"ReadAction","target":["https:\/\/evertonfc.cz\/index.php\/soupiska\/muhamed-besic\/"]}]},{"@type":"ImageObject","inLanguage":"cs","@id":"https:\/\/evertonfc.cz\/index.php\/soupiska\/muhamed-besic\/#primaryimage","url":"https:\/\/evertonfc.cz\/wp-content\/uploads\/2019\/01\/besic.png","contentUrl":"https:\/\/evertonfc.cz\/wp-content\/uploads\/2019\/01\/besic.png","width":80,"height":83},{"@type":"BreadcrumbList","@id":"https:\/\/evertonfc.cz\/index.php\/soupiska\/muhamed-besic\/#breadcrumb","itemListElement":[{"@type":"ListItem","position":1,"name":"Home","item":"https:\/\/evertonfc.cz\/"},{"@type":"ListItem","position":2,"name":"Soupiska","item":"https:\/\/evertonfc.cz\/index.php\/soupiska\/"},{"@type":"ListItem","position":3,"name":"Muhamed Be\u0161i\u0107"}]},{"@type":"WebSite","@id":"https:\/\/evertonfc.cz\/#website","url":"https:\/\/evertonfc.cz\/","name":"Official Czech &amp; Slovak Everton Supporters&#039; Club","description":"","publisher":{"@id":"https:\/\/evertonfc.cz\/#organization"},"potentialAction":[{"@type":"SearchAction","target":{"@type":"EntryPoint","urlTemplate":"https:\/\/evertonfc.cz\/?s={search_term_string}"},"query-input":{"@type":"PropertyValueSpecification","valueRequired":true,"valueName":"search_term_string"}}],"inLanguage":"cs"},{"@type":"Organization","@id":"https:\/\/evertonfc.cz\/#organization","name":"Official Czech & Slovak Everton Supporters' Club","url":"https:\/\/evertonfc.cz\/","logo":{"@type":"ImageObject","inLanguage":"cs","@id":"https:\/\/evertonfc.cz\/#\/schema\/logo\/image\/","url":"https:\/\/evertonfc.cz\/wp-content\/uploads\/2019\/05\/logo.png","contentUrl":"https:\/\/evertonfc.cz\/wp-content\/uploads\/2019\/05\/logo.png","width":112,"height":112,"caption":"Official Czech & Slovak Everton Supporters' Club"},"image":{"@id":"https:\/\/evertonfc.cz\/#\/schema\/logo\/image\/"},"sameAs":["https:\/\/www.facebook.com\/everton.fans.cz.sk"]}]}},"_links":{"self":[{"href":"https:\/\/evertonfc.cz\/index.php\/wp-json\/wp\/v2\/pages\/921"}],"collection":[{"href":"https:\/\/evertonfc.cz\/index.php\/wp-json\/wp\/v2\/pages"}],"about":[{"href":"https:\/\/evertonfc.cz\/index.php\/wp-json\/wp\/v2\/types\/page"}],"author":[{"embeddable":true,"href":"https:\/\/evertonfc.cz\/index.php\/wp-json\/wp\/v2\/users\/6"}],"replies":[{"embeddable":true,"href":"https:\/\/evertonfc.cz\/index.php\/wp-json\/wp\/v2\/comments?post=921"}],"version-history":[{"count":7,"href":"https:\/\/evertonfc.cz\/index.php\/wp-json\/wp\/v2\/pages\/921\/revisions"}],"predecessor-version":[{"id":15502,"href":"https:\/\/evertonfc.cz\/index.php\/wp-json\/wp\/v2\/pages\/921\/revisions\/15502"}],"up":[{"embeddable":true,"href":"https:\/\/evertonfc.cz\/index.php\/wp-json\/wp\/v2\/pages\/70"}],"wp:attachment":[{"href":"https:\/\/evertonfc.cz\/index.php\/wp-json\/wp\/v2\/media?parent=921"}],"curies":[{"name":"wp","href":"https:\/\/api.w.org\/{rel}","templated":true}]}}